{"id":901,"date":"2019-09-12T20:43:01","date_gmt":"2019-09-12T18:43:01","guid":{"rendered":"https:\/\/seed.hu\/?post_type=hirek&#038;p=901"},"modified":"2022-01-19T19:26:49","modified_gmt":"2022-01-19T18:26:49","slug":"veszpremben-folytatodik-az-orszagos-vallalkozoi-mentorprogram","status":"publish","type":"hirek","link":"https:\/\/seed.hu\/en\/hirek\/veszpremben-folytatodik-az-orszagos-vallalkozoi-mentorprogram\/","title":{"rendered":"Veszpr\u00e9mben folytat\u00f3dik az Orsz\u00e1gos V\u00e1llalkoz\u00f3i Mentorprogram"},"content":{"rendered":"<p><img loading=\"lazy\" decoding=\"async\" class=\"alignnone\" src=\"https:\/\/seed.hu\/files\/attachments\/inline\/ovmp.png\" alt=\"\" width=\"238\" height=\"77\" \/><img loading=\"lazy\" decoding=\"async\" src=\"https:\/\/seed.hu\/files\/attachments\/inline\/veszprem.png\" alt=\"\" width=\"77\" height=\"73\" \/><\/p>\n<p>Veszpr\u00e9mben tartja k\u00f6vetkez\u0151 bemutatkoz\u00f3 esem\u00e9ny\u00e9t az Innov\u00e1ci\u00f3s \u00e9s Technol\u00f3giai Miniszt\u00e9rium, a Magyar Kereskedelmi \u00e9s Iparkamara, valamint a SEED Kisv\u00e1llalkoz\u00e1s-fejleszt\u00e9si Alap\u00edtv\u00e1ny konzorciuma \u00e1ltal menedzselt Orsz\u00e1gos V\u00e1llalkoz\u00f3i Mentorprogram, szeptember 16-\u00e1n, h\u00e9tf\u0151n. A rendezv\u00e9nyen f\u0151leg arr\u00f3l lesz sz\u00f3, hogy mik\u00e9ppen seg\u00edthetik szakmai mentor\u00e1l\u00e1ssal a tapasztalt v\u00e1llalkoz\u00e1sok azokat a kis- \u00e9s k\u00f6z\u00e9pv\u00e1llalkoz\u00e1sokat, amelyek ki k\u00edv\u00e1nnak l\u00e9pni a nemzetk\u00f6zi piacra, illetve, amelyek valamely nagy c\u00e9g besz\u00e1ll\u00edt\u00f3iv\u00e1 szeretn\u00e9nek v\u00e1lni.<\/p>\n<p>Az esem\u00e9nyen a SEED Alap\u00edtv\u00e1nyt Lakatosn\u00e9 Luk\u00e1cs Zsuzsanna \u00fcgyvezet\u0151 k\u00e9pviseli, aki \u201eA szem\u00e9lyes mentor\u00e1l\u00e1s jelent\u0151s\u00e9ge egy v\u00e1llalkoz\u00e1s fejl\u0151d\u00e9s\u00e9ben\u201d c\u00edmmel tart el\u0151ad\u00e1st.<\/p>\n<p>R\u00e9szletek a megh\u00edv\u00f3ban tal\u00e1lhat\u00f3k.<\/p>\n<p><a href=\"https:\/\/seed.hu\/files\/attachments\/inline\/g112-megyei-nyito-meghivo-veszprem-2019-09-16.pdf\" target=\"_blank\" rel=\"noopener\">&lt;&lt; A MEGH\u00cdV\u00d3 \u00e9s a PROGRAM megnyit\u00e1sa &gt;&gt;<\/a><\/p>\n<p><a href=\"https:\/\/www.vallalkozztudatosan.hu\/?event=orszagos-vallalkozoi-mentorprogram-veszprem-megyei-nyitorendezveny\" target=\"_blank\" rel=\"noopener\">Ide kattintva REGISZTR\u00c1LHAT!<\/a><\/p>\n<p>Tov\u00e1bbi inform\u00e1ci\u00f3:<br \/>\nN\u00e9v: \u00a0\u00a0 Horv\u00e1thn\u00e9 Kuti Barbara, MKIK megyei programkoordin\u00e1tor<br \/>\nTel: \u00a0\u00a0\u00a0\u00a0 +36 20\/438-9047<br \/>\nE-mail:\u00a0<a href=\"mailto:kuti.barbara@mkik.hu?subject=MEGH%C3%8DV%C3%93%20AZ%20ORSZ%C3%81GOS%20V%C3%81LLALKOZ%C3%93I%20MENTORPROGRAM%20VESZPR%C3%89M%20MEGYEI%20NYIT%C3%93RENDEZV%C3%89NY%C3%89RE\">kuti.barbara@mkik.hu<\/a><\/p>\n","protected":false},"featured_media":338,"menu_order":0,"template":"","meta":{"_acf_changed":false},"class_list":["post-901","hirek","type-hirek","status-publish","has-post-thumbnail","hentry"],"acf":[],"yoast_head":"<!-- This site is optimized with the Yoast SEO plugin v27.4 - https:\/\/yoast.com\/product\/yoast-seo-wordpress\/ -->\n<title>Veszpr\u00e9mben folytat\u00f3dik az Orsz\u00e1gos V\u00e1llalkoz\u00f3i Mentorprogram - Seed<\/title>\n<meta name=\"robots\" content=\"index, follow, max-snippet:-1, max-image-preview:large, max-video-preview:-1\" \/>\n<link rel=\"canonical\" href=\"https:\/\/seed.hu\/hirek\/veszpremben-folytatodik-az-orszagos-vallalkozoi-mentorprogram\/\" \/>\n<meta property=\"og:locale\" content=\"en_US\" \/>\n<meta property=\"og:type\" content=\"article\" \/>\n<meta property=\"og:title\" content=\"Veszpr\u00e9mben folytat\u00f3dik az Orsz\u00e1gos V\u00e1llalkoz\u00f3i Mentorprogram - Seed\" \/>\n<meta property=\"og:description\" content=\"Veszpr\u00e9mben tartja k\u00f6vetkez\u0151 bemutatkoz\u00f3 esem\u00e9ny\u00e9t az Innov\u00e1ci\u00f3s \u00e9s Technol\u00f3giai Miniszt\u00e9rium, a Magyar Kereskedelmi \u00e9s Iparkamara, valamint a SEED Kisv\u00e1llalkoz\u00e1s-fejleszt\u00e9si Alap\u00edtv\u00e1ny konzorciuma \u00e1ltal menedzselt Orsz\u00e1gos V\u00e1llalkoz\u00f3i Mentorprogram, szeptember 16-\u00e1n, h\u00e9tf\u0151n. A rendezv\u00e9nyen f\u0151leg arr\u00f3l lesz sz\u00f3, hogy mik\u00e9ppen seg\u00edthetik szakmai mentor\u00e1l\u00e1ssal a tapasztalt v\u00e1llalkoz\u00e1sok azokat a kis- \u00e9s k\u00f6z\u00e9pv\u00e1llalkoz\u00e1sokat, amelyek ki k\u00edv\u00e1nnak l\u00e9pni a nemzetk\u00f6zi piacra, [&hellip;]\" \/>\n<meta property=\"og:url\" content=\"https:\/\/seed.hu\/hirek\/veszpremben-folytatodik-az-orszagos-vallalkozoi-mentorprogram\/\" \/>\n<meta property=\"og:site_name\" content=\"Seed\" \/>\n<meta property=\"article:modified_time\" content=\"2022-01-19T18:26:49+00:00\" \/>\n<meta property=\"og:image\" content=\"https:\/\/seed.hu\/wp-content\/uploads\/2021\/04\/Orsza\u0301gos-Va\u0301llalkozo\u0301i-Mentorprogram.png\" \/>\n\t<meta property=\"og:image:width\" content=\"773\" \/>\n\t<meta property=\"og:image:height\" content=\"774\" \/>\n\t<meta property=\"og:image:type\" content=\"image\/png\" \/>\n<meta name=\"twitter:card\" content=\"summary_large_image\" \/>\n<meta name=\"twitter:label1\" content=\"Est. reading time\" \/>\n\t<meta name=\"twitter:data1\" content=\"1 minute\" \/>\n<script type=\"application\/ld+json\" class=\"yoast-schema-graph\">{\"@context\":\"https:\\\/\\\/schema.org\",\"@graph\":[{\"@type\":\"WebPage\",\"@id\":\"https:\\\/\\\/seed.hu\\\/hirek\\\/veszpremben-folytatodik-az-orszagos-vallalkozoi-mentorprogram\\\/\",\"url\":\"https:\\\/\\\/seed.hu\\\/hirek\\\/veszpremben-folytatodik-az-orszagos-vallalkozoi-mentorprogram\\\/\",\"name\":\"Veszpr\u00e9mben folytat\u00f3dik az Orsz\u00e1gos V\u00e1llalkoz\u00f3i Mentorprogram - Seed\",\"isPartOf\":{\"@id\":\"https:\\\/\\\/seed.hu\\\/#website\"},\"primaryImageOfPage\":{\"@id\":\"https:\\\/\\\/seed.hu\\\/hirek\\\/veszpremben-folytatodik-az-orszagos-vallalkozoi-mentorprogram\\\/#primaryimage\"},\"image\":{\"@id\":\"https:\\\/\\\/seed.hu\\\/hirek\\\/veszpremben-folytatodik-az-orszagos-vallalkozoi-mentorprogram\\\/#primaryimage\"},\"thumbnailUrl\":\"https:\\\/\\\/seed.hu\\\/wp-content\\\/uploads\\\/2021\\\/04\\\/Orsza\u0301gos-Va\u0301llalkozo\u0301i-Mentorprogram.png\",\"datePublished\":\"2019-09-12T18:43:01+00:00\",\"dateModified\":\"2022-01-19T18:26:49+00:00\",\"breadcrumb\":{\"@id\":\"https:\\\/\\\/seed.hu\\\/hirek\\\/veszpremben-folytatodik-az-orszagos-vallalkozoi-mentorprogram\\\/#breadcrumb\"},\"inLanguage\":\"en-US\",\"potentialAction\":[{\"@type\":\"ReadAction\",\"target\":[\"https:\\\/\\\/seed.hu\\\/hirek\\\/veszpremben-folytatodik-az-orszagos-vallalkozoi-mentorprogram\\\/\"]}]},{\"@type\":\"ImageObject\",\"inLanguage\":\"en-US\",\"@id\":\"https:\\\/\\\/seed.hu\\\/hirek\\\/veszpremben-folytatodik-az-orszagos-vallalkozoi-mentorprogram\\\/#primaryimage\",\"url\":\"https:\\\/\\\/seed.hu\\\/wp-content\\\/uploads\\\/2021\\\/04\\\/Orsza\u0301gos-Va\u0301llalkozo\u0301i-Mentorprogram.png\",\"contentUrl\":\"https:\\\/\\\/seed.hu\\\/wp-content\\\/uploads\\\/2021\\\/04\\\/Orsza\u0301gos-Va\u0301llalkozo\u0301i-Mentorprogram.png\",\"width\":773,\"height\":774},{\"@type\":\"BreadcrumbList\",\"@id\":\"https:\\\/\\\/seed.hu\\\/hirek\\\/veszpremben-folytatodik-az-orszagos-vallalkozoi-mentorprogram\\\/#breadcrumb\",\"itemListElement\":[{\"@type\":\"ListItem\",\"position\":1,\"name\":\"H\u00edrek\",\"item\":\"https:\\\/\\\/seed.hu\\\/hirek\\\/\"},{\"@type\":\"ListItem\",\"position\":2,\"name\":\"Veszpr\u00e9mben folytat\u00f3dik az Orsz\u00e1gos V\u00e1llalkoz\u00f3i Mentorprogram\"}]},{\"@type\":\"WebSite\",\"@id\":\"https:\\\/\\\/seed.hu\\\/#website\",\"url\":\"https:\\\/\\\/seed.hu\\\/\",\"name\":\"Seed\",\"description\":\"\",\"potentialAction\":[{\"@type\":\"SearchAction\",\"target\":{\"@type\":\"EntryPoint\",\"urlTemplate\":\"https:\\\/\\\/seed.hu\\\/?s={search_term_string}\"},\"query-input\":{\"@type\":\"PropertyValueSpecification\",\"valueRequired\":true,\"valueName\":\"search_term_string\"}}],\"inLanguage\":\"en-US\"}]}<\/script>\n<!-- \/ Yoast SEO plugin. -->","yoast_head_json":{"title":"Veszpr\u00e9mben folytat\u00f3dik az Orsz\u00e1gos V\u00e1llalkoz\u00f3i Mentorprogram - Seed","robots":{"index":"index","follow":"follow","max-snippet":"max-snippet:-1","max-image-preview":"max-image-preview:large","max-video-preview":"max-video-preview:-1"},"canonical":"https:\/\/seed.hu\/hirek\/veszpremben-folytatodik-az-orszagos-vallalkozoi-mentorprogram\/","og_locale":"en_US","og_type":"article","og_title":"Veszpr\u00e9mben folytat\u00f3dik az Orsz\u00e1gos V\u00e1llalkoz\u00f3i Mentorprogram - Seed","og_description":"Veszpr\u00e9mben tartja k\u00f6vetkez\u0151 bemutatkoz\u00f3 esem\u00e9ny\u00e9t az Innov\u00e1ci\u00f3s \u00e9s Technol\u00f3giai Miniszt\u00e9rium, a Magyar Kereskedelmi \u00e9s Iparkamara, valamint a SEED Kisv\u00e1llalkoz\u00e1s-fejleszt\u00e9si Alap\u00edtv\u00e1ny konzorciuma \u00e1ltal menedzselt Orsz\u00e1gos V\u00e1llalkoz\u00f3i Mentorprogram, szeptember 16-\u00e1n, h\u00e9tf\u0151n. A rendezv\u00e9nyen f\u0151leg arr\u00f3l lesz sz\u00f3, hogy mik\u00e9ppen seg\u00edthetik szakmai mentor\u00e1l\u00e1ssal a tapasztalt v\u00e1llalkoz\u00e1sok azokat a kis- \u00e9s k\u00f6z\u00e9pv\u00e1llalkoz\u00e1sokat, amelyek ki k\u00edv\u00e1nnak l\u00e9pni a nemzetk\u00f6zi piacra, [&hellip;]","og_url":"https:\/\/seed.hu\/hirek\/veszpremben-folytatodik-az-orszagos-vallalkozoi-mentorprogram\/","og_site_name":"Seed","article_modified_time":"2022-01-19T18:26:49+00:00","og_image":[{"width":773,"height":774,"url":"https:\/\/seed.hu\/wp-content\/uploads\/2021\/04\/Orsza\u0301gos-Va\u0301llalkozo\u0301i-Mentorprogram.png","type":"image\/png"}],"twitter_card":"summary_large_image","twitter_misc":{"Est. reading time":"1 minute"},"schema":{"@context":"https:\/\/schema.org","@graph":[{"@type":"WebPage","@id":"https:\/\/seed.hu\/hirek\/veszpremben-folytatodik-az-orszagos-vallalkozoi-mentorprogram\/","url":"https:\/\/seed.hu\/hirek\/veszpremben-folytatodik-az-orszagos-vallalkozoi-mentorprogram\/","name":"Veszpr\u00e9mben folytat\u00f3dik az Orsz\u00e1gos V\u00e1llalkoz\u00f3i Mentorprogram - Seed","isPartOf":{"@id":"https:\/\/seed.hu\/#website"},"primaryImageOfPage":{"@id":"https:\/\/seed.hu\/hirek\/veszpremben-folytatodik-az-orszagos-vallalkozoi-mentorprogram\/#primaryimage"},"image":{"@id":"https:\/\/seed.hu\/hirek\/veszpremben-folytatodik-az-orszagos-vallalkozoi-mentorprogram\/#primaryimage"},"thumbnailUrl":"https:\/\/seed.hu\/wp-content\/uploads\/2021\/04\/Orsza\u0301gos-Va\u0301llalkozo\u0301i-Mentorprogram.png","datePublished":"2019-09-12T18:43:01+00:00","dateModified":"2022-01-19T18:26:49+00:00","breadcrumb":{"@id":"https:\/\/seed.hu\/hirek\/veszpremben-folytatodik-az-orszagos-vallalkozoi-mentorprogram\/#breadcrumb"},"inLanguage":"en-US","potentialAction":[{"@type":"ReadAction","target":["https:\/\/seed.hu\/hirek\/veszpremben-folytatodik-az-orszagos-vallalkozoi-mentorprogram\/"]}]},{"@type":"ImageObject","inLanguage":"en-US","@id":"https:\/\/seed.hu\/hirek\/veszpremben-folytatodik-az-orszagos-vallalkozoi-mentorprogram\/#primaryimage","url":"https:\/\/seed.hu\/wp-content\/uploads\/2021\/04\/Orsza\u0301gos-Va\u0301llalkozo\u0301i-Mentorprogram.png","contentUrl":"https:\/\/seed.hu\/wp-content\/uploads\/2021\/04\/Orsza\u0301gos-Va\u0301llalkozo\u0301i-Mentorprogram.png","width":773,"height":774},{"@type":"BreadcrumbList","@id":"https:\/\/seed.hu\/hirek\/veszpremben-folytatodik-az-orszagos-vallalkozoi-mentorprogram\/#breadcrumb","itemListElement":[{"@type":"ListItem","position":1,"name":"H\u00edrek","item":"https:\/\/seed.hu\/hirek\/"},{"@type":"ListItem","position":2,"name":"Veszpr\u00e9mben folytat\u00f3dik az Orsz\u00e1gos V\u00e1llalkoz\u00f3i Mentorprogram"}]},{"@type":"WebSite","@id":"https:\/\/seed.hu\/#website","url":"https:\/\/seed.hu\/","name":"Seed","description":"","potentialAction":[{"@type":"SearchAction","target":{"@type":"EntryPoint","urlTemplate":"https:\/\/seed.hu\/?s={search_term_string}"},"query-input":{"@type":"PropertyValueSpecification","valueRequired":true,"valueName":"search_term_string"}}],"inLanguage":"en-US"}]}},"_links":{"self":[{"href":"https:\/\/seed.hu\/en\/wp-json\/wp\/v2\/hirek\/901","targetHints":{"allow":["GET"]}}],"collection":[{"href":"https:\/\/seed.hu\/en\/wp-json\/wp\/v2\/hirek"}],"about":[{"href":"https:\/\/seed.hu\/en\/wp-json\/wp\/v2\/types\/hirek"}],"wp:featuredmedia":[{"embeddable":true,"href":"https:\/\/seed.hu\/en\/wp-json\/wp\/v2\/media\/338"}],"wp:attachment":[{"href":"https:\/\/seed.hu\/en\/wp-json\/wp\/v2\/media?parent=901"}],"curies":[{"name":"wp","href":"https:\/\/api.w.org\/{rel}","templated":true}]}}