{"id":902,"date":"2019-09-19T08:18:55","date_gmt":"2019-09-19T06:18:55","guid":{"rendered":"https:\/\/seed.hu\/?post_type=hirek&#038;p=902"},"modified":"2022-01-19T19:28:11","modified_gmt":"2022-01-19T18:28:11","slug":"keressuk-2019-tudasbarat-vallalkozasait","status":"publish","type":"hirek","link":"https:\/\/seed.hu\/en\/hirek\/keressuk-2019-tudasbarat-vallalkozasait\/","title":{"rendered":"Keress\u00fck 2019 tud\u00e1sbar\u00e1t v\u00e1llalkoz\u00e1sait"},"content":{"rendered":"<p>Egy v\u00e1llalkoz\u00e1s versenyk\u00e9pess\u00e9ge szempontj\u00e1b\u00f3l rendk\u00edv\u00fcl fontos \u00e9rt\u00e9k a c\u00e9gn\u00e9l felhalmozott tud\u00e1s gondos meg\u0151rz\u00e9se, hat\u00e9kony tov\u00e1bbad\u00e1sa a fiatalabb nemzed\u00e9keknek, legyen sz\u00f3 gener\u00e1ci\u00f3v\u00e1lt\u00f3 csal\u00e1di v\u00e1llalkoz\u00e1sokr\u00f3l vagy szakm\u00e1n bel\u00fcli tud\u00e1s- \u00e9s tapasztalat\u00e1tad\u00e1sr\u00f3l. Magyarorsz\u00e1gon ez a folyamat egyel\u0151re gyerekcip\u0151ben j\u00e1r. Ez\u00e9rt d\u00f6nt\u00f6tt \u00fagy a SEED Kisv\u00e1llalkoz\u00e1s-fejleszt\u00e9si Alap\u00edtv\u00e1ny, valamint a Tehets\u00e9g \u00e9s Tud\u00e1s K\u00f6zpont Alap\u00edtv\u00e1ny (TTKA), hogy Magyarorsz\u00e1gon el\u0151sz\u00f6r p\u00e1ly\u00e1zatot hirdet \u201e<strong>Gener\u00e1ci\u00f3k k\u00f6z\u00f6tti tud\u00e1s\u00e1tad\u00e1s a szervezetekben \u2013 j\u00f3 gyakorlatok<\/strong>\u201d c\u00edmmel. A p\u00e1ly\u00e1zat gy\u0151ztesei elnyerik a \u201e<strong>Tud\u00e1sbar\u00e1t szervezet 2019<\/strong>\u201d \u2013 elismer\u00e9st.<\/p>\n<p>A p\u00e1ly\u00e1zatot ki\u00edr\u00f3 szervezetek arra szeretn\u00e9k \u00f6szt\u00f6n\u00f6zni a kis-, k\u00f6zepes \u00e9s nagyv\u00e1llalatokat, hogy vessenek egy pillant\u00e1st a m\u0171k\u00f6d\u00e9s\u00fckre, n\u00e9zz\u00e9k meg, milyen szinten van jelen a szervezetben a tud\u00e1s\u00e1tad\u00e1s, \u00e9s t\u00f6rekedjenek a tud\u00e1s\u00e1tad\u00e1s szervezett keretek k\u00f6z\u00f6tt t\u00f6rt\u00e9n\u0151 megval\u00f3s\u00edt\u00e1s\u00e1ra.<\/p>\n<p>&nbsp;<\/p>\n<p><strong>Mi\u00e9rt \u00e9rdemes p\u00e1ly\u00e1zni a \u201eTud\u00e1sbar\u00e1t\u00a0 szervezet 2019\u201d d\u00edjra?<\/strong><\/p>\n<ul>\n<li>A \u201eTud\u00e1sbar\u00e1t szervezet 2019\u201d d\u00edj nyertesei haszn\u00e1lhatj\u00e1k a k\u00fcls\u0151 \u00e9s bels\u0151 v\u00e1llalati kommunik\u00e1ci\u00f3ban a titulust, ami ebben a munkaer\u0151hi\u00e1nyos id\u0151szakban seg\u00edti a v\u00e1llalkoz\u00e1st r\u00e9gi munkat\u00e1rsai megtart\u00e1s\u00e1ban, illetve \u00faj munkaer\u0151 mag\u00e1hoz vonz\u00e1s\u00e1ban (\u201eemployer branding\u201d).<\/li>\n<li>A v\u00e1llalkoz\u00e1s egy teljesen \u00faj, fontos ter\u00fcleten az els\u0151k k\u00f6z\u00f6tt jelenik meg (brand\u00e9p\u00edt\u00e9s).<\/li>\n<li>A p\u00e1ly\u00e1zaton indul\u00f3 szervezetek a p\u00e1ly\u00e1zat meg\u00edr\u00e1sa sor\u00e1n \u00e1ttekintik a tud\u00e1s\u00e1tad\u00e1sra ir\u00e1nyul\u00f3 v\u00e1llalati strat\u00e9gi\u00e1jukat, \u00e9s \u00e1tgondolj\u00e1k annak be\u00e9p\u00edt\u00e9si lehet\u0151s\u00e9g\u00e9t a szervezeti kult\u00far\u00e1ba.<\/li>\n<li>A p\u00e1ly\u00e1zat meg\u00edr\u00e1sa seg\u00edt \u00e1ttekinteni \u00e9s meg\u00e9rteni a szervezeten bel\u00fcl egy\u00fctt dolgoz\u00f3 gener\u00e1ci\u00f3k k\u00f6z\u00f6tti egy\u00fcttm\u0171k\u00f6d\u00e9s fontoss\u00e1g\u00e1t, ami hat\u00e1ssal van a v\u00e1llalat fejl\u0151d\u00e9s\u00e9re, a munkaer\u0151 megtart\u00e1s\u00e1ra.<\/li>\n<\/ul>\n<p>&nbsp;<\/p>\n<p><strong>P\u00e1ly\u00e1zni a k\u00f6vetkez\u0151 h\u00e1rom kateg\u00f3ri\u00e1ban lehet<\/strong><\/p>\n<ol>\n<li>A v\u00e1llalaton bel\u00fcli tud\u00e1s\u00e1tad\u00e1s eszk\u00f6zei, folyamata, tud\u00e1sbr\u00f3kerek a c\u00e9gen bel\u00fcl.<\/li>\n<li>A tud\u00e1smegoszt\u00e1s digit\u00e1lis eszk\u00f6zei, m\u00f3dszerei.<\/li>\n<li>Klasszikus gener\u00e1ci\u00f3v\u00e1lt\u00e1s, illetve szakm\u00e1k \u00e1tad\u00e1sa gener\u00e1ci\u00f3k k\u00f6z\u00f6tt.<\/li>\n<\/ol>\n<p>Egy p\u00e1ly\u00e1z\u00f3 t\u00f6bb kateg\u00f3ri\u00e1ban is adhat be p\u00e1ly\u00e1zatot. A p\u00e1ly\u00e1zat ki\u00edr\u00f3it nemcsak a tud\u00e1s\u00e1tad\u00e1s k\u00e9sz rendszerei, keretei \u00e9rdeklik, hanem azok is, amelyek m\u00e9g\u00a0 ki\u00e9p\u00fcl\u0151ben vannak.<\/p>\n<p>A p\u00e1ly\u00e1zati ki\u00edr\u00e1s a <a href=\"https:\/\/tudasbaratszervezet.ttk.seed.hu\" target=\"_blank\" rel=\"noopener\">https:\/\/tudasbaratszervezet.ttk.seed.hu<\/a> oldalon tekinthet\u0151 meg.<\/p>\n<p>Bek\u00fcld\u00e9si hat\u00e1rid\u0151: 2019. okt\u00f3ber 21. (h\u00e9tf\u0151)<\/p>\n<p>Megjelent cikk itt olvashat\u00f3: <a href=\"https:\/\/www.origo.hu\/gazdasag\/20190918-eloszor-palyazhatnak-a-hazai-kkvk-erre-a-cimre.html\" target=\"_blank\" rel=\"noopener\">El\u0151sz\u00f6r p\u00e1ly\u00e1zhatnak a hazai kkv-k erre a c\u00edmre<\/a><\/p>\n<p><img loading=\"lazy\" decoding=\"async\" src=\"https:\/\/seed.hu\/files\/attachments\/inline\/seed-ttka.png\" alt=\"\" width=\"616\" height=\"220\" \/><\/p>\n<p>&nbsp;<\/p>\n","protected":false},"featured_media":792,"menu_order":0,"template":"","meta":{"_acf_changed":false},"class_list":["post-902","hirek","type-hirek","status-publish","has-post-thumbnail","hentry"],"acf":[],"yoast_head":"<!-- This site is optimized with the Yoast SEO plugin v27.4 - https:\/\/yoast.com\/product\/yoast-seo-wordpress\/ -->\n<title>Keress\u00fck 2019 tud\u00e1sbar\u00e1t v\u00e1llalkoz\u00e1sait - Seed<\/title>\n<meta name=\"robots\" content=\"index, follow, max-snippet:-1, max-image-preview:large, max-video-preview:-1\" \/>\n<link rel=\"canonical\" href=\"https:\/\/seed.hu\/hirek\/keressuk-2019-tudasbarat-vallalkozasait\/\" \/>\n<meta property=\"og:locale\" content=\"en_US\" \/>\n<meta property=\"og:type\" content=\"article\" \/>\n<meta property=\"og:title\" content=\"Keress\u00fck 2019 tud\u00e1sbar\u00e1t v\u00e1llalkoz\u00e1sait - Seed\" \/>\n<meta property=\"og:description\" content=\"Egy v\u00e1llalkoz\u00e1s versenyk\u00e9pess\u00e9ge szempontj\u00e1b\u00f3l rendk\u00edv\u00fcl fontos \u00e9rt\u00e9k a c\u00e9gn\u00e9l felhalmozott tud\u00e1s gondos meg\u0151rz\u00e9se, hat\u00e9kony tov\u00e1bbad\u00e1sa a fiatalabb nemzed\u00e9keknek, legyen sz\u00f3 gener\u00e1ci\u00f3v\u00e1lt\u00f3 csal\u00e1di v\u00e1llalkoz\u00e1sokr\u00f3l vagy szakm\u00e1n bel\u00fcli tud\u00e1s- \u00e9s tapasztalat\u00e1tad\u00e1sr\u00f3l. Magyarorsz\u00e1gon ez a folyamat egyel\u0151re gyerekcip\u0151ben j\u00e1r. Ez\u00e9rt d\u00f6nt\u00f6tt \u00fagy a SEED Kisv\u00e1llalkoz\u00e1s-fejleszt\u00e9si Alap\u00edtv\u00e1ny, valamint a Tehets\u00e9g \u00e9s Tud\u00e1s K\u00f6zpont Alap\u00edtv\u00e1ny (TTKA), hogy Magyarorsz\u00e1gon el\u0151sz\u00f6r p\u00e1ly\u00e1zatot [&hellip;]\" \/>\n<meta property=\"og:url\" content=\"https:\/\/seed.hu\/hirek\/keressuk-2019-tudasbarat-vallalkozasait\/\" \/>\n<meta property=\"og:site_name\" content=\"Seed\" \/>\n<meta property=\"article:modified_time\" content=\"2022-01-19T18:28:11+00:00\" \/>\n<meta property=\"og:image\" content=\"https:\/\/seed.hu\/wp-content\/uploads\/2018\/04\/SEED_logo.png\" \/>\n\t<meta property=\"og:image:width\" content=\"250\" \/>\n\t<meta property=\"og:image:height\" content=\"206\" \/>\n\t<meta property=\"og:image:type\" content=\"image\/png\" \/>\n<meta name=\"twitter:card\" content=\"summary_large_image\" \/>\n<meta name=\"twitter:label1\" content=\"Est. reading time\" \/>\n\t<meta name=\"twitter:data1\" content=\"3 minutes\" \/>\n<script type=\"application\/ld+json\" class=\"yoast-schema-graph\">{\"@context\":\"https:\\\/\\\/schema.org\",\"@graph\":[{\"@type\":\"WebPage\",\"@id\":\"https:\\\/\\\/seed.hu\\\/hirek\\\/keressuk-2019-tudasbarat-vallalkozasait\\\/\",\"url\":\"https:\\\/\\\/seed.hu\\\/hirek\\\/keressuk-2019-tudasbarat-vallalkozasait\\\/\",\"name\":\"Keress\u00fck 2019 tud\u00e1sbar\u00e1t v\u00e1llalkoz\u00e1sait - Seed\",\"isPartOf\":{\"@id\":\"https:\\\/\\\/seed.hu\\\/#website\"},\"primaryImageOfPage\":{\"@id\":\"https:\\\/\\\/seed.hu\\\/hirek\\\/keressuk-2019-tudasbarat-vallalkozasait\\\/#primaryimage\"},\"image\":{\"@id\":\"https:\\\/\\\/seed.hu\\\/hirek\\\/keressuk-2019-tudasbarat-vallalkozasait\\\/#primaryimage\"},\"thumbnailUrl\":\"https:\\\/\\\/seed.hu\\\/wp-content\\\/uploads\\\/2018\\\/04\\\/SEED_logo.png\",\"datePublished\":\"2019-09-19T06:18:55+00:00\",\"dateModified\":\"2022-01-19T18:28:11+00:00\",\"breadcrumb\":{\"@id\":\"https:\\\/\\\/seed.hu\\\/hirek\\\/keressuk-2019-tudasbarat-vallalkozasait\\\/#breadcrumb\"},\"inLanguage\":\"en-US\",\"potentialAction\":[{\"@type\":\"ReadAction\",\"target\":[\"https:\\\/\\\/seed.hu\\\/hirek\\\/keressuk-2019-tudasbarat-vallalkozasait\\\/\"]}]},{\"@type\":\"ImageObject\",\"inLanguage\":\"en-US\",\"@id\":\"https:\\\/\\\/seed.hu\\\/hirek\\\/keressuk-2019-tudasbarat-vallalkozasait\\\/#primaryimage\",\"url\":\"https:\\\/\\\/seed.hu\\\/wp-content\\\/uploads\\\/2018\\\/04\\\/SEED_logo.png\",\"contentUrl\":\"https:\\\/\\\/seed.hu\\\/wp-content\\\/uploads\\\/2018\\\/04\\\/SEED_logo.png\",\"width\":250,\"height\":206},{\"@type\":\"BreadcrumbList\",\"@id\":\"https:\\\/\\\/seed.hu\\\/hirek\\\/keressuk-2019-tudasbarat-vallalkozasait\\\/#breadcrumb\",\"itemListElement\":[{\"@type\":\"ListItem\",\"position\":1,\"name\":\"H\u00edrek\",\"item\":\"https:\\\/\\\/seed.hu\\\/hirek\\\/\"},{\"@type\":\"ListItem\",\"position\":2,\"name\":\"Keress\u00fck 2019 tud\u00e1sbar\u00e1t v\u00e1llalkoz\u00e1sait\"}]},{\"@type\":\"WebSite\",\"@id\":\"https:\\\/\\\/seed.hu\\\/#website\",\"url\":\"https:\\\/\\\/seed.hu\\\/\",\"name\":\"Seed\",\"description\":\"\",\"potentialAction\":[{\"@type\":\"SearchAction\",\"target\":{\"@type\":\"EntryPoint\",\"urlTemplate\":\"https:\\\/\\\/seed.hu\\\/?s={search_term_string}\"},\"query-input\":{\"@type\":\"PropertyValueSpecification\",\"valueRequired\":true,\"valueName\":\"search_term_string\"}}],\"inLanguage\":\"en-US\"}]}<\/script>\n<!-- \/ Yoast SEO plugin. -->","yoast_head_json":{"title":"Keress\u00fck 2019 tud\u00e1sbar\u00e1t v\u00e1llalkoz\u00e1sait - Seed","robots":{"index":"index","follow":"follow","max-snippet":"max-snippet:-1","max-image-preview":"max-image-preview:large","max-video-preview":"max-video-preview:-1"},"canonical":"https:\/\/seed.hu\/hirek\/keressuk-2019-tudasbarat-vallalkozasait\/","og_locale":"en_US","og_type":"article","og_title":"Keress\u00fck 2019 tud\u00e1sbar\u00e1t v\u00e1llalkoz\u00e1sait - Seed","og_description":"Egy v\u00e1llalkoz\u00e1s versenyk\u00e9pess\u00e9ge szempontj\u00e1b\u00f3l rendk\u00edv\u00fcl fontos \u00e9rt\u00e9k a c\u00e9gn\u00e9l felhalmozott tud\u00e1s gondos meg\u0151rz\u00e9se, hat\u00e9kony tov\u00e1bbad\u00e1sa a fiatalabb nemzed\u00e9keknek, legyen sz\u00f3 gener\u00e1ci\u00f3v\u00e1lt\u00f3 csal\u00e1di v\u00e1llalkoz\u00e1sokr\u00f3l vagy szakm\u00e1n bel\u00fcli tud\u00e1s- \u00e9s tapasztalat\u00e1tad\u00e1sr\u00f3l. Magyarorsz\u00e1gon ez a folyamat egyel\u0151re gyerekcip\u0151ben j\u00e1r. Ez\u00e9rt d\u00f6nt\u00f6tt \u00fagy a SEED Kisv\u00e1llalkoz\u00e1s-fejleszt\u00e9si Alap\u00edtv\u00e1ny, valamint a Tehets\u00e9g \u00e9s Tud\u00e1s K\u00f6zpont Alap\u00edtv\u00e1ny (TTKA), hogy Magyarorsz\u00e1gon el\u0151sz\u00f6r p\u00e1ly\u00e1zatot [&hellip;]","og_url":"https:\/\/seed.hu\/hirek\/keressuk-2019-tudasbarat-vallalkozasait\/","og_site_name":"Seed","article_modified_time":"2022-01-19T18:28:11+00:00","og_image":[{"width":250,"height":206,"url":"https:\/\/seed.hu\/wp-content\/uploads\/2018\/04\/SEED_logo.png","type":"image\/png"}],"twitter_card":"summary_large_image","twitter_misc":{"Est. reading time":"3 minutes"},"schema":{"@context":"https:\/\/schema.org","@graph":[{"@type":"WebPage","@id":"https:\/\/seed.hu\/hirek\/keressuk-2019-tudasbarat-vallalkozasait\/","url":"https:\/\/seed.hu\/hirek\/keressuk-2019-tudasbarat-vallalkozasait\/","name":"Keress\u00fck 2019 tud\u00e1sbar\u00e1t v\u00e1llalkoz\u00e1sait - Seed","isPartOf":{"@id":"https:\/\/seed.hu\/#website"},"primaryImageOfPage":{"@id":"https:\/\/seed.hu\/hirek\/keressuk-2019-tudasbarat-vallalkozasait\/#primaryimage"},"image":{"@id":"https:\/\/seed.hu\/hirek\/keressuk-2019-tudasbarat-vallalkozasait\/#primaryimage"},"thumbnailUrl":"https:\/\/seed.hu\/wp-content\/uploads\/2018\/04\/SEED_logo.png","datePublished":"2019-09-19T06:18:55+00:00","dateModified":"2022-01-19T18:28:11+00:00","breadcrumb":{"@id":"https:\/\/seed.hu\/hirek\/keressuk-2019-tudasbarat-vallalkozasait\/#breadcrumb"},"inLanguage":"en-US","potentialAction":[{"@type":"ReadAction","target":["https:\/\/seed.hu\/hirek\/keressuk-2019-tudasbarat-vallalkozasait\/"]}]},{"@type":"ImageObject","inLanguage":"en-US","@id":"https:\/\/seed.hu\/hirek\/keressuk-2019-tudasbarat-vallalkozasait\/#primaryimage","url":"https:\/\/seed.hu\/wp-content\/uploads\/2018\/04\/SEED_logo.png","contentUrl":"https:\/\/seed.hu\/wp-content\/uploads\/2018\/04\/SEED_logo.png","width":250,"height":206},{"@type":"BreadcrumbList","@id":"https:\/\/seed.hu\/hirek\/keressuk-2019-tudasbarat-vallalkozasait\/#breadcrumb","itemListElement":[{"@type":"ListItem","position":1,"name":"H\u00edrek","item":"https:\/\/seed.hu\/hirek\/"},{"@type":"ListItem","position":2,"name":"Keress\u00fck 2019 tud\u00e1sbar\u00e1t v\u00e1llalkoz\u00e1sait"}]},{"@type":"WebSite","@id":"https:\/\/seed.hu\/#website","url":"https:\/\/seed.hu\/","name":"Seed","description":"","potentialAction":[{"@type":"SearchAction","target":{"@type":"EntryPoint","urlTemplate":"https:\/\/seed.hu\/?s={search_term_string}"},"query-input":{"@type":"PropertyValueSpecification","valueRequired":true,"valueName":"search_term_string"}}],"inLanguage":"en-US"}]}},"_links":{"self":[{"href":"https:\/\/seed.hu\/en\/wp-json\/wp\/v2\/hirek\/902","targetHints":{"allow":["GET"]}}],"collection":[{"href":"https:\/\/seed.hu\/en\/wp-json\/wp\/v2\/hirek"}],"about":[{"href":"https:\/\/seed.hu\/en\/wp-json\/wp\/v2\/types\/hirek"}],"wp:featuredmedia":[{"embeddable":true,"href":"https:\/\/seed.hu\/en\/wp-json\/wp\/v2\/media\/792"}],"wp:attachment":[{"href":"https:\/\/seed.hu\/en\/wp-json\/wp\/v2\/media?parent=902"}],"curies":[{"name":"wp","href":"https:\/\/api.w.org\/{rel}","templated":true}]}}