{"id":905,"date":"2019-10-17T20:42:21","date_gmt":"2019-10-17T18:42:21","guid":{"rendered":"https:\/\/seed.hu\/?post_type=hirek&#038;p=905"},"modified":"2022-01-19T19:33:41","modified_gmt":"2022-01-19T18:33:41","slug":"mentorvalaszto-rendezveny-a-kolcsonosseg-jegyeben","status":"publish","type":"hirek","link":"https:\/\/seed.hu\/en\/hirek\/mentorvalaszto-rendezveny-a-kolcsonosseg-jegyeben\/","title":{"rendered":"Mentorv\u00e1laszt\u00f3 rendezv\u00e9ny &#8211; a k\u00f6lcs\u00f6n\u00f6ss\u00e9g jegy\u00e9ben"},"content":{"rendered":"<p><a href=\"https:\/\/seed.hu\/hirek\/mentorok-es-mentoraltak-jelentkezeset-varja-a-seed-alapitvany\/ovm\/\" rel=\"attachment wp-att-844\"><img loading=\"lazy\" decoding=\"async\" class=\"alignnone wp-image-844 size-full\" src=\"https:\/\/seed.hu\/wp-content\/uploads\/2022\/01\/OVM.png\" alt=\"\" width=\"601\" height=\"163\" srcset=\"https:\/\/seed.hu\/wp-content\/uploads\/2022\/01\/OVM.png 601w, https:\/\/seed.hu\/wp-content\/uploads\/2022\/01\/OVM-300x81.png 300w\" sizes=\"auto, (max-width: 601px) 100vw, 601px\" \/><\/a><\/p>\n<p><strong>Okt\u00f3ber 17-\u00e9n tartott\u00e1k meg az Orsz\u00e1gos V\u00e1llalkoz\u00f3i Mentorprogram Szem\u00e9lyes V\u00e1llalkoz\u00f3i Mentor\u00e1l\u00e1s alprojektj\u00e9nek keret\u00e9ben az els\u0151 mentorv\u00e1laszt\u00f3 rendezv\u00e9nyt. Az esem\u00e9nyen csaknem 70 f\u0151 vett r\u00e9szt, akik k\u00f6z\u00fcl harmincan mentork\u00e9nt, negyvenen pedig mentor\u00e1ltk\u00e9nt voltak jelen. A rendezv\u00e9ny c\u00e9lja az volt, hogy a mentor\u00e1ltak \u00e9s a mentorok szem\u00e9lyesen is tal\u00e1lkozzanak, \u00e9s kider\u00fclj\u00f6n, ki kivel szeretne egy\u00fcttdolgozni a k\u00f6vetkez\u0151 egy \u00e9vben.<\/strong><\/p>\n<p>A Szem\u00e9lyes V\u00e1llalkoz\u00f3i Mentorprogram l\u00e9nyege, hogy tapasztalt v\u00e1llalkoz\u00f3k osztj\u00e1k meg tud\u00e1sukat \u00e9s b\u00f6lcsess\u00e9g\u00fcket kev\u00e9sb\u00e9 tapasztalt v\u00e1llalkoz\u00f3t\u00e1rsaikkal az\u00e9rt, hogy ut\u00f3bbiak v\u00e1llalkoz\u00e1sa lend\u00fcletet vegyen, \u00e9s n\u00f6veked\u00e9si p\u00e1ly\u00e1ra \u00e1lljon.<\/p>\n<p>\u201eOlyan mentorokat kerest\u00fcnk, akik val\u00f3ban hajland\u00f3k megosztani azt a sok tapasztalatot, amelyet az \u00e9vek sor\u00e1n szereztek, \u00e9s olyan mentor\u00e1ltakat, akik val\u00f3ban hajland\u00f3k azt elfogadni\u201d \u2013 hangs\u00falyozta k\u00f6sz\u00f6nt\u0151 besz\u00e9d\u00e9ben Lakatosn\u00e9 Luk\u00e1cs Zsuzsanna, a Szem\u00e9lyes V\u00e1llalkoz\u00f3i Mentorprogramot megval\u00f3s\u00edt\u00f3 SEED Kisv\u00e1llalkoz\u00e1s-fejleszt\u00e9si Alap\u00edtv\u00e1ny vezet\u0151je. Ugyanakkor a k\u00e9s\u0151bbi felsz\u00f3lal\u00e1sokb\u00f3l, megnyilatkoz\u00e1sokb\u00f3l az is kider\u00fclt, hogy a folyamat nem ennyire egyir\u00e1ny\u00fa, hiszen t\u00f6bb megnyilatkoz\u00f3 mentor is hangs\u00falyozta, hogy \u0151k is nagyon \u00e9rdekl\u0151dve v\u00e1rj\u00e1k, mit tudnak majd tanulni, milyen \u00f6tleteket kapnak a saj\u00e1t v\u00e1llalkoz\u00e1sukra vonatkoz\u00f3an a mentor\u00e1ltjaikt\u00f3l. Mert fontos a k\u00f6lcs\u00f6n\u00f6ss\u00e9g \u2013 hangs\u00falyozt\u00e1k.<\/p>\n<p>Arra a k\u00e9rd\u00e9sre, hogy ki milyen rem\u00e9nyekkel \u00e9rkezett a rendezv\u00e9nyre, ki mit v\u00e1r a tal\u00e1lkoz\u00f3t\u00f3l, nagyon sokf\u00e9le v\u00e1lasz sz\u00fcletett. Volt, aki abban b\u00edzott, hogy a megl\u00e9v\u0151 v\u00e1llalkoz\u00e1si \u00f6tlet\u00e9t f\u00f3kusz\u00e1ltabb\u00e1 tudja tenni, m\u00e1s azt v\u00e1rta, hogy a v\u00e1llalkoz\u00e1s \u00e9s a csal\u00e1d k\u00f6z\u00f6tti egyens\u00faly megteremt\u00e9s\u00e9re vonatkoz\u00f3 \u00fatmutat\u00e1st kap, megint m\u00e1sok egy j\u00f3 gondolatot, egy j\u00f3 mondatot, emp\u00e1ti\u00e1t \u00e9s optimizmust, \u00faj kapcsolatokat rem\u00e9ltek.<\/p>\n<p>A \u201eplen\u00e1ris \u00fcl\u00e9s\u201d ut\u00e1n kis csoportokban folytat\u00f3dott a rendezv\u00e9ny. A szervez\u0151k c\u00e9lja az volt, hogy valamennyi mentor\u00e1lt tal\u00e1lkozzon valamennyi mentorral, azzal a megszor\u00edt\u00e1ssal, hogy a gener\u00e1ci\u00f3v\u00e1lt\u00e1s el\u0151tt \u00e1ll\u00f3 v\u00e1llalkoz\u00e1sok k\u00e9pvisel\u0151i csak azokkal a mentorokkal ismerkedtek meg, akik m\u00e1r maguk is v\u00e9gigmenedzseltek egy gener\u00e1ci\u00f3v\u00e1lt\u00e1st, vagy adtak ilyenben tan\u00e1csot.<\/p>\n<p>A kiscsoportos besz\u00e9lget\u00e9sek sor\u00e1n t\u00f6bb mentor\u00e1lt is eml\u00edtette, hogy a v\u00e1llalkoz\u00e1s\u00e1t siker\u00fclt egyed\u00fcl eljuttatnia egy bizonyos pontig, de most szeretne szintet ugrani, ehhez viszont m\u00e1r k\u00fcls\u0151 seg\u00edts\u00e9gre van sz\u00fcks\u00e9ge. Sokan kifejezetten ez\u00e9rt jelentkeztek a mentorprogramba.<\/p>\n<p>A v\u00e1llalkoz\u00f3i l\u00e9tforma saj\u00e1toss\u00e1g\u00e1t rendk\u00edv\u00fcl plasztikusan fejezte ki az egyik mentor: a v\u00e1llalkoz\u00e1s, mondta, olyan, mint a versenysport. Nagyon sok lemond\u00e1ssal \u00e9s \u00e1ldozattal j\u00e1r. Csin\u00e1lni kell h\u00f3ban, fagyban, forr\u00f3 naps\u00fct\u00e9sben, hajnalban \u00e9s \u00e9jszaka. A v\u00e1llalkoz\u00f3nak azt a k\u00e9rd\u00e9st kell feltennie mag\u00e1nak, hogy tud-e \u00fagy k\u00fczdeni, mint egy \u00e9lsportol\u00f3. Ha a v\u00e1lasz igen, akkor van es\u00e9ly arra, hogy fel tud n\u0151ni a v\u00e1llalkoz\u00e1s.<\/p>\n<p>A Szem\u00e9lyes V\u00e1llalkoz\u00f3i Mentorprogramban a mentor\u00e1ltak v\u00e1lasztj\u00e1k a mentorokat. A szem\u00e9lyes tal\u00e1lkoz\u00e1s sokat nyom a latba. T\u00f6bb mentor\u00e1lt is elmondta, hogy a PROFIL oldalon, amelyen a mentorok \u00e9s a mentor\u00e1ltak bemutatkoz\u00f3 anyagai tal\u00e1lhat\u00f3k, m\u00e1r kiv\u00e1lasztott\u00e1k, hogy kivel szeretn\u00e9nek dolgozni, de a rendezv\u00e9nyen szerzett \u00faj benyom\u00e1sok alapj\u00e1n \u00fajabb mentorok is k\u00e9pbe ker\u00fcltek.<\/p>\n<p>Egy mentor\u00e1lt h\u00e1rom mentort jel\u00f6lhet meg, akik k\u00f6z\u00fcl b\u00e1rmelyikkel sz\u00edvesen egy\u00fcttm\u0171k\u00f6dne a mentor\u00e1l\u00e1si folyamatban. Egy mentor azonban maximum kett\u0151, nagyon indokolt esetben h\u00e1rom mentor\u00e1lttal tud hat\u00e9konyan egy\u00fcttdolgozni. Ha enn\u00e9l t\u00f6bben jel\u00f6lik meg, akkor \u0151 v\u00e1lasztja ki, melyik az a k\u00e9t mentor\u00e1lt, akivel elkezdi majd a munk\u00e1t.<\/p>\n<p>A rendezv\u00e9ny v\u00e9g\u00e9n a mentor\u00e1ltak megjel\u00f6lt\u00e9k a sz\u00e1mukra szimpatikus mentorokat, innen fogva pedig a SEED Alap\u00edtv\u00e1ny munkat\u00e1rsainak a feladata, hogy a k\u00f6vetkez\u0151 k\u00e9t h\u00e9tben egyeztessenek a mentorokkal, \u00e9s kialak\u00edts\u00e1k a mentor\u2212mentor\u00e1lt p\u00e1rosokat.<\/p>\n","protected":false},"featured_media":338,"menu_order":0,"template":"","meta":{"_acf_changed":false},"class_list":["post-905","hirek","type-hirek","status-publish","has-post-thumbnail","hentry"],"acf":[],"yoast_head":"<!-- This site is optimized with the Yoast SEO plugin v27.4 - https:\/\/yoast.com\/product\/yoast-seo-wordpress\/ -->\n<title>Mentorv\u00e1laszt\u00f3 rendezv\u00e9ny - a k\u00f6lcs\u00f6n\u00f6ss\u00e9g jegy\u00e9ben - Seed<\/title>\n<meta name=\"robots\" content=\"index, follow, max-snippet:-1, max-image-preview:large, max-video-preview:-1\" \/>\n<link rel=\"canonical\" href=\"https:\/\/seed.hu\/hirek\/mentorvalaszto-rendezveny-a-kolcsonosseg-jegyeben\/\" \/>\n<meta property=\"og:locale\" content=\"en_US\" \/>\n<meta property=\"og:type\" content=\"article\" \/>\n<meta property=\"og:title\" content=\"Mentorv\u00e1laszt\u00f3 rendezv\u00e9ny - a k\u00f6lcs\u00f6n\u00f6ss\u00e9g jegy\u00e9ben - Seed\" \/>\n<meta property=\"og:description\" content=\"Okt\u00f3ber 17-\u00e9n tartott\u00e1k meg az Orsz\u00e1gos V\u00e1llalkoz\u00f3i Mentorprogram Szem\u00e9lyes V\u00e1llalkoz\u00f3i Mentor\u00e1l\u00e1s alprojektj\u00e9nek keret\u00e9ben az els\u0151 mentorv\u00e1laszt\u00f3 rendezv\u00e9nyt. Az esem\u00e9nyen csaknem 70 f\u0151 vett r\u00e9szt, akik k\u00f6z\u00fcl harmincan mentork\u00e9nt, negyvenen pedig mentor\u00e1ltk\u00e9nt voltak jelen. A rendezv\u00e9ny c\u00e9lja az volt, hogy a mentor\u00e1ltak \u00e9s a mentorok szem\u00e9lyesen is tal\u00e1lkozzanak, \u00e9s kider\u00fclj\u00f6n, ki kivel szeretne egy\u00fcttdolgozni a k\u00f6vetkez\u0151 [&hellip;]\" \/>\n<meta property=\"og:url\" content=\"https:\/\/seed.hu\/hirek\/mentorvalaszto-rendezveny-a-kolcsonosseg-jegyeben\/\" \/>\n<meta property=\"og:site_name\" content=\"Seed\" \/>\n<meta property=\"article:modified_time\" content=\"2022-01-19T18:33:41+00:00\" \/>\n<meta property=\"og:image\" content=\"https:\/\/seed.hu\/wp-content\/uploads\/2021\/04\/Orsza\u0301gos-Va\u0301llalkozo\u0301i-Mentorprogram.png\" \/>\n\t<meta property=\"og:image:width\" content=\"773\" \/>\n\t<meta property=\"og:image:height\" content=\"774\" \/>\n\t<meta property=\"og:image:type\" content=\"image\/png\" \/>\n<meta name=\"twitter:card\" content=\"summary_large_image\" \/>\n<meta name=\"twitter:label1\" content=\"Est. reading time\" \/>\n\t<meta name=\"twitter:data1\" content=\"4 minutes\" \/>\n<script type=\"application\/ld+json\" class=\"yoast-schema-graph\">{\"@context\":\"https:\\\/\\\/schema.org\",\"@graph\":[{\"@type\":\"WebPage\",\"@id\":\"https:\\\/\\\/seed.hu\\\/hirek\\\/mentorvalaszto-rendezveny-a-kolcsonosseg-jegyeben\\\/\",\"url\":\"https:\\\/\\\/seed.hu\\\/hirek\\\/mentorvalaszto-rendezveny-a-kolcsonosseg-jegyeben\\\/\",\"name\":\"Mentorv\u00e1laszt\u00f3 rendezv\u00e9ny - a k\u00f6lcs\u00f6n\u00f6ss\u00e9g jegy\u00e9ben - Seed\",\"isPartOf\":{\"@id\":\"https:\\\/\\\/seed.hu\\\/#website\"},\"primaryImageOfPage\":{\"@id\":\"https:\\\/\\\/seed.hu\\\/hirek\\\/mentorvalaszto-rendezveny-a-kolcsonosseg-jegyeben\\\/#primaryimage\"},\"image\":{\"@id\":\"https:\\\/\\\/seed.hu\\\/hirek\\\/mentorvalaszto-rendezveny-a-kolcsonosseg-jegyeben\\\/#primaryimage\"},\"thumbnailUrl\":\"https:\\\/\\\/seed.hu\\\/wp-content\\\/uploads\\\/2021\\\/04\\\/Orsza\u0301gos-Va\u0301llalkozo\u0301i-Mentorprogram.png\",\"datePublished\":\"2019-10-17T18:42:21+00:00\",\"dateModified\":\"2022-01-19T18:33:41+00:00\",\"breadcrumb\":{\"@id\":\"https:\\\/\\\/seed.hu\\\/hirek\\\/mentorvalaszto-rendezveny-a-kolcsonosseg-jegyeben\\\/#breadcrumb\"},\"inLanguage\":\"en-US\",\"potentialAction\":[{\"@type\":\"ReadAction\",\"target\":[\"https:\\\/\\\/seed.hu\\\/hirek\\\/mentorvalaszto-rendezveny-a-kolcsonosseg-jegyeben\\\/\"]}]},{\"@type\":\"ImageObject\",\"inLanguage\":\"en-US\",\"@id\":\"https:\\\/\\\/seed.hu\\\/hirek\\\/mentorvalaszto-rendezveny-a-kolcsonosseg-jegyeben\\\/#primaryimage\",\"url\":\"https:\\\/\\\/seed.hu\\\/wp-content\\\/uploads\\\/2021\\\/04\\\/Orsza\u0301gos-Va\u0301llalkozo\u0301i-Mentorprogram.png\",\"contentUrl\":\"https:\\\/\\\/seed.hu\\\/wp-content\\\/uploads\\\/2021\\\/04\\\/Orsza\u0301gos-Va\u0301llalkozo\u0301i-Mentorprogram.png\",\"width\":773,\"height\":774},{\"@type\":\"BreadcrumbList\",\"@id\":\"https:\\\/\\\/seed.hu\\\/hirek\\\/mentorvalaszto-rendezveny-a-kolcsonosseg-jegyeben\\\/#breadcrumb\",\"itemListElement\":[{\"@type\":\"ListItem\",\"position\":1,\"name\":\"H\u00edrek\",\"item\":\"https:\\\/\\\/seed.hu\\\/hirek\\\/\"},{\"@type\":\"ListItem\",\"position\":2,\"name\":\"Mentorv\u00e1laszt\u00f3 rendezv\u00e9ny &#8211; a k\u00f6lcs\u00f6n\u00f6ss\u00e9g jegy\u00e9ben\"}]},{\"@type\":\"WebSite\",\"@id\":\"https:\\\/\\\/seed.hu\\\/#website\",\"url\":\"https:\\\/\\\/seed.hu\\\/\",\"name\":\"Seed\",\"description\":\"\",\"potentialAction\":[{\"@type\":\"SearchAction\",\"target\":{\"@type\":\"EntryPoint\",\"urlTemplate\":\"https:\\\/\\\/seed.hu\\\/?s={search_term_string}\"},\"query-input\":{\"@type\":\"PropertyValueSpecification\",\"valueRequired\":true,\"valueName\":\"search_term_string\"}}],\"inLanguage\":\"en-US\"}]}<\/script>\n<!-- \/ Yoast SEO plugin. -->","yoast_head_json":{"title":"Mentorv\u00e1laszt\u00f3 rendezv\u00e9ny - a k\u00f6lcs\u00f6n\u00f6ss\u00e9g jegy\u00e9ben - Seed","robots":{"index":"index","follow":"follow","max-snippet":"max-snippet:-1","max-image-preview":"max-image-preview:large","max-video-preview":"max-video-preview:-1"},"canonical":"https:\/\/seed.hu\/hirek\/mentorvalaszto-rendezveny-a-kolcsonosseg-jegyeben\/","og_locale":"en_US","og_type":"article","og_title":"Mentorv\u00e1laszt\u00f3 rendezv\u00e9ny - a k\u00f6lcs\u00f6n\u00f6ss\u00e9g jegy\u00e9ben - Seed","og_description":"Okt\u00f3ber 17-\u00e9n tartott\u00e1k meg az Orsz\u00e1gos V\u00e1llalkoz\u00f3i Mentorprogram Szem\u00e9lyes V\u00e1llalkoz\u00f3i Mentor\u00e1l\u00e1s alprojektj\u00e9nek keret\u00e9ben az els\u0151 mentorv\u00e1laszt\u00f3 rendezv\u00e9nyt. Az esem\u00e9nyen csaknem 70 f\u0151 vett r\u00e9szt, akik k\u00f6z\u00fcl harmincan mentork\u00e9nt, negyvenen pedig mentor\u00e1ltk\u00e9nt voltak jelen. A rendezv\u00e9ny c\u00e9lja az volt, hogy a mentor\u00e1ltak \u00e9s a mentorok szem\u00e9lyesen is tal\u00e1lkozzanak, \u00e9s kider\u00fclj\u00f6n, ki kivel szeretne egy\u00fcttdolgozni a k\u00f6vetkez\u0151 [&hellip;]","og_url":"https:\/\/seed.hu\/hirek\/mentorvalaszto-rendezveny-a-kolcsonosseg-jegyeben\/","og_site_name":"Seed","article_modified_time":"2022-01-19T18:33:41+00:00","og_image":[{"width":773,"height":774,"url":"https:\/\/seed.hu\/wp-content\/uploads\/2021\/04\/Orsza\u0301gos-Va\u0301llalkozo\u0301i-Mentorprogram.png","type":"image\/png"}],"twitter_card":"summary_large_image","twitter_misc":{"Est. reading time":"4 minutes"},"schema":{"@context":"https:\/\/schema.org","@graph":[{"@type":"WebPage","@id":"https:\/\/seed.hu\/hirek\/mentorvalaszto-rendezveny-a-kolcsonosseg-jegyeben\/","url":"https:\/\/seed.hu\/hirek\/mentorvalaszto-rendezveny-a-kolcsonosseg-jegyeben\/","name":"Mentorv\u00e1laszt\u00f3 rendezv\u00e9ny - a k\u00f6lcs\u00f6n\u00f6ss\u00e9g jegy\u00e9ben - Seed","isPartOf":{"@id":"https:\/\/seed.hu\/#website"},"primaryImageOfPage":{"@id":"https:\/\/seed.hu\/hirek\/mentorvalaszto-rendezveny-a-kolcsonosseg-jegyeben\/#primaryimage"},"image":{"@id":"https:\/\/seed.hu\/hirek\/mentorvalaszto-rendezveny-a-kolcsonosseg-jegyeben\/#primaryimage"},"thumbnailUrl":"https:\/\/seed.hu\/wp-content\/uploads\/2021\/04\/Orsza\u0301gos-Va\u0301llalkozo\u0301i-Mentorprogram.png","datePublished":"2019-10-17T18:42:21+00:00","dateModified":"2022-01-19T18:33:41+00:00","breadcrumb":{"@id":"https:\/\/seed.hu\/hirek\/mentorvalaszto-rendezveny-a-kolcsonosseg-jegyeben\/#breadcrumb"},"inLanguage":"en-US","potentialAction":[{"@type":"ReadAction","target":["https:\/\/seed.hu\/hirek\/mentorvalaszto-rendezveny-a-kolcsonosseg-jegyeben\/"]}]},{"@type":"ImageObject","inLanguage":"en-US","@id":"https:\/\/seed.hu\/hirek\/mentorvalaszto-rendezveny-a-kolcsonosseg-jegyeben\/#primaryimage","url":"https:\/\/seed.hu\/wp-content\/uploads\/2021\/04\/Orsza\u0301gos-Va\u0301llalkozo\u0301i-Mentorprogram.png","contentUrl":"https:\/\/seed.hu\/wp-content\/uploads\/2021\/04\/Orsza\u0301gos-Va\u0301llalkozo\u0301i-Mentorprogram.png","width":773,"height":774},{"@type":"BreadcrumbList","@id":"https:\/\/seed.hu\/hirek\/mentorvalaszto-rendezveny-a-kolcsonosseg-jegyeben\/#breadcrumb","itemListElement":[{"@type":"ListItem","position":1,"name":"H\u00edrek","item":"https:\/\/seed.hu\/hirek\/"},{"@type":"ListItem","position":2,"name":"Mentorv\u00e1laszt\u00f3 rendezv\u00e9ny &#8211; a k\u00f6lcs\u00f6n\u00f6ss\u00e9g jegy\u00e9ben"}]},{"@type":"WebSite","@id":"https:\/\/seed.hu\/#website","url":"https:\/\/seed.hu\/","name":"Seed","description":"","potentialAction":[{"@type":"SearchAction","target":{"@type":"EntryPoint","urlTemplate":"https:\/\/seed.hu\/?s={search_term_string}"},"query-input":{"@type":"PropertyValueSpecification","valueRequired":true,"valueName":"search_term_string"}}],"inLanguage":"en-US"}]}},"_links":{"self":[{"href":"https:\/\/seed.hu\/en\/wp-json\/wp\/v2\/hirek\/905","targetHints":{"allow":["GET"]}}],"collection":[{"href":"https:\/\/seed.hu\/en\/wp-json\/wp\/v2\/hirek"}],"about":[{"href":"https:\/\/seed.hu\/en\/wp-json\/wp\/v2\/types\/hirek"}],"wp:featuredmedia":[{"embeddable":true,"href":"https:\/\/seed.hu\/en\/wp-json\/wp\/v2\/media\/338"}],"wp:attachment":[{"href":"https:\/\/seed.hu\/en\/wp-json\/wp\/v2\/media?parent=905"}],"curies":[{"name":"wp","href":"https:\/\/api.w.org\/{rel}","templated":true}]}}