{"id":910,"date":"2019-10-26T18:27:15","date_gmt":"2019-10-26T16:27:15","guid":{"rendered":"https:\/\/seed.hu\/?post_type=hirek&#038;p=910"},"modified":"2022-01-19T19:42:33","modified_gmt":"2022-01-19T18:42:33","slug":"uj-kepzessel-bovult-a-paletta-fokuszban-a-vallalkozasom","status":"publish","type":"hirek","link":"https:\/\/seed.hu\/en\/hirek\/uj-kepzessel-bovult-a-paletta-fokuszban-a-vallalkozasom\/","title":{"rendered":"\u00daj k\u00e9pz\u00e9ssel b\u0151v\u00fclt a paletta: F\u00f3kuszban a v\u00e1llalkoz\u00e1som!"},"content":{"rendered":"<p><a href=\"https:\/\/seed.hu\/hirek\/uj-irodaba-koltozott-a-seed-alapitvany\/seed_logo\/\" rel=\"attachment wp-att-792\"><img loading=\"lazy\" decoding=\"async\" class=\"alignnone size-full wp-image-792\" src=\"https:\/\/seed.hu\/wp-content\/uploads\/2018\/04\/SEED_logo.png\" alt=\"\" width=\"250\" height=\"206\" \/><\/a><\/p>\n<p>V\u00e1llalkoz\u00f3v\u00e1 v\u00e1lni, v\u00e1llalkoz\u00e1st ind\u00edtani b\u00e1tors\u00e1got \u00e9s tudatoss\u00e1got ig\u00e9nyel. A v\u00e1llalkoz\u00f3i l\u00e9ttel j\u00e1r\u00f3 el\u0151ny\u00f6k \u2013 \u00e9s h\u00e1tr\u00e1nyok \u2013, valamint az \u00fczleti k\u00f6rnyezet ismerete, ahol v\u00e1llalkoz\u00f3k\u00e9nt m\u0171k\u00f6dni kell, az \u00fczleti \u00f6tlet kiforrotts\u00e1ga, a bels\u0151 \u00e9s k\u00fcls\u0151 er\u0151forr\u00e1sok felt\u00e9rk\u00e9pez\u00e9se, valamint a vev\u0151k el\u00e9r\u00e9se, megsz\u00f3l\u00edt\u00e1sa minden v\u00e1llalkoz\u00e1st ind\u00edt\u00f3 sz\u00e1m\u00e1ra ugyanolyan kih\u00edv\u00e1s.<\/p>\n<p>Hogy ebben seg\u00edts\u00e9get ny\u00fajtsunk, oktat\u00f3 tr\u00e9nereink kidolgozt\u00e1k a F\u00f3kuszban a v\u00e1llalkoz\u00e1som! elnevez\u00e9s\u0171, 4 napos tr\u00e9ninget.<\/p>\n<p>Kiknek aj\u00e1nljuk:<\/p>\n<ul>\n<li>fiataloknak, akik fels\u0151fok\u00fa tanulm\u00e1nyok mellett\/ut\u00e1n v\u00e1llalkoz\u00e1st ind\u00edtan\u00e1nak,<\/li>\n<li>munkav\u00e1llal\u00f3knak, akik v\u00e1llalkoz\u00f3i amb\u00edci\u00f3kkal b\u00edrnak, de hi\u00e1nyz\u00f3 ismeretek \u00e9s magabiztoss\u00e1g hi\u00e1ny\u00e1ban nem mernek kil\u00e9pni az alkalmazotti l\u00e9tb\u0151l,<\/li>\n<li>akik v\u00e1llalkoz\u00e1st f\u0151\u00e1ll\u00e1s mellett m\u0171k\u00f6dtetnek, de szeretn\u00e9nek bel\u0151le t\u00f6bbet kihozni,<\/li>\n<li>akiknek fontos a t\u00e1rsadalmi probl\u00e9m\u00e1k kezel\u00e9se, de tudj\u00e1k, hogy azt fenntarthat\u00f3 m\u00f3don, hossz\u00fa t\u00e1von profit\u00e1bilis v\u00e1llalkoz\u00e1si keretek k\u00f6z\u00f6tt lehet megval\u00f3s\u00edtani,<\/li>\n<li>50+ feletti h\u00f6lgyeknek \u00e9s f\u00e9rfiaknak, akik \u00fagy \u00e9rzik, munkav\u00e1llal\u00f3k\u00e9nt m\u00e1r el\u00e9rt\u00e9k a c\u00e9ljaikat, de m\u00e1sodik karrierk\u00e9nt, \u00e9p\u00edtve a szakmai tud\u00e1sukra v\u00e1llalkoz\u00e1sban folytatn\u00e1k tev\u00e9kenys\u00e9g\u00fcket.<\/li>\n<\/ul>\n<p>A tr\u00e9ning c\u00e9lja, hogy v\u00e1llalkoz\u00e1s alap\u00edt\u00e1s\u00e1t tervez\u0151, illetve kezd\u0151 v\u00e1llalkoz\u00f3k sz\u00e1m\u00e1ra \u00e1tfog\u00f3 ismeretet ny\u00fajtson a v\u00e1llalkoz\u00e1s sor\u00e1n tapasztalhat\u00f3 szitu\u00e1ci\u00f3kr\u00f3l, a v\u00e1llalkoz\u00e1s \u00e9letciklus\u00e1nak kezdeti f\u00e1zis\u00e1ban kulcsfontoss\u00e1g\u00fa piaci \u00e9s v\u00e1llalkoz\u00e1s-menedzsment \u00f6sszef\u00fcgg\u00e9sekr\u0151l. A tr\u00e9ning sor\u00e1n a r\u00e9sztvev\u0151k \u00e1ltal\u00e1nos v\u00e1llalkoz\u00f3i ismereteket szereznek, elm\u00e9ly\u00fclnek az \u00fczleti \u00e9s p\u00e9nz\u00fcgyi tervez\u00e9s m\u00f3dszereiben, a term\u00e9k, illetve szolg\u00e1ltat\u00e1sok bevezet\u00e9se, fejleszt\u00e9se sor\u00e1n kulcsfontoss\u00e1g\u00fa marketing technik\u00e1kban, m\u00f3dszerekben. A tr\u00e9ning sor\u00e1n egyar\u00e1nt tal\u00e1lkoznak a r\u00e9sztvev\u0151k ismeretmegoszt\u00e1ssal, interakt\u00edv probl\u00e9mamegold\u00e1ssal, specifikus technik\u00e1k elsaj\u00e1t\u00edt\u00e1s\u00e1t lehet\u0151v\u00e9 t\u00e9v\u0151 gyakorlatokkal is.<\/p>\n<p>A tr\u00e9ning n\u00e9gy modulb\u00f3l \u00e1ll:<\/p>\n<ol>\n<li>V\u00e1llalkoz\u00f3i \u00f6nismeret<\/li>\n<li>\u00dczleti tervez\u00e9s<\/li>\n<li>Marketing<\/li>\n<li>P\u00e9nz\u00fcgyi tervez\u00e9s<\/li>\n<\/ol>\n<p>A modulokon megszerezhet\u0151 ismeretek egym\u00e1st k\u00f6vet\u0151 4 napon kereszt\u00fcl \u00e1ll\u00edtj\u00e1k f\u00f3kuszba a v\u00e1llalkoz\u00e1sokat.<\/p>\n<p>Id\u0151pont: 2019. november 12-15. Naponta: 9:00-16:15<\/p>\n<p>Jelentkezni 2019. november 8-\u00e1ig lehet.<\/p>\n<p><a href=\"https:\/\/seed.hu\/kerdoiv\/fokuszban-a-vallalkozasom\" target=\"_blank\" rel=\"noopener\">&lt;&lt; JELENTKEZEM &gt;&gt;<\/a><\/p>\n<p>Tov\u00e1bbi r\u00e9szletek:\u00a0<a href=\"mailto:afabian@seed.hu ?subject=F%C3%B3kuszban%20a%20v%C3%A1llalkoz%C3%A1som!\">afabian@seed.hu\u00a0<\/a><\/p>\n","protected":false},"featured_media":792,"menu_order":0,"template":"","meta":{"_acf_changed":false},"class_list":["post-910","hirek","type-hirek","status-publish","has-post-thumbnail","hentry"],"acf":[],"yoast_head":"<!-- This site is optimized with the Yoast SEO plugin v27.4 - https:\/\/yoast.com\/product\/yoast-seo-wordpress\/ -->\n<title>\u00daj k\u00e9pz\u00e9ssel b\u0151v\u00fclt a paletta: F\u00f3kuszban a v\u00e1llalkoz\u00e1som! - Seed<\/title>\n<meta name=\"robots\" content=\"index, follow, max-snippet:-1, max-image-preview:large, max-video-preview:-1\" \/>\n<link rel=\"canonical\" href=\"https:\/\/seed.hu\/hirek\/uj-kepzessel-bovult-a-paletta-fokuszban-a-vallalkozasom\/\" \/>\n<meta property=\"og:locale\" content=\"en_US\" \/>\n<meta property=\"og:type\" content=\"article\" \/>\n<meta property=\"og:title\" content=\"\u00daj k\u00e9pz\u00e9ssel b\u0151v\u00fclt a paletta: F\u00f3kuszban a v\u00e1llalkoz\u00e1som! - Seed\" \/>\n<meta property=\"og:description\" content=\"V\u00e1llalkoz\u00f3v\u00e1 v\u00e1lni, v\u00e1llalkoz\u00e1st ind\u00edtani b\u00e1tors\u00e1got \u00e9s tudatoss\u00e1got ig\u00e9nyel. A v\u00e1llalkoz\u00f3i l\u00e9ttel j\u00e1r\u00f3 el\u0151ny\u00f6k \u2013 \u00e9s h\u00e1tr\u00e1nyok \u2013, valamint az \u00fczleti k\u00f6rnyezet ismerete, ahol v\u00e1llalkoz\u00f3k\u00e9nt m\u0171k\u00f6dni kell, az \u00fczleti \u00f6tlet kiforrotts\u00e1ga, a bels\u0151 \u00e9s k\u00fcls\u0151 er\u0151forr\u00e1sok felt\u00e9rk\u00e9pez\u00e9se, valamint a vev\u0151k el\u00e9r\u00e9se, megsz\u00f3l\u00edt\u00e1sa minden v\u00e1llalkoz\u00e1st ind\u00edt\u00f3 sz\u00e1m\u00e1ra ugyanolyan kih\u00edv\u00e1s. Hogy ebben seg\u00edts\u00e9get ny\u00fajtsunk, oktat\u00f3 tr\u00e9nereink kidolgozt\u00e1k a [&hellip;]\" \/>\n<meta property=\"og:url\" content=\"https:\/\/seed.hu\/hirek\/uj-kepzessel-bovult-a-paletta-fokuszban-a-vallalkozasom\/\" \/>\n<meta property=\"og:site_name\" content=\"Seed\" \/>\n<meta property=\"article:modified_time\" content=\"2022-01-19T18:42:33+00:00\" \/>\n<meta property=\"og:image\" content=\"https:\/\/seed.hu\/wp-content\/uploads\/2018\/04\/SEED_logo.png\" \/>\n\t<meta property=\"og:image:width\" content=\"250\" \/>\n\t<meta property=\"og:image:height\" content=\"206\" \/>\n\t<meta property=\"og:image:type\" content=\"image\/png\" \/>\n<meta name=\"twitter:card\" content=\"summary_large_image\" \/>\n<meta name=\"twitter:label1\" content=\"Est. reading time\" \/>\n\t<meta name=\"twitter:data1\" content=\"2 minutes\" \/>\n<script type=\"application\/ld+json\" class=\"yoast-schema-graph\">{\"@context\":\"https:\\\/\\\/schema.org\",\"@graph\":[{\"@type\":\"WebPage\",\"@id\":\"https:\\\/\\\/seed.hu\\\/hirek\\\/uj-kepzessel-bovult-a-paletta-fokuszban-a-vallalkozasom\\\/\",\"url\":\"https:\\\/\\\/seed.hu\\\/hirek\\\/uj-kepzessel-bovult-a-paletta-fokuszban-a-vallalkozasom\\\/\",\"name\":\"\u00daj k\u00e9pz\u00e9ssel b\u0151v\u00fclt a paletta: F\u00f3kuszban a v\u00e1llalkoz\u00e1som! - Seed\",\"isPartOf\":{\"@id\":\"https:\\\/\\\/seed.hu\\\/#website\"},\"primaryImageOfPage\":{\"@id\":\"https:\\\/\\\/seed.hu\\\/hirek\\\/uj-kepzessel-bovult-a-paletta-fokuszban-a-vallalkozasom\\\/#primaryimage\"},\"image\":{\"@id\":\"https:\\\/\\\/seed.hu\\\/hirek\\\/uj-kepzessel-bovult-a-paletta-fokuszban-a-vallalkozasom\\\/#primaryimage\"},\"thumbnailUrl\":\"https:\\\/\\\/seed.hu\\\/wp-content\\\/uploads\\\/2018\\\/04\\\/SEED_logo.png\",\"datePublished\":\"2019-10-26T16:27:15+00:00\",\"dateModified\":\"2022-01-19T18:42:33+00:00\",\"breadcrumb\":{\"@id\":\"https:\\\/\\\/seed.hu\\\/hirek\\\/uj-kepzessel-bovult-a-paletta-fokuszban-a-vallalkozasom\\\/#breadcrumb\"},\"inLanguage\":\"en-US\",\"potentialAction\":[{\"@type\":\"ReadAction\",\"target\":[\"https:\\\/\\\/seed.hu\\\/hirek\\\/uj-kepzessel-bovult-a-paletta-fokuszban-a-vallalkozasom\\\/\"]}]},{\"@type\":\"ImageObject\",\"inLanguage\":\"en-US\",\"@id\":\"https:\\\/\\\/seed.hu\\\/hirek\\\/uj-kepzessel-bovult-a-paletta-fokuszban-a-vallalkozasom\\\/#primaryimage\",\"url\":\"https:\\\/\\\/seed.hu\\\/wp-content\\\/uploads\\\/2018\\\/04\\\/SEED_logo.png\",\"contentUrl\":\"https:\\\/\\\/seed.hu\\\/wp-content\\\/uploads\\\/2018\\\/04\\\/SEED_logo.png\",\"width\":250,\"height\":206},{\"@type\":\"BreadcrumbList\",\"@id\":\"https:\\\/\\\/seed.hu\\\/hirek\\\/uj-kepzessel-bovult-a-paletta-fokuszban-a-vallalkozasom\\\/#breadcrumb\",\"itemListElement\":[{\"@type\":\"ListItem\",\"position\":1,\"name\":\"H\u00edrek\",\"item\":\"https:\\\/\\\/seed.hu\\\/hirek\\\/\"},{\"@type\":\"ListItem\",\"position\":2,\"name\":\"\u00daj k\u00e9pz\u00e9ssel b\u0151v\u00fclt a paletta: F\u00f3kuszban a v\u00e1llalkoz\u00e1som!\"}]},{\"@type\":\"WebSite\",\"@id\":\"https:\\\/\\\/seed.hu\\\/#website\",\"url\":\"https:\\\/\\\/seed.hu\\\/\",\"name\":\"Seed\",\"description\":\"\",\"potentialAction\":[{\"@type\":\"SearchAction\",\"target\":{\"@type\":\"EntryPoint\",\"urlTemplate\":\"https:\\\/\\\/seed.hu\\\/?s={search_term_string}\"},\"query-input\":{\"@type\":\"PropertyValueSpecification\",\"valueRequired\":true,\"valueName\":\"search_term_string\"}}],\"inLanguage\":\"en-US\"}]}<\/script>\n<!-- \/ Yoast SEO plugin. -->","yoast_head_json":{"title":"\u00daj k\u00e9pz\u00e9ssel b\u0151v\u00fclt a paletta: F\u00f3kuszban a v\u00e1llalkoz\u00e1som! - Seed","robots":{"index":"index","follow":"follow","max-snippet":"max-snippet:-1","max-image-preview":"max-image-preview:large","max-video-preview":"max-video-preview:-1"},"canonical":"https:\/\/seed.hu\/hirek\/uj-kepzessel-bovult-a-paletta-fokuszban-a-vallalkozasom\/","og_locale":"en_US","og_type":"article","og_title":"\u00daj k\u00e9pz\u00e9ssel b\u0151v\u00fclt a paletta: F\u00f3kuszban a v\u00e1llalkoz\u00e1som! - Seed","og_description":"V\u00e1llalkoz\u00f3v\u00e1 v\u00e1lni, v\u00e1llalkoz\u00e1st ind\u00edtani b\u00e1tors\u00e1got \u00e9s tudatoss\u00e1got ig\u00e9nyel. A v\u00e1llalkoz\u00f3i l\u00e9ttel j\u00e1r\u00f3 el\u0151ny\u00f6k \u2013 \u00e9s h\u00e1tr\u00e1nyok \u2013, valamint az \u00fczleti k\u00f6rnyezet ismerete, ahol v\u00e1llalkoz\u00f3k\u00e9nt m\u0171k\u00f6dni kell, az \u00fczleti \u00f6tlet kiforrotts\u00e1ga, a bels\u0151 \u00e9s k\u00fcls\u0151 er\u0151forr\u00e1sok felt\u00e9rk\u00e9pez\u00e9se, valamint a vev\u0151k el\u00e9r\u00e9se, megsz\u00f3l\u00edt\u00e1sa minden v\u00e1llalkoz\u00e1st ind\u00edt\u00f3 sz\u00e1m\u00e1ra ugyanolyan kih\u00edv\u00e1s. Hogy ebben seg\u00edts\u00e9get ny\u00fajtsunk, oktat\u00f3 tr\u00e9nereink kidolgozt\u00e1k a [&hellip;]","og_url":"https:\/\/seed.hu\/hirek\/uj-kepzessel-bovult-a-paletta-fokuszban-a-vallalkozasom\/","og_site_name":"Seed","article_modified_time":"2022-01-19T18:42:33+00:00","og_image":[{"width":250,"height":206,"url":"https:\/\/seed.hu\/wp-content\/uploads\/2018\/04\/SEED_logo.png","type":"image\/png"}],"twitter_card":"summary_large_image","twitter_misc":{"Est. reading time":"2 minutes"},"schema":{"@context":"https:\/\/schema.org","@graph":[{"@type":"WebPage","@id":"https:\/\/seed.hu\/hirek\/uj-kepzessel-bovult-a-paletta-fokuszban-a-vallalkozasom\/","url":"https:\/\/seed.hu\/hirek\/uj-kepzessel-bovult-a-paletta-fokuszban-a-vallalkozasom\/","name":"\u00daj k\u00e9pz\u00e9ssel b\u0151v\u00fclt a paletta: F\u00f3kuszban a v\u00e1llalkoz\u00e1som! - Seed","isPartOf":{"@id":"https:\/\/seed.hu\/#website"},"primaryImageOfPage":{"@id":"https:\/\/seed.hu\/hirek\/uj-kepzessel-bovult-a-paletta-fokuszban-a-vallalkozasom\/#primaryimage"},"image":{"@id":"https:\/\/seed.hu\/hirek\/uj-kepzessel-bovult-a-paletta-fokuszban-a-vallalkozasom\/#primaryimage"},"thumbnailUrl":"https:\/\/seed.hu\/wp-content\/uploads\/2018\/04\/SEED_logo.png","datePublished":"2019-10-26T16:27:15+00:00","dateModified":"2022-01-19T18:42:33+00:00","breadcrumb":{"@id":"https:\/\/seed.hu\/hirek\/uj-kepzessel-bovult-a-paletta-fokuszban-a-vallalkozasom\/#breadcrumb"},"inLanguage":"en-US","potentialAction":[{"@type":"ReadAction","target":["https:\/\/seed.hu\/hirek\/uj-kepzessel-bovult-a-paletta-fokuszban-a-vallalkozasom\/"]}]},{"@type":"ImageObject","inLanguage":"en-US","@id":"https:\/\/seed.hu\/hirek\/uj-kepzessel-bovult-a-paletta-fokuszban-a-vallalkozasom\/#primaryimage","url":"https:\/\/seed.hu\/wp-content\/uploads\/2018\/04\/SEED_logo.png","contentUrl":"https:\/\/seed.hu\/wp-content\/uploads\/2018\/04\/SEED_logo.png","width":250,"height":206},{"@type":"BreadcrumbList","@id":"https:\/\/seed.hu\/hirek\/uj-kepzessel-bovult-a-paletta-fokuszban-a-vallalkozasom\/#breadcrumb","itemListElement":[{"@type":"ListItem","position":1,"name":"H\u00edrek","item":"https:\/\/seed.hu\/hirek\/"},{"@type":"ListItem","position":2,"name":"\u00daj k\u00e9pz\u00e9ssel b\u0151v\u00fclt a paletta: F\u00f3kuszban a v\u00e1llalkoz\u00e1som!"}]},{"@type":"WebSite","@id":"https:\/\/seed.hu\/#website","url":"https:\/\/seed.hu\/","name":"Seed","description":"","potentialAction":[{"@type":"SearchAction","target":{"@type":"EntryPoint","urlTemplate":"https:\/\/seed.hu\/?s={search_term_string}"},"query-input":{"@type":"PropertyValueSpecification","valueRequired":true,"valueName":"search_term_string"}}],"inLanguage":"en-US"}]}},"_links":{"self":[{"href":"https:\/\/seed.hu\/en\/wp-json\/wp\/v2\/hirek\/910","targetHints":{"allow":["GET"]}}],"collection":[{"href":"https:\/\/seed.hu\/en\/wp-json\/wp\/v2\/hirek"}],"about":[{"href":"https:\/\/seed.hu\/en\/wp-json\/wp\/v2\/types\/hirek"}],"wp:featuredmedia":[{"embeddable":true,"href":"https:\/\/seed.hu\/en\/wp-json\/wp\/v2\/media\/792"}],"wp:attachment":[{"href":"https:\/\/seed.hu\/en\/wp-json\/wp\/v2\/media?parent=910"}],"curies":[{"name":"wp","href":"https:\/\/api.w.org\/{rel}","templated":true}]}}