{"id":912,"date":"2019-10-26T18:48:52","date_gmt":"2019-10-26T16:48:52","guid":{"rendered":"https:\/\/seed.hu\/?post_type=hirek&#038;p=912"},"modified":"2022-01-19T19:45:13","modified_gmt":"2022-01-19T18:45:13","slug":"lehet-meg-jelentkezni-a-szemelyes-vallalkozoi-mentorprogramba","status":"publish","type":"hirek","link":"https:\/\/seed.hu\/en\/hirek\/lehet-meg-jelentkezni-a-szemelyes-vallalkozoi-mentorprogramba\/","title":{"rendered":"Lehet m\u00e9g jelentkezni a Szem\u00e9lyes V\u00e1llalkoz\u00f3i Mentorprogramba"},"content":{"rendered":"<p><a href=\"https:\/\/seed.hu\/hirek\/mentorok-es-mentoraltak-jelentkezeset-varja-a-seed-alapitvany\/ovm\/\" rel=\"attachment wp-att-844\"><img loading=\"lazy\" decoding=\"async\" class=\"alignnone wp-image-844 size-full\" src=\"https:\/\/seed.hu\/wp-content\/uploads\/2022\/01\/OVM.png\" alt=\"\" width=\"601\" height=\"163\" srcset=\"https:\/\/seed.hu\/wp-content\/uploads\/2022\/01\/OVM.png 601w, https:\/\/seed.hu\/wp-content\/uploads\/2022\/01\/OVM-300x81.png 300w\" sizes=\"auto, (max-width: 601px) 100vw, 601px\" \/><\/a><\/p>\n<p>Mind mentornak, mind mentor\u00e1ltnak lehet m\u00e9g jelentkezni az Orsz\u00e1gos V\u00e1llalkoz\u00f3i Mentorprogram SEED Alap\u00edtv\u00e1ny \u00e1ltal menedzselt Szem\u00e9lyes V\u00e1llalkoz\u00f3i Mentorprogramj\u00e1ba. Mentornak legal\u00e1bb \u00f6t \u00e9ve v\u00e1llalkoz\u00f3, minimum \u00f6tf\u0151s v\u00e1llalkoz\u00e1st vezet\u0151 tapasztalt v\u00e1llalkoz\u00f3kat v\u00e1runk, akik \u00fagy \u00e9rzik, sz\u00edvesen osztan\u00e1k meg tud\u00e1sukat, tapasztalataikat egy m\u00e1sik v\u00e1llalkoz\u00e1s vezet\u0151j\u00e9vel. Mentor\u00e1ltnak pedig olyan h\u00f6lgyek, 35 \u00e9v alatti fiatal v\u00e1llalkoz\u00f3k \u00e9s gener\u00e1ci\u00f3v\u00e1lt\u00e1s el\u0151tt \u00e1ll\u00f3 csal\u00e1di v\u00e1llalkoz\u00e1sok k\u00e9pvisel\u0151i regisztr\u00e1lhatnak, akik eljuttatt\u00e1k a v\u00e1llalkoz\u00e1sukat egy bizonyos szintre, de \u00fagy \u00e9rzik, hogy a tov\u00e1bbl\u00e9p\u00e9shez, a szintugr\u00e1shoz k\u00fcls\u0151 seg\u00edts\u00e9gre, t\u00e1mogat\u00e1sra, illetve csal\u00e1di v\u00e1llalkoz\u00e1sok eset\u00e9n az \u00e1tad\u00e1s-\u00e1tv\u00e9tel el\u0151k\u00e9sz\u00edt\u00e9s\u00e9hez sikeres gener\u00e1ci\u00f3v\u00e1lt\u00e1sok tapasztalataira lenne sz\u00fcks\u00e9g\u00fck.<\/p>\n<p>A regisztr\u00e1ci\u00f3t k\u00f6vet\u0151en egy szem\u00e9lyes interj\u00fara h\u00edvjuk a jelentkez\u0151ket, ahol f\u0151leg a jelentkez\u0151 motiv\u00e1ci\u00f3j\u00e1t, elk\u00f6telezetts\u00e9g\u00e9t vizsg\u00e1ljuk meg. Ha a kiv\u00e1laszt\u00e1s sikeres volt, elkezd\u0151dik a mentorok \u00e9s mentor\u00e1ltak \u00f6sszeilleszt\u00e9s\u00e9nek folyamata. Egy mentor egy-h\u00e1rom mentor\u00e1lttal dolgozik egy\u00fctt 9-12 h\u00f3napon kereszt\u00fcl. A mentort a mentor\u00e1lt v\u00e1lasztja ki mag\u00e1nak. Ha egy mentorral h\u00e1romn\u00e1l t\u00f6bb mentor\u00e1lt szeretne egy\u00fctt dolgozni, akkor a mentor v\u00e1lasztja ki azokat, akikkel sz\u00e1m\u00e1ra \u201em\u0171k\u00f6dik a k\u00e9mia\u201d.<\/p>\n<p>Tov\u00e1bbi r\u00e9szletek \u00e9s regisztr\u00e1ci\u00f3: <a href=\"http:\/\/www.vallalkozztudatosan.hu\" target=\"_blank\" rel=\"noopener\">www.vallalkozztudatosan.hu<\/a><\/p>\n","protected":false},"featured_media":338,"menu_order":0,"template":"","meta":{"_acf_changed":false},"class_list":["post-912","hirek","type-hirek","status-publish","has-post-thumbnail","hentry"],"acf":[],"yoast_head":"<!-- This site is optimized with the Yoast SEO plugin v27.4 - https:\/\/yoast.com\/product\/yoast-seo-wordpress\/ -->\n<title>Lehet m\u00e9g jelentkezni a Szem\u00e9lyes V\u00e1llalkoz\u00f3i Mentorprogramba - Seed<\/title>\n<meta name=\"robots\" content=\"index, follow, max-snippet:-1, max-image-preview:large, max-video-preview:-1\" \/>\n<link rel=\"canonical\" href=\"https:\/\/seed.hu\/hirek\/lehet-meg-jelentkezni-a-szemelyes-vallalkozoi-mentorprogramba\/\" \/>\n<meta property=\"og:locale\" content=\"en_US\" \/>\n<meta property=\"og:type\" content=\"article\" \/>\n<meta property=\"og:title\" content=\"Lehet m\u00e9g jelentkezni a Szem\u00e9lyes V\u00e1llalkoz\u00f3i Mentorprogramba - Seed\" \/>\n<meta property=\"og:description\" content=\"Mind mentornak, mind mentor\u00e1ltnak lehet m\u00e9g jelentkezni az Orsz\u00e1gos V\u00e1llalkoz\u00f3i Mentorprogram SEED Alap\u00edtv\u00e1ny \u00e1ltal menedzselt Szem\u00e9lyes V\u00e1llalkoz\u00f3i Mentorprogramj\u00e1ba. Mentornak legal\u00e1bb \u00f6t \u00e9ve v\u00e1llalkoz\u00f3, minimum \u00f6tf\u0151s v\u00e1llalkoz\u00e1st vezet\u0151 tapasztalt v\u00e1llalkoz\u00f3kat v\u00e1runk, akik \u00fagy \u00e9rzik, sz\u00edvesen osztan\u00e1k meg tud\u00e1sukat, tapasztalataikat egy m\u00e1sik v\u00e1llalkoz\u00e1s vezet\u0151j\u00e9vel. Mentor\u00e1ltnak pedig olyan h\u00f6lgyek, 35 \u00e9v alatti fiatal v\u00e1llalkoz\u00f3k \u00e9s gener\u00e1ci\u00f3v\u00e1lt\u00e1s el\u0151tt \u00e1ll\u00f3 [&hellip;]\" \/>\n<meta property=\"og:url\" content=\"https:\/\/seed.hu\/hirek\/lehet-meg-jelentkezni-a-szemelyes-vallalkozoi-mentorprogramba\/\" \/>\n<meta property=\"og:site_name\" content=\"Seed\" \/>\n<meta property=\"article:modified_time\" content=\"2022-01-19T18:45:13+00:00\" \/>\n<meta property=\"og:image\" content=\"https:\/\/seed.hu\/wp-content\/uploads\/2021\/04\/Orsza\u0301gos-Va\u0301llalkozo\u0301i-Mentorprogram.png\" \/>\n\t<meta property=\"og:image:width\" content=\"773\" \/>\n\t<meta property=\"og:image:height\" content=\"774\" \/>\n\t<meta property=\"og:image:type\" content=\"image\/png\" \/>\n<meta name=\"twitter:card\" content=\"summary_large_image\" \/>\n<meta name=\"twitter:label1\" content=\"Est. reading time\" \/>\n\t<meta name=\"twitter:data1\" content=\"1 minute\" \/>\n<script type=\"application\/ld+json\" class=\"yoast-schema-graph\">{\"@context\":\"https:\\\/\\\/schema.org\",\"@graph\":[{\"@type\":\"WebPage\",\"@id\":\"https:\\\/\\\/seed.hu\\\/hirek\\\/lehet-meg-jelentkezni-a-szemelyes-vallalkozoi-mentorprogramba\\\/\",\"url\":\"https:\\\/\\\/seed.hu\\\/hirek\\\/lehet-meg-jelentkezni-a-szemelyes-vallalkozoi-mentorprogramba\\\/\",\"name\":\"Lehet m\u00e9g jelentkezni a Szem\u00e9lyes V\u00e1llalkoz\u00f3i Mentorprogramba - Seed\",\"isPartOf\":{\"@id\":\"https:\\\/\\\/seed.hu\\\/#website\"},\"primaryImageOfPage\":{\"@id\":\"https:\\\/\\\/seed.hu\\\/hirek\\\/lehet-meg-jelentkezni-a-szemelyes-vallalkozoi-mentorprogramba\\\/#primaryimage\"},\"image\":{\"@id\":\"https:\\\/\\\/seed.hu\\\/hirek\\\/lehet-meg-jelentkezni-a-szemelyes-vallalkozoi-mentorprogramba\\\/#primaryimage\"},\"thumbnailUrl\":\"https:\\\/\\\/seed.hu\\\/wp-content\\\/uploads\\\/2021\\\/04\\\/Orsza\u0301gos-Va\u0301llalkozo\u0301i-Mentorprogram.png\",\"datePublished\":\"2019-10-26T16:48:52+00:00\",\"dateModified\":\"2022-01-19T18:45:13+00:00\",\"breadcrumb\":{\"@id\":\"https:\\\/\\\/seed.hu\\\/hirek\\\/lehet-meg-jelentkezni-a-szemelyes-vallalkozoi-mentorprogramba\\\/#breadcrumb\"},\"inLanguage\":\"en-US\",\"potentialAction\":[{\"@type\":\"ReadAction\",\"target\":[\"https:\\\/\\\/seed.hu\\\/hirek\\\/lehet-meg-jelentkezni-a-szemelyes-vallalkozoi-mentorprogramba\\\/\"]}]},{\"@type\":\"ImageObject\",\"inLanguage\":\"en-US\",\"@id\":\"https:\\\/\\\/seed.hu\\\/hirek\\\/lehet-meg-jelentkezni-a-szemelyes-vallalkozoi-mentorprogramba\\\/#primaryimage\",\"url\":\"https:\\\/\\\/seed.hu\\\/wp-content\\\/uploads\\\/2021\\\/04\\\/Orsza\u0301gos-Va\u0301llalkozo\u0301i-Mentorprogram.png\",\"contentUrl\":\"https:\\\/\\\/seed.hu\\\/wp-content\\\/uploads\\\/2021\\\/04\\\/Orsza\u0301gos-Va\u0301llalkozo\u0301i-Mentorprogram.png\",\"width\":773,\"height\":774},{\"@type\":\"BreadcrumbList\",\"@id\":\"https:\\\/\\\/seed.hu\\\/hirek\\\/lehet-meg-jelentkezni-a-szemelyes-vallalkozoi-mentorprogramba\\\/#breadcrumb\",\"itemListElement\":[{\"@type\":\"ListItem\",\"position\":1,\"name\":\"H\u00edrek\",\"item\":\"https:\\\/\\\/seed.hu\\\/hirek\\\/\"},{\"@type\":\"ListItem\",\"position\":2,\"name\":\"Lehet m\u00e9g jelentkezni a Szem\u00e9lyes V\u00e1llalkoz\u00f3i Mentorprogramba\"}]},{\"@type\":\"WebSite\",\"@id\":\"https:\\\/\\\/seed.hu\\\/#website\",\"url\":\"https:\\\/\\\/seed.hu\\\/\",\"name\":\"Seed\",\"description\":\"\",\"potentialAction\":[{\"@type\":\"SearchAction\",\"target\":{\"@type\":\"EntryPoint\",\"urlTemplate\":\"https:\\\/\\\/seed.hu\\\/?s={search_term_string}\"},\"query-input\":{\"@type\":\"PropertyValueSpecification\",\"valueRequired\":true,\"valueName\":\"search_term_string\"}}],\"inLanguage\":\"en-US\"}]}<\/script>\n<!-- \/ Yoast SEO plugin. -->","yoast_head_json":{"title":"Lehet m\u00e9g jelentkezni a Szem\u00e9lyes V\u00e1llalkoz\u00f3i Mentorprogramba - Seed","robots":{"index":"index","follow":"follow","max-snippet":"max-snippet:-1","max-image-preview":"max-image-preview:large","max-video-preview":"max-video-preview:-1"},"canonical":"https:\/\/seed.hu\/hirek\/lehet-meg-jelentkezni-a-szemelyes-vallalkozoi-mentorprogramba\/","og_locale":"en_US","og_type":"article","og_title":"Lehet m\u00e9g jelentkezni a Szem\u00e9lyes V\u00e1llalkoz\u00f3i Mentorprogramba - Seed","og_description":"Mind mentornak, mind mentor\u00e1ltnak lehet m\u00e9g jelentkezni az Orsz\u00e1gos V\u00e1llalkoz\u00f3i Mentorprogram SEED Alap\u00edtv\u00e1ny \u00e1ltal menedzselt Szem\u00e9lyes V\u00e1llalkoz\u00f3i Mentorprogramj\u00e1ba. Mentornak legal\u00e1bb \u00f6t \u00e9ve v\u00e1llalkoz\u00f3, minimum \u00f6tf\u0151s v\u00e1llalkoz\u00e1st vezet\u0151 tapasztalt v\u00e1llalkoz\u00f3kat v\u00e1runk, akik \u00fagy \u00e9rzik, sz\u00edvesen osztan\u00e1k meg tud\u00e1sukat, tapasztalataikat egy m\u00e1sik v\u00e1llalkoz\u00e1s vezet\u0151j\u00e9vel. Mentor\u00e1ltnak pedig olyan h\u00f6lgyek, 35 \u00e9v alatti fiatal v\u00e1llalkoz\u00f3k \u00e9s gener\u00e1ci\u00f3v\u00e1lt\u00e1s el\u0151tt \u00e1ll\u00f3 [&hellip;]","og_url":"https:\/\/seed.hu\/hirek\/lehet-meg-jelentkezni-a-szemelyes-vallalkozoi-mentorprogramba\/","og_site_name":"Seed","article_modified_time":"2022-01-19T18:45:13+00:00","og_image":[{"width":773,"height":774,"url":"https:\/\/seed.hu\/wp-content\/uploads\/2021\/04\/Orsza\u0301gos-Va\u0301llalkozo\u0301i-Mentorprogram.png","type":"image\/png"}],"twitter_card":"summary_large_image","twitter_misc":{"Est. reading time":"1 minute"},"schema":{"@context":"https:\/\/schema.org","@graph":[{"@type":"WebPage","@id":"https:\/\/seed.hu\/hirek\/lehet-meg-jelentkezni-a-szemelyes-vallalkozoi-mentorprogramba\/","url":"https:\/\/seed.hu\/hirek\/lehet-meg-jelentkezni-a-szemelyes-vallalkozoi-mentorprogramba\/","name":"Lehet m\u00e9g jelentkezni a Szem\u00e9lyes V\u00e1llalkoz\u00f3i Mentorprogramba - Seed","isPartOf":{"@id":"https:\/\/seed.hu\/#website"},"primaryImageOfPage":{"@id":"https:\/\/seed.hu\/hirek\/lehet-meg-jelentkezni-a-szemelyes-vallalkozoi-mentorprogramba\/#primaryimage"},"image":{"@id":"https:\/\/seed.hu\/hirek\/lehet-meg-jelentkezni-a-szemelyes-vallalkozoi-mentorprogramba\/#primaryimage"},"thumbnailUrl":"https:\/\/seed.hu\/wp-content\/uploads\/2021\/04\/Orsza\u0301gos-Va\u0301llalkozo\u0301i-Mentorprogram.png","datePublished":"2019-10-26T16:48:52+00:00","dateModified":"2022-01-19T18:45:13+00:00","breadcrumb":{"@id":"https:\/\/seed.hu\/hirek\/lehet-meg-jelentkezni-a-szemelyes-vallalkozoi-mentorprogramba\/#breadcrumb"},"inLanguage":"en-US","potentialAction":[{"@type":"ReadAction","target":["https:\/\/seed.hu\/hirek\/lehet-meg-jelentkezni-a-szemelyes-vallalkozoi-mentorprogramba\/"]}]},{"@type":"ImageObject","inLanguage":"en-US","@id":"https:\/\/seed.hu\/hirek\/lehet-meg-jelentkezni-a-szemelyes-vallalkozoi-mentorprogramba\/#primaryimage","url":"https:\/\/seed.hu\/wp-content\/uploads\/2021\/04\/Orsza\u0301gos-Va\u0301llalkozo\u0301i-Mentorprogram.png","contentUrl":"https:\/\/seed.hu\/wp-content\/uploads\/2021\/04\/Orsza\u0301gos-Va\u0301llalkozo\u0301i-Mentorprogram.png","width":773,"height":774},{"@type":"BreadcrumbList","@id":"https:\/\/seed.hu\/hirek\/lehet-meg-jelentkezni-a-szemelyes-vallalkozoi-mentorprogramba\/#breadcrumb","itemListElement":[{"@type":"ListItem","position":1,"name":"H\u00edrek","item":"https:\/\/seed.hu\/hirek\/"},{"@type":"ListItem","position":2,"name":"Lehet m\u00e9g jelentkezni a Szem\u00e9lyes V\u00e1llalkoz\u00f3i Mentorprogramba"}]},{"@type":"WebSite","@id":"https:\/\/seed.hu\/#website","url":"https:\/\/seed.hu\/","name":"Seed","description":"","potentialAction":[{"@type":"SearchAction","target":{"@type":"EntryPoint","urlTemplate":"https:\/\/seed.hu\/?s={search_term_string}"},"query-input":{"@type":"PropertyValueSpecification","valueRequired":true,"valueName":"search_term_string"}}],"inLanguage":"en-US"}]}},"_links":{"self":[{"href":"https:\/\/seed.hu\/en\/wp-json\/wp\/v2\/hirek\/912","targetHints":{"allow":["GET"]}}],"collection":[{"href":"https:\/\/seed.hu\/en\/wp-json\/wp\/v2\/hirek"}],"about":[{"href":"https:\/\/seed.hu\/en\/wp-json\/wp\/v2\/types\/hirek"}],"wp:featuredmedia":[{"embeddable":true,"href":"https:\/\/seed.hu\/en\/wp-json\/wp\/v2\/media\/338"}],"wp:attachment":[{"href":"https:\/\/seed.hu\/en\/wp-json\/wp\/v2\/media?parent=912"}],"curies":[{"name":"wp","href":"https:\/\/api.w.org\/{rel}","templated":true}]}}