{"id":914,"date":"2019-11-11T21:12:44","date_gmt":"2019-11-11T20:12:44","guid":{"rendered":"https:\/\/seed.hu\/?post_type=hirek&#038;p=914"},"modified":"2022-01-19T19:51:50","modified_gmt":"2022-01-19T18:51:50","slug":"az-innovacios-es-technologiai-miniszterium-bemutatta-a-2019-2030-evekre-szolo-kkv-strategiat","status":"publish","type":"hirek","link":"https:\/\/seed.hu\/en\/hirek\/az-innovacios-es-technologiai-miniszterium-bemutatta-a-2019-2030-evekre-szolo-kkv-strategiat\/","title":{"rendered":"Az Innov\u00e1ci\u00f3s \u00e9s Technol\u00f3giai Miniszt\u00e9rium bemutatta a 2019-2030 \u00e9vekre sz\u00f3l\u00f3 KKV Strat\u00e9gi\u00e1t"},"content":{"rendered":"<p><strong>A korm\u00e1ny c\u00e9lja a stabilan m\u0171k\u00f6d\u0151, sok embernek munk\u00e1t ad\u00f3 v\u00e1llalkoz\u00f3i k\u00f6r meger\u0151s\u00edt\u00e9se, \u00e9s a gyors n\u00f6veked\u00e9sre k\u00e9pes v\u00e1llalatok t\u00e1mogat\u00e1sa annak \u00e9rdek\u00e9ben, hogy sikerrel vegyenek r\u00e9szt a nemzetk\u00f6zi versenyben. Az int\u00e9zked\u00e9sek emellett a v\u00e1llalkoz\u00f3bar\u00e1t int\u00e9zm\u00e9nyrendszer megteremt\u00e9s\u00e9t c\u00e9lozz\u00e1k a tehercs\u00f6kkent\u00e9s jegy\u00e9ben. (Prof. dr. Palkovics L\u00e1szl\u00f3, innov\u00e1ci\u00f3s \u00e9s technol\u00f3giai miniszter)<\/strong><\/p>\n<p>2019. november 5-\u00e9n szakmai konferencia keret\u00e9ben t\u00e1rta nyilv\u00e1noss\u00e1g el\u00e9 az Innov\u00e1ci\u00f3s \u00e9s Technol\u00f3giai Miniszt\u00e9rium a Korm\u00e1ny magyar mikro-, kis- \u00e9s k\u00f6zepes v\u00e1llalkoz\u00e1sok meger\u0151s\u00edt\u00e9s\u00e9nek strat\u00e9gi\u00e1j\u00e1t (2019-2030). A rendezv\u00e9nyen a SEED Alap\u00edtv\u00e1ny is bemutathatta az \u00e9rdekl\u0151d\u0151knek, hogyan seg\u00edti a Strat\u00e9gia int\u00e9zked\u00e9seinek megval\u00f3sul\u00e1s\u00e1t a kkv-k fejl\u0151d\u00e9si k\u00e9pess\u00e9geinek \u00e9s digit\u00e1lis teljes\u00edtm\u00e9ny\u00e9nek meger\u0151s\u00edt\u00e9s\u00e9t \u00e9s a sz\u00fcks\u00e9ges tud\u00e1s megszerz\u00e9s\u00e9t c\u00e9lz\u00f3 pill\u00e9rekben.<\/p>\n<p>A mikro-, kis- \u00e9s k\u00f6z\u00e9pv\u00e1llalkoz\u00e1sok meger\u0151s\u00edt\u00e9s\u00e9nek strat\u00e9gi\u00e1j\u00e1t az az ig\u00e9ny h\u00edvta \u00e9letre, hogy a digitaliz\u00e1ci\u00f3s \u00e9s technol\u00f3giai forradalom id\u0151szak\u00e1ban, amikor fel\u00e9rt\u00e9kel\u0151dik a k\u00f6rnyezetbar\u00e1t megold\u00e1sok szerepe, \u00e1tseg\u00edts\u00fck a hazai v\u00e1llalkoz\u00e1sokat a gazdas\u00e1gi szerkezetv\u00e1lt\u00e1son. (dr. Gy\u00f6rgy L\u00e1szl\u00f3, gazdas\u00e1gstrat\u00e9gi\u00e1\u00e9rt \u00e9s szab\u00e1lyoz\u00e1s\u00e9rt felel\u0151s \u00e1llamtitk\u00e1r, ITM)<\/p>\n<p>Az egy\u00e9rtelm\u0171 int\u00e9zked\u00e9si tervet tartalmaz\u00f3 KKV Strat\u00e9gia 7 pill\u00e9r ment\u00e9n t\u00e1rgyalja a sz\u00fcks\u00e9ges beavatkoz\u00e1sokat: a szab\u00e1lyoz\u00e1si \u00e9s ad\u00f3z\u00e1si k\u00f6rnyezet, az e-korm\u00e1nyzat fejleszt\u00e9se, a v\u00e1llalkoz\u00e1sok innov\u00e1ci\u00f3s \u00e9s digitaliz\u00e1ci\u00f3s k\u00e9pess\u00e9g\u00e9nek meger\u0151s\u00edt\u00e9se, a tud\u00e1s\u00e1tad\u00e1s, a kkv-k finansz\u00edroz\u00e1shoz jut\u00e1s\u00e1nak \u00f6szt\u00f6nz\u00e9se, a nemzetk\u00f6ziesed\u00e9se \u00e9s a gener\u00e1ci\u00f3v\u00e1lt\u00e1s t\u00e1mogat\u00e1sa.<\/p>\n<p>A Strat\u00e9gia z\u00e1szl\u00f3shaj\u00f3 int\u00e9zked\u00e9seinek egyike az Orsz\u00e1gos V\u00e1llalkoz\u00f3i Mentorprogram, melyet a Magyar Kereskedelmi \u00e9s Iparkamara, az Innov\u00e1ci\u00f3s \u00e9s Technol\u00f3giai Miniszt\u00e9rium \u00e9s a SEED Alap\u00edtv\u00e1ny konzorciuma val\u00f3s\u00edt meg.<\/p>\n<p>A Strat\u00e9gia teljes sz\u00f6vege \u00e9s int\u00e9zked\u00e9si terve az al\u00e1bbi linken \u00e9rhet\u0151 el:<\/p>\n<p><a href=\"https:\/\/www.kormany.hu\/download\/6\/f7\/b1000\/KKV_Strategia.pdf\" target=\"_blank\" rel=\"noopener\">KKV_Strategia.pdf<\/a><\/p>\n<p><a href=\"https:\/\/www.kormany.hu\/hu\/innovacios-es-technologiai-miniszterium\/gazdasagstrategiaert-es-szabalyozasert-felelos-allamtitkar\/hirek\/a-magyar-mikro-kis-es-kozepes-vallalkozasok-megerositesenek-strategiaja-2019-2030\">A magyar mikro-, kis- \u00e9s k\u00f6zepes v\u00e1llalkoz\u00e1sok meger\u0151s\u00edt\u00e9s\u00e9nek strat\u00e9gi\u00e1ja 2019-2030.<\/a><\/p>\n","protected":false},"featured_media":792,"menu_order":0,"template":"","meta":{"_acf_changed":false},"class_list":["post-914","hirek","type-hirek","status-publish","has-post-thumbnail","hentry"],"acf":[],"yoast_head":"<!-- This site is optimized with the Yoast SEO plugin v27.4 - https:\/\/yoast.com\/product\/yoast-seo-wordpress\/ -->\n<title>Az Innov\u00e1ci\u00f3s \u00e9s Technol\u00f3giai Miniszt\u00e9rium bemutatta a 2019-2030 \u00e9vekre sz\u00f3l\u00f3 KKV Strat\u00e9gi\u00e1t - Seed<\/title>\n<meta name=\"robots\" content=\"index, follow, max-snippet:-1, max-image-preview:large, max-video-preview:-1\" \/>\n<link rel=\"canonical\" href=\"https:\/\/seed.hu\/hirek\/az-innovacios-es-technologiai-miniszterium-bemutatta-a-2019-2030-evekre-szolo-kkv-strategiat\/\" \/>\n<meta property=\"og:locale\" content=\"en_US\" \/>\n<meta property=\"og:type\" content=\"article\" \/>\n<meta property=\"og:title\" content=\"Az Innov\u00e1ci\u00f3s \u00e9s Technol\u00f3giai Miniszt\u00e9rium bemutatta a 2019-2030 \u00e9vekre sz\u00f3l\u00f3 KKV Strat\u00e9gi\u00e1t - Seed\" \/>\n<meta property=\"og:description\" content=\"A korm\u00e1ny c\u00e9lja a stabilan m\u0171k\u00f6d\u0151, sok embernek munk\u00e1t ad\u00f3 v\u00e1llalkoz\u00f3i k\u00f6r meger\u0151s\u00edt\u00e9se, \u00e9s a gyors n\u00f6veked\u00e9sre k\u00e9pes v\u00e1llalatok t\u00e1mogat\u00e1sa annak \u00e9rdek\u00e9ben, hogy sikerrel vegyenek r\u00e9szt a nemzetk\u00f6zi versenyben. Az int\u00e9zked\u00e9sek emellett a v\u00e1llalkoz\u00f3bar\u00e1t int\u00e9zm\u00e9nyrendszer megteremt\u00e9s\u00e9t c\u00e9lozz\u00e1k a tehercs\u00f6kkent\u00e9s jegy\u00e9ben. (Prof. dr. Palkovics L\u00e1szl\u00f3, innov\u00e1ci\u00f3s \u00e9s technol\u00f3giai miniszter) 2019. november 5-\u00e9n szakmai konferencia keret\u00e9ben t\u00e1rta [&hellip;]\" \/>\n<meta property=\"og:url\" content=\"https:\/\/seed.hu\/hirek\/az-innovacios-es-technologiai-miniszterium-bemutatta-a-2019-2030-evekre-szolo-kkv-strategiat\/\" \/>\n<meta property=\"og:site_name\" content=\"Seed\" \/>\n<meta property=\"article:modified_time\" content=\"2022-01-19T18:51:50+00:00\" \/>\n<meta property=\"og:image\" content=\"https:\/\/seed.hu\/wp-content\/uploads\/2018\/04\/SEED_logo.png\" \/>\n\t<meta property=\"og:image:width\" content=\"250\" \/>\n\t<meta property=\"og:image:height\" content=\"206\" \/>\n\t<meta property=\"og:image:type\" content=\"image\/png\" \/>\n<meta name=\"twitter:card\" content=\"summary_large_image\" \/>\n<meta name=\"twitter:label1\" content=\"Est. reading time\" \/>\n\t<meta name=\"twitter:data1\" content=\"2 minutes\" \/>\n<script type=\"application\/ld+json\" class=\"yoast-schema-graph\">{\"@context\":\"https:\\\/\\\/schema.org\",\"@graph\":[{\"@type\":\"WebPage\",\"@id\":\"https:\\\/\\\/seed.hu\\\/hirek\\\/az-innovacios-es-technologiai-miniszterium-bemutatta-a-2019-2030-evekre-szolo-kkv-strategiat\\\/\",\"url\":\"https:\\\/\\\/seed.hu\\\/hirek\\\/az-innovacios-es-technologiai-miniszterium-bemutatta-a-2019-2030-evekre-szolo-kkv-strategiat\\\/\",\"name\":\"Az Innov\u00e1ci\u00f3s \u00e9s Technol\u00f3giai Miniszt\u00e9rium bemutatta a 2019-2030 \u00e9vekre sz\u00f3l\u00f3 KKV Strat\u00e9gi\u00e1t - Seed\",\"isPartOf\":{\"@id\":\"https:\\\/\\\/seed.hu\\\/#website\"},\"primaryImageOfPage\":{\"@id\":\"https:\\\/\\\/seed.hu\\\/hirek\\\/az-innovacios-es-technologiai-miniszterium-bemutatta-a-2019-2030-evekre-szolo-kkv-strategiat\\\/#primaryimage\"},\"image\":{\"@id\":\"https:\\\/\\\/seed.hu\\\/hirek\\\/az-innovacios-es-technologiai-miniszterium-bemutatta-a-2019-2030-evekre-szolo-kkv-strategiat\\\/#primaryimage\"},\"thumbnailUrl\":\"https:\\\/\\\/seed.hu\\\/wp-content\\\/uploads\\\/2018\\\/04\\\/SEED_logo.png\",\"datePublished\":\"2019-11-11T20:12:44+00:00\",\"dateModified\":\"2022-01-19T18:51:50+00:00\",\"breadcrumb\":{\"@id\":\"https:\\\/\\\/seed.hu\\\/hirek\\\/az-innovacios-es-technologiai-miniszterium-bemutatta-a-2019-2030-evekre-szolo-kkv-strategiat\\\/#breadcrumb\"},\"inLanguage\":\"en-US\",\"potentialAction\":[{\"@type\":\"ReadAction\",\"target\":[\"https:\\\/\\\/seed.hu\\\/hirek\\\/az-innovacios-es-technologiai-miniszterium-bemutatta-a-2019-2030-evekre-szolo-kkv-strategiat\\\/\"]}]},{\"@type\":\"ImageObject\",\"inLanguage\":\"en-US\",\"@id\":\"https:\\\/\\\/seed.hu\\\/hirek\\\/az-innovacios-es-technologiai-miniszterium-bemutatta-a-2019-2030-evekre-szolo-kkv-strategiat\\\/#primaryimage\",\"url\":\"https:\\\/\\\/seed.hu\\\/wp-content\\\/uploads\\\/2018\\\/04\\\/SEED_logo.png\",\"contentUrl\":\"https:\\\/\\\/seed.hu\\\/wp-content\\\/uploads\\\/2018\\\/04\\\/SEED_logo.png\",\"width\":250,\"height\":206},{\"@type\":\"BreadcrumbList\",\"@id\":\"https:\\\/\\\/seed.hu\\\/hirek\\\/az-innovacios-es-technologiai-miniszterium-bemutatta-a-2019-2030-evekre-szolo-kkv-strategiat\\\/#breadcrumb\",\"itemListElement\":[{\"@type\":\"ListItem\",\"position\":1,\"name\":\"H\u00edrek\",\"item\":\"https:\\\/\\\/seed.hu\\\/hirek\\\/\"},{\"@type\":\"ListItem\",\"position\":2,\"name\":\"Az Innov\u00e1ci\u00f3s \u00e9s Technol\u00f3giai Miniszt\u00e9rium bemutatta a 2019-2030 \u00e9vekre sz\u00f3l\u00f3 KKV Strat\u00e9gi\u00e1t\"}]},{\"@type\":\"WebSite\",\"@id\":\"https:\\\/\\\/seed.hu\\\/#website\",\"url\":\"https:\\\/\\\/seed.hu\\\/\",\"name\":\"Seed\",\"description\":\"\",\"potentialAction\":[{\"@type\":\"SearchAction\",\"target\":{\"@type\":\"EntryPoint\",\"urlTemplate\":\"https:\\\/\\\/seed.hu\\\/?s={search_term_string}\"},\"query-input\":{\"@type\":\"PropertyValueSpecification\",\"valueRequired\":true,\"valueName\":\"search_term_string\"}}],\"inLanguage\":\"en-US\"}]}<\/script>\n<!-- \/ Yoast SEO plugin. -->","yoast_head_json":{"title":"Az Innov\u00e1ci\u00f3s \u00e9s Technol\u00f3giai Miniszt\u00e9rium bemutatta a 2019-2030 \u00e9vekre sz\u00f3l\u00f3 KKV Strat\u00e9gi\u00e1t - Seed","robots":{"index":"index","follow":"follow","max-snippet":"max-snippet:-1","max-image-preview":"max-image-preview:large","max-video-preview":"max-video-preview:-1"},"canonical":"https:\/\/seed.hu\/hirek\/az-innovacios-es-technologiai-miniszterium-bemutatta-a-2019-2030-evekre-szolo-kkv-strategiat\/","og_locale":"en_US","og_type":"article","og_title":"Az Innov\u00e1ci\u00f3s \u00e9s Technol\u00f3giai Miniszt\u00e9rium bemutatta a 2019-2030 \u00e9vekre sz\u00f3l\u00f3 KKV Strat\u00e9gi\u00e1t - Seed","og_description":"A korm\u00e1ny c\u00e9lja a stabilan m\u0171k\u00f6d\u0151, sok embernek munk\u00e1t ad\u00f3 v\u00e1llalkoz\u00f3i k\u00f6r meger\u0151s\u00edt\u00e9se, \u00e9s a gyors n\u00f6veked\u00e9sre k\u00e9pes v\u00e1llalatok t\u00e1mogat\u00e1sa annak \u00e9rdek\u00e9ben, hogy sikerrel vegyenek r\u00e9szt a nemzetk\u00f6zi versenyben. Az int\u00e9zked\u00e9sek emellett a v\u00e1llalkoz\u00f3bar\u00e1t int\u00e9zm\u00e9nyrendszer megteremt\u00e9s\u00e9t c\u00e9lozz\u00e1k a tehercs\u00f6kkent\u00e9s jegy\u00e9ben. (Prof. dr. Palkovics L\u00e1szl\u00f3, innov\u00e1ci\u00f3s \u00e9s technol\u00f3giai miniszter) 2019. november 5-\u00e9n szakmai konferencia keret\u00e9ben t\u00e1rta [&hellip;]","og_url":"https:\/\/seed.hu\/hirek\/az-innovacios-es-technologiai-miniszterium-bemutatta-a-2019-2030-evekre-szolo-kkv-strategiat\/","og_site_name":"Seed","article_modified_time":"2022-01-19T18:51:50+00:00","og_image":[{"width":250,"height":206,"url":"https:\/\/seed.hu\/wp-content\/uploads\/2018\/04\/SEED_logo.png","type":"image\/png"}],"twitter_card":"summary_large_image","twitter_misc":{"Est. reading time":"2 minutes"},"schema":{"@context":"https:\/\/schema.org","@graph":[{"@type":"WebPage","@id":"https:\/\/seed.hu\/hirek\/az-innovacios-es-technologiai-miniszterium-bemutatta-a-2019-2030-evekre-szolo-kkv-strategiat\/","url":"https:\/\/seed.hu\/hirek\/az-innovacios-es-technologiai-miniszterium-bemutatta-a-2019-2030-evekre-szolo-kkv-strategiat\/","name":"Az Innov\u00e1ci\u00f3s \u00e9s Technol\u00f3giai Miniszt\u00e9rium bemutatta a 2019-2030 \u00e9vekre sz\u00f3l\u00f3 KKV Strat\u00e9gi\u00e1t - Seed","isPartOf":{"@id":"https:\/\/seed.hu\/#website"},"primaryImageOfPage":{"@id":"https:\/\/seed.hu\/hirek\/az-innovacios-es-technologiai-miniszterium-bemutatta-a-2019-2030-evekre-szolo-kkv-strategiat\/#primaryimage"},"image":{"@id":"https:\/\/seed.hu\/hirek\/az-innovacios-es-technologiai-miniszterium-bemutatta-a-2019-2030-evekre-szolo-kkv-strategiat\/#primaryimage"},"thumbnailUrl":"https:\/\/seed.hu\/wp-content\/uploads\/2018\/04\/SEED_logo.png","datePublished":"2019-11-11T20:12:44+00:00","dateModified":"2022-01-19T18:51:50+00:00","breadcrumb":{"@id":"https:\/\/seed.hu\/hirek\/az-innovacios-es-technologiai-miniszterium-bemutatta-a-2019-2030-evekre-szolo-kkv-strategiat\/#breadcrumb"},"inLanguage":"en-US","potentialAction":[{"@type":"ReadAction","target":["https:\/\/seed.hu\/hirek\/az-innovacios-es-technologiai-miniszterium-bemutatta-a-2019-2030-evekre-szolo-kkv-strategiat\/"]}]},{"@type":"ImageObject","inLanguage":"en-US","@id":"https:\/\/seed.hu\/hirek\/az-innovacios-es-technologiai-miniszterium-bemutatta-a-2019-2030-evekre-szolo-kkv-strategiat\/#primaryimage","url":"https:\/\/seed.hu\/wp-content\/uploads\/2018\/04\/SEED_logo.png","contentUrl":"https:\/\/seed.hu\/wp-content\/uploads\/2018\/04\/SEED_logo.png","width":250,"height":206},{"@type":"BreadcrumbList","@id":"https:\/\/seed.hu\/hirek\/az-innovacios-es-technologiai-miniszterium-bemutatta-a-2019-2030-evekre-szolo-kkv-strategiat\/#breadcrumb","itemListElement":[{"@type":"ListItem","position":1,"name":"H\u00edrek","item":"https:\/\/seed.hu\/hirek\/"},{"@type":"ListItem","position":2,"name":"Az Innov\u00e1ci\u00f3s \u00e9s Technol\u00f3giai Miniszt\u00e9rium bemutatta a 2019-2030 \u00e9vekre sz\u00f3l\u00f3 KKV Strat\u00e9gi\u00e1t"}]},{"@type":"WebSite","@id":"https:\/\/seed.hu\/#website","url":"https:\/\/seed.hu\/","name":"Seed","description":"","potentialAction":[{"@type":"SearchAction","target":{"@type":"EntryPoint","urlTemplate":"https:\/\/seed.hu\/?s={search_term_string}"},"query-input":{"@type":"PropertyValueSpecification","valueRequired":true,"valueName":"search_term_string"}}],"inLanguage":"en-US"}]}},"_links":{"self":[{"href":"https:\/\/seed.hu\/en\/wp-json\/wp\/v2\/hirek\/914","targetHints":{"allow":["GET"]}}],"collection":[{"href":"https:\/\/seed.hu\/en\/wp-json\/wp\/v2\/hirek"}],"about":[{"href":"https:\/\/seed.hu\/en\/wp-json\/wp\/v2\/types\/hirek"}],"wp:featuredmedia":[{"embeddable":true,"href":"https:\/\/seed.hu\/en\/wp-json\/wp\/v2\/media\/792"}],"wp:attachment":[{"href":"https:\/\/seed.hu\/en\/wp-json\/wp\/v2\/media?parent=914"}],"curies":[{"name":"wp","href":"https:\/\/api.w.org\/{rel}","templated":true}]}}