{"id":916,"date":"2019-11-11T22:14:57","date_gmt":"2019-11-11T21:14:57","guid":{"rendered":"https:\/\/seed.hu\/?post_type=hirek&#038;p=916"},"modified":"2022-01-19T20:00:57","modified_gmt":"2022-01-19T19:00:57","slug":"szemelyes-vallalkozoi-mentorprogram-mentorok-kinevezese","status":"publish","type":"hirek","link":"https:\/\/seed.hu\/en\/hirek\/szemelyes-vallalkozoi-mentorprogram-mentorok-kinevezese\/","title":{"rendered":"Szem\u00e9lyes V\u00e1llalkoz\u00f3i Mentorprogram &#8211; Mentorok kinevez\u00e9se"},"content":{"rendered":"<p><a href=\"https:\/\/seed.hu\/hirek\/mentorok-es-mentoraltak-jelentkezeset-varja-a-seed-alapitvany\/ovm\/\" rel=\"attachment wp-att-844\"><img loading=\"lazy\" decoding=\"async\" class=\"alignnone wp-image-844 size-full\" src=\"https:\/\/seed.hu\/wp-content\/uploads\/2022\/01\/OVM.png\" alt=\"\" width=\"601\" height=\"163\" srcset=\"https:\/\/seed.hu\/wp-content\/uploads\/2022\/01\/OVM.png 601w, https:\/\/seed.hu\/wp-content\/uploads\/2022\/01\/OVM-300x81.png 300w\" sizes=\"auto, (max-width: 601px) 100vw, 601px\" \/><\/a><\/p>\n<p>December 4-\u00e9n szakmai megnyit\u00f3 nappal folytat\u00f3dik a Szem\u00e9lyes V\u00e1llalkoz\u00f3i Mentorprogram. Az esem\u00e9nyen r\u00e9szt vesz <em>Dr. Gy\u00f6rgy L\u00e1szl\u00f3<\/em>, az Innov\u00e1ci\u00f3s \u00e9s Technol\u00f3giai Miniszt\u00e9rium gazdas\u00e1gstrat\u00e9gi\u00e1\u00e9rt \u00e9s szab\u00e1lyoz\u00e1s\u00e9rt felel\u0151s \u00e1llamtitk\u00e1ra is, aki a korm\u00e1nyzat k\u00f6zelm\u00faltban elfogadott kkv-strat\u00e9gi\u00e1j\u00e1nak fontosabb ir\u00e1nyait ismerteti a hallgat\u00f3s\u00e1ggal. <em>Parragh L\u00e1szl\u00f3<\/em>, a Magyar Kereskedelmi \u00e9s Iparkamara eln\u00f6ke a szakmai mentor\u00e1l\u00e1s eredm\u00e9nyeibe avatja be a hallgat\u00f3s\u00e1got, illetve bemutatja a projekt r\u00e9sz\u00e9t k\u00e9pez\u0151 p\u00e9nz\u00fcgyi \u00e9s v\u00e1llalkoz\u00f3i szeml\u00e9letform\u00e1l\u00e1s alprojektet. <em>Lakatosn\u00e9 Luk\u00e1cs Zsuzsanna<\/em>, a SEED Alap\u00edtv\u00e1ny \u00fcgyvezet\u0151 igazgat\u00f3ja pedig a Szem\u00e9lyes V\u00e1llalkoz\u00f3i Mentorprogram eddigi tapasztalatait osztja meg az \u00e9rdekl\u0151d\u0151kkel.<\/p>\n<p>Az esem\u00e9nyen sor ker\u00fcl a Szem\u00e9lyes V\u00e1llalkoz\u00f3i Mentorprogramba eddig bev\u00e1lasztott mentorok hivatalos \u00e9s \u00fcnnep\u00e9lyes kinevez\u00e9s\u00e9re is.<\/p>\n<p>A rendezv\u00e9nyt kerekasztal-besz\u00e9lget\u00e9s z\u00e1rja, amelynek keret\u00e9ben mentorok \u00e9s mentorok besz\u00e9lgetnek a mentor\u00e1l\u00e1sr\u00f3l. T\u00e9m\u00e1k: <em>Hogyan zajlik a mentor\u00e1l\u00e1si folyamat a gyakorlatban? Hogy \u00e9rdemes hozz\u00e1kezdeni \u00e9s c\u00e9lokat kit\u0171zni? Mi sz\u00fcks\u00e9ges a sikerhez?\u00a0<\/em><\/p>\n<p>A szakmai megnyit\u00f3 esem\u00e9ny r\u00e9szletes programja <a href=\"https:\/\/seed.hu\/files\/attachments\/inline\/meghivo-es-programterv-dec-04.pdf\" target=\"_blank\" rel=\"noopener\">&lt;&lt;ITT&gt;&gt;<\/a> olvashat\u00f3, regisztr\u00e1lni pedig <a href=\"https:\/\/seed.hu\/kerdoiv\/szemelyes-vallalkozoi-mentorprogram-regisztracio\" target=\"_blank\" rel=\"noopener\">&lt;&lt;ITT&gt;&gt; <\/a>lehet.<\/p>\n<p>A Szem\u00e9lyes V\u00e1llalkoz\u00f3i Mentorprogram okt\u00f3ber 17-i mentorv\u00e1laszt\u00f3 rendezv\u00e9ny\u00e9r\u0151l k\u00e9sz\u00fclt kisfilm <a href=\"https:\/\/www.youtube.com\/watch?v=55m-uXyqPsY\" target=\"_blank\" rel=\"noopener\">&lt;&lt;ITT&gt;&gt;<\/a> tekinthet\u0151 meg.<\/p>\n","protected":false},"featured_media":338,"menu_order":0,"template":"","meta":{"_acf_changed":false},"class_list":["post-916","hirek","type-hirek","status-publish","has-post-thumbnail","hentry"],"acf":[],"yoast_head":"<!-- This site is optimized with the Yoast SEO plugin v27.4 - https:\/\/yoast.com\/product\/yoast-seo-wordpress\/ -->\n<title>Szem\u00e9lyes V\u00e1llalkoz\u00f3i Mentorprogram - Mentorok kinevez\u00e9se - Seed<\/title>\n<meta name=\"robots\" content=\"index, follow, max-snippet:-1, max-image-preview:large, max-video-preview:-1\" \/>\n<link rel=\"canonical\" href=\"https:\/\/seed.hu\/hirek\/szemelyes-vallalkozoi-mentorprogram-mentorok-kinevezese\/\" \/>\n<meta property=\"og:locale\" content=\"en_US\" \/>\n<meta property=\"og:type\" content=\"article\" \/>\n<meta property=\"og:title\" content=\"Szem\u00e9lyes V\u00e1llalkoz\u00f3i Mentorprogram - Mentorok kinevez\u00e9se - Seed\" \/>\n<meta property=\"og:description\" content=\"December 4-\u00e9n szakmai megnyit\u00f3 nappal folytat\u00f3dik a Szem\u00e9lyes V\u00e1llalkoz\u00f3i Mentorprogram. Az esem\u00e9nyen r\u00e9szt vesz Dr. Gy\u00f6rgy L\u00e1szl\u00f3, az Innov\u00e1ci\u00f3s \u00e9s Technol\u00f3giai Miniszt\u00e9rium gazdas\u00e1gstrat\u00e9gi\u00e1\u00e9rt \u00e9s szab\u00e1lyoz\u00e1s\u00e9rt felel\u0151s \u00e1llamtitk\u00e1ra is, aki a korm\u00e1nyzat k\u00f6zelm\u00faltban elfogadott kkv-strat\u00e9gi\u00e1j\u00e1nak fontosabb ir\u00e1nyait ismerteti a hallgat\u00f3s\u00e1ggal. Parragh L\u00e1szl\u00f3, a Magyar Kereskedelmi \u00e9s Iparkamara eln\u00f6ke a szakmai mentor\u00e1l\u00e1s eredm\u00e9nyeibe avatja be a hallgat\u00f3s\u00e1got, [&hellip;]\" \/>\n<meta property=\"og:url\" content=\"https:\/\/seed.hu\/hirek\/szemelyes-vallalkozoi-mentorprogram-mentorok-kinevezese\/\" \/>\n<meta property=\"og:site_name\" content=\"Seed\" \/>\n<meta property=\"article:modified_time\" content=\"2022-01-19T19:00:57+00:00\" \/>\n<meta property=\"og:image\" content=\"https:\/\/seed.hu\/wp-content\/uploads\/2021\/04\/Orsza\u0301gos-Va\u0301llalkozo\u0301i-Mentorprogram.png\" \/>\n\t<meta property=\"og:image:width\" content=\"773\" \/>\n\t<meta property=\"og:image:height\" content=\"774\" \/>\n\t<meta property=\"og:image:type\" content=\"image\/png\" \/>\n<meta name=\"twitter:card\" content=\"summary_large_image\" \/>\n<meta name=\"twitter:label1\" content=\"Est. reading time\" \/>\n\t<meta name=\"twitter:data1\" content=\"1 minute\" \/>\n<script type=\"application\/ld+json\" class=\"yoast-schema-graph\">{\"@context\":\"https:\\\/\\\/schema.org\",\"@graph\":[{\"@type\":\"WebPage\",\"@id\":\"https:\\\/\\\/seed.hu\\\/hirek\\\/szemelyes-vallalkozoi-mentorprogram-mentorok-kinevezese\\\/\",\"url\":\"https:\\\/\\\/seed.hu\\\/hirek\\\/szemelyes-vallalkozoi-mentorprogram-mentorok-kinevezese\\\/\",\"name\":\"Szem\u00e9lyes V\u00e1llalkoz\u00f3i Mentorprogram - Mentorok kinevez\u00e9se - Seed\",\"isPartOf\":{\"@id\":\"https:\\\/\\\/seed.hu\\\/#website\"},\"primaryImageOfPage\":{\"@id\":\"https:\\\/\\\/seed.hu\\\/hirek\\\/szemelyes-vallalkozoi-mentorprogram-mentorok-kinevezese\\\/#primaryimage\"},\"image\":{\"@id\":\"https:\\\/\\\/seed.hu\\\/hirek\\\/szemelyes-vallalkozoi-mentorprogram-mentorok-kinevezese\\\/#primaryimage\"},\"thumbnailUrl\":\"https:\\\/\\\/seed.hu\\\/wp-content\\\/uploads\\\/2021\\\/04\\\/Orsza\u0301gos-Va\u0301llalkozo\u0301i-Mentorprogram.png\",\"datePublished\":\"2019-11-11T21:14:57+00:00\",\"dateModified\":\"2022-01-19T19:00:57+00:00\",\"breadcrumb\":{\"@id\":\"https:\\\/\\\/seed.hu\\\/hirek\\\/szemelyes-vallalkozoi-mentorprogram-mentorok-kinevezese\\\/#breadcrumb\"},\"inLanguage\":\"en-US\",\"potentialAction\":[{\"@type\":\"ReadAction\",\"target\":[\"https:\\\/\\\/seed.hu\\\/hirek\\\/szemelyes-vallalkozoi-mentorprogram-mentorok-kinevezese\\\/\"]}]},{\"@type\":\"ImageObject\",\"inLanguage\":\"en-US\",\"@id\":\"https:\\\/\\\/seed.hu\\\/hirek\\\/szemelyes-vallalkozoi-mentorprogram-mentorok-kinevezese\\\/#primaryimage\",\"url\":\"https:\\\/\\\/seed.hu\\\/wp-content\\\/uploads\\\/2021\\\/04\\\/Orsza\u0301gos-Va\u0301llalkozo\u0301i-Mentorprogram.png\",\"contentUrl\":\"https:\\\/\\\/seed.hu\\\/wp-content\\\/uploads\\\/2021\\\/04\\\/Orsza\u0301gos-Va\u0301llalkozo\u0301i-Mentorprogram.png\",\"width\":773,\"height\":774},{\"@type\":\"BreadcrumbList\",\"@id\":\"https:\\\/\\\/seed.hu\\\/hirek\\\/szemelyes-vallalkozoi-mentorprogram-mentorok-kinevezese\\\/#breadcrumb\",\"itemListElement\":[{\"@type\":\"ListItem\",\"position\":1,\"name\":\"H\u00edrek\",\"item\":\"https:\\\/\\\/seed.hu\\\/hirek\\\/\"},{\"@type\":\"ListItem\",\"position\":2,\"name\":\"Szem\u00e9lyes V\u00e1llalkoz\u00f3i Mentorprogram &#8211; Mentorok kinevez\u00e9se\"}]},{\"@type\":\"WebSite\",\"@id\":\"https:\\\/\\\/seed.hu\\\/#website\",\"url\":\"https:\\\/\\\/seed.hu\\\/\",\"name\":\"Seed\",\"description\":\"\",\"potentialAction\":[{\"@type\":\"SearchAction\",\"target\":{\"@type\":\"EntryPoint\",\"urlTemplate\":\"https:\\\/\\\/seed.hu\\\/?s={search_term_string}\"},\"query-input\":{\"@type\":\"PropertyValueSpecification\",\"valueRequired\":true,\"valueName\":\"search_term_string\"}}],\"inLanguage\":\"en-US\"}]}<\/script>\n<!-- \/ Yoast SEO plugin. -->","yoast_head_json":{"title":"Szem\u00e9lyes V\u00e1llalkoz\u00f3i Mentorprogram - Mentorok kinevez\u00e9se - Seed","robots":{"index":"index","follow":"follow","max-snippet":"max-snippet:-1","max-image-preview":"max-image-preview:large","max-video-preview":"max-video-preview:-1"},"canonical":"https:\/\/seed.hu\/hirek\/szemelyes-vallalkozoi-mentorprogram-mentorok-kinevezese\/","og_locale":"en_US","og_type":"article","og_title":"Szem\u00e9lyes V\u00e1llalkoz\u00f3i Mentorprogram - Mentorok kinevez\u00e9se - Seed","og_description":"December 4-\u00e9n szakmai megnyit\u00f3 nappal folytat\u00f3dik a Szem\u00e9lyes V\u00e1llalkoz\u00f3i Mentorprogram. Az esem\u00e9nyen r\u00e9szt vesz Dr. Gy\u00f6rgy L\u00e1szl\u00f3, az Innov\u00e1ci\u00f3s \u00e9s Technol\u00f3giai Miniszt\u00e9rium gazdas\u00e1gstrat\u00e9gi\u00e1\u00e9rt \u00e9s szab\u00e1lyoz\u00e1s\u00e9rt felel\u0151s \u00e1llamtitk\u00e1ra is, aki a korm\u00e1nyzat k\u00f6zelm\u00faltban elfogadott kkv-strat\u00e9gi\u00e1j\u00e1nak fontosabb ir\u00e1nyait ismerteti a hallgat\u00f3s\u00e1ggal. Parragh L\u00e1szl\u00f3, a Magyar Kereskedelmi \u00e9s Iparkamara eln\u00f6ke a szakmai mentor\u00e1l\u00e1s eredm\u00e9nyeibe avatja be a hallgat\u00f3s\u00e1got, [&hellip;]","og_url":"https:\/\/seed.hu\/hirek\/szemelyes-vallalkozoi-mentorprogram-mentorok-kinevezese\/","og_site_name":"Seed","article_modified_time":"2022-01-19T19:00:57+00:00","og_image":[{"width":773,"height":774,"url":"https:\/\/seed.hu\/wp-content\/uploads\/2021\/04\/Orsza\u0301gos-Va\u0301llalkozo\u0301i-Mentorprogram.png","type":"image\/png"}],"twitter_card":"summary_large_image","twitter_misc":{"Est. reading time":"1 minute"},"schema":{"@context":"https:\/\/schema.org","@graph":[{"@type":"WebPage","@id":"https:\/\/seed.hu\/hirek\/szemelyes-vallalkozoi-mentorprogram-mentorok-kinevezese\/","url":"https:\/\/seed.hu\/hirek\/szemelyes-vallalkozoi-mentorprogram-mentorok-kinevezese\/","name":"Szem\u00e9lyes V\u00e1llalkoz\u00f3i Mentorprogram - Mentorok kinevez\u00e9se - Seed","isPartOf":{"@id":"https:\/\/seed.hu\/#website"},"primaryImageOfPage":{"@id":"https:\/\/seed.hu\/hirek\/szemelyes-vallalkozoi-mentorprogram-mentorok-kinevezese\/#primaryimage"},"image":{"@id":"https:\/\/seed.hu\/hirek\/szemelyes-vallalkozoi-mentorprogram-mentorok-kinevezese\/#primaryimage"},"thumbnailUrl":"https:\/\/seed.hu\/wp-content\/uploads\/2021\/04\/Orsza\u0301gos-Va\u0301llalkozo\u0301i-Mentorprogram.png","datePublished":"2019-11-11T21:14:57+00:00","dateModified":"2022-01-19T19:00:57+00:00","breadcrumb":{"@id":"https:\/\/seed.hu\/hirek\/szemelyes-vallalkozoi-mentorprogram-mentorok-kinevezese\/#breadcrumb"},"inLanguage":"en-US","potentialAction":[{"@type":"ReadAction","target":["https:\/\/seed.hu\/hirek\/szemelyes-vallalkozoi-mentorprogram-mentorok-kinevezese\/"]}]},{"@type":"ImageObject","inLanguage":"en-US","@id":"https:\/\/seed.hu\/hirek\/szemelyes-vallalkozoi-mentorprogram-mentorok-kinevezese\/#primaryimage","url":"https:\/\/seed.hu\/wp-content\/uploads\/2021\/04\/Orsza\u0301gos-Va\u0301llalkozo\u0301i-Mentorprogram.png","contentUrl":"https:\/\/seed.hu\/wp-content\/uploads\/2021\/04\/Orsza\u0301gos-Va\u0301llalkozo\u0301i-Mentorprogram.png","width":773,"height":774},{"@type":"BreadcrumbList","@id":"https:\/\/seed.hu\/hirek\/szemelyes-vallalkozoi-mentorprogram-mentorok-kinevezese\/#breadcrumb","itemListElement":[{"@type":"ListItem","position":1,"name":"H\u00edrek","item":"https:\/\/seed.hu\/hirek\/"},{"@type":"ListItem","position":2,"name":"Szem\u00e9lyes V\u00e1llalkoz\u00f3i Mentorprogram &#8211; Mentorok kinevez\u00e9se"}]},{"@type":"WebSite","@id":"https:\/\/seed.hu\/#website","url":"https:\/\/seed.hu\/","name":"Seed","description":"","potentialAction":[{"@type":"SearchAction","target":{"@type":"EntryPoint","urlTemplate":"https:\/\/seed.hu\/?s={search_term_string}"},"query-input":{"@type":"PropertyValueSpecification","valueRequired":true,"valueName":"search_term_string"}}],"inLanguage":"en-US"}]}},"_links":{"self":[{"href":"https:\/\/seed.hu\/en\/wp-json\/wp\/v2\/hirek\/916","targetHints":{"allow":["GET"]}}],"collection":[{"href":"https:\/\/seed.hu\/en\/wp-json\/wp\/v2\/hirek"}],"about":[{"href":"https:\/\/seed.hu\/en\/wp-json\/wp\/v2\/types\/hirek"}],"wp:featuredmedia":[{"embeddable":true,"href":"https:\/\/seed.hu\/en\/wp-json\/wp\/v2\/media\/338"}],"wp:attachment":[{"href":"https:\/\/seed.hu\/en\/wp-json\/wp\/v2\/media?parent=916"}],"curies":[{"name":"wp","href":"https:\/\/api.w.org\/{rel}","templated":true}]}}