{"id":918,"date":"2019-12-09T20:39:11","date_gmt":"2019-12-09T19:39:11","guid":{"rendered":"https:\/\/seed.hu\/?post_type=hirek&#038;p=918"},"modified":"2022-01-19T20:00:22","modified_gmt":"2022-01-19T19:00:22","slug":"szemelyes-vallalkozoi-mentorprogram-szakmai-nyitorendezveny-oklevel-a-mentoroknak","status":"publish","type":"hirek","link":"https:\/\/seed.hu\/en\/hirek\/szemelyes-vallalkozoi-mentorprogram-szakmai-nyitorendezveny-oklevel-a-mentoroknak\/","title":{"rendered":"Szem\u00e9lyes V\u00e1llalkoz\u00f3i Mentorprogram szakmai nyit\u00f3rendezv\u00e9ny &#8211; Oklev\u00e9l a mentoroknak"},"content":{"rendered":"<p><a href=\"https:\/\/seed.hu\/hirek\/mentorok-es-mentoraltak-jelentkezeset-varja-a-seed-alapitvany\/ovm\/\" rel=\"attachment wp-att-844\"><img loading=\"lazy\" decoding=\"async\" class=\"alignnone wp-image-844 size-full\" src=\"https:\/\/seed.hu\/wp-content\/uploads\/2022\/01\/OVM.png\" alt=\"\" width=\"601\" height=\"163\" srcset=\"https:\/\/seed.hu\/wp-content\/uploads\/2022\/01\/OVM.png 601w, https:\/\/seed.hu\/wp-content\/uploads\/2022\/01\/OVM-300x81.png 300w\" sizes=\"auto, (max-width: 601px) 100vw, 601px\" \/><\/a><\/p>\n<p><strong>December 4-\u00e9n ker\u00fclt sor az Orsz\u00e1gos V\u00e1llalkoz\u00f3i Mentorprogram alprojektje, a SEED Kisv\u00e1llalkoz\u00e1s-fejleszt\u00e9si Alap\u00edtv\u00e1ny \u00e1ltal menedzselt Szem\u00e9lyes V\u00e1llalkoz\u00f3i Mentorprogram szakmai nyit\u00f3rendezv\u00e9ny\u00e9re. Az esem\u00e9nyen \u00e1tadt\u00e1k a Szem\u00e9lyes V\u00e1llalkoz\u00f3i Mentorprogramban eddig kiv\u00e1lasztott mentorok megb\u00edz\u00e1s\u00e1t jelk\u00e9pez\u0151 oklevelet is.<\/strong><\/p>\n<p>Megtelt a MEMO (Mesterek \u00e9s M\u00f3dszertanok h\u00e1za) nagyterme december 4-\u00e9n, az Orsz\u00e1gos V\u00e1llalkoz\u00f3i Mentorprogram Szem\u00e9lyes v\u00e1llalkoz\u00f3i mentor\u00e1l\u00e1s alprojektj\u00e9nek szakmai megnyit\u00f3 esem\u00e9ny\u00e9n. Az orsz\u00e1g minden r\u00e9sz\u00e9b\u0151l \u00e9rkeztek a mentorok \u00e9s a mentor\u00e1ltak, valamint a SEED Alap\u00edtv\u00e1ny partnereit k\u00e9pvisel\u0151 vend\u00e9gek, hogy meghallgass\u00e1k az el\u0151ad\u00e1sokat, \u00e9s tov\u00e1bb ismerkedjenek a mentor\u00e1l\u00e1s folyamat\u00e1val.<\/p>\n<p>A megjelenteknek el\u0151sz\u00f6r Szepesi Bal\u00e1zs, az Innov\u00e1ci\u00f3s \u00e9s Technol\u00f3giai Miniszt\u00e9rium gazdas\u00e1gstrat\u00e9gi\u00e1\u00e9rt \u00e9s szab\u00e1lyoz\u00e1s\u00e9rt felel\u0151s helyettes \u00e1llamtitk\u00e1ra besz\u00e9lt a korm\u00e1nyzat k\u00f6zelm\u00faltban elfogadott kkv-strat\u00e9gi\u00e1j\u00e1r\u00f3l. Amint elmondta, a strat\u00e9gia \u00f6ssze\u00e1ll\u00edt\u00e1s\u00e1t hossz\u00fa konzult\u00e1ci\u00f3s folyamat el\u0151zte meg az \u00e9rintettekkel, azaz a kis- \u00e9s k\u00f6z\u00e9pv\u00e1llalkoz\u00e1sokkal, amelyek m\u00e9gis csak a legjobban tudj\u00e1k, mire van sz\u00fcks\u00e9g\u00fck. A strat\u00e9gia t\u00f6bbek k\u00f6z\u00f6tt olyan alapelveken nyugszik, mint hogy a c\u00e9geknek a m\u0171k\u00f6d\u00e9s\u00fckh\u00f6z sz\u00fcks\u00e9ges kereteket kell biztos\u00edtani, nem pedig megmondani nekik, hogy mit csin\u00e1ljanak, valamint, hogy j\u00f3 v\u00e1llalkoz\u00e1sfejleszt\u00e9s csak egy\u00fcttm\u0171k\u00f6d\u00e9sben val\u00f3sulhat meg, ez\u00e9rt meg kell tal\u00e1lni az egy\u00fcttm\u0171k\u00f6d\u00e9s lehet\u0151s\u00e9geit.<\/p>\n<p>K\u00e9t f\u0151 c\u00e9lt fogalmaztak meg az anyagban. Az egyik, hogy a kiemelked\u0151 n\u00f6veked\u00e9si potenci\u00e1llal rendelkez\u0151 kkv-knak minden t\u00e1mogat\u00e1st meg kell adni a fejl\u0151d\u00e9s\u00fckh\u00f6z; a m\u00e1sik, pedig hogy a teljes kkv-szektor sz\u00e1m\u00e1ra biztos\u00edtani kell a kisz\u00e1m\u00edthat\u00f3 m\u0171k\u00f6d\u00e9si kereteket.<\/p>\n<p>A strat\u00e9gi\u00e1nak h\u00e9t alappill\u00e9re van: a v\u00e1llalkoz\u00f3bar\u00e1t szab\u00e1lyoz\u00e1si \u00e9s ad\u00f3z\u00e1si k\u00f6rnyezet megteremt\u00e9se; a kkv-k \u00fczleti k\u00f6rnyezet\u00e9nek \u00e9s az e-korm\u00e1nyzat eszk\u00f6zeinek fejleszt\u00e9se; a kkv-k fejl\u0151d\u00e9si k\u00e9pess\u00e9g\u00e9nek, innov\u00e1ci\u00f3s \u00e9s digit\u00e1lis teljes\u00edtm\u00e9ny\u00e9nek er\u0151s\u00edt\u00e9se; a v\u00e1llalkoz\u00e1sok finansz\u00edroz\u00e1shoz jut\u00e1s\u00e1nak \u00f6szt\u00f6nz\u00e9se; a nemzetk\u00f6ziesed\u00e9s\u00fck el\u0151seg\u00edts\u00e9ge; a sz\u00fcks\u00e9ges tud\u00e1s megszerz\u00e9s\u00e9nek biztos\u00edt\u00e1sa; a kkv-k gener\u00e1ci\u00f3v\u00e1lt\u00e1sa.<\/p>\n<p>A helyettes \u00e1llamtitk\u00e1r hangs\u00falyozta, hogy a sz\u00fcks\u00e9ges tud\u00e1s megszerz\u00e9s\u00e9nek egyik m\u00f3dja a mentor\u00e1l\u00e1s, amely a mentor \u00e9s a mentor\u00e1lt egy\u00fcttm\u0171k\u00f6d\u00e9s\u00e9r\u0151l, egy\u00fcttgondolkod\u00e1s\u00e1r\u00f3l sz\u00f3l.<\/p>\n<p><img decoding=\"async\" src=\"https:\/\/seed.hu\/files\/attachments\/inline\/dsc01013-kicsi.jpg\" alt=\"\" \/><br \/>\n<span style=\"font-size: 11px;\">Szepesi Bal\u00e1zs<\/span><\/p>\n<p>Balla Gergely, az Orsz\u00e1gos V\u00e1llalkoz\u00f3i Mentorprogram (OVM) projektvezet\u0151je a program l\u00e9nyeg\u00e9t \u00e9s c\u00e9lkit\u0171z\u00e9seit ismertette a hallgat\u00f3s\u00e1ggal. Hangs\u00falyozta, hogy az OVM keret\u00e9ben nem p\u00e9nzt, hanem tud\u00e1st kapnak a v\u00e1llalkoz\u00f3k, m\u00e9gpedig azokt\u00f3l, akikben a legjobban b\u00edznak: m\u00e1sik v\u00e1llalkoz\u00f3kt\u00f3l. Az OVM n\u00e9gy alprojektb\u0151l \u00e1ll, amelyek k\u00f6z\u00fcl a legfontosabb a mentor\u00e1l\u00e1s. Ez k\u00e9t r\u00e9szre oszlik, egyfel\u0151l a szakmai mentor\u00e1l\u00e1sra (besz\u00e1ll\u00edt\u00f3-fejleszt\u00e9s, exportpiacra l\u00e9p\u00e9s seg\u00edt\u00e9se), m\u00e1sfel\u0151l a szem\u00e9lyes mentor\u00e1l\u00e1sra. A szakmai mentor\u00e1l\u00e1sban c\u00e9gek seg\u00edtenek c\u00e9geknek, a szem\u00e9lyes mentor\u00e1l\u00e1sban pedig v\u00e1llalkoz\u00f3k v\u00e1llalkoz\u00f3knak. A program 2020 v\u00e9g\u00e9re tervezett lez\u00e1r\u00e1sakor 200 szem\u00e9lyes mentor\u00e1l\u00e1si folyamatnak kell v\u00e9gbemennie, illetve 150-240 exportfejleszt\u00e9si strat\u00e9gi\u00e1nak \u00e9s ugyanennyi besz\u00e1ll\u00edt\u00f3-fejleszt\u00e9si tervnek kell megsz\u00fcletnie.<\/p>\n<p><img decoding=\"async\" src=\"https:\/\/seed.hu\/files\/attachments\/inline\/dsc01026-kicsi.jpg\" alt=\"\" \/><br \/>\n<span style=\"font-size: 11px;\">Balla Gergely<\/span><\/p>\n<p>Az OVM tov\u00e1bbi alprojektjei a p\u00e9nz\u00fcgyi \u00e9s v\u00e1llalkoz\u00f3i szeml\u00e9letform\u00e1l\u00e1s, melynek sor\u00e1n e-learning tananyagok \u00e9s szem\u00e9lyes tan\u00e1csad\u00e1s keret\u00e9ben seg\u00edtik a v\u00e1llalkoz\u00e1sok p\u00e9nz\u00fcgyi, \u00e1ltal\u00e1nos v\u00e1llalkoz\u00f3i, besz\u00e1ll\u00edt\u00f3i kompetenci\u00e1it fejleszt\u0151 \u00e9s k\u00fclpiacra l\u00e9p\u00e9st seg\u00edt\u0151 ismereteinek b\u0151v\u00edt\u00e9s\u00e9t. A programelem eredm\u00e9nyek\u00e9nt 1500 finansz\u00edroz\u00e1si tervk\u00e9sz\u00fcl el. A mentor\u00e1l\u00e1sban r\u00e9sztvev\u0151 mentor\u00e1ltak mindegyike sz\u00e1m\u00e1ra lehet\u0151s\u00e9g van r\u00e9szt venni ezeken k\u00e9pz\u00e9seken \u00e9s tan\u00e1csad\u00e1sokon is, \u00edgy n\u00f6velve a mentor\u00e1l\u00e1si folyamat sikeress\u00e9g\u00e9t.<\/p>\n<p>Lakatosn\u00e9 Luk\u00e1cs Zsuzsanna, a SEED Alap\u00edtv\u00e1ny \u00fcgyvezet\u0151 igazgat\u00f3ja a Szem\u00e9lyes V\u00e1llalkoz\u00f3i Mentorprogram kiv\u00e1laszt\u00e1si tapasztalatait osztotta meg a hallgat\u00f3s\u00e1ggal. Elmondta: mind a mentorok, mind a mentor\u00e1ltak kiv\u00e1laszt\u00e1sa h\u00e1rom l\u00e9pcs\u0151ben t\u00f6rt\u00e9nik: el\u0151sz\u00f6r is azt vizsg\u00e1lja meg a SEED Alap\u00edtv\u00e1ny, hogy a programba jelentkez\u0151k megfelelnek-e a programban val\u00f3 r\u00e9szv\u00e9telhez sz\u00fcks\u00e9ges objekt\u00edv felt\u00e9teleknek. Ezt k\u00f6vet\u0151en a jelentkez\u00e9si lapon megadott inform\u00e1ci\u00f3k alapj\u00e1n megn\u00e9zi az aspir\u00e1nsok motiv\u00e1ci\u00f3j\u00e1t, j\u00f6v\u0151k\u00e9p\u00e9t, a program ir\u00e1nti elk\u00f6telezetts\u00e9g\u00e9t, v\u00e1llalkoz\u00f3i attit\u0171dj\u00e9t \u00e9s a v\u00e1llalkoz\u00e1s \u00e9retts\u00e9g\u00e9t. A harmadik l\u00e9pcs\u0151 a szem\u00e9lyes interj\u00fa, ahol a kor\u00e1bbi inform\u00e1ci\u00f3k kieg\u00e9sz\u00fclnek a jel\u00f6ltekr\u0151l szerzett benyom\u00e1sokkal, illetve bizonyos t\u00f6bbletinform\u00e1ci\u00f3kkal.<\/p>\n<p><img decoding=\"async\" src=\"https:\/\/seed.hu\/files\/attachments\/inline\/dsc01067-kicsi.jpg\" alt=\"\" \/><br \/>\n<span style=\"font-size: 11px;\">Lakatosn\u00e9 Luk\u00e1cs Zsuzsanna<\/span><\/p>\n<p>A kiv\u00e1laszt\u00e1si tapasztalatokr\u00f3l sz\u00f3lva elmondta, hogy a programba jelentkez\u0151 mentorokr\u00f3l \u00e1ltal\u00e1ban kijelenthet\u0151, hogy nagy v\u00e1llalkoz\u00f3i \u00e9s piaci tapasztalattal, er\u0151s kapcsolatrendszerrel rendelkeznek. A motiv\u00e1ci\u00f3juk sokr\u00e9t\u0171, \u00e9s term\u00e9szetesen a t\u00e9nyez\u0151k \u00e1tfedik egym\u00e1st: van, aki az\u00e9rt jelentkezett, mert annak idej\u00e9n neki is nagyon j\u00f3 lett volna, ha egy tapasztaltabb v\u00e1llalkoz\u00f3 seg\u00edtette volna; m\u00e1sok szeretn\u00e9nek visszaadni abb\u00f3l, amit kaptak; megint m\u00e1sok \u00faj kapcsolatokat szeretn\u00e9nek \u00e9p\u00edteni, vagy \u00e9ppen erk\u00f6lcsi elismer\u00e9sre v\u00e1gynak. Sokan hangs\u00falyozt\u00e1k, hogy ez a program egyben az \u0151 t\u00e1rsadalmi felel\u0151ss\u00e9gv\u00e1llal\u00e1si programjuk.<\/p>\n<p>A fiatal v\u00e1llalkoz\u00f3k az\u00e9rt jelentkeznek mentor\u00e1ltnak, mert szeretn\u00e9k n\u00f6velni az \u00e1rbev\u00e9tel\u00fcket, az \u00fcgyfeleik sz\u00e1m\u00e1t, \u00e1ltal\u00e1ban a forgalmukat. A mentort\u00f3l strat\u00e9giai k\u00e9rd\u00e9sekben, az \u00fczleti folyamatok optimaliz\u00e1l\u00e1s\u00e1ban v\u00e1rnak seg\u00edts\u00e9get, illetve szeretn\u00e9nek jobban belel\u00e1tni abba, mit jelent a v\u00e1llalkoz\u00f3i l\u00e9tforma. Az \u00f6nbevall\u00e1son alapul\u00f3 kompetenciam\u00e9r\u00e9s szerint a fiatal v\u00e1llalkoz\u00f3k kifejezetten er\u0151snek \u00e9rzik magukat a kreativit\u00e1sban, j\u00f3nak a kock\u00e1zatv\u00e1llal\u00e1sban, viszont ink\u00e1bb gyeng\u00e9nek a kapcsolatteremt\u00e9sben.<\/p>\n<p>A n\u0151i v\u00e1llalkoz\u00f3k, mint mentor\u00e1ltak, ugyanazokban a t\u00e9nyez\u0151kben szeretn\u00e9nek fejl\u0151dni, mint a fiatalok (\u00e1rbev\u00e9tel, forgalom, \u00fcgyf\u00e9lsz\u00e1m), hasonl\u00f3 \u00fcgyekben, k\u00e9rd\u00e9sekben v\u00e1rnak seg\u00edts\u00e9get, mint az eml\u00edtett k\u00f6r, azzal a k\u00fcl\u00f6nbs\u00e9ggel, hogy \u0151ket nem a v\u00e1llalkoz\u00f3i l\u00e9tforma k\u00e9rd\u00e9sei izgatj\u00e1k, hanem az, hogy mik\u00e9ppen tudj\u00e1k marketing eszk\u00f6z\u00f6kkel a lehet\u0151 legjobban, leghat\u00e9konyabban megt\u00e1mogatni a v\u00e1llalkoz\u00e1sukat. Ami a kompetenci\u00e1kat illeti, a h\u00f6lgyek ink\u00e1bb ker\u00fclik a kock\u00e1zatokat, j\u00f3 a kapcsolatteremt\u0151 k\u00e9pess\u00e9g\u00fck, teljes m\u00e9rt\u00e9kben felv\u00e1llalj\u00e1k a v\u00e1llalkoz\u00f3i l\u00e9tet \u00e9s nagyon \u00f6n\u00e1ll\u00f3k.<\/p>\n<p>A gener\u00e1ci\u00f3v\u00e1lt\u00e1s el\u0151tt \u00e1ll\u00f3 v\u00e1llalkoz\u00e1sok kiv\u00e1laszt\u00e1si tapasztalataira t\u00e9rve Lakatosn\u00e9 Luk\u00e1cs Zsuzsanna kiemelte, hogy ez egy speci\u00e1lis probl\u00e9m\u00e1kkal b\u00edr\u00f3 k\u00f6r, ez\u00e9rt az ig\u00e9nyeik elt\u00e9rnek az el\u0151z\u0151ekben taglalt v\u00e1llalkoz\u00f3i r\u00e9tegek\u00e9it\u0151l. Ezek a c\u00e9gek a strat\u00e9giai tervez\u00e9sben, a jogi probl\u00e9m\u00e1ik megold\u00e1s\u00e1ban, a v\u00e1ltoz\u00e1sok kezel\u00e9s\u00e9ben v\u00e1rnak seg\u00edts\u00e9get a mentort\u00f3l. Szem\u00e9lyes vezet\u0151i t\u00e1mogat\u00e1sra, tud\u00e1smegoszt\u00e1sra van sz\u00fcks\u00e9g\u00fck. Amiben pedig fejl\u0151dni szeretn\u00e9nek, az a probl\u00e9mamegold\u00e1s, a kommunik\u00e1ci\u00f3, a j\u00f6v\u0151tervez\u00e9s, a bizonytalans\u00e1g \u00e9s a v\u00e1ltoz\u00e1s megfelel\u0151 kezel\u00e9se. \u00c1ltal\u00e1ban nem kidolgozott m\u00e9g n\u00e1luk az \u00e1tad\u00e1s-\u00e1tv\u00e9tel folyamata, illetve a lehets\u00e9ges k\u00fcls\u0151 szem\u00e9lyek bevon\u00e1s\u00e1nak felt\u00e9telei.<\/p>\n<p>Az el\u0151ad\u00e1sokat k\u00f6vet\u0151en \u00fcnnep\u00e9lyes pillanat k\u00f6vetkezett: Szepesi Bal\u00e1zs \u00e9s Lakatosn\u00e9 Luk\u00e1cs Zsuzsanna \u2212 egy oklev\u00e9l form\u00e1j\u00e1ban \u2212 \u00e1tadta a megb\u00edz\u00f3level\u00fcket a programban eddig kiv\u00e1lasztott mentoroknak.<\/p>\n<p><img decoding=\"async\" src=\"https:\/\/seed.hu\/files\/dsc01148_ceremonia_kicsi.jpg\" alt=\"\" \/><img decoding=\"async\" src=\"https:\/\/seed.hu\/files\/attachments\/inline\/dsc01148-ceremonia-kicsi.jpg\" alt=\"\" \/><\/p>\n<p>A d\u00e9lel\u0151tti program utols\u00f3 felvon\u00e1sak\u00e9nt mentorok \u00e9s mentor\u00e1ltak besz\u00e9lgettek a mentor\u00e1l\u00e1si folyamat mibenl\u00e9t\u00e9r\u0151l, gyakorlati megval\u00f3s\u00edt\u00e1s\u00e1nak l\u00e9p\u00e9seir\u0151l, sikeress\u00e9g\u00e9nek legfontosabb t\u00e9nyez\u0151ir\u0151l. A kerekasztal-besz\u00e9lget\u00e9sben a felk\u00e9rt mentorok \u00e9s mentor\u00e1ltak el\u0151sz\u00f6r szem\u00e9lyes motiv\u00e1ci\u00f3jukr\u00f3l sz\u00f3ltak: seg\u00edt\u00e9s, fejl\u0151d\u00e9s \u00e9s a tapasztalatok tov\u00e1bbad\u00e1sa mellett mindk\u00e9t f\u00e9l sz\u00e1m\u00e1ra a tanul\u00e1sr\u00f3l is sz\u00f3l a mentor\u00e1l\u00e1si folyamat. Mi kell a sikerhez? \u2212 tett\u00e9k fel magunknak \u00e9s egym\u00e1snak is a k\u00e9rd\u00e9st. T\u00f6bbek k\u00f6z\u00f6tt k\u00f6z\u00f6s hull\u00e1mhossz, bizalom, inspir\u00e1l\u00f3 kapcsol\u00f3d\u00e1s, folyamatos f\u00f3kusz\u00e1lts\u00e1g \u2013 hangzott el.<\/p>\n<p>A besz\u00e9lget\u00e9sen sz\u00f3 esett a c\u00e9lkit\u0171z\u00e9s fontoss\u00e1g\u00e1r\u00f3l, s egy r\u00f6pke szavaz\u00e1s sor\u00e1n kider\u00fclt, hogy a k\u00f6z\u00f6ns\u00e9g soraiban \u00fcl\u0151 mentor\u00e1ltak egy r\u00e9sze hat\u00e1rozott c\u00e9lokkal kezdi meg a mentor\u00e1l\u00e1si folyamatot, t\u00f6bbs\u00e9g\u00fck pedig els\u0151k\u00e9nt \u00e9pp az ir\u00e1nyok finom\u00edt\u00e1s\u00e1ban v\u00e1rja a mentorok seg\u00edts\u00e9g\u00e9t. A sz\u00ednpadon olyanok is helyet foglaltak, akik m\u00e1r mentor-mentor\u00e1lt p\u00e1rt alkotnak, \u00e9s az el\u0151zetes egyeztet\u00e9sekkel el is kezdt\u00e9k folyamatukat. \u00cdgy a jelenl\u00e9v\u0151k els\u0151 k\u00e9zb\u0151l kaptak \u00f6tleteket a kezd\u0151 l\u00e9p\u00e9sekkel, a folyamat ind\u00edt\u00e1s\u00e1val kapcsolatban.\u00a0\u201eFontos, informat\u00edv, hasznos eszmecsere volt\u201d \u2013 hangs\u00falyozta a besz\u00e9lget\u00e9st moder\u00e1l\u00f3 B\u00fas Borb\u00e1la, a SEED Alap\u00edtv\u00e1ny kiv\u00e1laszt\u00e1si interj\u00fakat vezet\u0151 szak\u00e9rt\u0151je.<\/p>\n<p>A d\u00e9lut\u00e1ni program sor\u00e1n r\u00e9szben az eddig mentort m\u00e9g nem v\u00e1lasztott mentor\u00e1ltak, valamint a m\u00e9g szabad kapacit\u00e1sokkal rendelkez\u0151 mentorok ismerkedtek egym\u00e1ssal, r\u00e9szben pedig a m\u00e1r p\u00e1rra lelt mentorok \u00e9s mentor\u00e1ltak tudhattak meg t\u00f6bbet a mentor\u00e1l\u00e1si folyamatot t\u00e1mogat\u00f3 IT-rendszerr\u0151l.<\/p>\n<p>Ennek a k\u00f6rnek bemutatkozott az id\u0151k\u00f6zben fel\u00e1llt, n\u00e9gyf\u0151s szuperv\u00edzori st\u00e1b, amelynek vezet\u0151je, koordin\u00e1tora Szab\u00f3 Zs\u00f3fia, a SEED Alap\u00edtv\u00e1ny munkat\u00e1rsa. \u0150 elmondta, hogy a szuperv\u00edzorok fel\u00fcgyelik majd a mentor\u00e1l\u00e1si folyamatokat, \u00e9s sz\u00fcks\u00e9g eset\u00e9n beavatkoznak, annak \u00e9rdek\u00e9ben, hogy a folyamat a kijel\u00f6lt ir\u00e1nyban \u00e9s a meghat\u00e1rozott m\u00f3don haladjon.<\/p>\n<p>&nbsp;<\/p>\n","protected":false},"featured_media":338,"menu_order":0,"template":"","meta":{"_acf_changed":false},"class_list":["post-918","hirek","type-hirek","status-publish","has-post-thumbnail","hentry"],"acf":[],"yoast_head":"<!-- This site is optimized with the Yoast SEO plugin v27.4 - https:\/\/yoast.com\/product\/yoast-seo-wordpress\/ -->\n<title>Szem\u00e9lyes V\u00e1llalkoz\u00f3i Mentorprogram szakmai nyit\u00f3rendezv\u00e9ny - Oklev\u00e9l a mentoroknak - Seed<\/title>\n<meta name=\"robots\" content=\"index, follow, max-snippet:-1, max-image-preview:large, max-video-preview:-1\" \/>\n<link rel=\"canonical\" href=\"https:\/\/seed.hu\/hirek\/szemelyes-vallalkozoi-mentorprogram-szakmai-nyitorendezveny-oklevel-a-mentoroknak\/\" \/>\n<meta property=\"og:locale\" content=\"en_US\" \/>\n<meta property=\"og:type\" content=\"article\" \/>\n<meta property=\"og:title\" content=\"Szem\u00e9lyes V\u00e1llalkoz\u00f3i Mentorprogram szakmai nyit\u00f3rendezv\u00e9ny - Oklev\u00e9l a mentoroknak - Seed\" \/>\n<meta property=\"og:description\" content=\"December 4-\u00e9n ker\u00fclt sor az Orsz\u00e1gos V\u00e1llalkoz\u00f3i Mentorprogram alprojektje, a SEED Kisv\u00e1llalkoz\u00e1s-fejleszt\u00e9si Alap\u00edtv\u00e1ny \u00e1ltal menedzselt Szem\u00e9lyes V\u00e1llalkoz\u00f3i Mentorprogram szakmai nyit\u00f3rendezv\u00e9ny\u00e9re. Az esem\u00e9nyen \u00e1tadt\u00e1k a Szem\u00e9lyes V\u00e1llalkoz\u00f3i Mentorprogramban eddig kiv\u00e1lasztott mentorok megb\u00edz\u00e1s\u00e1t jelk\u00e9pez\u0151 oklevelet is. Megtelt a MEMO (Mesterek \u00e9s M\u00f3dszertanok h\u00e1za) nagyterme december 4-\u00e9n, az Orsz\u00e1gos V\u00e1llalkoz\u00f3i Mentorprogram Szem\u00e9lyes v\u00e1llalkoz\u00f3i mentor\u00e1l\u00e1s alprojektj\u00e9nek szakmai megnyit\u00f3 esem\u00e9ny\u00e9n. [&hellip;]\" \/>\n<meta property=\"og:url\" content=\"https:\/\/seed.hu\/hirek\/szemelyes-vallalkozoi-mentorprogram-szakmai-nyitorendezveny-oklevel-a-mentoroknak\/\" \/>\n<meta property=\"og:site_name\" content=\"Seed\" \/>\n<meta property=\"article:modified_time\" content=\"2022-01-19T19:00:22+00:00\" \/>\n<meta property=\"og:image\" content=\"https:\/\/seed.hu\/wp-content\/uploads\/2021\/04\/Orsza\u0301gos-Va\u0301llalkozo\u0301i-Mentorprogram.png\" \/>\n\t<meta property=\"og:image:width\" content=\"773\" \/>\n\t<meta property=\"og:image:height\" content=\"774\" \/>\n\t<meta property=\"og:image:type\" content=\"image\/png\" \/>\n<meta name=\"twitter:card\" content=\"summary_large_image\" \/>\n<meta name=\"twitter:label1\" content=\"Est. reading time\" \/>\n\t<meta name=\"twitter:data1\" content=\"10 minutes\" \/>\n<script type=\"application\/ld+json\" class=\"yoast-schema-graph\">{\"@context\":\"https:\\\/\\\/schema.org\",\"@graph\":[{\"@type\":\"WebPage\",\"@id\":\"https:\\\/\\\/seed.hu\\\/hirek\\\/szemelyes-vallalkozoi-mentorprogram-szakmai-nyitorendezveny-oklevel-a-mentoroknak\\\/\",\"url\":\"https:\\\/\\\/seed.hu\\\/hirek\\\/szemelyes-vallalkozoi-mentorprogram-szakmai-nyitorendezveny-oklevel-a-mentoroknak\\\/\",\"name\":\"Szem\u00e9lyes V\u00e1llalkoz\u00f3i Mentorprogram szakmai nyit\u00f3rendezv\u00e9ny - Oklev\u00e9l a mentoroknak - Seed\",\"isPartOf\":{\"@id\":\"https:\\\/\\\/seed.hu\\\/#website\"},\"primaryImageOfPage\":{\"@id\":\"https:\\\/\\\/seed.hu\\\/hirek\\\/szemelyes-vallalkozoi-mentorprogram-szakmai-nyitorendezveny-oklevel-a-mentoroknak\\\/#primaryimage\"},\"image\":{\"@id\":\"https:\\\/\\\/seed.hu\\\/hirek\\\/szemelyes-vallalkozoi-mentorprogram-szakmai-nyitorendezveny-oklevel-a-mentoroknak\\\/#primaryimage\"},\"thumbnailUrl\":\"https:\\\/\\\/seed.hu\\\/wp-content\\\/uploads\\\/2021\\\/04\\\/Orsza\u0301gos-Va\u0301llalkozo\u0301i-Mentorprogram.png\",\"datePublished\":\"2019-12-09T19:39:11+00:00\",\"dateModified\":\"2022-01-19T19:00:22+00:00\",\"breadcrumb\":{\"@id\":\"https:\\\/\\\/seed.hu\\\/hirek\\\/szemelyes-vallalkozoi-mentorprogram-szakmai-nyitorendezveny-oklevel-a-mentoroknak\\\/#breadcrumb\"},\"inLanguage\":\"en-US\",\"potentialAction\":[{\"@type\":\"ReadAction\",\"target\":[\"https:\\\/\\\/seed.hu\\\/hirek\\\/szemelyes-vallalkozoi-mentorprogram-szakmai-nyitorendezveny-oklevel-a-mentoroknak\\\/\"]}]},{\"@type\":\"ImageObject\",\"inLanguage\":\"en-US\",\"@id\":\"https:\\\/\\\/seed.hu\\\/hirek\\\/szemelyes-vallalkozoi-mentorprogram-szakmai-nyitorendezveny-oklevel-a-mentoroknak\\\/#primaryimage\",\"url\":\"https:\\\/\\\/seed.hu\\\/wp-content\\\/uploads\\\/2021\\\/04\\\/Orsza\u0301gos-Va\u0301llalkozo\u0301i-Mentorprogram.png\",\"contentUrl\":\"https:\\\/\\\/seed.hu\\\/wp-content\\\/uploads\\\/2021\\\/04\\\/Orsza\u0301gos-Va\u0301llalkozo\u0301i-Mentorprogram.png\",\"width\":773,\"height\":774},{\"@type\":\"BreadcrumbList\",\"@id\":\"https:\\\/\\\/seed.hu\\\/hirek\\\/szemelyes-vallalkozoi-mentorprogram-szakmai-nyitorendezveny-oklevel-a-mentoroknak\\\/#breadcrumb\",\"itemListElement\":[{\"@type\":\"ListItem\",\"position\":1,\"name\":\"H\u00edrek\",\"item\":\"https:\\\/\\\/seed.hu\\\/hirek\\\/\"},{\"@type\":\"ListItem\",\"position\":2,\"name\":\"Szem\u00e9lyes V\u00e1llalkoz\u00f3i Mentorprogram szakmai nyit\u00f3rendezv\u00e9ny &#8211; Oklev\u00e9l a mentoroknak\"}]},{\"@type\":\"WebSite\",\"@id\":\"https:\\\/\\\/seed.hu\\\/#website\",\"url\":\"https:\\\/\\\/seed.hu\\\/\",\"name\":\"Seed\",\"description\":\"\",\"potentialAction\":[{\"@type\":\"SearchAction\",\"target\":{\"@type\":\"EntryPoint\",\"urlTemplate\":\"https:\\\/\\\/seed.hu\\\/?s={search_term_string}\"},\"query-input\":{\"@type\":\"PropertyValueSpecification\",\"valueRequired\":true,\"valueName\":\"search_term_string\"}}],\"inLanguage\":\"en-US\"}]}<\/script>\n<!-- \/ Yoast SEO plugin. -->","yoast_head_json":{"title":"Szem\u00e9lyes V\u00e1llalkoz\u00f3i Mentorprogram szakmai nyit\u00f3rendezv\u00e9ny - Oklev\u00e9l a mentoroknak - Seed","robots":{"index":"index","follow":"follow","max-snippet":"max-snippet:-1","max-image-preview":"max-image-preview:large","max-video-preview":"max-video-preview:-1"},"canonical":"https:\/\/seed.hu\/hirek\/szemelyes-vallalkozoi-mentorprogram-szakmai-nyitorendezveny-oklevel-a-mentoroknak\/","og_locale":"en_US","og_type":"article","og_title":"Szem\u00e9lyes V\u00e1llalkoz\u00f3i Mentorprogram szakmai nyit\u00f3rendezv\u00e9ny - Oklev\u00e9l a mentoroknak - Seed","og_description":"December 4-\u00e9n ker\u00fclt sor az Orsz\u00e1gos V\u00e1llalkoz\u00f3i Mentorprogram alprojektje, a SEED Kisv\u00e1llalkoz\u00e1s-fejleszt\u00e9si Alap\u00edtv\u00e1ny \u00e1ltal menedzselt Szem\u00e9lyes V\u00e1llalkoz\u00f3i Mentorprogram szakmai nyit\u00f3rendezv\u00e9ny\u00e9re. Az esem\u00e9nyen \u00e1tadt\u00e1k a Szem\u00e9lyes V\u00e1llalkoz\u00f3i Mentorprogramban eddig kiv\u00e1lasztott mentorok megb\u00edz\u00e1s\u00e1t jelk\u00e9pez\u0151 oklevelet is. Megtelt a MEMO (Mesterek \u00e9s M\u00f3dszertanok h\u00e1za) nagyterme december 4-\u00e9n, az Orsz\u00e1gos V\u00e1llalkoz\u00f3i Mentorprogram Szem\u00e9lyes v\u00e1llalkoz\u00f3i mentor\u00e1l\u00e1s alprojektj\u00e9nek szakmai megnyit\u00f3 esem\u00e9ny\u00e9n. [&hellip;]","og_url":"https:\/\/seed.hu\/hirek\/szemelyes-vallalkozoi-mentorprogram-szakmai-nyitorendezveny-oklevel-a-mentoroknak\/","og_site_name":"Seed","article_modified_time":"2022-01-19T19:00:22+00:00","og_image":[{"width":773,"height":774,"url":"https:\/\/seed.hu\/wp-content\/uploads\/2021\/04\/Orsza\u0301gos-Va\u0301llalkozo\u0301i-Mentorprogram.png","type":"image\/png"}],"twitter_card":"summary_large_image","twitter_misc":{"Est. reading time":"10 minutes"},"schema":{"@context":"https:\/\/schema.org","@graph":[{"@type":"WebPage","@id":"https:\/\/seed.hu\/hirek\/szemelyes-vallalkozoi-mentorprogram-szakmai-nyitorendezveny-oklevel-a-mentoroknak\/","url":"https:\/\/seed.hu\/hirek\/szemelyes-vallalkozoi-mentorprogram-szakmai-nyitorendezveny-oklevel-a-mentoroknak\/","name":"Szem\u00e9lyes V\u00e1llalkoz\u00f3i Mentorprogram szakmai nyit\u00f3rendezv\u00e9ny - Oklev\u00e9l a mentoroknak - Seed","isPartOf":{"@id":"https:\/\/seed.hu\/#website"},"primaryImageOfPage":{"@id":"https:\/\/seed.hu\/hirek\/szemelyes-vallalkozoi-mentorprogram-szakmai-nyitorendezveny-oklevel-a-mentoroknak\/#primaryimage"},"image":{"@id":"https:\/\/seed.hu\/hirek\/szemelyes-vallalkozoi-mentorprogram-szakmai-nyitorendezveny-oklevel-a-mentoroknak\/#primaryimage"},"thumbnailUrl":"https:\/\/seed.hu\/wp-content\/uploads\/2021\/04\/Orsza\u0301gos-Va\u0301llalkozo\u0301i-Mentorprogram.png","datePublished":"2019-12-09T19:39:11+00:00","dateModified":"2022-01-19T19:00:22+00:00","breadcrumb":{"@id":"https:\/\/seed.hu\/hirek\/szemelyes-vallalkozoi-mentorprogram-szakmai-nyitorendezveny-oklevel-a-mentoroknak\/#breadcrumb"},"inLanguage":"en-US","potentialAction":[{"@type":"ReadAction","target":["https:\/\/seed.hu\/hirek\/szemelyes-vallalkozoi-mentorprogram-szakmai-nyitorendezveny-oklevel-a-mentoroknak\/"]}]},{"@type":"ImageObject","inLanguage":"en-US","@id":"https:\/\/seed.hu\/hirek\/szemelyes-vallalkozoi-mentorprogram-szakmai-nyitorendezveny-oklevel-a-mentoroknak\/#primaryimage","url":"https:\/\/seed.hu\/wp-content\/uploads\/2021\/04\/Orsza\u0301gos-Va\u0301llalkozo\u0301i-Mentorprogram.png","contentUrl":"https:\/\/seed.hu\/wp-content\/uploads\/2021\/04\/Orsza\u0301gos-Va\u0301llalkozo\u0301i-Mentorprogram.png","width":773,"height":774},{"@type":"BreadcrumbList","@id":"https:\/\/seed.hu\/hirek\/szemelyes-vallalkozoi-mentorprogram-szakmai-nyitorendezveny-oklevel-a-mentoroknak\/#breadcrumb","itemListElement":[{"@type":"ListItem","position":1,"name":"H\u00edrek","item":"https:\/\/seed.hu\/hirek\/"},{"@type":"ListItem","position":2,"name":"Szem\u00e9lyes V\u00e1llalkoz\u00f3i Mentorprogram szakmai nyit\u00f3rendezv\u00e9ny &#8211; Oklev\u00e9l a mentoroknak"}]},{"@type":"WebSite","@id":"https:\/\/seed.hu\/#website","url":"https:\/\/seed.hu\/","name":"Seed","description":"","potentialAction":[{"@type":"SearchAction","target":{"@type":"EntryPoint","urlTemplate":"https:\/\/seed.hu\/?s={search_term_string}"},"query-input":{"@type":"PropertyValueSpecification","valueRequired":true,"valueName":"search_term_string"}}],"inLanguage":"en-US"}]}},"_links":{"self":[{"href":"https:\/\/seed.hu\/en\/wp-json\/wp\/v2\/hirek\/918","targetHints":{"allow":["GET"]}}],"collection":[{"href":"https:\/\/seed.hu\/en\/wp-json\/wp\/v2\/hirek"}],"about":[{"href":"https:\/\/seed.hu\/en\/wp-json\/wp\/v2\/types\/hirek"}],"wp:featuredmedia":[{"embeddable":true,"href":"https:\/\/seed.hu\/en\/wp-json\/wp\/v2\/media\/338"}],"wp:attachment":[{"href":"https:\/\/seed.hu\/en\/wp-json\/wp\/v2\/media?parent=918"}],"curies":[{"name":"wp","href":"https:\/\/api.w.org\/{rel}","templated":true}]}}