{"id":924,"date":"2020-01-08T20:55:07","date_gmt":"2020-01-08T19:55:07","guid":{"rendered":"https:\/\/seed.hu\/?post_type=hirek&#038;p=924"},"modified":"2022-01-19T20:07:12","modified_gmt":"2022-01-19T19:07:12","slug":"mentorok-es-mentoraltak-1-a-tovabblepes-muvesze","status":"publish","type":"hirek","link":"https:\/\/seed.hu\/en\/hirek\/mentorok-es-mentoraltak-1-a-tovabblepes-muvesze\/","title":{"rendered":"Mentorok \u00e9s mentor\u00e1ltak 1. &#8211; A tov\u00e1bbl\u00e9p\u00e9s m\u0171v\u00e9sze."},"content":{"rendered":"<p><a href=\"https:\/\/seed.hu\/hirek\/mentorok-es-mentoraltak-jelentkezeset-varja-a-seed-alapitvany\/ovm\/\" rel=\"attachment wp-att-844\"><img loading=\"lazy\" decoding=\"async\" class=\"alignnone wp-image-844 size-full\" src=\"https:\/\/seed.hu\/wp-content\/uploads\/2022\/01\/OVM.png\" alt=\"\" width=\"601\" height=\"163\" srcset=\"https:\/\/seed.hu\/wp-content\/uploads\/2022\/01\/OVM.png 601w, https:\/\/seed.hu\/wp-content\/uploads\/2022\/01\/OVM-300x81.png 300w\" sizes=\"auto, (max-width: 601px) 100vw, 601px\" \/><\/a><\/p>\n<p><strong>Mentorok \u00e9s mentor\u00e1ltak 1.<br \/>\nA tov\u00e1bbl\u00e9p\u00e9s m\u0171v\u00e9sze.<\/strong><\/p>\n<p><strong>A semmib\u0151l \u00e9p\u00edtett kiterjedt \u00e9s sikeres c\u00e9gbirodalmat Nov\u00e1kn\u00e9 Gergely Vera, \u00e9s nem csak egyszer. B\u00e1rmi t\u00f6rt\u00e9nt is, \u0151 mindig el\u0151re n\u00e9zett, mindig volt a fej\u00e9ben egy B \u00e9s egy C terv is. Nagyon megviselte, amikor 10 \u00e9v egy\u00fcttm\u0171k\u00f6d\u00e9s ut\u00e1n az \u00fczlett\u00e1rsa kisemmizte, de ebb\u0151l az \u00fct\u00e9sb\u0151l is fel tudott \u00e1llni. Ehhez kellett a f\u00e9rje t\u00e1mogat\u00e1sa, aki 19 \u00e9vvel ezel\u0151tt h\u00e1rom h\u00f3napra bez\u00e1rta az \u00e9p\u00edt\u00e9szirod\u00e1j\u00e1t, hogy seg\u00edtsen neki tervei megval\u00f3s\u00edt\u00e1s\u00e1ban. Ma a c\u00e9g m\u00e1r t\u00fal van a gener\u00e1ci\u00f3v\u00e1lt\u00e1son, Vera pedig keresi az \u00faj kih\u00edv\u00e1sokat.<\/strong><\/p>\n<p><strong><img decoding=\"async\" style=\"width: 191px; height: 250px;\" src=\"https:\/\/seed.hu\/files\/attachments\/inline\/foto-novakne-vera3.jpeg\" alt=\"\" \/><\/strong><\/p>\n<p><strong>\u00c9p\u00edt\u00e9szm\u00e9rn\u00f6kb\u0151l lett\u00e9l keresked\u0151. Mindig is v\u00e1llalkoz\u00f3 szerett\u00e9l volna lenni?<\/strong><\/p>\n<p>\u00c9ppen ellenkez\u0151leg, sosem akartam v\u00e1llalkoz\u00f3 lenni. Amint a k\u00e9rd\u00e9sb\u0151l is kider\u00fcl, eredetileg \u00e9p\u00edt\u00e9szm\u00e9rn\u00f6k vagyok. Annak idej\u00e9n, a 80-as \u00e9vekben j\u00e1runk, a c\u00e9gemn\u00e9l ad\u00f3dott egy lehet\u0151s\u00e9g, \u00e9s \u00e9n jelentkeztem k\u00fclszolg\u00e1latra, de olyan sok\u00e1ig h\u00faz\u00f3dott az \u00fcgyek int\u00e9z\u00e9se, hogy k\u00f6zben megsz\u00fcletett az els\u0151 gyermek\u00fcnk. Ez sem t\u00e1ntor\u00edtott el azonban benn\u00fcnket az eredeti c\u00e9lunkt\u00f3l. A f\u00e9rjem, aki szint\u00e9n \u00e9p\u00edt\u00e9szm\u00e9rn\u00f6k, kapott egy lehet\u0151s\u00e9get, hogy Alg\u00e9ri\u00e1ban a magyar korm\u00e1ny \u00e1ltal finansz\u00edrozott nagyberuh\u00e1z\u00e1sokon dolgozzon, \u00fagyhogy \u00edgy jutottunk ki. K\u00f6zben, m\u00e1r az alg\u00e9riai tart\u00f3zkod\u00e1sunk alatt, megsz\u00fcletett a m\u00e1sodik gyermek\u00fcnk is.<\/p>\n<p>Nagyon unatkoztam volna, ha nem csin\u00e1lok semmi hasznosat Alg\u00e9ri\u00e1ban. Elkezdtem h\u00e1t mindenkinek int\u00e9zni az \u00fcgyes-bajos dolgait. Els\u0151sorban az arab ismer\u0151seinknek szereztem be k\u00fcl\u00f6nb\u00f6z\u0151 \u00e1rucikkeket, mert Alg\u00e9ri\u00e1ban m\u00e9g \u201ejobban m\u0171k\u00f6d\u00f6tt\u201d a hi\u00e1nygazdas\u00e1g, mint n\u00e1lunk. Egyre nagyobb m\u00e9reteket \u00f6lt\u00f6tt a tev\u00e9kenys\u00e9gem, magyar\u00e1n elkezdtem kereskedni.<\/p>\n<p>K\u00e9s\u0151bb kider\u00fclt, hogy a k\u00fclf\u00f6ld\u00f6n dolgoz\u00f3 munkav\u00e1llal\u00f3kt\u00f3l azt is v\u00e1rja a magyar \u00e1llam, hogy neki is hozzanak be k\u00fcl\u00f6nb\u00f6z\u0151 term\u00e9keket k\u00fclf\u00f6ldr\u0151l, p\u00e9ld\u00e1ul B\u00e9csb\u0151l COCOM-list\u00e1s sz\u00e1m\u00edt\u00f3g\u00e9pes alkatr\u00e9szeket. \u00c9n ezt meg is tettem, \u00e9s j\u00f3 p\u00e9nz\u00e9rt eladtam ezeket a cikkeket.<\/p>\n<p>Egyre jobban ment az \u00fczlet, \u00e9s \u00e9n egyre jobban \u00e9lveztem. Azt\u00e1n, \u00f6t \u00e9v ut\u00e1n, 1985-ben, hazaj\u00f6tt\u00fcnk. Megsz\u00fcletett a harmadik gyermek\u00fcnk is, \u00e9n pedig egy id\u0151 ut\u00e1n szerettem volna visszamenni dolgozni. A r\u00e9gi c\u00e9gemn\u00e9l nem fogadtak sz\u00edvesen, r\u00e9szben az\u00e9rt, mert nek\u00fcnk akkor m\u00e1r el\u00e9g j\u00f3l ment a sorunk. T\u00fal sok munkalehet\u0151s\u00e9g sem volt akkor \u00e9ppen a v\u00e1llalatn\u00e1l. Azt mondt\u00e1k, ha dolgozni akarok, vigyek munk\u00e1t is magammal. Ekkor d\u00f6nt\u00f6ttem el, hogy maszek, mai nyelven sz\u00f3lva v\u00e1llalkoz\u00f3 leszek.<\/p>\n<p><strong>A szakm\u00e1dban, vagy pedig a kereskedelemben k\u00e9pzelted el magad maszekk\u00e9nt?<\/strong><\/p>\n<p>Akkoriban az \u00e9p\u00edt\u00e9szetben nem volt lehet\u0151s\u00e9g az \u00f6n\u00e1ll\u00f3sod\u00e1sra. M\u00e1rpedig \u00e9n m\u00e1shoz nem \u00e9rtettem. N\u00e9mi gondolkod\u00e1s ut\u00e1n arra jutottam, hogy nyitok egy butikot, gondoltam, ahhoz nem kell nagy szak\u00e9rtelem. Ruh\u00e1kat vettem, \u00e9s azokat a butikomban eladtam. Nem nagyon tetszettek azonban a megv\u00e1s\u00e1rolt modellek, \u00fagyhogy l\u00e9trehoztam egy saj\u00e1t varrod\u00e1t. Azut\u00e1n j\u00f6tt az \u00f6tlet, ha m\u00e1r \u00fagyis van egy varrod\u00e1m, akkor mi\u00e9rt ne \u00e1rulhatn\u00e1k a n\u00e1lunk varrt ruh\u00e1kat m\u00e1s butikok, \u00fczletek is. Ebb\u0151l azut\u00e1n lett egy ruha-nagykeresked\u00e9s.<\/p>\n<p><strong>Ezt mi\u00e9rt hagytad abba?<\/strong><\/p>\n<p>Engem egy dolog zavar, ha valamiben nem vagyok el\u00e9g j\u00f3. M\u00e1rpedig a divat\u00e1ru-kereskedelemben nem voltam kimagasl\u00f3an j\u00f3, hiszen az egy szakma, amit nem ismertem. Ez\u00e9rt ez a kalandom csak n\u00e9h\u00e1ny \u00e9vig tartott.<\/p>\n<p>Volt egy ismer\u0151s\u00f6m, akit\u0151l az \u00fczlethelyis\u00e9get b\u00e9reltem. \u0150 azt javasolta, csin\u00e1ljunk egy\u00fctt valamit. Neki nagyon j\u00f3 kapcsolatai voltak, de m\u00e9g sohasem v\u00e1llalkozott. Kital\u00e1ltuk, hogy vend\u00e9gl\u00e1t\u00e1ssal fogunk foglalkozni. Nagyon tudatosan alap\u00edtottunk egy b\u00e9csif\u00e1nk-s\u00fct\u0151 \u00fczemet. Abb\u00f3l akkoriban egy m\u0171k\u00f6d\u00f6tt Pesten, ez\u00e9rt \u00fagy gondoltuk, kett\u0151 is b\u0151ven elf\u00e9r. A gond csup\u00e1n az volt, hogy a f\u00e1nks\u00fct\u00e9s \u00e9jszakai \u00fczem, \u00e9s mi, gyerekes anyuk\u00e1k, nem tudtuk fel\u00fcgyelni az \u00e9jszakai s\u00fct\u00e9st. Ez\u00e9rt egy id\u0151 ut\u00e1n \u00fagy d\u00f6nt\u00f6tt\u00fcnk, befejezz\u00fck.<\/p>\n<p>Hogyan tov\u00e1bb? \u2013 k\u00e9rdezt\u00fck magunkt\u00f3l. Egy \u00e1rver\u00e9sen vett\u00fcnk egy \u00fczlethelyis\u00e9get a R\u00e1k\u00f3czi-t\u00e9ri csarnokban. Legal\u00e1bbis mi \u00fagy gondoltuk, hogy vett\u00fcnk. Csak ut\u00f3lag der\u00fclt ki, hogy nem a tulajdonjogot, hanem a b\u00e9rleti jogot vett\u00fck meg, \u00e9s nem ak\u00e1rmit csin\u00e1lhatunk, hanem z\u00f6lds\u00e9gest kell nyitnunk. Arra nem volt lehet\u0151s\u00e9g, hogy egy \u00e9ven bel\u00fcl eladjuk a b\u00e9rleti jogot, z\u00f6lds\u00e9gesek meg nem akartunk lenni az \u00e9jszak\u00e1z\u00e1sok miatt. Merthogy a beszerz\u00e9s \u00e9jszaka, hajnalban zajlik a nagybani piacon. L\u00e1zasan gondolkodtunk, hogyan oldjuk meg ezt a helyzetet. Kital\u00e1ltuk, hogy \u00fagynevezett \u201ef\u0171szer- \u00e9s gyarmat\u00e1ru\u201d-kereskedelemmel fogunk foglalkozni. Enged\u00e9lyt k\u00e9rt\u00fcnk a piacigazgat\u00f3s\u00e1gt\u00f3l, hogy kiterjeszthess\u00fck erre a ter\u00fcletre tev\u00e9kenys\u00e9g\u00fcnket. Az enged\u00e9lyt megkaptuk, az \u00fczlet beindult. \u00dagy mondan\u00e1m, hogy megalkottuk a mai bioboltok el\u0151dj\u00e9t.<\/p>\n<p><strong>Itt azonban nem \u00e1lltatok meg.<\/strong><\/p>\n<p>Az \u00e1rut f\u0151leg nagykeresked\u00e9sekt\u0151l szerezt\u00fck be. Sok gondunk volt vel\u00fck, \u00e9s h\u00e1l\u2019 Istennek m\u00e1soknak is. \u00a0Ez\u00e9rt egy napon gondoltunk egyet, \u00e9s l\u00e9trehoztuk a saj\u00e1t nagyker\u00fcnket. Egy 53 n\u00e9gyzetm\u00e9teres pinc\u00e9ben kezdt\u00fck, de viszonylag r\u00f6vid id\u0151n bel\u00fcl, 360 n\u00e9gyzetm\u00e9ternyi pinc\u00e9nk, vagyis rakt\u00e1runk volt. Annyira p\u00f6rg\u00f6tt az \u00fczlet, hogy \u00fagy d\u00f6nt\u00f6tt\u00fcnk, \u00e9p\u00edt\u00fcnk magunknak egy saj\u00e1t rakt\u00e1rt. Az m\u00e1r 1500 n\u00e9gyzetm\u00e9teres volt\u2026 Ekkor m\u00e1r n\u00e9gy c\u00e9get birtokoltunk: egy az importot, egy a gy\u00e1rt\u00e1st, egy a nagykeresked\u00e9st, egy pedig a marketinget int\u00e9zte.<\/p>\n<p>Ekkor m\u00e1r voltak k\u00f6z\u00f6tt\u00fcnk s\u00farl\u00f3d\u00e1sok az \u00fczlett\u00e1rsammal, aki egy\u00e9bk\u00e9nt jog\u00e1sz volt. Felvetettem neki, mi lenne, ha 10 \u00e9v ut\u00e1n abbahagyn\u00e1nk a k\u00f6z\u00f6s munk\u00e1t, \u00e9s megosztozn\u00e1nk a c\u00e9geken, illetve a vagyonon. Ezen \u0151 annyira megs\u00e9rt\u0151d\u00f6tt, hogy \u00fcgyes man\u0151verekkel teljesen kisemmizett, m\u00e9g az ingatlant is elvitte.<\/p>\n<p><strong>Nem lehet egyszer\u0171 egy ilyen helyzetet t\u00fal\u00e9lni.<\/strong><\/p>\n<p>Nem volt az. Bele is betegedtem. K\u00f6r\u00fclbel\u00fcl egymilli\u00e1rd forintot \u00e9rtek akkoriban a c\u00e9gek \u00e9s az ingatlan\u2026 A f\u00e9rjem viszont nagyon mellettem \u00e1llt, \u00e9s \u0151 \u00f6szt\u00f6nz\u00f6tt az \u00fajrakezd\u00e9sre. M\u00e9g azt is felaj\u00e1nlotta, hogy h\u00e1rom h\u00f3napra bez\u00e1rja az \u00e9p\u00edt\u00e9szirod\u00e1j\u00e1t, \u00e9s teljes er\u0151bedob\u00e1ssal seg\u00edti az \u00fajraindul\u00e1st. Ennek 19 \u00e9ve, \u00e9s \u0151 az\u00f3ta is a c\u00e9g\u00fcnkben dolgozik.<\/p>\n<p>\u201eMegr\u00e1ztam\u201d magam, kib\u00e9reltem egy 250 n\u00e9gyzetm\u00e9teres rakt\u00e1rat, \u00e9s elindultunk. Term\u00e9szetesen ez is egy biocikk nagykeresked\u00e9s volt.\u00a0 K\u00f6r\u00fclbel\u00fcl hat h\u00f3napja ment m\u00e1r az \u00fczlet, amikor azt mondtam magamnak, vagy most l\u00e9pek egy nagyot, vagy egyhelyben fogok toporogni. L\u00e9ptem: kib\u00e9reltem egy 1500 n\u00e9gyzetm\u00e9teres helyis\u00e9get. Ma m\u00e1r h\u00e9t v\u00e1llalkoz\u00e1som van, \u00e9s nem sir\u00e1nkozom a m\u00falton.<\/p>\n<p>H\u00e1rom \u00e9ve eld\u00f6nt\u00f6tt\u00fck, hogy a kiskeresked\u00e9sbe is belev\u00e1gunk: terveink szerint a folyamat v\u00e9g\u00e9n egy 50 \u00fczletb\u0151l \u00e1ll\u00f3 franchise h\u00e1l\u00f3zat, ezen bel\u00fcl 10 saj\u00e1t egys\u00e9g j\u00f6n l\u00e9tre. A munkaer\u0151hi\u00e1ny miatt a tervezettn\u00e9l kicsit lassabban haladunk, de n\u00e9gy saj\u00e1t \u00fczletet m\u00e1r megnyitottunk.<\/p>\n<p>Tavaly pedig \u00e1tadtam az ir\u00e1ny\u00edt\u00e1st a c\u00e9gekben k\u00e9t gyermekemnek. B\u00e1r m\u00e9g n\u00e9gyen vagyunk \u00fcgyvezet\u0151k, a t\u00e9nyleges vezet\u00e9s a gyerekek kez\u00e9ben van. \u00c9n p\u00e9ld\u00e1ul egy h\u00f3nap ut\u00e1n tudatosan kivonultam a vezet\u0151i \u00e9rtekezletekr\u0151l, nehogy belesz\u00f3ljak a d\u00f6nt\u00e9sekbe.<\/p>\n<p><strong>Kicsit olyan ez, mintha a negyedik gyerekedet adtad volna oda valakinek. Neh\u00e9z volt meghozni a d\u00f6nt\u00e9st arr\u00f3l, hogy h\u00e1tr\u00e1bb l\u00e9psz?<\/strong><\/p>\n<p>Nagyon neh\u00e9z d\u00f6nt\u00e9s volt, de \u00fagy gondolom, el\u0151rel\u00e1t\u00f3k voltunk, mert a v\u00e1lt\u00e1s el\u0151k\u00e9sz\u00edt\u00e9s\u00e9hez, lebonyol\u00edt\u00e1s\u00e1hoz k\u00fcls\u0151 szak\u00e9rt\u0151 seg\u00edts\u00e9g\u00e9t vett\u00fck ig\u00e9nybe. A SEED mentorprogramj\u00e1ba egy\u00e9bk\u00e9nt gener\u00e1ci\u00f3v\u00e1lt\u00f3 mentornak jelentkeztem, azt\u00e1n m\u00e1shogyan alakult.<\/p>\n<p><strong>Te a SEED Alap\u00edtv\u00e1ny kor\u00e1bbi mentorprogramj\u00e1ban, a MENTOR-NET programban is r\u00e9szt vett\u00e9l. Ott milyen tapasztalatokat szerezt\u00e9l?<\/strong><\/p>\n<p>Az \u00f6tlet m\u00e1r akkor nagyon j\u00f3nak t\u0171nt: tapasztalt v\u00e1llalkoz\u00f3k seg\u00edtenek a kev\u00e9sb\u00e9 tapasztaltaknak. Nekem k\u00e9t mentor\u00e1ltam volt, \u00e9s egyik sem az \u00e1rbev\u00e9tel n\u00f6vel\u00e9s\u00e9re \u201egy\u00fart\u201d. Az egyik els\u0151sorban azt szerette volna eld\u00f6nteni, hogy \u0151 t\u00e9nyleg v\u00e9rbeli v\u00e1llalkoz\u00f3-e. Nem az\u00e9rt, mintha ennyire bizonytalan lett volna, hanem az\u00e9rt, mert egy\u00fattal politikusi bab\u00e9rokra is t\u00f6rt. \u0150 egy\u00e9bk\u00e9nt tipikus v\u00e1llalkoz\u00f3 alkat volt, \u00e9s \u00e9n ebben meger\u0151s\u00edtettem. A d\u00f6nt\u00e9s teh\u00e1t megsz\u00fcletett. A m\u00e1sik mentor\u00e1ltam egy nagy multin\u00e1l dolgozott, de a c\u00e9g kivonult al\u00f3la, \u00e9s ekkor d\u00f6nt\u00f6tt \u00fagy, hogy \u00f6n\u00e1ll\u00f3 v\u00e1llalkoz\u00f3 lesz. \u00dcgyes, okos asszony volt, egy franchise bolth\u00e1l\u00f3zathoz csatlakozott, de \u00fagy \u00e9rezte, hogy enn\u00e9l t\u00f6bb van benne. Azt szerette volna megtudni, hogyan l\u00e9pjen tov\u00e1bb. Az \u00e9n v\u00e1laszom egyszer\u0171 volt: nyisson nyolc m\u00e1sik \u00fczletet, \u00e9s csak az ir\u00e1ny\u00edt\u00e1ssal foglalkozzon.<\/p>\n<p><strong>Mennyit gondolkodt\u00e1l a csatlakoz\u00e1son, amikor megtudtad, hogy indul a Szem\u00e9lyes V\u00e1llalkoz\u00f3i Mentorprogram?<\/strong><\/p>\n<p>Az az igazs\u00e1g, hogy a gener\u00e1ci\u00f3v\u00e1lt\u00e1s ut\u00e1n m\u00e9g keresem a helyemet. Dolgozom ser\u00e9nyen, de az\u00e9rt m\u00e9g hi\u00e1nyzik az intenz\u00edv v\u00e1llalkoz\u00f3i l\u00e9t. Persze az\u00f3ta is csin\u00e1ltam egyet s m\u00e1st, p\u00e9ld\u00e1ul szerveztem k\u00e9t bridzsklubot, utaz\u00e1sszervez\u00e9ssel \u00e9s sok m\u00e1s egy\u00e9bbel is foglalkozom. Dolgozni nagyon sok\u00e1ig szeretn\u00e9k. \u00dagyhogy ez a program nekem kap\u00f3ra j\u00f6tt. \u00c9s nem volt k\u00e9rd\u00e9s az sem a sz\u00e1momra, hogy a maxim\u00e1lis sz\u00e1m\u00fa mentor\u00e1lttal szeretn\u00e9k foglalkozni, ami ebben a programban h\u00e1rom v\u00e1llalkoz\u00f3t jelent.<\/p>\n<p><em>Bogn\u00e1r K\u00e1roly<\/em><\/p>\n","protected":false},"featured_media":338,"menu_order":0,"template":"","meta":{"_acf_changed":false},"class_list":["post-924","hirek","type-hirek","status-publish","has-post-thumbnail","hentry"],"acf":[],"yoast_head":"<!-- This site is optimized with the Yoast SEO plugin v27.4 - https:\/\/yoast.com\/product\/yoast-seo-wordpress\/ -->\n<title>Mentorok \u00e9s mentor\u00e1ltak 1. - A tov\u00e1bbl\u00e9p\u00e9s m\u0171v\u00e9sze. - Seed<\/title>\n<meta name=\"robots\" content=\"index, follow, max-snippet:-1, max-image-preview:large, max-video-preview:-1\" \/>\n<link rel=\"canonical\" href=\"https:\/\/seed.hu\/hirek\/mentorok-es-mentoraltak-1-a-tovabblepes-muvesze\/\" \/>\n<meta property=\"og:locale\" content=\"en_US\" \/>\n<meta property=\"og:type\" content=\"article\" \/>\n<meta property=\"og:title\" content=\"Mentorok \u00e9s mentor\u00e1ltak 1. - A tov\u00e1bbl\u00e9p\u00e9s m\u0171v\u00e9sze. - Seed\" \/>\n<meta property=\"og:description\" content=\"Mentorok \u00e9s mentor\u00e1ltak 1. A tov\u00e1bbl\u00e9p\u00e9s m\u0171v\u00e9sze. A semmib\u0151l \u00e9p\u00edtett kiterjedt \u00e9s sikeres c\u00e9gbirodalmat Nov\u00e1kn\u00e9 Gergely Vera, \u00e9s nem csak egyszer. B\u00e1rmi t\u00f6rt\u00e9nt is, \u0151 mindig el\u0151re n\u00e9zett, mindig volt a fej\u00e9ben egy B \u00e9s egy C terv is. Nagyon megviselte, amikor 10 \u00e9v egy\u00fcttm\u0171k\u00f6d\u00e9s ut\u00e1n az \u00fczlett\u00e1rsa kisemmizte, de ebb\u0151l az \u00fct\u00e9sb\u0151l is fel [&hellip;]\" \/>\n<meta property=\"og:url\" content=\"https:\/\/seed.hu\/hirek\/mentorok-es-mentoraltak-1-a-tovabblepes-muvesze\/\" \/>\n<meta property=\"og:site_name\" content=\"Seed\" \/>\n<meta property=\"article:modified_time\" content=\"2022-01-19T19:07:12+00:00\" \/>\n<meta property=\"og:image\" content=\"https:\/\/seed.hu\/wp-content\/uploads\/2021\/04\/Orsza\u0301gos-Va\u0301llalkozo\u0301i-Mentorprogram.png\" \/>\n\t<meta property=\"og:image:width\" content=\"773\" \/>\n\t<meta property=\"og:image:height\" content=\"774\" \/>\n\t<meta property=\"og:image:type\" content=\"image\/png\" \/>\n<meta name=\"twitter:card\" content=\"summary_large_image\" \/>\n<meta name=\"twitter:label1\" content=\"Est. reading time\" \/>\n\t<meta name=\"twitter:data1\" content=\"6 minutes\" \/>\n<script type=\"application\/ld+json\" class=\"yoast-schema-graph\">{\"@context\":\"https:\\\/\\\/schema.org\",\"@graph\":[{\"@type\":\"WebPage\",\"@id\":\"https:\\\/\\\/seed.hu\\\/hirek\\\/mentorok-es-mentoraltak-1-a-tovabblepes-muvesze\\\/\",\"url\":\"https:\\\/\\\/seed.hu\\\/hirek\\\/mentorok-es-mentoraltak-1-a-tovabblepes-muvesze\\\/\",\"name\":\"Mentorok \u00e9s mentor\u00e1ltak 1. - A tov\u00e1bbl\u00e9p\u00e9s m\u0171v\u00e9sze. - Seed\",\"isPartOf\":{\"@id\":\"https:\\\/\\\/seed.hu\\\/#website\"},\"primaryImageOfPage\":{\"@id\":\"https:\\\/\\\/seed.hu\\\/hirek\\\/mentorok-es-mentoraltak-1-a-tovabblepes-muvesze\\\/#primaryimage\"},\"image\":{\"@id\":\"https:\\\/\\\/seed.hu\\\/hirek\\\/mentorok-es-mentoraltak-1-a-tovabblepes-muvesze\\\/#primaryimage\"},\"thumbnailUrl\":\"https:\\\/\\\/seed.hu\\\/wp-content\\\/uploads\\\/2021\\\/04\\\/Orsza\u0301gos-Va\u0301llalkozo\u0301i-Mentorprogram.png\",\"datePublished\":\"2020-01-08T19:55:07+00:00\",\"dateModified\":\"2022-01-19T19:07:12+00:00\",\"breadcrumb\":{\"@id\":\"https:\\\/\\\/seed.hu\\\/hirek\\\/mentorok-es-mentoraltak-1-a-tovabblepes-muvesze\\\/#breadcrumb\"},\"inLanguage\":\"en-US\",\"potentialAction\":[{\"@type\":\"ReadAction\",\"target\":[\"https:\\\/\\\/seed.hu\\\/hirek\\\/mentorok-es-mentoraltak-1-a-tovabblepes-muvesze\\\/\"]}]},{\"@type\":\"ImageObject\",\"inLanguage\":\"en-US\",\"@id\":\"https:\\\/\\\/seed.hu\\\/hirek\\\/mentorok-es-mentoraltak-1-a-tovabblepes-muvesze\\\/#primaryimage\",\"url\":\"https:\\\/\\\/seed.hu\\\/wp-content\\\/uploads\\\/2021\\\/04\\\/Orsza\u0301gos-Va\u0301llalkozo\u0301i-Mentorprogram.png\",\"contentUrl\":\"https:\\\/\\\/seed.hu\\\/wp-content\\\/uploads\\\/2021\\\/04\\\/Orsza\u0301gos-Va\u0301llalkozo\u0301i-Mentorprogram.png\",\"width\":773,\"height\":774},{\"@type\":\"BreadcrumbList\",\"@id\":\"https:\\\/\\\/seed.hu\\\/hirek\\\/mentorok-es-mentoraltak-1-a-tovabblepes-muvesze\\\/#breadcrumb\",\"itemListElement\":[{\"@type\":\"ListItem\",\"position\":1,\"name\":\"H\u00edrek\",\"item\":\"https:\\\/\\\/seed.hu\\\/hirek\\\/\"},{\"@type\":\"ListItem\",\"position\":2,\"name\":\"Mentorok \u00e9s mentor\u00e1ltak 1. &#8211; A tov\u00e1bbl\u00e9p\u00e9s m\u0171v\u00e9sze.\"}]},{\"@type\":\"WebSite\",\"@id\":\"https:\\\/\\\/seed.hu\\\/#website\",\"url\":\"https:\\\/\\\/seed.hu\\\/\",\"name\":\"Seed\",\"description\":\"\",\"potentialAction\":[{\"@type\":\"SearchAction\",\"target\":{\"@type\":\"EntryPoint\",\"urlTemplate\":\"https:\\\/\\\/seed.hu\\\/?s={search_term_string}\"},\"query-input\":{\"@type\":\"PropertyValueSpecification\",\"valueRequired\":true,\"valueName\":\"search_term_string\"}}],\"inLanguage\":\"en-US\"}]}<\/script>\n<!-- \/ Yoast SEO plugin. -->","yoast_head_json":{"title":"Mentorok \u00e9s mentor\u00e1ltak 1. - A tov\u00e1bbl\u00e9p\u00e9s m\u0171v\u00e9sze. - Seed","robots":{"index":"index","follow":"follow","max-snippet":"max-snippet:-1","max-image-preview":"max-image-preview:large","max-video-preview":"max-video-preview:-1"},"canonical":"https:\/\/seed.hu\/hirek\/mentorok-es-mentoraltak-1-a-tovabblepes-muvesze\/","og_locale":"en_US","og_type":"article","og_title":"Mentorok \u00e9s mentor\u00e1ltak 1. - A tov\u00e1bbl\u00e9p\u00e9s m\u0171v\u00e9sze. - Seed","og_description":"Mentorok \u00e9s mentor\u00e1ltak 1. A tov\u00e1bbl\u00e9p\u00e9s m\u0171v\u00e9sze. A semmib\u0151l \u00e9p\u00edtett kiterjedt \u00e9s sikeres c\u00e9gbirodalmat Nov\u00e1kn\u00e9 Gergely Vera, \u00e9s nem csak egyszer. B\u00e1rmi t\u00f6rt\u00e9nt is, \u0151 mindig el\u0151re n\u00e9zett, mindig volt a fej\u00e9ben egy B \u00e9s egy C terv is. Nagyon megviselte, amikor 10 \u00e9v egy\u00fcttm\u0171k\u00f6d\u00e9s ut\u00e1n az \u00fczlett\u00e1rsa kisemmizte, de ebb\u0151l az \u00fct\u00e9sb\u0151l is fel [&hellip;]","og_url":"https:\/\/seed.hu\/hirek\/mentorok-es-mentoraltak-1-a-tovabblepes-muvesze\/","og_site_name":"Seed","article_modified_time":"2022-01-19T19:07:12+00:00","og_image":[{"width":773,"height":774,"url":"https:\/\/seed.hu\/wp-content\/uploads\/2021\/04\/Orsza\u0301gos-Va\u0301llalkozo\u0301i-Mentorprogram.png","type":"image\/png"}],"twitter_card":"summary_large_image","twitter_misc":{"Est. reading time":"6 minutes"},"schema":{"@context":"https:\/\/schema.org","@graph":[{"@type":"WebPage","@id":"https:\/\/seed.hu\/hirek\/mentorok-es-mentoraltak-1-a-tovabblepes-muvesze\/","url":"https:\/\/seed.hu\/hirek\/mentorok-es-mentoraltak-1-a-tovabblepes-muvesze\/","name":"Mentorok \u00e9s mentor\u00e1ltak 1. - A tov\u00e1bbl\u00e9p\u00e9s m\u0171v\u00e9sze. - Seed","isPartOf":{"@id":"https:\/\/seed.hu\/#website"},"primaryImageOfPage":{"@id":"https:\/\/seed.hu\/hirek\/mentorok-es-mentoraltak-1-a-tovabblepes-muvesze\/#primaryimage"},"image":{"@id":"https:\/\/seed.hu\/hirek\/mentorok-es-mentoraltak-1-a-tovabblepes-muvesze\/#primaryimage"},"thumbnailUrl":"https:\/\/seed.hu\/wp-content\/uploads\/2021\/04\/Orsza\u0301gos-Va\u0301llalkozo\u0301i-Mentorprogram.png","datePublished":"2020-01-08T19:55:07+00:00","dateModified":"2022-01-19T19:07:12+00:00","breadcrumb":{"@id":"https:\/\/seed.hu\/hirek\/mentorok-es-mentoraltak-1-a-tovabblepes-muvesze\/#breadcrumb"},"inLanguage":"en-US","potentialAction":[{"@type":"ReadAction","target":["https:\/\/seed.hu\/hirek\/mentorok-es-mentoraltak-1-a-tovabblepes-muvesze\/"]}]},{"@type":"ImageObject","inLanguage":"en-US","@id":"https:\/\/seed.hu\/hirek\/mentorok-es-mentoraltak-1-a-tovabblepes-muvesze\/#primaryimage","url":"https:\/\/seed.hu\/wp-content\/uploads\/2021\/04\/Orsza\u0301gos-Va\u0301llalkozo\u0301i-Mentorprogram.png","contentUrl":"https:\/\/seed.hu\/wp-content\/uploads\/2021\/04\/Orsza\u0301gos-Va\u0301llalkozo\u0301i-Mentorprogram.png","width":773,"height":774},{"@type":"BreadcrumbList","@id":"https:\/\/seed.hu\/hirek\/mentorok-es-mentoraltak-1-a-tovabblepes-muvesze\/#breadcrumb","itemListElement":[{"@type":"ListItem","position":1,"name":"H\u00edrek","item":"https:\/\/seed.hu\/hirek\/"},{"@type":"ListItem","position":2,"name":"Mentorok \u00e9s mentor\u00e1ltak 1. &#8211; A tov\u00e1bbl\u00e9p\u00e9s m\u0171v\u00e9sze."}]},{"@type":"WebSite","@id":"https:\/\/seed.hu\/#website","url":"https:\/\/seed.hu\/","name":"Seed","description":"","potentialAction":[{"@type":"SearchAction","target":{"@type":"EntryPoint","urlTemplate":"https:\/\/seed.hu\/?s={search_term_string}"},"query-input":{"@type":"PropertyValueSpecification","valueRequired":true,"valueName":"search_term_string"}}],"inLanguage":"en-US"}]}},"_links":{"self":[{"href":"https:\/\/seed.hu\/en\/wp-json\/wp\/v2\/hirek\/924","targetHints":{"allow":["GET"]}}],"collection":[{"href":"https:\/\/seed.hu\/en\/wp-json\/wp\/v2\/hirek"}],"about":[{"href":"https:\/\/seed.hu\/en\/wp-json\/wp\/v2\/types\/hirek"}],"wp:featuredmedia":[{"embeddable":true,"href":"https:\/\/seed.hu\/en\/wp-json\/wp\/v2\/media\/338"}],"wp:attachment":[{"href":"https:\/\/seed.hu\/en\/wp-json\/wp\/v2\/media?parent=924"}],"curies":[{"name":"wp","href":"https:\/\/api.w.org\/{rel}","templated":true}]}}