{"id":925,"date":"2020-01-13T09:42:46","date_gmt":"2020-01-13T08:42:46","guid":{"rendered":"https:\/\/seed.hu\/?post_type=hirek&#038;p=925"},"modified":"2022-01-20T17:08:42","modified_gmt":"2022-01-20T16:08:42","slug":"mentorok-es-mentoraltak-2-ma-mar-lennenek-konkret-kerdeseim","status":"publish","type":"hirek","link":"https:\/\/seed.hu\/en\/hirek\/mentorok-es-mentoraltak-2-ma-mar-lennenek-konkret-kerdeseim\/","title":{"rendered":"Mentorok \u00e9s mentor\u00e1ltak 2. &#8211; \u201eMa m\u00e1r lenn\u00e9nek konkr\u00e9t k\u00e9rd\u00e9seim.\u201d"},"content":{"rendered":"<p><a href=\"https:\/\/seed.hu\/hirek\/mentorok-es-mentoraltak-jelentkezeset-varja-a-seed-alapitvany\/ovm\/\" rel=\"attachment wp-att-844\"><img loading=\"lazy\" decoding=\"async\" class=\"alignnone wp-image-844 size-full\" src=\"https:\/\/seed.hu\/wp-content\/uploads\/2022\/01\/OVM.png\" alt=\"\" width=\"601\" height=\"163\" srcset=\"https:\/\/seed.hu\/wp-content\/uploads\/2022\/01\/OVM.png 601w, https:\/\/seed.hu\/wp-content\/uploads\/2022\/01\/OVM-300x81.png 300w\" sizes=\"auto, (max-width: 601px) 100vw, 601px\" \/><\/a><\/p>\n<p><strong>Mentorok \u00e9s mentor\u00e1ltak 2.<\/strong><\/p>\n<p><strong>\u201eMa m\u00e1r lenn\u00e9nek konkr\u00e9t k\u00e9rd\u00e9seim.\u201d<\/strong><\/p>\n<p><img decoding=\"async\" style=\"width: 191px; height: 286px;\" src=\"https:\/\/seed.hu\/files\/attachments\/inline\/foto-molnar-anita-web.jpg\" alt=\"\" \/><\/p>\n<p><strong>\u00c9desapj\u00e1t\u00f3l vette \u00e1t a csal\u00e1di v\u00e1llalkoz\u00e1s vezet\u00e9s\u00e9t Moln\u00e1r Anita k\u00f6r\u00fclbel\u00fcl t\u00edz \u00e9vvel ezel\u0151tt.\u00a0 K\u00e9t-h\u00e1rom \u00e9ve volt m\u00e1r \u00fcgyvezet\u0151, amikor jelentkezett egy, a SEED Alap\u00edtv\u00e1ny \u00e1ltal menedzselt mentorprogramba. Akkor mindenr\u0151l szeretett volna tud\u00e1st, ismeretet szerezni, ami hozz\u00e1tartozik egy v\u00e1llalkoz\u00e1s m\u0171k\u00f6d\u00e9s\u00e9hez, k\u00fcl\u00f6n\u00f6sen az \u00e9rdekelte, hogy a n\u0151i v\u00e1llalkoz\u00f3k hogyan menedzselik a c\u00e9g\u00fcket. Ma m\u00e1r tudja, hogy konkr\u00e9t k\u00e9rd\u00e9sekre sz\u00fcletnek \u00e9rdemi v\u00e1laszok.<\/strong><\/p>\n<p><strong>Mivel foglalkozott a v\u00e1llalkoz\u00e1s, amelynek \u00e9l\u00e9r\u0151l jelentkezt\u00e9l a mentorprogramba?<\/strong><\/p>\n<p>Ugyanazzal, amivel ma, f\u0171szerpaprika-termel\u00e9ssel, -termeltet\u00e9ssel, -feldolgoz\u00e1ssal, -\u00e9rt\u00e9kes\u00edt\u00e9ssel. Ez egy csal\u00e1di v\u00e1llalkoz\u00e1s, amelyet \u00e9desap\u00e1m a 90-es \u00e9vek k\u00f6zep\u00e9n alap\u00edtott. \u00c9n 2008-ban csatlakoztam a c\u00e9ghez. \u00c9desap\u00e1m mellett nagyon sokat tanultam a szakm\u00e1r\u00f3l, a v\u00e1llalkoz\u00f3i vil\u00e1gr\u00f3l.<\/p>\n<p>A c\u00e9g\u00fcnk k\u00fcl\u00f6nlegess\u00e9ge, hogy a napi munka mellett m\u0171k\u00f6dtet\u00fcnk egy non-profit alapon \u00e1ll\u00f3 paprikat\u00f6rt\u00e9neti m\u00fazeumot is, amely a szegedi paprikakult\u00far\u00e1t mutatja be az \u00e9rdekl\u0151d\u0151knek. Azaz turisztik\u00e1val is foglalkozunk.<\/p>\n<p><strong>Te egy\u00e9bk\u00e9nt term\u00e9szetes m\u00f3don belen\u0151tt\u00e9l a v\u00e1llalkoz\u00e1sba: teh\u00e1t teljesen egy\u00e9rtelm\u0171 volt, hogy ha elj\u00f6n az ideje, \u00e1tveszed \u00e9desap\u00e1dt\u00f3l a staf\u00e9t\u00e1t?<\/strong><\/p>\n<p>Egy\u00e1ltal\u00e1n nem. A sz\u00fcleim a rendszerv\u00e1lt\u00e1s idej\u00e9n a 40-es \u00e9veikben j\u00e1rtak, teh\u00e1t \u00fajra\u00e9p\u00edtett\u00e9k a karrierj\u00fcket azzal, hogy a 90-es \u00e9vek k\u00f6zep\u00e9n megalap\u00edtott\u00e1k a c\u00e9get. \u00c9n is feln\u0151tt voltam m\u00e1r akkor, tan\u00e1rk\u00e9nt dolgoztam el\u00e9g sok\u00e1ig, majd a mag\u00e1nszf\u00e9r\u00e1ban folytattam a karrieremet. Amikor a v\u00e1llalkoz\u00e1s meger\u0151s\u00f6d\u00f6tt, \u00e9s felmer\u00fclt, hogy m\u00e9gis csak j\u00f3 lenne, ha lenne folytat\u00e1sa ennek a t\u00f6rt\u00e9netnek, akkor megbesz\u00e9lt\u00fck a testv\u00e9remmel, hogy \u00e9n megpr\u00f3b\u00e1lom tov\u00e1bbvinni a c\u00e9get. Addigra m\u00e1r megvolt a m\u00fazeum, \u00e9n azt menedzseltem, \u00e9s a sz\u00fcleim bizony\u00e1ra csak rem\u00e9lni mert\u00e9k, hogy egyszer majd a v\u00e1llalkoz\u00e1st is \u00e1tveszem.<\/p>\n<p><strong>Nagyon m\u00e1s lehet v\u00e1llalkoz\u00e1st vezetni, mint tan\u00edtani.<\/strong><\/p>\n<p>Igen m\u00e1s, de dolgoztam a mag\u00e1nszf\u00e9r\u00e1ban is, teh\u00e1t nem csak a k\u00f6zszf\u00e9ra \u00e1llapotait ismertem, a sz\u00fcleim pedig a rendszerv\u00e1lt\u00e1s ut\u00e1n szinte azonnal v\u00e1llalkoz\u00f3k lettek, de el\u0151tte is, a munka mellett mindig csin\u00e1ltak valamit. R\u00e1ad\u00e1sul \u0151k olyanok voltak, hogy ha nem ment az egyik dolog, akkor belev\u00e1gtak valami m\u00e1sba. Nem is \u00fajrakezdtek, hanem \u00fajraterveztek. K\u00f6zvetlen k\u00f6zelr\u0151l l\u00e1thattam, hogyan forog egy v\u00e1llalkoz\u00f3 ember agya. Persze t\u00e9nylegesen v\u00e1llalkoz\u00f3nak lenni az egy m\u00e1sik t\u00f6rt\u00e9net, de lelkileg fel voltam v\u00e9rtezve.<\/p>\n<p><strong>Mi\u00e9rt csatlakozt\u00e1l annak idej\u00e9n a SEED mentorprogramj\u00e1ba?<\/strong><\/p>\n<p>Szerettem volna min\u00e9l t\u00f6bbet megtudni a v\u00e1llalkoz\u00e1sok m\u0171k\u00f6d\u00e9s\u00e9r\u0151l, \u00e9s arr\u00f3l, hogy a n\u0151i v\u00e1llalkoz\u00f3k hogyan \u00e1llj\u00e1k meg a hely\u00fcket ebben a vil\u00e1gban. Az \u00e9rdekelt, hogy hasonl\u00f3 helyzetben l\u00e9v\u0151, hasonl\u00f3 kor\u00fa emberek, f\u0151leg n\u0151k, hogyan menedzselik a c\u00e9g\u00fcket. Nagyon szerettem volna megbesz\u00e9lni a probl\u00e9m\u00e1imat k\u00fcls\u0151s\u00f6kkel, nagyon szerettem volna, ha valaki k\u00edv\u00fclr\u0151l r\u00e1n\u00e9z a v\u00e1llalkoz\u00e1sunkra, \u00e9s elmondja, hogy mit l\u00e1t, legyen az a valaki b\u00e1r mentor vagy mentor\u00e1lt. Erre kiv\u00e1l\u00f3 lehet\u0151s\u00e9get ny\u00fajtott a SEED Alap\u00edtv\u00e1ny akkori mentorprogramja.<\/p>\n<p><strong>Tudatosan kerest\u00e9l mentorprogramot, vagy v\u00e9letlen\u00fcl akadt\u00e1l r\u00e1?<\/strong><\/p>\n<p>Nem szisztematikusan kerestem, de v\u00e9letlenek sincsenek, teh\u00e1t nyitott voltam arra, hogy \u201emegtal\u00e1ljon\u201d egy ilyen projekt. Pontosan nem eml\u00e9kszem, hogy milyen csatorn\u00e1n akadtam bele a programba, de azonnal jelentkeztem.<\/p>\n<p><strong>Mit v\u00e1rt\u00e1l a mentorodt\u00f3l?<\/strong><\/p>\n<p>Azt, hogy sokat besz\u00e9lgess\u00fcnk, hogy k\u00e9rdezzen \u00e9s \u00e9n is k\u00e9rdezhessem \u0151t. Nagyon k\u00edv\u00e1ncsi voltam arra, hogy milyennek l\u00e1tja valaki k\u00edv\u00fclr\u0151l a c\u00e9g\u00fcnket. Teljesen m\u00e1s ugyanis egy v\u00e1llalkoz\u00e1s akkor, ha benne vagy. Nem teszed fel azokat a k\u00e9rd\u00e9seket, amelyeket egy \u201eidegen\u201d tal\u00e1n m\u00e1r az els\u0151 tal\u00e1lkoz\u00e1s ut\u00e1n megk\u00e9rdez. Nemcsak a mentort\u00f3l tanultam azonban.<\/p>\n<p><strong>Hanem?<\/strong><\/p>\n<p>A program \u00fagy volt \u00f6sszerakva, hogy gyakran tal\u00e1lkoztak egym\u00e1ssal a r\u00e9szvev\u0151k k\u00fcl\u00f6nb\u00f6z\u0151 rendezv\u00e9nyeken. Sokat besz\u00e9lgett\u00fcnk egym\u00e1ssal, \u00e9p\u00edt\u0151 el\u0151ad\u00e1sokat hallgattunk, megl\u00e1togattuk a k\u00fcl\u00f6nb\u00f6z\u0151 mentorok v\u00e1llalkoz\u00e1sait. Ezek nagyszer\u0171 alkalmak voltak.<\/p>\n<p><strong>Voltak-e konkr\u00e9t probl\u00e9m\u00e1id, amelyekre v\u00e1laszt szerett\u00e9l volna kapni?<\/strong><\/p>\n<p>\u00c9n nem konkr\u00e9t probl\u00e9m\u00e1kkal \u00e9rkeztem. Egy v\u00e1llalkoz\u00e1s m\u0171k\u00f6dtet\u00e9s\u00e9nek minden szelete \u00e9rdekelt: a gy\u00e1rt\u00e1si technol\u00f3gia, a vezet\u00e9s, a kereskedelem. Neh\u00e9z lett volna konkr\u00e9tan megfogalmazni, hogy mire is v\u00e1rtam volna v\u00e1laszt. Ma m\u00e1r tudom, hogy a j\u00f3 k\u00e9rd\u00e9sre tud \u00e9rkezni a j\u00f3 v\u00e1lasz. Egy j\u00f3 mentor-mentor\u00e1lt kapcsolat nyitja, ha az ember felk\u00e9sz\u00fcl az alkalmakra, \u00e9s t\u0171pontos k\u00e9rd\u00e9sei vannak. Ez egy nagyon bizalmi kapcsolat, hiszen itt mindenr\u0151l kell besz\u00e9lni: p\u00e9nz\u00fcgyi k\u00e9rd\u00e9sekr\u0151l, emberi helyzetekr\u0151l. \u00a0Nem voltak teh\u00e1t akkor konkr\u00e9t k\u00e9rd\u00e9seim. Ma m\u00e1r lenn\u00e9nek.<\/p>\n<p><strong>Ha most visszatekintesz, mit adott neked az a mentorprogram?<\/strong><\/p>\n<p>El\u0151sz\u00f6r is adott k\u00e9t bar\u00e1tn\u0151t, akikkel m\u00e1ig \u00f6sszej\u00e1runk. Nekem egy\u00e9bk\u00e9nt ez volt az els\u0151 ilyen program, amiben r\u00e9szt vettem, \u00e9s felkeltette az \u00e9rdekl\u0151d\u00e9semet hasonl\u00f3 programok, hasonl\u00f3 jelleg\u0171 k\u00e9pz\u00e9sek ir\u00e1nt. Volt egy kiv\u00e1l\u00f3 egy\u00fcttm\u0171k\u00f6d\u0151 partner ebben a projektben, Bard\u00f3czy Zsuzsa tr\u00e9ner, tan\u00e1csad\u00f3, kommunik\u00e1ci\u00f3s szakember, aki olyan nagy hat\u00e1ssal volt r\u00e1m, hogy k\u00e9s\u0151bb r\u00e9szt is vettem egy k\u00e9pz\u00e9s\u00e9ben, \u00e9s tudatosan kezdtem keresni vezet\u0151k\u00e9pz\u0151 programokat, el\u0151ad\u00e1sokat. Val\u00f3sz\u00edn\u0171leg az\u00e9rt tetszett nekem annyira, amit Zsuzsa mondott, mert \u00e9n nem voltam kor\u00e1bban vezet\u0151, a v\u00e1llalkoz\u00e1sban viszont vezetnem kellett az embereket, r\u00e1ad\u00e1sul f\u00e9rfiakat, \u00e9s kezdetben nagyon bizonytalan voltam, \u00fagy \u00e9reztem, csak egy b\u00e1b vagyok. Az \u0151 el\u0151ad\u00e1sa, majd tr\u00e9ningje ahhoz adott fog\u00f3dz\u00f3t, hogy egy csapat val\u00f3di vezet\u0151j\u00e9v\u00e9 v\u00e1ljak. Ha egyetlen mondatban akarn\u00e1m \u00f6sszefoglalni, mit kaptam a SEED Alap\u00edtv\u00e1ny akkori mentorprogramj\u00e1t\u00f3l: kinyitott arra, hogy konkr\u00e9t k\u00e9rd\u00e9sek ment\u00e9n r\u00e9szt vegyek tov\u00e1bbi tr\u00e9ningeken, k\u00e9pz\u00e9seken, szakmai programokon.<\/p>\n<p><em>Bogn\u00e1r K\u00e1roly<\/em><\/p>\n","protected":false},"featured_media":338,"menu_order":0,"template":"","meta":{"_acf_changed":false},"class_list":["post-925","hirek","type-hirek","status-publish","has-post-thumbnail","hentry"],"acf":[],"yoast_head":"<!-- This site is optimized with the Yoast SEO plugin v27.4 - https:\/\/yoast.com\/product\/yoast-seo-wordpress\/ -->\n<title>Mentorok \u00e9s mentor\u00e1ltak 2. - \u201eMa m\u00e1r lenn\u00e9nek konkr\u00e9t k\u00e9rd\u00e9seim.\u201d - Seed<\/title>\n<meta name=\"robots\" content=\"index, follow, max-snippet:-1, max-image-preview:large, max-video-preview:-1\" \/>\n<link rel=\"canonical\" href=\"https:\/\/seed.hu\/hirek\/mentorok-es-mentoraltak-2-ma-mar-lennenek-konkret-kerdeseim\/\" \/>\n<meta property=\"og:locale\" content=\"en_US\" \/>\n<meta property=\"og:type\" content=\"article\" \/>\n<meta property=\"og:title\" content=\"Mentorok \u00e9s mentor\u00e1ltak 2. - \u201eMa m\u00e1r lenn\u00e9nek konkr\u00e9t k\u00e9rd\u00e9seim.\u201d - Seed\" \/>\n<meta property=\"og:description\" content=\"Mentorok \u00e9s mentor\u00e1ltak 2. \u201eMa m\u00e1r lenn\u00e9nek konkr\u00e9t k\u00e9rd\u00e9seim.\u201d \u00c9desapj\u00e1t\u00f3l vette \u00e1t a csal\u00e1di v\u00e1llalkoz\u00e1s vezet\u00e9s\u00e9t Moln\u00e1r Anita k\u00f6r\u00fclbel\u00fcl t\u00edz \u00e9vvel ezel\u0151tt.\u00a0 K\u00e9t-h\u00e1rom \u00e9ve volt m\u00e1r \u00fcgyvezet\u0151, amikor jelentkezett egy, a SEED Alap\u00edtv\u00e1ny \u00e1ltal menedzselt mentorprogramba. Akkor mindenr\u0151l szeretett volna tud\u00e1st, ismeretet szerezni, ami hozz\u00e1tartozik egy v\u00e1llalkoz\u00e1s m\u0171k\u00f6d\u00e9s\u00e9hez, k\u00fcl\u00f6n\u00f6sen az \u00e9rdekelte, hogy a n\u0151i v\u00e1llalkoz\u00f3k [&hellip;]\" \/>\n<meta property=\"og:url\" content=\"https:\/\/seed.hu\/hirek\/mentorok-es-mentoraltak-2-ma-mar-lennenek-konkret-kerdeseim\/\" \/>\n<meta property=\"og:site_name\" content=\"Seed\" \/>\n<meta property=\"article:modified_time\" content=\"2022-01-20T16:08:42+00:00\" \/>\n<meta property=\"og:image\" content=\"https:\/\/seed.hu\/wp-content\/uploads\/2021\/04\/Orsza\u0301gos-Va\u0301llalkozo\u0301i-Mentorprogram.png\" \/>\n\t<meta property=\"og:image:width\" content=\"773\" \/>\n\t<meta property=\"og:image:height\" content=\"774\" \/>\n\t<meta property=\"og:image:type\" content=\"image\/png\" \/>\n<meta name=\"twitter:card\" content=\"summary_large_image\" \/>\n<meta name=\"twitter:label1\" content=\"Est. reading time\" \/>\n\t<meta name=\"twitter:data1\" content=\"6 minutes\" \/>\n<script type=\"application\/ld+json\" class=\"yoast-schema-graph\">{\"@context\":\"https:\\\/\\\/schema.org\",\"@graph\":[{\"@type\":\"WebPage\",\"@id\":\"https:\\\/\\\/seed.hu\\\/hirek\\\/mentorok-es-mentoraltak-2-ma-mar-lennenek-konkret-kerdeseim\\\/\",\"url\":\"https:\\\/\\\/seed.hu\\\/hirek\\\/mentorok-es-mentoraltak-2-ma-mar-lennenek-konkret-kerdeseim\\\/\",\"name\":\"Mentorok \u00e9s mentor\u00e1ltak 2. - \u201eMa m\u00e1r lenn\u00e9nek konkr\u00e9t k\u00e9rd\u00e9seim.\u201d - Seed\",\"isPartOf\":{\"@id\":\"https:\\\/\\\/seed.hu\\\/#website\"},\"primaryImageOfPage\":{\"@id\":\"https:\\\/\\\/seed.hu\\\/hirek\\\/mentorok-es-mentoraltak-2-ma-mar-lennenek-konkret-kerdeseim\\\/#primaryimage\"},\"image\":{\"@id\":\"https:\\\/\\\/seed.hu\\\/hirek\\\/mentorok-es-mentoraltak-2-ma-mar-lennenek-konkret-kerdeseim\\\/#primaryimage\"},\"thumbnailUrl\":\"https:\\\/\\\/seed.hu\\\/wp-content\\\/uploads\\\/2021\\\/04\\\/Orsza\u0301gos-Va\u0301llalkozo\u0301i-Mentorprogram.png\",\"datePublished\":\"2020-01-13T08:42:46+00:00\",\"dateModified\":\"2022-01-20T16:08:42+00:00\",\"breadcrumb\":{\"@id\":\"https:\\\/\\\/seed.hu\\\/hirek\\\/mentorok-es-mentoraltak-2-ma-mar-lennenek-konkret-kerdeseim\\\/#breadcrumb\"},\"inLanguage\":\"en-US\",\"potentialAction\":[{\"@type\":\"ReadAction\",\"target\":[\"https:\\\/\\\/seed.hu\\\/hirek\\\/mentorok-es-mentoraltak-2-ma-mar-lennenek-konkret-kerdeseim\\\/\"]}]},{\"@type\":\"ImageObject\",\"inLanguage\":\"en-US\",\"@id\":\"https:\\\/\\\/seed.hu\\\/hirek\\\/mentorok-es-mentoraltak-2-ma-mar-lennenek-konkret-kerdeseim\\\/#primaryimage\",\"url\":\"https:\\\/\\\/seed.hu\\\/wp-content\\\/uploads\\\/2021\\\/04\\\/Orsza\u0301gos-Va\u0301llalkozo\u0301i-Mentorprogram.png\",\"contentUrl\":\"https:\\\/\\\/seed.hu\\\/wp-content\\\/uploads\\\/2021\\\/04\\\/Orsza\u0301gos-Va\u0301llalkozo\u0301i-Mentorprogram.png\",\"width\":773,\"height\":774},{\"@type\":\"BreadcrumbList\",\"@id\":\"https:\\\/\\\/seed.hu\\\/hirek\\\/mentorok-es-mentoraltak-2-ma-mar-lennenek-konkret-kerdeseim\\\/#breadcrumb\",\"itemListElement\":[{\"@type\":\"ListItem\",\"position\":1,\"name\":\"H\u00edrek\",\"item\":\"https:\\\/\\\/seed.hu\\\/hirek\\\/\"},{\"@type\":\"ListItem\",\"position\":2,\"name\":\"Mentorok \u00e9s mentor\u00e1ltak 2. &#8211; \u201eMa m\u00e1r lenn\u00e9nek konkr\u00e9t k\u00e9rd\u00e9seim.\u201d\"}]},{\"@type\":\"WebSite\",\"@id\":\"https:\\\/\\\/seed.hu\\\/#website\",\"url\":\"https:\\\/\\\/seed.hu\\\/\",\"name\":\"Seed\",\"description\":\"\",\"potentialAction\":[{\"@type\":\"SearchAction\",\"target\":{\"@type\":\"EntryPoint\",\"urlTemplate\":\"https:\\\/\\\/seed.hu\\\/?s={search_term_string}\"},\"query-input\":{\"@type\":\"PropertyValueSpecification\",\"valueRequired\":true,\"valueName\":\"search_term_string\"}}],\"inLanguage\":\"en-US\"}]}<\/script>\n<!-- \/ Yoast SEO plugin. -->","yoast_head_json":{"title":"Mentorok \u00e9s mentor\u00e1ltak 2. - \u201eMa m\u00e1r lenn\u00e9nek konkr\u00e9t k\u00e9rd\u00e9seim.\u201d - Seed","robots":{"index":"index","follow":"follow","max-snippet":"max-snippet:-1","max-image-preview":"max-image-preview:large","max-video-preview":"max-video-preview:-1"},"canonical":"https:\/\/seed.hu\/hirek\/mentorok-es-mentoraltak-2-ma-mar-lennenek-konkret-kerdeseim\/","og_locale":"en_US","og_type":"article","og_title":"Mentorok \u00e9s mentor\u00e1ltak 2. - \u201eMa m\u00e1r lenn\u00e9nek konkr\u00e9t k\u00e9rd\u00e9seim.\u201d - Seed","og_description":"Mentorok \u00e9s mentor\u00e1ltak 2. \u201eMa m\u00e1r lenn\u00e9nek konkr\u00e9t k\u00e9rd\u00e9seim.\u201d \u00c9desapj\u00e1t\u00f3l vette \u00e1t a csal\u00e1di v\u00e1llalkoz\u00e1s vezet\u00e9s\u00e9t Moln\u00e1r Anita k\u00f6r\u00fclbel\u00fcl t\u00edz \u00e9vvel ezel\u0151tt.\u00a0 K\u00e9t-h\u00e1rom \u00e9ve volt m\u00e1r \u00fcgyvezet\u0151, amikor jelentkezett egy, a SEED Alap\u00edtv\u00e1ny \u00e1ltal menedzselt mentorprogramba. Akkor mindenr\u0151l szeretett volna tud\u00e1st, ismeretet szerezni, ami hozz\u00e1tartozik egy v\u00e1llalkoz\u00e1s m\u0171k\u00f6d\u00e9s\u00e9hez, k\u00fcl\u00f6n\u00f6sen az \u00e9rdekelte, hogy a n\u0151i v\u00e1llalkoz\u00f3k [&hellip;]","og_url":"https:\/\/seed.hu\/hirek\/mentorok-es-mentoraltak-2-ma-mar-lennenek-konkret-kerdeseim\/","og_site_name":"Seed","article_modified_time":"2022-01-20T16:08:42+00:00","og_image":[{"width":773,"height":774,"url":"https:\/\/seed.hu\/wp-content\/uploads\/2021\/04\/Orsza\u0301gos-Va\u0301llalkozo\u0301i-Mentorprogram.png","type":"image\/png"}],"twitter_card":"summary_large_image","twitter_misc":{"Est. reading time":"6 minutes"},"schema":{"@context":"https:\/\/schema.org","@graph":[{"@type":"WebPage","@id":"https:\/\/seed.hu\/hirek\/mentorok-es-mentoraltak-2-ma-mar-lennenek-konkret-kerdeseim\/","url":"https:\/\/seed.hu\/hirek\/mentorok-es-mentoraltak-2-ma-mar-lennenek-konkret-kerdeseim\/","name":"Mentorok \u00e9s mentor\u00e1ltak 2. - \u201eMa m\u00e1r lenn\u00e9nek konkr\u00e9t k\u00e9rd\u00e9seim.\u201d - Seed","isPartOf":{"@id":"https:\/\/seed.hu\/#website"},"primaryImageOfPage":{"@id":"https:\/\/seed.hu\/hirek\/mentorok-es-mentoraltak-2-ma-mar-lennenek-konkret-kerdeseim\/#primaryimage"},"image":{"@id":"https:\/\/seed.hu\/hirek\/mentorok-es-mentoraltak-2-ma-mar-lennenek-konkret-kerdeseim\/#primaryimage"},"thumbnailUrl":"https:\/\/seed.hu\/wp-content\/uploads\/2021\/04\/Orsza\u0301gos-Va\u0301llalkozo\u0301i-Mentorprogram.png","datePublished":"2020-01-13T08:42:46+00:00","dateModified":"2022-01-20T16:08:42+00:00","breadcrumb":{"@id":"https:\/\/seed.hu\/hirek\/mentorok-es-mentoraltak-2-ma-mar-lennenek-konkret-kerdeseim\/#breadcrumb"},"inLanguage":"en-US","potentialAction":[{"@type":"ReadAction","target":["https:\/\/seed.hu\/hirek\/mentorok-es-mentoraltak-2-ma-mar-lennenek-konkret-kerdeseim\/"]}]},{"@type":"ImageObject","inLanguage":"en-US","@id":"https:\/\/seed.hu\/hirek\/mentorok-es-mentoraltak-2-ma-mar-lennenek-konkret-kerdeseim\/#primaryimage","url":"https:\/\/seed.hu\/wp-content\/uploads\/2021\/04\/Orsza\u0301gos-Va\u0301llalkozo\u0301i-Mentorprogram.png","contentUrl":"https:\/\/seed.hu\/wp-content\/uploads\/2021\/04\/Orsza\u0301gos-Va\u0301llalkozo\u0301i-Mentorprogram.png","width":773,"height":774},{"@type":"BreadcrumbList","@id":"https:\/\/seed.hu\/hirek\/mentorok-es-mentoraltak-2-ma-mar-lennenek-konkret-kerdeseim\/#breadcrumb","itemListElement":[{"@type":"ListItem","position":1,"name":"H\u00edrek","item":"https:\/\/seed.hu\/hirek\/"},{"@type":"ListItem","position":2,"name":"Mentorok \u00e9s mentor\u00e1ltak 2. &#8211; \u201eMa m\u00e1r lenn\u00e9nek konkr\u00e9t k\u00e9rd\u00e9seim.\u201d"}]},{"@type":"WebSite","@id":"https:\/\/seed.hu\/#website","url":"https:\/\/seed.hu\/","name":"Seed","description":"","potentialAction":[{"@type":"SearchAction","target":{"@type":"EntryPoint","urlTemplate":"https:\/\/seed.hu\/?s={search_term_string}"},"query-input":{"@type":"PropertyValueSpecification","valueRequired":true,"valueName":"search_term_string"}}],"inLanguage":"en-US"}]}},"_links":{"self":[{"href":"https:\/\/seed.hu\/en\/wp-json\/wp\/v2\/hirek\/925","targetHints":{"allow":["GET"]}}],"collection":[{"href":"https:\/\/seed.hu\/en\/wp-json\/wp\/v2\/hirek"}],"about":[{"href":"https:\/\/seed.hu\/en\/wp-json\/wp\/v2\/types\/hirek"}],"wp:featuredmedia":[{"embeddable":true,"href":"https:\/\/seed.hu\/en\/wp-json\/wp\/v2\/media\/338"}],"wp:attachment":[{"href":"https:\/\/seed.hu\/en\/wp-json\/wp\/v2\/media?parent=925"}],"curies":[{"name":"wp","href":"https:\/\/api.w.org\/{rel}","templated":true}]}}