{"id":926,"date":"2020-01-16T09:38:51","date_gmt":"2020-01-16T08:38:51","guid":{"rendered":"https:\/\/seed.hu\/?post_type=hirek&#038;p=926"},"modified":"2022-01-20T17:10:03","modified_gmt":"2022-01-20T16:10:03","slug":"mentorok-es-mentoraltak-3-ha-valamit-elkezdek-azt-vegig-is-csinalom","status":"publish","type":"hirek","link":"https:\/\/seed.hu\/en\/hirek\/mentorok-es-mentoraltak-3-ha-valamit-elkezdek-azt-vegig-is-csinalom\/","title":{"rendered":"Mentorok \u00e9s mentor\u00e1ltak 3. &#8211; \u201eHa valamit elkezdek, azt v\u00e9gig is csin\u00e1lom!\u201d"},"content":{"rendered":"<p><a href=\"https:\/\/seed.hu\/hirek\/mentorok-es-mentoraltak-jelentkezeset-varja-a-seed-alapitvany\/ovm\/\" rel=\"attachment wp-att-844\"><img loading=\"lazy\" decoding=\"async\" class=\"alignnone wp-image-844 size-full\" src=\"https:\/\/seed.hu\/wp-content\/uploads\/2022\/01\/OVM.png\" alt=\"\" width=\"601\" height=\"163\" srcset=\"https:\/\/seed.hu\/wp-content\/uploads\/2022\/01\/OVM.png 601w, https:\/\/seed.hu\/wp-content\/uploads\/2022\/01\/OVM-300x81.png 300w\" sizes=\"auto, (max-width: 601px) 100vw, 601px\" \/><\/a><\/p>\n<p><strong>Mentorok \u00e9s mentor\u00e1ltak 3.<br \/>\n\u201eHa valamit elkezdek, azt v\u00e9gig is csin\u00e1lom!\u201d<\/strong><\/p>\n<p><strong><img decoding=\"async\" style=\"width: 191px; height: 300px;\" src=\"https:\/\/seed.hu\/files\/attachments\/inline\/3-foto-toth-andrea-web.jpg\" alt=\"\" \/><\/strong><\/p>\n<p><strong>Dinamikus, hat\u00e1rozott, szoci\u00e1lisan \u00e9rz\u00e9keny n\u0151, igazi v\u00e1llalkoz\u00f3 alkat, T\u00f3th Andrea. H\u00e1rom gyermeket nevel, sz\u00e1mos v\u00e1llalkoz\u00e1st igazgat, \u00e9s imm\u00e1r a m\u00e1sodik mentorprogramban vesz r\u00e9szt mentork\u00e9nt. Amikor arr\u00f3l k\u00e9rdezem, hogyan tud, hogyan tudott megfelelni ennek a sokf\u00e9le ig\u00e9nynek, k\u00f6vetelm\u00e9nynek, feladatnak azt v\u00e1laszolja: \u201eHa azt csin\u00e1lhatom, amit szeretek, az nem energi\u00e1t vesz el t\u0151lem, hanem energi\u00e1t ad.\u201d<\/strong><\/p>\n<p><strong>A te habitusoddal volt\u00e1l valaha is alkalmazott?<\/strong><\/p>\n<p>Voltam, de csak nagyon r\u00f6vid ideig. Az eg\u00e9szs\u00e9g\u00fcgyben kezdtem a p\u00e1ly\u00e1mat, sz\u00fcl\u00e9szn\u0151k\u00e9nt, de ez a peri\u00f3dus nagyon r\u00f6vid ideig tartott. A p\u00e1lyav\u00e1laszt\u00e1som nem a v\u00e9letlen m\u0171ve volt: nagyon szeretem a gyerekeket, van bennem egy er\u0151s szoci\u00e1lis \u00e9rz\u00e9kenys\u00e9g, \u00e9s azt gondoltam, hogy ez m\u0171k\u00f6dhet, hogy majd \u00e9n megv\u00e1ltom a vil\u00e1got. Azut\u00e1n be\u00fct\u00f6tt a val\u00f3s\u00e1g, vagy m\u00e1shogyan fogalmazva, j\u00f6tt a matek. Nyilv\u00e1n kell az \u00e9rzelem, de a sz\u00e1mok jel\u00f6lik ki az ir\u00e1nyt. Amikor k\u00e9zhez kaptam az els\u0151 fizet\u00e9semet, megk\u00e9rdeztem az akkori f\u0151n\u00f6k\u00f6mt\u0151l, hogy ezt a p\u00e9nzt hetente vagy naponta fogom megkapni, mert az meg sem fordult fejemben, hogy ennyi p\u00e9nz\u00e9rt egy h\u00f3napig kell dolgozni. Amikor azt mondta, hogy havonta, akkor m\u00e1r tudtam, hogy ez \u00edgy nekem nem lesz j\u00f3. Augusztus v\u00e9g\u00e9n kezdtem el dolgozni, \u00e9s szeptemberben m\u00e1r tanultam is tov\u00e1bb, kereskedelmet, p\u00e9nz\u00fcgyet, sz\u00e1mvitelt.<\/p>\n<p><strong>K\u00f6zben az\u00e9rt m\u00e9g dolgozt\u00e1l?<\/strong><\/p>\n<p>K\u00e9t \u00e9vet h\u00faztam le \u00fagy, hogy \u00e9jszaka dolgoztam, nappal pedig az iskolapadban \u00fcltem. \u00cdgy kezdtem el a vend\u00e9gl\u00e1t\u00f3-ipari f\u0151iskol\u00e1t, majd folytattam k\u00e9s\u0151bb a p\u00e9nz\u00fcgy \u00e9s sz\u00e1mvitellel, valamint a K\u00f6zg\u00e1zzal.<\/p>\n<p><strong>Ebb\u0151l is l\u00e1tszik, hogy el\u00e9g elsz\u00e1nt ember vagy.<\/strong><\/p>\n<p>N\u00e1lam alap, hogy ha valamit elkezdek, azt v\u00e9gig is csin\u00e1lom. M\u00e9g akkor is, ha tudom, hogy nem felt\u00e9tlen\u00fcl azon a p\u00e1ly\u00e1n fogok tov\u00e1bbmenni. Amit tanulok, amit elv\u00e9gzek, az mindenk\u00e9ppen hozz\u00e1adand\u00f3 \u00e9rt\u00e9k, nem pedig kivonand\u00f3. Ebben a szellemben nevelem a gyerekeimet is.<\/p>\n<p><strong>Hogyan vezetett tov\u00e1bb az utad a v\u00e1llalkoz\u00f3i szf\u00e9r\u00e1ba? Az els\u0151 l\u00e9p\u00e9s az, hogy k\u00f6sz\u00f6n\u00f6m, ezt nem. A m\u00e1sodik, magadba n\u00e9zel, \u00e9s azt mondod, ez \u00e9rdekel, ezt tanulom. Ezt sokan megtehetik, \u00e9s biztosan meg is teszik, m\u00e9gsem lesznek v\u00e1llalkoz\u00f3k.<\/strong><\/p>\n<p>Nagyon massz\u00edv keresked\u0151 csal\u00e1db\u00f3l sz\u00e1rmazom, anyuk\u00e1m \u00c1F\u00c9SZ-es volt. Mi mindig adtunk-vett\u00fcnk valamit, de alapvet\u0151en z\u00f6lds\u00e9get \u00e9s gy\u00fcm\u00f6lcs\u00f6t export\u00e1ltunk, import\u00e1ltunk. N\u00e1lunk \u00e1lland\u00f3an jelen volt az \u00fczlet, az alapokat teh\u00e1t az anyatejjel sz\u00edvtam magamba. Persze, az ember 18 \u00e9s 20 k\u00f6z\u00f6tt \u00fagy gondolja, hogy az \u00f6nmegval\u00f3s\u00edt\u00e1s a fontos, \u00e9s majd \u0151 megmutatja. Ez\u00e9rt akartam eleinte valami m\u00e1st csin\u00e1lni.<\/p>\n<p><strong>Hogyan v\u00e1lasztottad meg a tanulm\u00e1nyaidat?<\/strong><\/p>\n<p>Mivel kommunikat\u00edv vagyok, szeretem az embereket, ismerem a szem\u00e9lyis\u00e9gt\u00edpusomat, ismerem magam, egy\u00e9rtelm\u0171 volt, hogy nem valamilyen m\u00e9rn\u00f6ki p\u00e1ly\u00e1ra fogok menni. Az \u00f6nismeret az\u00e9rt nagyon fontos, mert olyan p\u00e1ly\u00e1t kell v\u00e1lasztani, amiben az ember j\u00f3l \u00e9rzi mag\u00e1t, ami energi\u00e1t ad, \u00e9s nem energi\u00e1t visz el. \u00cdgy akkor sem vagy enerv\u00e1lt, amikor befejezed a munk\u00e1t, \u00e9s hazam\u00e9sz a csal\u00e1dodhoz. Elj\u00f6n az a pillanat is, ha figyelsz magadra, amikor a negat\u00edv \u00e9lm\u00e9nyeket is pozit\u00edv energi\u00e1ba tudod ford\u00edtani. Te leszel \u00f6nmagad energiaforr\u00e1sa.<\/p>\n<p><strong>K\u00e9t \u00e9v ut\u00e1n gondolom, a sz\u00fcl\u0151i h\u00e1z t\u00e1rt kapukkal v\u00e1rta vissza a \u201et\u00e9kozl\u00f3 le\u00e1nyt\u201d.<\/strong><\/p>\n<p>Igen, be\u00e1lltam anyuk\u00e1m v\u00e1llalkoz\u00e1s\u00e1ba. Egy id\u0151 ut\u00e1n kider\u00fclt, hogy b\u00e1rmennyire elsz\u00e1nt vagyok is, nem lehet mindent egyszerre v\u00e9ghezvinni, ez\u00e9rt az utols\u00f3 k\u00e9t f\u0151iskolai \u00e9vet nappalin v\u00e9geztem el. B\u00e1rmit csin\u00e1ltam is azonban, mindig dolgoztam mellette. El\u0151sz\u00f6r p\u00e9ld\u00e1ul meggyet export\u00e1ltam N\u00e9metorsz\u00e1gba.<\/p>\n<p>Ezut\u00e1n pedig j\u00f6ttek sorban a saj\u00e1t c\u00e9gek, v\u00e1llalkoz\u00e1sok. A mostan\u00e1ig m\u0171k\u00f6d\u0151 z\u00f6lds\u00e9g-gy\u00fcm\u00f6lcs export-import v\u00e1llalkoz\u00e1som mellett van h\u00e1rom vend\u00e9gl\u00e1t\u00f3helyem, egy lott\u00f3z\u00f3m \u00e9s egy k\u00f6nyvel\u0151-p\u00e1ly\u00e1zat\u00edr\u00f3 c\u00e9gem.<\/p>\n<p><strong>A f\u00e9rjed is v\u00e1llalkoz\u00f3. Neki is seg\u00edtesz a munk\u00e1ban?<\/strong><\/p>\n<p>\u00c9n a f\u00e9rjem c\u00e9g\u00e9ben nem dolgozom, teljesen sz\u00e9tv\u00e1lasztjuk a v\u00e1llalkoz\u00e1sainkat. Term\u00e9szetesen az \u00e9n c\u00e9gem ny\u00fajt az \u00f6v\u00e9nek szolg\u00e1ltat\u00e1sokat, k\u00f6nyvel\u00fcnk, p\u00e1ly\u00e1zatokat \u00edrunk neki.<\/p>\n<p><strong>Ennyi munka, feladat mellett mi\u00e9rt d\u00f6nt\u00f6tt\u00e9l \u00fagy a m\u00faltban \u00e9s most is, hogy r\u00e9szt veszel olyan programokban, amelyekben m\u00e1s v\u00e1llalkoz\u00f3knak tudsz seg\u00edteni, \u00e9s hogy van m\u00e9g erre is id\u0151d?<\/strong><\/p>\n<p>\u00dagy gondolom, hogy ha az ember kap valamit, akkor abb\u00f3l vissza is kell adnia. Nem lehet mindig csak kapni. Ez motiv\u00e1lt 2011-ben, amikor a MENTOR-NET programba jelentkeztem, \u00e9s ez motiv\u00e1lt most is. Nem is volt sz\u00e1momra k\u00e9rd\u00e9s, hogy j\u00f6v\u00f6k \u00e9s csin\u00e1lom.<\/p>\n<p>A k\u00e9rd\u00e9s m\u00e1sodik r\u00e9sz\u00e9re pedig azt tudom v\u00e1laszolni, hogy egy j\u00f3l fel\u00e9p\u00edtett v\u00e1llalkoz\u00e1s a vezet\u0151je mindennapi r\u00e9szv\u00e9tele n\u00e9lk\u00fcl is tud m\u0171k\u00f6dni. \u00c9n mindig is abban a tudatban igyekeztem kiv\u00e1lasztani a munkat\u00e1rsaimat, hogy el\u0151bb-ut\u00f3bb deleg\u00e1lni fogom nekik a feladataim egy r\u00e9sz\u00e9t. Ugyanakkor ez nem annyira k\u00f6nny\u0171, mert er\u0151sen ellene dolgozik az ego. A magyar kkv-szektorban sokan vannak, akik a legkisebb d\u00f6nt\u00e9st is maguk szeretik meghozni. \u00c9n nem ilyen vagyok. Alacsony ego, magas szakmai al\u00e1zat \u2013 ez vez\u00e9rel.<\/p>\n<p><strong>Az tud deleg\u00e1lni, aki megb\u00edzik a m\u00e1sikban. A bizalom a mentor\u00e1l\u00e1si folyamatnak is alapja.<\/strong><\/p>\n<p>Nagyon hamar megtanultam deleg\u00e1lni, \u00e9s az\u00e9rt helyeztem a szakmai kompetencia mellett nagy s\u00falyt az emberismeretre, mert annak seg\u00edts\u00e9g\u00e9vel tudtam j\u00f3 embereket magam mell\u00e9 \u00e1ll\u00edtani. Term\u00e9szetesen a mentorprogramban is rendk\u00edv\u00fcl fontosnak tartom a bizalom megalapoz\u00e1s\u00e1t \u00e9s fenntart\u00e1s\u00e1t.<\/p>\n<p><strong>Egy v\u00e1llalkoz\u00f3 \u00e9let\u00e9ben \u00f3hatatlanul vannak kudarcok is, amelyekb\u0151l sokat lehet tanulni. Te mit gondolsz a kudarcr\u00f3l?<\/strong><\/p>\n<p>A siker kiford\u00edtott kab\u00e1tja a kudarc. Amikor persze benne vagy, nem \u00edgy fogod meg\u00e9lni. Az emberek nem szeretik a kudarcot, \u00e9n sem. Ett\u0151l f\u00fcggetlen\u00fcl az van, de az a fontos, hogy a sikereid sz\u00e1mosabbak legyenek. Persze az is k\u00e9rd\u00e9s, hogy ki mit tart sikernek. A v\u00e1llalkoz\u00e1sban a matematik\u00e1nak mindenk\u00e9ppen al\u00e1 kell t\u00e1masztania a sikerr\u0151l alkotott elk\u00e9pzel\u00e9sedet. A mag\u00e1n\u00e9letben a siker a csal\u00e1d, a gyerekek, az, hogy hogyan \u00e9rzed magad a mindennapokban, hogyan reag\u00e1lsz helyzetekre, hogyan viseled a konfliktust, hogyan b\u00e1nsz emberekkel. \u00c9n nem akartam olyan v\u00e1llalkoz\u00f3n\u0151 lenni, aki szakmailag nagyon j\u00f3, emberileg viszont nem sikeres: nincs m\u00f6g\u00f6tte csal\u00e1d, nincsenek m\u00f6g\u00f6tte j\u00f3 emberek. Nekem a mindennapok kis sikereib\u0151l \u00e1ll \u00f6ssze a SIKER.<\/p>\n<p><strong>Hogyan lehet h\u00e1rom gyerek mellett ilyen j\u00f3l teljes\u00edteni a szakmai \u00e9letben?<\/strong><\/p>\n<p>Egyr\u00e9szt nagyon fontos az id\u0151z\u00edt\u00e9s. Tudnod kell, hogy mit akarsz el\u00e9rni a v\u00e1llalkoz\u00e1saiddal, hogy melyik \u00e9ppen milyen f\u00e1zisban van, hogy akarsz-e egy \u00fajabb projektet bev\u00e1llalni vagy sem. \u00c9n ezeket alaposan \u00e1tgondoltam, \u00edgy a gyerekv\u00e1llal\u00e1s abszol\u00fat tervezhet\u0151 volt. A m\u00e1sik l\u00e9nyeges dolog, hogy nekem a min\u0151s\u00e9gi id\u0151 mindig fontosabb volt, mint a mennyis\u00e9gi. Amikor egy\u00fctt voltam a gyerekeimmel, a csal\u00e1dommal, akkor teljes m\u00e9rt\u00e9kben jelen voltam, nem pedig a mobilomat nyomogattam. Ez\u00e9rt nem is \u00e9rzem \u00fagy, hogy b\u00e1rmir\u0151l lemaradtam volna.<\/p>\n<p><em>Bogn\u00e1r K\u00e1roly<\/em><\/p>\n","protected":false},"featured_media":338,"menu_order":0,"template":"","meta":{"_acf_changed":false},"class_list":["post-926","hirek","type-hirek","status-publish","has-post-thumbnail","hentry"],"acf":[],"yoast_head":"<!-- This site is optimized with the Yoast SEO plugin v27.4 - https:\/\/yoast.com\/product\/yoast-seo-wordpress\/ -->\n<title>Mentorok \u00e9s mentor\u00e1ltak 3. - \u201eHa valamit elkezdek, azt v\u00e9gig is csin\u00e1lom!\u201d - Seed<\/title>\n<meta name=\"robots\" content=\"index, follow, max-snippet:-1, max-image-preview:large, max-video-preview:-1\" \/>\n<link rel=\"canonical\" href=\"https:\/\/seed.hu\/hirek\/mentorok-es-mentoraltak-3-ha-valamit-elkezdek-azt-vegig-is-csinalom\/\" \/>\n<meta property=\"og:locale\" content=\"en_US\" \/>\n<meta property=\"og:type\" content=\"article\" \/>\n<meta property=\"og:title\" content=\"Mentorok \u00e9s mentor\u00e1ltak 3. - \u201eHa valamit elkezdek, azt v\u00e9gig is csin\u00e1lom!\u201d - Seed\" \/>\n<meta property=\"og:description\" content=\"Mentorok \u00e9s mentor\u00e1ltak 3. \u201eHa valamit elkezdek, azt v\u00e9gig is csin\u00e1lom!\u201d Dinamikus, hat\u00e1rozott, szoci\u00e1lisan \u00e9rz\u00e9keny n\u0151, igazi v\u00e1llalkoz\u00f3 alkat, T\u00f3th Andrea. H\u00e1rom gyermeket nevel, sz\u00e1mos v\u00e1llalkoz\u00e1st igazgat, \u00e9s imm\u00e1r a m\u00e1sodik mentorprogramban vesz r\u00e9szt mentork\u00e9nt. Amikor arr\u00f3l k\u00e9rdezem, hogyan tud, hogyan tudott megfelelni ennek a sokf\u00e9le ig\u00e9nynek, k\u00f6vetelm\u00e9nynek, feladatnak azt v\u00e1laszolja: \u201eHa azt csin\u00e1lhatom, amit [&hellip;]\" \/>\n<meta property=\"og:url\" content=\"https:\/\/seed.hu\/hirek\/mentorok-es-mentoraltak-3-ha-valamit-elkezdek-azt-vegig-is-csinalom\/\" \/>\n<meta property=\"og:site_name\" content=\"Seed\" \/>\n<meta property=\"article:modified_time\" content=\"2022-01-20T16:10:03+00:00\" \/>\n<meta property=\"og:image\" content=\"https:\/\/seed.hu\/wp-content\/uploads\/2021\/04\/Orsza\u0301gos-Va\u0301llalkozo\u0301i-Mentorprogram.png\" \/>\n\t<meta property=\"og:image:width\" content=\"773\" \/>\n\t<meta property=\"og:image:height\" content=\"774\" \/>\n\t<meta property=\"og:image:type\" content=\"image\/png\" \/>\n<meta name=\"twitter:card\" content=\"summary_large_image\" \/>\n<meta name=\"twitter:label1\" content=\"Est. reading time\" \/>\n\t<meta name=\"twitter:data1\" content=\"7 minutes\" \/>\n<script type=\"application\/ld+json\" class=\"yoast-schema-graph\">{\"@context\":\"https:\\\/\\\/schema.org\",\"@graph\":[{\"@type\":\"WebPage\",\"@id\":\"https:\\\/\\\/seed.hu\\\/hirek\\\/mentorok-es-mentoraltak-3-ha-valamit-elkezdek-azt-vegig-is-csinalom\\\/\",\"url\":\"https:\\\/\\\/seed.hu\\\/hirek\\\/mentorok-es-mentoraltak-3-ha-valamit-elkezdek-azt-vegig-is-csinalom\\\/\",\"name\":\"Mentorok \u00e9s mentor\u00e1ltak 3. - \u201eHa valamit elkezdek, azt v\u00e9gig is csin\u00e1lom!\u201d - Seed\",\"isPartOf\":{\"@id\":\"https:\\\/\\\/seed.hu\\\/#website\"},\"primaryImageOfPage\":{\"@id\":\"https:\\\/\\\/seed.hu\\\/hirek\\\/mentorok-es-mentoraltak-3-ha-valamit-elkezdek-azt-vegig-is-csinalom\\\/#primaryimage\"},\"image\":{\"@id\":\"https:\\\/\\\/seed.hu\\\/hirek\\\/mentorok-es-mentoraltak-3-ha-valamit-elkezdek-azt-vegig-is-csinalom\\\/#primaryimage\"},\"thumbnailUrl\":\"https:\\\/\\\/seed.hu\\\/wp-content\\\/uploads\\\/2021\\\/04\\\/Orsza\u0301gos-Va\u0301llalkozo\u0301i-Mentorprogram.png\",\"datePublished\":\"2020-01-16T08:38:51+00:00\",\"dateModified\":\"2022-01-20T16:10:03+00:00\",\"breadcrumb\":{\"@id\":\"https:\\\/\\\/seed.hu\\\/hirek\\\/mentorok-es-mentoraltak-3-ha-valamit-elkezdek-azt-vegig-is-csinalom\\\/#breadcrumb\"},\"inLanguage\":\"en-US\",\"potentialAction\":[{\"@type\":\"ReadAction\",\"target\":[\"https:\\\/\\\/seed.hu\\\/hirek\\\/mentorok-es-mentoraltak-3-ha-valamit-elkezdek-azt-vegig-is-csinalom\\\/\"]}]},{\"@type\":\"ImageObject\",\"inLanguage\":\"en-US\",\"@id\":\"https:\\\/\\\/seed.hu\\\/hirek\\\/mentorok-es-mentoraltak-3-ha-valamit-elkezdek-azt-vegig-is-csinalom\\\/#primaryimage\",\"url\":\"https:\\\/\\\/seed.hu\\\/wp-content\\\/uploads\\\/2021\\\/04\\\/Orsza\u0301gos-Va\u0301llalkozo\u0301i-Mentorprogram.png\",\"contentUrl\":\"https:\\\/\\\/seed.hu\\\/wp-content\\\/uploads\\\/2021\\\/04\\\/Orsza\u0301gos-Va\u0301llalkozo\u0301i-Mentorprogram.png\",\"width\":773,\"height\":774},{\"@type\":\"BreadcrumbList\",\"@id\":\"https:\\\/\\\/seed.hu\\\/hirek\\\/mentorok-es-mentoraltak-3-ha-valamit-elkezdek-azt-vegig-is-csinalom\\\/#breadcrumb\",\"itemListElement\":[{\"@type\":\"ListItem\",\"position\":1,\"name\":\"H\u00edrek\",\"item\":\"https:\\\/\\\/seed.hu\\\/hirek\\\/\"},{\"@type\":\"ListItem\",\"position\":2,\"name\":\"Mentorok \u00e9s mentor\u00e1ltak 3. &#8211; \u201eHa valamit elkezdek, azt v\u00e9gig is csin\u00e1lom!\u201d\"}]},{\"@type\":\"WebSite\",\"@id\":\"https:\\\/\\\/seed.hu\\\/#website\",\"url\":\"https:\\\/\\\/seed.hu\\\/\",\"name\":\"Seed\",\"description\":\"\",\"potentialAction\":[{\"@type\":\"SearchAction\",\"target\":{\"@type\":\"EntryPoint\",\"urlTemplate\":\"https:\\\/\\\/seed.hu\\\/?s={search_term_string}\"},\"query-input\":{\"@type\":\"PropertyValueSpecification\",\"valueRequired\":true,\"valueName\":\"search_term_string\"}}],\"inLanguage\":\"en-US\"}]}<\/script>\n<!-- \/ Yoast SEO plugin. -->","yoast_head_json":{"title":"Mentorok \u00e9s mentor\u00e1ltak 3. - \u201eHa valamit elkezdek, azt v\u00e9gig is csin\u00e1lom!\u201d - Seed","robots":{"index":"index","follow":"follow","max-snippet":"max-snippet:-1","max-image-preview":"max-image-preview:large","max-video-preview":"max-video-preview:-1"},"canonical":"https:\/\/seed.hu\/hirek\/mentorok-es-mentoraltak-3-ha-valamit-elkezdek-azt-vegig-is-csinalom\/","og_locale":"en_US","og_type":"article","og_title":"Mentorok \u00e9s mentor\u00e1ltak 3. - \u201eHa valamit elkezdek, azt v\u00e9gig is csin\u00e1lom!\u201d - Seed","og_description":"Mentorok \u00e9s mentor\u00e1ltak 3. \u201eHa valamit elkezdek, azt v\u00e9gig is csin\u00e1lom!\u201d Dinamikus, hat\u00e1rozott, szoci\u00e1lisan \u00e9rz\u00e9keny n\u0151, igazi v\u00e1llalkoz\u00f3 alkat, T\u00f3th Andrea. H\u00e1rom gyermeket nevel, sz\u00e1mos v\u00e1llalkoz\u00e1st igazgat, \u00e9s imm\u00e1r a m\u00e1sodik mentorprogramban vesz r\u00e9szt mentork\u00e9nt. Amikor arr\u00f3l k\u00e9rdezem, hogyan tud, hogyan tudott megfelelni ennek a sokf\u00e9le ig\u00e9nynek, k\u00f6vetelm\u00e9nynek, feladatnak azt v\u00e1laszolja: \u201eHa azt csin\u00e1lhatom, amit [&hellip;]","og_url":"https:\/\/seed.hu\/hirek\/mentorok-es-mentoraltak-3-ha-valamit-elkezdek-azt-vegig-is-csinalom\/","og_site_name":"Seed","article_modified_time":"2022-01-20T16:10:03+00:00","og_image":[{"width":773,"height":774,"url":"https:\/\/seed.hu\/wp-content\/uploads\/2021\/04\/Orsza\u0301gos-Va\u0301llalkozo\u0301i-Mentorprogram.png","type":"image\/png"}],"twitter_card":"summary_large_image","twitter_misc":{"Est. reading time":"7 minutes"},"schema":{"@context":"https:\/\/schema.org","@graph":[{"@type":"WebPage","@id":"https:\/\/seed.hu\/hirek\/mentorok-es-mentoraltak-3-ha-valamit-elkezdek-azt-vegig-is-csinalom\/","url":"https:\/\/seed.hu\/hirek\/mentorok-es-mentoraltak-3-ha-valamit-elkezdek-azt-vegig-is-csinalom\/","name":"Mentorok \u00e9s mentor\u00e1ltak 3. - \u201eHa valamit elkezdek, azt v\u00e9gig is csin\u00e1lom!\u201d - Seed","isPartOf":{"@id":"https:\/\/seed.hu\/#website"},"primaryImageOfPage":{"@id":"https:\/\/seed.hu\/hirek\/mentorok-es-mentoraltak-3-ha-valamit-elkezdek-azt-vegig-is-csinalom\/#primaryimage"},"image":{"@id":"https:\/\/seed.hu\/hirek\/mentorok-es-mentoraltak-3-ha-valamit-elkezdek-azt-vegig-is-csinalom\/#primaryimage"},"thumbnailUrl":"https:\/\/seed.hu\/wp-content\/uploads\/2021\/04\/Orsza\u0301gos-Va\u0301llalkozo\u0301i-Mentorprogram.png","datePublished":"2020-01-16T08:38:51+00:00","dateModified":"2022-01-20T16:10:03+00:00","breadcrumb":{"@id":"https:\/\/seed.hu\/hirek\/mentorok-es-mentoraltak-3-ha-valamit-elkezdek-azt-vegig-is-csinalom\/#breadcrumb"},"inLanguage":"en-US","potentialAction":[{"@type":"ReadAction","target":["https:\/\/seed.hu\/hirek\/mentorok-es-mentoraltak-3-ha-valamit-elkezdek-azt-vegig-is-csinalom\/"]}]},{"@type":"ImageObject","inLanguage":"en-US","@id":"https:\/\/seed.hu\/hirek\/mentorok-es-mentoraltak-3-ha-valamit-elkezdek-azt-vegig-is-csinalom\/#primaryimage","url":"https:\/\/seed.hu\/wp-content\/uploads\/2021\/04\/Orsza\u0301gos-Va\u0301llalkozo\u0301i-Mentorprogram.png","contentUrl":"https:\/\/seed.hu\/wp-content\/uploads\/2021\/04\/Orsza\u0301gos-Va\u0301llalkozo\u0301i-Mentorprogram.png","width":773,"height":774},{"@type":"BreadcrumbList","@id":"https:\/\/seed.hu\/hirek\/mentorok-es-mentoraltak-3-ha-valamit-elkezdek-azt-vegig-is-csinalom\/#breadcrumb","itemListElement":[{"@type":"ListItem","position":1,"name":"H\u00edrek","item":"https:\/\/seed.hu\/hirek\/"},{"@type":"ListItem","position":2,"name":"Mentorok \u00e9s mentor\u00e1ltak 3. &#8211; \u201eHa valamit elkezdek, azt v\u00e9gig is csin\u00e1lom!\u201d"}]},{"@type":"WebSite","@id":"https:\/\/seed.hu\/#website","url":"https:\/\/seed.hu\/","name":"Seed","description":"","potentialAction":[{"@type":"SearchAction","target":{"@type":"EntryPoint","urlTemplate":"https:\/\/seed.hu\/?s={search_term_string}"},"query-input":{"@type":"PropertyValueSpecification","valueRequired":true,"valueName":"search_term_string"}}],"inLanguage":"en-US"}]}},"_links":{"self":[{"href":"https:\/\/seed.hu\/en\/wp-json\/wp\/v2\/hirek\/926","targetHints":{"allow":["GET"]}}],"collection":[{"href":"https:\/\/seed.hu\/en\/wp-json\/wp\/v2\/hirek"}],"about":[{"href":"https:\/\/seed.hu\/en\/wp-json\/wp\/v2\/types\/hirek"}],"wp:featuredmedia":[{"embeddable":true,"href":"https:\/\/seed.hu\/en\/wp-json\/wp\/v2\/media\/338"}],"wp:attachment":[{"href":"https:\/\/seed.hu\/en\/wp-json\/wp\/v2\/media?parent=926"}],"curies":[{"name":"wp","href":"https:\/\/api.w.org\/{rel}","templated":true}]}}