{"id":927,"date":"2020-01-20T09:41:08","date_gmt":"2020-01-20T08:41:08","guid":{"rendered":"https:\/\/seed.hu\/?post_type=hirek&#038;p=927"},"modified":"2022-01-20T17:11:53","modified_gmt":"2022-01-20T16:11:53","slug":"mentorok-es-mentoraltak-4-a-torveny-es-a-jog-szerint-te-is-ugyanolyan-vallalkozo-vagy-mint-barki-mas","status":"publish","type":"hirek","link":"https:\/\/seed.hu\/en\/hirek\/mentorok-es-mentoraltak-4-a-torveny-es-a-jog-szerint-te-is-ugyanolyan-vallalkozo-vagy-mint-barki-mas\/","title":{"rendered":"Mentorok \u00e9s mentor\u00e1ltak 4. &#8211; \u201eA t\u00f6rv\u00e9ny \u00e9s a jog szerint te is ugyanolyan v\u00e1llalkoz\u00f3 vagy, mint b\u00e1rki m\u00e1s.\u201d"},"content":{"rendered":"<p><a href=\"https:\/\/seed.hu\/hirek\/mentorok-es-mentoraltak-jelentkezeset-varja-a-seed-alapitvany\/ovm\/\" rel=\"attachment wp-att-844\"><img loading=\"lazy\" decoding=\"async\" class=\"alignnone wp-image-844 size-full\" src=\"https:\/\/seed.hu\/wp-content\/uploads\/2022\/01\/OVM.png\" alt=\"\" width=\"601\" height=\"163\" srcset=\"https:\/\/seed.hu\/wp-content\/uploads\/2022\/01\/OVM.png 601w, https:\/\/seed.hu\/wp-content\/uploads\/2022\/01\/OVM-300x81.png 300w\" sizes=\"auto, (max-width: 601px) 100vw, 601px\" \/><\/a><a href=\"https:\/\/seed.hu\/hirek\/uj-irodaba-koltozott-a-seed-alapitvany\/seed_logo\/\" rel=\"attachment wp-att-792\"><img loading=\"lazy\" decoding=\"async\" class=\"alignnone size-full wp-image-792\" src=\"https:\/\/seed.hu\/wp-content\/uploads\/2018\/04\/SEED_logo.png\" alt=\"\" width=\"250\" height=\"206\" \/><\/a><\/p>\n<p><strong>Mentorok \u00e9s mentor\u00e1ltak 4.<br \/>\n\u201eA t\u00f6rv\u00e9ny \u00e9s a jog szerint te is ugyanolyan v\u00e1llalkoz\u00f3 vagy, mint b\u00e1rki m\u00e1s.\u201d<\/strong><\/p>\n<p><strong><img decoding=\"async\" style=\"width: 200px; height: 300px;\" src=\"https:\/\/seed.hu\/files\/attachments\/inline\/4-foto-sores-gabriella-web.jpg\" alt=\"\" \/><\/strong><\/p>\n<p><strong>Egy multinacion\u00e1lis v\u00e1llalat j\u00f3l fizet\u0151, biztons\u00e1gos poz\u00edci\u00f3j\u00e1t adta fel k\u00e9t \u00e9vvel a 2008-as v\u00e1ls\u00e1g ut\u00e1n S\u0151r\u00e9s Gabriella, hogy v\u00e1llalkoz\u00f3k\u00e9nt val\u00f3s\u00edtsa meg \u00e1lmait. Bar\u00e1tai k\u00f6z\u00fcl t\u00f6bben is megpr\u00f3b\u00e1lt\u00e1k lebesz\u00e9lni a v\u00e1lt\u00e1sr\u00f3l, de f\u00e9rje \u00e9s sz\u00fclei t\u00e1mogatt\u00e1k a terveit. 2013-ban mentor\u00e1ltk\u00e9nt vett r\u00e9szt a SEED Alap\u00edtv\u00e1ny MENTOR-NET programj\u00e1ban, hogy v\u00e1llalkoz\u00f3i \u00f6nbizalm\u00e1ban meger\u0151s\u00f6dve, \u00faj szakmai ismeretekkel felv\u00e9rtezve futtassa fel a c\u00e9g\u00e9t.\u00a0<\/strong><br \/>\n<strong>Hogyan lett\u00e9l v\u00e1llalkoz\u00f3, \u00e9s mivel foglalkozik a v\u00e1llalkoz\u00e1sod?<\/strong><\/p>\n<p>Egy multinacion\u00e1lis v\u00e1llalatn\u00e1l dolgoztam logisztikusk\u00e9nt. Az eredeti szakm\u00e1m egy\u00e9bk\u00e9nt angol \u00e9s t\u00f6rt\u00e9nelem szakos tan\u00e1r. Nagyon szerettem annak idej\u00e9n tan\u00edtani is, de j\u00f3l \u00e9reztem magam a v\u00e1llalatn\u00e1l is. Amikor azonban a GYES ut\u00e1n a \u201eHogyan tov\u00e1bb?\u201d-r\u00f3l kellett d\u00f6ntenem, m\u00e1r tudtam, hogy k\u00e9t kisgyerek mellett nem akarok tov\u00e1bbra is egy multin\u00e1l dolgozni. Sokkal szabadabb, rugalmasabb munk\u00e1ra v\u00e1gytam.<\/p>\n<p>Ekkor tudtam meg az egyik ismer\u0151s\u00f6mt\u0151l, hogy egy debreceni, kicsi gyerekeket oktat\u00f3 angol nyelviskol\u00e1nak elad\u00f3 a franchise jogd\u00edja. J\u00f3l ismertem ezt az int\u00e9zm\u00e9nyt, annak idej\u00e9n az \u00e9n k\u00e9t fiam is tanult n\u00e1luk egy ideig. K\u00e9s\u0151bb is figyeltem a m\u0171k\u00f6d\u00e9s\u00fcket, \u00e9s tudtam, hogy egy j\u00f3 v\u00e1llalkoz\u00e1sr\u00f3l van sz\u00f3.<\/p>\n<p>Ez a nyelviskola 2003-2004-ben indult el Magyarorsz\u00e1gon, Debrecenben pedig 2004-ben nyitotta meg a kapuit. M\u00e1r akkor is sz\u00edvesen dolgoztam volna n\u00e1luk, de az \u00e9let m\u00e1shogyan alakult. Akkor m\u00e9g nem tudtam, hogy egyszer majd tulajdonosk\u00e9nt fogok visszat\u00e9rni.<\/p>\n<p>J\u00f6tt teh\u00e1t ez a lehet\u0151s\u00e9g, megvitattuk a f\u00e9rjemmel, \u0151 is l\u00e1tott benne fant\u00e1zi\u00e1t. Anyuk\u00e1m, aki egy\u00e9bk\u00e9nt maga is v\u00e1llalkoz\u00f3, szint\u00e9n nagyon biztatott, \u00e9s felaj\u00e1nlotta a seg\u00edts\u00e9g\u00e9t a k\u00f6nyvel\u00e9sben. \u00cdgy azt\u00e1n 2010-ben \u00e1tvettem ezt a j\u00f3l bej\u00e1ratott v\u00e1llalkoz\u00e1st.<\/p>\n<p>A 2008-as v\u00e1ls\u00e1g ut\u00e1n voltunk, minden bizonytalan volt, sokan mondt\u00e1k is a bar\u00e1taim, ismer\u0151seim k\u00f6z\u00fcl, hogy mekkora vakmer\u0151s\u00e9g otthagyni egy j\u00f3 \u00e9s biztos \u00e1ll\u00e1st. \u00c9n viszont \u00e9reztem, hogy ez nekem val\u00f3. A csal\u00e1dom azonban t\u00e1mogatott, r\u00e1ad\u00e1sul szeretem a gyerekeket, szeretek tan\u00edtani. Az pedig nagyon l\u00e9nyeges volt a sz\u00e1momra, hogy olyasmit csin\u00e1lhatok, amit igaz\u00e1n szeretek.<\/p>\n<p><strong>Igen, de itt m\u00e1r nemcsak tan\u00edt\u00e1sr\u00f3l volt sz\u00f3, s\u0151t els\u0151sorban nem arr\u00f3l, hanem egy v\u00e1llalkoz\u00e1s vezet\u00e9s\u00e9r\u0151l: \u00fcgyf\u00e9lszerz\u00e9sr\u0151l, emberek ir\u00e1ny\u00edt\u00e1s\u00e1r\u00f3l, bev\u00e9telek \u00e9s k\u00f6lts\u00e9gek tervez\u00e9s\u00e9r\u0151l, IT-\u00fcgyekr\u0151l \u00e9s \u00edgy tov\u00e1bb.<\/strong><\/p>\n<p>Volt egy tan\u00e1ri diplom\u00e1m, \u00e9s elv\u00e9geztem a K\u00fclkereskedelmi F\u0151iskol\u00e1t is, teh\u00e1t nemcsak pedag\u00f3giai, hanem gazdas\u00e1gi ismeretekkel is rendelkeztem. A multinacion\u00e1lis c\u00e9gn\u00e9l is nagyon sok gazdas\u00e1gi jelleg\u0171 tapasztalatot szereztem. Nagyon j\u00f3 volt a v\u00e1llalati kult\u00fara, \u00e9s sok folyamatot megtanulhattam. Logisztikus beszerz\u0151 voltam, teh\u00e1t a munk\u00e1m r\u00e9sz\u00e9t k\u00e9pezte a k\u00fcls\u0151 \u00e9s a bels\u0151 \u00fcgyfelekkel val\u00f3 kapcsolattart\u00e1s, ebben is volt teh\u00e1t tapasztalatom. Akkor m\u00e9g nem tudtam, de a v\u00e1llalati m\u00faltam sokat seg\u00edtett abban, hogy vezetni tudjak egy v\u00e1llalkoz\u00e1st.<\/p>\n<p><strong>Amikor 2013-ban jelentkezt\u00e9l a SEED Alap\u00edtv\u00e1ny MENTOR-NET programj\u00e1ba, m\u00e1r h\u00e1rom \u00e9ve volt\u00e1l v\u00e1llalkoz\u00f3. Mi\u00e9rt d\u00f6nt\u00f6tt\u00e9l \u00fagy, hogy r\u00e9szt veszel a programban?<\/strong><\/p>\n<p>Minden lehet\u0151s\u00e9get megragadtam, hogy tanulhassak, hogy b\u0151v\u00edtsem a v\u00e1llalkoz\u00f3i ismereteimet. Olyan k\u00e9rd\u00e9sek izgattak, hogy hogyan n\u00f6vekedj\u00fcnk, hogyan kezelj\u00fck a munkat\u00e1rsakat, hogyan tartsuk meg \u0151ket, hogyan jav\u00edtsuk a szolg\u00e1ltat\u00e1sunk min\u0151s\u00e9g\u00e9t. Szerettem volna tal\u00e1lkozni m\u00e1s v\u00e1llalkoz\u00f3n\u0151kkel is, hogy l\u00e1ssam, \u0151k milyen probl\u00e9m\u00e1kkal ker\u00fcltek szembe, \u00e9s hogyan kezelt\u00e9k azokat.<\/p>\n<p><strong>Bev\u00e1ltotta a program a hozz\u00e1 f\u0171z\u00f6tt rem\u00e9nyeidet?<\/strong><\/p>\n<p>Nagyon-nagyon j\u00f3 k\u00e9pz\u00e9sekben volt r\u00e9sz\u00fcnk. Kiemeln\u00e9m Bard\u00f3czy Zsuzsa tr\u00e9nert, tan\u00e1csad\u00f3t, akinek nagyon sokat k\u00f6sz\u00f6nhetek. Az egyik tr\u00e9ningj\u00e9n valaki k\u00f6z\u00fcl\u00fcnk megjegyezte, hogy \u0151, m\u00e1rmint a csoportt\u00e1rsunk, nem olyan nagy \u00e9s tehets\u00e9ges v\u00e1llalkoz\u00f3, mint egy m\u00e1sik t\u00e1rsunk. Erre Zsuzsa azt mondta: \u201eA t\u00f6rv\u00e9ny \u00e9s a jog szerint te is ugyanolyan v\u00e1llalkoz\u00f3 vagy, mint az a m\u00e1sik, ugyanolyan felel\u0151ss\u00e9ggel tartozol az\u00e9rt, amit csin\u00e1lsz.\u201d Ez a mondat nagyon bel\u00e9m ragadt! \u00d6nbizalmat adott. Azt gondolom, hogy azon a napon v\u00e1ltam igaz\u00e1n v\u00e1llalkoz\u00f3v\u00e1.<\/p>\n<p>Nekem nagyon tetszett az is, hogy megl\u00e1togathattuk a programban r\u00e9szt vev\u0151 mentorok v\u00e1llalkoz\u00e1sait, s \u0151k a helysz\u00ednen mes\u00e9ltek arr\u00f3l, mit \u00e9s hogyan csin\u00e1lnak. Nagyon h\u00e1l\u00e1sak voltunk ezek\u00e9rt a lehet\u0151s\u00e9gek\u00e9rt.<\/p>\n<p>Sokf\u00e9le tud\u00e1st kaptam ebben a programban: volt p\u00e9nz\u00fcgyi, marketing, HR k\u00e9pz\u00e9s, tanultunk el\u0151adni, emberek el\u0151tt besz\u00e9lni, t\u00e1rgyalni. Azt mondan\u00e1m, hogy mindenki annyit kapott a programt\u00f3l, amennyit beletett. \u00c1m ami tal\u00e1n a legfontosabb, hogy a v\u00e1llalkoz\u00f3n\u0151i \u00e9nemet, a v\u00e1llalkoz\u00f3i \u00f6nbizalmamat er\u0151s\u00edtette meg.<\/p>\n<p><strong>Mekkora most a v\u00e1llalkoz\u00e1sod?<\/strong><\/p>\n<p>A kezdeti 3-4 f\u0151r\u0151l 12 f\u0151re gyarapodott a munkat\u00e1rsak sz\u00e1ma, \u00e9s \u00f6sszesen 500 di\u00e1k j\u00e1r hozz\u00e1nk. Ez nem kev\u00e9s, k\u00f6r\u00fclbel\u00fcl annyi, mint egy \u00e1ltal\u00e1nos iskola tanul\u00f3inak \u00f6sszl\u00e9tsz\u00e1ma.<\/p>\n<p>Mostan\u00e1ban, k\u00f6zel t\u00edz\u00e9ves v\u00e1llalkoz\u00f3i m\u00falttal a h\u00e1tam m\u00f6g\u00f6tt, eljutottam oda, hogy magam is szeretn\u00e9k mentor lenni. Most \u00e9rzem azt, hogy van m\u00e1r akkora tapasztalatom \u00e9s tud\u00e1som, amit sz\u00edvesen megosztan\u00e9k m\u00e1sokkal.<\/p>\n<p><em>Bogn\u00e1r K\u00e1roly<\/em><\/p>\n","protected":false},"featured_media":338,"menu_order":0,"template":"","meta":{"_acf_changed":false},"class_list":["post-927","hirek","type-hirek","status-publish","has-post-thumbnail","hentry"],"acf":[],"yoast_head":"<!-- This site is optimized with the Yoast SEO plugin v27.4 - https:\/\/yoast.com\/product\/yoast-seo-wordpress\/ -->\n<title>Mentorok \u00e9s mentor\u00e1ltak 4. - \u201eA t\u00f6rv\u00e9ny \u00e9s a jog szerint te is ugyanolyan v\u00e1llalkoz\u00f3 vagy, mint b\u00e1rki m\u00e1s.\u201d - Seed<\/title>\n<meta name=\"robots\" content=\"index, follow, max-snippet:-1, max-image-preview:large, max-video-preview:-1\" \/>\n<link rel=\"canonical\" href=\"https:\/\/seed.hu\/hirek\/mentorok-es-mentoraltak-4-a-torveny-es-a-jog-szerint-te-is-ugyanolyan-vallalkozo-vagy-mint-barki-mas\/\" \/>\n<meta property=\"og:locale\" content=\"en_US\" \/>\n<meta property=\"og:type\" content=\"article\" \/>\n<meta property=\"og:title\" content=\"Mentorok \u00e9s mentor\u00e1ltak 4. - \u201eA t\u00f6rv\u00e9ny \u00e9s a jog szerint te is ugyanolyan v\u00e1llalkoz\u00f3 vagy, mint b\u00e1rki m\u00e1s.\u201d - Seed\" \/>\n<meta property=\"og:description\" content=\"Mentorok \u00e9s mentor\u00e1ltak 4. \u201eA t\u00f6rv\u00e9ny \u00e9s a jog szerint te is ugyanolyan v\u00e1llalkoz\u00f3 vagy, mint b\u00e1rki m\u00e1s.\u201d Egy multinacion\u00e1lis v\u00e1llalat j\u00f3l fizet\u0151, biztons\u00e1gos poz\u00edci\u00f3j\u00e1t adta fel k\u00e9t \u00e9vvel a 2008-as v\u00e1ls\u00e1g ut\u00e1n S\u0151r\u00e9s Gabriella, hogy v\u00e1llalkoz\u00f3k\u00e9nt val\u00f3s\u00edtsa meg \u00e1lmait. Bar\u00e1tai k\u00f6z\u00fcl t\u00f6bben is megpr\u00f3b\u00e1lt\u00e1k lebesz\u00e9lni a v\u00e1lt\u00e1sr\u00f3l, de f\u00e9rje \u00e9s sz\u00fclei t\u00e1mogatt\u00e1k a terveit. [&hellip;]\" \/>\n<meta property=\"og:url\" content=\"https:\/\/seed.hu\/hirek\/mentorok-es-mentoraltak-4-a-torveny-es-a-jog-szerint-te-is-ugyanolyan-vallalkozo-vagy-mint-barki-mas\/\" \/>\n<meta property=\"og:site_name\" content=\"Seed\" \/>\n<meta property=\"article:modified_time\" content=\"2022-01-20T16:11:53+00:00\" \/>\n<meta property=\"og:image\" content=\"https:\/\/seed.hu\/wp-content\/uploads\/2021\/04\/Orsza\u0301gos-Va\u0301llalkozo\u0301i-Mentorprogram.png\" \/>\n\t<meta property=\"og:image:width\" content=\"773\" \/>\n\t<meta property=\"og:image:height\" content=\"774\" \/>\n\t<meta property=\"og:image:type\" content=\"image\/png\" \/>\n<meta name=\"twitter:card\" content=\"summary_large_image\" \/>\n<meta name=\"twitter:label1\" content=\"Est. reading time\" \/>\n\t<meta name=\"twitter:data1\" content=\"5 minutes\" \/>\n<script type=\"application\/ld+json\" class=\"yoast-schema-graph\">{\"@context\":\"https:\\\/\\\/schema.org\",\"@graph\":[{\"@type\":\"WebPage\",\"@id\":\"https:\\\/\\\/seed.hu\\\/hirek\\\/mentorok-es-mentoraltak-4-a-torveny-es-a-jog-szerint-te-is-ugyanolyan-vallalkozo-vagy-mint-barki-mas\\\/\",\"url\":\"https:\\\/\\\/seed.hu\\\/hirek\\\/mentorok-es-mentoraltak-4-a-torveny-es-a-jog-szerint-te-is-ugyanolyan-vallalkozo-vagy-mint-barki-mas\\\/\",\"name\":\"Mentorok \u00e9s mentor\u00e1ltak 4. - \u201eA t\u00f6rv\u00e9ny \u00e9s a jog szerint te is ugyanolyan v\u00e1llalkoz\u00f3 vagy, mint b\u00e1rki m\u00e1s.\u201d - Seed\",\"isPartOf\":{\"@id\":\"https:\\\/\\\/seed.hu\\\/#website\"},\"primaryImageOfPage\":{\"@id\":\"https:\\\/\\\/seed.hu\\\/hirek\\\/mentorok-es-mentoraltak-4-a-torveny-es-a-jog-szerint-te-is-ugyanolyan-vallalkozo-vagy-mint-barki-mas\\\/#primaryimage\"},\"image\":{\"@id\":\"https:\\\/\\\/seed.hu\\\/hirek\\\/mentorok-es-mentoraltak-4-a-torveny-es-a-jog-szerint-te-is-ugyanolyan-vallalkozo-vagy-mint-barki-mas\\\/#primaryimage\"},\"thumbnailUrl\":\"https:\\\/\\\/seed.hu\\\/wp-content\\\/uploads\\\/2021\\\/04\\\/Orsza\u0301gos-Va\u0301llalkozo\u0301i-Mentorprogram.png\",\"datePublished\":\"2020-01-20T08:41:08+00:00\",\"dateModified\":\"2022-01-20T16:11:53+00:00\",\"breadcrumb\":{\"@id\":\"https:\\\/\\\/seed.hu\\\/hirek\\\/mentorok-es-mentoraltak-4-a-torveny-es-a-jog-szerint-te-is-ugyanolyan-vallalkozo-vagy-mint-barki-mas\\\/#breadcrumb\"},\"inLanguage\":\"en-US\",\"potentialAction\":[{\"@type\":\"ReadAction\",\"target\":[\"https:\\\/\\\/seed.hu\\\/hirek\\\/mentorok-es-mentoraltak-4-a-torveny-es-a-jog-szerint-te-is-ugyanolyan-vallalkozo-vagy-mint-barki-mas\\\/\"]}]},{\"@type\":\"ImageObject\",\"inLanguage\":\"en-US\",\"@id\":\"https:\\\/\\\/seed.hu\\\/hirek\\\/mentorok-es-mentoraltak-4-a-torveny-es-a-jog-szerint-te-is-ugyanolyan-vallalkozo-vagy-mint-barki-mas\\\/#primaryimage\",\"url\":\"https:\\\/\\\/seed.hu\\\/wp-content\\\/uploads\\\/2021\\\/04\\\/Orsza\u0301gos-Va\u0301llalkozo\u0301i-Mentorprogram.png\",\"contentUrl\":\"https:\\\/\\\/seed.hu\\\/wp-content\\\/uploads\\\/2021\\\/04\\\/Orsza\u0301gos-Va\u0301llalkozo\u0301i-Mentorprogram.png\",\"width\":773,\"height\":774},{\"@type\":\"BreadcrumbList\",\"@id\":\"https:\\\/\\\/seed.hu\\\/hirek\\\/mentorok-es-mentoraltak-4-a-torveny-es-a-jog-szerint-te-is-ugyanolyan-vallalkozo-vagy-mint-barki-mas\\\/#breadcrumb\",\"itemListElement\":[{\"@type\":\"ListItem\",\"position\":1,\"name\":\"H\u00edrek\",\"item\":\"https:\\\/\\\/seed.hu\\\/hirek\\\/\"},{\"@type\":\"ListItem\",\"position\":2,\"name\":\"Mentorok \u00e9s mentor\u00e1ltak 4. &#8211; \u201eA t\u00f6rv\u00e9ny \u00e9s a jog szerint te is ugyanolyan v\u00e1llalkoz\u00f3 vagy, mint b\u00e1rki m\u00e1s.\u201d\"}]},{\"@type\":\"WebSite\",\"@id\":\"https:\\\/\\\/seed.hu\\\/#website\",\"url\":\"https:\\\/\\\/seed.hu\\\/\",\"name\":\"Seed\",\"description\":\"\",\"potentialAction\":[{\"@type\":\"SearchAction\",\"target\":{\"@type\":\"EntryPoint\",\"urlTemplate\":\"https:\\\/\\\/seed.hu\\\/?s={search_term_string}\"},\"query-input\":{\"@type\":\"PropertyValueSpecification\",\"valueRequired\":true,\"valueName\":\"search_term_string\"}}],\"inLanguage\":\"en-US\"}]}<\/script>\n<!-- \/ Yoast SEO plugin. -->","yoast_head_json":{"title":"Mentorok \u00e9s mentor\u00e1ltak 4. - \u201eA t\u00f6rv\u00e9ny \u00e9s a jog szerint te is ugyanolyan v\u00e1llalkoz\u00f3 vagy, mint b\u00e1rki m\u00e1s.\u201d - Seed","robots":{"index":"index","follow":"follow","max-snippet":"max-snippet:-1","max-image-preview":"max-image-preview:large","max-video-preview":"max-video-preview:-1"},"canonical":"https:\/\/seed.hu\/hirek\/mentorok-es-mentoraltak-4-a-torveny-es-a-jog-szerint-te-is-ugyanolyan-vallalkozo-vagy-mint-barki-mas\/","og_locale":"en_US","og_type":"article","og_title":"Mentorok \u00e9s mentor\u00e1ltak 4. - \u201eA t\u00f6rv\u00e9ny \u00e9s a jog szerint te is ugyanolyan v\u00e1llalkoz\u00f3 vagy, mint b\u00e1rki m\u00e1s.\u201d - Seed","og_description":"Mentorok \u00e9s mentor\u00e1ltak 4. \u201eA t\u00f6rv\u00e9ny \u00e9s a jog szerint te is ugyanolyan v\u00e1llalkoz\u00f3 vagy, mint b\u00e1rki m\u00e1s.\u201d Egy multinacion\u00e1lis v\u00e1llalat j\u00f3l fizet\u0151, biztons\u00e1gos poz\u00edci\u00f3j\u00e1t adta fel k\u00e9t \u00e9vvel a 2008-as v\u00e1ls\u00e1g ut\u00e1n S\u0151r\u00e9s Gabriella, hogy v\u00e1llalkoz\u00f3k\u00e9nt val\u00f3s\u00edtsa meg \u00e1lmait. Bar\u00e1tai k\u00f6z\u00fcl t\u00f6bben is megpr\u00f3b\u00e1lt\u00e1k lebesz\u00e9lni a v\u00e1lt\u00e1sr\u00f3l, de f\u00e9rje \u00e9s sz\u00fclei t\u00e1mogatt\u00e1k a terveit. [&hellip;]","og_url":"https:\/\/seed.hu\/hirek\/mentorok-es-mentoraltak-4-a-torveny-es-a-jog-szerint-te-is-ugyanolyan-vallalkozo-vagy-mint-barki-mas\/","og_site_name":"Seed","article_modified_time":"2022-01-20T16:11:53+00:00","og_image":[{"width":773,"height":774,"url":"https:\/\/seed.hu\/wp-content\/uploads\/2021\/04\/Orsza\u0301gos-Va\u0301llalkozo\u0301i-Mentorprogram.png","type":"image\/png"}],"twitter_card":"summary_large_image","twitter_misc":{"Est. reading time":"5 minutes"},"schema":{"@context":"https:\/\/schema.org","@graph":[{"@type":"WebPage","@id":"https:\/\/seed.hu\/hirek\/mentorok-es-mentoraltak-4-a-torveny-es-a-jog-szerint-te-is-ugyanolyan-vallalkozo-vagy-mint-barki-mas\/","url":"https:\/\/seed.hu\/hirek\/mentorok-es-mentoraltak-4-a-torveny-es-a-jog-szerint-te-is-ugyanolyan-vallalkozo-vagy-mint-barki-mas\/","name":"Mentorok \u00e9s mentor\u00e1ltak 4. - \u201eA t\u00f6rv\u00e9ny \u00e9s a jog szerint te is ugyanolyan v\u00e1llalkoz\u00f3 vagy, mint b\u00e1rki m\u00e1s.\u201d - Seed","isPartOf":{"@id":"https:\/\/seed.hu\/#website"},"primaryImageOfPage":{"@id":"https:\/\/seed.hu\/hirek\/mentorok-es-mentoraltak-4-a-torveny-es-a-jog-szerint-te-is-ugyanolyan-vallalkozo-vagy-mint-barki-mas\/#primaryimage"},"image":{"@id":"https:\/\/seed.hu\/hirek\/mentorok-es-mentoraltak-4-a-torveny-es-a-jog-szerint-te-is-ugyanolyan-vallalkozo-vagy-mint-barki-mas\/#primaryimage"},"thumbnailUrl":"https:\/\/seed.hu\/wp-content\/uploads\/2021\/04\/Orsza\u0301gos-Va\u0301llalkozo\u0301i-Mentorprogram.png","datePublished":"2020-01-20T08:41:08+00:00","dateModified":"2022-01-20T16:11:53+00:00","breadcrumb":{"@id":"https:\/\/seed.hu\/hirek\/mentorok-es-mentoraltak-4-a-torveny-es-a-jog-szerint-te-is-ugyanolyan-vallalkozo-vagy-mint-barki-mas\/#breadcrumb"},"inLanguage":"en-US","potentialAction":[{"@type":"ReadAction","target":["https:\/\/seed.hu\/hirek\/mentorok-es-mentoraltak-4-a-torveny-es-a-jog-szerint-te-is-ugyanolyan-vallalkozo-vagy-mint-barki-mas\/"]}]},{"@type":"ImageObject","inLanguage":"en-US","@id":"https:\/\/seed.hu\/hirek\/mentorok-es-mentoraltak-4-a-torveny-es-a-jog-szerint-te-is-ugyanolyan-vallalkozo-vagy-mint-barki-mas\/#primaryimage","url":"https:\/\/seed.hu\/wp-content\/uploads\/2021\/04\/Orsza\u0301gos-Va\u0301llalkozo\u0301i-Mentorprogram.png","contentUrl":"https:\/\/seed.hu\/wp-content\/uploads\/2021\/04\/Orsza\u0301gos-Va\u0301llalkozo\u0301i-Mentorprogram.png","width":773,"height":774},{"@type":"BreadcrumbList","@id":"https:\/\/seed.hu\/hirek\/mentorok-es-mentoraltak-4-a-torveny-es-a-jog-szerint-te-is-ugyanolyan-vallalkozo-vagy-mint-barki-mas\/#breadcrumb","itemListElement":[{"@type":"ListItem","position":1,"name":"H\u00edrek","item":"https:\/\/seed.hu\/hirek\/"},{"@type":"ListItem","position":2,"name":"Mentorok \u00e9s mentor\u00e1ltak 4. &#8211; \u201eA t\u00f6rv\u00e9ny \u00e9s a jog szerint te is ugyanolyan v\u00e1llalkoz\u00f3 vagy, mint b\u00e1rki m\u00e1s.\u201d"}]},{"@type":"WebSite","@id":"https:\/\/seed.hu\/#website","url":"https:\/\/seed.hu\/","name":"Seed","description":"","potentialAction":[{"@type":"SearchAction","target":{"@type":"EntryPoint","urlTemplate":"https:\/\/seed.hu\/?s={search_term_string}"},"query-input":{"@type":"PropertyValueSpecification","valueRequired":true,"valueName":"search_term_string"}}],"inLanguage":"en-US"}]}},"_links":{"self":[{"href":"https:\/\/seed.hu\/en\/wp-json\/wp\/v2\/hirek\/927","targetHints":{"allow":["GET"]}}],"collection":[{"href":"https:\/\/seed.hu\/en\/wp-json\/wp\/v2\/hirek"}],"about":[{"href":"https:\/\/seed.hu\/en\/wp-json\/wp\/v2\/types\/hirek"}],"wp:featuredmedia":[{"embeddable":true,"href":"https:\/\/seed.hu\/en\/wp-json\/wp\/v2\/media\/338"}],"wp:attachment":[{"href":"https:\/\/seed.hu\/en\/wp-json\/wp\/v2\/media?parent=927"}],"curies":[{"name":"wp","href":"https:\/\/api.w.org\/{rel}","templated":true}]}}