{"id":928,"date":"2020-01-23T08:42:59","date_gmt":"2020-01-23T07:42:59","guid":{"rendered":"https:\/\/seed.hu\/?post_type=hirek&#038;p=928"},"modified":"2022-01-20T17:13:34","modified_gmt":"2022-01-20T16:13:34","slug":"jubileumi-dobbanto-10-20-30","status":"publish","type":"hirek","link":"https:\/\/seed.hu\/en\/hirek\/jubileumi-dobbanto-10-20-30\/","title":{"rendered":"Jubileumi Dobbant\u00f3: 10, 20, 30"},"content":{"rendered":"<p><a href=\"https:\/\/seed.hu\/szolgaltatasok\/dobbanto\/dobbantologo\/\" rel=\"attachment wp-att-39\"><img loading=\"lazy\" decoding=\"async\" class=\"alignnone wp-image-39 size-full\" src=\"https:\/\/seed.hu\/wp-content\/uploads\/2021\/02\/dobbantologo.jpg\" alt=\"\" width=\"384\" height=\"107\" srcset=\"https:\/\/seed.hu\/wp-content\/uploads\/2021\/02\/dobbantologo.jpg 384w, https:\/\/seed.hu\/wp-content\/uploads\/2021\/02\/dobbantologo-300x84.jpg 300w\" sizes=\"auto, (max-width: 384px) 100vw, 384px\" \/><\/a><\/p>\n<p><strong>Febru\u00e1r 16-\u00e1n \u00e9jf\u00e9lig jelentkezhetnek a v\u00e1llalkoz\u00f3n\u0151k az id\u00e9n 10 \u00e9ves Dobbant\u00f3 Program 20. k\u00e9pz\u00e9s\u00e9re, amely a 30. sz\u00fclet\u00e9snapj\u00e1t \u00fcnnepl\u0151 SEED Kisv\u00e1llalkoz\u00e1s-fejleszt\u00e9si Alap\u00edtv\u00e1ny szakmai \u00e9gisze alatt, a Budapest Bank anyagi t\u00e1mogat\u00e1s\u00e1val val\u00f3sul meg. A 6&#215;2 napos k\u00e9pz\u00e9s sor\u00e1n a v\u00e1llalkoz\u00f3n\u0151k olyan ismereteket \u00e9s kompetenci\u00e1kat saj\u00e1t\u00edtanak el, amelyek seg\u00edtik \u0151ket v\u00e1llalkoz\u00e1suk sikeres m\u0171k\u00f6dtet\u00e9s\u00e9ben. A program egy \u00faj elemmel is b\u0151v\u00fcl a jubileumi \u00e9vben.<\/strong><\/p>\n<p>Azt m\u00e1r r\u00e9g\u00f3ta tudjuk, hogy egy v\u00e1llalkoz\u00e1s siker\u00e9hez \u00f6nmag\u00e1ban m\u00e9g a legjobb \u00f6tlet is kev\u00e9s. A siker egyik legfontosabb t\u00e9nyez\u0151je persze az, hogy a v\u00e1llalkoz\u00f3 higgyen a saj\u00e1t \u00f6tlet\u00e9ben, higgyen saj\u00e1t mag\u00e1ban, hiszen csak \u00edgy tudja meggy\u0151z\u0151en, hitelesen k\u00e9pviselni a saj\u00e1t \u00fcgy\u00e9t. Nagyon l\u00e9nyeges az is, hogy az \u00f6tlet m\u00f6g\u00f6tt \u00e1lljon egy \u00fczleti terv, amelynek k\u00f6zponti eleme az \u00e9rt\u00e9kaj\u00e1nlat: mi\u00e9rt j\u00f3 az \u00fcgyf\u00e9lnek az \u00e9n szolg\u00e1ltat\u00e1som, term\u00e9kem. Legyen elk\u00e9pzel\u00e9se v\u00e1llalkoz\u00e1sa marketing \u00e9s kommunik\u00e1ci\u00f3s folyamatair\u00f3l, hiszen a vev\u0151knek valahogyan, valahonnan tudom\u00e1st kell szerezni\u00fck arr\u00f3l, mit k\u00edn\u00e1lnak nekik. A v\u00e1llalkoz\u00f3(n\u0151) legyen hat\u00e1rozott, magabiztos \u00e9s f\u00f3kusz\u00e1lt a partnerekkel t\u00f6rt\u00e9n\u0151 t\u00e1rgyal\u00e1sokon, bemutatkoz\u00f3 besz\u00e9lget\u00e9seken, prezent\u00e1ci\u00f3kon. \u00c9s akkor se essen k\u00e9ts\u00e9gbe, ha a c\u00e9ge p\u00e9nz\u00fcgyeit kell \u00e1ttekintenie, ha ad\u00f3z\u00e1si vagy forr\u00e1steremt\u00e9si k\u00e9rd\u00e9sekkel kell foglalkoznia. A Dobbant\u00f3 k\u00e9pz\u00e9s 12 napja alatt minden eml\u00edtett t\u00e9m\u00e1ba betekint\u00e9st nyernek a r\u00e9sztvev\u0151k. R\u00e1ad\u00e1sul nem \u00fagy, hogy passz\u00edvan \u00fclnek \u00e9s jegyzetelnek, hanem akt\u00edvan dolgoznak, ak\u00e1r egy\u00e9nileg, ak\u00e1r csoportosan: elk\u00e9sz\u00edtik\/friss\u00edtik saj\u00e1t \u00fczleti terveiket, amit a kurzus v\u00e9g\u00e9n prezent\u00e1lnak is a csoport t\u00f6bbi tagja \u00e9s a tr\u00e9nerek, szak\u00e9rt\u0151k el\u0151tt.<\/p>\n<p>\u00c9s ha m\u00e1r jubileumi k\u00e9pz\u00e9s, akkor legyen benne egy kis \u00fajdons\u00e1g is: a r\u00e9szt vev\u0151 v\u00e1llalkoz\u00f3n\u0151ket m\u00e1r a kurzus idej\u00e9n is t\u00e1mogatja mentork\u00e9nt egy tapasztalt, elismert v\u00e1llalkoz\u00f3n\u0151, hogy a lehet\u0151 legt\u00f6bbet tudj\u00e1k kihozni magukb\u00f3l, azt k\u00f6vet\u0151en pedig a Budapest Bank fi\u00f3kvezet\u0151i mentor\u00e1lj\u00e1k \u0151ket. El\u0151bbi v\u00e1llalkoz\u00f3i gyakorlat\u00e1val, tapasztalat\u00e1val tud seg\u00edteni, ut\u00f3bbiak, \u00f6nk\u00e9ntes tev\u00e9kenys\u00e9g\u00fck keret\u00e9ben, a v\u00e1llalatfinansz\u00edroz\u00e1si folyamatok, valamint a banki term\u00e9kek \u00e9s rendszerek megismertet\u00e9s\u00e9ben fogj\u00e1k t\u00e1mogatni az \u00e9rdekl\u0151d\u0151ket.<\/p>\n<p>A k\u00e9pz\u00e9s r\u00e9szvev\u0151k \u00e1ltal fizetend\u0151 d\u00edja brutt\u00f3 40 000 forint, a tov\u00e1bbi k\u00f6lts\u00e9geket a program f\u0151t\u00e1mogat\u00f3ja, a Budapest Bank fedezi.<\/p>\n<p>A Dobbant\u00f3 k\u00e9pz\u00e9sre p\u00e1ly\u00e1zni az al\u00e1bbi linken el\u00e9rhet\u0151 k\u00e9rd\u0151\u00edv kit\u00f6lt\u00e9s\u00e9vel lehet. Jelentkez\u00e9si hat\u00e1rid\u0151: 2020. febru\u00e1r 16., vas\u00e1rnap, 23:59.<br \/>\n<a href=\"https:\/\/dobbanto.seed.hu\/urlap\/jelentkezes-a-2020-as-tavaszi-treningre\" target=\"_blank\" rel=\"noopener\">Jelentkezem a \u201eDobbant\u00f3, Budapest Bank \u2013 p\u00e9nz\u00fcgyekr\u0151l n\u0151knek\u201d tr\u00e9ningre<\/a><\/p>\n<p>A Dobbant\u00f3 tr\u00e9ning mellett ebben a f\u00e9l\u00e9vben is lesz Business Model Canvas workshop, amelynek sor\u00e1n mindenki szem\u00e9lyre szabott gyakorlati tan\u00e1csokat kaphat v\u00e1llalkoz\u00e1sa \u00fczleti tervez\u00e9s\u00e9hez. A kurzus c\u00e9lja egy indul\u00f3, vagy egy m\u00e1r megl\u00e9v\u0151 v\u00e1llalkoz\u00e1s \u00fczleti modellj\u00e9nek k\u00f6z\u00f6s \u00e1tgondol\u00e1sa. A m\u00e1rcius 3-i workshopra az al\u00e1bbi linken lehet jelentkezni, febru\u00e1r 23-ig.<br \/>\n<a href=\"https:\/\/dobbanto.seed.hu\/urlap\/jelentkezes-a-business-model-canvas-workshopra-2020-02\" target=\"_blank\" rel=\"noopener\">Jelentkezem a Business Model Canvas workshopra<\/a><\/p>\n<p>A jubileumi \u00e9v \u00faj k\u00e9pz\u00e9st is hozott. Egy v\u00e1llalkoz\u00e1s sz\u00e1m\u00e1ra ma m\u00e1r elengedhetetlen a digit\u00e1lis jelenl\u00e9t, ez\u00e9rt a Dobbant\u00f3 Program tov\u00e1bbi \u00fajdons\u00e1gak\u00e9nt n\u00e9gynapos<br \/>\ndigit\u00e1liskompetencia-fejleszt\u0151 k\u00e9pz\u00e9s indul, amelyet egy h\u00e1rom\u00f3r\u00e1s egy\u00e9ni szak\u00e9rt\u0151i tan\u00e1csad\u00e1s is kieg\u00e9sz\u00edt. Az \u00e1prilis 22-\u00e9n indul\u00f3 k\u00e9pz\u00e9sre hamarosan jelentkezhetnek az \u00e9rdekl\u0151d\u0151k.<\/p>\n<p>Ezen t\u00falmen\u0151en rendszeres klubesem\u00e9nyek (Dobbant\u00f3 Klub) \u00e9s egy\u00e9b tal\u00e1lkoz\u00f3k is seg\u00edtik a v\u00e1llalkoz\u00f3n\u0151ket a leg\u00fajabb piaci-szakmai trendek megismer\u00e9s\u00e9ben, a kapcsolat\u00e9p\u00edt\u00e9sben. Ezeken a rendezv\u00e9nyeken kor\u00e1bbi dobbant\u00f3sokkal is tal\u00e1lkozhatnak.<\/p>\n","protected":false},"featured_media":335,"menu_order":0,"template":"","meta":{"_acf_changed":false},"class_list":["post-928","hirek","type-hirek","status-publish","has-post-thumbnail","hentry"],"acf":[],"yoast_head":"<!-- This site is optimized with the Yoast SEO plugin v27.4 - https:\/\/yoast.com\/product\/yoast-seo-wordpress\/ -->\n<title>Jubileumi Dobbant\u00f3: 10, 20, 30 - Seed<\/title>\n<meta name=\"robots\" content=\"index, follow, max-snippet:-1, max-image-preview:large, max-video-preview:-1\" \/>\n<link rel=\"canonical\" href=\"https:\/\/seed.hu\/hirek\/jubileumi-dobbanto-10-20-30\/\" \/>\n<meta property=\"og:locale\" content=\"en_US\" \/>\n<meta property=\"og:type\" content=\"article\" \/>\n<meta property=\"og:title\" content=\"Jubileumi Dobbant\u00f3: 10, 20, 30 - Seed\" \/>\n<meta property=\"og:description\" content=\"Febru\u00e1r 16-\u00e1n \u00e9jf\u00e9lig jelentkezhetnek a v\u00e1llalkoz\u00f3n\u0151k az id\u00e9n 10 \u00e9ves Dobbant\u00f3 Program 20. k\u00e9pz\u00e9s\u00e9re, amely a 30. sz\u00fclet\u00e9snapj\u00e1t \u00fcnnepl\u0151 SEED Kisv\u00e1llalkoz\u00e1s-fejleszt\u00e9si Alap\u00edtv\u00e1ny szakmai \u00e9gisze alatt, a Budapest Bank anyagi t\u00e1mogat\u00e1s\u00e1val val\u00f3sul meg. A 6&#215;2 napos k\u00e9pz\u00e9s sor\u00e1n a v\u00e1llalkoz\u00f3n\u0151k olyan ismereteket \u00e9s kompetenci\u00e1kat saj\u00e1t\u00edtanak el, amelyek seg\u00edtik \u0151ket v\u00e1llalkoz\u00e1suk sikeres m\u0171k\u00f6dtet\u00e9s\u00e9ben. A program egy \u00faj [&hellip;]\" \/>\n<meta property=\"og:url\" content=\"https:\/\/seed.hu\/hirek\/jubileumi-dobbanto-10-20-30\/\" \/>\n<meta property=\"og:site_name\" content=\"Seed\" \/>\n<meta property=\"article:modified_time\" content=\"2022-01-20T16:13:34+00:00\" \/>\n<meta property=\"og:image\" content=\"https:\/\/seed.hu\/wp-content\/uploads\/2021\/04\/dobbanto.png\" \/>\n\t<meta property=\"og:image:width\" content=\"773\" \/>\n\t<meta property=\"og:image:height\" content=\"773\" \/>\n\t<meta property=\"og:image:type\" content=\"image\/png\" \/>\n<meta name=\"twitter:card\" content=\"summary_large_image\" \/>\n<meta name=\"twitter:label1\" content=\"Est. reading time\" \/>\n\t<meta name=\"twitter:data1\" content=\"4 minutes\" \/>\n<script type=\"application\/ld+json\" class=\"yoast-schema-graph\">{\"@context\":\"https:\\\/\\\/schema.org\",\"@graph\":[{\"@type\":\"WebPage\",\"@id\":\"https:\\\/\\\/seed.hu\\\/hirek\\\/jubileumi-dobbanto-10-20-30\\\/\",\"url\":\"https:\\\/\\\/seed.hu\\\/hirek\\\/jubileumi-dobbanto-10-20-30\\\/\",\"name\":\"Jubileumi Dobbant\u00f3: 10, 20, 30 - Seed\",\"isPartOf\":{\"@id\":\"https:\\\/\\\/seed.hu\\\/#website\"},\"primaryImageOfPage\":{\"@id\":\"https:\\\/\\\/seed.hu\\\/hirek\\\/jubileumi-dobbanto-10-20-30\\\/#primaryimage\"},\"image\":{\"@id\":\"https:\\\/\\\/seed.hu\\\/hirek\\\/jubileumi-dobbanto-10-20-30\\\/#primaryimage\"},\"thumbnailUrl\":\"https:\\\/\\\/seed.hu\\\/wp-content\\\/uploads\\\/2021\\\/04\\\/dobbanto.png\",\"datePublished\":\"2020-01-23T07:42:59+00:00\",\"dateModified\":\"2022-01-20T16:13:34+00:00\",\"breadcrumb\":{\"@id\":\"https:\\\/\\\/seed.hu\\\/hirek\\\/jubileumi-dobbanto-10-20-30\\\/#breadcrumb\"},\"inLanguage\":\"en-US\",\"potentialAction\":[{\"@type\":\"ReadAction\",\"target\":[\"https:\\\/\\\/seed.hu\\\/hirek\\\/jubileumi-dobbanto-10-20-30\\\/\"]}]},{\"@type\":\"ImageObject\",\"inLanguage\":\"en-US\",\"@id\":\"https:\\\/\\\/seed.hu\\\/hirek\\\/jubileumi-dobbanto-10-20-30\\\/#primaryimage\",\"url\":\"https:\\\/\\\/seed.hu\\\/wp-content\\\/uploads\\\/2021\\\/04\\\/dobbanto.png\",\"contentUrl\":\"https:\\\/\\\/seed.hu\\\/wp-content\\\/uploads\\\/2021\\\/04\\\/dobbanto.png\",\"width\":773,\"height\":773},{\"@type\":\"BreadcrumbList\",\"@id\":\"https:\\\/\\\/seed.hu\\\/hirek\\\/jubileumi-dobbanto-10-20-30\\\/#breadcrumb\",\"itemListElement\":[{\"@type\":\"ListItem\",\"position\":1,\"name\":\"H\u00edrek\",\"item\":\"https:\\\/\\\/seed.hu\\\/hirek\\\/\"},{\"@type\":\"ListItem\",\"position\":2,\"name\":\"Jubileumi Dobbant\u00f3: 10, 20, 30\"}]},{\"@type\":\"WebSite\",\"@id\":\"https:\\\/\\\/seed.hu\\\/#website\",\"url\":\"https:\\\/\\\/seed.hu\\\/\",\"name\":\"Seed\",\"description\":\"\",\"potentialAction\":[{\"@type\":\"SearchAction\",\"target\":{\"@type\":\"EntryPoint\",\"urlTemplate\":\"https:\\\/\\\/seed.hu\\\/?s={search_term_string}\"},\"query-input\":{\"@type\":\"PropertyValueSpecification\",\"valueRequired\":true,\"valueName\":\"search_term_string\"}}],\"inLanguage\":\"en-US\"}]}<\/script>\n<!-- \/ Yoast SEO plugin. -->","yoast_head_json":{"title":"Jubileumi Dobbant\u00f3: 10, 20, 30 - Seed","robots":{"index":"index","follow":"follow","max-snippet":"max-snippet:-1","max-image-preview":"max-image-preview:large","max-video-preview":"max-video-preview:-1"},"canonical":"https:\/\/seed.hu\/hirek\/jubileumi-dobbanto-10-20-30\/","og_locale":"en_US","og_type":"article","og_title":"Jubileumi Dobbant\u00f3: 10, 20, 30 - Seed","og_description":"Febru\u00e1r 16-\u00e1n \u00e9jf\u00e9lig jelentkezhetnek a v\u00e1llalkoz\u00f3n\u0151k az id\u00e9n 10 \u00e9ves Dobbant\u00f3 Program 20. k\u00e9pz\u00e9s\u00e9re, amely a 30. sz\u00fclet\u00e9snapj\u00e1t \u00fcnnepl\u0151 SEED Kisv\u00e1llalkoz\u00e1s-fejleszt\u00e9si Alap\u00edtv\u00e1ny szakmai \u00e9gisze alatt, a Budapest Bank anyagi t\u00e1mogat\u00e1s\u00e1val val\u00f3sul meg. A 6&#215;2 napos k\u00e9pz\u00e9s sor\u00e1n a v\u00e1llalkoz\u00f3n\u0151k olyan ismereteket \u00e9s kompetenci\u00e1kat saj\u00e1t\u00edtanak el, amelyek seg\u00edtik \u0151ket v\u00e1llalkoz\u00e1suk sikeres m\u0171k\u00f6dtet\u00e9s\u00e9ben. A program egy \u00faj [&hellip;]","og_url":"https:\/\/seed.hu\/hirek\/jubileumi-dobbanto-10-20-30\/","og_site_name":"Seed","article_modified_time":"2022-01-20T16:13:34+00:00","og_image":[{"width":773,"height":773,"url":"https:\/\/seed.hu\/wp-content\/uploads\/2021\/04\/dobbanto.png","type":"image\/png"}],"twitter_card":"summary_large_image","twitter_misc":{"Est. reading time":"4 minutes"},"schema":{"@context":"https:\/\/schema.org","@graph":[{"@type":"WebPage","@id":"https:\/\/seed.hu\/hirek\/jubileumi-dobbanto-10-20-30\/","url":"https:\/\/seed.hu\/hirek\/jubileumi-dobbanto-10-20-30\/","name":"Jubileumi Dobbant\u00f3: 10, 20, 30 - Seed","isPartOf":{"@id":"https:\/\/seed.hu\/#website"},"primaryImageOfPage":{"@id":"https:\/\/seed.hu\/hirek\/jubileumi-dobbanto-10-20-30\/#primaryimage"},"image":{"@id":"https:\/\/seed.hu\/hirek\/jubileumi-dobbanto-10-20-30\/#primaryimage"},"thumbnailUrl":"https:\/\/seed.hu\/wp-content\/uploads\/2021\/04\/dobbanto.png","datePublished":"2020-01-23T07:42:59+00:00","dateModified":"2022-01-20T16:13:34+00:00","breadcrumb":{"@id":"https:\/\/seed.hu\/hirek\/jubileumi-dobbanto-10-20-30\/#breadcrumb"},"inLanguage":"en-US","potentialAction":[{"@type":"ReadAction","target":["https:\/\/seed.hu\/hirek\/jubileumi-dobbanto-10-20-30\/"]}]},{"@type":"ImageObject","inLanguage":"en-US","@id":"https:\/\/seed.hu\/hirek\/jubileumi-dobbanto-10-20-30\/#primaryimage","url":"https:\/\/seed.hu\/wp-content\/uploads\/2021\/04\/dobbanto.png","contentUrl":"https:\/\/seed.hu\/wp-content\/uploads\/2021\/04\/dobbanto.png","width":773,"height":773},{"@type":"BreadcrumbList","@id":"https:\/\/seed.hu\/hirek\/jubileumi-dobbanto-10-20-30\/#breadcrumb","itemListElement":[{"@type":"ListItem","position":1,"name":"H\u00edrek","item":"https:\/\/seed.hu\/hirek\/"},{"@type":"ListItem","position":2,"name":"Jubileumi Dobbant\u00f3: 10, 20, 30"}]},{"@type":"WebSite","@id":"https:\/\/seed.hu\/#website","url":"https:\/\/seed.hu\/","name":"Seed","description":"","potentialAction":[{"@type":"SearchAction","target":{"@type":"EntryPoint","urlTemplate":"https:\/\/seed.hu\/?s={search_term_string}"},"query-input":{"@type":"PropertyValueSpecification","valueRequired":true,"valueName":"search_term_string"}}],"inLanguage":"en-US"}]}},"_links":{"self":[{"href":"https:\/\/seed.hu\/en\/wp-json\/wp\/v2\/hirek\/928","targetHints":{"allow":["GET"]}}],"collection":[{"href":"https:\/\/seed.hu\/en\/wp-json\/wp\/v2\/hirek"}],"about":[{"href":"https:\/\/seed.hu\/en\/wp-json\/wp\/v2\/types\/hirek"}],"wp:featuredmedia":[{"embeddable":true,"href":"https:\/\/seed.hu\/en\/wp-json\/wp\/v2\/media\/335"}],"wp:attachment":[{"href":"https:\/\/seed.hu\/en\/wp-json\/wp\/v2\/media?parent=928"}],"curies":[{"name":"wp","href":"https:\/\/api.w.org\/{rel}","templated":true}]}}