{"id":929,"date":"2020-01-27T09:39:39","date_gmt":"2020-01-27T08:39:39","guid":{"rendered":"https:\/\/seed.hu\/?post_type=hirek&#038;p=929"},"modified":"2022-01-20T17:15:41","modified_gmt":"2022-01-20T16:15:41","slug":"mentorok-es-mentoraltak-5-engem-nagyon-inspiralnak-masok-sikerei","status":"publish","type":"hirek","link":"https:\/\/seed.hu\/en\/hirek\/mentorok-es-mentoraltak-5-engem-nagyon-inspiralnak-masok-sikerei\/","title":{"rendered":"Mentorok \u00e9s mentor\u00e1ltak 5. &#8211; \u201eEngem nagyon inspir\u00e1lnak m\u00e1sok sikerei.\u201d"},"content":{"rendered":"<p><a href=\"https:\/\/seed.hu\/hirek\/uj-irodaba-koltozott-a-seed-alapitvany\/seed_logo\/\" rel=\"attachment wp-att-792\"><img loading=\"lazy\" decoding=\"async\" class=\"alignnone size-full wp-image-792\" src=\"https:\/\/seed.hu\/wp-content\/uploads\/2018\/04\/SEED_logo.png\" alt=\"\" width=\"250\" height=\"206\" \/><\/a><a href=\"https:\/\/seed.hu\/hirek\/mentorok-es-mentoraltak-jelentkezeset-varja-a-seed-alapitvany\/ovm\/\" rel=\"attachment wp-att-844\"><img loading=\"lazy\" decoding=\"async\" class=\"alignnone wp-image-844 size-full\" src=\"https:\/\/seed.hu\/wp-content\/uploads\/2022\/01\/OVM.png\" alt=\"\" width=\"601\" height=\"163\" srcset=\"https:\/\/seed.hu\/wp-content\/uploads\/2022\/01\/OVM.png 601w, https:\/\/seed.hu\/wp-content\/uploads\/2022\/01\/OVM-300x81.png 300w\" sizes=\"auto, (max-width: 601px) 100vw, 601px\" \/><\/a><\/p>\n<p><strong>Mentorok \u00e9s mentor\u00e1ltak 5.<br \/>\n\u201eEngem nagyon inspir\u00e1lnak m\u00e1sok sikerei.\u201d<\/strong><\/p>\n<p><strong><img decoding=\"async\" style=\"width: 204px; height: 300px;\" src=\"https:\/\/seed.hu\/files\/attachments\/inline\/5-foto-patonai-agnes-web.jpg\" alt=\"\" \/><\/strong><\/p>\n<p><strong>Patonai \u00c1gnes m\u00e1r a f\u0151iskola elv\u00e9gz\u00e9se el\u0151tt is l\u00e1tott \u00e9l\u0151 v\u00e1llalkoz\u00f3t, hiszen az \u00e9desapj\u00e1nak j\u00f3l m\u0171k\u00f6d\u0151, gyenge\u00e1ram\u00fa megold\u00e1sokkal foglalkoz\u00f3 c\u00e9ge volt. Mivel azonban \u0151t a min\u0151s\u00e9gir\u00e1ny\u00edt\u00e1s ny\u0171g\u00f6zte le, a diploma megszerz\u00e9se ut\u00e1n \u00fagy gondolta, olyan v\u00e1llalatn\u00e1l szeretne dolgozni, amelyik min\u0151s\u00e9gir\u00e1ny\u00edt\u00e1si rendszerek kialak\u00edt\u00e1s\u00e1val, bevezet\u00e9s\u00e9vel is foglalkozik. Gyorsan r\u00e1\u00e9bredt azonban arra, hogy az alkalmazotti l\u00e9tet nem neki tal\u00e1lt\u00e1k ki, ez\u00e9rt egy-k\u00e9t pr\u00f3b\u00e1lkoz\u00e1s ut\u00e1n megalap\u00edtotta saj\u00e1t, az\u00f3ta is sikeres c\u00e9g\u00e9t.<\/strong><\/p>\n<p><strong>Miel\u0151tt v\u00e1llalkoz\u00f3 lett\u00e9l, kipr\u00f3b\u00e1lt\u00e1l egy-k\u00e9t c\u00e9get alkalmazottk\u00e9nt. Mi\u00e9rt ford\u00edtott\u00e1l h\u00e1tat az alkalmazotti l\u00e9tnek?<\/strong><\/p>\n<p>El\u0151sz\u00f6r ann\u00e1l a multinacion\u00e1lis v\u00e1llalatn\u00e1l helyezkedtem el, ahol kor\u00e1bban gyakornok voltam. Mind\u00f6ssze nyolc h\u00f3napig b\u00edrtam. T\u00f6bb oka is volt annak, hogy ilyen gyorsan t\u00e1voztam. Egyfel\u0151l nagyon-nagyon alacsony volt a fizet\u00e9sem, m\u00e9g az \u00f6szt\u00f6nd\u00edjamn\u00e1l is l\u00e9nyegesen alacsonyabb. M\u00e1sfel\u0151l az sem tetszett, hogy, ha volt munk\u00e1m, ha nem, a munkaid\u0151met ki kellett t\u00f6lteni. R\u00e1ad\u00e1sul sok\u00e1ig nem is tudtak el\u00e9g feladatot adni, ez\u00e9rt haszontalannak, feleslegesnek \u00e9reztem magam. Harmadsorban az akkori f\u0151n\u00f6k\u00f6m nem engedte, hogy min\u0151s\u00e9gir\u00e1ny\u00edt\u00e1ssal foglalkozzam. M\u00e1rpedig \u00e9n ez\u00e9rt csatlakoztam a c\u00e9ghez. \u0150 viszont marketingest akart faragni bel\u0151lem. Egy olyan c\u00e9gn\u00e9l, amelyiknek hivatalosan nem is volt marketing tev\u00e9kenys\u00e9ge. Egy diplom\u00e1val \u00e9s h\u00e1rom nyelvtud\u00e1ssal teh\u00e1t marketing-asszisztensk\u00e9nt c\u00edmlist\u00e1kat friss\u00edtettem \u00e9s n\u00e9vb\u00e9lyegz\u0151vel l\u00e1ttam el h\u00edrleveleket. R\u00e1ad\u00e1sul pont \u0151sszel csatlakoztam, hamarosan j\u00f6tt a t\u00e9l, \u00fagyhogy reggel s\u00f6t\u00e9tben mentem be, este pedig s\u00f6t\u00e9tben j\u00f6ttem el. Napk\u00f6zben pedig egy olyan \u00edr\u00f3asztaln\u00e1l \u00fcltem, amelyik egy t\u0171zfalra n\u00e9zett.<\/p>\n<p>Am\u00edg ott dolgoztam, v\u00e9gig azon gondolkodtam, hogyan tudn\u00e1m hasznosan elt\u00f6lteni az id\u0151met. Plusz feladatokat kerestem, amikkel fejleszteni tudtam magam: szakcikkeket \u00edrtam k\u00fcl\u00f6nb\u00f6z\u0151 min\u0151s\u00e9g\u00fcgyi blogokba, h\u00e1tt\u00e9rmunk\u00e1val seg\u00edtettem a tan\u00e1csad\u00f3k tev\u00e9kenys\u00e9g\u00e9t. Nem akartam csak \u00fclni, arra v\u00e1rva, hogy valaki majd csak megmondja, mit csin\u00e1ljak. Ez az ig\u00e9ny m\u00e1r a v\u00e1llalkoz\u00e1s ir\u00e1ny\u00e1ba mutatott, mert az \u00fagy m\u0171k\u00f6dik, hogy ha van munka, akkor intenz\u00edven dolgozol, ha pedig \u00e9ppen nincs, akkor lehet, hogy kim\u00e9sz a strandra.<\/p>\n<p><strong>Ezut\u00e1n egyb\u0151l v\u00e1llalkoz\u00e1sba fogt\u00e1l, vagy pr\u00f3b\u00e1lkozt\u00e1l m\u00e9g valahol?<\/strong><\/p>\n<p>Egyszerre csin\u00e1ltam a kett\u0151t. Be\u00e1lltam egy magyar tulajdonban l\u00e9v\u0151 tan\u00e1csad\u00f3 c\u00e9ghez alv\u00e1llalkoz\u00f3nak. Amikor viszont emiatt c\u00e9get akartam alap\u00edtani, apuk\u00e1m azt javasolta, v\u00e1s\u00e1roljam meg a nyugd\u00edjba vonul\u00f3 t\u00e1rsa \u00fczletr\u00e9sz\u00e9t. \u00cdgy lett a mi\u00e9nk csal\u00e1di v\u00e1llalkoz\u00e1s, amelyben j\u00f3l elk\u00fcl\u00f6n\u00fclt, hogy ki mit csin\u00e1l, \u00e9s az is, hogy kinek mennyi bev\u00e9tele van. A c\u00e9g egy\u00e9bk\u00e9nt az\u00f3ta is \u00e9l \u00e9s m\u0171k\u00f6dik, ma m\u00e1r kiz\u00e1r\u00f3lag tan\u00e1csad\u00e1ssal foglalkozik.<\/p>\n<p><strong>Nagyon sok fiatal, kezd\u0151 v\u00e1llalkoz\u00f3nak okoz nagy gondot az \u00fcgyf\u00e9lszerz\u00e9s. Te is fiatalon kezdted el a v\u00e1llalkoz\u00e1st, neked is \u00fcgyfelekre volt sz\u00fcks\u00e9ged. Nem volt neh\u00e9z az \u00fcgyf\u00e9lszerz\u00e9s?<\/strong><\/p>\n<p>Eml\u00edtettem, hogy a multi ut\u00e1n egy magyar tan\u00e1csad\u00f3 c\u00e9gn\u00e9l folytattam a p\u00e1ly\u00e1mat. A v\u00e1llalkoz\u00e1snak \u00e9s vezet\u0151j\u00e9nek j\u00f3 neve volt a szakm\u00e1ban, ez\u00e9rt nem volt gond \u00fcgyfelet szerezni. Ez eleinte nem tartozott a feladataim k\u00f6z\u00e9. Kezdetben egy tapasztalt koll\u00e9ga tan\u00e1csad\u00f3-asszisztense voltam, s azokban a munk\u00e1kban seg\u00edtettem, amiket \u0151 vagy a f\u0151n\u00f6k\u00fcnk szerzett. Ezek a feladatok nyilv\u00e1nval\u00f3 m\u00f3don n\u00f6velt\u00e9k a szakmai \u00f6nbizalmamat, ami k\u00e9s\u0151bb seg\u00edtett az \u00fcgyf\u00e9lszerz\u00e9sben. Mert az az\u00e9rt elv\u00e1r\u00e1s volt, hogy mi, fiatalok is szerezz\u00fcnk \u00fcgyfeleket. \u00c9n ebbe bele\u00e1lltam, kin\u00e9ztem magamnak egy \u00fcgyf\u00e9lszegmenst, \u00e9s elkezdtem ezt a k\u00f6rt becserk\u00e9szni. Leveleket \u00edrtam, telefon\u00e1ltam, t\u00e1rgyaltam. Nagyon sok kudarc \u00e9rt, a legt\u00f6bb tal\u00e1lkoz\u00f3b\u00f3l nem lett \u00fczlet, de n\u00e9h\u00e1ny esetben siker\u00fclt megszerezni az \u00fcgyfelet, \u00e9s ez nagyon inspir\u00e1lt.<\/p>\n<p><strong>V\u00e9g\u00fcl mi\u00e9rt d\u00f6nt\u00f6tt\u00e9l \u00fagy, hogy saj\u00e1t c\u00e9get alap\u00edtasz?<\/strong><\/p>\n<p>A munkahelyemen el\u0151fordultak fizet\u00e9si probl\u00e9m\u00e1k, volt olyan, hogy a megb\u00edz\u00e1s ut\u00e1n t\u00f6bb mint f\u00e9l \u00e9vvel kaptam csak meg a megb\u00edz\u00e1si d\u00edjamat, holott tudtam, az \u00fcgyf\u00e9l m\u00e1r r\u00e9gen fizetett. Ezt a helyzetet neh\u00e9z volt kezelni, s \u00fagy gondoltam, az a legjobb, ha \u00f6nmagam \u00e9s az \u00fcgyf\u00e9l k\u00f6z\u00fcl kiiktatom a harmadik felet. Nagyon kultur\u00e1ltan v\u00e1ltunk el a c\u00e9gt\u0151l, sok\u00e1ig kaptam m\u00e9g t\u0151l\u00fck megb\u00edz\u00e1sokat.<\/p>\n<p><strong>Milyen \u00e9rz\u00e9s volt egyszer csak ott \u00e1llni egyed\u00fcl az \u00fczleti vil\u00e1gban?<\/strong><\/p>\n<p>\u00c9n ezt nem ilyen dr\u00e1maian \u00e9ltem meg. \u00d6r\u00fcltem annak, hogy v\u00e9gre nem f\u00fcgg\u00f6k m\u00e1sokt\u00f3l, \u00e9s t\u00f6bbet tehetek magam\u00e9rt. Nagyon \u00e9lveztem, felszabadul\u00e1sk\u00e9nt \u00e9ltem meg a v\u00e1llalkoz\u00f3i l\u00e9tet.<\/p>\n<p><strong>V\u00e1llalkoz\u00f3k\u00e9nt melyik tulajdons\u00e1godat, tulajdons\u00e1gaidat tartod fontosnak?<\/strong><\/p>\n<p>Az els\u0151 a kezdem\u00e9nyez\u0151k\u00e9szs\u00e9g. A m\u00e1sik, hogy \u00e9n nagyon sok helyzetben nem a neh\u00e9zs\u00e9get vagy a probl\u00e9m\u00e1t l\u00e1tom, hanem a lehet\u0151s\u00e9get. Nagyon fontos sz\u00e1momra a kitart\u00e1s. \u00c9ppen a napokban olvastam egy id\u00e9zetet az egyik \u00fcgyfelem Facebook-oldal\u00e1n: \u201eNem akkor \u00e9red el c\u00e9ljaidat, ha belekezdesz valamibe, hanem akkor, \u00e9s csakis akkor, ha kitartasz mellette\u201d (Gaszt Attila, GIA Form Kft.). Teljesen egyet\u00e9rtek. A v\u00e1llalkoz\u00f3k nagyon sok \u00f6tlettel keresnek meg benn\u00fcnket is, de nem az a l\u00e9nyeg, hogy az \u00f6tlet igaz\u00e1n j\u00f3-e, hanem az, hogy mit \u00e9s mennyit hajland\u00f3 megtenni az ember az\u00e9rt, hogy az \u00f6tletb\u0151l val\u00f3s\u00e1g legyen.<\/p>\n<p><strong>Te m\u00e1r a SEED Alap\u00edtv\u00e1ny el\u0151z\u0151 mentorprogramj\u00e1ban is r\u00e9szt vett\u00e9l, \u00e9s a Szem\u00e9lyes V\u00e1llalkoz\u00f3i Mentorprogramban is mentori szerepet v\u00e1llalsz. Mi motiv\u00e1l arra, hogy az egy\u00e9bk\u00e9nt nem kev\u00e9s saj\u00e1t munk\u00e1d mellett m\u00e9g m\u00e1sokat is t\u00e1mogass a v\u00e1llalkoz\u00e1sukban?<\/strong><\/p>\n<p>Engem nagyon inspir\u00e1lnak m\u00e1sok sikerei. Olyan fajta ember vagyok, aki nemhogy nem irigykedik akkor, ha valaki eredm\u00e9nyes, hanem \u00f6r\u00fcl annak, hogy vannak olyan emberek, akik hozz\u00e1 hasonl\u00f3 lelkesed\u00e9ssel \u00e9s elsz\u00e1nts\u00e1ggal v\u00e9gzik a dolgukat. Ha az \u0151 siker\u00fckh\u00f6z \u00e9n b\u00e1rmennyit hozz\u00e1 tudok tenni, az sz\u00e1momra is rendk\u00edv\u00fcl motiv\u00e1l\u00f3. \u00c9n ebb\u0151l t\u00f6lt\u0151d\u00f6m.<\/p>\n<p>A SEED Alap\u00edtv\u00e1ny kor\u00e1bbi mentorprogramj\u00e1ban k\u00e9t mentor\u00e1ltam volt. Egyik\u00fck nem sokkal a program megkezd\u00e9se ut\u00e1n kik\u00f6lt\u00f6z\u00f6tt Londonba, \u00e9s \u00fagy d\u00f6nt\u00f6tt, hogy ott nem hoz l\u00e9tre saj\u00e1t \u00e9p\u00edt\u00e9szirod\u00e1t, hanem alkalmazott lesz egy m\u00e1r m\u0171k\u00f6d\u0151ben. \u00c9n azt is eredm\u00e9nynek k\u00f6nyvelem el, hogy a besz\u00e9lget\u00e9seink sor\u00e1n kider\u00fclt sz\u00e1m\u00e1ra, nagyobb biztons\u00e1gban \u00e9rzi mag\u00e1t alkalmazottk\u00e9nt, mint v\u00e1llalkoz\u00f3k\u00e9nt.<\/p>\n<p>A m\u00e1sik akkori mentor\u00e1ltam egy t\u00e1rs\u00e1val v\u00e1gott bele egy pap\u00edripari v\u00e1llalkoz\u00e1sba, de r\u00f6vid id\u0151 ut\u00e1n egyed\u00fcl maradt, mert a t\u00e1rsa terhes lett, \u00e9s elment sz\u00fclni. Hobbi szinten folytatta a v\u00e1llalkoz\u00e1st, \u00e9s nagyon sz\u00e9p mer\u00edtett pap\u00edrokat k\u00e9sz\u00edtett. \u00d6r\u00fcltem, hogy r\u00e9szese lehettem ennek a hagyom\u00e1ny- \u00e9s \u00e9rt\u00e9k\u0151rz\u0151 v\u00e1llalkoz\u00e1snak.<\/p>\n<p><strong>Van-e m\u00e1r mentor\u00e1ltad a Szem\u00e9lyes V\u00e1llalkoz\u00f3i Mentorprogramban?<\/strong><\/p>\n<p>Igen, az a nagy megtiszteltet\u00e9s \u00e9rt, hogy a b\u00fckki f\u00fcvesember, Szab\u00f3 Gyuri b\u00e1csi l\u00e1nya, vagyis a c\u00e9g\u00e9nek a vezet\u0151je v\u00e1lasztott mentor\u00e1ul. Gyuri b\u00e1csi munk\u00e1ss\u00e1g\u00e1t r\u00e9g\u00f3ta k\u00f6vetem, iszom a te\u00e1it, ez\u00e9rt is \u00f6r\u00fcltem ennek a tal\u00e1lkoz\u00e1snak. Ut\u00e1na m\u00e9g h\u00e1rman kerestek meg. \u00c9n ugyan csak egy mentor\u00e1l\u00e1si folyamatot terveztem magamnak, de most azt \u00e9rzem, valamilyen form\u00e1ban mind a n\u00e9gy jelentkez\u0151vel sz\u00edvesen m\u0171k\u00f6dn\u00e9k egy\u00fctt. Mivel k\u00e9t leend\u0151 mentor\u00e1lt az eny\u00e9mhez hasonl\u00f3 tev\u00e9kenys\u00e9get folytat, ak\u00e1r k\u00f6z\u00f6s munk\u00e1t is el tudok k\u00e9pzelni vel\u00fck.<\/p>\n<p><em>Bogn\u00e1r K\u00e1roly<\/em><\/p>\n","protected":false},"featured_media":338,"menu_order":0,"template":"","meta":{"_acf_changed":false},"class_list":["post-929","hirek","type-hirek","status-publish","has-post-thumbnail","hentry"],"acf":[],"yoast_head":"<!-- This site is optimized with the Yoast SEO plugin v27.4 - https:\/\/yoast.com\/product\/yoast-seo-wordpress\/ -->\n<title>Mentorok \u00e9s mentor\u00e1ltak 5. - \u201eEngem nagyon inspir\u00e1lnak m\u00e1sok sikerei.\u201d - Seed<\/title>\n<meta name=\"robots\" content=\"index, follow, max-snippet:-1, max-image-preview:large, max-video-preview:-1\" \/>\n<link rel=\"canonical\" href=\"https:\/\/seed.hu\/hirek\/mentorok-es-mentoraltak-5-engem-nagyon-inspiralnak-masok-sikerei\/\" \/>\n<meta property=\"og:locale\" content=\"en_US\" \/>\n<meta property=\"og:type\" content=\"article\" \/>\n<meta property=\"og:title\" content=\"Mentorok \u00e9s mentor\u00e1ltak 5. - \u201eEngem nagyon inspir\u00e1lnak m\u00e1sok sikerei.\u201d - Seed\" \/>\n<meta property=\"og:description\" content=\"Mentorok \u00e9s mentor\u00e1ltak 5. \u201eEngem nagyon inspir\u00e1lnak m\u00e1sok sikerei.\u201d Patonai \u00c1gnes m\u00e1r a f\u0151iskola elv\u00e9gz\u00e9se el\u0151tt is l\u00e1tott \u00e9l\u0151 v\u00e1llalkoz\u00f3t, hiszen az \u00e9desapj\u00e1nak j\u00f3l m\u0171k\u00f6d\u0151, gyenge\u00e1ram\u00fa megold\u00e1sokkal foglalkoz\u00f3 c\u00e9ge volt. Mivel azonban \u0151t a min\u0151s\u00e9gir\u00e1ny\u00edt\u00e1s ny\u0171g\u00f6zte le, a diploma megszerz\u00e9se ut\u00e1n \u00fagy gondolta, olyan v\u00e1llalatn\u00e1l szeretne dolgozni, amelyik min\u0151s\u00e9gir\u00e1ny\u00edt\u00e1si rendszerek kialak\u00edt\u00e1s\u00e1val, bevezet\u00e9s\u00e9vel is foglalkozik. Gyorsan [&hellip;]\" \/>\n<meta property=\"og:url\" content=\"https:\/\/seed.hu\/hirek\/mentorok-es-mentoraltak-5-engem-nagyon-inspiralnak-masok-sikerei\/\" \/>\n<meta property=\"og:site_name\" content=\"Seed\" \/>\n<meta property=\"article:modified_time\" content=\"2022-01-20T16:15:41+00:00\" \/>\n<meta property=\"og:image\" content=\"https:\/\/seed.hu\/wp-content\/uploads\/2021\/04\/Orsza\u0301gos-Va\u0301llalkozo\u0301i-Mentorprogram.png\" \/>\n\t<meta property=\"og:image:width\" content=\"773\" \/>\n\t<meta property=\"og:image:height\" content=\"774\" \/>\n\t<meta property=\"og:image:type\" content=\"image\/png\" \/>\n<meta name=\"twitter:card\" content=\"summary_large_image\" \/>\n<meta name=\"twitter:label1\" content=\"Est. reading time\" \/>\n\t<meta name=\"twitter:data1\" content=\"8 minutes\" \/>\n<script type=\"application\/ld+json\" class=\"yoast-schema-graph\">{\"@context\":\"https:\\\/\\\/schema.org\",\"@graph\":[{\"@type\":\"WebPage\",\"@id\":\"https:\\\/\\\/seed.hu\\\/hirek\\\/mentorok-es-mentoraltak-5-engem-nagyon-inspiralnak-masok-sikerei\\\/\",\"url\":\"https:\\\/\\\/seed.hu\\\/hirek\\\/mentorok-es-mentoraltak-5-engem-nagyon-inspiralnak-masok-sikerei\\\/\",\"name\":\"Mentorok \u00e9s mentor\u00e1ltak 5. - \u201eEngem nagyon inspir\u00e1lnak m\u00e1sok sikerei.\u201d - Seed\",\"isPartOf\":{\"@id\":\"https:\\\/\\\/seed.hu\\\/#website\"},\"primaryImageOfPage\":{\"@id\":\"https:\\\/\\\/seed.hu\\\/hirek\\\/mentorok-es-mentoraltak-5-engem-nagyon-inspiralnak-masok-sikerei\\\/#primaryimage\"},\"image\":{\"@id\":\"https:\\\/\\\/seed.hu\\\/hirek\\\/mentorok-es-mentoraltak-5-engem-nagyon-inspiralnak-masok-sikerei\\\/#primaryimage\"},\"thumbnailUrl\":\"https:\\\/\\\/seed.hu\\\/wp-content\\\/uploads\\\/2021\\\/04\\\/Orsza\u0301gos-Va\u0301llalkozo\u0301i-Mentorprogram.png\",\"datePublished\":\"2020-01-27T08:39:39+00:00\",\"dateModified\":\"2022-01-20T16:15:41+00:00\",\"breadcrumb\":{\"@id\":\"https:\\\/\\\/seed.hu\\\/hirek\\\/mentorok-es-mentoraltak-5-engem-nagyon-inspiralnak-masok-sikerei\\\/#breadcrumb\"},\"inLanguage\":\"en-US\",\"potentialAction\":[{\"@type\":\"ReadAction\",\"target\":[\"https:\\\/\\\/seed.hu\\\/hirek\\\/mentorok-es-mentoraltak-5-engem-nagyon-inspiralnak-masok-sikerei\\\/\"]}]},{\"@type\":\"ImageObject\",\"inLanguage\":\"en-US\",\"@id\":\"https:\\\/\\\/seed.hu\\\/hirek\\\/mentorok-es-mentoraltak-5-engem-nagyon-inspiralnak-masok-sikerei\\\/#primaryimage\",\"url\":\"https:\\\/\\\/seed.hu\\\/wp-content\\\/uploads\\\/2021\\\/04\\\/Orsza\u0301gos-Va\u0301llalkozo\u0301i-Mentorprogram.png\",\"contentUrl\":\"https:\\\/\\\/seed.hu\\\/wp-content\\\/uploads\\\/2021\\\/04\\\/Orsza\u0301gos-Va\u0301llalkozo\u0301i-Mentorprogram.png\",\"width\":773,\"height\":774},{\"@type\":\"BreadcrumbList\",\"@id\":\"https:\\\/\\\/seed.hu\\\/hirek\\\/mentorok-es-mentoraltak-5-engem-nagyon-inspiralnak-masok-sikerei\\\/#breadcrumb\",\"itemListElement\":[{\"@type\":\"ListItem\",\"position\":1,\"name\":\"H\u00edrek\",\"item\":\"https:\\\/\\\/seed.hu\\\/hirek\\\/\"},{\"@type\":\"ListItem\",\"position\":2,\"name\":\"Mentorok \u00e9s mentor\u00e1ltak 5. &#8211; \u201eEngem nagyon inspir\u00e1lnak m\u00e1sok sikerei.\u201d\"}]},{\"@type\":\"WebSite\",\"@id\":\"https:\\\/\\\/seed.hu\\\/#website\",\"url\":\"https:\\\/\\\/seed.hu\\\/\",\"name\":\"Seed\",\"description\":\"\",\"potentialAction\":[{\"@type\":\"SearchAction\",\"target\":{\"@type\":\"EntryPoint\",\"urlTemplate\":\"https:\\\/\\\/seed.hu\\\/?s={search_term_string}\"},\"query-input\":{\"@type\":\"PropertyValueSpecification\",\"valueRequired\":true,\"valueName\":\"search_term_string\"}}],\"inLanguage\":\"en-US\"}]}<\/script>\n<!-- \/ Yoast SEO plugin. -->","yoast_head_json":{"title":"Mentorok \u00e9s mentor\u00e1ltak 5. - \u201eEngem nagyon inspir\u00e1lnak m\u00e1sok sikerei.\u201d - Seed","robots":{"index":"index","follow":"follow","max-snippet":"max-snippet:-1","max-image-preview":"max-image-preview:large","max-video-preview":"max-video-preview:-1"},"canonical":"https:\/\/seed.hu\/hirek\/mentorok-es-mentoraltak-5-engem-nagyon-inspiralnak-masok-sikerei\/","og_locale":"en_US","og_type":"article","og_title":"Mentorok \u00e9s mentor\u00e1ltak 5. - \u201eEngem nagyon inspir\u00e1lnak m\u00e1sok sikerei.\u201d - Seed","og_description":"Mentorok \u00e9s mentor\u00e1ltak 5. \u201eEngem nagyon inspir\u00e1lnak m\u00e1sok sikerei.\u201d Patonai \u00c1gnes m\u00e1r a f\u0151iskola elv\u00e9gz\u00e9se el\u0151tt is l\u00e1tott \u00e9l\u0151 v\u00e1llalkoz\u00f3t, hiszen az \u00e9desapj\u00e1nak j\u00f3l m\u0171k\u00f6d\u0151, gyenge\u00e1ram\u00fa megold\u00e1sokkal foglalkoz\u00f3 c\u00e9ge volt. Mivel azonban \u0151t a min\u0151s\u00e9gir\u00e1ny\u00edt\u00e1s ny\u0171g\u00f6zte le, a diploma megszerz\u00e9se ut\u00e1n \u00fagy gondolta, olyan v\u00e1llalatn\u00e1l szeretne dolgozni, amelyik min\u0151s\u00e9gir\u00e1ny\u00edt\u00e1si rendszerek kialak\u00edt\u00e1s\u00e1val, bevezet\u00e9s\u00e9vel is foglalkozik. Gyorsan [&hellip;]","og_url":"https:\/\/seed.hu\/hirek\/mentorok-es-mentoraltak-5-engem-nagyon-inspiralnak-masok-sikerei\/","og_site_name":"Seed","article_modified_time":"2022-01-20T16:15:41+00:00","og_image":[{"width":773,"height":774,"url":"https:\/\/seed.hu\/wp-content\/uploads\/2021\/04\/Orsza\u0301gos-Va\u0301llalkozo\u0301i-Mentorprogram.png","type":"image\/png"}],"twitter_card":"summary_large_image","twitter_misc":{"Est. reading time":"8 minutes"},"schema":{"@context":"https:\/\/schema.org","@graph":[{"@type":"WebPage","@id":"https:\/\/seed.hu\/hirek\/mentorok-es-mentoraltak-5-engem-nagyon-inspiralnak-masok-sikerei\/","url":"https:\/\/seed.hu\/hirek\/mentorok-es-mentoraltak-5-engem-nagyon-inspiralnak-masok-sikerei\/","name":"Mentorok \u00e9s mentor\u00e1ltak 5. - \u201eEngem nagyon inspir\u00e1lnak m\u00e1sok sikerei.\u201d - Seed","isPartOf":{"@id":"https:\/\/seed.hu\/#website"},"primaryImageOfPage":{"@id":"https:\/\/seed.hu\/hirek\/mentorok-es-mentoraltak-5-engem-nagyon-inspiralnak-masok-sikerei\/#primaryimage"},"image":{"@id":"https:\/\/seed.hu\/hirek\/mentorok-es-mentoraltak-5-engem-nagyon-inspiralnak-masok-sikerei\/#primaryimage"},"thumbnailUrl":"https:\/\/seed.hu\/wp-content\/uploads\/2021\/04\/Orsza\u0301gos-Va\u0301llalkozo\u0301i-Mentorprogram.png","datePublished":"2020-01-27T08:39:39+00:00","dateModified":"2022-01-20T16:15:41+00:00","breadcrumb":{"@id":"https:\/\/seed.hu\/hirek\/mentorok-es-mentoraltak-5-engem-nagyon-inspiralnak-masok-sikerei\/#breadcrumb"},"inLanguage":"en-US","potentialAction":[{"@type":"ReadAction","target":["https:\/\/seed.hu\/hirek\/mentorok-es-mentoraltak-5-engem-nagyon-inspiralnak-masok-sikerei\/"]}]},{"@type":"ImageObject","inLanguage":"en-US","@id":"https:\/\/seed.hu\/hirek\/mentorok-es-mentoraltak-5-engem-nagyon-inspiralnak-masok-sikerei\/#primaryimage","url":"https:\/\/seed.hu\/wp-content\/uploads\/2021\/04\/Orsza\u0301gos-Va\u0301llalkozo\u0301i-Mentorprogram.png","contentUrl":"https:\/\/seed.hu\/wp-content\/uploads\/2021\/04\/Orsza\u0301gos-Va\u0301llalkozo\u0301i-Mentorprogram.png","width":773,"height":774},{"@type":"BreadcrumbList","@id":"https:\/\/seed.hu\/hirek\/mentorok-es-mentoraltak-5-engem-nagyon-inspiralnak-masok-sikerei\/#breadcrumb","itemListElement":[{"@type":"ListItem","position":1,"name":"H\u00edrek","item":"https:\/\/seed.hu\/hirek\/"},{"@type":"ListItem","position":2,"name":"Mentorok \u00e9s mentor\u00e1ltak 5. &#8211; \u201eEngem nagyon inspir\u00e1lnak m\u00e1sok sikerei.\u201d"}]},{"@type":"WebSite","@id":"https:\/\/seed.hu\/#website","url":"https:\/\/seed.hu\/","name":"Seed","description":"","potentialAction":[{"@type":"SearchAction","target":{"@type":"EntryPoint","urlTemplate":"https:\/\/seed.hu\/?s={search_term_string}"},"query-input":{"@type":"PropertyValueSpecification","valueRequired":true,"valueName":"search_term_string"}}],"inLanguage":"en-US"}]}},"_links":{"self":[{"href":"https:\/\/seed.hu\/en\/wp-json\/wp\/v2\/hirek\/929","targetHints":{"allow":["GET"]}}],"collection":[{"href":"https:\/\/seed.hu\/en\/wp-json\/wp\/v2\/hirek"}],"about":[{"href":"https:\/\/seed.hu\/en\/wp-json\/wp\/v2\/types\/hirek"}],"wp:featuredmedia":[{"embeddable":true,"href":"https:\/\/seed.hu\/en\/wp-json\/wp\/v2\/media\/338"}],"wp:attachment":[{"href":"https:\/\/seed.hu\/en\/wp-json\/wp\/v2\/media?parent=929"}],"curies":[{"name":"wp","href":"https:\/\/api.w.org\/{rel}","templated":true}]}}