{"id":932,"date":"2020-02-03T09:39:37","date_gmt":"2020-02-03T08:39:37","guid":{"rendered":"https:\/\/seed.hu\/?post_type=hirek&#038;p=932"},"modified":"2022-01-20T17:21:03","modified_gmt":"2022-01-20T16:21:03","slug":"mentorok-es-mentoraltak-7-majdnem-csaladi-kor","status":"publish","type":"hirek","link":"https:\/\/seed.hu\/en\/hirek\/mentorok-es-mentoraltak-7-majdnem-csaladi-kor\/","title":{"rendered":"Mentorok \u00e9s mentor\u00e1ltak 7. &#8211; Majdnem csal\u00e1di k\u00f6r."},"content":{"rendered":"<p><a href=\"https:\/\/seed.hu\/hirek\/mentorok-es-mentoraltak-jelentkezeset-varja-a-seed-alapitvany\/ovm\/\" rel=\"attachment wp-att-844\"><img loading=\"lazy\" decoding=\"async\" class=\"alignnone wp-image-844 size-full\" src=\"https:\/\/seed.hu\/wp-content\/uploads\/2022\/01\/OVM.png\" alt=\"\" width=\"601\" height=\"163\" srcset=\"https:\/\/seed.hu\/wp-content\/uploads\/2022\/01\/OVM.png 601w, https:\/\/seed.hu\/wp-content\/uploads\/2022\/01\/OVM-300x81.png 300w\" sizes=\"auto, (max-width: 601px) 100vw, 601px\" \/><\/a><a href=\"https:\/\/seed.hu\/hirek\/uj-irodaba-koltozott-a-seed-alapitvany\/seed_logo\/\" rel=\"attachment wp-att-792\"><img loading=\"lazy\" decoding=\"async\" class=\"alignnone size-full wp-image-792\" src=\"https:\/\/seed.hu\/wp-content\/uploads\/2018\/04\/SEED_logo.png\" alt=\"\" width=\"250\" height=\"206\" \/><\/a><\/p>\n<p><strong>Mentorok \u00e9s mentor\u00e1ltak 7.<br \/>\nMajdnem csal\u00e1di k\u00f6r<\/strong><\/p>\n<p><img decoding=\"async\" style=\"width: 212px; height: 300px;\" src=\"https:\/\/seed.hu\/files\/attachments\/inline\/7-foto-kovacs-tamas-web.jpg\" alt=\"\" \/><\/p>\n<p><strong>Kov\u00e1cs Tam\u00e1s l\u00e1tsz\u00f3lag neh\u00e9z f\u00e1ba v\u00e1gta a fejsz\u00e9j\u00e9t, amikor egy t\u00f6bb mint m\u00e1sf\u00e9l \u00e9vtizede j\u00f3l m\u0171k\u00f6d\u0151 csal\u00e1di v\u00e1llalkoz\u00e1sba k\u00edv\u00fclr\u0151l jelentkezett vezet\u0151nek csaknem t\u00edz \u00e9vvel ezel\u0151tt. El\u0151sz\u00f6r gazdas\u00e1gi, majd vez\u00e9rigazgat\u00f3 lett, a csal\u00e1d egyik tagj\u00e1t\u00f3l, a nagyobbik fi\u00fat\u00f3l v\u00e9ve \u00e1t az ut\u00f3bbi a poz\u00edci\u00f3t. Az\u00e9rt csak l\u00e1tsz\u00f3lag volt ez neh\u00e9z, mert az \u00e1tad\u00e1s-\u00e1tv\u00e9tel, az ilyenkor gyakori acsarkod\u00e1s helyett, letisztult \u00e9s egy\u00e9rtelm\u0171 k\u00f6r\u00fclm\u00e9nyek k\u00f6z\u00f6tt, korrekt\u00fcl zajlott le, \u00e9s azt k\u00f6vet\u0151en is ilyenek maradtak a viszonyok.<\/strong><\/p>\n<p><strong>Mivel foglalkozt\u00e1l miel\u0151tt eld\u00f6nt\u00f6tted, hogy be\u00e1llsz a Szabadics Zrt.-hez?<\/strong><\/p>\n<p>Kilenc \u00e9vig dolgoztam az E.ON-n\u00e1l, multinacion\u00e1lis k\u00f6rnyezetben, majd h\u00e9t \u00e9vig voltam a Magyar Fejleszt\u00e9si Bankn\u00e1l, \u00e1llami k\u00f6rnyezetben, mindk\u00e9t c\u00e9gn\u00e9l gazdas\u00e1gi ter\u00fcleten. K\u00e9t nagyon elt\u00e9r\u0151 kult\u00far\u00e1r\u00f3l voltak teh\u00e1t tapasztalataim. A Szabadics-csal\u00e1d 2007-ben keresett meg egy aj\u00e1nlattal, amire igent mondtam.<\/p>\n<p><strong>Egy \u00fajabb kult\u00far\u00e1val is kapcsolatba ker\u00fclt\u00e9l teh\u00e1t, a magyar csal\u00e1di tulajdonban l\u00e9v\u0151 kis-, k\u00f6z\u00e9pv\u00e1llalat kult\u00far\u00e1j\u00e1val. Mit sz\u00f3lt\u00e1l, amikor felaj\u00e1nlott\u00e1k, hogy menj hozz\u00e1juk dolgozni?<\/strong><\/p>\n<p>A t\u00f6rt\u00e9net alaposabb meg\u00e9rt\u00e9s\u00e9hez hozz\u00e1tartozik, hogy a Szabadics Zrt. m\u00e1r akkor sem egy kis csal\u00e1di v\u00e1llalkoz\u00e1s volt, hanem egy 18 \u00e9ve m\u0171k\u00f6d\u0151 jelent\u0151s k\u00f6z\u00e9pv\u00e1llalat, sz\u00e1mottev\u0151 piaci r\u00e9szesed\u00e9ssel \u00e9s j\u00f3 piaci reput\u00e1ci\u00f3val.<\/p>\n<p><strong>Mivel foglalkozik a c\u00e9g?<\/strong><\/p>\n<p>Akkor m\u00e9g csak m\u00e9ly\u00e9p\u00edt\u00e9ssel, ma m\u00e1r magas\u00e9p\u00edt\u00e9ssel \u00e9s szerkezet\u00e9p\u00edt\u00e9ssel is.<\/p>\n<p><strong>Milyen volt belecs\u00f6ppeni egy csal\u00e1di er\u0151t\u00e9rbe, ahol akkoriban m\u00e1r v\u00e9gbement a gener\u00e1ci\u00f3v\u00e1lt\u00e1s, hiszen az alap\u00edt\u00f3 egyik fia vezette a c\u00e9get?<\/strong><\/p>\n<p>Ennek a v\u00e1ltoztat\u00e1si ig\u00e9nynek az volt a mozgat\u00f3rug\u00f3ja, hogy a csal\u00e1d felismerte a c\u00e9g n\u00f6veked\u00e9si korl\u00e1tait. Szembes\u00fcltek az egyre ki\u00e9lezettebb versennyel, \u00e9s tudt\u00e1k azt, hogy ha nem siker\u00fcl a v\u00e1llaltir\u00e1ny\u00edt\u00e1sban el\u0151rel\u00e9pni, a menedzsmentkapacit\u00e1sokban b\u0151v\u00fclni, akkor a v\u00e1llalat lemarad a versenyben, \u00e9s egy m\u00e1sodvonalbeli, t\u00f6bbnyire alv\u00e1llalkoz\u00f3i feladatokat ell\u00e1t\u00f3 c\u00e9gg\u00e9 v\u00e1lik. A c\u00e9l viszont az volt, hogy olyan c\u00e9get \u00e9p\u00edtsenek f\u00f6l, amelyik az els\u0151 vonalban j\u00e1tszik.<\/p>\n<p><strong>T\u00e9ged egyb\u0151l vez\u00e9rigazgat\u00f3nak vettek f\u00f6l?<\/strong><\/p>\n<p>A terv eredetileg ez volt. Miut\u00e1n azonban akkor m\u00e9g nem ismertem sem a piacot, sem az ipar\u00e1gban uralkod\u00f3 szem\u00e9lyi viszonyokat, \u00fagy d\u00f6nt\u00f6tt\u00fcnk, hogy els\u0151 l\u00e9p\u00e9sben a gazdas\u00e1gi igazgat\u00f3i teend\u0151ket l\u00e1tom el. K\u00e9t \u00e9s f\u00e9l \u00e9v ut\u00e1n, 2010-ben lettem vez\u00e9rigazgat\u00f3.<\/p>\n<p><strong>Ezzel egy\u00fctt m\u00e9gis csak egy\u00e9rtelm\u0171 volt, hogy te vagy a vez\u00e9rigazgat\u00f3i c\u00edm v\u00e1rom\u00e1nyosa. Sz\u00fclt-e ez fesz\u00fclts\u00e9get a csal\u00e1don bel\u00fcl, illetve k\u00f6zted \u00e9s a csal\u00e1d egyes tagjai k\u00f6z\u00f6tt?<\/strong><\/p>\n<p>Ki merem jelenteni, hogy nem. Ha nagy lett volna a fesz\u00fclts\u00e9g, ez a modell nem is tudott volna igaz\u00e1n m\u0171k\u00f6dni. Ilyen esetekben a csal\u00e1dnak sz\u00e1mottev\u0151 \u00f6nm\u00e9rs\u00e9kletet kell tan\u00fas\u00edtania: a d\u00f6nt\u00e9shozatalban \u00e9ppen \u00fagy, mint a mindennapi m\u0171k\u00f6d\u00e9sben. Nem k\u00f6nny\u0171 dolog ez, hiszen egy c\u00e9gbe, amelyiket kor\u00e1bban a csal\u00e1d tagjai ir\u00e1ny\u00edtottak, becs\u00f6ppen egy k\u00fcls\u0151s. A c\u00e9l azonban k\u00f6z\u00f6s volt, \u00e9s ezt a csal\u00e1d mindegyik tagja tudta \u00e9s elfogadta.<\/p>\n<p><strong>Erre az\u00e9rt nem lenne mindenki k\u00e9pes.<\/strong><\/p>\n<p>T\u00e9nyleg nem, mert ez egy\u00e1ltal\u00e1n nem egyszer\u0171. Itt azonban az els\u0151 pillanatt\u00f3l kezdve megvolt a c\u00e9l, \u00e9s ennek a c\u00e9lnak a megval\u00f3s\u00edt\u00e1sa mindenek f\u00f6l\u00f6tti priorit\u00e1st \u00e9lvezett. Mindenki tiszt\u00e1ban volt azzal, hogy ha ezt a c\u00e9lt a v\u00e1llalat nem \u00e9ri el, akkor az, hossz\u00fa t\u00e1von, nem tesz j\u00f3t a c\u00e9gnek. Az a t\u00e9ny, hogy tulajdonr\u00e9szt kaptam a v\u00e1llalkoz\u00e1sb\u00f3l \u00f6nmag\u00e1ban mutatja, mennyire komolyan vett\u00e9k az elhat\u00e1roz\u00e1sukat.<\/p>\n<p><strong>Milyen neh\u00e9zs\u00e9gekkel tal\u00e1lkozt\u00e1l szembe els\u0151 vez\u00e9rigazgat\u00f3i \u00e9veid alatt, amelyek abb\u00f3l fakadhattak, hogy egy csal\u00e1di v\u00e1llalkoz\u00e1st vezetsz, \u00e9s nem egy multit, ahol j\u00f6nnek-mennek a vezet\u0151k?<\/strong><\/p>\n<p>A tulajdonossal viszonylag gyorsan tiszt\u00e1ztuk a k\u00f6z\u00f6s munk\u00e1hoz sz\u00fcks\u00e9ges j\u00e1t\u00e9kszab\u00e1lyokat, amelyeket mindenki maxim\u00e1lisan betartott \u00e9s be is tart. Meg\u00e1llapodtunk p\u00e9ld\u00e1ul a d\u00f6nt\u00e9si jogosults\u00e1gokban, mind operat\u00edv, mind strat\u00e9giai szinten. Am\u00edg az alap\u00edt\u00f3, a k\u00e9t fia \u00e9s \u00e9n egy\u00fctt voltunk a c\u00e9gn\u00e9l, szab\u00e1ly volt az, hogy csak konszenzusos d\u00f6nt\u00e9seket hozunk. Szem\u00e9lyzeti \u00e9s operat\u00edv \u00fcgyekben k\u00e9s\u0151bb nekem 100 sz\u00e1zal\u00e9kos felhatalmaz\u00e1som volt. Senkihez sem ragaszkodtak p\u00e9ld\u00e1ul csak az\u00e9rt, mert m\u00e1r r\u00e9g\u00f3ta dolgozott a c\u00e9gn\u00e9l.<\/p>\n<p>Amikor egy c\u00e9g n\u00f6veked\u00e9si f\u00e1zisban van, sok minden v\u00e1ltozik. Az emberek egy jelent\u0151s r\u00e9sze ilyenkor nosztalgi\u00e1val tekint vissza a kor\u00e1bbi id\u0151kre, amikor m\u00e9g minden csal\u00e1diasabban, lassabban, kisz\u00e1m\u00edthat\u00f3bban haladt. Ennek a kezel\u00e9se kih\u00edv\u00e1s volt sz\u00e1momra az elej\u00e9n, de h\u00e1l\u2019 Istennek a tulajdonos gyorsan lez\u00e1rta ezt a helyzetet. Mert lehet nosztalgi\u00e1zni, de akkor a c\u00e9g nem tudja megval\u00f3s\u00edtani a kit\u0171z\u00f6tt n\u00f6veked\u00e9si c\u00e9lokat.<\/p>\n<p><strong>\u00dagy l\u00e1tom, hogy a csal\u00e1d tagjai nagyon racion\u00e1lisan gondolkodtak, nem engedtek t\u00e1g teret az \u00e9rzelmesked\u00e9snek.<\/strong><\/p>\n<p>Teljesen racion\u00e1lisan \u00e1lltak az \u00fcgyekhez, ami nagyon megk\u00f6nny\u00edtette a z\u00f6kken\u0151mentes \u00e1tv\u00e9telt, \u00e9s k\u00e9s\u0151bb a munk\u00e1mat. Az, hogy az alap\u00edt\u00f3 hogyan gondolkodik ezekr\u0151l a folyamatokr\u00f3l, nyilv\u00e1n kulcsk\u00e9rd\u00e9s. A mi alap\u00edt\u00f3nk volt olyan er\u0151s, hogy meghozza a neh\u00e9z d\u00f6nt\u00e9seket, \u00e9s teljesen \u00e1tadja a c\u00e9g ir\u00e1ny\u00edt\u00e1s\u00e1t el\u0151sz\u00f6r a fiainak, azut\u00e1n nekem. Szerencs\u00e9s fejlem\u00e9ny volt, hogy a dolgoz\u00f3kat nagyon gyorsan meg tudtuk gy\u0151zni arr\u00f3l, hogy \u00e9rtek ahhoz, ami\u00e9rt idehoztak, \u00e9s meg tudjuk val\u00f3s\u00edtani a kit\u0171z\u00f6tt strat\u00e9giai c\u00e9lokat. A munkat\u00e1rsak jelent\u0151s r\u00e9sze pedig felismerte, hogy nekik is ez az \u00e9rdek\u00fck.<\/p>\n<p><strong>Mekkora ma a c\u00e9gcsoport?<\/strong><\/p>\n<p>K\u00f6r\u00fclbel\u00fcl 330 embernek adunk munk\u00e1t, a forgalmunk pedig \u00e9ves szinten 25-28 milli\u00e1rd forint k\u00f6z\u00f6tt mozog.<\/p>\n<p><strong>Egy ekkora c\u00e9get vezetni nem kis feladat. Hogyan tudsz emellett m\u00e9g mentor\u00e1l\u00e1ssal is foglalkozni?<\/strong><\/p>\n<p>Janu\u00e1rt\u00f3l v\u00e1ltozott a poz\u00edci\u00f3m: lemondtam a vez\u00e9rigazgat\u00f3i posztr\u00f3l \u00e9s az igazgat\u00f3s\u00e1g eln\u00f6ke lettem. Ez azt jelenti, hogy kisz\u00e1lltam a napi operat\u00edv munk\u00e1b\u00f3l, \u00e9s a strat\u00e9gi\u00e1ra, a kiemelt \u00fcgyfelek kezel\u00e9s\u00e9re koncentr\u00e1lok. Egy kicsivel t\u00f6bb id\u0151m jut ez\u00e9rt egy\u00e9b feladatokra, p\u00e9ld\u00e1ul a mentori tev\u00e9kenys\u00e9gre.<\/p>\n<p>Mi k\u00e9tszer is v\u00e9gig\u00e9lt\u00fck, v\u00e9gigmenedzselt\u00fck az ut\u00f3dl\u00e1st, a vezet\u0151v\u00e1lt\u00e1st, \u00e9s tudom, hogy ennek a levez\u00e9nyl\u00e9se milyen fontos egy csal\u00e1di v\u00e1llalkoz\u00e1s \u00e9let\u00e9ben. Azt is tudom, mennyire k\u00edv\u00e1natos, hogy ha egyszer belev\u00e1g az ember az ut\u00f3dl\u00e1si folyamatba, akkor azt a lehet\u0151 legjobban vigye v\u00e9gig. \u00dagy gondolom, hogy ebben kell\u0151 tapasztalatom van, amit sz\u00edvesen megosztok m\u00e1s v\u00e1llalkoz\u00e1sokkal.<\/p>\n<p><em>Bogn\u00e1r K\u00e1roly<\/em><\/p>\n","protected":false},"featured_media":338,"menu_order":0,"template":"","meta":{"_acf_changed":false},"class_list":["post-932","hirek","type-hirek","status-publish","has-post-thumbnail","hentry"],"acf":[],"yoast_head":"<!-- This site is optimized with the Yoast SEO plugin v27.4 - https:\/\/yoast.com\/product\/yoast-seo-wordpress\/ -->\n<title>Mentorok \u00e9s mentor\u00e1ltak 7. - Majdnem csal\u00e1di k\u00f6r. - Seed<\/title>\n<meta name=\"robots\" content=\"index, follow, max-snippet:-1, max-image-preview:large, max-video-preview:-1\" \/>\n<link rel=\"canonical\" href=\"https:\/\/seed.hu\/hirek\/mentorok-es-mentoraltak-7-majdnem-csaladi-kor\/\" \/>\n<meta property=\"og:locale\" content=\"en_US\" \/>\n<meta property=\"og:type\" content=\"article\" \/>\n<meta property=\"og:title\" content=\"Mentorok \u00e9s mentor\u00e1ltak 7. - Majdnem csal\u00e1di k\u00f6r. - Seed\" \/>\n<meta property=\"og:description\" content=\"Mentorok \u00e9s mentor\u00e1ltak 7. Majdnem csal\u00e1di k\u00f6r Kov\u00e1cs Tam\u00e1s l\u00e1tsz\u00f3lag neh\u00e9z f\u00e1ba v\u00e1gta a fejsz\u00e9j\u00e9t, amikor egy t\u00f6bb mint m\u00e1sf\u00e9l \u00e9vtizede j\u00f3l m\u0171k\u00f6d\u0151 csal\u00e1di v\u00e1llalkoz\u00e1sba k\u00edv\u00fclr\u0151l jelentkezett vezet\u0151nek csaknem t\u00edz \u00e9vvel ezel\u0151tt. El\u0151sz\u00f6r gazdas\u00e1gi, majd vez\u00e9rigazgat\u00f3 lett, a csal\u00e1d egyik tagj\u00e1t\u00f3l, a nagyobbik fi\u00fat\u00f3l v\u00e9ve \u00e1t az ut\u00f3bbi a poz\u00edci\u00f3t. Az\u00e9rt csak l\u00e1tsz\u00f3lag volt ez [&hellip;]\" \/>\n<meta property=\"og:url\" content=\"https:\/\/seed.hu\/hirek\/mentorok-es-mentoraltak-7-majdnem-csaladi-kor\/\" \/>\n<meta property=\"og:site_name\" content=\"Seed\" \/>\n<meta property=\"article:modified_time\" content=\"2022-01-20T16:21:03+00:00\" \/>\n<meta property=\"og:image\" content=\"https:\/\/seed.hu\/wp-content\/uploads\/2021\/04\/Orsza\u0301gos-Va\u0301llalkozo\u0301i-Mentorprogram.png\" \/>\n\t<meta property=\"og:image:width\" content=\"773\" \/>\n\t<meta property=\"og:image:height\" content=\"774\" \/>\n\t<meta property=\"og:image:type\" content=\"image\/png\" \/>\n<meta name=\"twitter:card\" content=\"summary_large_image\" \/>\n<meta name=\"twitter:label1\" content=\"Est. reading time\" \/>\n\t<meta name=\"twitter:data1\" content=\"7 minutes\" \/>\n<script type=\"application\/ld+json\" class=\"yoast-schema-graph\">{\"@context\":\"https:\\\/\\\/schema.org\",\"@graph\":[{\"@type\":\"WebPage\",\"@id\":\"https:\\\/\\\/seed.hu\\\/hirek\\\/mentorok-es-mentoraltak-7-majdnem-csaladi-kor\\\/\",\"url\":\"https:\\\/\\\/seed.hu\\\/hirek\\\/mentorok-es-mentoraltak-7-majdnem-csaladi-kor\\\/\",\"name\":\"Mentorok \u00e9s mentor\u00e1ltak 7. - Majdnem csal\u00e1di k\u00f6r. - Seed\",\"isPartOf\":{\"@id\":\"https:\\\/\\\/seed.hu\\\/#website\"},\"primaryImageOfPage\":{\"@id\":\"https:\\\/\\\/seed.hu\\\/hirek\\\/mentorok-es-mentoraltak-7-majdnem-csaladi-kor\\\/#primaryimage\"},\"image\":{\"@id\":\"https:\\\/\\\/seed.hu\\\/hirek\\\/mentorok-es-mentoraltak-7-majdnem-csaladi-kor\\\/#primaryimage\"},\"thumbnailUrl\":\"https:\\\/\\\/seed.hu\\\/wp-content\\\/uploads\\\/2021\\\/04\\\/Orsza\u0301gos-Va\u0301llalkozo\u0301i-Mentorprogram.png\",\"datePublished\":\"2020-02-03T08:39:37+00:00\",\"dateModified\":\"2022-01-20T16:21:03+00:00\",\"breadcrumb\":{\"@id\":\"https:\\\/\\\/seed.hu\\\/hirek\\\/mentorok-es-mentoraltak-7-majdnem-csaladi-kor\\\/#breadcrumb\"},\"inLanguage\":\"en-US\",\"potentialAction\":[{\"@type\":\"ReadAction\",\"target\":[\"https:\\\/\\\/seed.hu\\\/hirek\\\/mentorok-es-mentoraltak-7-majdnem-csaladi-kor\\\/\"]}]},{\"@type\":\"ImageObject\",\"inLanguage\":\"en-US\",\"@id\":\"https:\\\/\\\/seed.hu\\\/hirek\\\/mentorok-es-mentoraltak-7-majdnem-csaladi-kor\\\/#primaryimage\",\"url\":\"https:\\\/\\\/seed.hu\\\/wp-content\\\/uploads\\\/2021\\\/04\\\/Orsza\u0301gos-Va\u0301llalkozo\u0301i-Mentorprogram.png\",\"contentUrl\":\"https:\\\/\\\/seed.hu\\\/wp-content\\\/uploads\\\/2021\\\/04\\\/Orsza\u0301gos-Va\u0301llalkozo\u0301i-Mentorprogram.png\",\"width\":773,\"height\":774},{\"@type\":\"BreadcrumbList\",\"@id\":\"https:\\\/\\\/seed.hu\\\/hirek\\\/mentorok-es-mentoraltak-7-majdnem-csaladi-kor\\\/#breadcrumb\",\"itemListElement\":[{\"@type\":\"ListItem\",\"position\":1,\"name\":\"H\u00edrek\",\"item\":\"https:\\\/\\\/seed.hu\\\/hirek\\\/\"},{\"@type\":\"ListItem\",\"position\":2,\"name\":\"Mentorok \u00e9s mentor\u00e1ltak 7. &#8211; Majdnem csal\u00e1di k\u00f6r.\"}]},{\"@type\":\"WebSite\",\"@id\":\"https:\\\/\\\/seed.hu\\\/#website\",\"url\":\"https:\\\/\\\/seed.hu\\\/\",\"name\":\"Seed\",\"description\":\"\",\"potentialAction\":[{\"@type\":\"SearchAction\",\"target\":{\"@type\":\"EntryPoint\",\"urlTemplate\":\"https:\\\/\\\/seed.hu\\\/?s={search_term_string}\"},\"query-input\":{\"@type\":\"PropertyValueSpecification\",\"valueRequired\":true,\"valueName\":\"search_term_string\"}}],\"inLanguage\":\"en-US\"}]}<\/script>\n<!-- \/ Yoast SEO plugin. -->","yoast_head_json":{"title":"Mentorok \u00e9s mentor\u00e1ltak 7. - Majdnem csal\u00e1di k\u00f6r. - Seed","robots":{"index":"index","follow":"follow","max-snippet":"max-snippet:-1","max-image-preview":"max-image-preview:large","max-video-preview":"max-video-preview:-1"},"canonical":"https:\/\/seed.hu\/hirek\/mentorok-es-mentoraltak-7-majdnem-csaladi-kor\/","og_locale":"en_US","og_type":"article","og_title":"Mentorok \u00e9s mentor\u00e1ltak 7. - Majdnem csal\u00e1di k\u00f6r. - Seed","og_description":"Mentorok \u00e9s mentor\u00e1ltak 7. Majdnem csal\u00e1di k\u00f6r Kov\u00e1cs Tam\u00e1s l\u00e1tsz\u00f3lag neh\u00e9z f\u00e1ba v\u00e1gta a fejsz\u00e9j\u00e9t, amikor egy t\u00f6bb mint m\u00e1sf\u00e9l \u00e9vtizede j\u00f3l m\u0171k\u00f6d\u0151 csal\u00e1di v\u00e1llalkoz\u00e1sba k\u00edv\u00fclr\u0151l jelentkezett vezet\u0151nek csaknem t\u00edz \u00e9vvel ezel\u0151tt. El\u0151sz\u00f6r gazdas\u00e1gi, majd vez\u00e9rigazgat\u00f3 lett, a csal\u00e1d egyik tagj\u00e1t\u00f3l, a nagyobbik fi\u00fat\u00f3l v\u00e9ve \u00e1t az ut\u00f3bbi a poz\u00edci\u00f3t. Az\u00e9rt csak l\u00e1tsz\u00f3lag volt ez [&hellip;]","og_url":"https:\/\/seed.hu\/hirek\/mentorok-es-mentoraltak-7-majdnem-csaladi-kor\/","og_site_name":"Seed","article_modified_time":"2022-01-20T16:21:03+00:00","og_image":[{"width":773,"height":774,"url":"https:\/\/seed.hu\/wp-content\/uploads\/2021\/04\/Orsza\u0301gos-Va\u0301llalkozo\u0301i-Mentorprogram.png","type":"image\/png"}],"twitter_card":"summary_large_image","twitter_misc":{"Est. reading time":"7 minutes"},"schema":{"@context":"https:\/\/schema.org","@graph":[{"@type":"WebPage","@id":"https:\/\/seed.hu\/hirek\/mentorok-es-mentoraltak-7-majdnem-csaladi-kor\/","url":"https:\/\/seed.hu\/hirek\/mentorok-es-mentoraltak-7-majdnem-csaladi-kor\/","name":"Mentorok \u00e9s mentor\u00e1ltak 7. - Majdnem csal\u00e1di k\u00f6r. - Seed","isPartOf":{"@id":"https:\/\/seed.hu\/#website"},"primaryImageOfPage":{"@id":"https:\/\/seed.hu\/hirek\/mentorok-es-mentoraltak-7-majdnem-csaladi-kor\/#primaryimage"},"image":{"@id":"https:\/\/seed.hu\/hirek\/mentorok-es-mentoraltak-7-majdnem-csaladi-kor\/#primaryimage"},"thumbnailUrl":"https:\/\/seed.hu\/wp-content\/uploads\/2021\/04\/Orsza\u0301gos-Va\u0301llalkozo\u0301i-Mentorprogram.png","datePublished":"2020-02-03T08:39:37+00:00","dateModified":"2022-01-20T16:21:03+00:00","breadcrumb":{"@id":"https:\/\/seed.hu\/hirek\/mentorok-es-mentoraltak-7-majdnem-csaladi-kor\/#breadcrumb"},"inLanguage":"en-US","potentialAction":[{"@type":"ReadAction","target":["https:\/\/seed.hu\/hirek\/mentorok-es-mentoraltak-7-majdnem-csaladi-kor\/"]}]},{"@type":"ImageObject","inLanguage":"en-US","@id":"https:\/\/seed.hu\/hirek\/mentorok-es-mentoraltak-7-majdnem-csaladi-kor\/#primaryimage","url":"https:\/\/seed.hu\/wp-content\/uploads\/2021\/04\/Orsza\u0301gos-Va\u0301llalkozo\u0301i-Mentorprogram.png","contentUrl":"https:\/\/seed.hu\/wp-content\/uploads\/2021\/04\/Orsza\u0301gos-Va\u0301llalkozo\u0301i-Mentorprogram.png","width":773,"height":774},{"@type":"BreadcrumbList","@id":"https:\/\/seed.hu\/hirek\/mentorok-es-mentoraltak-7-majdnem-csaladi-kor\/#breadcrumb","itemListElement":[{"@type":"ListItem","position":1,"name":"H\u00edrek","item":"https:\/\/seed.hu\/hirek\/"},{"@type":"ListItem","position":2,"name":"Mentorok \u00e9s mentor\u00e1ltak 7. &#8211; Majdnem csal\u00e1di k\u00f6r."}]},{"@type":"WebSite","@id":"https:\/\/seed.hu\/#website","url":"https:\/\/seed.hu\/","name":"Seed","description":"","potentialAction":[{"@type":"SearchAction","target":{"@type":"EntryPoint","urlTemplate":"https:\/\/seed.hu\/?s={search_term_string}"},"query-input":{"@type":"PropertyValueSpecification","valueRequired":true,"valueName":"search_term_string"}}],"inLanguage":"en-US"}]}},"_links":{"self":[{"href":"https:\/\/seed.hu\/en\/wp-json\/wp\/v2\/hirek\/932","targetHints":{"allow":["GET"]}}],"collection":[{"href":"https:\/\/seed.hu\/en\/wp-json\/wp\/v2\/hirek"}],"about":[{"href":"https:\/\/seed.hu\/en\/wp-json\/wp\/v2\/types\/hirek"}],"wp:featuredmedia":[{"embeddable":true,"href":"https:\/\/seed.hu\/en\/wp-json\/wp\/v2\/media\/338"}],"wp:attachment":[{"href":"https:\/\/seed.hu\/en\/wp-json\/wp\/v2\/media?parent=932"}],"curies":[{"name":"wp","href":"https:\/\/api.w.org\/{rel}","templated":true}]}}