{"id":933,"date":"2020-02-06T09:39:10","date_gmt":"2020-02-06T08:39:10","guid":{"rendered":"https:\/\/seed.hu\/?post_type=hirek&#038;p=933"},"modified":"2022-01-20T17:24:10","modified_gmt":"2022-01-20T16:24:10","slug":"mentorok-es-mentoraltak-8-szatyrok-es-kornyezetvedelem","status":"publish","type":"hirek","link":"https:\/\/seed.hu\/en\/hirek\/mentorok-es-mentoraltak-8-szatyrok-es-kornyezetvedelem\/","title":{"rendered":"Mentorok \u00e9s mentor\u00e1ltak 8. &#8211; Szatyrok \u00e9s k\u00f6rnyezetv\u00e9delem."},"content":{"rendered":"<p><a href=\"https:\/\/seed.hu\/hirek\/mentorok-es-mentoraltak-jelentkezeset-varja-a-seed-alapitvany\/ovm\/\" rel=\"attachment wp-att-844\"><img loading=\"lazy\" decoding=\"async\" class=\"alignnone wp-image-844 size-full\" src=\"https:\/\/seed.hu\/wp-content\/uploads\/2022\/01\/OVM.png\" alt=\"\" width=\"601\" height=\"163\" srcset=\"https:\/\/seed.hu\/wp-content\/uploads\/2022\/01\/OVM.png 601w, https:\/\/seed.hu\/wp-content\/uploads\/2022\/01\/OVM-300x81.png 300w\" sizes=\"auto, (max-width: 601px) 100vw, 601px\" \/><\/a><a href=\"https:\/\/seed.hu\/hirek\/uj-irodaba-koltozott-a-seed-alapitvany\/seed_logo\/\" rel=\"attachment wp-att-792\"><img loading=\"lazy\" decoding=\"async\" class=\"alignnone size-full wp-image-792\" src=\"https:\/\/seed.hu\/wp-content\/uploads\/2018\/04\/SEED_logo.png\" alt=\"\" width=\"250\" height=\"206\" \/><\/a><\/p>\n<p><strong>Mentorok \u00e9s mentor\u00e1ltak 8.<br \/>\nSzatyrok \u00e9s k\u00f6rnyezetv\u00e9delem.<\/strong><\/p>\n<p><img decoding=\"async\" style=\"width: 200px; height: 300px;\" src=\"https:\/\/seed.hu\/files\/attachments\/inline\/8-foto-lay-boglarka1-web.jpg\" alt=\"\" \/><\/p>\n<p><strong>Lay Bogl\u00e1rka m\u0171vel\u0151d\u00e9sszervez\u0151k\u00e9nt v\u00e9gzett, sok\u00e1ig k\u00f6nyvt\u00e1rosk\u00e9nt dolgozott, majd volt marketing asszisztens, piackutat\u00f3 \u00e9s \u00fcgyf\u00e9lszolg\u00e1lati munkat\u00e1rs. Miut\u00e1n megsz\u0171nt a munkahelye hossz\u00fa id\u0151n kereszt\u00fcl pr\u00f3b\u00e1lkozott visszaker\u00fclni a munkaer\u0151-piaci v\u00e9rkering\u00e9sbe, de sikertelen\u00fcl. Ekkor gondolt egy nagyot, \u00e9s v\u00e1llalkozni kezdett. Az id\u00e9n k\u00e9t kateg\u00f3ri\u00e1ban is elnyerte az \u00c9v Anyav\u00e1llalata c\u00edmet. V\u00e1llalkoz\u00e1s\u00e1nak tov\u00e1bbfejleszt\u00e9se \u00e9rdek\u00e9ben pedig jelentkezett a Szem\u00e9lyes V\u00e1llalkoz\u00f3i Mentorprogramba.\u00a0\u00a0<\/strong><\/p>\n<p><strong>Hogyan j\u00f6tt l\u00e9tre a v\u00e1llalkoz\u00e1sod, \u00e9s mivel foglalkozik?<\/strong><\/p>\n<p>Mindig is szerettem varrogatni. El\u0151sz\u00f6r csak hobbi szinten csin\u00e1ltam, de a csal\u00e1dtagjaim, a bar\u00e1taim azt mondt\u00e1k, olyan sz\u00e9p \u00e9s j\u00f3 term\u00e9keket \u00e1ll\u00edtok el\u0151, hogy ak\u00e1r el is lehetne adni \u0151ket. V\u00e9g\u00fcl \u00edgy ker\u00fclt sor az els\u0151 elad\u00e1sra. A v\u00e1llalkoz\u00e1somat, a BogBag-et k\u00e9t \u00e9ve alap\u00edtottam, mert a kor\u00e1bbi munkahelyem megsz\u0171nt. K\u00f6rnyezettudatos bev\u00e1s\u00e1rl\u00f3-, frissen tart\u00f3 zs\u00e1kokat \u00e9s csomagol\u00e1sokat k\u00e9sz\u00edtek min\u0151s\u00edtett pamutb\u00f3l, hogy legyen mivel kiv\u00e1ltani az egyszer haszn\u00e1latos nejlonzacsk\u00f3kat. Ezek t\u00f6bb m\u00e9retben, t\u00f6bb sz\u00ednben k\u00e9sz\u00fclnek. Ezen k\u00edv\u00fcl vannak lemoshat\u00f3, illetve moshat\u00f3 \u00fajraszalv\u00e9t\u00e1im, k\u00f6z\u00f6tt\u00fck m\u00e9hviaszos \u00fajraszalv\u00e9t\u00e1k is, valamint \u00fajratasakjaim. K\u00e9sz\u00edtek megrendel\u00e9sre h\u00e1tizs\u00e1kokat \u00e9s k\u00fcl\u00f6nf\u00e9le szatyrokat is. T\u00f6bbs\u00e9g\u00e9ben egy\u00e9ni vev\u0151im vannak, akik vagy a webshopomon kereszt\u00fcl, vagy k\u00f6zvetlen\u00fcl, a v\u00e1s\u00e1rokon tudnak t\u0151lem v\u00e1s\u00e1rolni.\u00a0 \u00c1lland\u00f3 \u00e9rt\u00e9kes\u00edt\u00e9si helysz\u00ednem a Kiskerpiac, ahol havonta egy vas\u00e1rnapon k\u00edn\u00e1lom a port\u00e9k\u00e1imat. Vannak c\u00e9ges megrendel\u0151im is, \u0151k \u00e1ltal\u00e1ban log\u00f3zott szatyrokat, zs\u00e1kokat rendelnek t\u0151lem. Ezen k\u00edv\u00fcl k\u00e9sz\u00edtek egyedi term\u00e9keket is.<\/p>\n<p>Fontosnak tartom, hogy van szakk\u00e9pes\u00edt\u00e9sem, v\u00e9gzett varr\u00f3n\u0151 vagyok. Ez el\u00e9g ritka, mert a legt\u00f6bb hozz\u00e1m hasonl\u00f3 v\u00e1llalkoz\u00f3nak nincs ilyen v\u00e9gzetts\u00e9ge, \u0151k maximum a tervez\u00e9sben vesznek r\u00e9szt, a term\u00e9keket varratj\u00e1k. A BogBag-ben mindent \u00e9n csin\u00e1lok, az anyagbeszerz\u00e9st\u0151l kezdve a szab\u00e1son, varr\u00e1son kereszt\u00fcl a csomagol\u00e1sig, az \u00e9rt\u00e9kes\u00edt\u00e9sig.<\/p>\n<p><strong>A v\u00e1llalkoz\u00e1sodban fontos szerepet j\u00e1tszik a k\u00f6rnyezetbar\u00e1t szeml\u00e9let. Ma, amikor a kl\u00edmav\u00e1ltoz\u00e1s miatt egyre t\u00f6bb emberben fogalmaz\u00f3dik meg, hogy tenni kellene valamit a bolyg\u00f3\u00e9rt, a te term\u00e9keid megold\u00e1st jelenthetnek egy probl\u00e9m\u00e1ra. \u00c9rzed-e a v\u00e1llalkoz\u00e1sod menet\u00e9ben ezt a fajta gondolati hangs\u00falyv\u00e1lt\u00e1st?<\/strong><\/p>\n<p>N\u00e1lam ez nem \u00faj dolog, m\u00e1r t\u00edz \u00e9vvel ezel\u0151tt is, amikor ez a t\u00e9ma m\u00e9g nem volt ennyire napirenden, odafigyeltem a k\u00f6rnyezetre, p\u00e9ld\u00e1ul szelekt\u00edven gy\u0171jt\u00f6ttem a hullad\u00e9kot. Akkor ez m\u00e9g nagyon j\u00f3 megold\u00e1snak t\u0171nt, de ma m\u00e1r l\u00e1tjuk, hogy kev\u00e9s: a megel\u0151z\u00e9sre kellene t\u00f6rekedn\u00fcnk, arra, hogy egy\u00e1ltal\u00e1n ne \u00e1ll\u00edtsunk el\u0151 szemetet, ne v\u00e1s\u00e1roljunk f\u00f6l\u00f6sleges term\u00e9keket. \u00c9n nemcsak a term\u00e9keimmel igyekszem ezt hangs\u00falyozni, hanem p\u00e9ld\u00e1ul azzal is, hogy el\u0151ad\u00e1sokat tartok \u00e1ltal\u00e1nos iskol\u00e1kban, \u00e9s pr\u00f3b\u00e1lom \u00e1tadni a gyerekeknek ezt a szeml\u00e9letet. Apr\u00f3 dolgokra h\u00edvom fel a figyelmet, olyanokra, amelyeket b\u00e1rki, k\u00fcl\u00f6n\u00f6sebb er\u0151fesz\u00edt\u00e9s n\u00e9lk\u00fcl megtehet. P\u00e9ld\u00e1ul megmutatom nekik, hogy a m\u0171anyag sz\u00edv\u00f3sz\u00e1l helyett lehet bambuszb\u00f3l, pap\u00edrb\u00f3l, f\u00e9mb\u0151l k\u00e9sz\u00fcltet is haszn\u00e1lni.<\/p>\n<p><strong>Ha j\u00f3l tudom, elind\u00edtott\u00e1l egy k\u00f6rnyezetv\u00e9d\u0151 mozgalmat is.\u00a0<\/strong><\/p>\n<p>Igen, m\u00e9gpedig Puc\u00e9r kamp\u00e1ny \u2212 csak a textil maradhat! n\u00e9ven. Ebben a k\u00f6rnyezettudatos v\u00e1s\u00e1rl\u00e1sra szeretn\u00e9m r\u00e1ir\u00e1ny\u00edtani az emberek figyelm\u00e9t. Arra tan\u00edtom \u0151ket, hogy \u201epuc\u00e9ran\u201d tegy\u00e9k a szatyrukba a z\u00f6lds\u00e9get, gy\u00fcm\u00f6lcs\u00f6t, esetleg a p\u00e9k\u00e1rut, ne pedig egyszer haszn\u00e1latos m\u0171anyag zacsk\u00f3kban. Ehhez k\u00edn\u00e1lok nekik megold\u00e1sokat is. Ez a kamp\u00e1ny h\u00e1rom r\u00e9szb\u0151l \u00e1ll: egyfel\u0151l, amint eml\u00edtettem, el\u0151ad\u00e1sokat tartok iskol\u00e1soknak, m\u00e1sfel\u0151l vannak c\u00e9ges partnereim, akik seg\u00edtenek n\u00e9pszer\u0171s\u00edteni ezt a gondolatot, harmadr\u00e9szt pedig, az egy\u00e9ni v\u00e1s\u00e1rl\u00f3im a Facebook \u00e9s Instagram\u00a0 oldalaikon \u201ehirdetik az ig\u00e9t\u201d.<\/p>\n<p>Tal\u00e1n ennek is k\u00f6sz\u00f6nhet\u0151, hogy az id\u00e9n k\u00e9t kateg\u00f3ri\u00e1ban is megnyertem az \u00c9v Anyav\u00e1llalata versenyt, amely a Gazdagmami.hu oldal \u00e1ltal meghirdetett megm\u00e9rettet\u00e9s. Ebben olyan anyuk\u00e1k vesznek r\u00e9szt, akik otthonr\u00f3l, gyerekek mell\u0151l dolgoznak, v\u00e1llalkoznak. \u00c9n a 45+ szakmai d\u00edjat \u00e9s a k\u00f6z\u00f6ns\u00e9gd\u00edjat kaptam meg. Ez ut\u00f3bbi az\u00e9rt megd\u00f6bbent\u0151 sz\u00e1momra, mert n\u00e1lam sokkal jobb el\u0151ad\u00f3k voltak, de \u00fagy t\u0171nik, hogy az embereket ez\u00fattal a k\u00f6rnyezetv\u00e9delmi t\u00e9ma ragadta meg.<\/p>\n<p><strong>Szerencs\u00e9sen tal\u00e1lkozott teh\u00e1t a v\u00e1llalkoz\u00e1sodban a k\u00f6rnyezetv\u00e9d\u0151 \u00e9s a varr\u00f3n\u0151 \u201ev\u00e9n\u00e1d.<\/strong><\/p>\n<p>Igen ez \u00edgy van, hiszen \u00e9n nem k\u00e9t-h\u00e1rom \u00e9ve pr\u00f3b\u00e1lok meg k\u00f6rnyzettudatosan \u00e9lni \u00e9s tev\u00e9kenykedni, hanem m\u00e1r legal\u00e1bb egy \u00e9vtizede. Ami pedig a varr\u00e1st illeti: amikor elkezdtem a v\u00e1llalkoz\u00e1st \u00fagy gondoltam, ahhoz hogy varrjak \u00e9s eladjak ilyen term\u00e9keket, mindenk\u00e9ppen profi m\u00f3don meg kell tanulnom ezt a szakm\u00e1t, mert \u00edgy tartom korrektnek. Mert ennek a szakm\u00e1nak is megvannak az elsaj\u00e1t\u00edtand\u00f3 fog\u00e1sai, apr\u00f3 finoms\u00e1gai, mint b\u00e1rmely m\u00e1s foglalkoz\u00e1snak. Van m\u00e9g valami, ami fontos nekem, \u00e9s a v\u00e1llalkoz\u00e1som szempontj\u00e1b\u00f3l sem elhanyagolhat\u00f3, ez pedig a kommunik\u00e1ci\u00f3. Mindig emberekkel foglalkoztam, sokat kommunik\u00e1ltam, \u00e9s ez seg\u00edt p\u00e9ld\u00e1ul az \u00e9rt\u00e9kes\u00edt\u00e9sben.<\/p>\n<p><strong>Nem ijedt\u00e9l meg a v\u00e1llalkoz\u00f3i l\u00e9tt\u0151l? Az\u00e9rt ez teljesen m\u00e1s, mint alkalmazottnak lenni.<\/strong><\/p>\n<p>Nagyon ijeszt\u0151 volt, de nem volt m\u00e1s v\u00e1laszt\u00e1som. Negyven f\u00f6l\u00f6tt, k\u00e9t kisgyerekkel m\u00e1r nem olyan kap\u00f3s az ember a munkaer\u0151-piacon. K\u00e9t \u00e9vig pr\u00f3b\u00e1lkoztam visszajutni, de sehov\u00e1 se vettek fel, \u00fagyhogy l\u00e9pnem kellett. Megk\u00f6nny\u00edtette a helyzetemet, hogy a v\u00e1llalkoz\u00e1som kezdet\u00e9n nagyon sok seg\u00edts\u00e9get kaptam m\u00e1s n\u0151i v\u00e1llalkoz\u00f3kt\u00f3l, ez\u00e9rt a mai napig h\u00e1l\u00e1s vagyok nekik.<\/p>\n<p><strong>Mi volt az, ami miatt \u00fagy gondoltad, hogy sz\u00fcks\u00e9ged lenne k\u00fcls\u0151 seg\u00edts\u00e9gre, \u00e9s r\u00e1tal\u00e1lt\u00e1l a SEED Alap\u00edtv\u00e1nyra, illetve a Szem\u00e9lyes V\u00e1llalkoz\u00f3i Mentorprogramra?<\/strong><\/p>\n<p>Nagyon j\u00f3 lenne, ha t\u00f6bb c\u00e9g rendelne a term\u00e9keimb\u0151l. Ebben nagy seg\u00edts\u00e9gemre lehetne egy mentor, aki kiterjedt kapcsolatrendszerrel rendelkezik. Szeretn\u00e9k biztat\u00e1st, meger\u0151s\u00edt\u00e9st, vagy \u00e9ppen \u00e9p\u00edt\u0151 kritik\u00e1t kapni egy n\u00e1lam sokkal tapasztaltabb v\u00e1llalkoz\u00f3t\u00f3l arr\u00f3l, hogy mit csin\u00e1lok j\u00f3l \u00e9s mit csin\u00e1lhatn\u00e9k m\u00e9g jobban. Az is a mentorprogram mellett sz\u00f3lt, hogy 25 \u00f3r\u00e1ban speci\u00e1lis tan\u00e1csad\u00f3 seg\u00edts\u00e9g\u00e9t is ig\u00e9nybe lehet venni, teh\u00e1t ha van olyasmi, amihez egyik\u0151nk sem \u00e9rt, akkor sem vagyunk elveszve. \u00dagy gondolom, ezek olyan lehet\u0151s\u00e9gek, amelyekkel \u00e9rdemes \u00e9lni.<\/p>\n<p><em>Bogn\u00e1r K\u00e1roly<\/em><\/p>\n","protected":false},"featured_media":338,"menu_order":0,"template":"","meta":{"_acf_changed":false},"class_list":["post-933","hirek","type-hirek","status-publish","has-post-thumbnail","hentry"],"acf":[],"yoast_head":"<!-- This site is optimized with the Yoast SEO plugin v27.4 - https:\/\/yoast.com\/product\/yoast-seo-wordpress\/ -->\n<title>Mentorok \u00e9s mentor\u00e1ltak 8. - Szatyrok \u00e9s k\u00f6rnyezetv\u00e9delem. - Seed<\/title>\n<meta name=\"robots\" content=\"index, follow, max-snippet:-1, max-image-preview:large, max-video-preview:-1\" \/>\n<link rel=\"canonical\" href=\"https:\/\/seed.hu\/hirek\/mentorok-es-mentoraltak-8-szatyrok-es-kornyezetvedelem\/\" \/>\n<meta property=\"og:locale\" content=\"en_US\" \/>\n<meta property=\"og:type\" content=\"article\" \/>\n<meta property=\"og:title\" content=\"Mentorok \u00e9s mentor\u00e1ltak 8. - Szatyrok \u00e9s k\u00f6rnyezetv\u00e9delem. - Seed\" \/>\n<meta property=\"og:description\" content=\"Mentorok \u00e9s mentor\u00e1ltak 8. Szatyrok \u00e9s k\u00f6rnyezetv\u00e9delem. Lay Bogl\u00e1rka m\u0171vel\u0151d\u00e9sszervez\u0151k\u00e9nt v\u00e9gzett, sok\u00e1ig k\u00f6nyvt\u00e1rosk\u00e9nt dolgozott, majd volt marketing asszisztens, piackutat\u00f3 \u00e9s \u00fcgyf\u00e9lszolg\u00e1lati munkat\u00e1rs. Miut\u00e1n megsz\u0171nt a munkahelye hossz\u00fa id\u0151n kereszt\u00fcl pr\u00f3b\u00e1lkozott visszaker\u00fclni a munkaer\u0151-piaci v\u00e9rkering\u00e9sbe, de sikertelen\u00fcl. Ekkor gondolt egy nagyot, \u00e9s v\u00e1llalkozni kezdett. Az id\u00e9n k\u00e9t kateg\u00f3ri\u00e1ban is elnyerte az \u00c9v Anyav\u00e1llalata c\u00edmet. V\u00e1llalkoz\u00e1s\u00e1nak tov\u00e1bbfejleszt\u00e9se [&hellip;]\" \/>\n<meta property=\"og:url\" content=\"https:\/\/seed.hu\/hirek\/mentorok-es-mentoraltak-8-szatyrok-es-kornyezetvedelem\/\" \/>\n<meta property=\"og:site_name\" content=\"Seed\" \/>\n<meta property=\"article:modified_time\" content=\"2022-01-20T16:24:10+00:00\" \/>\n<meta property=\"og:image\" content=\"https:\/\/seed.hu\/wp-content\/uploads\/2021\/04\/Orsza\u0301gos-Va\u0301llalkozo\u0301i-Mentorprogram.png\" \/>\n\t<meta property=\"og:image:width\" content=\"773\" \/>\n\t<meta property=\"og:image:height\" content=\"774\" \/>\n\t<meta property=\"og:image:type\" content=\"image\/png\" \/>\n<meta name=\"twitter:card\" content=\"summary_large_image\" \/>\n<meta name=\"twitter:label1\" content=\"Est. reading time\" \/>\n\t<meta name=\"twitter:data1\" content=\"6 minutes\" \/>\n<script type=\"application\/ld+json\" class=\"yoast-schema-graph\">{\"@context\":\"https:\\\/\\\/schema.org\",\"@graph\":[{\"@type\":\"WebPage\",\"@id\":\"https:\\\/\\\/seed.hu\\\/hirek\\\/mentorok-es-mentoraltak-8-szatyrok-es-kornyezetvedelem\\\/\",\"url\":\"https:\\\/\\\/seed.hu\\\/hirek\\\/mentorok-es-mentoraltak-8-szatyrok-es-kornyezetvedelem\\\/\",\"name\":\"Mentorok \u00e9s mentor\u00e1ltak 8. - Szatyrok \u00e9s k\u00f6rnyezetv\u00e9delem. - Seed\",\"isPartOf\":{\"@id\":\"https:\\\/\\\/seed.hu\\\/#website\"},\"primaryImageOfPage\":{\"@id\":\"https:\\\/\\\/seed.hu\\\/hirek\\\/mentorok-es-mentoraltak-8-szatyrok-es-kornyezetvedelem\\\/#primaryimage\"},\"image\":{\"@id\":\"https:\\\/\\\/seed.hu\\\/hirek\\\/mentorok-es-mentoraltak-8-szatyrok-es-kornyezetvedelem\\\/#primaryimage\"},\"thumbnailUrl\":\"https:\\\/\\\/seed.hu\\\/wp-content\\\/uploads\\\/2021\\\/04\\\/Orsza\u0301gos-Va\u0301llalkozo\u0301i-Mentorprogram.png\",\"datePublished\":\"2020-02-06T08:39:10+00:00\",\"dateModified\":\"2022-01-20T16:24:10+00:00\",\"breadcrumb\":{\"@id\":\"https:\\\/\\\/seed.hu\\\/hirek\\\/mentorok-es-mentoraltak-8-szatyrok-es-kornyezetvedelem\\\/#breadcrumb\"},\"inLanguage\":\"en-US\",\"potentialAction\":[{\"@type\":\"ReadAction\",\"target\":[\"https:\\\/\\\/seed.hu\\\/hirek\\\/mentorok-es-mentoraltak-8-szatyrok-es-kornyezetvedelem\\\/\"]}]},{\"@type\":\"ImageObject\",\"inLanguage\":\"en-US\",\"@id\":\"https:\\\/\\\/seed.hu\\\/hirek\\\/mentorok-es-mentoraltak-8-szatyrok-es-kornyezetvedelem\\\/#primaryimage\",\"url\":\"https:\\\/\\\/seed.hu\\\/wp-content\\\/uploads\\\/2021\\\/04\\\/Orsza\u0301gos-Va\u0301llalkozo\u0301i-Mentorprogram.png\",\"contentUrl\":\"https:\\\/\\\/seed.hu\\\/wp-content\\\/uploads\\\/2021\\\/04\\\/Orsza\u0301gos-Va\u0301llalkozo\u0301i-Mentorprogram.png\",\"width\":773,\"height\":774},{\"@type\":\"BreadcrumbList\",\"@id\":\"https:\\\/\\\/seed.hu\\\/hirek\\\/mentorok-es-mentoraltak-8-szatyrok-es-kornyezetvedelem\\\/#breadcrumb\",\"itemListElement\":[{\"@type\":\"ListItem\",\"position\":1,\"name\":\"H\u00edrek\",\"item\":\"https:\\\/\\\/seed.hu\\\/hirek\\\/\"},{\"@type\":\"ListItem\",\"position\":2,\"name\":\"Mentorok \u00e9s mentor\u00e1ltak 8. &#8211; Szatyrok \u00e9s k\u00f6rnyezetv\u00e9delem.\"}]},{\"@type\":\"WebSite\",\"@id\":\"https:\\\/\\\/seed.hu\\\/#website\",\"url\":\"https:\\\/\\\/seed.hu\\\/\",\"name\":\"Seed\",\"description\":\"\",\"potentialAction\":[{\"@type\":\"SearchAction\",\"target\":{\"@type\":\"EntryPoint\",\"urlTemplate\":\"https:\\\/\\\/seed.hu\\\/?s={search_term_string}\"},\"query-input\":{\"@type\":\"PropertyValueSpecification\",\"valueRequired\":true,\"valueName\":\"search_term_string\"}}],\"inLanguage\":\"en-US\"}]}<\/script>\n<!-- \/ Yoast SEO plugin. -->","yoast_head_json":{"title":"Mentorok \u00e9s mentor\u00e1ltak 8. - Szatyrok \u00e9s k\u00f6rnyezetv\u00e9delem. - Seed","robots":{"index":"index","follow":"follow","max-snippet":"max-snippet:-1","max-image-preview":"max-image-preview:large","max-video-preview":"max-video-preview:-1"},"canonical":"https:\/\/seed.hu\/hirek\/mentorok-es-mentoraltak-8-szatyrok-es-kornyezetvedelem\/","og_locale":"en_US","og_type":"article","og_title":"Mentorok \u00e9s mentor\u00e1ltak 8. - Szatyrok \u00e9s k\u00f6rnyezetv\u00e9delem. - Seed","og_description":"Mentorok \u00e9s mentor\u00e1ltak 8. Szatyrok \u00e9s k\u00f6rnyezetv\u00e9delem. Lay Bogl\u00e1rka m\u0171vel\u0151d\u00e9sszervez\u0151k\u00e9nt v\u00e9gzett, sok\u00e1ig k\u00f6nyvt\u00e1rosk\u00e9nt dolgozott, majd volt marketing asszisztens, piackutat\u00f3 \u00e9s \u00fcgyf\u00e9lszolg\u00e1lati munkat\u00e1rs. Miut\u00e1n megsz\u0171nt a munkahelye hossz\u00fa id\u0151n kereszt\u00fcl pr\u00f3b\u00e1lkozott visszaker\u00fclni a munkaer\u0151-piaci v\u00e9rkering\u00e9sbe, de sikertelen\u00fcl. Ekkor gondolt egy nagyot, \u00e9s v\u00e1llalkozni kezdett. Az id\u00e9n k\u00e9t kateg\u00f3ri\u00e1ban is elnyerte az \u00c9v Anyav\u00e1llalata c\u00edmet. V\u00e1llalkoz\u00e1s\u00e1nak tov\u00e1bbfejleszt\u00e9se [&hellip;]","og_url":"https:\/\/seed.hu\/hirek\/mentorok-es-mentoraltak-8-szatyrok-es-kornyezetvedelem\/","og_site_name":"Seed","article_modified_time":"2022-01-20T16:24:10+00:00","og_image":[{"width":773,"height":774,"url":"https:\/\/seed.hu\/wp-content\/uploads\/2021\/04\/Orsza\u0301gos-Va\u0301llalkozo\u0301i-Mentorprogram.png","type":"image\/png"}],"twitter_card":"summary_large_image","twitter_misc":{"Est. reading time":"6 minutes"},"schema":{"@context":"https:\/\/schema.org","@graph":[{"@type":"WebPage","@id":"https:\/\/seed.hu\/hirek\/mentorok-es-mentoraltak-8-szatyrok-es-kornyezetvedelem\/","url":"https:\/\/seed.hu\/hirek\/mentorok-es-mentoraltak-8-szatyrok-es-kornyezetvedelem\/","name":"Mentorok \u00e9s mentor\u00e1ltak 8. - Szatyrok \u00e9s k\u00f6rnyezetv\u00e9delem. - Seed","isPartOf":{"@id":"https:\/\/seed.hu\/#website"},"primaryImageOfPage":{"@id":"https:\/\/seed.hu\/hirek\/mentorok-es-mentoraltak-8-szatyrok-es-kornyezetvedelem\/#primaryimage"},"image":{"@id":"https:\/\/seed.hu\/hirek\/mentorok-es-mentoraltak-8-szatyrok-es-kornyezetvedelem\/#primaryimage"},"thumbnailUrl":"https:\/\/seed.hu\/wp-content\/uploads\/2021\/04\/Orsza\u0301gos-Va\u0301llalkozo\u0301i-Mentorprogram.png","datePublished":"2020-02-06T08:39:10+00:00","dateModified":"2022-01-20T16:24:10+00:00","breadcrumb":{"@id":"https:\/\/seed.hu\/hirek\/mentorok-es-mentoraltak-8-szatyrok-es-kornyezetvedelem\/#breadcrumb"},"inLanguage":"en-US","potentialAction":[{"@type":"ReadAction","target":["https:\/\/seed.hu\/hirek\/mentorok-es-mentoraltak-8-szatyrok-es-kornyezetvedelem\/"]}]},{"@type":"ImageObject","inLanguage":"en-US","@id":"https:\/\/seed.hu\/hirek\/mentorok-es-mentoraltak-8-szatyrok-es-kornyezetvedelem\/#primaryimage","url":"https:\/\/seed.hu\/wp-content\/uploads\/2021\/04\/Orsza\u0301gos-Va\u0301llalkozo\u0301i-Mentorprogram.png","contentUrl":"https:\/\/seed.hu\/wp-content\/uploads\/2021\/04\/Orsza\u0301gos-Va\u0301llalkozo\u0301i-Mentorprogram.png","width":773,"height":774},{"@type":"BreadcrumbList","@id":"https:\/\/seed.hu\/hirek\/mentorok-es-mentoraltak-8-szatyrok-es-kornyezetvedelem\/#breadcrumb","itemListElement":[{"@type":"ListItem","position":1,"name":"H\u00edrek","item":"https:\/\/seed.hu\/hirek\/"},{"@type":"ListItem","position":2,"name":"Mentorok \u00e9s mentor\u00e1ltak 8. &#8211; Szatyrok \u00e9s k\u00f6rnyezetv\u00e9delem."}]},{"@type":"WebSite","@id":"https:\/\/seed.hu\/#website","url":"https:\/\/seed.hu\/","name":"Seed","description":"","potentialAction":[{"@type":"SearchAction","target":{"@type":"EntryPoint","urlTemplate":"https:\/\/seed.hu\/?s={search_term_string}"},"query-input":{"@type":"PropertyValueSpecification","valueRequired":true,"valueName":"search_term_string"}}],"inLanguage":"en-US"}]}},"_links":{"self":[{"href":"https:\/\/seed.hu\/en\/wp-json\/wp\/v2\/hirek\/933","targetHints":{"allow":["GET"]}}],"collection":[{"href":"https:\/\/seed.hu\/en\/wp-json\/wp\/v2\/hirek"}],"about":[{"href":"https:\/\/seed.hu\/en\/wp-json\/wp\/v2\/types\/hirek"}],"wp:featuredmedia":[{"embeddable":true,"href":"https:\/\/seed.hu\/en\/wp-json\/wp\/v2\/media\/338"}],"wp:attachment":[{"href":"https:\/\/seed.hu\/en\/wp-json\/wp\/v2\/media?parent=933"}],"curies":[{"name":"wp","href":"https:\/\/api.w.org\/{rel}","templated":true}]}}