{"id":934,"date":"2020-02-07T09:45:16","date_gmt":"2020-02-07T08:45:16","guid":{"rendered":"https:\/\/seed.hu\/?post_type=hirek&#038;p=934"},"modified":"2022-01-20T17:25:26","modified_gmt":"2022-01-20T16:25:26","slug":"megvannak-magyarorszag-elso-tudasbarat-szervezetei","status":"publish","type":"hirek","link":"https:\/\/seed.hu\/en\/hirek\/megvannak-magyarorszag-elso-tudasbarat-szervezetei\/","title":{"rendered":"Megvannak Magyarorsz\u00e1g els\u0151 tud\u00e1sbar\u00e1t szervezetei"},"content":{"rendered":"<p><a href=\"https:\/\/seed.hu\/hirek\/meghosszabbitja-a-tudasbarat-szervezet-palyazat-hataridejet-a-seed-alapitvany-es-a-ttka\/seed_ttka\/\" rel=\"attachment wp-att-907\"><img loading=\"lazy\" decoding=\"async\" class=\"alignnone wp-image-907 size-full\" src=\"https:\/\/seed.hu\/wp-content\/uploads\/2022\/01\/SEED_TTKA.png\" alt=\"\" width=\"553\" height=\"145\" srcset=\"https:\/\/seed.hu\/wp-content\/uploads\/2022\/01\/SEED_TTKA.png 553w, https:\/\/seed.hu\/wp-content\/uploads\/2022\/01\/SEED_TTKA-300x79.png 300w\" sizes=\"auto, (max-width: 553px) 100vw, 553px\" \/><\/a><\/p>\n<p><strong>Tavaly szeptemberben hirdette meg a <em>Tehets\u00e9g \u00e9s Tud\u00e1s K\u00f6zpont Alap\u00edtv\u00e1ny<\/em> (TTKA), valamint a SEED <em>Kisv\u00e1llalkoz\u00e1s-fejleszt\u00e9si Alap\u00edtv\u00e1ny<\/em> Magyarorsz\u00e1gon els\u0151 \u00edzben a \u201e<em>Gener\u00e1ci\u00f3k k\u00f6z\u00f6tti tud\u00e1s\u00e1tad\u00e1s a szervezetekben \u2013 j\u00f3 gyakorlatok<\/em>\u201d c\u00edmet visel\u0151 p\u00e1ly\u00e1zatot, amelynek nyertesei megkapj\u00e1k a \u201eTud\u00e1sbar\u00e1t szervezet 2019\u201d \u2013 elismer\u00e9st. A d\u00edjakat febru\u00e1r 6-\u00e1n \u00fcnnep\u00e9lyes keretek k\u00f6z\u00f6tt adt\u00e1k \u00e1t a gy\u0151ztes v\u00e1llalatoknak. A k\u00e9t szervezet mostant\u00f3l minden \u00e9vben meg fogja hirdetni a p\u00e1ly\u00e1zatot, \u00e9s rem\u00e9lik, egyre t\u00f6bb v\u00e1llalat, k\u00f6z\u00f6tt\u00fck n\u00f6vekv\u0151 sz\u00e1m\u00fa kis- \u00e9s k\u00f6z\u00e9pv\u00e1llalkoz\u00e1s \u00e9rez majd k\u00e9sztet\u00e9st arra, hogy bemutassa a tud\u00e1s\u00e1tad\u00e1sban megl\u00e9v\u0151 j\u00f3 gyakorlat\u00e1t.\u00a0<\/strong><\/p>\n<p>A p\u00e1ly\u00e1zat ki\u00edr\u00e1sakor a k\u00e9t szervezet abb\u00f3l indult ki, hogy egy v\u00e1llalkoz\u00e1s versenyk\u00e9pess\u00e9ge, fejl\u0151d\u00e9se szempontj\u00e1b\u00f3l rendk\u00edv\u00fcl fontos \u00e9rt\u00e9k a c\u00e9gn\u00e9l felhalmozott tud\u00e1s gondos meg\u0151rz\u00e9se, hat\u00e9kony tov\u00e1bbad\u00e1sa a fiatalabb nemzed\u00e9keknek, legyen sz\u00f3 gener\u00e1ci\u00f3v\u00e1lt\u00f3 csal\u00e1di v\u00e1llalkoz\u00e1sokr\u00f3l vagy szakm\u00e1n bel\u00fcli tud\u00e1s- \u00e9s tapasztalat\u00e1tad\u00e1sr\u00f3l.<\/p>\n<p><strong>P\u00e1ly\u00e1zni a k\u00f6vetkez\u0151 h\u00e1rom kateg\u00f3ri\u00e1ban lehetett<\/strong><\/p>\n<ol>\n<li>A v\u00e1llalaton bel\u00fcli tud\u00e1s\u00e1tad\u00e1s eszk\u00f6zei, folyamata, tud\u00e1sbr\u00f3kerek a c\u00e9gen bel\u00fcl.<\/li>\n<li>A tud\u00e1smegoszt\u00e1s digit\u00e1lis eszk\u00f6zei, m\u00f3dszerei.<\/li>\n<li>Klasszikus gener\u00e1ci\u00f3v\u00e1lt\u00e1s, illetve szakm\u00e1k \u00e1tad\u00e1sa gener\u00e1ci\u00f3k k\u00f6z\u00f6tt.<\/li>\n<\/ol>\n<p>Egy p\u00e1ly\u00e1z\u00f3 t\u00f6bb kateg\u00f3ri\u00e1ban is adhatott be p\u00e1ly\u00e1zatot. Ugyanazon kateg\u00f3ri\u00e1ban lehet\u0151s\u00e9g volt nagyv\u00e1llalati, valamint\u00a0 kis- \u00e9s k\u00f6z\u00e9pv\u00e1llalati d\u00edj \u00e1tad\u00e1s\u00e1ra, hiszen a kisebb c\u00e9gek a nagyok\u00e9it\u00f3l l\u00e9nyegesen k\u00fcl\u00f6nb\u00f6z\u0151 felt\u00e9telek k\u00f6z\u00f6tt m\u0171k\u00f6dnek, s nem lett volna m\u00e9lt\u00e1nyos egy\u00fctt versenyeztetni \u0151ket a nagyv\u00e1llalatokkal. \u00d6rvendetes, hogy a nagyv\u00e1llalatok mellett egyre t\u00f6bb kkv is figyelmet ford\u00edt erre, a piaci poz\u00edci\u00f3 megtart\u00e1sa \u00e9s n\u00f6vel\u00e9se \u00e9rdek\u00e9ben jelent\u0151s, bels\u0151 er\u0151forr\u00e1sokat aktiviz\u00e1l\u00f3 tev\u00e9kenys\u00e9gre.<\/p>\n<p><strong>A p\u00e1ly\u00e1zatokat elb\u00edr\u00e1l\u00f3 zs\u0171ri tagjai a k\u00f6vetkez\u0151k voltak<\/strong><\/p>\n<table style=\"width: 650px;\" border=\"0\" cellspacing=\"1\" cellpadding=\"1\">\n<tbody>\n<tr>\n<td>Barathy Tam\u00e1s<\/td>\n<td>alap\u00edt\u00f3, Colibri HR Solution &amp; Blue Colibri App<\/td>\n<\/tr>\n<tr>\n<td>Dr. Berendi P\u00e9ter<\/td>\n<td>tulajdonos, Roland Divath\u00e1z<\/td>\n<\/tr>\n<tr>\n<td>Gyulay Tibor<\/td>\n<td>alap\u00edt\u00f3, MTA TM Bizotts\u00e1g<\/td>\n<\/tr>\n<tr>\n<td>Heal Edina<\/td>\n<td>vezet\u0151, Egyenl\u00edt\u0151 Alap\u00edtv\u00e1ny<\/td>\n<\/tr>\n<tr>\n<td>Katona Istv\u00e1n<\/td>\n<td>\u00fcgyvezet\u0151 igazgat\u00f3, Celanese Hungary Kft.<\/td>\n<\/tr>\n<tr>\n<td>Katona Melinda<\/td>\n<td>kurat\u00f3rium eln\u00f6ke, TTKA Tehets\u00e9g \u00e9s Tud\u00e1s K\u00f6zpont Alap\u00edtv\u00e1ny<\/td>\n<\/tr>\n<tr>\n<td>Lakatosn\u00e9 Luk\u00e1cs Zsuzsanna<\/td>\n<td>\u00fcgyvezet\u0151, SEED Kisv\u00e1llalkoz\u00e1s-fejleszt\u00e9si Alap\u00edtv\u00e1ny<\/td>\n<\/tr>\n<tr>\n<td>N\u00e9meth L\u00e1szl\u00f3<\/td>\n<td>eln\u00f6k, IPOSZ<\/td>\n<\/tr>\n<tr>\n<td>Pom\u00e1zi Gyula<\/td>\n<td>eln\u00f6k, Szellemi Tulajdon Nemzeti Hivatala<\/td>\n<\/tr>\n<tr>\n<td>Dr. habil. Velencei Jol\u00e1n<\/td>\n<td>egyetemi docens, \u00d3budai Egyetem<\/td>\n<\/tr>\n<\/tbody>\n<\/table>\n<p><strong>P\u00e1ly\u00e1zatok \u00e9s gy\u0151ztesek<\/strong><\/p>\n<p><strong>A p\u00e1ly\u00e1zatra<em> 15 v\u00e1llalat \u00f6sszesen 18 p\u00e1lyamunk\u00e1t<\/em> ny\u00fajtott be. Az 1. kateg\u00f3ri\u00e1ban <em>10 v\u00e1llalat<\/em> m\u00e9rette meg mag\u00e1t (2 kisv\u00e1llalkoz\u00e1s \u00e9s 8 nagyv\u00e1llalat); a<em> 2. kateg\u00f3ri\u00e1ban 5 v\u00e1llalat<\/em> (2 kisv\u00e1llalkoz\u00e1s \u00e9s 3 nagyv\u00e1llalat); a <em>3. kateg\u00f3ri\u00e1ban <\/em>pedig<em> 3 nagyv\u00e1llalat<\/em> \u201em\u00e9rte \u00f6ssze a tud\u00e1s\u00e1t\u201d.<\/strong><\/p>\n<p><strong>Az 1. kateg\u00f3ri\u00e1ban<\/strong> (A v\u00e1llalaton bel\u00fcli tud\u00e1s\u00e1tad\u00e1s eszk\u00f6zei, folyamata, tud\u00e1sbr\u00f3kerek a c\u00e9gen bel\u00fcl) a <strong>nagyv\u00e1llalati d\u00edjat az <em>MVM Paksi Atomer\u0151m\u0171 Zrt.<\/em><\/strong>-nek \u00edt\u00e9lte oda zs\u0171ri, m\u00edg a kisv\u00e1llalkoz\u00e1sok k\u00f6z\u00fcl a<strong> <em>p2m Consulting<\/em> <\/strong>p\u00e1ly\u00e1zat\u00e1t \u00edt\u00e9lte a legjobbnak a gr\u00e9mium.<\/p>\n<p><strong>A 2. kateg\u00f3ri\u00e1ban <\/strong>(A tud\u00e1smegoszt\u00e1s digit\u00e1lis eszk\u00f6zei, m\u00f3dszerei) a<strong> nagyv\u00e1llalatok k\u00f6z\u00fcl a <em>LEGRAND Magyarorsz\u00e1g Villamoss\u00e1gi Rendszerek ZRT.<\/em> <\/strong>p\u00e1ly\u00e1zat\u00e1t tartotta d\u00edjra \u00e9rdemesnek a zs\u0171ri, a kisv\u00e1llalkoz\u00e1sok k\u00f6z\u00fcl pedig a<strong> <em>Zsir\u00e1f Kreat\u00edv \u00dcgyn\u00f6ks\u00e9g<\/em> vitte el a p\u00e1lm\u00e1t.<\/strong><\/p>\n<p><strong>A 3. kateg\u00f3ria<\/strong> (Klasszikus gener\u00e1ci\u00f3v\u00e1lt\u00e1s, illetve szakm\u00e1k \u00e1tad\u00e1sa gener\u00e1ci\u00f3k k\u00f6z\u00f6tt) nagyv\u00e1llalati gy\u0151ztese az<strong> <em>MVM Paksi Atomer\u0151m\u0171 Zrt.<\/em><\/strong> lett (ebben a kateg\u00f3ri\u00e1ban k\u00f6z\u00e9pv\u00e1llalat \u00e9s kisv\u00e1llalkoz\u00e1s nem indult).<\/p>\n<p><img decoding=\"async\" style=\"width: 600px; height: 399px;\" src=\"https:\/\/seed.hu\/files\/attachments\/inline\/dsc01615-web.jpg\" alt=\"\" \/><\/p>\n","protected":false},"featured_media":792,"menu_order":0,"template":"","meta":{"_acf_changed":false},"class_list":["post-934","hirek","type-hirek","status-publish","has-post-thumbnail","hentry"],"acf":[],"yoast_head":"<!-- This site is optimized with the Yoast SEO plugin v27.4 - https:\/\/yoast.com\/product\/yoast-seo-wordpress\/ -->\n<title>Megvannak Magyarorsz\u00e1g els\u0151 tud\u00e1sbar\u00e1t szervezetei - Seed<\/title>\n<meta name=\"robots\" content=\"index, follow, max-snippet:-1, max-image-preview:large, max-video-preview:-1\" \/>\n<link rel=\"canonical\" href=\"https:\/\/seed.hu\/hirek\/megvannak-magyarorszag-elso-tudasbarat-szervezetei\/\" \/>\n<meta property=\"og:locale\" content=\"en_US\" \/>\n<meta property=\"og:type\" content=\"article\" \/>\n<meta property=\"og:title\" content=\"Megvannak Magyarorsz\u00e1g els\u0151 tud\u00e1sbar\u00e1t szervezetei - Seed\" \/>\n<meta property=\"og:description\" content=\"Tavaly szeptemberben hirdette meg a Tehets\u00e9g \u00e9s Tud\u00e1s K\u00f6zpont Alap\u00edtv\u00e1ny (TTKA), valamint a SEED Kisv\u00e1llalkoz\u00e1s-fejleszt\u00e9si Alap\u00edtv\u00e1ny Magyarorsz\u00e1gon els\u0151 \u00edzben a \u201eGener\u00e1ci\u00f3k k\u00f6z\u00f6tti tud\u00e1s\u00e1tad\u00e1s a szervezetekben \u2013 j\u00f3 gyakorlatok\u201d c\u00edmet visel\u0151 p\u00e1ly\u00e1zatot, amelynek nyertesei megkapj\u00e1k a \u201eTud\u00e1sbar\u00e1t szervezet 2019\u201d \u2013 elismer\u00e9st. A d\u00edjakat febru\u00e1r 6-\u00e1n \u00fcnnep\u00e9lyes keretek k\u00f6z\u00f6tt adt\u00e1k \u00e1t a gy\u0151ztes v\u00e1llalatoknak. A k\u00e9t szervezet [&hellip;]\" \/>\n<meta property=\"og:url\" content=\"https:\/\/seed.hu\/hirek\/megvannak-magyarorszag-elso-tudasbarat-szervezetei\/\" \/>\n<meta property=\"og:site_name\" content=\"Seed\" \/>\n<meta property=\"article:modified_time\" content=\"2022-01-20T16:25:26+00:00\" \/>\n<meta property=\"og:image\" content=\"https:\/\/seed.hu\/wp-content\/uploads\/2018\/04\/SEED_logo.png\" \/>\n\t<meta property=\"og:image:width\" content=\"250\" \/>\n\t<meta property=\"og:image:height\" content=\"206\" \/>\n\t<meta property=\"og:image:type\" content=\"image\/png\" \/>\n<meta name=\"twitter:card\" content=\"summary_large_image\" \/>\n<meta name=\"twitter:label1\" content=\"Est. reading time\" \/>\n\t<meta name=\"twitter:data1\" content=\"4 minutes\" \/>\n<script type=\"application\/ld+json\" class=\"yoast-schema-graph\">{\"@context\":\"https:\\\/\\\/schema.org\",\"@graph\":[{\"@type\":\"WebPage\",\"@id\":\"https:\\\/\\\/seed.hu\\\/hirek\\\/megvannak-magyarorszag-elso-tudasbarat-szervezetei\\\/\",\"url\":\"https:\\\/\\\/seed.hu\\\/hirek\\\/megvannak-magyarorszag-elso-tudasbarat-szervezetei\\\/\",\"name\":\"Megvannak Magyarorsz\u00e1g els\u0151 tud\u00e1sbar\u00e1t szervezetei - Seed\",\"isPartOf\":{\"@id\":\"https:\\\/\\\/seed.hu\\\/#website\"},\"primaryImageOfPage\":{\"@id\":\"https:\\\/\\\/seed.hu\\\/hirek\\\/megvannak-magyarorszag-elso-tudasbarat-szervezetei\\\/#primaryimage\"},\"image\":{\"@id\":\"https:\\\/\\\/seed.hu\\\/hirek\\\/megvannak-magyarorszag-elso-tudasbarat-szervezetei\\\/#primaryimage\"},\"thumbnailUrl\":\"https:\\\/\\\/seed.hu\\\/wp-content\\\/uploads\\\/2018\\\/04\\\/SEED_logo.png\",\"datePublished\":\"2020-02-07T08:45:16+00:00\",\"dateModified\":\"2022-01-20T16:25:26+00:00\",\"breadcrumb\":{\"@id\":\"https:\\\/\\\/seed.hu\\\/hirek\\\/megvannak-magyarorszag-elso-tudasbarat-szervezetei\\\/#breadcrumb\"},\"inLanguage\":\"en-US\",\"potentialAction\":[{\"@type\":\"ReadAction\",\"target\":[\"https:\\\/\\\/seed.hu\\\/hirek\\\/megvannak-magyarorszag-elso-tudasbarat-szervezetei\\\/\"]}]},{\"@type\":\"ImageObject\",\"inLanguage\":\"en-US\",\"@id\":\"https:\\\/\\\/seed.hu\\\/hirek\\\/megvannak-magyarorszag-elso-tudasbarat-szervezetei\\\/#primaryimage\",\"url\":\"https:\\\/\\\/seed.hu\\\/wp-content\\\/uploads\\\/2018\\\/04\\\/SEED_logo.png\",\"contentUrl\":\"https:\\\/\\\/seed.hu\\\/wp-content\\\/uploads\\\/2018\\\/04\\\/SEED_logo.png\",\"width\":250,\"height\":206},{\"@type\":\"BreadcrumbList\",\"@id\":\"https:\\\/\\\/seed.hu\\\/hirek\\\/megvannak-magyarorszag-elso-tudasbarat-szervezetei\\\/#breadcrumb\",\"itemListElement\":[{\"@type\":\"ListItem\",\"position\":1,\"name\":\"H\u00edrek\",\"item\":\"https:\\\/\\\/seed.hu\\\/hirek\\\/\"},{\"@type\":\"ListItem\",\"position\":2,\"name\":\"Megvannak Magyarorsz\u00e1g els\u0151 tud\u00e1sbar\u00e1t szervezetei\"}]},{\"@type\":\"WebSite\",\"@id\":\"https:\\\/\\\/seed.hu\\\/#website\",\"url\":\"https:\\\/\\\/seed.hu\\\/\",\"name\":\"Seed\",\"description\":\"\",\"potentialAction\":[{\"@type\":\"SearchAction\",\"target\":{\"@type\":\"EntryPoint\",\"urlTemplate\":\"https:\\\/\\\/seed.hu\\\/?s={search_term_string}\"},\"query-input\":{\"@type\":\"PropertyValueSpecification\",\"valueRequired\":true,\"valueName\":\"search_term_string\"}}],\"inLanguage\":\"en-US\"}]}<\/script>\n<!-- \/ Yoast SEO plugin. -->","yoast_head_json":{"title":"Megvannak Magyarorsz\u00e1g els\u0151 tud\u00e1sbar\u00e1t szervezetei - Seed","robots":{"index":"index","follow":"follow","max-snippet":"max-snippet:-1","max-image-preview":"max-image-preview:large","max-video-preview":"max-video-preview:-1"},"canonical":"https:\/\/seed.hu\/hirek\/megvannak-magyarorszag-elso-tudasbarat-szervezetei\/","og_locale":"en_US","og_type":"article","og_title":"Megvannak Magyarorsz\u00e1g els\u0151 tud\u00e1sbar\u00e1t szervezetei - Seed","og_description":"Tavaly szeptemberben hirdette meg a Tehets\u00e9g \u00e9s Tud\u00e1s K\u00f6zpont Alap\u00edtv\u00e1ny (TTKA), valamint a SEED Kisv\u00e1llalkoz\u00e1s-fejleszt\u00e9si Alap\u00edtv\u00e1ny Magyarorsz\u00e1gon els\u0151 \u00edzben a \u201eGener\u00e1ci\u00f3k k\u00f6z\u00f6tti tud\u00e1s\u00e1tad\u00e1s a szervezetekben \u2013 j\u00f3 gyakorlatok\u201d c\u00edmet visel\u0151 p\u00e1ly\u00e1zatot, amelynek nyertesei megkapj\u00e1k a \u201eTud\u00e1sbar\u00e1t szervezet 2019\u201d \u2013 elismer\u00e9st. A d\u00edjakat febru\u00e1r 6-\u00e1n \u00fcnnep\u00e9lyes keretek k\u00f6z\u00f6tt adt\u00e1k \u00e1t a gy\u0151ztes v\u00e1llalatoknak. A k\u00e9t szervezet [&hellip;]","og_url":"https:\/\/seed.hu\/hirek\/megvannak-magyarorszag-elso-tudasbarat-szervezetei\/","og_site_name":"Seed","article_modified_time":"2022-01-20T16:25:26+00:00","og_image":[{"width":250,"height":206,"url":"https:\/\/seed.hu\/wp-content\/uploads\/2018\/04\/SEED_logo.png","type":"image\/png"}],"twitter_card":"summary_large_image","twitter_misc":{"Est. reading time":"4 minutes"},"schema":{"@context":"https:\/\/schema.org","@graph":[{"@type":"WebPage","@id":"https:\/\/seed.hu\/hirek\/megvannak-magyarorszag-elso-tudasbarat-szervezetei\/","url":"https:\/\/seed.hu\/hirek\/megvannak-magyarorszag-elso-tudasbarat-szervezetei\/","name":"Megvannak Magyarorsz\u00e1g els\u0151 tud\u00e1sbar\u00e1t szervezetei - Seed","isPartOf":{"@id":"https:\/\/seed.hu\/#website"},"primaryImageOfPage":{"@id":"https:\/\/seed.hu\/hirek\/megvannak-magyarorszag-elso-tudasbarat-szervezetei\/#primaryimage"},"image":{"@id":"https:\/\/seed.hu\/hirek\/megvannak-magyarorszag-elso-tudasbarat-szervezetei\/#primaryimage"},"thumbnailUrl":"https:\/\/seed.hu\/wp-content\/uploads\/2018\/04\/SEED_logo.png","datePublished":"2020-02-07T08:45:16+00:00","dateModified":"2022-01-20T16:25:26+00:00","breadcrumb":{"@id":"https:\/\/seed.hu\/hirek\/megvannak-magyarorszag-elso-tudasbarat-szervezetei\/#breadcrumb"},"inLanguage":"en-US","potentialAction":[{"@type":"ReadAction","target":["https:\/\/seed.hu\/hirek\/megvannak-magyarorszag-elso-tudasbarat-szervezetei\/"]}]},{"@type":"ImageObject","inLanguage":"en-US","@id":"https:\/\/seed.hu\/hirek\/megvannak-magyarorszag-elso-tudasbarat-szervezetei\/#primaryimage","url":"https:\/\/seed.hu\/wp-content\/uploads\/2018\/04\/SEED_logo.png","contentUrl":"https:\/\/seed.hu\/wp-content\/uploads\/2018\/04\/SEED_logo.png","width":250,"height":206},{"@type":"BreadcrumbList","@id":"https:\/\/seed.hu\/hirek\/megvannak-magyarorszag-elso-tudasbarat-szervezetei\/#breadcrumb","itemListElement":[{"@type":"ListItem","position":1,"name":"H\u00edrek","item":"https:\/\/seed.hu\/hirek\/"},{"@type":"ListItem","position":2,"name":"Megvannak Magyarorsz\u00e1g els\u0151 tud\u00e1sbar\u00e1t szervezetei"}]},{"@type":"WebSite","@id":"https:\/\/seed.hu\/#website","url":"https:\/\/seed.hu\/","name":"Seed","description":"","potentialAction":[{"@type":"SearchAction","target":{"@type":"EntryPoint","urlTemplate":"https:\/\/seed.hu\/?s={search_term_string}"},"query-input":{"@type":"PropertyValueSpecification","valueRequired":true,"valueName":"search_term_string"}}],"inLanguage":"en-US"}]}},"_links":{"self":[{"href":"https:\/\/seed.hu\/en\/wp-json\/wp\/v2\/hirek\/934","targetHints":{"allow":["GET"]}}],"collection":[{"href":"https:\/\/seed.hu\/en\/wp-json\/wp\/v2\/hirek"}],"about":[{"href":"https:\/\/seed.hu\/en\/wp-json\/wp\/v2\/types\/hirek"}],"wp:featuredmedia":[{"embeddable":true,"href":"https:\/\/seed.hu\/en\/wp-json\/wp\/v2\/media\/792"}],"wp:attachment":[{"href":"https:\/\/seed.hu\/en\/wp-json\/wp\/v2\/media?parent=934"}],"curies":[{"name":"wp","href":"https:\/\/api.w.org\/{rel}","templated":true}]}}