{"id":935,"date":"2020-02-10T09:45:33","date_gmt":"2020-02-10T08:45:33","guid":{"rendered":"https:\/\/seed.hu\/?post_type=hirek&#038;p=935"},"modified":"2022-01-20T17:26:54","modified_gmt":"2022-01-20T16:26:54","slug":"mentorok-es-mentoraltak-9-fokuszkereses","status":"publish","type":"hirek","link":"https:\/\/seed.hu\/en\/hirek\/mentorok-es-mentoraltak-9-fokuszkereses\/","title":{"rendered":"Mentorok \u00e9s mentor\u00e1ltak 9. &#8211; F\u00f3kuszkeres\u00e9s."},"content":{"rendered":"<p><a href=\"https:\/\/seed.hu\/hirek\/mentorok-es-mentoraltak-jelentkezeset-varja-a-seed-alapitvany\/ovm\/\" rel=\"attachment wp-att-844\"><img loading=\"lazy\" decoding=\"async\" class=\"alignnone wp-image-844 size-full\" src=\"https:\/\/seed.hu\/wp-content\/uploads\/2022\/01\/OVM.png\" alt=\"\" width=\"601\" height=\"163\" srcset=\"https:\/\/seed.hu\/wp-content\/uploads\/2022\/01\/OVM.png 601w, https:\/\/seed.hu\/wp-content\/uploads\/2022\/01\/OVM-300x81.png 300w\" sizes=\"auto, (max-width: 601px) 100vw, 601px\" \/><\/a><a href=\"https:\/\/seed.hu\/hirek\/uj-irodaba-koltozott-a-seed-alapitvany\/seed_logo\/\" rel=\"attachment wp-att-792\"><img loading=\"lazy\" decoding=\"async\" class=\"alignnone size-full wp-image-792\" src=\"https:\/\/seed.hu\/wp-content\/uploads\/2018\/04\/SEED_logo.png\" alt=\"\" width=\"250\" height=\"206\" \/><\/a><\/p>\n<p><strong>Mentorok \u00e9s mentor\u00e1ltak 9.<br \/>\nF\u00f3kuszkeres\u00e9s.<\/strong><\/p>\n<p><strong><img decoding=\"async\" style=\"width: 250px; height: 319px;\" src=\"https:\/\/seed.hu\/files\/attachments\/inline\/9-utasi-melinda1-web.png\" alt=\"\" \/><\/strong><\/p>\n<p>Analiz\u00e1l\u00f3, konzult\u00e1l\u00f3 t\u00edpus Utasi Melinda, de ha kell, ha a fejl\u0151d\u00e9st szolg\u00e1lja, akkor hat\u00e1rozottan kimondja a kellemetlen igazs\u00e1gokat is. A kudarcot, a neh\u00e9zs\u00e9geket nem minden\u00e1ron elker\u00fclend\u0151 bajnak gondolja, hanem olyan esem\u00e9nynek, amelyb\u0151l nagyon sokat lehet tanulni.<\/p>\n<p><strong>Hogyan vezetett az utad a v\u00e1llalkoz\u00e1s vil\u00e1g\u00e1ba?<\/strong><\/p>\n<p>A volt f\u00e9rjemmel alap\u00edtottunk egy \u00e9p\u00edt\u0151ipari v\u00e1llalkoz\u00e1st, m\u00e9g 2004-ben. \u00c9n vittem ennek a c\u00e9gnek a p\u00e9nz\u00fcgyeit, v\u00e9geztem az \u00fczleti \u00e9s p\u00e9nz\u00fcgyi tervez\u00e9st. A v\u00e1llalkoz\u00e1s most is m\u0171k\u00f6dik, ma is tulajdonos vagyok benne. \u00c9n egy\u00e9bk\u00e9nt a Budapesti Gazdas\u00e1gi F\u0151iskola elv\u00e9gz\u00e9se ut\u00e1n Szegeden, az egyetem v\u00e1llalkoz\u00e1sfejleszt\u00e9si szak\u00e1n is szereztem diplom\u00e1t.\u00a0 Nyilv\u00e1n a szakv\u00e1laszt\u00e1som sem volt v\u00e9letlen, a szegedi \u00e9vek pedig csak meger\u0151s\u00edtett\u00e9k bennem, hogy nagyon szeretem a v\u00e1llalkoz\u00f3i szektort.<\/p>\n<p><strong>A csal\u00e1dodban, p\u00e9ld\u00e1ul a sz\u00fcleid, nem v\u00e1llalkoztak?<\/strong><\/p>\n<p>\u00c9rdekes, \u00e9ppen nemr\u00e9g gondolkodtam el azon, hogy a csal\u00e1d szintj\u00e9n van-e valamilyen el\u0151zm\u00e9nye az \u00e9n v\u00e1llalkoz\u00f3i l\u00e9temnek. A BGF-en kereskedelem szakon v\u00e9geztem, \u00e9s \u00e9desany\u00e1m, aki keresked\u0151, akkoriban felvetette, hogy vegy\u00fcnk b\u00e9rbe egy vegyesboltot, \u00e9s azt \u00fczemeltess\u00fck. \u00c9n azonban akkor m\u00e9g nem \u00e9reztem magam el\u00e9g er\u0151snek ahhoz, hogy b\u00e1rmilyen v\u00e1llalkoz\u00e1sba belefogjak. N\u00e9h\u00e1ny \u00e9v m\u00falva, a f\u00e9rjemmel viszont m\u00e1r nagyon is el tudtam ezt k\u00e9pzelni.<\/p>\n<p><strong>Azt mondtad, nem \u00e9rezted magad el\u00e9g er\u0151snek a v\u00e1llalkoz\u00e1shoz. Merthogy a v\u00e1llalkoz\u00f3nak er\u0151snek kell lennie?<\/strong><\/p>\n<p>Igen, egy v\u00e1llalkoz\u00f3nak hinnie kell \u00f6nmag\u00e1ban, \u00e9s el\u00e9g er\u0151snek kell lennie ahhoz, hogy v\u00e9gigvigyen folyamatokat, elk\u00e9pzel\u00e9seket, b\u00e1rmi t\u00f6rt\u00e9njen is.<\/p>\n<p><strong>A v\u00e1l\u00e1s ut\u00e1n, gondolom, saj\u00e1t v\u00e1llalkoz\u00e1st hozt\u00e1l l\u00e9tre.<\/strong><\/p>\n<p>Igen, pontosan \u00edgy t\u00f6rt\u00e9nt. 2015-ben v\u00e1ltunk el, \u00e9s 2016-ban hoztam l\u00e9tre a saj\u00e1t v\u00e1llalkoz\u00e1somat. Ebben egy\u00e9bk\u00e9nt azt csin\u00e1lom, amit a c\u00e9gben is v\u00e9geztem: tan\u00e1csad\u00e1s, p\u00e9nz\u00fcgyi tervez\u00e9s, k\u00f6nyvel\u00e9s, oktat\u00e1s, tr\u00e9ningek.<\/p>\n<p><strong>Mi\u00e9rt d\u00f6nt\u00f6tt\u00e9l \u00fagy, hogy jelentkezel mentornak a Szem\u00e9lyes V\u00e1llalkoz\u00f3i Mentorprogramba?<\/strong><\/p>\n<p>Kicsit t\u00e1volabbr\u00f3l induln\u00e9k. Nagyon hiszek a kis- \u00e9s k\u00f6z\u00e9pv\u00e1llalkoz\u00e1sokban, \u00e9s legf\u0151k\u00e9ppen a kicsikben. A gazdas\u00e1gnak ugyanis \u0151k adj\u00e1k a gerinc\u00e9t, ez\u00e9rt \u0151ket kell, vagy \u0151ket kellene er\u0151s\u00edteni: vagy az\u00e9rt, hogy egyszer nagyok legyenek, vagy pedig az\u00e9rt, hogy n\u0151j\u00f6n a stabilit\u00e1suk. Nagyon nagy lehet\u0151s\u00e9gek vannak a hazai kis- \u00e9s mikrov\u00e1llalkoz\u00e1sokban. \u00c9n azt a tapasztalatot szeretn\u00e9m \u00e1tadni, amit a c\u00e9gben, illetve, amit egy\u00e9ni v\u00e1llalkoz\u00f3k\u00e9nt szereztem.<\/p>\n<p><strong>P\u00e9ld\u00e1ul milyen tapasztalatot?<\/strong><\/p>\n<p>A volt f\u00e9rjemmel k\u00f6z\u00f6s c\u00e9g\u00fcnk p\u00e9ld\u00e1ul meg\u00e9lte a 2008-as glob\u00e1lis v\u00e1ls\u00e1got. Nem kell k\u00fcl\u00f6n ecsetelnem, hogy ez milyen m\u00e9lyre tasz\u00edtotta az \u00e9p\u00edt\u0151ipart, amely m\u00e1r a v\u00e1ls\u00e1got megel\u0151z\u0151en is gyeng\u00e9lkedett. Nagyon neh\u00e9z id\u0151szak volt\u2026 \u00c1m a neh\u00e9z id\u0151szakoknak is van j\u00f3, el\u0151remutat\u00f3 oldaluk: p\u00e9ld\u00e1ul az, hogy ilyenkor nem lehet elker\u00fclni, hogy mindent \u00e1tgondoljunk, az alapokt\u00f3l kezdve. Mi is ezt tett\u00fck. Mindent \u00e1tbesz\u00e9lt\u00fcnk, mindent \u00e1tsz\u00e1moltunk, \u00fajrafogalmaztuk a c\u00e9lkit\u0171z\u00e9seinket, racionaliz\u00e1ltunk \u00e9s \u00edgy tov\u00e1bb. H\u00e1l\u2019 Istennek a c\u00e9g az\u00f3ta is m\u0171k\u00f6dik. Ennek azonban az volt az \u00e1ra, hogy meg kellett tenn\u00fcnk olyan l\u00e9p\u00e9seket, amelyeket \u201eb\u00e9keid\u0151ben\u201d nem biztos, hogy megtett\u00fcnk volna.<\/p>\n<p>Minden v\u00e1llalkoz\u00e1s \u00e9let\u00e9ben vannak, lehetnek neh\u00e9z id\u0151szakok. A v\u00e1llalkoz\u00e1sok pedig f\u00e9lnek a kudarcokt\u00f3l. \u00c9n azt szeretn\u00e9m megmutatni, hogy a kudarc, a kr\u00edzis, legyen b\u00e1rmennyire is rossz r\u00f6vid t\u00e1von, hosszabb t\u00e1von \u00faj lehet\u0151s\u00e9geket is rejt mag\u00e1ban. Ezeket kell \u00e9szrevenni \u00e9s megragadni.<\/p>\n<p>Magyarorsz\u00e1gon a v\u00e1llalkoz\u00e1sok m\u00e9g nem rendelkeznek hossz\u00fa v\u00e1llalkoz\u00f3i m\u00falttal, ez\u00e9rt n\u00e1lunk a v\u00e1llalkoz\u00f3k t\u00f6bbs\u00e9ge egy kudarc ut\u00e1n feladja, nem kezd \u00faj v\u00e1llalkoz\u00e1sba. M\u00e9g akkor sem, ha egy\u00e9bk\u00e9nt van egy-k\u00e9t j\u00f3 \u00f6tlete. Pedig a v\u00e1llalkoz\u00e1s is olyan, mint az \u00e9let: n\u00e9ha elbukunk, de tov\u00e1bb kell menni.<\/p>\n<p><strong>Az\u00e9rt \u00e9rdekes \u00e9s fontos, amit mondasz, mert sok mentor\u00e1lt az\u00e9rt jelentkezik a mentorprogramba, mert elakadt, megtorpant, bizonyos \u00e9rtelemben kr\u00edzisbe ker\u00fclt.<\/strong><\/p>\n<p>A megtorpan\u00e1snak t\u00f6bb oka lehet, p\u00e9ld\u00e1ul az, hogy a c\u00e9g olyan \u00e9letszakaszba jutott, amelyben az addig alkalmazott m\u00f3dszerekkel \u00e9s folyamatokkal nem tud tov\u00e1bb m\u0171k\u00f6dni. \u00c1t kell gondolni mindent, \u00fajra \u00f6sszerakni a c\u00e9get \u00e9s \u00fajra elind\u00edtani. Ebben szeretn\u00e9k majd seg\u00edteni.<\/p>\n<p><strong>Vett\u00e9l m\u00e1r r\u00e9szt valamilyen form\u00e1ban mentor\u00e1l\u00e1sban ak\u00e1r az egyik, ak\u00e1r a m\u00e1sik oldalon?<\/strong><\/p>\n<p>J\u00f3 a kapcsolatom a Szegedi Tudom\u00e1nyegyetemmel, \u00e9s egy p\u00e1ly\u00e1zat keret\u00e9ben fogadtam m\u00e1r onnan egyetemi hallgat\u00f3 mentor\u00e1ltat. Van teh\u00e1t n\u00e9mi mentori tapasztalatom. \u00c9s az \u00fczleti tervez\u00e9sben t\u00f6bb v\u00e1llalkoz\u00e1st is seg\u00edtettem, b\u00e1r nem mentork\u00e9nt.<\/p>\n<p><strong>Te milyen mentor\u00e1l\u00e1si m\u00f3dszert k\u00e9pzelsz el?<\/strong><\/p>\n<p>\u00c9n \u00e1ltal\u00e1ban analiz\u00e1l\u00f3 \u00e9s konzult\u00e1l\u00f3 t\u00edpus vagyok. De\u2026 Nem ijedek meg akkor sem, ha hat\u00e1rozottan ki kell jelenteni valamit, m\u00e9g ha az nem kellemes dolog is, mert az seg\u00edti a fejl\u0151d\u00e9st. A folyamat elej\u00e9n azt kell tiszt\u00e1zni, hogy mi az az ok, ami miatt a mentor\u00e1lt mentort keres. K\u00f6nnyen lehet, hogy ezt m\u00e9g maga a mentor\u00e1lt sem tudja t\u0171pontosan megfogalmazni. Egy okot azonban mindenk\u00e9ppen meg kell hat\u00e1rozni, egy olyan okot, amely az adott v\u00e1llalkoz\u00e1s \u00e9let\u00e9ben kulcst\u00e9nyez\u0151nek sz\u00e1m\u00edt, \u00e9s azon kell elkezdeni dolgozni. Nem gondolom, hogy t\u00f6bb sz\u00e1lon kellene futtatni a folyamatot. F\u00f3kuszt kell tal\u00e1lni, a mentor\u00e1ltnak pedig tudnia kell, hov\u00e1 szeretne eljutni. Szerintem ennek a f\u00f3kuszpontnak a megtal\u00e1l\u00e1sa lesz a legnehezebb dolog.<\/p>\n<p><strong>Mikor lenn\u00e9l el\u00e9gedett a mostani mentorprogramban elv\u00e9gzett munk\u00e1ddal?<\/strong><\/p>\n<p>Akkor, ha a mentor\u00e1lt megtal\u00e1ln\u00e1 a v\u00e1llalkoz\u00e1s\u00e1nak azt a nagyon l\u00e9nyeges pontj\u00e1t, amely kihat a v\u00e1llalkoz\u00e1s eg\u00e9sz\u00e9re, s amelynek \u00e1tgondol\u00e1s\u00e1val, megval\u00f3s\u00edt\u00e1s\u00e1val a c\u00e9ge \u00e9s \u0151 maga is fejl\u0151dne. Ha azt \u00e9rezn\u00e9, hogy a seg\u00edts\u00e9gemmel jobban \u00e9rti a folyamatokat, \u00e9s jobban l\u00e1tja, hogy mit kell tennie.<\/p>\n<p><em>Bogn\u00e1r K\u00e1roly<\/em><\/p>\n","protected":false},"featured_media":338,"menu_order":0,"template":"","meta":{"_acf_changed":false},"class_list":["post-935","hirek","type-hirek","status-publish","has-post-thumbnail","hentry"],"acf":[],"yoast_head":"<!-- This site is optimized with the Yoast SEO plugin v27.4 - https:\/\/yoast.com\/product\/yoast-seo-wordpress\/ -->\n<title>Mentorok \u00e9s mentor\u00e1ltak 9. - F\u00f3kuszkeres\u00e9s. - Seed<\/title>\n<meta name=\"robots\" content=\"index, follow, max-snippet:-1, max-image-preview:large, max-video-preview:-1\" \/>\n<link rel=\"canonical\" href=\"https:\/\/seed.hu\/hirek\/mentorok-es-mentoraltak-9-fokuszkereses\/\" \/>\n<meta property=\"og:locale\" content=\"en_US\" \/>\n<meta property=\"og:type\" content=\"article\" \/>\n<meta property=\"og:title\" content=\"Mentorok \u00e9s mentor\u00e1ltak 9. - F\u00f3kuszkeres\u00e9s. - Seed\" \/>\n<meta property=\"og:description\" content=\"Mentorok \u00e9s mentor\u00e1ltak 9. F\u00f3kuszkeres\u00e9s. Analiz\u00e1l\u00f3, konzult\u00e1l\u00f3 t\u00edpus Utasi Melinda, de ha kell, ha a fejl\u0151d\u00e9st szolg\u00e1lja, akkor hat\u00e1rozottan kimondja a kellemetlen igazs\u00e1gokat is. A kudarcot, a neh\u00e9zs\u00e9geket nem minden\u00e1ron elker\u00fclend\u0151 bajnak gondolja, hanem olyan esem\u00e9nynek, amelyb\u0151l nagyon sokat lehet tanulni. Hogyan vezetett az utad a v\u00e1llalkoz\u00e1s vil\u00e1g\u00e1ba? A volt f\u00e9rjemmel alap\u00edtottunk egy \u00e9p\u00edt\u0151ipari v\u00e1llalkoz\u00e1st, [&hellip;]\" \/>\n<meta property=\"og:url\" content=\"https:\/\/seed.hu\/hirek\/mentorok-es-mentoraltak-9-fokuszkereses\/\" \/>\n<meta property=\"og:site_name\" content=\"Seed\" \/>\n<meta property=\"article:modified_time\" content=\"2022-01-20T16:26:54+00:00\" \/>\n<meta property=\"og:image\" content=\"https:\/\/seed.hu\/wp-content\/uploads\/2021\/04\/Orsza\u0301gos-Va\u0301llalkozo\u0301i-Mentorprogram.png\" \/>\n\t<meta property=\"og:image:width\" content=\"773\" \/>\n\t<meta property=\"og:image:height\" content=\"774\" \/>\n\t<meta property=\"og:image:type\" content=\"image\/png\" \/>\n<meta name=\"twitter:card\" content=\"summary_large_image\" \/>\n<meta name=\"twitter:label1\" content=\"Est. reading time\" \/>\n\t<meta name=\"twitter:data1\" content=\"6 minutes\" \/>\n<script type=\"application\/ld+json\" class=\"yoast-schema-graph\">{\"@context\":\"https:\\\/\\\/schema.org\",\"@graph\":[{\"@type\":\"WebPage\",\"@id\":\"https:\\\/\\\/seed.hu\\\/hirek\\\/mentorok-es-mentoraltak-9-fokuszkereses\\\/\",\"url\":\"https:\\\/\\\/seed.hu\\\/hirek\\\/mentorok-es-mentoraltak-9-fokuszkereses\\\/\",\"name\":\"Mentorok \u00e9s mentor\u00e1ltak 9. - F\u00f3kuszkeres\u00e9s. - Seed\",\"isPartOf\":{\"@id\":\"https:\\\/\\\/seed.hu\\\/#website\"},\"primaryImageOfPage\":{\"@id\":\"https:\\\/\\\/seed.hu\\\/hirek\\\/mentorok-es-mentoraltak-9-fokuszkereses\\\/#primaryimage\"},\"image\":{\"@id\":\"https:\\\/\\\/seed.hu\\\/hirek\\\/mentorok-es-mentoraltak-9-fokuszkereses\\\/#primaryimage\"},\"thumbnailUrl\":\"https:\\\/\\\/seed.hu\\\/wp-content\\\/uploads\\\/2021\\\/04\\\/Orsza\u0301gos-Va\u0301llalkozo\u0301i-Mentorprogram.png\",\"datePublished\":\"2020-02-10T08:45:33+00:00\",\"dateModified\":\"2022-01-20T16:26:54+00:00\",\"breadcrumb\":{\"@id\":\"https:\\\/\\\/seed.hu\\\/hirek\\\/mentorok-es-mentoraltak-9-fokuszkereses\\\/#breadcrumb\"},\"inLanguage\":\"en-US\",\"potentialAction\":[{\"@type\":\"ReadAction\",\"target\":[\"https:\\\/\\\/seed.hu\\\/hirek\\\/mentorok-es-mentoraltak-9-fokuszkereses\\\/\"]}]},{\"@type\":\"ImageObject\",\"inLanguage\":\"en-US\",\"@id\":\"https:\\\/\\\/seed.hu\\\/hirek\\\/mentorok-es-mentoraltak-9-fokuszkereses\\\/#primaryimage\",\"url\":\"https:\\\/\\\/seed.hu\\\/wp-content\\\/uploads\\\/2021\\\/04\\\/Orsza\u0301gos-Va\u0301llalkozo\u0301i-Mentorprogram.png\",\"contentUrl\":\"https:\\\/\\\/seed.hu\\\/wp-content\\\/uploads\\\/2021\\\/04\\\/Orsza\u0301gos-Va\u0301llalkozo\u0301i-Mentorprogram.png\",\"width\":773,\"height\":774},{\"@type\":\"BreadcrumbList\",\"@id\":\"https:\\\/\\\/seed.hu\\\/hirek\\\/mentorok-es-mentoraltak-9-fokuszkereses\\\/#breadcrumb\",\"itemListElement\":[{\"@type\":\"ListItem\",\"position\":1,\"name\":\"H\u00edrek\",\"item\":\"https:\\\/\\\/seed.hu\\\/hirek\\\/\"},{\"@type\":\"ListItem\",\"position\":2,\"name\":\"Mentorok \u00e9s mentor\u00e1ltak 9. &#8211; F\u00f3kuszkeres\u00e9s.\"}]},{\"@type\":\"WebSite\",\"@id\":\"https:\\\/\\\/seed.hu\\\/#website\",\"url\":\"https:\\\/\\\/seed.hu\\\/\",\"name\":\"Seed\",\"description\":\"\",\"potentialAction\":[{\"@type\":\"SearchAction\",\"target\":{\"@type\":\"EntryPoint\",\"urlTemplate\":\"https:\\\/\\\/seed.hu\\\/?s={search_term_string}\"},\"query-input\":{\"@type\":\"PropertyValueSpecification\",\"valueRequired\":true,\"valueName\":\"search_term_string\"}}],\"inLanguage\":\"en-US\"}]}<\/script>\n<!-- \/ Yoast SEO plugin. -->","yoast_head_json":{"title":"Mentorok \u00e9s mentor\u00e1ltak 9. - F\u00f3kuszkeres\u00e9s. - Seed","robots":{"index":"index","follow":"follow","max-snippet":"max-snippet:-1","max-image-preview":"max-image-preview:large","max-video-preview":"max-video-preview:-1"},"canonical":"https:\/\/seed.hu\/hirek\/mentorok-es-mentoraltak-9-fokuszkereses\/","og_locale":"en_US","og_type":"article","og_title":"Mentorok \u00e9s mentor\u00e1ltak 9. - F\u00f3kuszkeres\u00e9s. - Seed","og_description":"Mentorok \u00e9s mentor\u00e1ltak 9. F\u00f3kuszkeres\u00e9s. Analiz\u00e1l\u00f3, konzult\u00e1l\u00f3 t\u00edpus Utasi Melinda, de ha kell, ha a fejl\u0151d\u00e9st szolg\u00e1lja, akkor hat\u00e1rozottan kimondja a kellemetlen igazs\u00e1gokat is. A kudarcot, a neh\u00e9zs\u00e9geket nem minden\u00e1ron elker\u00fclend\u0151 bajnak gondolja, hanem olyan esem\u00e9nynek, amelyb\u0151l nagyon sokat lehet tanulni. Hogyan vezetett az utad a v\u00e1llalkoz\u00e1s vil\u00e1g\u00e1ba? A volt f\u00e9rjemmel alap\u00edtottunk egy \u00e9p\u00edt\u0151ipari v\u00e1llalkoz\u00e1st, [&hellip;]","og_url":"https:\/\/seed.hu\/hirek\/mentorok-es-mentoraltak-9-fokuszkereses\/","og_site_name":"Seed","article_modified_time":"2022-01-20T16:26:54+00:00","og_image":[{"width":773,"height":774,"url":"https:\/\/seed.hu\/wp-content\/uploads\/2021\/04\/Orsza\u0301gos-Va\u0301llalkozo\u0301i-Mentorprogram.png","type":"image\/png"}],"twitter_card":"summary_large_image","twitter_misc":{"Est. reading time":"6 minutes"},"schema":{"@context":"https:\/\/schema.org","@graph":[{"@type":"WebPage","@id":"https:\/\/seed.hu\/hirek\/mentorok-es-mentoraltak-9-fokuszkereses\/","url":"https:\/\/seed.hu\/hirek\/mentorok-es-mentoraltak-9-fokuszkereses\/","name":"Mentorok \u00e9s mentor\u00e1ltak 9. - F\u00f3kuszkeres\u00e9s. - Seed","isPartOf":{"@id":"https:\/\/seed.hu\/#website"},"primaryImageOfPage":{"@id":"https:\/\/seed.hu\/hirek\/mentorok-es-mentoraltak-9-fokuszkereses\/#primaryimage"},"image":{"@id":"https:\/\/seed.hu\/hirek\/mentorok-es-mentoraltak-9-fokuszkereses\/#primaryimage"},"thumbnailUrl":"https:\/\/seed.hu\/wp-content\/uploads\/2021\/04\/Orsza\u0301gos-Va\u0301llalkozo\u0301i-Mentorprogram.png","datePublished":"2020-02-10T08:45:33+00:00","dateModified":"2022-01-20T16:26:54+00:00","breadcrumb":{"@id":"https:\/\/seed.hu\/hirek\/mentorok-es-mentoraltak-9-fokuszkereses\/#breadcrumb"},"inLanguage":"en-US","potentialAction":[{"@type":"ReadAction","target":["https:\/\/seed.hu\/hirek\/mentorok-es-mentoraltak-9-fokuszkereses\/"]}]},{"@type":"ImageObject","inLanguage":"en-US","@id":"https:\/\/seed.hu\/hirek\/mentorok-es-mentoraltak-9-fokuszkereses\/#primaryimage","url":"https:\/\/seed.hu\/wp-content\/uploads\/2021\/04\/Orsza\u0301gos-Va\u0301llalkozo\u0301i-Mentorprogram.png","contentUrl":"https:\/\/seed.hu\/wp-content\/uploads\/2021\/04\/Orsza\u0301gos-Va\u0301llalkozo\u0301i-Mentorprogram.png","width":773,"height":774},{"@type":"BreadcrumbList","@id":"https:\/\/seed.hu\/hirek\/mentorok-es-mentoraltak-9-fokuszkereses\/#breadcrumb","itemListElement":[{"@type":"ListItem","position":1,"name":"H\u00edrek","item":"https:\/\/seed.hu\/hirek\/"},{"@type":"ListItem","position":2,"name":"Mentorok \u00e9s mentor\u00e1ltak 9. &#8211; F\u00f3kuszkeres\u00e9s."}]},{"@type":"WebSite","@id":"https:\/\/seed.hu\/#website","url":"https:\/\/seed.hu\/","name":"Seed","description":"","potentialAction":[{"@type":"SearchAction","target":{"@type":"EntryPoint","urlTemplate":"https:\/\/seed.hu\/?s={search_term_string}"},"query-input":{"@type":"PropertyValueSpecification","valueRequired":true,"valueName":"search_term_string"}}],"inLanguage":"en-US"}]}},"_links":{"self":[{"href":"https:\/\/seed.hu\/en\/wp-json\/wp\/v2\/hirek\/935","targetHints":{"allow":["GET"]}}],"collection":[{"href":"https:\/\/seed.hu\/en\/wp-json\/wp\/v2\/hirek"}],"about":[{"href":"https:\/\/seed.hu\/en\/wp-json\/wp\/v2\/types\/hirek"}],"wp:featuredmedia":[{"embeddable":true,"href":"https:\/\/seed.hu\/en\/wp-json\/wp\/v2\/media\/338"}],"wp:attachment":[{"href":"https:\/\/seed.hu\/en\/wp-json\/wp\/v2\/media?parent=935"}],"curies":[{"name":"wp","href":"https:\/\/api.w.org\/{rel}","templated":true}]}}