{"id":936,"date":"2020-02-12T08:51:01","date_gmt":"2020-02-12T07:51:01","guid":{"rendered":"https:\/\/seed.hu\/?post_type=hirek&#038;p=936"},"modified":"2022-01-20T17:28:49","modified_gmt":"2022-01-20T16:28:49","slug":"2020-februar-24-en-indul-a-20-jubileumi-dobbanto-trening","status":"publish","type":"hirek","link":"https:\/\/seed.hu\/en\/hirek\/2020-februar-24-en-indul-a-20-jubileumi-dobbanto-trening\/","title":{"rendered":"2020. febru\u00e1r 24-\u00e9n indul a 20. jubileumi Dobbant\u00f3 tr\u00e9ning!"},"content":{"rendered":"<p class=\"rteindent0\"><strong><span style=\"font-size: 22px;\"><a href=\"https:\/\/seed.hu\/hirek\/uj-irodaba-koltozott-a-seed-alapitvany\/seed_logo\/\" rel=\"attachment wp-att-792\"><img loading=\"lazy\" decoding=\"async\" class=\"size-full wp-image-792 aligncenter\" src=\"https:\/\/seed.hu\/wp-content\/uploads\/2018\/04\/SEED_logo.png\" alt=\"\" width=\"250\" height=\"206\" \/><\/a>\u00a0 \u00a0 \u00a0 \u00a0 <\/span><\/strong><\/p>\n<p class=\"rteindent0\"><strong><span style=\"font-size: 22px;\">2020.febru\u00e1r 24-\u00e9n indul a 20. jubileumi Dobbant\u00f3!<\/span><\/strong><\/p>\n<p class=\"rteindent2\">\u201eDobbant\u00f3, Budapest Bank \u2013 p\u00e9nz\u00fcgyekr\u0151l n\u0151knek\u201d tr\u00e9ning Budapesten<\/p>\n<p class=\"rteindent2\"><img decoding=\"async\" style=\"width: 400px; height: 110px;\" src=\"https:\/\/seed.hu\/files\/attachments\/inline\/dobbanto.png\" alt=\"\" \/><\/p>\n<p class=\"rteindent1\">\u00a0A SEED Alap\u00edtv\u00e1ny a Budapest Bank t\u00e1mogat\u00e1s\u00e1val a Dobbant\u00f3 Program keret\u00e9ben<\/p>\n<p class=\"rteindent1\">\u00a0 2020. febru\u00e1r 24-\u00e9n 12 napos kompetenciafejleszt\u0151 tr\u00e9ninget ind\u00edt m\u00e1r v\u00e1llalkoz\u00f3,<\/p>\n<p class=\"rteindent3\">\u00a0 \u00a0 \u00a0 vagy v\u00e1llalkoz\u00e1st tervez\u0151 n\u0151knek Budapesten.<\/p>\n<p>&nbsp;<\/p>\n<ul>\n<li>Mi\u00e9rt \u00e9rdemes csatlakozni a programhoz?<\/li>\n<li>Mit \u00e9s hogyan?<\/li>\n<li>\u00dczleti terv k\u00e9sz\u00edt\u00e9se vizu\u00e1lis \u00fczleti modellez\u00e9ssel<\/li>\n<li>Online kollabor\u00e1ci\u00f3s, wiki-alap\u00fa tud\u00e1sb\u00e1zis<\/li>\n<li>\u00dczleti c\u00e9l\u00fa prezent\u00e1ci\u00f3<\/li>\n<li>Id\u0151pontok \u00e9s a k\u00e9pz\u00e9sek tartalma<\/li>\n<li>Tr\u00e9nereink<\/li>\n<li>A jelentkez\u00e9s menete<\/li>\n<li>A kiv\u00e1laszt\u00e1s folyamata<\/li>\n<li>A k\u00e9pz\u00e9s d\u00edja<\/li>\n<li>Helysz\u00edn\u00fcnk a MEMO hangulata garant\u00e1lja a j\u00f3 l\u00e9gk\u00f6rt<\/li>\n<li>\u201eMit vesztett\u00e9l volna, ha nem veszel r\u00e9szt ezen a k\u00e9pz\u00e9sen?\u201d \u2013kor\u00e1bbi Dobbant\u00f3sok v\u00e1laszai<\/li>\n<li>K\u00e9pek egy-egy kor\u00e1bbi Dobbant\u00f3 k\u00e9pz\u00e9sr\u0151l<\/li>\n<\/ul>\n<p><a href=\"https:\/\/dobbanto.seed.hu\/urlap\/jelentkezes-a-2020-as-tavaszi-treningre\" target=\"_blank\" rel=\"noopener\">Jelentkezem a \u201eDobbant\u00f3, Budapest Bank \u2013 p\u00e9nz\u00fcgyekr\u0151l n\u0151knek\u201d tr\u00e9ningre.<\/a><\/p>\n<h2>Mi\u00e9rt \u00e9rdemes csatlakozni a programhoz?<\/h2>\n<p>A Budapest Bank \u00e9s a SEED Kisv\u00e1llalkoz\u00e1s-fejleszt\u00e9si Alap\u00edtv\u00e1ny \u00e1ltal ind\u00edtott Dobbant\u00f3 tr\u00e9ning c\u00e9lja, hogy felv\u00e9rtezze a r\u00e9sztvev\u0151ket azokkal az ismeretekkel, amelyek birtok\u00e1ban tervszer\u0171en, tudatosan ind\u00edthatj\u00e1k el, \u00e9s m\u0171k\u00f6dtethetik v\u00e1llalkoz\u00e1sukat, \u00edgy magabiztosabban \u00e1llhatnak helyt az \u00fczleti vil\u00e1gban.<\/p>\n<p>A 12 napos Dobbant\u00f3 k\u00e9pz\u00e9s sor\u00e1n a program tapasztalt tr\u00e9nereit\u0151l tanulhatnak t\u00f6bbek k\u00f6z\u00f6tt a v\u00e1llalatok p\u00e9nz\u00fcgyeir\u0151l, marketingj\u00e9r\u0151l, menedzsmentj\u00e9r\u0151l, tov\u00e1bb\u00e1 v\u00e1llalkoz\u00e1sukkal kapcsolatos testreszabott tan\u00e1csokat is kaphatnak. A k\u00e9pz\u00e9s sor\u00e1n a r\u00e9sztvev\u0151k elk\u00e9sz\u00edtik saj\u00e1t \u00fczleti terv\u00fcket, amely jelent\u0151s m\u00e9rt\u00e9kben n\u00f6veli az ind\u00edtand\u00f3 vagy fejlesztend\u0151 v\u00e1llalkoz\u00e1s siker\u00e9t, illetve el\u0151seg\u00edti annak p\u00e9nz\u00fcgyi forr\u00e1steremt\u00e9s\u00e9t.<\/p>\n<p>A kor\u00e1bbi tr\u00e9ningek tapasztalataira \u00e9p\u00edtve, a v\u00e1llalkoz\u00f3n\u0151k folyamatosan v\u00e1ltoz\u00f3 ig\u00e9nyeihez alkalmazkodva az \u00faj k\u00e9pz\u00e9sben kiemelt figyelmet ford\u00edtunk a prezent\u00e1ci\u00f3s technik\u00e1k, valamint a digit\u00e1lis kompetencia fejleszt\u00e9s\u00e9re is. A tananyagok hat\u00e9kony elsaj\u00e1t\u00edt\u00e1s\u00e1t wiki alap\u00fa online tud\u00e1sb\u00e1zisunk teszi m\u00e9g hat\u00e9konyabb\u00e1.<\/p>\n<h2>Mit \u00e9s hogyan?<\/h2>\n<p>\u201eDobbant\u00f3, Budapest Bank \u2013 p\u00e9nz\u00fcgyekr\u0151l n\u0151knek\u201d c\u00edm\u0171 program egy olyan intenz\u00edv, z\u00e1rt csoportos kompetenciafejleszt\u0151 tr\u00e9ning, amely 20 v\u00e1llalkoz\u00f3n\u0151 sz\u00e1m\u00e1ra biztos\u00edtja a v\u00e1llalkoz\u00e1suk elind\u00edt\u00e1s\u00e1hoz, fellend\u00edt\u00e9s\u00e9hez, vagy \u00fajra strukt\u00far\u00e1l\u00e1s\u00e1hoz sz\u00fcks\u00e9ges szakmai ismereteket, kompetenci\u00e1kat \u00e9s szeml\u00e9letet. \u00a0A tr\u00e9ning \u00f6tv\u00f6zi a csoportmunk\u00e1k seg\u00edts\u00e9g\u00e9vel el\u00e9rt \u201eegym\u00e1st\u00f3l tanul\u00e1st\u201d, a tr\u00e9nerek \u00e1ltal leadott, \u00e9s az online rendszerben el\u00e9rhet\u0151 tananyagok \u00e1ltal biztos\u00edtott elm\u00e9leti felk\u00e9sz\u00edt\u00e9ssel, illetve a gyakorlati feladatok megold\u00e1s\u00e1n \u00e9s prezent\u00e1l\u00e1s\u00e1n kereszt\u00fcl el\u00e9rt tapasztalati tanul\u00e1ssal. \u00a0A tr\u00e9ning tananyagait, el\u0151ad\u00e1sait a v\u00e1llalkoz\u00e1sfejleszt\u00e9s ter\u00fclet\u00e9n elismert tr\u00e9nerek tartj\u00e1k. A tr\u00e9ning sor\u00e1n a r\u00e9sztvev\u0151knek el kell k\u00e9sz\u00edteni\u00fck tervezett v\u00e1llalkoz\u00e1suk \u00fczleti modellj\u00e9t, illetve terv\u00e9t, melyet a csoport el\u0151tt egy \u00e1ltaluk v\u00e1lasztott form\u00e1ban prezent\u00e1lniuk is kell a k\u00e9pz\u00e9s utols\u00f3 k\u00e9t napj\u00e1n.<\/p>\n<h2>\u00dczleti terv k\u00e9sz\u00edt\u00e9se vizu\u00e1lis \u00fczleti modellez\u00e9ssel<\/h2>\n<p>A szolg\u00e1ltat\u00e1s c\u00e9lja az \u00d6n v\u00e1llalkoz\u00e1s\u00e1nak &#8211; amely lehet egy tervez\u00e9s alatt l\u00e9v\u0151 indul\u00f3, vagy egy kiutat keres\u0151 megl\u00e9v\u0151 v\u00e1llalkoz\u00e1s is &#8211; \u00fczleti modellj\u00e9nek k\u00f6z\u00f6s \u00e1tgondol\u00e1sa, \u00e9s ennek alapj\u00e1n \u00fczleti terv\u00e9nek elk\u00e9sz\u00edt\u00e9se.\u00a0A szolg\u00e1ltat\u00e1s alapja egy vil\u00e1gszerte nemr\u00e9giben elterjedt \u00faj \u00fczleti tervez\u00e9si m\u00f3dszertan, a &#8220;<a href=\"http:\/\/www.businessmodelgeneration.com\/canvas\" target=\"_blank\" rel=\"noopener\">Business Model Canvas<\/a>&#8220;, melynek sor\u00e1n vizu\u00e1lisan ker\u00fcl feldolgoz\u00e1sra \u00e9s elemz\u00e9sre a v\u00e1llalkoz\u00e1s minden l\u00e9nyegi m\u0171k\u00f6d\u00e9si eleme \u00e9s ezek \u00f6sszef\u00fcgg\u00e9se.<\/p>\n<h2>Online kollabor\u00e1ci\u00f3s, wiki-alap\u00fa tud\u00e1sb\u00e1zis<\/h2>\n<p>Az egy\u00fcttm\u0171k\u00f6d\u00e9st \u00e9s tud\u00e1smenedzsmentet t\u00e1mogat\u00f3 online rendszer az ausztr\u00e1l\u00a0Confluence\u00a0rendszerre \u00e9p\u00fcl, amelynek licensz\u00e9t k\u00f6zhaszn\u00fa nonprofit tev\u00e9kenys\u00e9g\u00fcnk elismer\u00e9sek\u00e9nt t\u00e9r\u00edt\u00e9smentesen kaptuk meg. A mai \u00fczleti vil\u00e1gban elengedhetetlen, hogy \u00e1lland\u00f3an el\u00e9rhet\u0151, j\u00f3l szervezett, \u00e9s pontos inform\u00e1ci\u00f3kkal rendelkezz\u00fcnk, r\u00e1ad\u00e1sul ezeket az inform\u00e1ci\u00f3kat koll\u00e9g\u00e1inkkal \u00e9s partnereinkkel egy\u00fcttm\u0171k\u00f6dve folyamatosan fejleszteni, alak\u00edtani tudjuk. A Confluence rendszer legnagyobb el\u0151nye, hogy minden felhaszn\u00e1l\u00f3ja k\u00f6nnyed\u00e9n hozz\u00e1teheti tud\u00e1s\u00e1t, v\u00e9lem\u00e9ny\u00e9t \u00e9s tapasztalatait, ez\u00e1ltal gazdag\u00edtva a k\u00f6z\u00f6s tud\u00e1sb\u00e1zist, \u00edgy egy mindig meg\u00fajul\u00f3, k\u00f6z\u00f6sen fejlesztett rendszer j\u00f6het l\u00e9tre. Ez az elem a tud\u00e1s\u00e1tad\u00e1son \u00e9s a kommunik\u00e1ci\u00f3n fel\u00fcl hat\u00e9konyan, a gyakorlatban fejleszti a v\u00e1llalkoz\u00f3n\u0151k digit\u00e1lis kompetenci\u00e1j\u00e1t is.<\/p>\n<h2>\u00dczleti c\u00e9l\u00fa prezent\u00e1ci\u00f3<\/h2>\n<p>A mai kor egyik legnagyobb kih\u00edv\u00e1sa \u00e9s k\u00f6vetelm\u00e9nye, hogy a v\u00e1llalkoz\u00f3k hat\u00e9konyan \u201eel tudj\u00e1k adni magukat\u201d, azaz v\u00e1llalkoz\u00e1suk term\u00e9keit \u00e9s szolg\u00e1ltat\u00e1sait. A tr\u00e9ningnek ez\u00e9rt fontos eleme a prezent\u00e1ci\u00f3s technik\u00e1k \u00e9s el\u0151ad\u00e1sm\u00f3d fejleszt\u00e9se is, amely kompetencia nagyban hozz\u00e1j\u00e1rul a v\u00e1llalkoz\u00f3n\u0151k versenyk\u00e9pess\u00e9g\u00e9hez.<\/p>\n<h2>Id\u0151pontok \u00e9s a k\u00e9pz\u00e9sek tartalma<\/h2>\n<p>A k\u00e9pz\u00e9sek h\u00e9tf\u0151nk\u00e9nt 9-17-ig, keddi napokon 9-16 \u00f3r\u00e1ig tartanak.<\/p>\n<p>A 2020. febru\u00e1r 24-\u00e9n kezd\u0151d\u0151 tr\u00e9ningsorozat tematik\u00e1ja:<\/p>\n<ul>\n<li>2020. febru\u00e1r 24-25. : Ismerked\u00e9s, bizalom megalapoz\u00e1sa, V\u00e1llalkoz\u00f3i k\u00e9szs\u00e9gek<\/li>\n<li>2020. m\u00e1rcius 02-03. :\u00a0Marketing, Online-marketing<\/li>\n<li>2020. m\u00e1rcius 09-10. :\u00a0V\u00e1llalkoz\u00e1sind\u00edt\u00e1s, \u00fczleti tervez\u00e9s, Business Canvas Model<\/li>\n<li>2020. m\u00e1rcius 16-17. : Bankol\u00e1s, finansz\u00edroz\u00e1s Kisv\u00e1llalkoz\u00f3i p\u00e9nz\u00fcgyek, Tervez\u00e9s, ad\u00f3z\u00e1s<\/li>\n<li>2020. m\u00e1rcius 23-24. : Prezent\u00e1ci\u00f3s felk\u00e9sz\u00edt\u00e9s,\u00a0V\u00e1llalkoz\u00e1sok menedzsmentje<\/li>\n<li>2020. \u00e1prilis 06-07. : \u00dczleti tervek prezent\u00e1ci\u00f3ja \u00e9s z\u00e1r\u00e1s<\/li>\n<\/ul>\n<h2>Tr\u00e9nereink<\/h2>\n<p><a href=\"https:\/\/dobbanto.seed.hu\/eloado\/bus-borbala\" target=\"_blank\" rel=\"noopener\">B\u00fas Borb\u00e1la<\/a><\/p>\n<p><a href=\"https:\/\/dobbanto.seed.hu\/eloado\/bus-borbala\" target=\"_blank\" rel=\"noopener\"><img decoding=\"async\" style=\"width: 100px; height: 133px;\" src=\"https:\/\/dobbanto.seed.hu\/files\/instructor\/busbori.jpg\" alt=\"\" \/><\/a><\/p>\n<p><a href=\"https:\/\/dobbanto.seed.hu\/eloado\/huszar-sandor\" target=\"_blank\" rel=\"noopener\">Husz\u00e1r S\u00e1ndor<\/a><\/p>\n<p><a href=\"https:\/\/dobbanto.seed.hu\/eloado\/huszar-sandor\" target=\"_blank\" rel=\"noopener\"><img decoding=\"async\" style=\"width: 100px; height: 133px;\" src=\"https:\/\/dobbanto.seed.hu\/files\/instructor\/huszar-sandor.png\" alt=\"\" \/><\/a><\/p>\n<p><a href=\"https:\/\/dobbanto.seed.hu\/eloado\/imreh-szabolcs\/edit?destination=eloadok\" target=\"_blank\" rel=\"noopener\">Imreh Szabolcs<\/a><\/p>\n<p><a href=\"https:\/\/dobbanto.seed.hu\/eloado\/imreh-szabolcs\" target=\"_blank\" rel=\"noopener\"><img decoding=\"async\" style=\"width: 100px; height: 120px;\" src=\"https:\/\/dobbanto.seed.hu\/files\/instructor\/imrehszabolcs2.png\" alt=\"\" \/><\/a><\/p>\n<p><a href=\"https:\/\/dobbanto.seed.hu\/eloado\/keri-viktor-budapest-bank\" target=\"_blank\" rel=\"noopener\">K\u00e9ri Viktor (Budapest Bank)<\/a><\/p>\n<p><a href=\"https:\/\/dobbanto.seed.hu\/eloado\/keri-viktor-budapest-bank\" target=\"_blank\" rel=\"noopener\"><img decoding=\"async\" style=\"width: 100px; height: 110px;\" src=\"https:\/\/dobbanto.seed.hu\/files\/instructor\/keri_viktor_bb_crop_0.jpg\" alt=\"\" \/><\/a><\/p>\n<p><a href=\"https:\/\/dobbanto.seed.hu\/eloado\/nemeth-zoltan\" target=\"_blank\" rel=\"noopener\">N\u00e9meth Zolt\u00e1n<\/a><\/p>\n<p><a href=\"https:\/\/dobbanto.seed.hu\/eloado\/nemeth-zoltan\" target=\"_blank\" rel=\"noopener\"><img decoding=\"async\" style=\"width: 100px; height: 53px;\" src=\"https:\/\/dobbanto.seed.hu\/files\/instructor\/nz.jpg\" alt=\"\" \/><\/a><\/p>\n<p><a href=\"https:\/\/dobbanto.seed.hu\/eloado\/pronay-szabolcs\" target=\"_blank\" rel=\"noopener\">Dr. Pr\u00f3nay Szabolcs<\/a><\/p>\n<p><a href=\"https:\/\/dobbanto.seed.hu\/eloado\/pronay-szabolcs\" target=\"_blank\" rel=\"noopener\"><img decoding=\"async\" style=\"width: 100px; height: 88px;\" src=\"https:\/\/dobbanto.seed.hu\/files\/instructor\/pronayszabolcs_250_219.png\" alt=\"\" \/><\/a><\/p>\n<p><a href=\"https:\/\/dobbanto.seed.hu\/eloado\/soltesz-aniko\" target=\"_blank\" rel=\"noopener\">Solt\u00e9sz Anik\u00f3<\/a><\/p>\n<p><a href=\"https:\/\/dobbanto.seed.hu\/eloado\/soltesz-aniko\" target=\"_blank\" rel=\"noopener\"><img decoding=\"async\" style=\"width: 100px; height: 53px;\" src=\"https:\/\/dobbanto.seed.hu\/files\/instructor\/sa_0.jpg\" alt=\"\" \/><\/a><\/p>\n<p><a href=\"https:\/\/dobbanto.seed.hu\/eloado\/tarjanyi-margit\" target=\"_blank\" rel=\"noopener\">Tarj\u00e1nyi Margit<\/a><\/p>\n<p><a href=\"https:\/\/dobbanto.seed.hu\/eloado\/tarjanyi-margit\" target=\"_blank\" rel=\"noopener\"><img decoding=\"async\" style=\"width: 100px; height: 121px;\" src=\"https:\/\/dobbanto.seed.hu\/files\/instructor\/image2019-1-29_16-36-46.png\" alt=\"\" \/><\/a><\/p>\n<p><a href=\"https:\/\/dobbanto.seed.hu\/eloado\/vilmanyi-marton\" target=\"_blank\" rel=\"noopener\">Dr. Vilm\u00e1nyi M\u00e1rton<\/a><\/p>\n<p><a href=\"https:\/\/dobbanto.seed.hu\/eloado\/vilmanyi-marton\" target=\"_blank\" rel=\"noopener\"><img decoding=\"async\" style=\"width: 100px; height: 100px;\" src=\"https:\/\/dobbanto.seed.hu\/files\/instructor\/vilmanyi030_2.jpg\" alt=\"\" \/><\/a><\/p>\n<p><a href=\"https:\/\/dobbanto.seed.hu\/eloado\/vilmanyi-rita\" target=\"_blank\" rel=\"noopener\">Vilm\u00e1nyi Rita<\/a><\/p>\n<p><a href=\"https:\/\/dobbanto.seed.hu\/eloado\/vilmanyi-rita\" target=\"_blank\" rel=\"noopener\"><img decoding=\"async\" style=\"width: 100px; height: 94px;\" src=\"https:\/\/dobbanto.seed.hu\/files\/instructor\/vilmanyirita2.png\" alt=\"\" \/><\/a><\/p>\n<p>A k\u00e9pz\u00e9s sor\u00e1n a Budapest Bank szakembere is el\u0151ad\u00e1st tart egy alkalommal a kisv\u00e1llalkoz\u00f3i p\u00e9nz\u00fcgyekr\u0151l \u00e9s hitellehet\u0151s\u00e9gekr\u0151l.<\/p>\n<p>2019 \u0151sz\u00e9t\u0151l a tr\u00e9ning \u00faj elemek\u00e9nt a r\u00e9sztvev\u0151ket a tr\u00e9ning ideje alatt egy tapasztalt v\u00e1llalkoz\u00f3n\u0151 t\u00e1mogatja mentork\u00e9nt.<\/p>\n<p><a href=\"https:\/\/dobbanto.seed.hu\/eloado\/novakne-gergely-vera\" target=\"_blank\" rel=\"noopener\">Nov\u00e1kn\u00e9 Gergely Vera<\/a><\/p>\n<p><img decoding=\"async\" style=\"width: 109px; height: 90px;\" src=\"https:\/\/dobbanto.seed.hu\/files\/instructor\/novak2_0.png\" alt=\"\" \/><\/p>\n<h2>A jelentkez\u00e9s menete<\/h2>\n<p>Jelentkez\u00e9si hat\u00e1rid\u0151:\u00a02020. febru\u00e1r 16. 23:59<\/p>\n<p>A k\u00e9pz\u00e9sre p\u00e1ly\u00e1zni az al\u00e1bbi linken el\u00e9rhet\u0151 k\u00e9rd\u0151\u00edv kit\u00f6lt\u00e9s\u00e9vel lehet:<\/p>\n<p><a href=\"https:\/\/dobbanto.seed.hu\/urlap\/jelentkezes-a-2020-as-tavaszi-treningre\" target=\"_blank\" rel=\"noopener\">Jelentkezem a \u201eDobbant\u00f3, Budapest Bank \u2013 p\u00e9nz\u00fcgyekr\u0151l n\u0151knek\u201d tr\u00e9ningre.<\/a><\/p>\n<h2>A kiv\u00e1laszt\u00e1s folyamata<\/h2>\n<p>A p\u00e1ly\u00e1zatok elb\u00edr\u00e1l\u00e1sakor nem a p\u00e1ly\u00e1zatok be\u00e9rkez\u00e9s\u00e9nek sorrendj\u00e9t vessz\u00fck figyelembe! A kiv\u00e1laszt\u00e1s sor\u00e1n a v\u00e1llalkoz\u00e1si \u00f6tlet \u00e9letk\u00e9pess\u00e9g\u00e9t, \u00e1tgondolts\u00e1g\u00e1t, valamint a program \u00e9s a v\u00e1llalkoz\u00f3i l\u00e9t ir\u00e1nti elk\u00f6telezetts\u00e9get is vizsg\u00e1ljuk. Ut\u00f3bbi alatt azt is \u00e9rtj\u00fck, hogy a jelentkez\u0151 v\u00e1llalja, hogy legfeljebb egy napot hi\u00e1nyzik a k\u00e9pz\u00e9sr\u0151l, \u00e9s akkor is csak nagyon indokolt esetben. K\u00e9rj\u00fck, hogy ezeket a d\u00f6nt\u00e9st el\u0151seg\u00edt\u0151 \u2014 \u00e9s a csoportba val\u00f3 beker\u00fcl\u00e9s es\u00e9ly\u00e9t n\u00f6vel\u0151 \u2014 inform\u00e1ci\u00f3kat felt\u00e9tlen\u00fcl ossza meg vel\u00fcnk a jelentkez\u00e9si lap megfelel\u0151 pontj\u00e1ban!<\/p>\n<p>2020. febru\u00e1r 20-\u00e1n minden p\u00e1ly\u00e1z\u00f3nak k\u00fcld\u00fcnk visszajelz\u00e9st, beker\u00fclt-e a csoport tagjai k\u00f6z\u00e9, vagy sem. Teh\u00e1t eddig az id\u0151pontig, k\u00e9rj\u00fck, hogy hagyj\u00e1k szabadon a k\u00e9pz\u00e9si napokat, illetve ha valakinek van f\u0151\u00e1ll\u00e1sa is, int\u00e9zzen el\u0151re ezekre a d\u00e1tumokra szabads\u00e1got.<\/p>\n<h2>A k\u00e9pz\u00e9s d\u00edja<\/h2>\n<p>A k\u00e9pz\u00e9s k\u00f6lts\u00e9geihez jelk\u00e9pes 40.000 forint hozz\u00e1j\u00e1rul\u00e1st k\u00e9r\u00fcnk, a tr\u00e9ning tov\u00e1bbi k\u00f6lts\u00e9geit a Budapest Bank finansz\u00edrozza. (A k\u00e9pz\u00e9s piaci \u00e1ra kb. 300 000 forint.) A jelentkez\u00e9sek ki\u00e9rt\u00e9kel\u00e9se ut\u00e1n \u2014 amelyr\u0151l e-mail \u00e9rtes\u00edt\u00e9st k\u00fcld\u00fcnk \u2014 az \u00f6nr\u00e9szt a SEED Kisv\u00e1llalkoz\u00e1s-fejleszt\u00e9si Alap\u00edtv\u00e1ny 11702036-20721866 sz\u00e1m\u00fa banksz\u00e1ml\u00e1j\u00e1ra k\u00e9rj\u00fck \u00e1tutalni, a sz\u00e1ml\u00e1t pedig az els\u0151 k\u00e9pz\u00e9si napon adjuk \u00e1t.<\/p>\n<p>A jelentkez\u00e9s a r\u00e9szv\u00e9teli d\u00edj \u00e1tutal\u00e1s\u00e1val v\u00e1lik v\u00e9glegess\u00e9. K\u00e9rj\u00fck, amennyiben a banksz\u00e1mla tulajdonos\u00e1b\u00f3l nem der\u00fcl ki, hogy ki a r\u00e9sztvev\u0151, \u00fagy azt a nevet \u00e9s ad\u00f3sz\u00e1mot adj\u00e1k meg az \u00e1tutal\u00e1s\/befizet\u00e9s k\u00f6zlem\u00e9ny rovat\u00e1ban, aki a k\u00e9pz\u00e9s \u00f6nk\u00f6lts\u00e9gi d\u00edj\u00e1t viselni fogja. Sz\u00e1ml\u00e1t a k\u00e9pz\u00e9sben r\u00e9sztvev\u0151 szem\u00e9ly nev\u00e9re vagy a k\u00e9pz\u00e9s d\u00edj\u00e1t visel\u0151\/elsz\u00e1mol\u00f3 v\u00e1llalkoz\u00e1s nev\u00e9re tudjuk ki\u00e1ll\u00edtani. A sz\u00e1mla ki\u00e1ll\u00edt\u00e1sa nem jelenti a k\u00e9pz\u00e9s k\u00f6lts\u00e9g\u00e9nek automatikus elsz\u00e1molhat\u00f3s\u00e1g\u00e1t, ez\u00e9rt k\u00e9rj\u00fck, hogy e t\u00e1rgyban k\u00f6r\u00fcltekint\u0151en j\u00e1rjanak el! Az \u00e1tutalt \u00f6nk\u00f6lts\u00e9get lemond\u00e1s eset\u00e9n nem tudjuk visszafizetni!<\/p>\n<h2>A helysz\u00edn: a MEMO hangulata garant\u00e1lja a j\u00f3 l\u00e9gk\u00f6rt<\/h2>\n<p>A MEMO Mesters\u00e9gek \u00e9s M\u00f3dszertanok H\u00e1za<\/p>\n<p>C\u00edm: 1077 Budapest, Wessel\u00e9nyi u. 73.<br \/>\nWeboldal:\u00a0<a href=\"http:\/\/www.memobudapest.hu\/index.php\" target=\"_blank\" rel=\"noopener\">http:\/\/www.memobudapest.hu<\/a><\/p>\n<div style=\"width: 60%;\"><iframe loading=\"lazy\" src=\"https:\/\/maps.google.com\/maps?width=80%&amp;height=600&amp;hl=en&amp;q=1077%20Budapest%2C%20Wessel%C3%A9nyi%20u.%2073.+(MEMO%20%20Mesterek%20%C3%A9s%20M%C3%B3dszertanok%20H%C3%A1za)&amp;ie=UTF8&amp;t=&amp;z=14&amp;iwloc=B&amp;output=embed\" width=\"80%\" height=\"400\" frameborder=\"0\" marginwidth=\"0\" marginheight=\"0\" scrolling=\"no\">Draw map route<\/iframe><\/div>\n<p>A MEMO hangulata garant\u00e1lja a j\u00f3 l\u00e9gk\u00f6rt, felszerelts\u00e9ge biztos\u00edtja a tanul\u00e1st, egy\u00e9nileg kis- \u00e9s nagy csoportokban is.\u00a0Az oktat\u00e1si helysz\u00edn tudatosan kialak\u00edtott vil\u00e1gos, kultur\u00e1lt, bar\u00e1ts\u00e1gos, j\u00f3l felszerelt. A kiszolg\u00e1l\u00f3helyis\u00e9gek biztos\u00edtj\u00e1k a k\u00e9nyelmes \u00e9tkez\u00e9st \u00e9s k\u00e1v\u00e9z\u00e1st.<\/p>\n<h2>\u201eMit vesz\u00edtett\u00e9l volna, ha nem veszel r\u00e9szt ezen a k\u00e9pz\u00e9sen?\u201d \u2013 kor\u00e1bbi Dobbant\u00f3sok v\u00e1laszai:<\/h2>\n<ul>\n<li>lend\u00fcletet<\/li>\n<li>a t\u00e1mogat\u00f3 csapatot<\/li>\n<li>v\u00e1llalkoz\u00f3n\u0151i k\u00f6z\u00f6ss\u00e9get<\/li>\n<li>sok-sok pozit\u00edv energi\u00e1t \u00e9s impulzust<\/li>\n<li>tudatos szervez\u00e9st, tervez\u00e9st, rendszert a fejemben a v\u00e1llalkoz\u00e1somr\u00f3l<\/li>\n<li>nem tudtam volna ilyen \u00fczleti tervet \u00edrni<\/li>\n<li>egy \u00fajfajta szeml\u00e9letm\u00f3dot<\/li>\n<li>inform\u00e1ci\u00f3halmazt<\/li>\n<li>a v\u00e1llalkoz\u00e1si tervem keretbe foglal\u00e1s\u00e1t<\/li>\n<\/ul>\n<h2>Tov\u00e1bbi inform\u00e1ci\u00f3<\/h2>\n<p>A felmer\u00fcl\u0151 k\u00e9rd\u00e9sekre sz\u00edvesen v\u00e1laszolunk:<\/p>\n<p>F\u00e1bi\u00e1n \u00c1gnes:\u00a0<a href=\"mailto:afabian@seed.hu?subject=Dobbant%C3%B3!%202020.%20Tavasz%20-%20inform%C3%A1ci%C3%B3\">afabian@seed.hu<\/a><\/p>\n<h2>K\u00e9pek egy-egy kor\u00e1bbi Dobbant\u00f3 k\u00e9pz\u00e9sr\u0151l<\/h2>\n<p><a href=\"http:\/\/seed.hu\/files\/newsletter\/0527-0528dobbanto.jpg\">Mont\u00e1zs#1<\/a><br \/>\n<a href=\"https:\/\/seed.hu\/files\/newsletter\/untitled-collage.jpg\">Mont\u00e1zs#2<\/a><br \/>\n<a href=\"https:\/\/seed.hu\/files\/newsletter\/untitled-collage2.jpg\">Mont\u00e1zs#3<\/a><br \/>\n<a href=\"https:\/\/seed.hu\/files\/attachments\/inline\/montazs5.jpg\">Mont\u00e1zs#4<\/a><\/p>\n<p>&nbsp;<\/p>\n","protected":false},"featured_media":335,"menu_order":0,"template":"","meta":{"_acf_changed":false},"class_list":["post-936","hirek","type-hirek","status-publish","has-post-thumbnail","hentry"],"acf":[],"yoast_head":"<!-- This site is optimized with the Yoast SEO plugin v27.4 - https:\/\/yoast.com\/product\/yoast-seo-wordpress\/ -->\n<title>2020. febru\u00e1r 24-\u00e9n indul a 20. jubileumi Dobbant\u00f3 tr\u00e9ning! - Seed<\/title>\n<meta name=\"robots\" content=\"index, follow, max-snippet:-1, max-image-preview:large, max-video-preview:-1\" \/>\n<link rel=\"canonical\" href=\"https:\/\/seed.hu\/hirek\/2020-februar-24-en-indul-a-20-jubileumi-dobbanto-trening\/\" \/>\n<meta property=\"og:locale\" content=\"en_US\" \/>\n<meta property=\"og:type\" content=\"article\" \/>\n<meta property=\"og:title\" content=\"2020. febru\u00e1r 24-\u00e9n indul a 20. jubileumi Dobbant\u00f3 tr\u00e9ning! - Seed\" \/>\n<meta property=\"og:description\" content=\"\u00a0 \u00a0 \u00a0 \u00a0 2020.febru\u00e1r 24-\u00e9n indul a 20. jubileumi Dobbant\u00f3! \u201eDobbant\u00f3, Budapest Bank \u2013 p\u00e9nz\u00fcgyekr\u0151l n\u0151knek\u201d tr\u00e9ning Budapesten \u00a0A SEED Alap\u00edtv\u00e1ny a Budapest Bank t\u00e1mogat\u00e1s\u00e1val a Dobbant\u00f3 Program keret\u00e9ben \u00a0 2020. febru\u00e1r 24-\u00e9n 12 napos kompetenciafejleszt\u0151 tr\u00e9ninget ind\u00edt m\u00e1r v\u00e1llalkoz\u00f3, \u00a0 \u00a0 \u00a0 vagy v\u00e1llalkoz\u00e1st tervez\u0151 n\u0151knek Budapesten. &nbsp; Mi\u00e9rt \u00e9rdemes csatlakozni a programhoz? [&hellip;]\" \/>\n<meta property=\"og:url\" content=\"https:\/\/seed.hu\/hirek\/2020-februar-24-en-indul-a-20-jubileumi-dobbanto-trening\/\" \/>\n<meta property=\"og:site_name\" content=\"Seed\" \/>\n<meta property=\"article:modified_time\" content=\"2022-01-20T16:28:49+00:00\" \/>\n<meta property=\"og:image\" content=\"https:\/\/seed.hu\/wp-content\/uploads\/2021\/04\/dobbanto.png\" \/>\n\t<meta property=\"og:image:width\" content=\"773\" \/>\n\t<meta property=\"og:image:height\" content=\"773\" \/>\n\t<meta property=\"og:image:type\" content=\"image\/png\" \/>\n<meta name=\"twitter:card\" content=\"summary_large_image\" \/>\n<meta name=\"twitter:label1\" content=\"Est. reading time\" \/>\n\t<meta name=\"twitter:data1\" content=\"9 minutes\" \/>\n<script type=\"application\/ld+json\" class=\"yoast-schema-graph\">{\"@context\":\"https:\\\/\\\/schema.org\",\"@graph\":[{\"@type\":\"WebPage\",\"@id\":\"https:\\\/\\\/seed.hu\\\/hirek\\\/2020-februar-24-en-indul-a-20-jubileumi-dobbanto-trening\\\/\",\"url\":\"https:\\\/\\\/seed.hu\\\/hirek\\\/2020-februar-24-en-indul-a-20-jubileumi-dobbanto-trening\\\/\",\"name\":\"2020. febru\u00e1r 24-\u00e9n indul a 20. jubileumi Dobbant\u00f3 tr\u00e9ning! - Seed\",\"isPartOf\":{\"@id\":\"https:\\\/\\\/seed.hu\\\/#website\"},\"primaryImageOfPage\":{\"@id\":\"https:\\\/\\\/seed.hu\\\/hirek\\\/2020-februar-24-en-indul-a-20-jubileumi-dobbanto-trening\\\/#primaryimage\"},\"image\":{\"@id\":\"https:\\\/\\\/seed.hu\\\/hirek\\\/2020-februar-24-en-indul-a-20-jubileumi-dobbanto-trening\\\/#primaryimage\"},\"thumbnailUrl\":\"https:\\\/\\\/seed.hu\\\/wp-content\\\/uploads\\\/2021\\\/04\\\/dobbanto.png\",\"datePublished\":\"2020-02-12T07:51:01+00:00\",\"dateModified\":\"2022-01-20T16:28:49+00:00\",\"breadcrumb\":{\"@id\":\"https:\\\/\\\/seed.hu\\\/hirek\\\/2020-februar-24-en-indul-a-20-jubileumi-dobbanto-trening\\\/#breadcrumb\"},\"inLanguage\":\"en-US\",\"potentialAction\":[{\"@type\":\"ReadAction\",\"target\":[\"https:\\\/\\\/seed.hu\\\/hirek\\\/2020-februar-24-en-indul-a-20-jubileumi-dobbanto-trening\\\/\"]}]},{\"@type\":\"ImageObject\",\"inLanguage\":\"en-US\",\"@id\":\"https:\\\/\\\/seed.hu\\\/hirek\\\/2020-februar-24-en-indul-a-20-jubileumi-dobbanto-trening\\\/#primaryimage\",\"url\":\"https:\\\/\\\/seed.hu\\\/wp-content\\\/uploads\\\/2021\\\/04\\\/dobbanto.png\",\"contentUrl\":\"https:\\\/\\\/seed.hu\\\/wp-content\\\/uploads\\\/2021\\\/04\\\/dobbanto.png\",\"width\":773,\"height\":773},{\"@type\":\"BreadcrumbList\",\"@id\":\"https:\\\/\\\/seed.hu\\\/hirek\\\/2020-februar-24-en-indul-a-20-jubileumi-dobbanto-trening\\\/#breadcrumb\",\"itemListElement\":[{\"@type\":\"ListItem\",\"position\":1,\"name\":\"H\u00edrek\",\"item\":\"https:\\\/\\\/seed.hu\\\/hirek\\\/\"},{\"@type\":\"ListItem\",\"position\":2,\"name\":\"2020. febru\u00e1r 24-\u00e9n indul a 20. jubileumi Dobbant\u00f3 tr\u00e9ning!\"}]},{\"@type\":\"WebSite\",\"@id\":\"https:\\\/\\\/seed.hu\\\/#website\",\"url\":\"https:\\\/\\\/seed.hu\\\/\",\"name\":\"Seed\",\"description\":\"\",\"potentialAction\":[{\"@type\":\"SearchAction\",\"target\":{\"@type\":\"EntryPoint\",\"urlTemplate\":\"https:\\\/\\\/seed.hu\\\/?s={search_term_string}\"},\"query-input\":{\"@type\":\"PropertyValueSpecification\",\"valueRequired\":true,\"valueName\":\"search_term_string\"}}],\"inLanguage\":\"en-US\"}]}<\/script>\n<!-- \/ Yoast SEO plugin. -->","yoast_head_json":{"title":"2020. febru\u00e1r 24-\u00e9n indul a 20. jubileumi Dobbant\u00f3 tr\u00e9ning! - Seed","robots":{"index":"index","follow":"follow","max-snippet":"max-snippet:-1","max-image-preview":"max-image-preview:large","max-video-preview":"max-video-preview:-1"},"canonical":"https:\/\/seed.hu\/hirek\/2020-februar-24-en-indul-a-20-jubileumi-dobbanto-trening\/","og_locale":"en_US","og_type":"article","og_title":"2020. febru\u00e1r 24-\u00e9n indul a 20. jubileumi Dobbant\u00f3 tr\u00e9ning! - Seed","og_description":"\u00a0 \u00a0 \u00a0 \u00a0 2020.febru\u00e1r 24-\u00e9n indul a 20. jubileumi Dobbant\u00f3! \u201eDobbant\u00f3, Budapest Bank \u2013 p\u00e9nz\u00fcgyekr\u0151l n\u0151knek\u201d tr\u00e9ning Budapesten \u00a0A SEED Alap\u00edtv\u00e1ny a Budapest Bank t\u00e1mogat\u00e1s\u00e1val a Dobbant\u00f3 Program keret\u00e9ben \u00a0 2020. febru\u00e1r 24-\u00e9n 12 napos kompetenciafejleszt\u0151 tr\u00e9ninget ind\u00edt m\u00e1r v\u00e1llalkoz\u00f3, \u00a0 \u00a0 \u00a0 vagy v\u00e1llalkoz\u00e1st tervez\u0151 n\u0151knek Budapesten. &nbsp; Mi\u00e9rt \u00e9rdemes csatlakozni a programhoz? [&hellip;]","og_url":"https:\/\/seed.hu\/hirek\/2020-februar-24-en-indul-a-20-jubileumi-dobbanto-trening\/","og_site_name":"Seed","article_modified_time":"2022-01-20T16:28:49+00:00","og_image":[{"width":773,"height":773,"url":"https:\/\/seed.hu\/wp-content\/uploads\/2021\/04\/dobbanto.png","type":"image\/png"}],"twitter_card":"summary_large_image","twitter_misc":{"Est. reading time":"9 minutes"},"schema":{"@context":"https:\/\/schema.org","@graph":[{"@type":"WebPage","@id":"https:\/\/seed.hu\/hirek\/2020-februar-24-en-indul-a-20-jubileumi-dobbanto-trening\/","url":"https:\/\/seed.hu\/hirek\/2020-februar-24-en-indul-a-20-jubileumi-dobbanto-trening\/","name":"2020. febru\u00e1r 24-\u00e9n indul a 20. jubileumi Dobbant\u00f3 tr\u00e9ning! - Seed","isPartOf":{"@id":"https:\/\/seed.hu\/#website"},"primaryImageOfPage":{"@id":"https:\/\/seed.hu\/hirek\/2020-februar-24-en-indul-a-20-jubileumi-dobbanto-trening\/#primaryimage"},"image":{"@id":"https:\/\/seed.hu\/hirek\/2020-februar-24-en-indul-a-20-jubileumi-dobbanto-trening\/#primaryimage"},"thumbnailUrl":"https:\/\/seed.hu\/wp-content\/uploads\/2021\/04\/dobbanto.png","datePublished":"2020-02-12T07:51:01+00:00","dateModified":"2022-01-20T16:28:49+00:00","breadcrumb":{"@id":"https:\/\/seed.hu\/hirek\/2020-februar-24-en-indul-a-20-jubileumi-dobbanto-trening\/#breadcrumb"},"inLanguage":"en-US","potentialAction":[{"@type":"ReadAction","target":["https:\/\/seed.hu\/hirek\/2020-februar-24-en-indul-a-20-jubileumi-dobbanto-trening\/"]}]},{"@type":"ImageObject","inLanguage":"en-US","@id":"https:\/\/seed.hu\/hirek\/2020-februar-24-en-indul-a-20-jubileumi-dobbanto-trening\/#primaryimage","url":"https:\/\/seed.hu\/wp-content\/uploads\/2021\/04\/dobbanto.png","contentUrl":"https:\/\/seed.hu\/wp-content\/uploads\/2021\/04\/dobbanto.png","width":773,"height":773},{"@type":"BreadcrumbList","@id":"https:\/\/seed.hu\/hirek\/2020-februar-24-en-indul-a-20-jubileumi-dobbanto-trening\/#breadcrumb","itemListElement":[{"@type":"ListItem","position":1,"name":"H\u00edrek","item":"https:\/\/seed.hu\/hirek\/"},{"@type":"ListItem","position":2,"name":"2020. febru\u00e1r 24-\u00e9n indul a 20. jubileumi Dobbant\u00f3 tr\u00e9ning!"}]},{"@type":"WebSite","@id":"https:\/\/seed.hu\/#website","url":"https:\/\/seed.hu\/","name":"Seed","description":"","potentialAction":[{"@type":"SearchAction","target":{"@type":"EntryPoint","urlTemplate":"https:\/\/seed.hu\/?s={search_term_string}"},"query-input":{"@type":"PropertyValueSpecification","valueRequired":true,"valueName":"search_term_string"}}],"inLanguage":"en-US"}]}},"_links":{"self":[{"href":"https:\/\/seed.hu\/en\/wp-json\/wp\/v2\/hirek\/936","targetHints":{"allow":["GET"]}}],"collection":[{"href":"https:\/\/seed.hu\/en\/wp-json\/wp\/v2\/hirek"}],"about":[{"href":"https:\/\/seed.hu\/en\/wp-json\/wp\/v2\/types\/hirek"}],"wp:featuredmedia":[{"embeddable":true,"href":"https:\/\/seed.hu\/en\/wp-json\/wp\/v2\/media\/335"}],"wp:attachment":[{"href":"https:\/\/seed.hu\/en\/wp-json\/wp\/v2\/media?parent=936"}],"curies":[{"name":"wp","href":"https:\/\/api.w.org\/{rel}","templated":true}]}}