{"id":937,"date":"2020-02-17T09:39:55","date_gmt":"2020-02-17T08:39:55","guid":{"rendered":"https:\/\/seed.hu\/?post_type=hirek&#038;p=937"},"modified":"2022-01-20T17:30:12","modified_gmt":"2022-01-20T16:30:12","slug":"mentorok-es-mentoraltak-10-vallalkozobol-vallalkozo","status":"publish","type":"hirek","link":"https:\/\/seed.hu\/en\/hirek\/mentorok-es-mentoraltak-10-vallalkozobol-vallalkozo\/","title":{"rendered":"Mentorok \u00e9s mentor\u00e1ltak 10. &#8211; V\u00e1llalkoz\u00f3b\u00f3l v\u00e1llalkoz\u00f3."},"content":{"rendered":"<p><a href=\"https:\/\/seed.hu\/hirek\/mentorok-es-mentoraltak-jelentkezeset-varja-a-seed-alapitvany\/ovm\/\" rel=\"attachment wp-att-844\"><img loading=\"lazy\" decoding=\"async\" class=\"alignnone wp-image-844 size-full\" src=\"https:\/\/seed.hu\/wp-content\/uploads\/2022\/01\/OVM.png\" alt=\"\" width=\"601\" height=\"163\" srcset=\"https:\/\/seed.hu\/wp-content\/uploads\/2022\/01\/OVM.png 601w, https:\/\/seed.hu\/wp-content\/uploads\/2022\/01\/OVM-300x81.png 300w\" sizes=\"auto, (max-width: 601px) 100vw, 601px\" \/><\/a><a href=\"https:\/\/seed.hu\/hirek\/uj-irodaba-koltozott-a-seed-alapitvany\/seed_logo\/\" rel=\"attachment wp-att-792\"><img loading=\"lazy\" decoding=\"async\" class=\"alignnone size-full wp-image-792\" src=\"https:\/\/seed.hu\/wp-content\/uploads\/2018\/04\/SEED_logo.png\" alt=\"\" width=\"250\" height=\"206\" \/><\/a><\/p>\n<p><strong>Mentorok \u00e9s mentor\u00e1ltak 10.<br \/>\nV\u00e1llalkoz\u00f3b\u00f3l v\u00e1llalkoz\u00f3.<\/strong><\/p>\n<p><strong><img decoding=\"async\" style=\"width: 300px; height: 200px;\" src=\"https:\/\/seed.hu\/files\/attachments\/inline\/10-foto-fabian-zoltan-web.jpg\" alt=\"\" \/><\/strong><\/p>\n<p><strong>F\u00e1bi\u00e1n Zolt\u00e1nnak m\u00e1r a nagysz\u00fclei is v\u00e1llalkoz\u00f3k voltak, \u00edgy nem v\u00e9letlen, hogy els\u0151 diplom\u00e1ja megszerz\u00e9sekor m\u00e1r a csal\u00e1di c\u00e9gben is dolgozott. Ezek ut\u00e1n nem lehet csod\u00e1lkozni azon, hogy feles\u00e9g\u00e9vel \u00e9s 29 \u00e9ves nagyobbik fi\u00e1val is van egy csal\u00e1di c\u00e9ge. Ker\u00e9kp\u00e1rversenyz\u0151k\u00e9nt \u00fagy gondolja, hogy egy v\u00e1llalkoz\u00f3nak is sokat kell edzenie a saj\u00e1t ter\u00fclet\u00e9n, \u00e9s tudnia kell, mikor lehet feljebb tenni a l\u00e9cet. \u00c9s soha nem szabad feladni.<\/strong><\/p>\n<p><strong>Hogyan lett bel\u0151led v\u00e1llalkoz\u00f3, \u00e9s milyen v\u00e1llalkoz\u00e1sod, v\u00e1llalkoz\u00e1said vannak?<\/strong><\/p>\n<p>Csal\u00e1di v\u00e1llalkoz\u00e1ssal indultunk, \u00e9s most is csal\u00e1di v\u00e1llalkoz\u00e1sunk van. A sz\u00fcleim m\u00e9g a 90-es \u00e9vek elej\u00e9n ind\u00edtott\u00e1k el a saj\u00e1t v\u00e1llalkoz\u00e1sukat, amibe \u00e9n, mondhatni, belen\u0151ttem. Ez egy oktat\u00e1si tan\u00e1csad\u00f3 v\u00e1llalkoz\u00e1s volt, strat\u00e9gi\u00e1kat k\u00e9sz\u00edtett\u00fcnk, lokaliz\u00e1ltunk, azaz k\u00fclf\u00f6ldi m\u00f3dszereket, megold\u00e1sokat adapt\u00e1ltunk a magyar viszonyokra.<\/p>\n<p><strong>Teljesen egy\u00e9rtelm\u0171 volt, hogy te majd ebben a v\u00e1llalkoz\u00e1sban fogsz dolgozni?<\/strong><\/p>\n<p>Voltak egy\u00e9b elk\u00e9pzel\u00e9seim is, \u00e9s a csal\u00e1di v\u00e1llalkoz\u00e1sban is a legk\u00fcl\u00f6nf\u00e9l\u00e9bb projektekben vettem r\u00e9szt. Sokszor voltam m\u00e1s c\u00e9gben alkalmazott is, mert mi nem \u00fagy m\u0171k\u00f6dt\u00fcnk, hogy valaki megval\u00f3s\u00edtotta az \u00f6tlet\u00e9t, \u00fcgyvezet\u0151 lett, \u00e9s azut\u00e1n 20 \u00e9vig azt csin\u00e1lta. A csal\u00e1db\u00f3l akkoriban \u00f6ten voltunk benne ebben a c\u00e9gben, a sz\u00fcleimen \u00e9s rajtam k\u00edv\u00fcl a n\u0151v\u00e9rem \u00e9s az \u0151 f\u00e9rje, \u00e9s akinek \u00e9ppen ad\u00f3dott egy \u00faj kih\u00edv\u00e1s, az \u00e1tadta a staf\u00e9t\u00e1t annak, aki vitte a v\u00e1llalkoz\u00e1st. Nem egy nagyon klasszikus fel\u00e1ll\u00e1sban dolgoztunk \u00e9s dolgozunk, ink\u00e1bb szellemi foglalkoz\u00e1s\u00fa partnerek k\u00f6z\u00f6ss\u00e9gek\u00e9nt lehetett defini\u00e1lni benn\u00fcnket.<\/p>\n<p><strong>Hogyan ment v\u00e9gbe n\u00e1latok a gener\u00e1ci\u00f3v\u00e1lt\u00e1s?<\/strong><\/p>\n<p>Miut\u00e1n maga a modell sem hagyom\u00e1nyos, a gener\u00e1ci\u00f3v\u00e1lt\u00e1s sem volt klasszikus. Nem \u00fagy t\u00f6rt\u00e9nt, mint egy olyan v\u00e1llalkoz\u00e1sban, ahol a sz\u00fcl\u0151k alap\u00edtanak egy c\u00e9get, eltelik n\u00e9h\u00e1ny \u00e9vtized, meg\u00f6regszenek, \u00e9s \u00e1tadj\u00e1k a v\u00e1llalkoz\u00e1st a gyereknek vagy a gyerekeknek. N\u00e1lunk ez \u00fagy ment v\u00e9gbe, hogy a sz\u00fcl\u0151knek egyre kevesebb munk\u00e1juk lett a c\u00e9gben, nek\u00fcnk pedig egyre t\u00f6bb. \u00daj projektek, \u00faj \u00fcgyfelek j\u00f6ttek be, amelyeket m\u00e1r \u00e9n kezeltem. N\u00e9h\u00e1ny \u00e9ve \u00fajabb v\u00e1llalkoz\u00e1sokat alap\u00edtottunk, az \u00e9n csal\u00e1di helyzetem is megv\u00e1ltozott, a feles\u00e9gemmel is l\u00e9trehoztunk egy c\u00e9get.<\/p>\n<p><strong>Milyen v\u00e1llalkoz\u00e1st visztek?<\/strong><\/p>\n<p>Tev\u00e9kenys\u00e9g\u00e9ben nagyon hasonl\u00f3 a sz\u00fcleim \u00e1ltal alap\u00edtott c\u00e9ghez, szak\u00e9rt\u00e9ssel, tan\u00e1csad\u00e1ssal, projektmenedzsmenttel, strat\u00e9giak\u00e9sz\u00edt\u00e9ssel \u00e9s marketing\u2212\u00e9rt\u00e9kes\u00edt\u00e9si szolg\u00e1ltat\u00e1sokkal foglalkozunk. Itt m\u00e1r mi vagyunk az id\u0151sebbek, de valamikor majd a fiatalabb gener\u00e1ci\u00f3 viszi tov\u00e1bb a c\u00e9get. Kor\u00e1bban a nagyobb fi\u00fa volt az \u00fcgyvezet\u0151, de most egy olyan nagy projekten dolgozik, ami egyed\u00fcl elviszi az idej\u00e9t \u00e9s a munkaerej\u00e9t.<\/p>\n<p><strong>\u00dagy \u00e9rzem, nektek nagyon a v\u00e9n\u00e1tokban van a v\u00e1llalkoz\u00e1s. Mi\u00e9rt j\u00f3 v\u00e1llalkoz\u00f3nak lenni? Nem lenne egyszer\u0171bb bemenni egy munkahelyre, megcsin\u00e1lni, amit kell, felvenni a fizet\u00e9st \u00e9s nyugodtan n\u00e9zni a TV-t?<\/strong><\/p>\n<p>Pont az\u00e9rt vagyok v\u00e1llalkoz\u00f3, hogy ne \u00edgy kelljen \u00e9lnem. Itt mindig vannak kih\u00edv\u00e1sok, van inspir\u00e1ci\u00f3, rajtam m\u00falnak az \u00fcgyek, \u00e9s persze sok a kudarc is. Mi eg\u00e9sz nap p\u00f6rg\u00fcnk.<\/p>\n<p><strong>\u00c9n nagyon tiszteletre m\u00e9lt\u00f3nak tal\u00e1lom azt, amikor valaki \u00fagy d\u00f6nt, hogy seg\u00edteni akar m\u00e1sokon. Te mi\u00e9rt gondoltad \u00fagy, hogy szeretn\u00e9l m\u00e1snak is seg\u00edteni, nem pedig csak a saj\u00e1t dolgaiddal foglalkozni?<\/strong><\/p>\n<p>Ebben sem vagyunk teljesen \u201enorm\u00e1lisak\u201d: sosem volt \u00fagy, hogy csak a saj\u00e1tunkat \u00e9p\u00edtett\u00fck. Mindig egy\u00fcttm\u0171k\u00f6dt\u00fcnk, egy\u00fctt dolgoztunk m\u00e1sokkal, seg\u00edtett\u00fck m\u00e1s v\u00e1llalkoz\u00e1sok fejl\u0151d\u00e9s\u00e9t, \u00e9p\u00fcl\u00e9s\u00e9t. \u00c9n is voltam \u00e9s vagyok is p\u00e9ld\u00e1ul non-profit szervezetek k\u00f6zel\u00e9ben. Adja mag\u00e1t, hogy ha az ember sok mindent megtapasztal, tanul, l\u00e1t, akkor abb\u00f3l szeretne valamit tov\u00e1bbadni. Mert nekem is akkor lesz j\u00f3, ha a k\u00f6r\u00fcl\u00f6ttem \u00e9l\u0151knek j\u00f3 lesz. Egy\u00e9bk\u00e9nt pedig nagyon szeretek emberekkel foglalkozni, \u00fagyhogy nekem a mentor\u00e1l\u00e1s ebb\u0151l a szempontb\u00f3l is testhez\u00e1ll\u00f3.<\/p>\n<p><strong>A sok elfoglalts\u00e1g mellett hogyan jut id\u0151d m\u00e9g erre is?<\/strong><\/p>\n<p>Biztos vagyok abban, hogy a mentor\u00e1l\u00e1si folyamatb\u00f3l sokat lehet tanulni, \u00faj inspir\u00e1ci\u00f3t szerezni, \u00faj kapcsolatokat \u00e9p\u00edteni. Ez pedig meg\u00e9ri, hogy id\u0151t \u00e9s energi\u00e1t \u00e1ldozzak r\u00e1. Majd m\u00e9g kevesebbet n\u00e9zem a TV-t\u2026<\/p>\n<p><strong>Te mikben l\u00e1tod a saj\u00e1t er\u0151ss\u00e9geidet?<\/strong><\/p>\n<p>Nagyon sok ter\u00fcleten dolgoztam m\u00e1r, sokf\u00e9le \u00fcgyf\u00e9lk\u00f6rrel, c\u00e9gkult\u00far\u00e1val, tev\u00e9kenys\u00e9ggel tal\u00e1lkoztam a munk\u00e1m sor\u00e1n. A strat\u00e9giai \u00e9s piactervez\u00e9st\u0151l kezdve a fejleszt\u00e9sek \u00f6sszefog\u00e1s\u00e1n \u00e1t az \u00fczemeltet\u00e9sig nagyon sok mindent csin\u00e1ltam, s a legk\u00fcl\u00f6nb\u00f6z\u0151bb ipar\u00e1gakb\u00f3l vannak tapasztalataim. A tan\u00e1csad\u00e1sunkat \u00e9s a f\u0151bb tev\u00e9kenys\u00e9geinket a t\u00e1vk\u00f6zl\u00e9sben, az informatik\u00e1ban, a p\u00e9nz\u00fcgyi szektorban \u00e9s a k\u00f6zleked\u00e9si fejleszt\u00e9sekben v\u00e9gezt\u00fck, v\u00e9gezz\u00fck. Ennek is k\u00f6sz\u00f6nhet\u0151, hogy t\u00f6bb nagy c\u00e9g is \u201elevad\u00e1szott\u201d, ez\u00e9rt van sok \u00e9vnyi alkalmazotti m\u00faltam is.<\/p>\n<p><strong>Hogyan k\u00e9pzeled el az egy\u00fcttm\u0171k\u00f6d\u00e9st egy mentor\u00e1lttal?<\/strong><\/p>\n<p>Semmik\u00e9ppen sem megmond\u00f3 ember akarok lenni, mert a mentornak nincs is ehhez tuti tud\u00e1sa. A j\u00f3 mentor szerintem ink\u00e1bb k\u00e9rd\u00e9seket tesz f\u00f6l, inspir\u00e1l, labd\u00e1kat dob fel, r\u00f6viden, k\u00f6z\u00f6sen gondolkodik a mentor\u00e1ltj\u00e1val.<\/p>\n<p><strong>Mit sz\u00f3lt a feles\u00e9ged ahhoz, hogy bev\u00e1llalt\u00e1l egy \u00fajabb feladatot?<\/strong><\/p>\n<p>\u0150 pontosan tudja, hogy akkor csillog a legjobban a szemem, amikor c\u00e9gek fejleszt\u00e9s\u00e9vel foglalkozom. Tiszt\u00e1ban van azzal, hogy ez nekem mennyire fontos, \u00e9s ebben is t\u00e1mogat.<\/p>\n<p><strong>Van m\u00e1r mentor\u00e1ltad?<\/strong><\/p>\n<p>Igen, m\u00e1r tudom, hogy h\u00e1rom fiatal v\u00e1llalkoz\u00f3t fogok seg\u00edteni.<\/p>\n<p><strong>Mikor lenn\u00e9l el\u00e9gedett a mentori teljes\u00edtm\u00e9nyeddel?<\/strong><\/p>\n<p>Ha a mentor\u00e1ltjaim \u00f6t \u00e9v m\u00falva is azt mondan\u00e1k, hogy meg\u00e9rte ez az egy \u00e9v.<\/p>\n<p><em>Bogn\u00e1r K\u00e1roly<\/em><\/p>\n","protected":false},"featured_media":338,"menu_order":0,"template":"","meta":{"_acf_changed":false},"class_list":["post-937","hirek","type-hirek","status-publish","has-post-thumbnail","hentry"],"acf":[],"yoast_head":"<!-- This site is optimized with the Yoast SEO plugin v27.4 - https:\/\/yoast.com\/product\/yoast-seo-wordpress\/ -->\n<title>Mentorok \u00e9s mentor\u00e1ltak 10. - V\u00e1llalkoz\u00f3b\u00f3l v\u00e1llalkoz\u00f3. - Seed<\/title>\n<meta name=\"robots\" content=\"index, follow, max-snippet:-1, max-image-preview:large, max-video-preview:-1\" \/>\n<link rel=\"canonical\" href=\"https:\/\/seed.hu\/hirek\/mentorok-es-mentoraltak-10-vallalkozobol-vallalkozo\/\" \/>\n<meta property=\"og:locale\" content=\"en_US\" \/>\n<meta property=\"og:type\" content=\"article\" \/>\n<meta property=\"og:title\" content=\"Mentorok \u00e9s mentor\u00e1ltak 10. - V\u00e1llalkoz\u00f3b\u00f3l v\u00e1llalkoz\u00f3. - Seed\" \/>\n<meta property=\"og:description\" content=\"Mentorok \u00e9s mentor\u00e1ltak 10. V\u00e1llalkoz\u00f3b\u00f3l v\u00e1llalkoz\u00f3. F\u00e1bi\u00e1n Zolt\u00e1nnak m\u00e1r a nagysz\u00fclei is v\u00e1llalkoz\u00f3k voltak, \u00edgy nem v\u00e9letlen, hogy els\u0151 diplom\u00e1ja megszerz\u00e9sekor m\u00e1r a csal\u00e1di c\u00e9gben is dolgozott. Ezek ut\u00e1n nem lehet csod\u00e1lkozni azon, hogy feles\u00e9g\u00e9vel \u00e9s 29 \u00e9ves nagyobbik fi\u00e1val is van egy csal\u00e1di c\u00e9ge. Ker\u00e9kp\u00e1rversenyz\u0151k\u00e9nt \u00fagy gondolja, hogy egy v\u00e1llalkoz\u00f3nak is sokat kell edzenie [&hellip;]\" \/>\n<meta property=\"og:url\" content=\"https:\/\/seed.hu\/hirek\/mentorok-es-mentoraltak-10-vallalkozobol-vallalkozo\/\" \/>\n<meta property=\"og:site_name\" content=\"Seed\" \/>\n<meta property=\"article:modified_time\" content=\"2022-01-20T16:30:12+00:00\" \/>\n<meta property=\"og:image\" content=\"https:\/\/seed.hu\/wp-content\/uploads\/2021\/04\/Orsza\u0301gos-Va\u0301llalkozo\u0301i-Mentorprogram.png\" \/>\n\t<meta property=\"og:image:width\" content=\"773\" \/>\n\t<meta property=\"og:image:height\" content=\"774\" \/>\n\t<meta property=\"og:image:type\" content=\"image\/png\" \/>\n<meta name=\"twitter:card\" content=\"summary_large_image\" \/>\n<meta name=\"twitter:label1\" content=\"Est. reading time\" \/>\n\t<meta name=\"twitter:data1\" content=\"6 minutes\" \/>\n<script type=\"application\/ld+json\" class=\"yoast-schema-graph\">{\"@context\":\"https:\\\/\\\/schema.org\",\"@graph\":[{\"@type\":\"WebPage\",\"@id\":\"https:\\\/\\\/seed.hu\\\/hirek\\\/mentorok-es-mentoraltak-10-vallalkozobol-vallalkozo\\\/\",\"url\":\"https:\\\/\\\/seed.hu\\\/hirek\\\/mentorok-es-mentoraltak-10-vallalkozobol-vallalkozo\\\/\",\"name\":\"Mentorok \u00e9s mentor\u00e1ltak 10. - V\u00e1llalkoz\u00f3b\u00f3l v\u00e1llalkoz\u00f3. - Seed\",\"isPartOf\":{\"@id\":\"https:\\\/\\\/seed.hu\\\/#website\"},\"primaryImageOfPage\":{\"@id\":\"https:\\\/\\\/seed.hu\\\/hirek\\\/mentorok-es-mentoraltak-10-vallalkozobol-vallalkozo\\\/#primaryimage\"},\"image\":{\"@id\":\"https:\\\/\\\/seed.hu\\\/hirek\\\/mentorok-es-mentoraltak-10-vallalkozobol-vallalkozo\\\/#primaryimage\"},\"thumbnailUrl\":\"https:\\\/\\\/seed.hu\\\/wp-content\\\/uploads\\\/2021\\\/04\\\/Orsza\u0301gos-Va\u0301llalkozo\u0301i-Mentorprogram.png\",\"datePublished\":\"2020-02-17T08:39:55+00:00\",\"dateModified\":\"2022-01-20T16:30:12+00:00\",\"breadcrumb\":{\"@id\":\"https:\\\/\\\/seed.hu\\\/hirek\\\/mentorok-es-mentoraltak-10-vallalkozobol-vallalkozo\\\/#breadcrumb\"},\"inLanguage\":\"en-US\",\"potentialAction\":[{\"@type\":\"ReadAction\",\"target\":[\"https:\\\/\\\/seed.hu\\\/hirek\\\/mentorok-es-mentoraltak-10-vallalkozobol-vallalkozo\\\/\"]}]},{\"@type\":\"ImageObject\",\"inLanguage\":\"en-US\",\"@id\":\"https:\\\/\\\/seed.hu\\\/hirek\\\/mentorok-es-mentoraltak-10-vallalkozobol-vallalkozo\\\/#primaryimage\",\"url\":\"https:\\\/\\\/seed.hu\\\/wp-content\\\/uploads\\\/2021\\\/04\\\/Orsza\u0301gos-Va\u0301llalkozo\u0301i-Mentorprogram.png\",\"contentUrl\":\"https:\\\/\\\/seed.hu\\\/wp-content\\\/uploads\\\/2021\\\/04\\\/Orsza\u0301gos-Va\u0301llalkozo\u0301i-Mentorprogram.png\",\"width\":773,\"height\":774},{\"@type\":\"BreadcrumbList\",\"@id\":\"https:\\\/\\\/seed.hu\\\/hirek\\\/mentorok-es-mentoraltak-10-vallalkozobol-vallalkozo\\\/#breadcrumb\",\"itemListElement\":[{\"@type\":\"ListItem\",\"position\":1,\"name\":\"H\u00edrek\",\"item\":\"https:\\\/\\\/seed.hu\\\/hirek\\\/\"},{\"@type\":\"ListItem\",\"position\":2,\"name\":\"Mentorok \u00e9s mentor\u00e1ltak 10. &#8211; V\u00e1llalkoz\u00f3b\u00f3l v\u00e1llalkoz\u00f3.\"}]},{\"@type\":\"WebSite\",\"@id\":\"https:\\\/\\\/seed.hu\\\/#website\",\"url\":\"https:\\\/\\\/seed.hu\\\/\",\"name\":\"Seed\",\"description\":\"\",\"potentialAction\":[{\"@type\":\"SearchAction\",\"target\":{\"@type\":\"EntryPoint\",\"urlTemplate\":\"https:\\\/\\\/seed.hu\\\/?s={search_term_string}\"},\"query-input\":{\"@type\":\"PropertyValueSpecification\",\"valueRequired\":true,\"valueName\":\"search_term_string\"}}],\"inLanguage\":\"en-US\"}]}<\/script>\n<!-- \/ Yoast SEO plugin. -->","yoast_head_json":{"title":"Mentorok \u00e9s mentor\u00e1ltak 10. - V\u00e1llalkoz\u00f3b\u00f3l v\u00e1llalkoz\u00f3. - Seed","robots":{"index":"index","follow":"follow","max-snippet":"max-snippet:-1","max-image-preview":"max-image-preview:large","max-video-preview":"max-video-preview:-1"},"canonical":"https:\/\/seed.hu\/hirek\/mentorok-es-mentoraltak-10-vallalkozobol-vallalkozo\/","og_locale":"en_US","og_type":"article","og_title":"Mentorok \u00e9s mentor\u00e1ltak 10. - V\u00e1llalkoz\u00f3b\u00f3l v\u00e1llalkoz\u00f3. - Seed","og_description":"Mentorok \u00e9s mentor\u00e1ltak 10. V\u00e1llalkoz\u00f3b\u00f3l v\u00e1llalkoz\u00f3. F\u00e1bi\u00e1n Zolt\u00e1nnak m\u00e1r a nagysz\u00fclei is v\u00e1llalkoz\u00f3k voltak, \u00edgy nem v\u00e9letlen, hogy els\u0151 diplom\u00e1ja megszerz\u00e9sekor m\u00e1r a csal\u00e1di c\u00e9gben is dolgozott. Ezek ut\u00e1n nem lehet csod\u00e1lkozni azon, hogy feles\u00e9g\u00e9vel \u00e9s 29 \u00e9ves nagyobbik fi\u00e1val is van egy csal\u00e1di c\u00e9ge. Ker\u00e9kp\u00e1rversenyz\u0151k\u00e9nt \u00fagy gondolja, hogy egy v\u00e1llalkoz\u00f3nak is sokat kell edzenie [&hellip;]","og_url":"https:\/\/seed.hu\/hirek\/mentorok-es-mentoraltak-10-vallalkozobol-vallalkozo\/","og_site_name":"Seed","article_modified_time":"2022-01-20T16:30:12+00:00","og_image":[{"width":773,"height":774,"url":"https:\/\/seed.hu\/wp-content\/uploads\/2021\/04\/Orsza\u0301gos-Va\u0301llalkozo\u0301i-Mentorprogram.png","type":"image\/png"}],"twitter_card":"summary_large_image","twitter_misc":{"Est. reading time":"6 minutes"},"schema":{"@context":"https:\/\/schema.org","@graph":[{"@type":"WebPage","@id":"https:\/\/seed.hu\/hirek\/mentorok-es-mentoraltak-10-vallalkozobol-vallalkozo\/","url":"https:\/\/seed.hu\/hirek\/mentorok-es-mentoraltak-10-vallalkozobol-vallalkozo\/","name":"Mentorok \u00e9s mentor\u00e1ltak 10. - V\u00e1llalkoz\u00f3b\u00f3l v\u00e1llalkoz\u00f3. - Seed","isPartOf":{"@id":"https:\/\/seed.hu\/#website"},"primaryImageOfPage":{"@id":"https:\/\/seed.hu\/hirek\/mentorok-es-mentoraltak-10-vallalkozobol-vallalkozo\/#primaryimage"},"image":{"@id":"https:\/\/seed.hu\/hirek\/mentorok-es-mentoraltak-10-vallalkozobol-vallalkozo\/#primaryimage"},"thumbnailUrl":"https:\/\/seed.hu\/wp-content\/uploads\/2021\/04\/Orsza\u0301gos-Va\u0301llalkozo\u0301i-Mentorprogram.png","datePublished":"2020-02-17T08:39:55+00:00","dateModified":"2022-01-20T16:30:12+00:00","breadcrumb":{"@id":"https:\/\/seed.hu\/hirek\/mentorok-es-mentoraltak-10-vallalkozobol-vallalkozo\/#breadcrumb"},"inLanguage":"en-US","potentialAction":[{"@type":"ReadAction","target":["https:\/\/seed.hu\/hirek\/mentorok-es-mentoraltak-10-vallalkozobol-vallalkozo\/"]}]},{"@type":"ImageObject","inLanguage":"en-US","@id":"https:\/\/seed.hu\/hirek\/mentorok-es-mentoraltak-10-vallalkozobol-vallalkozo\/#primaryimage","url":"https:\/\/seed.hu\/wp-content\/uploads\/2021\/04\/Orsza\u0301gos-Va\u0301llalkozo\u0301i-Mentorprogram.png","contentUrl":"https:\/\/seed.hu\/wp-content\/uploads\/2021\/04\/Orsza\u0301gos-Va\u0301llalkozo\u0301i-Mentorprogram.png","width":773,"height":774},{"@type":"BreadcrumbList","@id":"https:\/\/seed.hu\/hirek\/mentorok-es-mentoraltak-10-vallalkozobol-vallalkozo\/#breadcrumb","itemListElement":[{"@type":"ListItem","position":1,"name":"H\u00edrek","item":"https:\/\/seed.hu\/hirek\/"},{"@type":"ListItem","position":2,"name":"Mentorok \u00e9s mentor\u00e1ltak 10. &#8211; V\u00e1llalkoz\u00f3b\u00f3l v\u00e1llalkoz\u00f3."}]},{"@type":"WebSite","@id":"https:\/\/seed.hu\/#website","url":"https:\/\/seed.hu\/","name":"Seed","description":"","potentialAction":[{"@type":"SearchAction","target":{"@type":"EntryPoint","urlTemplate":"https:\/\/seed.hu\/?s={search_term_string}"},"query-input":{"@type":"PropertyValueSpecification","valueRequired":true,"valueName":"search_term_string"}}],"inLanguage":"en-US"}]}},"_links":{"self":[{"href":"https:\/\/seed.hu\/en\/wp-json\/wp\/v2\/hirek\/937","targetHints":{"allow":["GET"]}}],"collection":[{"href":"https:\/\/seed.hu\/en\/wp-json\/wp\/v2\/hirek"}],"about":[{"href":"https:\/\/seed.hu\/en\/wp-json\/wp\/v2\/types\/hirek"}],"wp:featuredmedia":[{"embeddable":true,"href":"https:\/\/seed.hu\/en\/wp-json\/wp\/v2\/media\/338"}],"wp:attachment":[{"href":"https:\/\/seed.hu\/en\/wp-json\/wp\/v2\/media?parent=937"}],"curies":[{"name":"wp","href":"https:\/\/api.w.org\/{rel}","templated":true}]}}