{"id":940,"date":"2020-03-18T12:15:14","date_gmt":"2020-03-18T11:15:14","guid":{"rendered":"https:\/\/seed.hu\/?post_type=hirek&#038;p=940"},"modified":"2022-01-20T17:35:39","modified_gmt":"2022-01-20T16:35:39","slug":"a-seed-alapitvany-mostantol-online-is-segitseget-nyujt-a-kkv-kozosseg-tagjainak","status":"publish","type":"hirek","link":"https:\/\/seed.hu\/en\/hirek\/a-seed-alapitvany-mostantol-online-is-segitseget-nyujt-a-kkv-kozosseg-tagjainak\/","title":{"rendered":"A SEED Alap\u00edtv\u00e1ny mostant\u00f3l online is seg\u00edts\u00e9get ny\u00fajt a KKV k\u00f6z\u00f6ss\u00e9g tagjainak"},"content":{"rendered":"<p><a href=\"https:\/\/seed.hu\/szolgaltatasok\/kerdezd-a-tanacsadot\/partnerbig2\/\" rel=\"attachment wp-att-41\"><img loading=\"lazy\" decoding=\"async\" class=\"alignnone size-full wp-image-41\" src=\"https:\/\/seed.hu\/wp-content\/uploads\/2021\/02\/partnerBig2.png\" alt=\"\" width=\"241\" height=\"75\" \/><\/a><\/p>\n<p>Kedves K\u00f6vet\u0151ink!<\/p>\n<p>A SEED Alap\u00edtv\u00e1ny elm\u00falt 30 \u00e9ves m\u0171k\u00f6d\u00e9s\u00e9re mindig is jellemz\u0151 volt a v\u00e1llalkoz\u00f3k szem\u00e9lyre szabott t\u00e1mogat\u00e1sa. A kialakult helyzet a v\u00e1ltoz\u00e1st k\u00edv\u00e1nja meg t\u0151l\u00fcnk is, \u00edgy arra t\u00f6reksz\u00fcnk, hogy a digit\u00e1lis t\u00e9rben is olyan hat\u00e9konyan v\u00e9gezhess\u00fck a munkafolyamatainkat, mint ahogy azt szem\u00e9lyesen, rendezv\u00e9nyek, tr\u00e9ningek keret\u00e9ben is tenni szoktuk. A jelenleg fenn\u00e1ll\u00f3 vesz\u00e9lyhelyzet \u00e1thidal\u00e1s\u00e1ra c\u00e9lul t\u0171zt\u00fck ki, hogy \u00e9rt\u00e9kes \u00e9s hasznos tartalmakkal t\u00f6lts\u00fck meg az online teret, s ezt a lehet\u0151s\u00e9get felhaszn\u00e1lva k\u00edv\u00e1njuk el\u00e9rni a KKV k\u00f6z\u00f6ss\u00e9g tagjait is.<\/p>\n<p>Felismert\u00fck, hogy a v\u00e1llalkoz\u00f3knak most van igaz\u00e1n sz\u00fcks\u00e9ge szakmai ir\u00e1nymutat\u00e1sra. Az elk\u00f6vetkez\u0151 id\u0151szakban alkalmazkodniuk kell a megv\u00e1ltozott k\u00f6r\u00fclm\u00e9nyekhez, melynek r\u00e9szek\u00e9nt elengedhetetlennek tartjuk, hogy a digit\u00e1lis t\u00e9rben is el\u00e9rhet\u0151ek legyenek tan\u00e1csad\u00f3ink, valamint az Orsz\u00e1gos V\u00e1llalkoz\u00f3i Mentorprogram szem\u00e9lyes mentorai, akik szakmai tan\u00e1csad\u00e1saikkal, j\u00f3 gyakorlatok vagy ak\u00e1r a m\u00e1r meg\u00e9lt tapasztalataik megoszt\u00e1s\u00e1val seg\u00edthetik \u00e9s er\u0151s\u00edthetik a KKV szektor r\u00e9sztvev\u0151it t\u00e1rsadalmi szerepv\u00e1llal\u00e1suk keretin bel\u00fcl.<\/p>\n<p>A <a href=\"mailto:tanacsadas.seed.hu?subject=SEED%20tan%C3%A1csad%C3%A1s%20k%C3%A9r%C3%A9se\">tanacsadas.seed.hu<\/a> platform l\u00e9trehoz\u00e1s\u00e1val igyeksz\u00fcnk a v\u00e1llalkoz\u00f3kat tov\u00e1bbra is hat\u00e9konyan inform\u00e1lni, m\u0171k\u00f6d\u00e9s\u00fckkel \u00f6sszef\u00fcgg\u0151 k\u00e9rd\u00e9seiket a digit\u00e1lis t\u00e9rben megv\u00e1laszolni. A fel\u00fcletet h\u00e9tv\u00e9g\u00e9n aktiv\u00e1ljuk, addig is k\u00f6vessetek minket a tov\u00e1bbi inform\u00e1ci\u00f3k\u00e9rt!<\/p>\n","protected":false},"featured_media":792,"menu_order":0,"template":"","meta":{"_acf_changed":false},"class_list":["post-940","hirek","type-hirek","status-publish","has-post-thumbnail","hentry"],"acf":[],"yoast_head":"<!-- This site is optimized with the Yoast SEO plugin v27.4 - https:\/\/yoast.com\/product\/yoast-seo-wordpress\/ -->\n<title>A SEED Alap\u00edtv\u00e1ny mostant\u00f3l online is seg\u00edts\u00e9get ny\u00fajt a KKV k\u00f6z\u00f6ss\u00e9g tagjainak - Seed<\/title>\n<meta name=\"robots\" content=\"index, follow, max-snippet:-1, max-image-preview:large, max-video-preview:-1\" \/>\n<link rel=\"canonical\" href=\"https:\/\/seed.hu\/hirek\/a-seed-alapitvany-mostantol-online-is-segitseget-nyujt-a-kkv-kozosseg-tagjainak\/\" \/>\n<meta property=\"og:locale\" content=\"en_US\" \/>\n<meta property=\"og:type\" content=\"article\" \/>\n<meta property=\"og:title\" content=\"A SEED Alap\u00edtv\u00e1ny mostant\u00f3l online is seg\u00edts\u00e9get ny\u00fajt a KKV k\u00f6z\u00f6ss\u00e9g tagjainak - Seed\" \/>\n<meta property=\"og:description\" content=\"Kedves K\u00f6vet\u0151ink! A SEED Alap\u00edtv\u00e1ny elm\u00falt 30 \u00e9ves m\u0171k\u00f6d\u00e9s\u00e9re mindig is jellemz\u0151 volt a v\u00e1llalkoz\u00f3k szem\u00e9lyre szabott t\u00e1mogat\u00e1sa. A kialakult helyzet a v\u00e1ltoz\u00e1st k\u00edv\u00e1nja meg t\u0151l\u00fcnk is, \u00edgy arra t\u00f6reksz\u00fcnk, hogy a digit\u00e1lis t\u00e9rben is olyan hat\u00e9konyan v\u00e9gezhess\u00fck a munkafolyamatainkat, mint ahogy azt szem\u00e9lyesen, rendezv\u00e9nyek, tr\u00e9ningek keret\u00e9ben is tenni szoktuk. A jelenleg fenn\u00e1ll\u00f3 vesz\u00e9lyhelyzet \u00e1thidal\u00e1s\u00e1ra [&hellip;]\" \/>\n<meta property=\"og:url\" content=\"https:\/\/seed.hu\/hirek\/a-seed-alapitvany-mostantol-online-is-segitseget-nyujt-a-kkv-kozosseg-tagjainak\/\" \/>\n<meta property=\"og:site_name\" content=\"Seed\" \/>\n<meta property=\"article:modified_time\" content=\"2022-01-20T16:35:39+00:00\" \/>\n<meta property=\"og:image\" content=\"https:\/\/seed.hu\/wp-content\/uploads\/2018\/04\/SEED_logo.png\" \/>\n\t<meta property=\"og:image:width\" content=\"250\" \/>\n\t<meta property=\"og:image:height\" content=\"206\" \/>\n\t<meta property=\"og:image:type\" content=\"image\/png\" \/>\n<meta name=\"twitter:card\" content=\"summary_large_image\" \/>\n<meta name=\"twitter:label1\" content=\"Est. reading time\" \/>\n\t<meta name=\"twitter:data1\" content=\"1 minute\" \/>\n<script type=\"application\/ld+json\" class=\"yoast-schema-graph\">{\"@context\":\"https:\\\/\\\/schema.org\",\"@graph\":[{\"@type\":\"WebPage\",\"@id\":\"https:\\\/\\\/seed.hu\\\/hirek\\\/a-seed-alapitvany-mostantol-online-is-segitseget-nyujt-a-kkv-kozosseg-tagjainak\\\/\",\"url\":\"https:\\\/\\\/seed.hu\\\/hirek\\\/a-seed-alapitvany-mostantol-online-is-segitseget-nyujt-a-kkv-kozosseg-tagjainak\\\/\",\"name\":\"A SEED Alap\u00edtv\u00e1ny mostant\u00f3l online is seg\u00edts\u00e9get ny\u00fajt a KKV k\u00f6z\u00f6ss\u00e9g tagjainak - Seed\",\"isPartOf\":{\"@id\":\"https:\\\/\\\/seed.hu\\\/#website\"},\"primaryImageOfPage\":{\"@id\":\"https:\\\/\\\/seed.hu\\\/hirek\\\/a-seed-alapitvany-mostantol-online-is-segitseget-nyujt-a-kkv-kozosseg-tagjainak\\\/#primaryimage\"},\"image\":{\"@id\":\"https:\\\/\\\/seed.hu\\\/hirek\\\/a-seed-alapitvany-mostantol-online-is-segitseget-nyujt-a-kkv-kozosseg-tagjainak\\\/#primaryimage\"},\"thumbnailUrl\":\"https:\\\/\\\/seed.hu\\\/wp-content\\\/uploads\\\/2018\\\/04\\\/SEED_logo.png\",\"datePublished\":\"2020-03-18T11:15:14+00:00\",\"dateModified\":\"2022-01-20T16:35:39+00:00\",\"breadcrumb\":{\"@id\":\"https:\\\/\\\/seed.hu\\\/hirek\\\/a-seed-alapitvany-mostantol-online-is-segitseget-nyujt-a-kkv-kozosseg-tagjainak\\\/#breadcrumb\"},\"inLanguage\":\"en-US\",\"potentialAction\":[{\"@type\":\"ReadAction\",\"target\":[\"https:\\\/\\\/seed.hu\\\/hirek\\\/a-seed-alapitvany-mostantol-online-is-segitseget-nyujt-a-kkv-kozosseg-tagjainak\\\/\"]}]},{\"@type\":\"ImageObject\",\"inLanguage\":\"en-US\",\"@id\":\"https:\\\/\\\/seed.hu\\\/hirek\\\/a-seed-alapitvany-mostantol-online-is-segitseget-nyujt-a-kkv-kozosseg-tagjainak\\\/#primaryimage\",\"url\":\"https:\\\/\\\/seed.hu\\\/wp-content\\\/uploads\\\/2018\\\/04\\\/SEED_logo.png\",\"contentUrl\":\"https:\\\/\\\/seed.hu\\\/wp-content\\\/uploads\\\/2018\\\/04\\\/SEED_logo.png\",\"width\":250,\"height\":206},{\"@type\":\"BreadcrumbList\",\"@id\":\"https:\\\/\\\/seed.hu\\\/hirek\\\/a-seed-alapitvany-mostantol-online-is-segitseget-nyujt-a-kkv-kozosseg-tagjainak\\\/#breadcrumb\",\"itemListElement\":[{\"@type\":\"ListItem\",\"position\":1,\"name\":\"H\u00edrek\",\"item\":\"https:\\\/\\\/seed.hu\\\/hirek\\\/\"},{\"@type\":\"ListItem\",\"position\":2,\"name\":\"A SEED Alap\u00edtv\u00e1ny mostant\u00f3l online is seg\u00edts\u00e9get ny\u00fajt a KKV k\u00f6z\u00f6ss\u00e9g tagjainak\"}]},{\"@type\":\"WebSite\",\"@id\":\"https:\\\/\\\/seed.hu\\\/#website\",\"url\":\"https:\\\/\\\/seed.hu\\\/\",\"name\":\"Seed\",\"description\":\"\",\"potentialAction\":[{\"@type\":\"SearchAction\",\"target\":{\"@type\":\"EntryPoint\",\"urlTemplate\":\"https:\\\/\\\/seed.hu\\\/?s={search_term_string}\"},\"query-input\":{\"@type\":\"PropertyValueSpecification\",\"valueRequired\":true,\"valueName\":\"search_term_string\"}}],\"inLanguage\":\"en-US\"}]}<\/script>\n<!-- \/ Yoast SEO plugin. -->","yoast_head_json":{"title":"A SEED Alap\u00edtv\u00e1ny mostant\u00f3l online is seg\u00edts\u00e9get ny\u00fajt a KKV k\u00f6z\u00f6ss\u00e9g tagjainak - Seed","robots":{"index":"index","follow":"follow","max-snippet":"max-snippet:-1","max-image-preview":"max-image-preview:large","max-video-preview":"max-video-preview:-1"},"canonical":"https:\/\/seed.hu\/hirek\/a-seed-alapitvany-mostantol-online-is-segitseget-nyujt-a-kkv-kozosseg-tagjainak\/","og_locale":"en_US","og_type":"article","og_title":"A SEED Alap\u00edtv\u00e1ny mostant\u00f3l online is seg\u00edts\u00e9get ny\u00fajt a KKV k\u00f6z\u00f6ss\u00e9g tagjainak - Seed","og_description":"Kedves K\u00f6vet\u0151ink! A SEED Alap\u00edtv\u00e1ny elm\u00falt 30 \u00e9ves m\u0171k\u00f6d\u00e9s\u00e9re mindig is jellemz\u0151 volt a v\u00e1llalkoz\u00f3k szem\u00e9lyre szabott t\u00e1mogat\u00e1sa. A kialakult helyzet a v\u00e1ltoz\u00e1st k\u00edv\u00e1nja meg t\u0151l\u00fcnk is, \u00edgy arra t\u00f6reksz\u00fcnk, hogy a digit\u00e1lis t\u00e9rben is olyan hat\u00e9konyan v\u00e9gezhess\u00fck a munkafolyamatainkat, mint ahogy azt szem\u00e9lyesen, rendezv\u00e9nyek, tr\u00e9ningek keret\u00e9ben is tenni szoktuk. A jelenleg fenn\u00e1ll\u00f3 vesz\u00e9lyhelyzet \u00e1thidal\u00e1s\u00e1ra [&hellip;]","og_url":"https:\/\/seed.hu\/hirek\/a-seed-alapitvany-mostantol-online-is-segitseget-nyujt-a-kkv-kozosseg-tagjainak\/","og_site_name":"Seed","article_modified_time":"2022-01-20T16:35:39+00:00","og_image":[{"width":250,"height":206,"url":"https:\/\/seed.hu\/wp-content\/uploads\/2018\/04\/SEED_logo.png","type":"image\/png"}],"twitter_card":"summary_large_image","twitter_misc":{"Est. reading time":"1 minute"},"schema":{"@context":"https:\/\/schema.org","@graph":[{"@type":"WebPage","@id":"https:\/\/seed.hu\/hirek\/a-seed-alapitvany-mostantol-online-is-segitseget-nyujt-a-kkv-kozosseg-tagjainak\/","url":"https:\/\/seed.hu\/hirek\/a-seed-alapitvany-mostantol-online-is-segitseget-nyujt-a-kkv-kozosseg-tagjainak\/","name":"A SEED Alap\u00edtv\u00e1ny mostant\u00f3l online is seg\u00edts\u00e9get ny\u00fajt a KKV k\u00f6z\u00f6ss\u00e9g tagjainak - Seed","isPartOf":{"@id":"https:\/\/seed.hu\/#website"},"primaryImageOfPage":{"@id":"https:\/\/seed.hu\/hirek\/a-seed-alapitvany-mostantol-online-is-segitseget-nyujt-a-kkv-kozosseg-tagjainak\/#primaryimage"},"image":{"@id":"https:\/\/seed.hu\/hirek\/a-seed-alapitvany-mostantol-online-is-segitseget-nyujt-a-kkv-kozosseg-tagjainak\/#primaryimage"},"thumbnailUrl":"https:\/\/seed.hu\/wp-content\/uploads\/2018\/04\/SEED_logo.png","datePublished":"2020-03-18T11:15:14+00:00","dateModified":"2022-01-20T16:35:39+00:00","breadcrumb":{"@id":"https:\/\/seed.hu\/hirek\/a-seed-alapitvany-mostantol-online-is-segitseget-nyujt-a-kkv-kozosseg-tagjainak\/#breadcrumb"},"inLanguage":"en-US","potentialAction":[{"@type":"ReadAction","target":["https:\/\/seed.hu\/hirek\/a-seed-alapitvany-mostantol-online-is-segitseget-nyujt-a-kkv-kozosseg-tagjainak\/"]}]},{"@type":"ImageObject","inLanguage":"en-US","@id":"https:\/\/seed.hu\/hirek\/a-seed-alapitvany-mostantol-online-is-segitseget-nyujt-a-kkv-kozosseg-tagjainak\/#primaryimage","url":"https:\/\/seed.hu\/wp-content\/uploads\/2018\/04\/SEED_logo.png","contentUrl":"https:\/\/seed.hu\/wp-content\/uploads\/2018\/04\/SEED_logo.png","width":250,"height":206},{"@type":"BreadcrumbList","@id":"https:\/\/seed.hu\/hirek\/a-seed-alapitvany-mostantol-online-is-segitseget-nyujt-a-kkv-kozosseg-tagjainak\/#breadcrumb","itemListElement":[{"@type":"ListItem","position":1,"name":"H\u00edrek","item":"https:\/\/seed.hu\/hirek\/"},{"@type":"ListItem","position":2,"name":"A SEED Alap\u00edtv\u00e1ny mostant\u00f3l online is seg\u00edts\u00e9get ny\u00fajt a KKV k\u00f6z\u00f6ss\u00e9g tagjainak"}]},{"@type":"WebSite","@id":"https:\/\/seed.hu\/#website","url":"https:\/\/seed.hu\/","name":"Seed","description":"","potentialAction":[{"@type":"SearchAction","target":{"@type":"EntryPoint","urlTemplate":"https:\/\/seed.hu\/?s={search_term_string}"},"query-input":{"@type":"PropertyValueSpecification","valueRequired":true,"valueName":"search_term_string"}}],"inLanguage":"en-US"}]}},"_links":{"self":[{"href":"https:\/\/seed.hu\/en\/wp-json\/wp\/v2\/hirek\/940","targetHints":{"allow":["GET"]}}],"collection":[{"href":"https:\/\/seed.hu\/en\/wp-json\/wp\/v2\/hirek"}],"about":[{"href":"https:\/\/seed.hu\/en\/wp-json\/wp\/v2\/types\/hirek"}],"wp:featuredmedia":[{"embeddable":true,"href":"https:\/\/seed.hu\/en\/wp-json\/wp\/v2\/media\/792"}],"wp:attachment":[{"href":"https:\/\/seed.hu\/en\/wp-json\/wp\/v2\/media?parent=940"}],"curies":[{"name":"wp","href":"https:\/\/api.w.org\/{rel}","templated":true}]}}