{"id":941,"date":"2020-03-26T10:50:45","date_gmt":"2020-03-26T09:50:45","guid":{"rendered":"https:\/\/seed.hu\/?post_type=hirek&#038;p=941"},"modified":"2022-01-20T17:37:13","modified_gmt":"2022-01-20T16:37:13","slug":"hogyan-lehet-az-szja-1-szazalekrol-rendelkezni","status":"publish","type":"hirek","link":"https:\/\/seed.hu\/en\/hirek\/hogyan-lehet-az-szja-1-szazalekrol-rendelkezni\/","title":{"rendered":"Hogyan lehet az SZJA 1 sz\u00e1zal\u00e9kr\u00f3l rendelkezni?"},"content":{"rendered":"<p>A <strong>SEED Alap\u00edtv\u00e1ny<\/strong> nev\u00e9ben seg\u00edt\u00fcnk megv\u00e1laszolni ezt a k\u00e9rd\u00e9st! Az id\u00e9n is lehet\u0151s\u00e9g van arra, hogy rendelkezzen az \u00f6sszevont ad\u00f3alap ut\u00e1n befizetett szem\u00e9lyi j\u00f6vedelemad\u00f3ja 1+1%-\u00e1r\u00f3l. Ezt legk\u00e9s\u0151bb 2020. m\u00e1jus 20-\u00e1ig az szja-bevall\u00e1st\u00f3l f\u00fcggetlen\u00fcl is megteheti.<\/p>\n<p>Alap\u00edtv\u00e1nyunk minden er\u0151forr\u00e1s\u00e1t a a fenntarthat\u00f3 fejl\u0151d\u00e9s szolg\u00e1lat\u00e1ba \u00e1ll\u00edtja \u00e9vr\u0151l \u00e9vre. Ennek \u00e9rdek\u00e9ben a kisv\u00e1llalkoz\u00e1sok versenyk\u00e9pess\u00e9g\u00e9nek fejleszt\u00e9s\u00e9t az etikus, tudatos \u00e9s hat\u00e9kony v\u00e1llalkoz\u00f3i magatart\u00e1s n\u00e9pszer\u0171s\u00edt\u00e9s\u00e9n kereszt\u00fcl v\u00e9gezz\u00fck k\u00e9pz\u00e9sek, mentor\u00e1l\u00e1s \u00e9s v\u00e1llalkoz\u00f3i k\u00f6z\u00f6ss\u00e9g\u00e9p\u00edt\u00e9s form\u00e1j\u00e1ban. Els\u0151dleges c\u00e9lcsoportjaink:<\/p>\n<ul>\n<li>a n\u0151i v\u00e1llalkoz\u00f3k, fiatal v\u00e1llalkoz\u00f3k (35 \u00e9v alatt)<\/li>\n<li>a digitaliz\u00e1ci\u00f3 kih\u00edv\u00e1saival k\u00fczd\u0151 v\u00e1llalkoz\u00e1sok,<\/li>\n<li>az \u00fajrakezd\u0151 v\u00e1llalkoz\u00f3k,<\/li>\n<li>\u00e9s a gener\u00e1ci\u00f3v\u00e1lt\u00e1ssal \u00e9rintett v\u00e1llalkoz\u00e1sok.<\/li>\n<\/ul>\n<p>Nagyra \u00e9rt\u00e9kelj\u00fck a civil szf\u00e9r\u00e1nak sz\u00e1nt anyagi forr\u00e1sokat.<\/p>\n<p>B\u0151vebb inform\u00e1ci\u00f3k r\u00f3lunk: <a href=\"http:\/\/www.seed.hu.\" target=\"_blank\" rel=\"noopener\">www.seed.hu.<\/a><\/p>\n<p>(hivatalos nev\u00fcnk: Kisv\u00e1llalkoz\u00e1s-fejleszt\u00e9si Alap\u00edtv\u00e1ny)<\/p>\n<p><strong>Ad\u00f3sz\u00e1munk:\u00a019014812-2-41<\/strong><\/p>\n<p>Szerepel\u00fcnk a NAV kedvezm\u00e9nyezettek list\u00e1j\u00e1n, jogosultak vagyunk felaj\u00e1nl\u00e1sokat fogadni.<\/p>\n<p>Megkeres\u00e9s\u00fcnkkel arra biztatjuk, hogy \u00d6n is seg\u00edtse a szem\u00e9lyi j\u00f6vedelemad\u00f3ja 1%-nak r\u00e9sz\u00fcnkre t\u00f6rt\u00e9n\u0151 felaj\u00e1nl\u00e1s\u00e1val a \u2013 m\u00e1r h\u00e1rom \u00e9vtizede tart\u00f3- k\u00f6z\u00e9rdek\u0171 tev\u00e9kenys\u00e9g\u00fcnk fenntart\u00e1s\u00e1t \u00e9s kib\u0151v\u00edt\u00e9s\u00e9t.<\/p>\n<p>K\u00e9rj\u00fck, hogy olvassa v\u00e9gig \u00e9s fontolja meg az al\u00e1bbiakban le\u00edrt, \u00e1ltal\u00e1nos t\u00e1j\u00e9koztat\u00f3nkban foglaltatkat, melyet abb\u00f3l a c\u00e9lb\u00f3l k\u00e9sz\u00edtett\u00fcnk, hogy a civil szektornak felaj\u00e1nlhat\u00f3 szem\u00e9lyi j\u00f6vedelemad\u00f3 min\u00e9l nagyobb r\u00e9sze szolg\u00e1ljon civil t\u00e1rsadalmi c\u00e9lokat!<\/p>\n<p>Amennyiben \u00d6n csal\u00e1di v\u00e1llalkoz\u00e1s k\u00e9pvisel\u0151je \u00e9s fontosnak tartja a csal\u00e1di v\u00e1llalkoz\u00e1s, mint \u00fczleti forma, mint \u00e9letforma, mint j\u00f6v\u0151k\u00e9p (gazdas\u00e1gi \u2013 \u00e9s szoci\u00e1lis \u00e9rtelemben) n\u00e9pszer\u0171s\u00edt\u00e9s\u00e9t, a gener\u00e1ci\u00f3v\u00e1lt\u00e1s folyamat\u00e1nak el\u0151seg\u00edt\u00e9s\u00e9t, \u00fagy 1%-os felaj\u00e1nl\u00e1s\u00e1nak megfontol\u00e1sakor sz\u00edves figyelm\u00fckbe aj\u00e1nljuk a <strong>Csal\u00e1di V\u00e1llalkoz\u00e1sok Orsz\u00e1gos Egyes\u00fclete Alap\u00edtv\u00e1ny<\/strong>\u00e1t (<a href=\"http:\/\/www.csvoe-alapitvany.hu\" target=\"_blank\" rel=\"noopener\">www.csvoe-alapitvany.hu<\/a>) is, mely saj\u00e1t eszk\u00f6zeivel \u00e9s lehet\u0151s\u00e9geivel t\u00f6rekszik ezen c\u00e9lok el\u00e9r\u00e9s\u00e9re. A SEED Alap\u00edtv\u00e1ny \u00e9s a CSVOE Alap\u00edtv\u00e1ny sz\u00e1mos k\u00f6z\u00f6s akci\u00f3val l\u00e9p fel ezek\u00e9rt a folyamatok\u00e9rt.<\/p>\n<p>Forr\u00e1s: <a href=\"http:\/\/www.nav.gov.hu\" target=\"_blank\" rel=\"noopener\">www.nav.gov.hu<\/a><\/p>\n<p>&#8220;Mag\u00e1nszem\u00e9lyk\u00e9nt az id\u00e9n is d\u00f6nthet \u00fagy, hogy a megfizetett szem\u00e9lyi j\u00f6vedelemad\u00f3j\u00e1nak 1%-\u00e1t felaj\u00e1nlja egy regisztr\u00e1lt civil szervezetnek, tov\u00e1bbi 1%-\u00e1t pedig valamely technikai sz\u00e1mmal rendelkez\u0151 vall\u00e1si k\u00f6z\u00f6ss\u00e9gnek, vagy a kiemelt k\u00f6lts\u00e9gvet\u00e9si el\u0151ir\u00e1nyzatnak (2020-ban a Nemzeti Tehets\u00e9g Programnak).<\/p>\n<p>Ha a mag\u00e1nszem\u00e9ly rendelkezik elektronikus t\u00e1rhellyel, nyilatkozat\u00e1t a legegyszer\u0171bb m\u00f3don, <strong>elektronikusan <\/strong>ny\u00fajthatja be:<\/p>\n<ul>\n<li>az <a href=\"https:\/\/eszja.nav.gov.hu\/app\/login\/#login\" target=\"_blank\" rel=\"noopener\">e-SZJA webes fel\u00fcleten<\/a> az online kit\u00f6lt\u0151 seg\u00edts\u00e9g\u00e9vel vagy<\/li>\n<li>az \u00c1NYK keretprogram seg\u00edts\u00e9g\u00e9vel a bevall\u00e1ssal egy\u00fctt, annak EGYSZA lapj\u00e1t kit\u00f6ltve vagy att\u00f3l elk\u00fcl\u00f6n\u00edtve a 19EGYSZA nyomtatv\u00e1ny kit\u00f6lt\u00e9s\u00e9vel.<\/li>\n<\/ul>\n<p><strong>Pap\u00edralapon<\/strong> postai \u00faton vagy lez\u00e1rt bor\u00edt\u00e9kban a NAV \u00fcgyf\u00e9lszolg\u00e1latain szem\u00e9lyesen, illetve meghatalmazott \u00fatj\u00e1n ny\u00fajthatja be:<\/p>\n<ul>\n<li>a szem\u00e9lyij\u00f6vedelemad\u00f3-bevall\u00e1ssal egy\u00fctt, annak EGYSZA lapj\u00e1t kit\u00f6ltve,<\/li>\n<li>az e-SZJA fel\u00fcleten megtal\u00e1lhat\u00f3 kit\u00f6lt\u0151 program seg\u00edts\u00e9g\u00e9vel elk\u00e9sz\u00edtett, majd kinyomtatott nyilatkozati lapon,<\/li>\n<li>a 19EGYSZA jel\u0171 nyomtatv\u00e1nyon vagy annak adattartalm\u00e1val egyez\u0151 nyilatkozati lapon, tov\u00e1bb\u00e1<\/li>\n<li>ha a munk\u00e1ltat\u00f3 v\u00e1llalja a nyilatkozatok \u00f6sszegy\u0171jt\u00e9s\u00e9t, 2020. m\u00e1jus 10-ig lez\u00e1rt bor\u00edt\u00e9kban leadva a munk\u00e1ltat\u00f3nak (A bor\u00edt\u00e9kon a leragaszt\u00e1s hely\u00e9n szerepelnie kell a felaj\u00e1nl\u00f3 al\u00e1\u00edr\u00e1s\u00e1nak).<\/li>\n<\/ul>\n<p>Ha a nyilatkozatokat eseti meghatalmazott k\u00edv\u00e1nja beny\u00fajtani, a meghatalmazottnak a nyilatkozathoz csatolnia kell a mag\u00e1nszem\u00e9ly \u00e1ltal adott, a nyilatkozat beny\u00fajt\u00e1s\u00e1ra jogos\u00edt\u00f3 meghatalmaz\u00e1s\u00e1t.<\/p>\n<p><strong>Fontos, hogy a 2020. m\u00e1jus 20-ai hat\u00e1rid\u0151 jogveszt\u0151.<\/strong> Ez azt jelenti, hogy ha ezt k\u00f6vet\u0151en rendelkezik befizetett szem\u00e9lyi j\u00f6vedelemad\u00f3ja 1+1%-\u00e1r\u00f3l, a rendelkez\u00e9se \u00e9rv\u00e9nytelen \u00e9s k\u00e9sedelm\u00e9t igazol\u00e1si k\u00e9relemmel sem mentheti ki.<\/p>\n<p>A bevett egyh\u00e1z technikai sz\u00e1m\u00e1ra sz\u00f3l\u00f3, formailag \u00e9rv\u00e9nyes 2019. \u00e9vi nyilatkozatokat 2020-ban is figyelembe veszi a NAV, \u00fajabb nyilatkozat bead\u00e1s\u00e1ig vagy a nyilatkozat visszavon\u00e1s\u00e1ig.<\/p>\n<p><strong>A civil kedvezm\u00e9nyezettek \u00e9s a kiemelt k\u00f6lts\u00e9gvet\u00e9si el\u0151ir\u00e1nyzat jav\u00e1ra <\/strong>ugyanakkor tov\u00e1bbra is<strong> \u00e9venk\u00e9nt kell nyilatkozni<\/strong>, mivel ezeket a felaj\u00e1nl\u00e1sokat csak egy alkalommal, a rendelkez\u00e9s \u00e9v\u00e9ben veheti figyelembe a NAV.<\/p>\n<p>Az szja 1+1%-r\u00f3l rendelkez\u0151 nyilatkozat\u00e1n d\u00f6nthet \u00fagy, hogy nev\u00e9t \u00e9s el\u00e9rhet\u0151s\u00e9g\u00e9t a megjel\u00f6lt civil kedvezm\u00e9nyezettel k\u00f6z\u00f6lje a NAV.\u00a0Az adatkezel\u00e9si hozz\u00e1j\u00e1rul\u00e1s \u00e9s az adatok felt\u00fcntet\u00e9se a rendelkez\u0151 nyilatkozaton \u00f6nk\u00e9ntes, nem felt\u00e9tele az \u00e9rv\u00e9nyes rendelkez\u00e9snek.<\/p>\n<p>J\u00f6v\u0151 \u00e9v janu\u00e1rt\u00f3l a NAV honlapj\u00e1n megtekintheti, hogy az \u00d6n \u00e1ltal id\u00e9n megjel\u00f6lt kedvezm\u00e9nyezett r\u00e9szes\u00fclt-e a felaj\u00e1nlott 1%-os \u00f6sszegb\u0151l. Ha elektronikus t\u00e1rhellyel rendelkezik, elektronikus \u00faton is t\u00e1j\u00e9koztatjuk a felaj\u00e1nlott \u00f6sszeg kiutal\u00e1s\u00e1r\u00f3l.\u201d<\/p>\n<p>&nbsp;<\/p>\n<p>Lehet, hogy nem minket tisztelnek meg azzal, hogy a sz\u00e1munkra aj\u00e1nlj\u00e1k fel az SZJA 1%-\u00e1t, ez esetben arra k\u00e9rj\u00fck \u00d6n\u00f6ket, hogy felt\u00e9tlen\u00fcl rendelkezzenek az ad\u00f3jukr\u00f3l valamely m\u00e1s, jogosult civil szervezet sz\u00e1m\u00e1ra!<\/p>\n<p>K\u00f6sz\u00f6nj\u00fck megtisztel\u0151 figyelm\u00fcket.<br \/>\nK\u00fcl\u00f6n k\u00f6sz\u00f6net azoknak, akik t\u00e1mogat\u00e1sukkal rajtunk kereszt\u00fcl es\u00e9lyt teremtenek a v\u00e1llalkoz\u00e1st tervez\u0151knek, v\u00e1llalkoz\u00e1st ind\u00edt\u00f3knak!<\/p>\n<p>A SEED csapata<\/p>\n<p><img decoding=\"async\" style=\"width: 200px; height: 150px;\" src=\"https:\/\/seed.hu\/files\/attachments\/inline\/1szazalek.png\" alt=\"\" \/><img decoding=\"async\" style=\"width: 200px; height: 165px;\" src=\"https:\/\/seed.hu\/files\/attachments\/inline\/seed-3.png\" alt=\"\" \/><img decoding=\"async\" style=\"width: 742px; height: 180px;\" src=\"https:\/\/seed.hu\/files\/attachments\/inline\/csvoe.png\" alt=\"\" \/><\/p>\n","protected":false},"featured_media":792,"menu_order":0,"template":"","meta":{"_acf_changed":false},"class_list":["post-941","hirek","type-hirek","status-publish","has-post-thumbnail","hentry"],"acf":[],"yoast_head":"<!-- This site is optimized with the Yoast SEO plugin v27.4 - https:\/\/yoast.com\/product\/yoast-seo-wordpress\/ -->\n<title>Hogyan lehet az SZJA 1 sz\u00e1zal\u00e9kr\u00f3l rendelkezni? - Seed<\/title>\n<meta name=\"robots\" content=\"index, follow, max-snippet:-1, max-image-preview:large, max-video-preview:-1\" \/>\n<link rel=\"canonical\" href=\"https:\/\/seed.hu\/hirek\/hogyan-lehet-az-szja-1-szazalekrol-rendelkezni\/\" \/>\n<meta property=\"og:locale\" content=\"en_US\" \/>\n<meta property=\"og:type\" content=\"article\" \/>\n<meta property=\"og:title\" content=\"Hogyan lehet az SZJA 1 sz\u00e1zal\u00e9kr\u00f3l rendelkezni? - Seed\" \/>\n<meta property=\"og:description\" content=\"A SEED Alap\u00edtv\u00e1ny nev\u00e9ben seg\u00edt\u00fcnk megv\u00e1laszolni ezt a k\u00e9rd\u00e9st! Az id\u00e9n is lehet\u0151s\u00e9g van arra, hogy rendelkezzen az \u00f6sszevont ad\u00f3alap ut\u00e1n befizetett szem\u00e9lyi j\u00f6vedelemad\u00f3ja 1+1%-\u00e1r\u00f3l. Ezt legk\u00e9s\u0151bb 2020. m\u00e1jus 20-\u00e1ig az szja-bevall\u00e1st\u00f3l f\u00fcggetlen\u00fcl is megteheti. Alap\u00edtv\u00e1nyunk minden er\u0151forr\u00e1s\u00e1t a a fenntarthat\u00f3 fejl\u0151d\u00e9s szolg\u00e1lat\u00e1ba \u00e1ll\u00edtja \u00e9vr\u0151l \u00e9vre. Ennek \u00e9rdek\u00e9ben a kisv\u00e1llalkoz\u00e1sok versenyk\u00e9pess\u00e9g\u00e9nek fejleszt\u00e9s\u00e9t az etikus, tudatos [&hellip;]\" \/>\n<meta property=\"og:url\" content=\"https:\/\/seed.hu\/hirek\/hogyan-lehet-az-szja-1-szazalekrol-rendelkezni\/\" \/>\n<meta property=\"og:site_name\" content=\"Seed\" \/>\n<meta property=\"article:modified_time\" content=\"2022-01-20T16:37:13+00:00\" \/>\n<meta property=\"og:image\" content=\"https:\/\/seed.hu\/wp-content\/uploads\/2018\/04\/SEED_logo.png\" \/>\n\t<meta property=\"og:image:width\" content=\"250\" \/>\n\t<meta property=\"og:image:height\" content=\"206\" \/>\n\t<meta property=\"og:image:type\" content=\"image\/png\" \/>\n<meta name=\"twitter:card\" content=\"summary_large_image\" \/>\n<meta name=\"twitter:label1\" content=\"Est. reading time\" \/>\n\t<meta name=\"twitter:data1\" content=\"5 minutes\" \/>\n<script type=\"application\/ld+json\" class=\"yoast-schema-graph\">{\"@context\":\"https:\\\/\\\/schema.org\",\"@graph\":[{\"@type\":\"WebPage\",\"@id\":\"https:\\\/\\\/seed.hu\\\/hirek\\\/hogyan-lehet-az-szja-1-szazalekrol-rendelkezni\\\/\",\"url\":\"https:\\\/\\\/seed.hu\\\/hirek\\\/hogyan-lehet-az-szja-1-szazalekrol-rendelkezni\\\/\",\"name\":\"Hogyan lehet az SZJA 1 sz\u00e1zal\u00e9kr\u00f3l rendelkezni? - Seed\",\"isPartOf\":{\"@id\":\"https:\\\/\\\/seed.hu\\\/#website\"},\"primaryImageOfPage\":{\"@id\":\"https:\\\/\\\/seed.hu\\\/hirek\\\/hogyan-lehet-az-szja-1-szazalekrol-rendelkezni\\\/#primaryimage\"},\"image\":{\"@id\":\"https:\\\/\\\/seed.hu\\\/hirek\\\/hogyan-lehet-az-szja-1-szazalekrol-rendelkezni\\\/#primaryimage\"},\"thumbnailUrl\":\"https:\\\/\\\/seed.hu\\\/wp-content\\\/uploads\\\/2018\\\/04\\\/SEED_logo.png\",\"datePublished\":\"2020-03-26T09:50:45+00:00\",\"dateModified\":\"2022-01-20T16:37:13+00:00\",\"breadcrumb\":{\"@id\":\"https:\\\/\\\/seed.hu\\\/hirek\\\/hogyan-lehet-az-szja-1-szazalekrol-rendelkezni\\\/#breadcrumb\"},\"inLanguage\":\"en-US\",\"potentialAction\":[{\"@type\":\"ReadAction\",\"target\":[\"https:\\\/\\\/seed.hu\\\/hirek\\\/hogyan-lehet-az-szja-1-szazalekrol-rendelkezni\\\/\"]}]},{\"@type\":\"ImageObject\",\"inLanguage\":\"en-US\",\"@id\":\"https:\\\/\\\/seed.hu\\\/hirek\\\/hogyan-lehet-az-szja-1-szazalekrol-rendelkezni\\\/#primaryimage\",\"url\":\"https:\\\/\\\/seed.hu\\\/wp-content\\\/uploads\\\/2018\\\/04\\\/SEED_logo.png\",\"contentUrl\":\"https:\\\/\\\/seed.hu\\\/wp-content\\\/uploads\\\/2018\\\/04\\\/SEED_logo.png\",\"width\":250,\"height\":206},{\"@type\":\"BreadcrumbList\",\"@id\":\"https:\\\/\\\/seed.hu\\\/hirek\\\/hogyan-lehet-az-szja-1-szazalekrol-rendelkezni\\\/#breadcrumb\",\"itemListElement\":[{\"@type\":\"ListItem\",\"position\":1,\"name\":\"H\u00edrek\",\"item\":\"https:\\\/\\\/seed.hu\\\/hirek\\\/\"},{\"@type\":\"ListItem\",\"position\":2,\"name\":\"Hogyan lehet az SZJA 1 sz\u00e1zal\u00e9kr\u00f3l rendelkezni?\"}]},{\"@type\":\"WebSite\",\"@id\":\"https:\\\/\\\/seed.hu\\\/#website\",\"url\":\"https:\\\/\\\/seed.hu\\\/\",\"name\":\"Seed\",\"description\":\"\",\"potentialAction\":[{\"@type\":\"SearchAction\",\"target\":{\"@type\":\"EntryPoint\",\"urlTemplate\":\"https:\\\/\\\/seed.hu\\\/?s={search_term_string}\"},\"query-input\":{\"@type\":\"PropertyValueSpecification\",\"valueRequired\":true,\"valueName\":\"search_term_string\"}}],\"inLanguage\":\"en-US\"}]}<\/script>\n<!-- \/ Yoast SEO plugin. -->","yoast_head_json":{"title":"Hogyan lehet az SZJA 1 sz\u00e1zal\u00e9kr\u00f3l rendelkezni? - Seed","robots":{"index":"index","follow":"follow","max-snippet":"max-snippet:-1","max-image-preview":"max-image-preview:large","max-video-preview":"max-video-preview:-1"},"canonical":"https:\/\/seed.hu\/hirek\/hogyan-lehet-az-szja-1-szazalekrol-rendelkezni\/","og_locale":"en_US","og_type":"article","og_title":"Hogyan lehet az SZJA 1 sz\u00e1zal\u00e9kr\u00f3l rendelkezni? - Seed","og_description":"A SEED Alap\u00edtv\u00e1ny nev\u00e9ben seg\u00edt\u00fcnk megv\u00e1laszolni ezt a k\u00e9rd\u00e9st! Az id\u00e9n is lehet\u0151s\u00e9g van arra, hogy rendelkezzen az \u00f6sszevont ad\u00f3alap ut\u00e1n befizetett szem\u00e9lyi j\u00f6vedelemad\u00f3ja 1+1%-\u00e1r\u00f3l. Ezt legk\u00e9s\u0151bb 2020. m\u00e1jus 20-\u00e1ig az szja-bevall\u00e1st\u00f3l f\u00fcggetlen\u00fcl is megteheti. Alap\u00edtv\u00e1nyunk minden er\u0151forr\u00e1s\u00e1t a a fenntarthat\u00f3 fejl\u0151d\u00e9s szolg\u00e1lat\u00e1ba \u00e1ll\u00edtja \u00e9vr\u0151l \u00e9vre. Ennek \u00e9rdek\u00e9ben a kisv\u00e1llalkoz\u00e1sok versenyk\u00e9pess\u00e9g\u00e9nek fejleszt\u00e9s\u00e9t az etikus, tudatos [&hellip;]","og_url":"https:\/\/seed.hu\/hirek\/hogyan-lehet-az-szja-1-szazalekrol-rendelkezni\/","og_site_name":"Seed","article_modified_time":"2022-01-20T16:37:13+00:00","og_image":[{"width":250,"height":206,"url":"https:\/\/seed.hu\/wp-content\/uploads\/2018\/04\/SEED_logo.png","type":"image\/png"}],"twitter_card":"summary_large_image","twitter_misc":{"Est. reading time":"5 minutes"},"schema":{"@context":"https:\/\/schema.org","@graph":[{"@type":"WebPage","@id":"https:\/\/seed.hu\/hirek\/hogyan-lehet-az-szja-1-szazalekrol-rendelkezni\/","url":"https:\/\/seed.hu\/hirek\/hogyan-lehet-az-szja-1-szazalekrol-rendelkezni\/","name":"Hogyan lehet az SZJA 1 sz\u00e1zal\u00e9kr\u00f3l rendelkezni? - Seed","isPartOf":{"@id":"https:\/\/seed.hu\/#website"},"primaryImageOfPage":{"@id":"https:\/\/seed.hu\/hirek\/hogyan-lehet-az-szja-1-szazalekrol-rendelkezni\/#primaryimage"},"image":{"@id":"https:\/\/seed.hu\/hirek\/hogyan-lehet-az-szja-1-szazalekrol-rendelkezni\/#primaryimage"},"thumbnailUrl":"https:\/\/seed.hu\/wp-content\/uploads\/2018\/04\/SEED_logo.png","datePublished":"2020-03-26T09:50:45+00:00","dateModified":"2022-01-20T16:37:13+00:00","breadcrumb":{"@id":"https:\/\/seed.hu\/hirek\/hogyan-lehet-az-szja-1-szazalekrol-rendelkezni\/#breadcrumb"},"inLanguage":"en-US","potentialAction":[{"@type":"ReadAction","target":["https:\/\/seed.hu\/hirek\/hogyan-lehet-az-szja-1-szazalekrol-rendelkezni\/"]}]},{"@type":"ImageObject","inLanguage":"en-US","@id":"https:\/\/seed.hu\/hirek\/hogyan-lehet-az-szja-1-szazalekrol-rendelkezni\/#primaryimage","url":"https:\/\/seed.hu\/wp-content\/uploads\/2018\/04\/SEED_logo.png","contentUrl":"https:\/\/seed.hu\/wp-content\/uploads\/2018\/04\/SEED_logo.png","width":250,"height":206},{"@type":"BreadcrumbList","@id":"https:\/\/seed.hu\/hirek\/hogyan-lehet-az-szja-1-szazalekrol-rendelkezni\/#breadcrumb","itemListElement":[{"@type":"ListItem","position":1,"name":"H\u00edrek","item":"https:\/\/seed.hu\/hirek\/"},{"@type":"ListItem","position":2,"name":"Hogyan lehet az SZJA 1 sz\u00e1zal\u00e9kr\u00f3l rendelkezni?"}]},{"@type":"WebSite","@id":"https:\/\/seed.hu\/#website","url":"https:\/\/seed.hu\/","name":"Seed","description":"","potentialAction":[{"@type":"SearchAction","target":{"@type":"EntryPoint","urlTemplate":"https:\/\/seed.hu\/?s={search_term_string}"},"query-input":{"@type":"PropertyValueSpecification","valueRequired":true,"valueName":"search_term_string"}}],"inLanguage":"en-US"}]}},"_links":{"self":[{"href":"https:\/\/seed.hu\/en\/wp-json\/wp\/v2\/hirek\/941","targetHints":{"allow":["GET"]}}],"collection":[{"href":"https:\/\/seed.hu\/en\/wp-json\/wp\/v2\/hirek"}],"about":[{"href":"https:\/\/seed.hu\/en\/wp-json\/wp\/v2\/types\/hirek"}],"wp:featuredmedia":[{"embeddable":true,"href":"https:\/\/seed.hu\/en\/wp-json\/wp\/v2\/media\/792"}],"wp:attachment":[{"href":"https:\/\/seed.hu\/en\/wp-json\/wp\/v2\/media?parent=941"}],"curies":[{"name":"wp","href":"https:\/\/api.w.org\/{rel}","templated":true}]}}