{"id":947,"date":"2020-04-20T08:21:06","date_gmt":"2020-04-20T06:21:06","guid":{"rendered":"https:\/\/seed.hu\/?post_type=hirek&#038;p=947"},"modified":"2022-01-20T17:45:22","modified_gmt":"2022-01-20T16:45:22","slug":"mentoralas-es-veszhelyzet","status":"publish","type":"hirek","link":"https:\/\/seed.hu\/en\/hirek\/mentoralas-es-veszhelyzet\/","title":{"rendered":"Mentor\u00e1l\u00e1s \u00e9s v\u00e9szhelyzet"},"content":{"rendered":"<p><a href=\"https:\/\/seed.hu\/hirek\/mentorok-es-mentoraltak-jelentkezeset-varja-a-seed-alapitvany\/ovm\/\" rel=\"attachment wp-att-844\"><img loading=\"lazy\" decoding=\"async\" class=\"alignnone wp-image-844 size-full\" src=\"https:\/\/seed.hu\/wp-content\/uploads\/2022\/01\/OVM.png\" alt=\"\" width=\"601\" height=\"163\" srcset=\"https:\/\/seed.hu\/wp-content\/uploads\/2022\/01\/OVM.png 601w, https:\/\/seed.hu\/wp-content\/uploads\/2022\/01\/OVM-300x81.png 300w\" sizes=\"auto, (max-width: 601px) 100vw, 601px\" \/><\/a><\/p>\n<p>Neh\u00e9z helyzetbe ker\u00fclt a vil\u00e1g a koronav\u00edrus j\u00e1rv\u00e1ny k\u00f6vetkezt\u00e9ben. Lelassult az \u00e9let\u00fcnk, \u00e9s \u00e1ltal\u00e1ban v\u00e9ve lelassult a gazdas\u00e1g is. Ilyen k\u00f6r\u00fclm\u00e9nyek k\u00f6z\u00f6tt egy\u00e1ltal\u00e1n nem egyszer\u0171 m\u0171k\u00f6dtetni, fejleszteni egy v\u00e1llalkoz\u00e1st. Ilyenkor j\u00f3, ha nincs egyed\u00fcl az ember, v\u00e1llalkoz\u00f3k\u00e9nt sem. Ha van mellette valaki, p\u00e9ld\u00e1ul egy tapasztaltabb v\u00e1llalkoz\u00f3. Aki, ha nem is tud v\u00e1laszt adni a v\u00e1ls\u00e1g kapcs\u00e1n felmer\u00fcl\u0151 valamennyi k\u00e9rd\u00e9sre, de akivel egy\u00fctt lehet gondolkodni a \u201eHogyan tov\u00e1bb?\u201d-r\u00f3l. Akinek a kapcsolatrendszer\u00e9ben lehetnek olyan v\u00e1llalkoz\u00f3k, szakemberek, akik tudj\u00e1k enyh\u00edteni a kr\u00edzis okozta k\u00e1rokat.<\/p>\n<p>A SEED Alap\u00edtv\u00e1ny \u00e1ltal menedzselt Szem\u00e9lyes V\u00e1llalkoz\u00f3i Mentorprogram c\u00e9lja \u00e9ppen ezeknek a v\u00e1llalkoz\u00f3i kapcsolatoknak a ki\u00e9p\u00edt\u00e9se. A tapasztalt \u00e9s a kev\u00e9sb\u00e9 tapasztalt, ak\u00e1r kezd\u0151 v\u00e1llalkoz\u00f3k egym\u00e1sra tal\u00e1l\u00e1s\u00e1nak el\u0151seg\u00edt\u00e9se, a k\u00f6z\u00f6s munka kereteinek megteremt\u00e9se. Ha n\u0151i, 35 \u00e9v alatti vagy gener\u00e1c\u00f3v\u00e1lt\u00e1s el\u0151tt \u00e1ll\u00f3 v\u00e1llalkoz\u00f3 vagy, s \u00fagy \u00e9rzed, seg\u00edts\u00e9gre, tan\u00e1csra, \u00fatmutat\u00e1sra lenne sz\u00fcks\u00e9ged, jelentkezz a programba a k\u00f6vetkez\u0151 linken:<\/p>\n","protected":false},"featured_media":338,"menu_order":0,"template":"","meta":{"_acf_changed":false},"class_list":["post-947","hirek","type-hirek","status-publish","has-post-thumbnail","hentry"],"acf":[],"yoast_head":"<!-- This site is optimized with the Yoast SEO plugin v27.4 - https:\/\/yoast.com\/product\/yoast-seo-wordpress\/ -->\n<title>Mentor\u00e1l\u00e1s \u00e9s v\u00e9szhelyzet - Seed<\/title>\n<meta name=\"robots\" content=\"index, follow, max-snippet:-1, max-image-preview:large, max-video-preview:-1\" \/>\n<link rel=\"canonical\" href=\"https:\/\/seed.hu\/hirek\/mentoralas-es-veszhelyzet\/\" \/>\n<meta property=\"og:locale\" content=\"en_US\" \/>\n<meta property=\"og:type\" content=\"article\" \/>\n<meta property=\"og:title\" content=\"Mentor\u00e1l\u00e1s \u00e9s v\u00e9szhelyzet - Seed\" \/>\n<meta property=\"og:description\" content=\"Neh\u00e9z helyzetbe ker\u00fclt a vil\u00e1g a koronav\u00edrus j\u00e1rv\u00e1ny k\u00f6vetkezt\u00e9ben. Lelassult az \u00e9let\u00fcnk, \u00e9s \u00e1ltal\u00e1ban v\u00e9ve lelassult a gazdas\u00e1g is. Ilyen k\u00f6r\u00fclm\u00e9nyek k\u00f6z\u00f6tt egy\u00e1ltal\u00e1n nem egyszer\u0171 m\u0171k\u00f6dtetni, fejleszteni egy v\u00e1llalkoz\u00e1st. Ilyenkor j\u00f3, ha nincs egyed\u00fcl az ember, v\u00e1llalkoz\u00f3k\u00e9nt sem. Ha van mellette valaki, p\u00e9ld\u00e1ul egy tapasztaltabb v\u00e1llalkoz\u00f3. Aki, ha nem is tud v\u00e1laszt adni a v\u00e1ls\u00e1g [&hellip;]\" \/>\n<meta property=\"og:url\" content=\"https:\/\/seed.hu\/hirek\/mentoralas-es-veszhelyzet\/\" \/>\n<meta property=\"og:site_name\" content=\"Seed\" \/>\n<meta property=\"article:modified_time\" content=\"2022-01-20T16:45:22+00:00\" \/>\n<meta property=\"og:image\" content=\"https:\/\/seed.hu\/wp-content\/uploads\/2021\/04\/Orsza\u0301gos-Va\u0301llalkozo\u0301i-Mentorprogram.png\" \/>\n\t<meta property=\"og:image:width\" content=\"773\" \/>\n\t<meta property=\"og:image:height\" content=\"774\" \/>\n\t<meta property=\"og:image:type\" content=\"image\/png\" \/>\n<meta name=\"twitter:card\" content=\"summary_large_image\" \/>\n<meta name=\"twitter:label1\" content=\"Est. reading time\" \/>\n\t<meta name=\"twitter:data1\" content=\"1 minute\" \/>\n<script type=\"application\/ld+json\" class=\"yoast-schema-graph\">{\"@context\":\"https:\\\/\\\/schema.org\",\"@graph\":[{\"@type\":\"WebPage\",\"@id\":\"https:\\\/\\\/seed.hu\\\/hirek\\\/mentoralas-es-veszhelyzet\\\/\",\"url\":\"https:\\\/\\\/seed.hu\\\/hirek\\\/mentoralas-es-veszhelyzet\\\/\",\"name\":\"Mentor\u00e1l\u00e1s \u00e9s v\u00e9szhelyzet - Seed\",\"isPartOf\":{\"@id\":\"https:\\\/\\\/seed.hu\\\/#website\"},\"primaryImageOfPage\":{\"@id\":\"https:\\\/\\\/seed.hu\\\/hirek\\\/mentoralas-es-veszhelyzet\\\/#primaryimage\"},\"image\":{\"@id\":\"https:\\\/\\\/seed.hu\\\/hirek\\\/mentoralas-es-veszhelyzet\\\/#primaryimage\"},\"thumbnailUrl\":\"https:\\\/\\\/seed.hu\\\/wp-content\\\/uploads\\\/2021\\\/04\\\/Orsza\u0301gos-Va\u0301llalkozo\u0301i-Mentorprogram.png\",\"datePublished\":\"2020-04-20T06:21:06+00:00\",\"dateModified\":\"2022-01-20T16:45:22+00:00\",\"breadcrumb\":{\"@id\":\"https:\\\/\\\/seed.hu\\\/hirek\\\/mentoralas-es-veszhelyzet\\\/#breadcrumb\"},\"inLanguage\":\"en-US\",\"potentialAction\":[{\"@type\":\"ReadAction\",\"target\":[\"https:\\\/\\\/seed.hu\\\/hirek\\\/mentoralas-es-veszhelyzet\\\/\"]}]},{\"@type\":\"ImageObject\",\"inLanguage\":\"en-US\",\"@id\":\"https:\\\/\\\/seed.hu\\\/hirek\\\/mentoralas-es-veszhelyzet\\\/#primaryimage\",\"url\":\"https:\\\/\\\/seed.hu\\\/wp-content\\\/uploads\\\/2021\\\/04\\\/Orsza\u0301gos-Va\u0301llalkozo\u0301i-Mentorprogram.png\",\"contentUrl\":\"https:\\\/\\\/seed.hu\\\/wp-content\\\/uploads\\\/2021\\\/04\\\/Orsza\u0301gos-Va\u0301llalkozo\u0301i-Mentorprogram.png\",\"width\":773,\"height\":774},{\"@type\":\"BreadcrumbList\",\"@id\":\"https:\\\/\\\/seed.hu\\\/hirek\\\/mentoralas-es-veszhelyzet\\\/#breadcrumb\",\"itemListElement\":[{\"@type\":\"ListItem\",\"position\":1,\"name\":\"H\u00edrek\",\"item\":\"https:\\\/\\\/seed.hu\\\/hirek\\\/\"},{\"@type\":\"ListItem\",\"position\":2,\"name\":\"Mentor\u00e1l\u00e1s \u00e9s v\u00e9szhelyzet\"}]},{\"@type\":\"WebSite\",\"@id\":\"https:\\\/\\\/seed.hu\\\/#website\",\"url\":\"https:\\\/\\\/seed.hu\\\/\",\"name\":\"Seed\",\"description\":\"\",\"potentialAction\":[{\"@type\":\"SearchAction\",\"target\":{\"@type\":\"EntryPoint\",\"urlTemplate\":\"https:\\\/\\\/seed.hu\\\/?s={search_term_string}\"},\"query-input\":{\"@type\":\"PropertyValueSpecification\",\"valueRequired\":true,\"valueName\":\"search_term_string\"}}],\"inLanguage\":\"en-US\"}]}<\/script>\n<!-- \/ Yoast SEO plugin. -->","yoast_head_json":{"title":"Mentor\u00e1l\u00e1s \u00e9s v\u00e9szhelyzet - Seed","robots":{"index":"index","follow":"follow","max-snippet":"max-snippet:-1","max-image-preview":"max-image-preview:large","max-video-preview":"max-video-preview:-1"},"canonical":"https:\/\/seed.hu\/hirek\/mentoralas-es-veszhelyzet\/","og_locale":"en_US","og_type":"article","og_title":"Mentor\u00e1l\u00e1s \u00e9s v\u00e9szhelyzet - Seed","og_description":"Neh\u00e9z helyzetbe ker\u00fclt a vil\u00e1g a koronav\u00edrus j\u00e1rv\u00e1ny k\u00f6vetkezt\u00e9ben. Lelassult az \u00e9let\u00fcnk, \u00e9s \u00e1ltal\u00e1ban v\u00e9ve lelassult a gazdas\u00e1g is. Ilyen k\u00f6r\u00fclm\u00e9nyek k\u00f6z\u00f6tt egy\u00e1ltal\u00e1n nem egyszer\u0171 m\u0171k\u00f6dtetni, fejleszteni egy v\u00e1llalkoz\u00e1st. Ilyenkor j\u00f3, ha nincs egyed\u00fcl az ember, v\u00e1llalkoz\u00f3k\u00e9nt sem. Ha van mellette valaki, p\u00e9ld\u00e1ul egy tapasztaltabb v\u00e1llalkoz\u00f3. Aki, ha nem is tud v\u00e1laszt adni a v\u00e1ls\u00e1g [&hellip;]","og_url":"https:\/\/seed.hu\/hirek\/mentoralas-es-veszhelyzet\/","og_site_name":"Seed","article_modified_time":"2022-01-20T16:45:22+00:00","og_image":[{"width":773,"height":774,"url":"https:\/\/seed.hu\/wp-content\/uploads\/2021\/04\/Orsza\u0301gos-Va\u0301llalkozo\u0301i-Mentorprogram.png","type":"image\/png"}],"twitter_card":"summary_large_image","twitter_misc":{"Est. reading time":"1 minute"},"schema":{"@context":"https:\/\/schema.org","@graph":[{"@type":"WebPage","@id":"https:\/\/seed.hu\/hirek\/mentoralas-es-veszhelyzet\/","url":"https:\/\/seed.hu\/hirek\/mentoralas-es-veszhelyzet\/","name":"Mentor\u00e1l\u00e1s \u00e9s v\u00e9szhelyzet - Seed","isPartOf":{"@id":"https:\/\/seed.hu\/#website"},"primaryImageOfPage":{"@id":"https:\/\/seed.hu\/hirek\/mentoralas-es-veszhelyzet\/#primaryimage"},"image":{"@id":"https:\/\/seed.hu\/hirek\/mentoralas-es-veszhelyzet\/#primaryimage"},"thumbnailUrl":"https:\/\/seed.hu\/wp-content\/uploads\/2021\/04\/Orsza\u0301gos-Va\u0301llalkozo\u0301i-Mentorprogram.png","datePublished":"2020-04-20T06:21:06+00:00","dateModified":"2022-01-20T16:45:22+00:00","breadcrumb":{"@id":"https:\/\/seed.hu\/hirek\/mentoralas-es-veszhelyzet\/#breadcrumb"},"inLanguage":"en-US","potentialAction":[{"@type":"ReadAction","target":["https:\/\/seed.hu\/hirek\/mentoralas-es-veszhelyzet\/"]}]},{"@type":"ImageObject","inLanguage":"en-US","@id":"https:\/\/seed.hu\/hirek\/mentoralas-es-veszhelyzet\/#primaryimage","url":"https:\/\/seed.hu\/wp-content\/uploads\/2021\/04\/Orsza\u0301gos-Va\u0301llalkozo\u0301i-Mentorprogram.png","contentUrl":"https:\/\/seed.hu\/wp-content\/uploads\/2021\/04\/Orsza\u0301gos-Va\u0301llalkozo\u0301i-Mentorprogram.png","width":773,"height":774},{"@type":"BreadcrumbList","@id":"https:\/\/seed.hu\/hirek\/mentoralas-es-veszhelyzet\/#breadcrumb","itemListElement":[{"@type":"ListItem","position":1,"name":"H\u00edrek","item":"https:\/\/seed.hu\/hirek\/"},{"@type":"ListItem","position":2,"name":"Mentor\u00e1l\u00e1s \u00e9s v\u00e9szhelyzet"}]},{"@type":"WebSite","@id":"https:\/\/seed.hu\/#website","url":"https:\/\/seed.hu\/","name":"Seed","description":"","potentialAction":[{"@type":"SearchAction","target":{"@type":"EntryPoint","urlTemplate":"https:\/\/seed.hu\/?s={search_term_string}"},"query-input":{"@type":"PropertyValueSpecification","valueRequired":true,"valueName":"search_term_string"}}],"inLanguage":"en-US"}]}},"_links":{"self":[{"href":"https:\/\/seed.hu\/en\/wp-json\/wp\/v2\/hirek\/947","targetHints":{"allow":["GET"]}}],"collection":[{"href":"https:\/\/seed.hu\/en\/wp-json\/wp\/v2\/hirek"}],"about":[{"href":"https:\/\/seed.hu\/en\/wp-json\/wp\/v2\/types\/hirek"}],"wp:featuredmedia":[{"embeddable":true,"href":"https:\/\/seed.hu\/en\/wp-json\/wp\/v2\/media\/338"}],"wp:attachment":[{"href":"https:\/\/seed.hu\/en\/wp-json\/wp\/v2\/media?parent=947"}],"curies":[{"name":"wp","href":"https:\/\/api.w.org\/{rel}","templated":true}]}}