{"id":952,"date":"2020-04-27T17:30:55","date_gmt":"2020-04-27T15:30:55","guid":{"rendered":"https:\/\/seed.hu\/?post_type=hirek&#038;p=952"},"modified":"2022-01-20T17:54:38","modified_gmt":"2022-01-20T16:54:38","slug":"van-egy-jo-torteneted-2020-ban-is-keressuk-az-ev-noi-vallalkozojat-vezetojet","status":"publish","type":"hirek","link":"https:\/\/seed.hu\/en\/hirek\/van-egy-jo-torteneted-2020-ban-is-keressuk-az-ev-noi-vallalkozojat-vezetojet\/","title":{"rendered":"Van egy j\u00f3 t\u00f6rt\u00e9neted? 2020-ban is keress\u00fck az \u00e9v n\u0151i v\u00e1llalkoz\u00f3j\u00e1t, vezet\u0151j\u00e9t"},"content":{"rendered":"<table style=\"width: 800px;\" border=\"0\" cellspacing=\"1\" cellpadding=\"1\">\n<tbody>\n<tr>\n<td><img decoding=\"async\" style=\"width: 200px; height: 165px;\" src=\"https:\/\/seed.hu\/files\/attachments\/inline\/seed-3.png\" alt=\"\" \/><\/td>\n<td style=\"text-align: center;\"><span style=\"font-size: 20px;\"><strong>Van egy j\u00f3 t\u00f6rt\u00e9neted?<\/strong><\/span><\/p>\n<p><span style=\"font-size: 16px;\">P\u00c1LY\u00c1ZATI KI\u00cdR\u00c1S<\/span><\/td>\n<td><img decoding=\"async\" style=\"width: 200px; height: 250px;\" src=\"https:\/\/seed.hu\/files\/attachments\/inline\/pwa-logo-400x400.jpg\" alt=\"\" \/><\/td>\n<\/tr>\n<\/tbody>\n<\/table>\n<table style=\"width: 800px;\" border=\"0\" cellspacing=\"1\" cellpadding=\"1\">\n<tbody>\n<tr>\n<td style=\"text-align: center;\"><span style=\"font-size: 18px;\"><strong>A P\u00c1LY\u00c1ZAT C\u00cdME:<br \/>\nKeress\u00fck 2020 legsikeresebb n\u0151i v\u00e1llalkoz\u00f3it \u00e9s n\u0151i vezet\u0151it! K\u00fcldd el nek\u00fcnk a sikert\u00f6rt\u00e9neted, \u00e9s l\u00e9gy te az, aki inspir\u00e1l m\u00e1sokat!<\/strong><\/span><\/td>\n<\/tr>\n<\/tbody>\n<\/table>\n<p>&nbsp;<\/p>\n<p>A n\u0151knek a t\u00e1rsadalomban \u00e9s a gazdas\u00e1gban bet\u00f6lt\u00f6tt szerep\u00e9t er\u0151s\u00edt\u0151, a n\u0151i v\u00e1llalkoz\u00e1sok fejl\u0151d\u00e9s\u00e9t kiemelten t\u00e1mogat\u00f3<br \/>\nProfessional Women\u2019s Association (PWA) \u2212 Sikeres N\u0151k Egyes\u00fclete \u00e9s a SEED Kisv\u00e1llalkoz\u00e1s- fejleszt\u00e9si Alap\u00edtv\u00e1ny<br \/>\np\u00e1ly\u00e1zatot hirdet 2020 legsikeresebb n\u0151i vezet\u0151inek, illetve n\u0151i v\u00e1llalkoz\u00f3inak megtal\u00e1l\u00e1s\u00e1ra.<\/p>\n<p><u>A p\u00e1ly\u00e1zat mott\u00f3ja<\/u><\/p>\n<p><em>Sikeres n\u0151k n\u00e9lk\u00fcl nincs sikeres t\u00e1rsadalom<\/em><\/p>\n<p><u>A p\u00e1ly\u00e1zati anyagot az al\u00e1bbi linken lehet bek\u00fcldeni<\/u><\/p>\n<p><a href=\"http:\/\/www.pwa.hu\/sikertortenetek-2020-van-egy-jo-torteneted-jelentkezes\/\" target=\"_blank\" rel=\"noopener\">http:\/\/www.pwa.hu\/sikertortenetek-2020-van-egy-jo-torteneted-jelentkezes\/<\/a><\/p>\n<p><u>A p\u00e1ly\u00e1zatokat elb\u00edr\u00e1l\u00f3 szakmai zs\u0171ri tagjai<\/u><\/p>\n<ul>\n<li>Dancsn\u00e9 Engler Bernadett term\u00e9kfejleszt\u00e9si vezet\u0151, Budapest Bank<\/li>\n<li>Katona Melinda eln\u00f6k, PWA<\/li>\n<li>Lakatosn\u00e9 Luk\u00e1cs Zsuzsanna \u00fcgyvezet\u0151 igazgat\u00f3, SEED Alap\u00edtv\u00e1ny<\/li>\n<li>Palya Bea, Palya Bea Produkci\u00f3s Iroda alap\u00edt\u00f3ja \u00e9s vezet\u0151je (felk\u00e9r\u00e9s alatt)<\/li>\n<li>Solt\u00e9sz Anik\u00f3 n\u0151iv\u00e1llalkoz\u00e1s-szak\u00e9rt\u0151<\/li>\n<li>Szikszay Zsuzsa Community Impact Manager, United Way Hungary<\/li>\n<\/ul>\n<p><u>P\u00e1ly\u00e1zat r\u00e9szletes ki\u00edr\u00e1sa:<\/u><\/p>\n<p><a href=\"http:\/\/www.pwa.hu\/sikertortenetek-2020-van-egy-jo-torteneted\/\" target=\"_blank\" rel=\"noopener\">http:\/\/www.pwa.hu\/sikertortenetek-2020-van-egy-jo-torteneted\/<\/a><\/p>\n","protected":false},"featured_media":792,"menu_order":0,"template":"","meta":{"_acf_changed":false},"class_list":["post-952","hirek","type-hirek","status-publish","has-post-thumbnail","hentry"],"acf":[],"yoast_head":"<!-- This site is optimized with the Yoast SEO plugin v27.4 - https:\/\/yoast.com\/product\/yoast-seo-wordpress\/ -->\n<title>Van egy j\u00f3 t\u00f6rt\u00e9neted? 2020-ban is keress\u00fck az \u00e9v n\u0151i v\u00e1llalkoz\u00f3j\u00e1t, vezet\u0151j\u00e9t - Seed<\/title>\n<meta name=\"robots\" content=\"index, follow, max-snippet:-1, max-image-preview:large, max-video-preview:-1\" \/>\n<link rel=\"canonical\" href=\"https:\/\/seed.hu\/hirek\/van-egy-jo-torteneted-2020-ban-is-keressuk-az-ev-noi-vallalkozojat-vezetojet\/\" \/>\n<meta property=\"og:locale\" content=\"en_US\" \/>\n<meta property=\"og:type\" content=\"article\" \/>\n<meta property=\"og:title\" content=\"Van egy j\u00f3 t\u00f6rt\u00e9neted? 2020-ban is keress\u00fck az \u00e9v n\u0151i v\u00e1llalkoz\u00f3j\u00e1t, vezet\u0151j\u00e9t - Seed\" \/>\n<meta property=\"og:description\" content=\"Van egy j\u00f3 t\u00f6rt\u00e9neted? P\u00c1LY\u00c1ZATI KI\u00cdR\u00c1S A P\u00c1LY\u00c1ZAT C\u00cdME: Keress\u00fck 2020 legsikeresebb n\u0151i v\u00e1llalkoz\u00f3it \u00e9s n\u0151i vezet\u0151it! K\u00fcldd el nek\u00fcnk a sikert\u00f6rt\u00e9neted, \u00e9s l\u00e9gy te az, aki inspir\u00e1l m\u00e1sokat! &nbsp; A n\u0151knek a t\u00e1rsadalomban \u00e9s a gazdas\u00e1gban bet\u00f6lt\u00f6tt szerep\u00e9t er\u0151s\u00edt\u0151, a n\u0151i v\u00e1llalkoz\u00e1sok fejl\u0151d\u00e9s\u00e9t kiemelten t\u00e1mogat\u00f3 Professional Women\u2019s Association (PWA) \u2212 Sikeres N\u0151k Egyes\u00fclete \u00e9s [&hellip;]\" \/>\n<meta property=\"og:url\" content=\"https:\/\/seed.hu\/hirek\/van-egy-jo-torteneted-2020-ban-is-keressuk-az-ev-noi-vallalkozojat-vezetojet\/\" \/>\n<meta property=\"og:site_name\" content=\"Seed\" \/>\n<meta property=\"article:modified_time\" content=\"2022-01-20T16:54:38+00:00\" \/>\n<meta property=\"og:image\" content=\"https:\/\/seed.hu\/wp-content\/uploads\/2018\/04\/SEED_logo.png\" \/>\n\t<meta property=\"og:image:width\" content=\"250\" \/>\n\t<meta property=\"og:image:height\" content=\"206\" \/>\n\t<meta property=\"og:image:type\" content=\"image\/png\" \/>\n<meta name=\"twitter:card\" content=\"summary_large_image\" \/>\n<meta name=\"twitter:label1\" content=\"Est. reading time\" \/>\n\t<meta name=\"twitter:data1\" content=\"1 minute\" \/>\n<script type=\"application\/ld+json\" class=\"yoast-schema-graph\">{\"@context\":\"https:\\\/\\\/schema.org\",\"@graph\":[{\"@type\":\"WebPage\",\"@id\":\"https:\\\/\\\/seed.hu\\\/hirek\\\/van-egy-jo-torteneted-2020-ban-is-keressuk-az-ev-noi-vallalkozojat-vezetojet\\\/\",\"url\":\"https:\\\/\\\/seed.hu\\\/hirek\\\/van-egy-jo-torteneted-2020-ban-is-keressuk-az-ev-noi-vallalkozojat-vezetojet\\\/\",\"name\":\"Van egy j\u00f3 t\u00f6rt\u00e9neted? 2020-ban is keress\u00fck az \u00e9v n\u0151i v\u00e1llalkoz\u00f3j\u00e1t, vezet\u0151j\u00e9t - Seed\",\"isPartOf\":{\"@id\":\"https:\\\/\\\/seed.hu\\\/#website\"},\"primaryImageOfPage\":{\"@id\":\"https:\\\/\\\/seed.hu\\\/hirek\\\/van-egy-jo-torteneted-2020-ban-is-keressuk-az-ev-noi-vallalkozojat-vezetojet\\\/#primaryimage\"},\"image\":{\"@id\":\"https:\\\/\\\/seed.hu\\\/hirek\\\/van-egy-jo-torteneted-2020-ban-is-keressuk-az-ev-noi-vallalkozojat-vezetojet\\\/#primaryimage\"},\"thumbnailUrl\":\"https:\\\/\\\/seed.hu\\\/wp-content\\\/uploads\\\/2018\\\/04\\\/SEED_logo.png\",\"datePublished\":\"2020-04-27T15:30:55+00:00\",\"dateModified\":\"2022-01-20T16:54:38+00:00\",\"breadcrumb\":{\"@id\":\"https:\\\/\\\/seed.hu\\\/hirek\\\/van-egy-jo-torteneted-2020-ban-is-keressuk-az-ev-noi-vallalkozojat-vezetojet\\\/#breadcrumb\"},\"inLanguage\":\"en-US\",\"potentialAction\":[{\"@type\":\"ReadAction\",\"target\":[\"https:\\\/\\\/seed.hu\\\/hirek\\\/van-egy-jo-torteneted-2020-ban-is-keressuk-az-ev-noi-vallalkozojat-vezetojet\\\/\"]}]},{\"@type\":\"ImageObject\",\"inLanguage\":\"en-US\",\"@id\":\"https:\\\/\\\/seed.hu\\\/hirek\\\/van-egy-jo-torteneted-2020-ban-is-keressuk-az-ev-noi-vallalkozojat-vezetojet\\\/#primaryimage\",\"url\":\"https:\\\/\\\/seed.hu\\\/wp-content\\\/uploads\\\/2018\\\/04\\\/SEED_logo.png\",\"contentUrl\":\"https:\\\/\\\/seed.hu\\\/wp-content\\\/uploads\\\/2018\\\/04\\\/SEED_logo.png\",\"width\":250,\"height\":206},{\"@type\":\"BreadcrumbList\",\"@id\":\"https:\\\/\\\/seed.hu\\\/hirek\\\/van-egy-jo-torteneted-2020-ban-is-keressuk-az-ev-noi-vallalkozojat-vezetojet\\\/#breadcrumb\",\"itemListElement\":[{\"@type\":\"ListItem\",\"position\":1,\"name\":\"H\u00edrek\",\"item\":\"https:\\\/\\\/seed.hu\\\/hirek\\\/\"},{\"@type\":\"ListItem\",\"position\":2,\"name\":\"Van egy j\u00f3 t\u00f6rt\u00e9neted? 2020-ban is keress\u00fck az \u00e9v n\u0151i v\u00e1llalkoz\u00f3j\u00e1t, vezet\u0151j\u00e9t\"}]},{\"@type\":\"WebSite\",\"@id\":\"https:\\\/\\\/seed.hu\\\/#website\",\"url\":\"https:\\\/\\\/seed.hu\\\/\",\"name\":\"Seed\",\"description\":\"\",\"potentialAction\":[{\"@type\":\"SearchAction\",\"target\":{\"@type\":\"EntryPoint\",\"urlTemplate\":\"https:\\\/\\\/seed.hu\\\/?s={search_term_string}\"},\"query-input\":{\"@type\":\"PropertyValueSpecification\",\"valueRequired\":true,\"valueName\":\"search_term_string\"}}],\"inLanguage\":\"en-US\"}]}<\/script>\n<!-- \/ Yoast SEO plugin. -->","yoast_head_json":{"title":"Van egy j\u00f3 t\u00f6rt\u00e9neted? 2020-ban is keress\u00fck az \u00e9v n\u0151i v\u00e1llalkoz\u00f3j\u00e1t, vezet\u0151j\u00e9t - Seed","robots":{"index":"index","follow":"follow","max-snippet":"max-snippet:-1","max-image-preview":"max-image-preview:large","max-video-preview":"max-video-preview:-1"},"canonical":"https:\/\/seed.hu\/hirek\/van-egy-jo-torteneted-2020-ban-is-keressuk-az-ev-noi-vallalkozojat-vezetojet\/","og_locale":"en_US","og_type":"article","og_title":"Van egy j\u00f3 t\u00f6rt\u00e9neted? 2020-ban is keress\u00fck az \u00e9v n\u0151i v\u00e1llalkoz\u00f3j\u00e1t, vezet\u0151j\u00e9t - Seed","og_description":"Van egy j\u00f3 t\u00f6rt\u00e9neted? P\u00c1LY\u00c1ZATI KI\u00cdR\u00c1S A P\u00c1LY\u00c1ZAT C\u00cdME: Keress\u00fck 2020 legsikeresebb n\u0151i v\u00e1llalkoz\u00f3it \u00e9s n\u0151i vezet\u0151it! K\u00fcldd el nek\u00fcnk a sikert\u00f6rt\u00e9neted, \u00e9s l\u00e9gy te az, aki inspir\u00e1l m\u00e1sokat! &nbsp; A n\u0151knek a t\u00e1rsadalomban \u00e9s a gazdas\u00e1gban bet\u00f6lt\u00f6tt szerep\u00e9t er\u0151s\u00edt\u0151, a n\u0151i v\u00e1llalkoz\u00e1sok fejl\u0151d\u00e9s\u00e9t kiemelten t\u00e1mogat\u00f3 Professional Women\u2019s Association (PWA) \u2212 Sikeres N\u0151k Egyes\u00fclete \u00e9s [&hellip;]","og_url":"https:\/\/seed.hu\/hirek\/van-egy-jo-torteneted-2020-ban-is-keressuk-az-ev-noi-vallalkozojat-vezetojet\/","og_site_name":"Seed","article_modified_time":"2022-01-20T16:54:38+00:00","og_image":[{"width":250,"height":206,"url":"https:\/\/seed.hu\/wp-content\/uploads\/2018\/04\/SEED_logo.png","type":"image\/png"}],"twitter_card":"summary_large_image","twitter_misc":{"Est. reading time":"1 minute"},"schema":{"@context":"https:\/\/schema.org","@graph":[{"@type":"WebPage","@id":"https:\/\/seed.hu\/hirek\/van-egy-jo-torteneted-2020-ban-is-keressuk-az-ev-noi-vallalkozojat-vezetojet\/","url":"https:\/\/seed.hu\/hirek\/van-egy-jo-torteneted-2020-ban-is-keressuk-az-ev-noi-vallalkozojat-vezetojet\/","name":"Van egy j\u00f3 t\u00f6rt\u00e9neted? 2020-ban is keress\u00fck az \u00e9v n\u0151i v\u00e1llalkoz\u00f3j\u00e1t, vezet\u0151j\u00e9t - Seed","isPartOf":{"@id":"https:\/\/seed.hu\/#website"},"primaryImageOfPage":{"@id":"https:\/\/seed.hu\/hirek\/van-egy-jo-torteneted-2020-ban-is-keressuk-az-ev-noi-vallalkozojat-vezetojet\/#primaryimage"},"image":{"@id":"https:\/\/seed.hu\/hirek\/van-egy-jo-torteneted-2020-ban-is-keressuk-az-ev-noi-vallalkozojat-vezetojet\/#primaryimage"},"thumbnailUrl":"https:\/\/seed.hu\/wp-content\/uploads\/2018\/04\/SEED_logo.png","datePublished":"2020-04-27T15:30:55+00:00","dateModified":"2022-01-20T16:54:38+00:00","breadcrumb":{"@id":"https:\/\/seed.hu\/hirek\/van-egy-jo-torteneted-2020-ban-is-keressuk-az-ev-noi-vallalkozojat-vezetojet\/#breadcrumb"},"inLanguage":"en-US","potentialAction":[{"@type":"ReadAction","target":["https:\/\/seed.hu\/hirek\/van-egy-jo-torteneted-2020-ban-is-keressuk-az-ev-noi-vallalkozojat-vezetojet\/"]}]},{"@type":"ImageObject","inLanguage":"en-US","@id":"https:\/\/seed.hu\/hirek\/van-egy-jo-torteneted-2020-ban-is-keressuk-az-ev-noi-vallalkozojat-vezetojet\/#primaryimage","url":"https:\/\/seed.hu\/wp-content\/uploads\/2018\/04\/SEED_logo.png","contentUrl":"https:\/\/seed.hu\/wp-content\/uploads\/2018\/04\/SEED_logo.png","width":250,"height":206},{"@type":"BreadcrumbList","@id":"https:\/\/seed.hu\/hirek\/van-egy-jo-torteneted-2020-ban-is-keressuk-az-ev-noi-vallalkozojat-vezetojet\/#breadcrumb","itemListElement":[{"@type":"ListItem","position":1,"name":"H\u00edrek","item":"https:\/\/seed.hu\/hirek\/"},{"@type":"ListItem","position":2,"name":"Van egy j\u00f3 t\u00f6rt\u00e9neted? 2020-ban is keress\u00fck az \u00e9v n\u0151i v\u00e1llalkoz\u00f3j\u00e1t, vezet\u0151j\u00e9t"}]},{"@type":"WebSite","@id":"https:\/\/seed.hu\/#website","url":"https:\/\/seed.hu\/","name":"Seed","description":"","potentialAction":[{"@type":"SearchAction","target":{"@type":"EntryPoint","urlTemplate":"https:\/\/seed.hu\/?s={search_term_string}"},"query-input":{"@type":"PropertyValueSpecification","valueRequired":true,"valueName":"search_term_string"}}],"inLanguage":"en-US"}]}},"_links":{"self":[{"href":"https:\/\/seed.hu\/en\/wp-json\/wp\/v2\/hirek\/952","targetHints":{"allow":["GET"]}}],"collection":[{"href":"https:\/\/seed.hu\/en\/wp-json\/wp\/v2\/hirek"}],"about":[{"href":"https:\/\/seed.hu\/en\/wp-json\/wp\/v2\/types\/hirek"}],"wp:featuredmedia":[{"embeddable":true,"href":"https:\/\/seed.hu\/en\/wp-json\/wp\/v2\/media\/792"}],"wp:attachment":[{"href":"https:\/\/seed.hu\/en\/wp-json\/wp\/v2\/media?parent=952"}],"curies":[{"name":"wp","href":"https:\/\/api.w.org\/{rel}","templated":true}]}}