{"id":953,"date":"2020-04-27T17:32:12","date_gmt":"2020-04-27T15:32:12","guid":{"rendered":"https:\/\/seed.hu\/?post_type=hirek&#038;p=953"},"modified":"2022-01-20T17:57:18","modified_gmt":"2022-01-20T16:57:18","slug":"uj-elemmel-bovul-a-seed-alapitvany-tanacsadasi-aloldala-a-veszhelyzet-info","status":"publish","type":"hirek","link":"https:\/\/seed.hu\/en\/hirek\/uj-elemmel-bovul-a-seed-alapitvany-tanacsadasi-aloldala-a-veszhelyzet-info\/","title":{"rendered":"\u00daj elemmel b\u0151v\u00fcl a SEED Alap\u00edtv\u00e1ny tan\u00e1csad\u00e1si aloldala, a V\u00e9szhelyzet.info"},"content":{"rendered":"<p><a href=\"https:\/\/seed.hu\/szolgaltatasok\/kerdezd-a-tanacsadot\/partnerbig2\/\" rel=\"attachment wp-att-41\"><img loading=\"lazy\" decoding=\"async\" class=\"alignnone size-full wp-image-41\" src=\"https:\/\/seed.hu\/wp-content\/uploads\/2021\/02\/partnerBig2.png\" alt=\"\" width=\"241\" height=\"75\" \/><\/a><\/p>\n<p>A SEED Alap\u00edtv\u00e1ny a koronav\u00edrus-j\u00e1rv\u00e1nyra adott v\u00e1laszak\u00e9nt m\u00e1rcius v\u00e9g\u00e9n hozta l\u00e9tre a <a href=\"http:\/\/tanacsadas.seed.hu\" target=\"_blank\" rel=\"noopener\"><strong>tanacsadas.seed.hu<\/strong><\/a> oldalon bel\u00fcl a <strong><a href=\"http:\/\/tanacsadas.seed.hu\/veszhelyzet-info\" target=\"_blank\" rel=\"noopener\">V\u00e9szhelyzet.info<\/a><\/strong> aloldalt azzal a c\u00e9llal, hogy ebben a neh\u00e9z helyzetben ingyenes tan\u00e1csad\u00e1ssal seg\u00edtse a mikro- \u00e9s kisv\u00e1llalkoz\u00e1sokat a v\u00e1ls\u00e1ghelyzet lek\u00fczd\u00e9s\u00e9ben. Az oldalon t\u00f6bb mint 30 tan\u00e1csad\u00f3 \u00e1ll a v\u00e1llalkoz\u00f3k rendelkez\u00e9s\u00e9re, hogy a legk\u00fcl\u00f6nb\u00f6z\u0151bb t\u00e9m\u00e1kban, a p\u00e9nz\u00fcgyi \u00e9s jogi k\u00e9rd\u00e9sekt\u0151l kezdve a szervezeti \u00fcgyeken \u00e1t az online marketing \u00e9s a sales probl\u00e9m\u00e1kig t\u00e1mogassa \u0151ket v\u00e1llalkoz\u00e1suk meger\u0151s\u00edt\u00e9s\u00e9ben.<\/p>\n<p>Az Alap\u00edtv\u00e1ny \u00e1prilis 30-t\u00f3l \u00faj szolg\u00e1ltat\u00e1ssal b\u0151v\u00edti az aloldalt: heti rendszeress\u00e9ggel online v\u00e1llalkoz\u00f3i f\u00f3rumot szerveznek, amelyen el\u0151re egyeztetett tematika ment\u00e9n szak\u00e9rt\u0151k (egy tan\u00e1csad\u00f3 \u00e9s egy v\u00e1llalkoz\u00f3) besz\u00e9lgetnek egy \u00f3r\u00e1n \u00e1t egy-egy aktu\u00e1lis k\u00e9rd\u00e9sr\u0151l. A Cisco Webex Meeting platformon megval\u00f3sul\u00f3 besz\u00e9lget\u00e9st a v\u00e1llalkoz\u00f3k nyomon k\u00f6vethetik, \u00e9s a besz\u00e9lget\u00e9s v\u00e9g\u00e9n k\u00e9rdezhetnek a szakemberekt\u0151l.<\/p>\n<p><strong>Az els\u0151 szakmai besz\u00e9lget\u00e9sre \u00e1prilis 30-\u00e1n, cs\u00fct\u00f6rt\u00f6k\u00f6n, 17:30\u00a0\u00e9s 18:30\u00a0k\u00f6z\u00f6tt ker\u00fcl sor.<\/strong><br \/>\n<u>A besz\u00e9lget\u0151partnerek:<\/u><\/p>\n<ul>\n<li>Katona Melinda, a Borealis Consulting \u00fcgyvezet\u0151 igazgat\u00f3ja (tan\u00e1csad\u00f3) \u00e9s<\/li>\n<li>Utasi Melinda, egy\u00e9ni v\u00e1llalkoz\u00f3, a C\u00e9gk\u00eds\u00e9r\u0151 l\u00e9trehoz\u00f3ja (v\u00e1llalkoz\u00f3).<\/li>\n<\/ul>\n<p><u>A t\u00e9ma:<\/u><\/p>\n<ul>\n<li>Vezet\u0151k\u00e9nt, emberk\u00e9nt milyen cselekv\u00e9s, m\u0171k\u00f6d\u00e9s \u00e9s gondolkod\u00e1sm\u00f3d seg\u00edt benn\u00fcnket a v\u00e1ls\u00e1g kezel\u00e9s\u00e9ben?<\/li>\n<li>Hogyan tudunk \u00fatitervet, j\u00f6v\u0151k\u00e9pet adni magunknak \u00e9s csapatunknak ezekben a bizonytalan id\u0151kben?<\/li>\n<li>Mi m\u00f3don tartsuk fenn a motiv\u00e1ci\u00f3t \u00e9s bizalmat a csapatunkban \u00e9s biztos\u00edtsuk a folyamatos fenntarthat\u00f3 m\u0171k\u00f6d\u00e9st a c\u00e9g\u00fcnkn\u00e9l?<\/li>\n<\/ul>\n<p>\u201eAz aloldallal, illetve az el\u0151ad\u00e1sokkal az a c\u00e9lunk, hogy mind ment\u00e1lisan, mind speci\u00e1lis szakmai ter\u00fcleteken meger\u0151s\u00edts\u00fck a v\u00e1llalkoz\u00f3kat, arra sarkallva \u0151ket, hogy m\u00e9g ilyen neh\u00e9z helyzetben se adj\u00e1k fel, hanem legyen erej\u00fck meg\u00fajulni, v\u00e1ltoztatni\u201d \u2013 hangs\u00falyozta Lakatosn\u00e9 Luk\u00e1cs Zsuzsanna, az aloldalt \u00fczemeltet\u0151 SEED Alap\u00edtv\u00e1ny \u00fcgyvezet\u0151 igazgat\u00f3ja.<\/p>\n<p><strong><em>A f\u00f3rumon a r\u00e9szv\u00e9tel ingyenes, de el\u0151zetes regisztr\u00e1ci\u00f3hoz k\u00f6t\u00f6tt.<\/em><\/strong><\/p>\n<p><a href=\"https:\/\/seed.hu\/kerdoiv\/veszhelyzet-info-ingyenes-szakmai-beszelgetesek-2020-04-30\" target=\"_blank\" rel=\"noopener\"><img decoding=\"async\" style=\"width: 130px; height: 42px;\" src=\"https:\/\/seed.hu\/files\/attachments\/inline\/regisztracio4.png\" alt=\"\" \/><\/a><\/p>\n","protected":false},"featured_media":792,"menu_order":0,"template":"","meta":{"_acf_changed":false},"class_list":["post-953","hirek","type-hirek","status-publish","has-post-thumbnail","hentry"],"acf":[],"yoast_head":"<!-- This site is optimized with the Yoast SEO plugin v27.4 - https:\/\/yoast.com\/product\/yoast-seo-wordpress\/ -->\n<title>\u00daj elemmel b\u0151v\u00fcl a SEED Alap\u00edtv\u00e1ny tan\u00e1csad\u00e1si aloldala, a V\u00e9szhelyzet.info - Seed<\/title>\n<meta name=\"robots\" content=\"index, follow, max-snippet:-1, max-image-preview:large, max-video-preview:-1\" \/>\n<link rel=\"canonical\" href=\"https:\/\/seed.hu\/hirek\/uj-elemmel-bovul-a-seed-alapitvany-tanacsadasi-aloldala-a-veszhelyzet-info\/\" \/>\n<meta property=\"og:locale\" content=\"en_US\" \/>\n<meta property=\"og:type\" content=\"article\" \/>\n<meta property=\"og:title\" content=\"\u00daj elemmel b\u0151v\u00fcl a SEED Alap\u00edtv\u00e1ny tan\u00e1csad\u00e1si aloldala, a V\u00e9szhelyzet.info - Seed\" \/>\n<meta property=\"og:description\" content=\"A SEED Alap\u00edtv\u00e1ny a koronav\u00edrus-j\u00e1rv\u00e1nyra adott v\u00e1laszak\u00e9nt m\u00e1rcius v\u00e9g\u00e9n hozta l\u00e9tre a tanacsadas.seed.hu oldalon bel\u00fcl a V\u00e9szhelyzet.info aloldalt azzal a c\u00e9llal, hogy ebben a neh\u00e9z helyzetben ingyenes tan\u00e1csad\u00e1ssal seg\u00edtse a mikro- \u00e9s kisv\u00e1llalkoz\u00e1sokat a v\u00e1ls\u00e1ghelyzet lek\u00fczd\u00e9s\u00e9ben. Az oldalon t\u00f6bb mint 30 tan\u00e1csad\u00f3 \u00e1ll a v\u00e1llalkoz\u00f3k rendelkez\u00e9s\u00e9re, hogy a legk\u00fcl\u00f6nb\u00f6z\u0151bb t\u00e9m\u00e1kban, a p\u00e9nz\u00fcgyi \u00e9s jogi k\u00e9rd\u00e9sekt\u0151l [&hellip;]\" \/>\n<meta property=\"og:url\" content=\"https:\/\/seed.hu\/hirek\/uj-elemmel-bovul-a-seed-alapitvany-tanacsadasi-aloldala-a-veszhelyzet-info\/\" \/>\n<meta property=\"og:site_name\" content=\"Seed\" \/>\n<meta property=\"article:modified_time\" content=\"2022-01-20T16:57:18+00:00\" \/>\n<meta property=\"og:image\" content=\"https:\/\/seed.hu\/wp-content\/uploads\/2018\/04\/SEED_logo.png\" \/>\n\t<meta property=\"og:image:width\" content=\"250\" \/>\n\t<meta property=\"og:image:height\" content=\"206\" \/>\n\t<meta property=\"og:image:type\" content=\"image\/png\" \/>\n<meta name=\"twitter:card\" content=\"summary_large_image\" \/>\n<meta name=\"twitter:label1\" content=\"Est. reading time\" \/>\n\t<meta name=\"twitter:data1\" content=\"2 minutes\" \/>\n<script type=\"application\/ld+json\" class=\"yoast-schema-graph\">{\"@context\":\"https:\\\/\\\/schema.org\",\"@graph\":[{\"@type\":\"WebPage\",\"@id\":\"https:\\\/\\\/seed.hu\\\/hirek\\\/uj-elemmel-bovul-a-seed-alapitvany-tanacsadasi-aloldala-a-veszhelyzet-info\\\/\",\"url\":\"https:\\\/\\\/seed.hu\\\/hirek\\\/uj-elemmel-bovul-a-seed-alapitvany-tanacsadasi-aloldala-a-veszhelyzet-info\\\/\",\"name\":\"\u00daj elemmel b\u0151v\u00fcl a SEED Alap\u00edtv\u00e1ny tan\u00e1csad\u00e1si aloldala, a V\u00e9szhelyzet.info - Seed\",\"isPartOf\":{\"@id\":\"https:\\\/\\\/seed.hu\\\/#website\"},\"primaryImageOfPage\":{\"@id\":\"https:\\\/\\\/seed.hu\\\/hirek\\\/uj-elemmel-bovul-a-seed-alapitvany-tanacsadasi-aloldala-a-veszhelyzet-info\\\/#primaryimage\"},\"image\":{\"@id\":\"https:\\\/\\\/seed.hu\\\/hirek\\\/uj-elemmel-bovul-a-seed-alapitvany-tanacsadasi-aloldala-a-veszhelyzet-info\\\/#primaryimage\"},\"thumbnailUrl\":\"https:\\\/\\\/seed.hu\\\/wp-content\\\/uploads\\\/2018\\\/04\\\/SEED_logo.png\",\"datePublished\":\"2020-04-27T15:32:12+00:00\",\"dateModified\":\"2022-01-20T16:57:18+00:00\",\"breadcrumb\":{\"@id\":\"https:\\\/\\\/seed.hu\\\/hirek\\\/uj-elemmel-bovul-a-seed-alapitvany-tanacsadasi-aloldala-a-veszhelyzet-info\\\/#breadcrumb\"},\"inLanguage\":\"en-US\",\"potentialAction\":[{\"@type\":\"ReadAction\",\"target\":[\"https:\\\/\\\/seed.hu\\\/hirek\\\/uj-elemmel-bovul-a-seed-alapitvany-tanacsadasi-aloldala-a-veszhelyzet-info\\\/\"]}]},{\"@type\":\"ImageObject\",\"inLanguage\":\"en-US\",\"@id\":\"https:\\\/\\\/seed.hu\\\/hirek\\\/uj-elemmel-bovul-a-seed-alapitvany-tanacsadasi-aloldala-a-veszhelyzet-info\\\/#primaryimage\",\"url\":\"https:\\\/\\\/seed.hu\\\/wp-content\\\/uploads\\\/2018\\\/04\\\/SEED_logo.png\",\"contentUrl\":\"https:\\\/\\\/seed.hu\\\/wp-content\\\/uploads\\\/2018\\\/04\\\/SEED_logo.png\",\"width\":250,\"height\":206},{\"@type\":\"BreadcrumbList\",\"@id\":\"https:\\\/\\\/seed.hu\\\/hirek\\\/uj-elemmel-bovul-a-seed-alapitvany-tanacsadasi-aloldala-a-veszhelyzet-info\\\/#breadcrumb\",\"itemListElement\":[{\"@type\":\"ListItem\",\"position\":1,\"name\":\"H\u00edrek\",\"item\":\"https:\\\/\\\/seed.hu\\\/hirek\\\/\"},{\"@type\":\"ListItem\",\"position\":2,\"name\":\"\u00daj elemmel b\u0151v\u00fcl a SEED Alap\u00edtv\u00e1ny tan\u00e1csad\u00e1si aloldala, a V\u00e9szhelyzet.info\"}]},{\"@type\":\"WebSite\",\"@id\":\"https:\\\/\\\/seed.hu\\\/#website\",\"url\":\"https:\\\/\\\/seed.hu\\\/\",\"name\":\"Seed\",\"description\":\"\",\"potentialAction\":[{\"@type\":\"SearchAction\",\"target\":{\"@type\":\"EntryPoint\",\"urlTemplate\":\"https:\\\/\\\/seed.hu\\\/?s={search_term_string}\"},\"query-input\":{\"@type\":\"PropertyValueSpecification\",\"valueRequired\":true,\"valueName\":\"search_term_string\"}}],\"inLanguage\":\"en-US\"}]}<\/script>\n<!-- \/ Yoast SEO plugin. -->","yoast_head_json":{"title":"\u00daj elemmel b\u0151v\u00fcl a SEED Alap\u00edtv\u00e1ny tan\u00e1csad\u00e1si aloldala, a V\u00e9szhelyzet.info - Seed","robots":{"index":"index","follow":"follow","max-snippet":"max-snippet:-1","max-image-preview":"max-image-preview:large","max-video-preview":"max-video-preview:-1"},"canonical":"https:\/\/seed.hu\/hirek\/uj-elemmel-bovul-a-seed-alapitvany-tanacsadasi-aloldala-a-veszhelyzet-info\/","og_locale":"en_US","og_type":"article","og_title":"\u00daj elemmel b\u0151v\u00fcl a SEED Alap\u00edtv\u00e1ny tan\u00e1csad\u00e1si aloldala, a V\u00e9szhelyzet.info - Seed","og_description":"A SEED Alap\u00edtv\u00e1ny a koronav\u00edrus-j\u00e1rv\u00e1nyra adott v\u00e1laszak\u00e9nt m\u00e1rcius v\u00e9g\u00e9n hozta l\u00e9tre a tanacsadas.seed.hu oldalon bel\u00fcl a V\u00e9szhelyzet.info aloldalt azzal a c\u00e9llal, hogy ebben a neh\u00e9z helyzetben ingyenes tan\u00e1csad\u00e1ssal seg\u00edtse a mikro- \u00e9s kisv\u00e1llalkoz\u00e1sokat a v\u00e1ls\u00e1ghelyzet lek\u00fczd\u00e9s\u00e9ben. Az oldalon t\u00f6bb mint 30 tan\u00e1csad\u00f3 \u00e1ll a v\u00e1llalkoz\u00f3k rendelkez\u00e9s\u00e9re, hogy a legk\u00fcl\u00f6nb\u00f6z\u0151bb t\u00e9m\u00e1kban, a p\u00e9nz\u00fcgyi \u00e9s jogi k\u00e9rd\u00e9sekt\u0151l [&hellip;]","og_url":"https:\/\/seed.hu\/hirek\/uj-elemmel-bovul-a-seed-alapitvany-tanacsadasi-aloldala-a-veszhelyzet-info\/","og_site_name":"Seed","article_modified_time":"2022-01-20T16:57:18+00:00","og_image":[{"width":250,"height":206,"url":"https:\/\/seed.hu\/wp-content\/uploads\/2018\/04\/SEED_logo.png","type":"image\/png"}],"twitter_card":"summary_large_image","twitter_misc":{"Est. reading time":"2 minutes"},"schema":{"@context":"https:\/\/schema.org","@graph":[{"@type":"WebPage","@id":"https:\/\/seed.hu\/hirek\/uj-elemmel-bovul-a-seed-alapitvany-tanacsadasi-aloldala-a-veszhelyzet-info\/","url":"https:\/\/seed.hu\/hirek\/uj-elemmel-bovul-a-seed-alapitvany-tanacsadasi-aloldala-a-veszhelyzet-info\/","name":"\u00daj elemmel b\u0151v\u00fcl a SEED Alap\u00edtv\u00e1ny tan\u00e1csad\u00e1si aloldala, a V\u00e9szhelyzet.info - Seed","isPartOf":{"@id":"https:\/\/seed.hu\/#website"},"primaryImageOfPage":{"@id":"https:\/\/seed.hu\/hirek\/uj-elemmel-bovul-a-seed-alapitvany-tanacsadasi-aloldala-a-veszhelyzet-info\/#primaryimage"},"image":{"@id":"https:\/\/seed.hu\/hirek\/uj-elemmel-bovul-a-seed-alapitvany-tanacsadasi-aloldala-a-veszhelyzet-info\/#primaryimage"},"thumbnailUrl":"https:\/\/seed.hu\/wp-content\/uploads\/2018\/04\/SEED_logo.png","datePublished":"2020-04-27T15:32:12+00:00","dateModified":"2022-01-20T16:57:18+00:00","breadcrumb":{"@id":"https:\/\/seed.hu\/hirek\/uj-elemmel-bovul-a-seed-alapitvany-tanacsadasi-aloldala-a-veszhelyzet-info\/#breadcrumb"},"inLanguage":"en-US","potentialAction":[{"@type":"ReadAction","target":["https:\/\/seed.hu\/hirek\/uj-elemmel-bovul-a-seed-alapitvany-tanacsadasi-aloldala-a-veszhelyzet-info\/"]}]},{"@type":"ImageObject","inLanguage":"en-US","@id":"https:\/\/seed.hu\/hirek\/uj-elemmel-bovul-a-seed-alapitvany-tanacsadasi-aloldala-a-veszhelyzet-info\/#primaryimage","url":"https:\/\/seed.hu\/wp-content\/uploads\/2018\/04\/SEED_logo.png","contentUrl":"https:\/\/seed.hu\/wp-content\/uploads\/2018\/04\/SEED_logo.png","width":250,"height":206},{"@type":"BreadcrumbList","@id":"https:\/\/seed.hu\/hirek\/uj-elemmel-bovul-a-seed-alapitvany-tanacsadasi-aloldala-a-veszhelyzet-info\/#breadcrumb","itemListElement":[{"@type":"ListItem","position":1,"name":"H\u00edrek","item":"https:\/\/seed.hu\/hirek\/"},{"@type":"ListItem","position":2,"name":"\u00daj elemmel b\u0151v\u00fcl a SEED Alap\u00edtv\u00e1ny tan\u00e1csad\u00e1si aloldala, a V\u00e9szhelyzet.info"}]},{"@type":"WebSite","@id":"https:\/\/seed.hu\/#website","url":"https:\/\/seed.hu\/","name":"Seed","description":"","potentialAction":[{"@type":"SearchAction","target":{"@type":"EntryPoint","urlTemplate":"https:\/\/seed.hu\/?s={search_term_string}"},"query-input":{"@type":"PropertyValueSpecification","valueRequired":true,"valueName":"search_term_string"}}],"inLanguage":"en-US"}]}},"_links":{"self":[{"href":"https:\/\/seed.hu\/en\/wp-json\/wp\/v2\/hirek\/953","targetHints":{"allow":["GET"]}}],"collection":[{"href":"https:\/\/seed.hu\/en\/wp-json\/wp\/v2\/hirek"}],"about":[{"href":"https:\/\/seed.hu\/en\/wp-json\/wp\/v2\/types\/hirek"}],"wp:featuredmedia":[{"embeddable":true,"href":"https:\/\/seed.hu\/en\/wp-json\/wp\/v2\/media\/792"}],"wp:attachment":[{"href":"https:\/\/seed.hu\/en\/wp-json\/wp\/v2\/media?parent=953"}],"curies":[{"name":"wp","href":"https:\/\/api.w.org\/{rel}","templated":true}]}}