{"id":957,"date":"2020-05-04T15:17:05","date_gmt":"2020-05-04T13:17:05","guid":{"rendered":"https:\/\/seed.hu\/?post_type=hirek&#038;p=957"},"modified":"2022-01-20T18:03:20","modified_gmt":"2022-01-20T17:03:20","slug":"hasznos-tanacsok-vallalkozoktol-vallalkozoknak","status":"publish","type":"hirek","link":"https:\/\/seed.hu\/en\/hirek\/hasznos-tanacsok-vallalkozoktol-vallalkozoknak\/","title":{"rendered":"Hasznos tan\u00e1csok v\u00e1llalkoz\u00f3kt\u00f3l, v\u00e1llalkoz\u00f3knak"},"content":{"rendered":"<p><a href=\"https:\/\/seed.hu\/szolgaltatasok\/kerdezd-a-tanacsadot\/partnerbig2\/\" rel=\"attachment wp-att-41\"><img loading=\"lazy\" decoding=\"async\" class=\"alignnone size-full wp-image-41\" src=\"https:\/\/seed.hu\/wp-content\/uploads\/2021\/02\/partnerBig2.png\" alt=\"\" width=\"241\" height=\"75\" \/><\/a><\/p>\n<p><span style=\"font-size: 18px;\"><strong>Online V\u00e1llalkoz\u00f3i F\u00f3rum &#8211; Egy szak\u00e9rt\u0151, egy v\u00e1llalkoz\u00f3, egy t\u00e9ma, 1 \u00f3ra<\/strong><\/span><\/p>\n<p>Az els\u0151 m\u00e1jusi h\u00e9tv\u00e9ge el\u0151tt egy izgalmas besz\u00e9lget\u00e9sben vehettek r\u00e9szt a <strong><a href=\"https:\/\/seed.hu\/a-seed-ingyenes-vallalkozasokat-segito-tanacsado-oldala\" target=\"_blank\" rel=\"noopener\">V\u00e9szhelyzet.info<\/a><\/strong>\u00a0keret\u00e9ben ind\u00edtott Online V\u00e1llalkoz\u00f3i F\u00f3rum hallgat\u00f3i \u00e9s sz\u00e1mos j\u00f3 tan\u00e1csot vihettek el magukkal.<\/p>\n<p><strong>Katona Melinda, a Borealis Consulting Kft. \u00fcgyvezet\u0151 igazgat\u00f3ja<\/strong> \u00e9s <strong>Utasi Melinda egy\u00e9ni v\u00e1llalkoz\u00f3<\/strong>, a C\u00e9gk\u00eds\u00e9r\u0151 l\u00e9trehoz\u00f3ja besz\u00e9lgetett t\u00f6bbek k\u00f6z\u00f6tt arr\u00f3l, hogy ebben a <em>jelenlegi helyzetben mi a vezet\u0151 szerepe, hogyan tudja \u00f6nmaga sz\u00e1m\u00e1ra a ment\u00e1lis er\u0151t biztos\u00edtani \u00e9s kezelni a helyzetb\u0151l ad\u00f3d\u00f3 bizonytalans\u00e1gokat? Melyek azok az eszk\u00f6z\u00f6k, amelyek t\u00falvezetnek \u00e9s \u00e1thidal\u00f3k\u00e9nt megjelennek az \u00e9let\u00fcnkben, amelyek \u00e1tvezethetik a v\u00e1ls\u00e1ghelyzet f\u00e1jdalom-v\u00f6lgy\u00e9n \u00f6nmagunkat \u00e9s a csapatunkat?<\/em> M\u00e9g sz\u00e1mos izgalmas k\u00e9rd\u00e9s \u00e9s felvet\u00e9s elhangzott az egy \u00f3r\u00e1s besz\u00e9lget\u00e9s alatt.<\/p>\n<p>Az al\u00e1bbiakban szemezgett\u00fcnk az el\u0151z\u0151 f\u00f3rum-besz\u00e9lget\u00e9sen elhangzott tan\u00e1csokb\u00f3l, de sz\u00edvb\u0151l javasoljuk a besz\u00e9lget\u00e9s meghallgat\u00e1s\u00e1t teljes hossz\u00e1ban:<\/p>\n<p>A besz\u00e9lget\u00e9s itt n\u00e9zhet\u0151 meg:<\/p>\n<p style=\"text-align: left;\"><iframe loading=\"lazy\" src=\"https:\/\/www.youtube.com\/embed\/TgaGDsyn4RQ\" width=\"500\" height=\"300\" frameborder=\"0\" scrolling=\"no\" allowfullscreen=\"allowfullscreen\"><\/iframe><\/p>\n<p><strong>Hat\u00e1rozzunk meg id\u0151s\u00e1vot! Tervezz\u00fcnk! F\u00f3kusz\u00e1ljunk r\u00f6vid t\u00e1vra!<\/strong><\/p>\n<p>A jelenlegi helyzetben a vezet\u0151nek az els\u0151dleges szerepe, hogy meghat\u00e1rozza azt az id\u0151s\u00e1vot \u00e9s azt az id\u0151t\u00e1vot, amiben gondolkodik \u0151 \u00e9s a csapata.<\/p>\n<p>Bizonytalan \u00e9s kisz\u00e1m\u00edthatatlan a helyzet \u00e9s ebben a helyzetben nem tan\u00e1csos t\u00fal hossz\u00fa t\u00e1vra tervezni nagyon sok id\u0151t, energi\u00e1t elvisz \u00e9s nem biztos, hogy az a tervez\u00e9s gy\u00fcm\u00f6lcs\u00f6z\u0151 lesz. &#8211; <em>tan\u00e1csolja Utasi Melinda<\/em>.<\/p>\n<p>R\u00f6vid t\u00e1vra \u00e9rdemes most f\u00f3kusz\u00e1lni, \u00e9s ezen a r\u00f6vid t\u00e1von napra k\u00e9sznek kell lenni, hogy az ad\u00f3d\u00f3 v\u00e1ltoz\u00e1sra azonnal reag\u00e1lni tudjunk, mint v\u00e1llalkoz\u00f3.<\/p>\n<p><strong>Legy\u00e9l figyelmes, naprak\u00e9sz, tettre k\u00e9sz \u00e9s reag\u00e1lj gyorsan!<\/strong><\/p>\n<p>A v\u00e1ls\u00e1gokban a legnagyobb k\u00e9pess\u00e9g az, ha alkalmazkodni tudunk a helyzethez. Figyelmesnek, naprak\u00e9sznek \u00e9s tettre k\u00e9sznek kell lenni, hogy ami \u00e9rkezik arra reag\u00e1lni tudjunk a v\u00e1llalkoz\u00e1sunkon kereszt\u00fcl is.<\/p>\n<p><strong>Hat\u00e1rozzunk meg fix pontokat!<\/strong><\/p>\n<p>Katona Melinda maga is \u00fagy l\u00e1tja, hogy nem most van itt az ideje a h\u00e1rom &#8211; \u00f6t \u00e9ves strat\u00e9gia alkot\u00e1snak \u00e9s a hossz\u00fa t\u00e1v\u00fa j\u00f6v\u0151 tervez\u00e9snek, mert annyira bizonytalan minden.<\/p>\n<p>Legyen egy elk\u00e9pzel\u00e9s, hogy mi az a cselekedet \u00e9s ir\u00e1ny, amit meg fog tenni a v\u00e1llalkoz\u00f3 az elk\u00f6vetkez\u0151 hetekben, amelyet egy r\u00e9szletesen kidolgozott cselekv\u00e9si terv k\u00f6vet. Term\u00e9szetesen felk\u00e9sz\u00fclve arra, hogy ezt menet k\u00f6zben lehet, hogy finom\u00edtani kell, de mindig sz\u00fcks\u00e9g van tervre, mert <strong>ha nincs terv akkor csak sodr\u00f3dik az ember<\/strong>.<\/p>\n<p>Tov\u00e1bb\u00e1 legyen egy el\u0151re tekint\u00e9s az elk\u00f6vetkezend\u0151 k\u00e9t- h\u00e1rom h\u00f3napra \u00e9s egy kitekint\u00e9s az \u00e9v v\u00e9g\u00e9re.<\/p>\n<p>B\u00e1rmilyen v\u00e1ltoz\u00e1sr\u00f3l besz\u00e9l\u00fcnk sose szabad elfelejteni, hogy vannak fix pontok az \u00e9letben \u00e9s a v\u00e1llalkoz\u00e1sban is, \u00e9s egy v\u00e1llalkoz\u00e1sban, amikor tervez\u00fcnk, <strong>ugyanolyan fontos az agilit\u00e1s \u00e9s a v\u00e1ltoz\u00e1s k\u00e9pess\u00e9ge, mint amennyire fontos, hogy megtal\u00e1ljuk azokat a fix pontokat ami elhozott minket id\u00e1ig<\/strong>, eddig is j\u00f3l m\u0171k\u00f6d\u00f6tt \u00e9s tudunk r\u00e1 sz\u00e1m\u00edtani. Term\u00e9szetesen ezeknek az ar\u00e1nya ma kisebb, mint kor\u00e1bban volt val\u00f3sz\u00edn\u0171leg, de ezeket nagyon fontos r\u00f6gz\u00edteni.<\/p>\n<p>Alapvet\u0151en az <strong>embernek sz\u00fcks\u00e9ge van gondolat fogasra: azokra a biztos pontokra, amibe tud kapaszkodni<\/strong>, ami tov\u00e1bb visz.<\/p>\n<p><strong>Tal\u00e1ljunk \u00faj utakat!<\/strong><\/p>\n<p>Ennek a helyzetnek v\u00e9ge lesz egyszer \u00e9s amikor v\u00e9ge lesz nek\u00fcnk \u00e9s a v\u00e1llalkoz\u00e1sunknak k\u00e9szen kell \u00e1llni, hogy a megv\u00e1ltozott helyzetben tov\u00e1bb tudjuk folytatni. \u2013 <em>emelte ki Utasi Melinda<\/em>.\u00a0 Ez most az az id\u0151szak, amiben fel tudunk erre k\u00e9sz\u00fclni hiszen most mindennap meg\u00e9lj\u00fck a v\u00e1ltoz\u00e1st.<\/p>\n<p>Az ilyen helyzetben amikor v\u00e1ltoz\u00e1s \u00e1ll be akkor \u00e1ltal\u00e1ban hajlamosak vagyunk a bor\u00fasabb \u00e9s a f\u00e1jdalmasabb oldal\u00e1t l\u00e1tni, holott ez nem \u00edgy van!<\/p>\n<p>Tegy\u00fck fel a k\u00e9rd\u00e9st. <em>Milyen \u00faj utakat tal\u00e1lhattok ki magamnak?<\/em> Gondolkodjunk el azon, hogy a megv\u00e1ltozott helyzetben, hogy tudjuk el\u00e9rni az \u00fcgyfeleinket. <strong>Ha \u00faj utat keres egy v\u00e1llalkoz\u00f3 az m\u00e1r egy v\u00e1ls\u00e1gb\u00f3l kivezet\u0151 \u00fat.<\/strong> Aki az els\u0151 k\u00e9ts\u00e9gbees\u00e9sen t\u00faljut, annak onnant\u00f3l kezdve nagy a val\u00f3sz\u00edn\u0171s\u00e9ge, hogy az \u00faj megold\u00e1sa is megsz\u00fcletik, ami tov\u00e1bb viszi a v\u00e1llalkoz\u00e1st \u00e9s egyben m\u00e1r felk\u00e9sz\u00fcl a kr\u00edzis ut\u00e1ni helyzetre is hiszen az az \u00faj \u00fat val\u00f3sz\u00edn\u0171leg \u00e9lhet\u0151 lesz a k\u00f6vetkez\u0151 id\u0151szakban is. Lehet, hogy csak kieg\u00e9sz\u00edt\u0151 alternat\u00edvak\u00e9nt, de egy m\u0171k\u00f6d\u0151 utat tud mag\u00e1nak kialak\u00edtani.<\/p>\n<p><strong>Legy\u00fcnk tiszt\u00e1ban \u00f6nmagunkkal, k\u00e9sz\u00edts\u00fcnk lelt\u00e1rt!<\/strong><\/p>\n<p>Amikor ilyen neh\u00e9z helyzetben vagyunk el\u0151sz\u00f6r els\u0151sorban befel\u00e9 figyelj\u00fcnk. &#8211; <em>tan\u00e1csolja Katona Melinda<\/em>. Nagyon fontos, hogy <strong>legy\u00fcnk tiszt\u00e1ban azzal, hogy milyen er\u0151forr\u00e1sokkal, eszk\u00f6z\u00f6kkel, k\u00e9pess\u00e9gekkel rendelkez\u00fcnk<\/strong>.\u00a0 \u00c9rdemes lelt\u00e1rt csin\u00e1lni, ez\u00e1ltal is meger\u0151s\u00edteni \u00f6nmagunkat, mert ez a lelt\u00e1r lista fog minket abban seg\u00edteni, hogy tov\u00e1bb l\u00e9pj\u00fcnk a k\u00f6vetkez\u0151 szintre \u00e9s el tudjuk hinni, hogy van mozg\u00e1ster\u00fcnk \u00e9s tudunk cselekedni, van alternat\u00edv lehet\u0151s\u00e9g.<\/p>\n<p><strong>Sz\u00e1molni kell!<\/strong><\/p>\n<p>Utasi Melinda k\u00f6zgazd\u00e1szk\u00e9nt \u00e9s v\u00e1llalkoz\u00f3k\u00e9nt nagyon fontosnak tartja, hogy sz\u00e1moljon a v\u00e1llalkoz\u00f3. Tudni kell hol tartok, mennyit vesztettem, hol \u00e1llok most \u00e9s innen hova tudok eljutni. Mennyire van sz\u00fcks\u00e9gem ahhoz, hogy t\u00fal\u00e9ljem ezt az id\u0151szakot -ez lehet egy h\u00e9t k\u00e9t h\u00e9t egy h\u00f3nap, k\u00e9t h\u00f3nap olyan id\u0151t\u00e1v, ami a v\u00e1llalkoz\u00e1s m\u0171k\u00f6d\u00e9s\u00e9nek fontos. A szezon\u00e1lis v\u00e1llalkoz\u00e1s eset\u00e9ben az el\u0151z\u0151 \u00e9vekhez kell visszamenni. Szembes\u00fclni kell a sz\u00e1mokkal \u00e9s ezut\u00e1n indulni neki \u00fajra f\u0151leg, ha a munkav\u00e1llal\u00f3kkal dolgozik a v\u00e1llalkoz\u00e1s, hiszen az \u0151 meg\u00e9lhet\u00e9s\u00fck \u00e9s boldogul\u00e1suk is f\u00fcgg ett\u0151l.<\/p>\n<p>Ha munkat\u00e1rsak ezt meg\u00e9rtik \u00e9s egy\u00fctt tudnak m\u0171k\u00f6dni ebben akkor sokkal hat\u00e9konyabb \u00e9s motiv\u00e1ltabb id\u0151szak k\u00f6vetkezhet hiszen ha neh\u00e9zs\u00e9gekbe k\u00f6z\u00f6sen tudunk egy\u00fcttm\u0171k\u00f6dni a k\u00e9s\u0151bbiekben ez csapat er\u0151s\u00edt\u0151 lehet\u00e9s a v\u00e1ls\u00e1got k\u00f6vet\u0151en m\u00e9g produkt\u00edv k\u00f6z\u00f6ss\u00e9g v\u00e1lhat bel\u0151le.<\/p>\n<p><strong>Ne add fel!<\/strong><\/p>\n<p>A v\u00e1ls\u00e1gnak mindig vannak nyertesei. A v\u00e1ls\u00e1g k\u00f6zben \u00e9s az adott helyzetben der\u00fcl ki, hogy kik lesznek azok.<\/p>\n<p>A sz\u00e1mok \u00e9s a t\u00f6rt\u00e9nelem azt mutatja, hogy azok a <strong>nyertesek, akik reag\u00e1lni tudnak a v\u00e1ltoz\u00e1sra, akt\u00edvv\u00e1 tudnak v\u00e1lni, \u00faj utat mertnek pr\u00f3b\u00e1lni \u00e9s nem adj\u00e1k fel!<\/strong><\/p>\n<p>A v\u00e1ls\u00e1g mindig \u00e1trendezi a viszonyokat. J\u00f3 helyzet is lehet a v\u00e1llalkoz\u00e1soknak, hogy \u00fajra poz\u00edcion\u00e1lj\u00e1k magukat \u00e9s valamelyik m\u00e1sik ter\u00fcleten vagy nagyobb r\u00e9szben megtal\u00e1lj\u00e1k magukat a piacon. Aki nagyon ambici\u00f3zus \u00e9s j\u00f3l tud reag\u00e1lni erre \u00e9s mert el\u0151re menni annak nagyon sok hozad\u00e9ka lehet a k\u00e9s\u0151bbiekben.<\/p>\n<p><strong>K\u00f6sz\u00f6nj\u00fck az \u00e9rt\u00e9kes gondolatokat a besz\u00e9lget\u00e9s r\u00e9sztvev\u0151inek!<\/strong><\/p>\n","protected":false},"featured_media":792,"menu_order":0,"template":"","meta":{"_acf_changed":false},"class_list":["post-957","hirek","type-hirek","status-publish","has-post-thumbnail","hentry"],"acf":[],"yoast_head":"<!-- This site is optimized with the Yoast SEO plugin v27.4 - https:\/\/yoast.com\/product\/yoast-seo-wordpress\/ -->\n<title>Hasznos tan\u00e1csok v\u00e1llalkoz\u00f3kt\u00f3l, v\u00e1llalkoz\u00f3knak - Seed<\/title>\n<meta name=\"robots\" content=\"index, follow, max-snippet:-1, max-image-preview:large, max-video-preview:-1\" \/>\n<link rel=\"canonical\" href=\"https:\/\/seed.hu\/hirek\/hasznos-tanacsok-vallalkozoktol-vallalkozoknak\/\" \/>\n<meta property=\"og:locale\" content=\"en_US\" \/>\n<meta property=\"og:type\" content=\"article\" \/>\n<meta property=\"og:title\" content=\"Hasznos tan\u00e1csok v\u00e1llalkoz\u00f3kt\u00f3l, v\u00e1llalkoz\u00f3knak - Seed\" \/>\n<meta property=\"og:description\" content=\"Online V\u00e1llalkoz\u00f3i F\u00f3rum &#8211; Egy szak\u00e9rt\u0151, egy v\u00e1llalkoz\u00f3, egy t\u00e9ma, 1 \u00f3ra Az els\u0151 m\u00e1jusi h\u00e9tv\u00e9ge el\u0151tt egy izgalmas besz\u00e9lget\u00e9sben vehettek r\u00e9szt a V\u00e9szhelyzet.info\u00a0keret\u00e9ben ind\u00edtott Online V\u00e1llalkoz\u00f3i F\u00f3rum hallgat\u00f3i \u00e9s sz\u00e1mos j\u00f3 tan\u00e1csot vihettek el magukkal. Katona Melinda, a Borealis Consulting Kft. \u00fcgyvezet\u0151 igazgat\u00f3ja \u00e9s Utasi Melinda egy\u00e9ni v\u00e1llalkoz\u00f3, a C\u00e9gk\u00eds\u00e9r\u0151 l\u00e9trehoz\u00f3ja besz\u00e9lgetett t\u00f6bbek k\u00f6z\u00f6tt [&hellip;]\" \/>\n<meta property=\"og:url\" content=\"https:\/\/seed.hu\/hirek\/hasznos-tanacsok-vallalkozoktol-vallalkozoknak\/\" \/>\n<meta property=\"og:site_name\" content=\"Seed\" \/>\n<meta property=\"article:modified_time\" content=\"2022-01-20T17:03:20+00:00\" \/>\n<meta property=\"og:image\" content=\"https:\/\/seed.hu\/wp-content\/uploads\/2018\/04\/SEED_logo.png\" \/>\n\t<meta property=\"og:image:width\" content=\"250\" \/>\n\t<meta property=\"og:image:height\" content=\"206\" \/>\n\t<meta property=\"og:image:type\" content=\"image\/png\" \/>\n<meta name=\"twitter:card\" content=\"summary_large_image\" \/>\n<meta name=\"twitter:label1\" content=\"Est. reading time\" \/>\n\t<meta name=\"twitter:data1\" content=\"7 minutes\" \/>\n<script type=\"application\/ld+json\" class=\"yoast-schema-graph\">{\"@context\":\"https:\\\/\\\/schema.org\",\"@graph\":[{\"@type\":\"WebPage\",\"@id\":\"https:\\\/\\\/seed.hu\\\/hirek\\\/hasznos-tanacsok-vallalkozoktol-vallalkozoknak\\\/\",\"url\":\"https:\\\/\\\/seed.hu\\\/hirek\\\/hasznos-tanacsok-vallalkozoktol-vallalkozoknak\\\/\",\"name\":\"Hasznos tan\u00e1csok v\u00e1llalkoz\u00f3kt\u00f3l, v\u00e1llalkoz\u00f3knak - Seed\",\"isPartOf\":{\"@id\":\"https:\\\/\\\/seed.hu\\\/#website\"},\"primaryImageOfPage\":{\"@id\":\"https:\\\/\\\/seed.hu\\\/hirek\\\/hasznos-tanacsok-vallalkozoktol-vallalkozoknak\\\/#primaryimage\"},\"image\":{\"@id\":\"https:\\\/\\\/seed.hu\\\/hirek\\\/hasznos-tanacsok-vallalkozoktol-vallalkozoknak\\\/#primaryimage\"},\"thumbnailUrl\":\"https:\\\/\\\/seed.hu\\\/wp-content\\\/uploads\\\/2018\\\/04\\\/SEED_logo.png\",\"datePublished\":\"2020-05-04T13:17:05+00:00\",\"dateModified\":\"2022-01-20T17:03:20+00:00\",\"breadcrumb\":{\"@id\":\"https:\\\/\\\/seed.hu\\\/hirek\\\/hasznos-tanacsok-vallalkozoktol-vallalkozoknak\\\/#breadcrumb\"},\"inLanguage\":\"en-US\",\"potentialAction\":[{\"@type\":\"ReadAction\",\"target\":[\"https:\\\/\\\/seed.hu\\\/hirek\\\/hasznos-tanacsok-vallalkozoktol-vallalkozoknak\\\/\"]}]},{\"@type\":\"ImageObject\",\"inLanguage\":\"en-US\",\"@id\":\"https:\\\/\\\/seed.hu\\\/hirek\\\/hasznos-tanacsok-vallalkozoktol-vallalkozoknak\\\/#primaryimage\",\"url\":\"https:\\\/\\\/seed.hu\\\/wp-content\\\/uploads\\\/2018\\\/04\\\/SEED_logo.png\",\"contentUrl\":\"https:\\\/\\\/seed.hu\\\/wp-content\\\/uploads\\\/2018\\\/04\\\/SEED_logo.png\",\"width\":250,\"height\":206},{\"@type\":\"BreadcrumbList\",\"@id\":\"https:\\\/\\\/seed.hu\\\/hirek\\\/hasznos-tanacsok-vallalkozoktol-vallalkozoknak\\\/#breadcrumb\",\"itemListElement\":[{\"@type\":\"ListItem\",\"position\":1,\"name\":\"H\u00edrek\",\"item\":\"https:\\\/\\\/seed.hu\\\/hirek\\\/\"},{\"@type\":\"ListItem\",\"position\":2,\"name\":\"Hasznos tan\u00e1csok v\u00e1llalkoz\u00f3kt\u00f3l, v\u00e1llalkoz\u00f3knak\"}]},{\"@type\":\"WebSite\",\"@id\":\"https:\\\/\\\/seed.hu\\\/#website\",\"url\":\"https:\\\/\\\/seed.hu\\\/\",\"name\":\"Seed\",\"description\":\"\",\"potentialAction\":[{\"@type\":\"SearchAction\",\"target\":{\"@type\":\"EntryPoint\",\"urlTemplate\":\"https:\\\/\\\/seed.hu\\\/?s={search_term_string}\"},\"query-input\":{\"@type\":\"PropertyValueSpecification\",\"valueRequired\":true,\"valueName\":\"search_term_string\"}}],\"inLanguage\":\"en-US\"}]}<\/script>\n<!-- \/ Yoast SEO plugin. -->","yoast_head_json":{"title":"Hasznos tan\u00e1csok v\u00e1llalkoz\u00f3kt\u00f3l, v\u00e1llalkoz\u00f3knak - Seed","robots":{"index":"index","follow":"follow","max-snippet":"max-snippet:-1","max-image-preview":"max-image-preview:large","max-video-preview":"max-video-preview:-1"},"canonical":"https:\/\/seed.hu\/hirek\/hasznos-tanacsok-vallalkozoktol-vallalkozoknak\/","og_locale":"en_US","og_type":"article","og_title":"Hasznos tan\u00e1csok v\u00e1llalkoz\u00f3kt\u00f3l, v\u00e1llalkoz\u00f3knak - Seed","og_description":"Online V\u00e1llalkoz\u00f3i F\u00f3rum &#8211; Egy szak\u00e9rt\u0151, egy v\u00e1llalkoz\u00f3, egy t\u00e9ma, 1 \u00f3ra Az els\u0151 m\u00e1jusi h\u00e9tv\u00e9ge el\u0151tt egy izgalmas besz\u00e9lget\u00e9sben vehettek r\u00e9szt a V\u00e9szhelyzet.info\u00a0keret\u00e9ben ind\u00edtott Online V\u00e1llalkoz\u00f3i F\u00f3rum hallgat\u00f3i \u00e9s sz\u00e1mos j\u00f3 tan\u00e1csot vihettek el magukkal. Katona Melinda, a Borealis Consulting Kft. \u00fcgyvezet\u0151 igazgat\u00f3ja \u00e9s Utasi Melinda egy\u00e9ni v\u00e1llalkoz\u00f3, a C\u00e9gk\u00eds\u00e9r\u0151 l\u00e9trehoz\u00f3ja besz\u00e9lgetett t\u00f6bbek k\u00f6z\u00f6tt [&hellip;]","og_url":"https:\/\/seed.hu\/hirek\/hasznos-tanacsok-vallalkozoktol-vallalkozoknak\/","og_site_name":"Seed","article_modified_time":"2022-01-20T17:03:20+00:00","og_image":[{"width":250,"height":206,"url":"https:\/\/seed.hu\/wp-content\/uploads\/2018\/04\/SEED_logo.png","type":"image\/png"}],"twitter_card":"summary_large_image","twitter_misc":{"Est. reading time":"7 minutes"},"schema":{"@context":"https:\/\/schema.org","@graph":[{"@type":"WebPage","@id":"https:\/\/seed.hu\/hirek\/hasznos-tanacsok-vallalkozoktol-vallalkozoknak\/","url":"https:\/\/seed.hu\/hirek\/hasznos-tanacsok-vallalkozoktol-vallalkozoknak\/","name":"Hasznos tan\u00e1csok v\u00e1llalkoz\u00f3kt\u00f3l, v\u00e1llalkoz\u00f3knak - Seed","isPartOf":{"@id":"https:\/\/seed.hu\/#website"},"primaryImageOfPage":{"@id":"https:\/\/seed.hu\/hirek\/hasznos-tanacsok-vallalkozoktol-vallalkozoknak\/#primaryimage"},"image":{"@id":"https:\/\/seed.hu\/hirek\/hasznos-tanacsok-vallalkozoktol-vallalkozoknak\/#primaryimage"},"thumbnailUrl":"https:\/\/seed.hu\/wp-content\/uploads\/2018\/04\/SEED_logo.png","datePublished":"2020-05-04T13:17:05+00:00","dateModified":"2022-01-20T17:03:20+00:00","breadcrumb":{"@id":"https:\/\/seed.hu\/hirek\/hasznos-tanacsok-vallalkozoktol-vallalkozoknak\/#breadcrumb"},"inLanguage":"en-US","potentialAction":[{"@type":"ReadAction","target":["https:\/\/seed.hu\/hirek\/hasznos-tanacsok-vallalkozoktol-vallalkozoknak\/"]}]},{"@type":"ImageObject","inLanguage":"en-US","@id":"https:\/\/seed.hu\/hirek\/hasznos-tanacsok-vallalkozoktol-vallalkozoknak\/#primaryimage","url":"https:\/\/seed.hu\/wp-content\/uploads\/2018\/04\/SEED_logo.png","contentUrl":"https:\/\/seed.hu\/wp-content\/uploads\/2018\/04\/SEED_logo.png","width":250,"height":206},{"@type":"BreadcrumbList","@id":"https:\/\/seed.hu\/hirek\/hasznos-tanacsok-vallalkozoktol-vallalkozoknak\/#breadcrumb","itemListElement":[{"@type":"ListItem","position":1,"name":"H\u00edrek","item":"https:\/\/seed.hu\/hirek\/"},{"@type":"ListItem","position":2,"name":"Hasznos tan\u00e1csok v\u00e1llalkoz\u00f3kt\u00f3l, v\u00e1llalkoz\u00f3knak"}]},{"@type":"WebSite","@id":"https:\/\/seed.hu\/#website","url":"https:\/\/seed.hu\/","name":"Seed","description":"","potentialAction":[{"@type":"SearchAction","target":{"@type":"EntryPoint","urlTemplate":"https:\/\/seed.hu\/?s={search_term_string}"},"query-input":{"@type":"PropertyValueSpecification","valueRequired":true,"valueName":"search_term_string"}}],"inLanguage":"en-US"}]}},"_links":{"self":[{"href":"https:\/\/seed.hu\/en\/wp-json\/wp\/v2\/hirek\/957","targetHints":{"allow":["GET"]}}],"collection":[{"href":"https:\/\/seed.hu\/en\/wp-json\/wp\/v2\/hirek"}],"about":[{"href":"https:\/\/seed.hu\/en\/wp-json\/wp\/v2\/types\/hirek"}],"wp:featuredmedia":[{"embeddable":true,"href":"https:\/\/seed.hu\/en\/wp-json\/wp\/v2\/media\/792"}],"wp:attachment":[{"href":"https:\/\/seed.hu\/en\/wp-json\/wp\/v2\/media?parent=957"}],"curies":[{"name":"wp","href":"https:\/\/api.w.org\/{rel}","templated":true}]}}