{"id":959,"date":"2020-05-04T19:00:25","date_gmt":"2020-05-04T17:00:25","guid":{"rendered":"https:\/\/seed.hu\/?post_type=hirek&#038;p=959"},"modified":"2022-01-20T18:04:33","modified_gmt":"2022-01-20T17:04:33","slug":"online-vallalkozoi-forum-bertamogatasok-elszamolasi-es-munkajogi-vonatkozasa-2020-05-07","status":"publish","type":"hirek","link":"https:\/\/seed.hu\/en\/hirek\/online-vallalkozoi-forum-bertamogatasok-elszamolasi-es-munkajogi-vonatkozasa-2020-05-07\/","title":{"rendered":"Online V\u00e1llalkoz\u00f3i F\u00f3rum &#8211; B\u00e9rt\u00e1mogat\u00e1sok elsz\u00e1mol\u00e1si \u00e9s munkajogi vonatkoz\u00e1sa, 2020.05.07."},"content":{"rendered":"<p><a href=\"https:\/\/seed.hu\/szolgaltatasok\/kerdezd-a-tanacsadot\/partnerbig2\/\" rel=\"attachment wp-att-41\"><img loading=\"lazy\" decoding=\"async\" class=\"alignnone size-full wp-image-41\" src=\"https:\/\/seed.hu\/wp-content\/uploads\/2021\/02\/partnerBig2.png\" alt=\"\" width=\"241\" height=\"75\" \/><\/a><\/p>\n<p><span style=\"font-size: 20px;\"><strong>Online V\u00e1llalkoz\u00f3i F\u00f3rum &#8211; Egy szak\u00e9rt\u0151, egy v\u00e1llalkoz\u00f3, egy t\u00e9ma, 1 \u00f3ra<\/strong><\/span><\/p>\n<p><strong><u>A k\u00f6vetkez\u0151\u00a0szakmai besz\u00e9lget\u00e9s id\u0151pontja:<\/u><\/strong><br \/>\n2020. m\u00e1jus\u00a007., cs\u00fct\u00f6rt\u00f6k, 17:30-18:30.<\/p>\n<p><strong><u>A besz\u00e9lget\u0151partnerek:<\/u><\/strong><\/p>\n<ul>\n<li>Horesta-Pataki Eszter, a Kulcs-Soft Nyrt. b\u00e9r-\u00fcgyf\u00e9lszolg\u00e1lati vezet\u0151je \u00e9s<\/li>\n<li>dr. G\u00f6m\u00f6ri Krisztina, az MPK \u00dcgyv\u00e9di T\u00e1rsul\u00e1s partnere<\/li>\n<\/ul>\n<p><strong><u>A t\u00e9ma:<\/u><\/strong><\/p>\n<p>A koronav\u00edrus vil\u00e1gj\u00e1rv\u00e1ny gazdas\u00e1gi hat\u00e1s\u00e1nak enyh\u00edt\u00e9s\u00e9t c\u00e9lz\u00f3 rendelkez\u00e9sek b\u00e9relsz\u00e1mol\u00e1sra \u00e9s munkajogi helyzetre gyakorolt hat\u00e1sai.<\/p>\n<p><strong><u>R\u00e9szletes t\u00e9ma:<\/u><\/strong><\/p>\n<ul>\n<li>Kedvezm\u00e9nyes ad\u00f3z\u00e1ssal \u00e9rintettek k\u00f6re, munk\u00e1ltat\u00f3i \u00e9s munkav\u00e1llal\u00f3i ad\u00f3 valamint j\u00e1rul\u00e9k cs\u00f6kkent\u00e9sek<\/li>\n<li>A munkaszervez\u00e9sben rejl\u0151 lehet\u0151s\u00e9gek (24 havi munkaid\u0151 keret), Egyszer\u0171s\u00edtett foglalkoztat\u00e1s, Fizet\u00e9s n\u00e9lk\u00fcli szabads\u00e1g<\/li>\n<li>Kompenz\u00e1ci\u00f3 elsz\u00e1mol\u00e1sa<\/li>\n<li>Szakk\u00e9pz\u00e9si hozz\u00e1j\u00e1rul\u00e1s \u00e9s rehabilit\u00e1ci\u00f3s hozz\u00e1j\u00e1rul\u00e1s elsz\u00e1mol\u00e1s\u00e1t \u00e9rint\u0151 v\u00e1ltoz\u00e1sok<\/li>\n<li>A kapcsol\u00f3d\u00f3 adatszolg\u00e1ltat\u00e1sok m\u00f3dos\u00edt\u00e1sai<\/li>\n<li>Munkajogi vonatkoz\u00e1sok, a megv\u00e1ltozott munka\u00fcgyi viszonyok lek\u00e9pez\u00e9se a munkaszerz\u0151d\u00e9sekben.<\/li>\n<\/ul>\n<p><strong><em>A f\u00f3rumon a r\u00e9szv\u00e9tel ingyenes, de el\u0151zetes regisztr\u00e1ci\u00f3hoz k\u00f6t\u00f6tt.<\/em><\/strong><\/p>\n<p><strong><em>Jelentkez\u00e9si hat\u00e1rid\u0151: 2020. m\u00e1jus 07. 12:00<\/em><\/strong><\/p>\n<p><a href=\"https:\/\/seed.hu\/kerdoiv\/online-vallalkozoi-forum-bertamogatasok-elszamolasi-es-munkajogi-vonatkozasa-2020-05-07\" target=\"_blank\" rel=\"noopener\"><img decoding=\"async\" style=\"width: 130px; height: 42px;\" src=\"https:\/\/seed.hu\/files\/attachments\/inline\/regisztracio4.png\" alt=\"\" \/><\/a><\/p>\n<p>&nbsp;<\/p>\n","protected":false},"featured_media":792,"menu_order":0,"template":"","meta":{"_acf_changed":false},"class_list":["post-959","hirek","type-hirek","status-publish","has-post-thumbnail","hentry"],"acf":[],"yoast_head":"<!-- This site is optimized with the Yoast SEO plugin v27.4 - https:\/\/yoast.com\/product\/yoast-seo-wordpress\/ -->\n<title>Online V\u00e1llalkoz\u00f3i F\u00f3rum - B\u00e9rt\u00e1mogat\u00e1sok elsz\u00e1mol\u00e1si \u00e9s munkajogi vonatkoz\u00e1sa, 2020.05.07. - Seed<\/title>\n<meta name=\"robots\" content=\"index, follow, max-snippet:-1, max-image-preview:large, max-video-preview:-1\" \/>\n<link rel=\"canonical\" href=\"https:\/\/seed.hu\/hirek\/online-vallalkozoi-forum-bertamogatasok-elszamolasi-es-munkajogi-vonatkozasa-2020-05-07\/\" \/>\n<meta property=\"og:locale\" content=\"en_US\" \/>\n<meta property=\"og:type\" content=\"article\" \/>\n<meta property=\"og:title\" content=\"Online V\u00e1llalkoz\u00f3i F\u00f3rum - B\u00e9rt\u00e1mogat\u00e1sok elsz\u00e1mol\u00e1si \u00e9s munkajogi vonatkoz\u00e1sa, 2020.05.07. - Seed\" \/>\n<meta property=\"og:description\" content=\"Online V\u00e1llalkoz\u00f3i F\u00f3rum &#8211; Egy szak\u00e9rt\u0151, egy v\u00e1llalkoz\u00f3, egy t\u00e9ma, 1 \u00f3ra A k\u00f6vetkez\u0151\u00a0szakmai besz\u00e9lget\u00e9s id\u0151pontja: 2020. m\u00e1jus\u00a007., cs\u00fct\u00f6rt\u00f6k, 17:30-18:30. A besz\u00e9lget\u0151partnerek: Horesta-Pataki Eszter, a Kulcs-Soft Nyrt. b\u00e9r-\u00fcgyf\u00e9lszolg\u00e1lati vezet\u0151je \u00e9s dr. G\u00f6m\u00f6ri Krisztina, az MPK \u00dcgyv\u00e9di T\u00e1rsul\u00e1s partnere A t\u00e9ma: A koronav\u00edrus vil\u00e1gj\u00e1rv\u00e1ny gazdas\u00e1gi hat\u00e1s\u00e1nak enyh\u00edt\u00e9s\u00e9t c\u00e9lz\u00f3 rendelkez\u00e9sek b\u00e9relsz\u00e1mol\u00e1sra \u00e9s munkajogi helyzetre gyakorolt hat\u00e1sai. R\u00e9szletes [&hellip;]\" \/>\n<meta property=\"og:url\" content=\"https:\/\/seed.hu\/hirek\/online-vallalkozoi-forum-bertamogatasok-elszamolasi-es-munkajogi-vonatkozasa-2020-05-07\/\" \/>\n<meta property=\"og:site_name\" content=\"Seed\" \/>\n<meta property=\"article:modified_time\" content=\"2022-01-20T17:04:33+00:00\" \/>\n<meta property=\"og:image\" content=\"https:\/\/seed.hu\/wp-content\/uploads\/2018\/04\/SEED_logo.png\" \/>\n\t<meta property=\"og:image:width\" content=\"250\" \/>\n\t<meta property=\"og:image:height\" content=\"206\" \/>\n\t<meta property=\"og:image:type\" content=\"image\/png\" \/>\n<meta name=\"twitter:card\" content=\"summary_large_image\" \/>\n<meta name=\"twitter:label1\" content=\"Est. reading time\" \/>\n\t<meta name=\"twitter:data1\" content=\"1 minute\" \/>\n<script type=\"application\/ld+json\" class=\"yoast-schema-graph\">{\"@context\":\"https:\\\/\\\/schema.org\",\"@graph\":[{\"@type\":\"WebPage\",\"@id\":\"https:\\\/\\\/seed.hu\\\/hirek\\\/online-vallalkozoi-forum-bertamogatasok-elszamolasi-es-munkajogi-vonatkozasa-2020-05-07\\\/\",\"url\":\"https:\\\/\\\/seed.hu\\\/hirek\\\/online-vallalkozoi-forum-bertamogatasok-elszamolasi-es-munkajogi-vonatkozasa-2020-05-07\\\/\",\"name\":\"Online V\u00e1llalkoz\u00f3i F\u00f3rum - B\u00e9rt\u00e1mogat\u00e1sok elsz\u00e1mol\u00e1si \u00e9s munkajogi vonatkoz\u00e1sa, 2020.05.07. - Seed\",\"isPartOf\":{\"@id\":\"https:\\\/\\\/seed.hu\\\/#website\"},\"primaryImageOfPage\":{\"@id\":\"https:\\\/\\\/seed.hu\\\/hirek\\\/online-vallalkozoi-forum-bertamogatasok-elszamolasi-es-munkajogi-vonatkozasa-2020-05-07\\\/#primaryimage\"},\"image\":{\"@id\":\"https:\\\/\\\/seed.hu\\\/hirek\\\/online-vallalkozoi-forum-bertamogatasok-elszamolasi-es-munkajogi-vonatkozasa-2020-05-07\\\/#primaryimage\"},\"thumbnailUrl\":\"https:\\\/\\\/seed.hu\\\/wp-content\\\/uploads\\\/2018\\\/04\\\/SEED_logo.png\",\"datePublished\":\"2020-05-04T17:00:25+00:00\",\"dateModified\":\"2022-01-20T17:04:33+00:00\",\"breadcrumb\":{\"@id\":\"https:\\\/\\\/seed.hu\\\/hirek\\\/online-vallalkozoi-forum-bertamogatasok-elszamolasi-es-munkajogi-vonatkozasa-2020-05-07\\\/#breadcrumb\"},\"inLanguage\":\"en-US\",\"potentialAction\":[{\"@type\":\"ReadAction\",\"target\":[\"https:\\\/\\\/seed.hu\\\/hirek\\\/online-vallalkozoi-forum-bertamogatasok-elszamolasi-es-munkajogi-vonatkozasa-2020-05-07\\\/\"]}]},{\"@type\":\"ImageObject\",\"inLanguage\":\"en-US\",\"@id\":\"https:\\\/\\\/seed.hu\\\/hirek\\\/online-vallalkozoi-forum-bertamogatasok-elszamolasi-es-munkajogi-vonatkozasa-2020-05-07\\\/#primaryimage\",\"url\":\"https:\\\/\\\/seed.hu\\\/wp-content\\\/uploads\\\/2018\\\/04\\\/SEED_logo.png\",\"contentUrl\":\"https:\\\/\\\/seed.hu\\\/wp-content\\\/uploads\\\/2018\\\/04\\\/SEED_logo.png\",\"width\":250,\"height\":206},{\"@type\":\"BreadcrumbList\",\"@id\":\"https:\\\/\\\/seed.hu\\\/hirek\\\/online-vallalkozoi-forum-bertamogatasok-elszamolasi-es-munkajogi-vonatkozasa-2020-05-07\\\/#breadcrumb\",\"itemListElement\":[{\"@type\":\"ListItem\",\"position\":1,\"name\":\"H\u00edrek\",\"item\":\"https:\\\/\\\/seed.hu\\\/hirek\\\/\"},{\"@type\":\"ListItem\",\"position\":2,\"name\":\"Online V\u00e1llalkoz\u00f3i F\u00f3rum &#8211; B\u00e9rt\u00e1mogat\u00e1sok elsz\u00e1mol\u00e1si \u00e9s munkajogi vonatkoz\u00e1sa, 2020.05.07.\"}]},{\"@type\":\"WebSite\",\"@id\":\"https:\\\/\\\/seed.hu\\\/#website\",\"url\":\"https:\\\/\\\/seed.hu\\\/\",\"name\":\"Seed\",\"description\":\"\",\"potentialAction\":[{\"@type\":\"SearchAction\",\"target\":{\"@type\":\"EntryPoint\",\"urlTemplate\":\"https:\\\/\\\/seed.hu\\\/?s={search_term_string}\"},\"query-input\":{\"@type\":\"PropertyValueSpecification\",\"valueRequired\":true,\"valueName\":\"search_term_string\"}}],\"inLanguage\":\"en-US\"}]}<\/script>\n<!-- \/ Yoast SEO plugin. -->","yoast_head_json":{"title":"Online V\u00e1llalkoz\u00f3i F\u00f3rum - B\u00e9rt\u00e1mogat\u00e1sok elsz\u00e1mol\u00e1si \u00e9s munkajogi vonatkoz\u00e1sa, 2020.05.07. - Seed","robots":{"index":"index","follow":"follow","max-snippet":"max-snippet:-1","max-image-preview":"max-image-preview:large","max-video-preview":"max-video-preview:-1"},"canonical":"https:\/\/seed.hu\/hirek\/online-vallalkozoi-forum-bertamogatasok-elszamolasi-es-munkajogi-vonatkozasa-2020-05-07\/","og_locale":"en_US","og_type":"article","og_title":"Online V\u00e1llalkoz\u00f3i F\u00f3rum - B\u00e9rt\u00e1mogat\u00e1sok elsz\u00e1mol\u00e1si \u00e9s munkajogi vonatkoz\u00e1sa, 2020.05.07. - Seed","og_description":"Online V\u00e1llalkoz\u00f3i F\u00f3rum &#8211; Egy szak\u00e9rt\u0151, egy v\u00e1llalkoz\u00f3, egy t\u00e9ma, 1 \u00f3ra A k\u00f6vetkez\u0151\u00a0szakmai besz\u00e9lget\u00e9s id\u0151pontja: 2020. m\u00e1jus\u00a007., cs\u00fct\u00f6rt\u00f6k, 17:30-18:30. A besz\u00e9lget\u0151partnerek: Horesta-Pataki Eszter, a Kulcs-Soft Nyrt. b\u00e9r-\u00fcgyf\u00e9lszolg\u00e1lati vezet\u0151je \u00e9s dr. G\u00f6m\u00f6ri Krisztina, az MPK \u00dcgyv\u00e9di T\u00e1rsul\u00e1s partnere A t\u00e9ma: A koronav\u00edrus vil\u00e1gj\u00e1rv\u00e1ny gazdas\u00e1gi hat\u00e1s\u00e1nak enyh\u00edt\u00e9s\u00e9t c\u00e9lz\u00f3 rendelkez\u00e9sek b\u00e9relsz\u00e1mol\u00e1sra \u00e9s munkajogi helyzetre gyakorolt hat\u00e1sai. R\u00e9szletes [&hellip;]","og_url":"https:\/\/seed.hu\/hirek\/online-vallalkozoi-forum-bertamogatasok-elszamolasi-es-munkajogi-vonatkozasa-2020-05-07\/","og_site_name":"Seed","article_modified_time":"2022-01-20T17:04:33+00:00","og_image":[{"width":250,"height":206,"url":"https:\/\/seed.hu\/wp-content\/uploads\/2018\/04\/SEED_logo.png","type":"image\/png"}],"twitter_card":"summary_large_image","twitter_misc":{"Est. reading time":"1 minute"},"schema":{"@context":"https:\/\/schema.org","@graph":[{"@type":"WebPage","@id":"https:\/\/seed.hu\/hirek\/online-vallalkozoi-forum-bertamogatasok-elszamolasi-es-munkajogi-vonatkozasa-2020-05-07\/","url":"https:\/\/seed.hu\/hirek\/online-vallalkozoi-forum-bertamogatasok-elszamolasi-es-munkajogi-vonatkozasa-2020-05-07\/","name":"Online V\u00e1llalkoz\u00f3i F\u00f3rum - B\u00e9rt\u00e1mogat\u00e1sok elsz\u00e1mol\u00e1si \u00e9s munkajogi vonatkoz\u00e1sa, 2020.05.07. - Seed","isPartOf":{"@id":"https:\/\/seed.hu\/#website"},"primaryImageOfPage":{"@id":"https:\/\/seed.hu\/hirek\/online-vallalkozoi-forum-bertamogatasok-elszamolasi-es-munkajogi-vonatkozasa-2020-05-07\/#primaryimage"},"image":{"@id":"https:\/\/seed.hu\/hirek\/online-vallalkozoi-forum-bertamogatasok-elszamolasi-es-munkajogi-vonatkozasa-2020-05-07\/#primaryimage"},"thumbnailUrl":"https:\/\/seed.hu\/wp-content\/uploads\/2018\/04\/SEED_logo.png","datePublished":"2020-05-04T17:00:25+00:00","dateModified":"2022-01-20T17:04:33+00:00","breadcrumb":{"@id":"https:\/\/seed.hu\/hirek\/online-vallalkozoi-forum-bertamogatasok-elszamolasi-es-munkajogi-vonatkozasa-2020-05-07\/#breadcrumb"},"inLanguage":"en-US","potentialAction":[{"@type":"ReadAction","target":["https:\/\/seed.hu\/hirek\/online-vallalkozoi-forum-bertamogatasok-elszamolasi-es-munkajogi-vonatkozasa-2020-05-07\/"]}]},{"@type":"ImageObject","inLanguage":"en-US","@id":"https:\/\/seed.hu\/hirek\/online-vallalkozoi-forum-bertamogatasok-elszamolasi-es-munkajogi-vonatkozasa-2020-05-07\/#primaryimage","url":"https:\/\/seed.hu\/wp-content\/uploads\/2018\/04\/SEED_logo.png","contentUrl":"https:\/\/seed.hu\/wp-content\/uploads\/2018\/04\/SEED_logo.png","width":250,"height":206},{"@type":"BreadcrumbList","@id":"https:\/\/seed.hu\/hirek\/online-vallalkozoi-forum-bertamogatasok-elszamolasi-es-munkajogi-vonatkozasa-2020-05-07\/#breadcrumb","itemListElement":[{"@type":"ListItem","position":1,"name":"H\u00edrek","item":"https:\/\/seed.hu\/hirek\/"},{"@type":"ListItem","position":2,"name":"Online V\u00e1llalkoz\u00f3i F\u00f3rum &#8211; B\u00e9rt\u00e1mogat\u00e1sok elsz\u00e1mol\u00e1si \u00e9s munkajogi vonatkoz\u00e1sa, 2020.05.07."}]},{"@type":"WebSite","@id":"https:\/\/seed.hu\/#website","url":"https:\/\/seed.hu\/","name":"Seed","description":"","potentialAction":[{"@type":"SearchAction","target":{"@type":"EntryPoint","urlTemplate":"https:\/\/seed.hu\/?s={search_term_string}"},"query-input":{"@type":"PropertyValueSpecification","valueRequired":true,"valueName":"search_term_string"}}],"inLanguage":"en-US"}]}},"_links":{"self":[{"href":"https:\/\/seed.hu\/en\/wp-json\/wp\/v2\/hirek\/959","targetHints":{"allow":["GET"]}}],"collection":[{"href":"https:\/\/seed.hu\/en\/wp-json\/wp\/v2\/hirek"}],"about":[{"href":"https:\/\/seed.hu\/en\/wp-json\/wp\/v2\/types\/hirek"}],"wp:featuredmedia":[{"embeddable":true,"href":"https:\/\/seed.hu\/en\/wp-json\/wp\/v2\/media\/792"}],"wp:attachment":[{"href":"https:\/\/seed.hu\/en\/wp-json\/wp\/v2\/media?parent=959"}],"curies":[{"name":"wp","href":"https:\/\/api.w.org\/{rel}","templated":true}]}}