{"id":961,"date":"2020-05-11T19:02:46","date_gmt":"2020-05-11T17:02:46","guid":{"rendered":"https:\/\/seed.hu\/?post_type=hirek&#038;p=961"},"modified":"2022-01-20T18:10:24","modified_gmt":"2022-01-20T17:10:24","slug":"bertamogatasok-elszamolasi-es-munkajogi-vonatkozasa","status":"publish","type":"hirek","link":"https:\/\/seed.hu\/en\/hirek\/bertamogatasok-elszamolasi-es-munkajogi-vonatkozasa\/","title":{"rendered":"B\u00e9rt\u00e1mogat\u00e1sok elsz\u00e1mol\u00e1si \u00e9s munkajogi vonatkoz\u00e1sa"},"content":{"rendered":"<p><a href=\"https:\/\/seed.hu\/szolgaltatasok\/kerdezd-a-tanacsadot\/partnerbig2\/\" rel=\"attachment wp-att-41\"><img loading=\"lazy\" decoding=\"async\" class=\"alignnone size-full wp-image-41\" src=\"https:\/\/seed.hu\/wp-content\/uploads\/2021\/02\/partnerBig2.png\" alt=\"\" width=\"241\" height=\"75\" \/><\/a><\/p>\n<p>A\u00a0<a href=\"https:\/\/seed.hu\/a-seed-ingyenes-vallalkozasokat-segito-tanacsado-oldala\" target=\"_blank\" rel=\"noopener\"><strong>V\u00e9szhelyzet.info<\/strong><\/a>\u00a0keret\u00e9ben ind\u00edtott Online V\u00e1llalkoz\u00f3i F\u00f3rum 2020. m\u00e1jus 7-ei alkalm\u00e1nak r\u00e9sztvev\u0151i a koronav\u00edrus vil\u00e1gj\u00e1rv\u00e1ny gazdas\u00e1gi hat\u00e1s\u00e1nak enyh\u00edt\u00e9s\u00e9t c\u00e9lz\u00f3 rendelkez\u00e9sek <strong>b\u00e9relsz\u00e1mol\u00e1sra \u00e9s munkajogi helyzetre gyakorolt<\/strong> hat\u00e1sai kapcs\u00e1n hallhattak naprak\u00e9sz inform\u00e1ci\u00f3kat \u00e9s tehettek fel k\u00e9rd\u00e9seket a szak\u00e9rt\u0151knek.<\/p>\n<p>A f\u00f3rum k\u00e9t szak\u00e9rt\u0151je ez alkalommal <strong>Horesta-Pataki Eszter, a Kulcs-Soft Nyrt. b\u00e9r-\u00fcgyf\u00e9lszolg\u00e1lati vezet\u0151je<\/strong> \u00e9s <strong>dr. G\u00f6m\u00f6ri Krisztina, az MPK \u00dcgyv\u00e9di T\u00e1rsul\u00e1s partnere<\/strong> volt.<\/p>\n<p>A f\u00f3rumon vet\u00edtett prezent\u00e1ci\u00f3 \u00e9s a besz\u00e9lget\u00e9s r\u00f6gz\u00edtett felv\u00e9tele itt n\u00e9zhet\u0151 meg:<\/p>\n<p style=\"text-align: left;\"><iframe loading=\"lazy\" src=\"https:\/\/www.youtube.com\/embed\/NU-wHlGgZLw\" width=\"500\" height=\"300\" frameborder=\"0\" scrolling=\"no\" allowfullscreen=\"allowfullscreen\"><\/iframe><\/p>\n<p>A m\u00e1rcius k\u00f6zep\u00e9n kialakult helyzet, nemcsak az embereket, de a jogalkot\u00e1st is nagy kih\u00edv\u00e1s el\u00e9 \u00e1ll\u00edtotta. Ennek az a magyar\u00e1zata, hogy azok a jogszab\u00e1lyok, amelyek szerint a mindennapokban \u00e9l\u00fcnk \u00e9s cseleksz\u00fcnk, b\u00e9keid\u0151kre \u00edr\u00f3dtak \u00e9s gyakorlatilag kev\u00e9sb\u00e9, vagy egy\u00e1ltal\u00e1n nem voltak felk\u00e9sz\u00fclve az olyan helyzetek kezel\u00e9s\u00e9re, mint a m\u00e1rcius 11-ei vesz\u00e9lyhelyzet eredm\u00e9nyezett \u2013 osztotta meg megl\u00e1t\u00e1sait el\u00f6lj\u00e1r\u00f3ban dr. G\u00f6m\u00f6ri Krisztina.<\/p>\n<p>2020. m\u00e1rcius 18-\u00e1n jelent meg a 47\/2020-as Korm. rendelet (47\/2020. (III. 18.)\u00a0Korm. rendelet <em>A koronav\u00edrus vil\u00e1gj\u00e1rv\u00e1ny nemzetgazdas\u00e1got \u00e9rint\u0151 hat\u00e1s\u00e1nak enyh\u00edt\u00e9se \u00e9rdek\u00e9ben sz\u00fcks\u00e9ges azonnali int\u00e9zked\u00e9sekr\u0151l<\/em>), amely gyakorlatilag munkajogi szempontb\u00f3l a legjelent\u0151sebbnek mondhat\u00f3 ebben az id\u0151szakban.<\/p>\n<p>A f\u00f3rum r\u00e9sztvev\u0151i ezt k\u00f6vet\u0151en arr\u00f3l hallhattak, hogy miben \u00e1ll ennek a Korm\u00e1ny rendeletnek a jelent\u0151s\u00e9ge, valamint t\u00f6bb gyakorlati p\u00e9lda is elhangzott.<\/p>\n<p>Horesta-Pataki Eszter, a Kulcs-Soft Nyrt. b\u00e9r-\u00fcgyf\u00e9lszolg\u00e1lati vezet\u0151je elsz\u00e1mol\u00e1si oldalr\u00f3l megvil\u00e1g\u00edtva mutatta be, hogy mit jelentenek ezek a rendelkez\u00e9sek a gyakorlatban a munk\u00e1ltat\u00f3k sz\u00e1m\u00e1ra, azaz mennyivel t\u00f6bb marad a munkaad\u00f3 zseb\u00e9ben.<\/p>\n<p>\u00c9rintett t\u00e9m\u00e1k:<\/p>\n<ul>\n<li>Kedvezm\u00e9nyes ad\u00f3z\u00e1s<\/li>\n<li>Egy\u00e9b kedvezm\u00e9nyek<\/li>\n<li>A munkaszervez\u00e9sben rejl\u0151 lehet\u0151s\u00e9gek (24 havi munkaid\u0151keret), egyszer\u0171s\u00edtett foglalkoztat\u00e1s, fizet\u00e9s n\u00e9lk\u00fcli szabads\u00e1g, \u00e1ltal\u00e1nos ad\u00f3teher cs\u00f6kkent\u00e9s a SZ\u00c9P k\u00e1rtya vonatkoz\u00e1s\u00e1ban<\/li>\n<li>Kompenz\u00e1ci\u00f3 elsz\u00e1mol\u00e1sa<\/li>\n<li>M\u00f3dos\u00edt\u00e1sra ker\u00fclt adatszolg\u00e1ltat\u00e1sok<\/li>\n<\/ul>\n<p>A szak\u00e9rt\u0151knek ez\u00faton is k\u00f6sz\u00f6nj\u00fck a hasznos inform\u00e1ci\u00f3kat \u00e9s a f\u00f3rum r\u00e9sztvev\u0151k k\u00e9rd\u00e9seire adott v\u00e1laszokat.<\/p>\n","protected":false},"featured_media":792,"menu_order":0,"template":"","meta":{"_acf_changed":false},"class_list":["post-961","hirek","type-hirek","status-publish","has-post-thumbnail","hentry"],"acf":[],"yoast_head":"<!-- This site is optimized with the Yoast SEO plugin v27.4 - https:\/\/yoast.com\/product\/yoast-seo-wordpress\/ -->\n<title>B\u00e9rt\u00e1mogat\u00e1sok elsz\u00e1mol\u00e1si \u00e9s munkajogi vonatkoz\u00e1sa - Seed<\/title>\n<meta name=\"robots\" content=\"index, follow, max-snippet:-1, max-image-preview:large, max-video-preview:-1\" \/>\n<link rel=\"canonical\" href=\"https:\/\/seed.hu\/hirek\/bertamogatasok-elszamolasi-es-munkajogi-vonatkozasa\/\" \/>\n<meta property=\"og:locale\" content=\"en_US\" \/>\n<meta property=\"og:type\" content=\"article\" \/>\n<meta property=\"og:title\" content=\"B\u00e9rt\u00e1mogat\u00e1sok elsz\u00e1mol\u00e1si \u00e9s munkajogi vonatkoz\u00e1sa - Seed\" \/>\n<meta property=\"og:description\" content=\"A\u00a0V\u00e9szhelyzet.info\u00a0keret\u00e9ben ind\u00edtott Online V\u00e1llalkoz\u00f3i F\u00f3rum 2020. m\u00e1jus 7-ei alkalm\u00e1nak r\u00e9sztvev\u0151i a koronav\u00edrus vil\u00e1gj\u00e1rv\u00e1ny gazdas\u00e1gi hat\u00e1s\u00e1nak enyh\u00edt\u00e9s\u00e9t c\u00e9lz\u00f3 rendelkez\u00e9sek b\u00e9relsz\u00e1mol\u00e1sra \u00e9s munkajogi helyzetre gyakorolt hat\u00e1sai kapcs\u00e1n hallhattak naprak\u00e9sz inform\u00e1ci\u00f3kat \u00e9s tehettek fel k\u00e9rd\u00e9seket a szak\u00e9rt\u0151knek. A f\u00f3rum k\u00e9t szak\u00e9rt\u0151je ez alkalommal Horesta-Pataki Eszter, a Kulcs-Soft Nyrt. b\u00e9r-\u00fcgyf\u00e9lszolg\u00e1lati vezet\u0151je \u00e9s dr. G\u00f6m\u00f6ri Krisztina, az MPK \u00dcgyv\u00e9di T\u00e1rsul\u00e1s [&hellip;]\" \/>\n<meta property=\"og:url\" content=\"https:\/\/seed.hu\/hirek\/bertamogatasok-elszamolasi-es-munkajogi-vonatkozasa\/\" \/>\n<meta property=\"og:site_name\" content=\"Seed\" \/>\n<meta property=\"article:modified_time\" content=\"2022-01-20T17:10:24+00:00\" \/>\n<meta property=\"og:image\" content=\"https:\/\/seed.hu\/wp-content\/uploads\/2018\/04\/SEED_logo.png\" \/>\n\t<meta property=\"og:image:width\" content=\"250\" \/>\n\t<meta property=\"og:image:height\" content=\"206\" \/>\n\t<meta property=\"og:image:type\" content=\"image\/png\" \/>\n<meta name=\"twitter:card\" content=\"summary_large_image\" \/>\n<meta name=\"twitter:label1\" content=\"Est. reading time\" \/>\n\t<meta name=\"twitter:data1\" content=\"2 minutes\" \/>\n<script type=\"application\/ld+json\" class=\"yoast-schema-graph\">{\"@context\":\"https:\\\/\\\/schema.org\",\"@graph\":[{\"@type\":\"WebPage\",\"@id\":\"https:\\\/\\\/seed.hu\\\/hirek\\\/bertamogatasok-elszamolasi-es-munkajogi-vonatkozasa\\\/\",\"url\":\"https:\\\/\\\/seed.hu\\\/hirek\\\/bertamogatasok-elszamolasi-es-munkajogi-vonatkozasa\\\/\",\"name\":\"B\u00e9rt\u00e1mogat\u00e1sok elsz\u00e1mol\u00e1si \u00e9s munkajogi vonatkoz\u00e1sa - Seed\",\"isPartOf\":{\"@id\":\"https:\\\/\\\/seed.hu\\\/#website\"},\"primaryImageOfPage\":{\"@id\":\"https:\\\/\\\/seed.hu\\\/hirek\\\/bertamogatasok-elszamolasi-es-munkajogi-vonatkozasa\\\/#primaryimage\"},\"image\":{\"@id\":\"https:\\\/\\\/seed.hu\\\/hirek\\\/bertamogatasok-elszamolasi-es-munkajogi-vonatkozasa\\\/#primaryimage\"},\"thumbnailUrl\":\"https:\\\/\\\/seed.hu\\\/wp-content\\\/uploads\\\/2018\\\/04\\\/SEED_logo.png\",\"datePublished\":\"2020-05-11T17:02:46+00:00\",\"dateModified\":\"2022-01-20T17:10:24+00:00\",\"breadcrumb\":{\"@id\":\"https:\\\/\\\/seed.hu\\\/hirek\\\/bertamogatasok-elszamolasi-es-munkajogi-vonatkozasa\\\/#breadcrumb\"},\"inLanguage\":\"en-US\",\"potentialAction\":[{\"@type\":\"ReadAction\",\"target\":[\"https:\\\/\\\/seed.hu\\\/hirek\\\/bertamogatasok-elszamolasi-es-munkajogi-vonatkozasa\\\/\"]}]},{\"@type\":\"ImageObject\",\"inLanguage\":\"en-US\",\"@id\":\"https:\\\/\\\/seed.hu\\\/hirek\\\/bertamogatasok-elszamolasi-es-munkajogi-vonatkozasa\\\/#primaryimage\",\"url\":\"https:\\\/\\\/seed.hu\\\/wp-content\\\/uploads\\\/2018\\\/04\\\/SEED_logo.png\",\"contentUrl\":\"https:\\\/\\\/seed.hu\\\/wp-content\\\/uploads\\\/2018\\\/04\\\/SEED_logo.png\",\"width\":250,\"height\":206},{\"@type\":\"BreadcrumbList\",\"@id\":\"https:\\\/\\\/seed.hu\\\/hirek\\\/bertamogatasok-elszamolasi-es-munkajogi-vonatkozasa\\\/#breadcrumb\",\"itemListElement\":[{\"@type\":\"ListItem\",\"position\":1,\"name\":\"H\u00edrek\",\"item\":\"https:\\\/\\\/seed.hu\\\/hirek\\\/\"},{\"@type\":\"ListItem\",\"position\":2,\"name\":\"B\u00e9rt\u00e1mogat\u00e1sok elsz\u00e1mol\u00e1si \u00e9s munkajogi vonatkoz\u00e1sa\"}]},{\"@type\":\"WebSite\",\"@id\":\"https:\\\/\\\/seed.hu\\\/#website\",\"url\":\"https:\\\/\\\/seed.hu\\\/\",\"name\":\"Seed\",\"description\":\"\",\"potentialAction\":[{\"@type\":\"SearchAction\",\"target\":{\"@type\":\"EntryPoint\",\"urlTemplate\":\"https:\\\/\\\/seed.hu\\\/?s={search_term_string}\"},\"query-input\":{\"@type\":\"PropertyValueSpecification\",\"valueRequired\":true,\"valueName\":\"search_term_string\"}}],\"inLanguage\":\"en-US\"}]}<\/script>\n<!-- \/ Yoast SEO plugin. -->","yoast_head_json":{"title":"B\u00e9rt\u00e1mogat\u00e1sok elsz\u00e1mol\u00e1si \u00e9s munkajogi vonatkoz\u00e1sa - Seed","robots":{"index":"index","follow":"follow","max-snippet":"max-snippet:-1","max-image-preview":"max-image-preview:large","max-video-preview":"max-video-preview:-1"},"canonical":"https:\/\/seed.hu\/hirek\/bertamogatasok-elszamolasi-es-munkajogi-vonatkozasa\/","og_locale":"en_US","og_type":"article","og_title":"B\u00e9rt\u00e1mogat\u00e1sok elsz\u00e1mol\u00e1si \u00e9s munkajogi vonatkoz\u00e1sa - Seed","og_description":"A\u00a0V\u00e9szhelyzet.info\u00a0keret\u00e9ben ind\u00edtott Online V\u00e1llalkoz\u00f3i F\u00f3rum 2020. m\u00e1jus 7-ei alkalm\u00e1nak r\u00e9sztvev\u0151i a koronav\u00edrus vil\u00e1gj\u00e1rv\u00e1ny gazdas\u00e1gi hat\u00e1s\u00e1nak enyh\u00edt\u00e9s\u00e9t c\u00e9lz\u00f3 rendelkez\u00e9sek b\u00e9relsz\u00e1mol\u00e1sra \u00e9s munkajogi helyzetre gyakorolt hat\u00e1sai kapcs\u00e1n hallhattak naprak\u00e9sz inform\u00e1ci\u00f3kat \u00e9s tehettek fel k\u00e9rd\u00e9seket a szak\u00e9rt\u0151knek. A f\u00f3rum k\u00e9t szak\u00e9rt\u0151je ez alkalommal Horesta-Pataki Eszter, a Kulcs-Soft Nyrt. b\u00e9r-\u00fcgyf\u00e9lszolg\u00e1lati vezet\u0151je \u00e9s dr. G\u00f6m\u00f6ri Krisztina, az MPK \u00dcgyv\u00e9di T\u00e1rsul\u00e1s [&hellip;]","og_url":"https:\/\/seed.hu\/hirek\/bertamogatasok-elszamolasi-es-munkajogi-vonatkozasa\/","og_site_name":"Seed","article_modified_time":"2022-01-20T17:10:24+00:00","og_image":[{"width":250,"height":206,"url":"https:\/\/seed.hu\/wp-content\/uploads\/2018\/04\/SEED_logo.png","type":"image\/png"}],"twitter_card":"summary_large_image","twitter_misc":{"Est. reading time":"2 minutes"},"schema":{"@context":"https:\/\/schema.org","@graph":[{"@type":"WebPage","@id":"https:\/\/seed.hu\/hirek\/bertamogatasok-elszamolasi-es-munkajogi-vonatkozasa\/","url":"https:\/\/seed.hu\/hirek\/bertamogatasok-elszamolasi-es-munkajogi-vonatkozasa\/","name":"B\u00e9rt\u00e1mogat\u00e1sok elsz\u00e1mol\u00e1si \u00e9s munkajogi vonatkoz\u00e1sa - Seed","isPartOf":{"@id":"https:\/\/seed.hu\/#website"},"primaryImageOfPage":{"@id":"https:\/\/seed.hu\/hirek\/bertamogatasok-elszamolasi-es-munkajogi-vonatkozasa\/#primaryimage"},"image":{"@id":"https:\/\/seed.hu\/hirek\/bertamogatasok-elszamolasi-es-munkajogi-vonatkozasa\/#primaryimage"},"thumbnailUrl":"https:\/\/seed.hu\/wp-content\/uploads\/2018\/04\/SEED_logo.png","datePublished":"2020-05-11T17:02:46+00:00","dateModified":"2022-01-20T17:10:24+00:00","breadcrumb":{"@id":"https:\/\/seed.hu\/hirek\/bertamogatasok-elszamolasi-es-munkajogi-vonatkozasa\/#breadcrumb"},"inLanguage":"en-US","potentialAction":[{"@type":"ReadAction","target":["https:\/\/seed.hu\/hirek\/bertamogatasok-elszamolasi-es-munkajogi-vonatkozasa\/"]}]},{"@type":"ImageObject","inLanguage":"en-US","@id":"https:\/\/seed.hu\/hirek\/bertamogatasok-elszamolasi-es-munkajogi-vonatkozasa\/#primaryimage","url":"https:\/\/seed.hu\/wp-content\/uploads\/2018\/04\/SEED_logo.png","contentUrl":"https:\/\/seed.hu\/wp-content\/uploads\/2018\/04\/SEED_logo.png","width":250,"height":206},{"@type":"BreadcrumbList","@id":"https:\/\/seed.hu\/hirek\/bertamogatasok-elszamolasi-es-munkajogi-vonatkozasa\/#breadcrumb","itemListElement":[{"@type":"ListItem","position":1,"name":"H\u00edrek","item":"https:\/\/seed.hu\/hirek\/"},{"@type":"ListItem","position":2,"name":"B\u00e9rt\u00e1mogat\u00e1sok elsz\u00e1mol\u00e1si \u00e9s munkajogi vonatkoz\u00e1sa"}]},{"@type":"WebSite","@id":"https:\/\/seed.hu\/#website","url":"https:\/\/seed.hu\/","name":"Seed","description":"","potentialAction":[{"@type":"SearchAction","target":{"@type":"EntryPoint","urlTemplate":"https:\/\/seed.hu\/?s={search_term_string}"},"query-input":{"@type":"PropertyValueSpecification","valueRequired":true,"valueName":"search_term_string"}}],"inLanguage":"en-US"}]}},"_links":{"self":[{"href":"https:\/\/seed.hu\/en\/wp-json\/wp\/v2\/hirek\/961","targetHints":{"allow":["GET"]}}],"collection":[{"href":"https:\/\/seed.hu\/en\/wp-json\/wp\/v2\/hirek"}],"about":[{"href":"https:\/\/seed.hu\/en\/wp-json\/wp\/v2\/types\/hirek"}],"wp:featuredmedia":[{"embeddable":true,"href":"https:\/\/seed.hu\/en\/wp-json\/wp\/v2\/media\/792"}],"wp:attachment":[{"href":"https:\/\/seed.hu\/en\/wp-json\/wp\/v2\/media?parent=961"}],"curies":[{"name":"wp","href":"https:\/\/api.w.org\/{rel}","templated":true}]}}