{"id":964,"date":"2020-05-11T19:44:36","date_gmt":"2020-05-11T17:44:36","guid":{"rendered":"https:\/\/seed.hu\/?post_type=hirek&#038;p=964"},"modified":"2022-01-20T18:14:15","modified_gmt":"2022-01-20T17:14:15","slug":"ujra-elerhetok-egynapos-online-kepzeseink-a-digitalizacio-es-uzleti-modellezes-temakorokben","status":"publish","type":"hirek","link":"https:\/\/seed.hu\/en\/hirek\/ujra-elerhetok-egynapos-online-kepzeseink-a-digitalizacio-es-uzleti-modellezes-temakorokben\/","title":{"rendered":"\u00dajra el\u00e9rhet\u0151k egynapos online k\u00e9pz\u00e9seink a digitaliz\u00e1ci\u00f3 \u00e9s \u00fczleti modellez\u00e9s t\u00e9mak\u00f6r\u00f6kben"},"content":{"rendered":"<p><strong><span style=\"font-size: 18px;\">Egynapos online k\u00e9pz\u00e9sek a SEED Alap\u00edtv\u00e1nyn\u00e1l<\/span><\/strong><br \/>\n<em>&#8221; Mindenk\u00e9ppen nagyobb r\u00e1l\u00e1t\u00e1som lett a digit\u00e1lis vil\u00e1gra \u00e9s sok mindent be is tudok majd \u00e9p\u00edteni a v\u00e1llalkoz\u00e1somba.&#8221;\u00a0\u00a0<\/em><\/p>\n<p><em>&#8221; Sok \u00fajdons\u00e1g volt sz\u00e1momra, \u00e9s ha valamelyik ter\u00fcleten t\u00f6bb tud\u00e1sra lesz sz\u00fcks\u00e9gem, akkor most m\u00e1r tudom, hogy merre induljak.&#8221;\u00a0<\/em><\/p>\n<p><em>&#8221; \u00c1tfog\u00f3 k\u00e9pet adott &#8211; kontextusba helyezte a digitaliz\u00e1l\u00e1s t\u00e9m\u00e1j\u00e1t, emellett m\u00e9gis nagyon sok gyakorlati praktika, hasznos info is volt, hogy tudjuk, milyen eszk\u00f6z\u00f6ket \u00e9rdemes haszn\u00e1lni, nagy seg\u00edts\u00e9g.&#8221;\u00a0<\/em><\/p>\n<p><em>&#8220;J\u00f3 \u00f6tletnek tartom, hogy el\u0151re kaptunk egy fogalomsz\u00f3t\u00e1rt, \u00edgy fel tudtam k\u00e9sz\u00fclni \u00e9s jobban tudtam k\u00f6vetni a tr\u00e9ninget.&#8221;<\/em><\/p>\n<p><strong>\u00cdgy \u00e9rt\u00e9kelt\u00e9k az idei digit\u00e1lis tr\u00e9ningen r\u00e9sztvev\u0151k a k\u00e9pz\u00e9s hasznoss\u00e1g\u00e1t.<\/strong><\/p>\n<p>&nbsp;<\/p>\n<p>A SEED Alap\u00edtv\u00e1ny 30 \u00e9ve seg\u00edt a v\u00e1llalkoz\u00f3knak a kornak megfelel\u0151 v\u00e1llalkoz\u00f3i tud\u00e1s megszerz\u00e9s\u00e9ben. Ennek \u00e9rdek\u00e9ben fejlesztette ki egynapos digit\u00e1lis k\u00e9pz\u00e9seit is, amelyekre m\u00e1jusban \u00e9s j\u00fanius elej\u00e9n lehet jelentkezni:<\/p>\n<p>Mi sem aktu\u00e1lisabb k\u00e9rd\u00e9s napjainkban, mint a t\u00e1vmunka, hiszen a foglalkoztatottak nagy r\u00e9sze ma home office-ban van, azaz otthonr\u00f3l, elektronikus csatorn\u00e1kon kereszt\u00fcl dolgozik. A kurzus szervez\u0151i \u00fagy v\u00e9lik, hogy a hat\u00e9konys\u00e1gr\u00f3l a t\u00e1vmunka miatt nem kell lemondani, hanem m\u00e9g fokozhatjuk is azt. A kurzus c\u00e9lja, hogy felh\u00edvja a v\u00e1llalkoz\u00f3k figyelm\u00e9t arra, hogy a megv\u00e1ltozott gazdas\u00e1gi k\u00f6r\u00fclm\u00e9nyek \u00fajfajta mechanizmusokat ig\u00e9nyelnek mind a munkav\u00e1llal\u00f3kkal, mind a partnerekkel val\u00f3 kapcsolattart\u00e1sban.<\/p>\n<p>A j\u00fanius 3-i k\u00e9pz\u00e9sre m\u00e1jus 31-\u00e9n \u00e9jf\u00e9lig lehet jelentkezni a k\u00f6vetkez\u0151 linken:<\/p>\n<p><strong><a href=\"https:\/\/seed.hu\/a-tavmunka-is-legyen-teljes-erteku-egyuttmukodes-az-online-terben-0\" target=\"_blank\" rel=\"noopener\">A t\u00e1vmunka is legyen teljes \u00e9rt\u00e9k\u0171! &#8211; egy\u00fcttm\u0171k\u00f6d\u00e9s az online t\u00e9rben<\/a><\/strong><\/p>\n<p><strong><img decoding=\"async\" style=\"width: 200px; height: 84px;\" src=\"https:\/\/seed.hu\/files\/images\/news-category\/a-tavmunka-500-211-big.png\" alt=\"\" \/><\/strong><\/p>\n<p>&nbsp;<\/p>\n<p><em>A hat\u00e9konys\u00e1g m\u00e9rhet\u0151! &#8211; \u00e1r-\u00e9rt\u00e9k alapon hozott d\u00f6nt\u00e9sek<\/em> c\u00edm\u0171 kurzusunk c\u00e9lja, hogy v\u00e1llalkoz\u00e1sok d\u00f6nt\u00e9shoz\u00f3inak l\u00e1that\u00f3v\u00e1 tegy\u00fck azokat az eszk\u00f6z\u00f6ket \u00e9s m\u00e9rlegelend\u0151 k\u00f6r\u00fclm\u00e9nyeket, amelyeket figyelembe v\u00e9ve tudatos, \u00e1r-\u00e9rt\u00e9kalap\u00fa d\u00f6nt\u00e9seket hozhatnak. A kurzuson a k\u00f6vetkez\u0151 t\u00e9m\u00e1k ker\u00fclnek ter\u00edt\u00e9kre: a l\u00e1that\u00f3s\u00e1g fontoss\u00e1ga; nem tervezett k\u00f6lts\u00e9gek; infokommunik\u00e1ci\u00f3; saj\u00e1t h\u00edrcsatorna; \u00fczlet\u00e9l\u00e9nk\u00edt\u00e9s; a hat\u00e9konys\u00e1g n\u00f6vel\u00e9se; mesters\u00e9ges intelligencia.<\/p>\n<p>A k\u00e9pz\u00e9s id\u0151pontja 2020. j\u00fanius 10. Jelentkezni 2020. j\u00fanius 7-\u00e9n \u00e9jf\u00e9lig lehet a k\u00f6vetkez\u0151 linken:<\/p>\n<p><strong><a href=\"https:\/\/seed.hu\/a-hatekonysag-merheto-ar-ertek-alapon-hozott-dontesek-0\" target=\"_blank\" rel=\"noopener\">A hat\u00e9konys\u00e1g m\u00e9rhet\u0151! &#8211; \u00e1r-\u00e9rt\u00e9k alapon hozott d\u00f6nt\u00e9sek<\/a><\/strong><\/p>\n<p><strong><img decoding=\"async\" style=\"width: 200px; height: 83px;\" src=\"https:\/\/seed.hu\/files\/images\/news-category\/a-hatekonysag-500-208-big.png\" alt=\"\" \/><\/strong><\/p>\n<p>&nbsp;<\/p>\n<p>Egy v\u00e1llalkoz\u00e1s tudatos, j\u00f3l megtervezett fel\u00e9p\u00edt\u00e9se f\u00e9l siker. A SEED Alap\u00edtv\u00e1ny mindig is nagy s\u00falyt helyezett arra, hogy a v\u00e1llalkoz\u00f3k er\u0151s alapokra \u00e9p\u00edts\u00e9k fel a v\u00e1llalkoz\u00e1sukat. A \u00a0SEED Alap\u00edtv\u00e1ny valamennyi v\u00e1llalkoz\u00f3i k\u00f6rnek k\u00edn\u00e1lja egynapos k\u00e9pz\u00e9s\u00e9t, ezzel egyidej\u0171leg kor\u00e1bbi Dobbant\u00f3 tr\u00e9ningen r\u00e9sztvev\u0151 h\u00f6lgy v\u00e1llalkoz\u00f3k is\u00a0aktualiz\u00e1lhatj\u00e1k \u00fczleti modellj\u00fcket, el\u0151t\u00e9rbe helyezve a jelenleg v\u00e1ltoz\u00f3 k\u00f6r\u00fclm\u00e9nyeket.<\/p>\n<p>Feldolgoz\u00e1sra v\u00e1r\u00f3 t\u00e9m\u00e1k:<\/p>\n<ul>\n<li>Hogyan v\u00e1ltozik a v\u00e1llalkoz\u00e1s \u00e9rt\u00e9kaj\u00e1nlata?<\/li>\n<li>\u00dcgyf\u00e9lszegmensek v\u00e1ltoz\u00f3 ig\u00e9nyei<\/li>\n<li>Partnereink, besz\u00e1ll\u00edt\u00f3ink v\u00e1ltoz\u00f3 folyamatai<\/li>\n<li>\u00daj c\u00e9lcsoportok felt\u00e9rk\u00e9pez\u00e9se<\/li>\n<li>Vizu\u00e1lis modellez\u00e9s, online eszk\u00f6z seg\u00edts\u00e9g\u00e9vel<\/li>\n<\/ul>\n<p>Id\u0151pont: 2020. j\u00fanius 4. Jelentkezni 2020. j\u00fanius 1-j\u00e9n \u00e9jf\u00e9lig lehet a k\u00f6vetkez\u0151 linken:<\/p>\n<p><strong><a href=\"https:\/\/seed.hu\/online-business-model-canvas-workshop-0\" target=\"_blank\" rel=\"noopener\">Online Business Model Canvas workshop<\/a><\/strong><\/p>\n<p><strong><img decoding=\"async\" style=\"width: 200px; height: 49px;\" src=\"https:\/\/seed.hu\/files\/images\/news-category\/online-bmc-workshop-700-162-big-big.png\" alt=\"\" \/><\/strong><\/p>\n<p>&nbsp;<\/p>\n","protected":false},"featured_media":792,"menu_order":0,"template":"","meta":{"_acf_changed":false},"class_list":["post-964","hirek","type-hirek","status-publish","has-post-thumbnail","hentry"],"acf":[],"yoast_head":"<!-- This site is optimized with the Yoast SEO plugin v27.4 - https:\/\/yoast.com\/product\/yoast-seo-wordpress\/ -->\n<title>\u00dajra el\u00e9rhet\u0151k egynapos online k\u00e9pz\u00e9seink a digitaliz\u00e1ci\u00f3 \u00e9s \u00fczleti modellez\u00e9s t\u00e9mak\u00f6r\u00f6kben - Seed<\/title>\n<meta name=\"robots\" content=\"index, follow, max-snippet:-1, max-image-preview:large, max-video-preview:-1\" \/>\n<link rel=\"canonical\" href=\"https:\/\/seed.hu\/hirek\/ujra-elerhetok-egynapos-online-kepzeseink-a-digitalizacio-es-uzleti-modellezes-temakorokben\/\" \/>\n<meta property=\"og:locale\" content=\"en_US\" \/>\n<meta property=\"og:type\" content=\"article\" \/>\n<meta property=\"og:title\" content=\"\u00dajra el\u00e9rhet\u0151k egynapos online k\u00e9pz\u00e9seink a digitaliz\u00e1ci\u00f3 \u00e9s \u00fczleti modellez\u00e9s t\u00e9mak\u00f6r\u00f6kben - Seed\" \/>\n<meta property=\"og:description\" content=\"Egynapos online k\u00e9pz\u00e9sek a SEED Alap\u00edtv\u00e1nyn\u00e1l &#8221; Mindenk\u00e9ppen nagyobb r\u00e1l\u00e1t\u00e1som lett a digit\u00e1lis vil\u00e1gra \u00e9s sok mindent be is tudok majd \u00e9p\u00edteni a v\u00e1llalkoz\u00e1somba.&#8221;\u00a0\u00a0 &#8221; Sok \u00fajdons\u00e1g volt sz\u00e1momra, \u00e9s ha valamelyik ter\u00fcleten t\u00f6bb tud\u00e1sra lesz sz\u00fcks\u00e9gem, akkor most m\u00e1r tudom, hogy merre induljak.&#8221;\u00a0 &#8221; \u00c1tfog\u00f3 k\u00e9pet adott &#8211; kontextusba helyezte a digitaliz\u00e1l\u00e1s t\u00e9m\u00e1j\u00e1t, emellett [&hellip;]\" \/>\n<meta property=\"og:url\" content=\"https:\/\/seed.hu\/hirek\/ujra-elerhetok-egynapos-online-kepzeseink-a-digitalizacio-es-uzleti-modellezes-temakorokben\/\" \/>\n<meta property=\"og:site_name\" content=\"Seed\" \/>\n<meta property=\"article:modified_time\" content=\"2022-01-20T17:14:15+00:00\" \/>\n<meta property=\"og:image\" content=\"https:\/\/seed.hu\/wp-content\/uploads\/2018\/04\/SEED_logo.png\" \/>\n\t<meta property=\"og:image:width\" content=\"250\" \/>\n\t<meta property=\"og:image:height\" content=\"206\" \/>\n\t<meta property=\"og:image:type\" content=\"image\/png\" \/>\n<meta name=\"twitter:card\" content=\"summary_large_image\" \/>\n<meta name=\"twitter:label1\" content=\"Est. reading time\" \/>\n\t<meta name=\"twitter:data1\" content=\"3 minutes\" \/>\n<script type=\"application\/ld+json\" class=\"yoast-schema-graph\">{\"@context\":\"https:\\\/\\\/schema.org\",\"@graph\":[{\"@type\":\"WebPage\",\"@id\":\"https:\\\/\\\/seed.hu\\\/hirek\\\/ujra-elerhetok-egynapos-online-kepzeseink-a-digitalizacio-es-uzleti-modellezes-temakorokben\\\/\",\"url\":\"https:\\\/\\\/seed.hu\\\/hirek\\\/ujra-elerhetok-egynapos-online-kepzeseink-a-digitalizacio-es-uzleti-modellezes-temakorokben\\\/\",\"name\":\"\u00dajra el\u00e9rhet\u0151k egynapos online k\u00e9pz\u00e9seink a digitaliz\u00e1ci\u00f3 \u00e9s \u00fczleti modellez\u00e9s t\u00e9mak\u00f6r\u00f6kben - Seed\",\"isPartOf\":{\"@id\":\"https:\\\/\\\/seed.hu\\\/#website\"},\"primaryImageOfPage\":{\"@id\":\"https:\\\/\\\/seed.hu\\\/hirek\\\/ujra-elerhetok-egynapos-online-kepzeseink-a-digitalizacio-es-uzleti-modellezes-temakorokben\\\/#primaryimage\"},\"image\":{\"@id\":\"https:\\\/\\\/seed.hu\\\/hirek\\\/ujra-elerhetok-egynapos-online-kepzeseink-a-digitalizacio-es-uzleti-modellezes-temakorokben\\\/#primaryimage\"},\"thumbnailUrl\":\"https:\\\/\\\/seed.hu\\\/wp-content\\\/uploads\\\/2018\\\/04\\\/SEED_logo.png\",\"datePublished\":\"2020-05-11T17:44:36+00:00\",\"dateModified\":\"2022-01-20T17:14:15+00:00\",\"breadcrumb\":{\"@id\":\"https:\\\/\\\/seed.hu\\\/hirek\\\/ujra-elerhetok-egynapos-online-kepzeseink-a-digitalizacio-es-uzleti-modellezes-temakorokben\\\/#breadcrumb\"},\"inLanguage\":\"en-US\",\"potentialAction\":[{\"@type\":\"ReadAction\",\"target\":[\"https:\\\/\\\/seed.hu\\\/hirek\\\/ujra-elerhetok-egynapos-online-kepzeseink-a-digitalizacio-es-uzleti-modellezes-temakorokben\\\/\"]}]},{\"@type\":\"ImageObject\",\"inLanguage\":\"en-US\",\"@id\":\"https:\\\/\\\/seed.hu\\\/hirek\\\/ujra-elerhetok-egynapos-online-kepzeseink-a-digitalizacio-es-uzleti-modellezes-temakorokben\\\/#primaryimage\",\"url\":\"https:\\\/\\\/seed.hu\\\/wp-content\\\/uploads\\\/2018\\\/04\\\/SEED_logo.png\",\"contentUrl\":\"https:\\\/\\\/seed.hu\\\/wp-content\\\/uploads\\\/2018\\\/04\\\/SEED_logo.png\",\"width\":250,\"height\":206},{\"@type\":\"BreadcrumbList\",\"@id\":\"https:\\\/\\\/seed.hu\\\/hirek\\\/ujra-elerhetok-egynapos-online-kepzeseink-a-digitalizacio-es-uzleti-modellezes-temakorokben\\\/#breadcrumb\",\"itemListElement\":[{\"@type\":\"ListItem\",\"position\":1,\"name\":\"H\u00edrek\",\"item\":\"https:\\\/\\\/seed.hu\\\/hirek\\\/\"},{\"@type\":\"ListItem\",\"position\":2,\"name\":\"\u00dajra el\u00e9rhet\u0151k egynapos online k\u00e9pz\u00e9seink a digitaliz\u00e1ci\u00f3 \u00e9s \u00fczleti modellez\u00e9s t\u00e9mak\u00f6r\u00f6kben\"}]},{\"@type\":\"WebSite\",\"@id\":\"https:\\\/\\\/seed.hu\\\/#website\",\"url\":\"https:\\\/\\\/seed.hu\\\/\",\"name\":\"Seed\",\"description\":\"\",\"potentialAction\":[{\"@type\":\"SearchAction\",\"target\":{\"@type\":\"EntryPoint\",\"urlTemplate\":\"https:\\\/\\\/seed.hu\\\/?s={search_term_string}\"},\"query-input\":{\"@type\":\"PropertyValueSpecification\",\"valueRequired\":true,\"valueName\":\"search_term_string\"}}],\"inLanguage\":\"en-US\"}]}<\/script>\n<!-- \/ Yoast SEO plugin. -->","yoast_head_json":{"title":"\u00dajra el\u00e9rhet\u0151k egynapos online k\u00e9pz\u00e9seink a digitaliz\u00e1ci\u00f3 \u00e9s \u00fczleti modellez\u00e9s t\u00e9mak\u00f6r\u00f6kben - Seed","robots":{"index":"index","follow":"follow","max-snippet":"max-snippet:-1","max-image-preview":"max-image-preview:large","max-video-preview":"max-video-preview:-1"},"canonical":"https:\/\/seed.hu\/hirek\/ujra-elerhetok-egynapos-online-kepzeseink-a-digitalizacio-es-uzleti-modellezes-temakorokben\/","og_locale":"en_US","og_type":"article","og_title":"\u00dajra el\u00e9rhet\u0151k egynapos online k\u00e9pz\u00e9seink a digitaliz\u00e1ci\u00f3 \u00e9s \u00fczleti modellez\u00e9s t\u00e9mak\u00f6r\u00f6kben - Seed","og_description":"Egynapos online k\u00e9pz\u00e9sek a SEED Alap\u00edtv\u00e1nyn\u00e1l &#8221; Mindenk\u00e9ppen nagyobb r\u00e1l\u00e1t\u00e1som lett a digit\u00e1lis vil\u00e1gra \u00e9s sok mindent be is tudok majd \u00e9p\u00edteni a v\u00e1llalkoz\u00e1somba.&#8221;\u00a0\u00a0 &#8221; Sok \u00fajdons\u00e1g volt sz\u00e1momra, \u00e9s ha valamelyik ter\u00fcleten t\u00f6bb tud\u00e1sra lesz sz\u00fcks\u00e9gem, akkor most m\u00e1r tudom, hogy merre induljak.&#8221;\u00a0 &#8221; \u00c1tfog\u00f3 k\u00e9pet adott &#8211; kontextusba helyezte a digitaliz\u00e1l\u00e1s t\u00e9m\u00e1j\u00e1t, emellett [&hellip;]","og_url":"https:\/\/seed.hu\/hirek\/ujra-elerhetok-egynapos-online-kepzeseink-a-digitalizacio-es-uzleti-modellezes-temakorokben\/","og_site_name":"Seed","article_modified_time":"2022-01-20T17:14:15+00:00","og_image":[{"width":250,"height":206,"url":"https:\/\/seed.hu\/wp-content\/uploads\/2018\/04\/SEED_logo.png","type":"image\/png"}],"twitter_card":"summary_large_image","twitter_misc":{"Est. reading time":"3 minutes"},"schema":{"@context":"https:\/\/schema.org","@graph":[{"@type":"WebPage","@id":"https:\/\/seed.hu\/hirek\/ujra-elerhetok-egynapos-online-kepzeseink-a-digitalizacio-es-uzleti-modellezes-temakorokben\/","url":"https:\/\/seed.hu\/hirek\/ujra-elerhetok-egynapos-online-kepzeseink-a-digitalizacio-es-uzleti-modellezes-temakorokben\/","name":"\u00dajra el\u00e9rhet\u0151k egynapos online k\u00e9pz\u00e9seink a digitaliz\u00e1ci\u00f3 \u00e9s \u00fczleti modellez\u00e9s t\u00e9mak\u00f6r\u00f6kben - Seed","isPartOf":{"@id":"https:\/\/seed.hu\/#website"},"primaryImageOfPage":{"@id":"https:\/\/seed.hu\/hirek\/ujra-elerhetok-egynapos-online-kepzeseink-a-digitalizacio-es-uzleti-modellezes-temakorokben\/#primaryimage"},"image":{"@id":"https:\/\/seed.hu\/hirek\/ujra-elerhetok-egynapos-online-kepzeseink-a-digitalizacio-es-uzleti-modellezes-temakorokben\/#primaryimage"},"thumbnailUrl":"https:\/\/seed.hu\/wp-content\/uploads\/2018\/04\/SEED_logo.png","datePublished":"2020-05-11T17:44:36+00:00","dateModified":"2022-01-20T17:14:15+00:00","breadcrumb":{"@id":"https:\/\/seed.hu\/hirek\/ujra-elerhetok-egynapos-online-kepzeseink-a-digitalizacio-es-uzleti-modellezes-temakorokben\/#breadcrumb"},"inLanguage":"en-US","potentialAction":[{"@type":"ReadAction","target":["https:\/\/seed.hu\/hirek\/ujra-elerhetok-egynapos-online-kepzeseink-a-digitalizacio-es-uzleti-modellezes-temakorokben\/"]}]},{"@type":"ImageObject","inLanguage":"en-US","@id":"https:\/\/seed.hu\/hirek\/ujra-elerhetok-egynapos-online-kepzeseink-a-digitalizacio-es-uzleti-modellezes-temakorokben\/#primaryimage","url":"https:\/\/seed.hu\/wp-content\/uploads\/2018\/04\/SEED_logo.png","contentUrl":"https:\/\/seed.hu\/wp-content\/uploads\/2018\/04\/SEED_logo.png","width":250,"height":206},{"@type":"BreadcrumbList","@id":"https:\/\/seed.hu\/hirek\/ujra-elerhetok-egynapos-online-kepzeseink-a-digitalizacio-es-uzleti-modellezes-temakorokben\/#breadcrumb","itemListElement":[{"@type":"ListItem","position":1,"name":"H\u00edrek","item":"https:\/\/seed.hu\/hirek\/"},{"@type":"ListItem","position":2,"name":"\u00dajra el\u00e9rhet\u0151k egynapos online k\u00e9pz\u00e9seink a digitaliz\u00e1ci\u00f3 \u00e9s \u00fczleti modellez\u00e9s t\u00e9mak\u00f6r\u00f6kben"}]},{"@type":"WebSite","@id":"https:\/\/seed.hu\/#website","url":"https:\/\/seed.hu\/","name":"Seed","description":"","potentialAction":[{"@type":"SearchAction","target":{"@type":"EntryPoint","urlTemplate":"https:\/\/seed.hu\/?s={search_term_string}"},"query-input":{"@type":"PropertyValueSpecification","valueRequired":true,"valueName":"search_term_string"}}],"inLanguage":"en-US"}]}},"_links":{"self":[{"href":"https:\/\/seed.hu\/en\/wp-json\/wp\/v2\/hirek\/964","targetHints":{"allow":["GET"]}}],"collection":[{"href":"https:\/\/seed.hu\/en\/wp-json\/wp\/v2\/hirek"}],"about":[{"href":"https:\/\/seed.hu\/en\/wp-json\/wp\/v2\/types\/hirek"}],"wp:featuredmedia":[{"embeddable":true,"href":"https:\/\/seed.hu\/en\/wp-json\/wp\/v2\/media\/792"}],"wp:attachment":[{"href":"https:\/\/seed.hu\/en\/wp-json\/wp\/v2\/media?parent=964"}],"curies":[{"name":"wp","href":"https:\/\/api.w.org\/{rel}","templated":true}]}}