{"id":967,"date":"2020-05-18T18:56:38","date_gmt":"2020-05-18T16:56:38","guid":{"rendered":"https:\/\/seed.hu\/?post_type=hirek&#038;p=967"},"modified":"2022-01-20T18:18:46","modified_gmt":"2022-01-20T17:18:46","slug":"a-kozossegi-media-eszkozok-optimalis-hasznalata-a-kkv-k-marketingjeben","status":"publish","type":"hirek","link":"https:\/\/seed.hu\/en\/hirek\/a-kozossegi-media-eszkozok-optimalis-hasznalata-a-kkv-k-marketingjeben\/","title":{"rendered":"A k\u00f6z\u00f6ss\u00e9gi m\u00e9dia eszk\u00f6z\u00f6k optim\u00e1lis haszn\u00e1lata a KKV-k marketingj\u00e9ben"},"content":{"rendered":"<p><a href=\"https:\/\/seed.hu\/szolgaltatasok\/kerdezd-a-tanacsadot\/partnerbig2\/\" rel=\"attachment wp-att-41\"><img loading=\"lazy\" decoding=\"async\" class=\"alignnone size-full wp-image-41\" src=\"https:\/\/seed.hu\/wp-content\/uploads\/2021\/02\/partnerBig2.png\" alt=\"\" width=\"241\" height=\"75\" \/><\/a><\/p>\n<p><span style=\"font-size: 18px;\"><strong>Online V\u00e1llalkoz\u00f3i F\u00f3rum &#8211; Egy szak\u00e9rt\u0151, egy v\u00e1llalkoz\u00f3, egy t\u00e9ma, 1 \u00f3ra<\/strong><\/span><\/p>\n<p>A\u00a0<strong><a href=\"https:\/\/seed.hu\/a-seed-ingyenes-vallalkozasokat-segito-tanacsado-oldala\" target=\"_blank\" rel=\"noopener\">V\u00e9szhelyzet.info<\/a><\/strong>\u00a0keret\u00e9n bel\u00fcl imm\u00e1ron 3. alkalommal ker\u00fclt megrendez\u00e9sre az Online V\u00e1llalkoz\u00f3i F\u00f3rum \u201eEgy szak\u00e9rt\u0151, egy v\u00e1llalkoz\u00f3, egy t\u00e9ma, 1 \u00f3ra\u201d interakt\u00edv el\u0151ad\u00e1s sorozatunk.<\/p>\n<p>A m\u00e1jus 14-ei t\u00e9m\u00e1nk egy, a j\u00e1rv\u00e1nyhelyzet idej\u00e9n m\u00e9gink\u00e1bb aktu\u00e1lis k\u00e9rd\u00e9st, a k\u00f6z\u00f6ss\u00e9gi m\u00e9di\u00e1k optim\u00e1lis haszn\u00e1lat\u00e1t \u00f6lelte fel egy szak\u00e9rt\u0151 \u00e9s egy v\u00e1llalkoz\u00f3 tapasztalatai alapj\u00e1n. A f\u00f3rum keret\u00e9n bel\u00fcl<strong> Husz\u00e1r S\u00e1ndor, a Blureen Marketing \u00e9s Piackutat\u00e1s \u00fcgyn\u00f6ks\u00e9g \u00fcgyvezet\u0151je \u00e9s marketing tan\u00e1csad\u00f3ja<\/strong>, valamint <strong>Nov\u00e1k J\u00f3zsef, a Novi Team Zala tulajdonosa \u00e9s \u00fcgyvezet\u0151je<\/strong> cser\u00e9ltek eszm\u00e9t arr\u00f3l, hogy mik azok a tipikus hib\u00e1k, amiket sokan elk\u00f6vet\u00fcnk az online tartalmak gy\u00e1rt\u00e1sakor, \u00e9s ennek ment\u00e9n pr\u00f3b\u00e1ltak j\u00f3 gyakorlatokat is megosztani a r\u00e9sztvev\u0151kkel, hogy a v\u00e1llalkoz\u00e1s marketingje biztosan c\u00e9lba \u00e9rhessen a felt\u00e9rk\u00e9pezett c\u00e9lcsoport sz\u00e1m\u00e1ra.<\/p>\n<p>Nov\u00e1k J\u00f3zsef kend\u0151zetlen\u00fcl mes\u00e9lt a v\u00e1llalkoz\u00e1s\u00e1nak \u00e9p\u00edt\u00e9s\u00e9ben szerzett online marketing tapasztalatair\u00f3l, megfogalmaz\u00e1sra ker\u00fcltek azok a t\u00e9ves eszm\u00e9k, amiket ma m\u00e1r biztosan m\u00e1sk\u00e9pp csin\u00e1lna, m\u00edg Husz\u00e1r S\u00e1ndor a marketing tan\u00e1csad\u00f3i munk\u00e1ss\u00e1ga sor\u00e1n felt\u00e1rt probl\u00e9m\u00e1kra \u00e9s azok megold\u00e1saira h\u00edvta fel a figyelmet.<\/p>\n<p>A k\u00f6ztudatban jelen van az a t\u00e9vhit, hogy a k\u00f6z\u00f6ss\u00e9gi m\u00e9di\u00e1k haszn\u00e1lat\u00e1n kereszt\u00fcl ki tudjuk v\u00e1ltani az egy\u00e9b hirdet\u00e9seket, m\u00e9dia fel\u00fcleteket. Val\u00f3ban \u00edgy lenne? Mik azok a praktik\u00e1k, melyeket ha bevet\u00fcnk \u00e9s j\u00f3l haszn\u00e1ljuk az egyes csatorn\u00e1kat, felfigyelnek r\u00e1nk a piacon? Ha k\u00edv\u00e1ncsi vagy, kattints a vide\u00f3ra \u00e9s n\u00e9zd v\u00e9gig a besz\u00e9lget\u00e9st!<\/p>\n<p style=\"text-align: left;\"><iframe loading=\"lazy\" src=\"https:\/\/www.youtube.com\/embed\/6kl2sZ4n0EE\" width=\"500\" height=\"300\" frameborder=\"0\" scrolling=\"no\" allowfullscreen=\"allowfullscreen\"><\/iframe><\/p>\n","protected":false},"featured_media":792,"menu_order":0,"template":"","meta":{"_acf_changed":false},"class_list":["post-967","hirek","type-hirek","status-publish","has-post-thumbnail","hentry"],"acf":[],"yoast_head":"<!-- This site is optimized with the Yoast SEO plugin v27.4 - https:\/\/yoast.com\/product\/yoast-seo-wordpress\/ -->\n<title>A k\u00f6z\u00f6ss\u00e9gi m\u00e9dia eszk\u00f6z\u00f6k optim\u00e1lis haszn\u00e1lata a KKV-k marketingj\u00e9ben - Seed<\/title>\n<meta name=\"robots\" content=\"index, follow, max-snippet:-1, max-image-preview:large, max-video-preview:-1\" \/>\n<link rel=\"canonical\" href=\"https:\/\/seed.hu\/hirek\/a-kozossegi-media-eszkozok-optimalis-hasznalata-a-kkv-k-marketingjeben\/\" \/>\n<meta property=\"og:locale\" content=\"en_US\" \/>\n<meta property=\"og:type\" content=\"article\" \/>\n<meta property=\"og:title\" content=\"A k\u00f6z\u00f6ss\u00e9gi m\u00e9dia eszk\u00f6z\u00f6k optim\u00e1lis haszn\u00e1lata a KKV-k marketingj\u00e9ben - Seed\" \/>\n<meta property=\"og:description\" content=\"Online V\u00e1llalkoz\u00f3i F\u00f3rum &#8211; Egy szak\u00e9rt\u0151, egy v\u00e1llalkoz\u00f3, egy t\u00e9ma, 1 \u00f3ra A\u00a0V\u00e9szhelyzet.info\u00a0keret\u00e9n bel\u00fcl imm\u00e1ron 3. alkalommal ker\u00fclt megrendez\u00e9sre az Online V\u00e1llalkoz\u00f3i F\u00f3rum \u201eEgy szak\u00e9rt\u0151, egy v\u00e1llalkoz\u00f3, egy t\u00e9ma, 1 \u00f3ra\u201d interakt\u00edv el\u0151ad\u00e1s sorozatunk. A m\u00e1jus 14-ei t\u00e9m\u00e1nk egy, a j\u00e1rv\u00e1nyhelyzet idej\u00e9n m\u00e9gink\u00e1bb aktu\u00e1lis k\u00e9rd\u00e9st, a k\u00f6z\u00f6ss\u00e9gi m\u00e9di\u00e1k optim\u00e1lis haszn\u00e1lat\u00e1t \u00f6lelte fel egy szak\u00e9rt\u0151 \u00e9s [&hellip;]\" \/>\n<meta property=\"og:url\" content=\"https:\/\/seed.hu\/hirek\/a-kozossegi-media-eszkozok-optimalis-hasznalata-a-kkv-k-marketingjeben\/\" \/>\n<meta property=\"og:site_name\" content=\"Seed\" \/>\n<meta property=\"article:modified_time\" content=\"2022-01-20T17:18:46+00:00\" \/>\n<meta property=\"og:image\" content=\"https:\/\/seed.hu\/wp-content\/uploads\/2018\/04\/SEED_logo.png\" \/>\n\t<meta property=\"og:image:width\" content=\"250\" \/>\n\t<meta property=\"og:image:height\" content=\"206\" \/>\n\t<meta property=\"og:image:type\" content=\"image\/png\" \/>\n<meta name=\"twitter:card\" content=\"summary_large_image\" \/>\n<meta name=\"twitter:label1\" content=\"Est. reading time\" \/>\n\t<meta name=\"twitter:data1\" content=\"2 minutes\" \/>\n<script type=\"application\/ld+json\" class=\"yoast-schema-graph\">{\"@context\":\"https:\\\/\\\/schema.org\",\"@graph\":[{\"@type\":\"WebPage\",\"@id\":\"https:\\\/\\\/seed.hu\\\/hirek\\\/a-kozossegi-media-eszkozok-optimalis-hasznalata-a-kkv-k-marketingjeben\\\/\",\"url\":\"https:\\\/\\\/seed.hu\\\/hirek\\\/a-kozossegi-media-eszkozok-optimalis-hasznalata-a-kkv-k-marketingjeben\\\/\",\"name\":\"A k\u00f6z\u00f6ss\u00e9gi m\u00e9dia eszk\u00f6z\u00f6k optim\u00e1lis haszn\u00e1lata a KKV-k marketingj\u00e9ben - Seed\",\"isPartOf\":{\"@id\":\"https:\\\/\\\/seed.hu\\\/#website\"},\"primaryImageOfPage\":{\"@id\":\"https:\\\/\\\/seed.hu\\\/hirek\\\/a-kozossegi-media-eszkozok-optimalis-hasznalata-a-kkv-k-marketingjeben\\\/#primaryimage\"},\"image\":{\"@id\":\"https:\\\/\\\/seed.hu\\\/hirek\\\/a-kozossegi-media-eszkozok-optimalis-hasznalata-a-kkv-k-marketingjeben\\\/#primaryimage\"},\"thumbnailUrl\":\"https:\\\/\\\/seed.hu\\\/wp-content\\\/uploads\\\/2018\\\/04\\\/SEED_logo.png\",\"datePublished\":\"2020-05-18T16:56:38+00:00\",\"dateModified\":\"2022-01-20T17:18:46+00:00\",\"breadcrumb\":{\"@id\":\"https:\\\/\\\/seed.hu\\\/hirek\\\/a-kozossegi-media-eszkozok-optimalis-hasznalata-a-kkv-k-marketingjeben\\\/#breadcrumb\"},\"inLanguage\":\"en-US\",\"potentialAction\":[{\"@type\":\"ReadAction\",\"target\":[\"https:\\\/\\\/seed.hu\\\/hirek\\\/a-kozossegi-media-eszkozok-optimalis-hasznalata-a-kkv-k-marketingjeben\\\/\"]}]},{\"@type\":\"ImageObject\",\"inLanguage\":\"en-US\",\"@id\":\"https:\\\/\\\/seed.hu\\\/hirek\\\/a-kozossegi-media-eszkozok-optimalis-hasznalata-a-kkv-k-marketingjeben\\\/#primaryimage\",\"url\":\"https:\\\/\\\/seed.hu\\\/wp-content\\\/uploads\\\/2018\\\/04\\\/SEED_logo.png\",\"contentUrl\":\"https:\\\/\\\/seed.hu\\\/wp-content\\\/uploads\\\/2018\\\/04\\\/SEED_logo.png\",\"width\":250,\"height\":206},{\"@type\":\"BreadcrumbList\",\"@id\":\"https:\\\/\\\/seed.hu\\\/hirek\\\/a-kozossegi-media-eszkozok-optimalis-hasznalata-a-kkv-k-marketingjeben\\\/#breadcrumb\",\"itemListElement\":[{\"@type\":\"ListItem\",\"position\":1,\"name\":\"H\u00edrek\",\"item\":\"https:\\\/\\\/seed.hu\\\/hirek\\\/\"},{\"@type\":\"ListItem\",\"position\":2,\"name\":\"A k\u00f6z\u00f6ss\u00e9gi m\u00e9dia eszk\u00f6z\u00f6k optim\u00e1lis haszn\u00e1lata a KKV-k marketingj\u00e9ben\"}]},{\"@type\":\"WebSite\",\"@id\":\"https:\\\/\\\/seed.hu\\\/#website\",\"url\":\"https:\\\/\\\/seed.hu\\\/\",\"name\":\"Seed\",\"description\":\"\",\"potentialAction\":[{\"@type\":\"SearchAction\",\"target\":{\"@type\":\"EntryPoint\",\"urlTemplate\":\"https:\\\/\\\/seed.hu\\\/?s={search_term_string}\"},\"query-input\":{\"@type\":\"PropertyValueSpecification\",\"valueRequired\":true,\"valueName\":\"search_term_string\"}}],\"inLanguage\":\"en-US\"}]}<\/script>\n<!-- \/ Yoast SEO plugin. -->","yoast_head_json":{"title":"A k\u00f6z\u00f6ss\u00e9gi m\u00e9dia eszk\u00f6z\u00f6k optim\u00e1lis haszn\u00e1lata a KKV-k marketingj\u00e9ben - Seed","robots":{"index":"index","follow":"follow","max-snippet":"max-snippet:-1","max-image-preview":"max-image-preview:large","max-video-preview":"max-video-preview:-1"},"canonical":"https:\/\/seed.hu\/hirek\/a-kozossegi-media-eszkozok-optimalis-hasznalata-a-kkv-k-marketingjeben\/","og_locale":"en_US","og_type":"article","og_title":"A k\u00f6z\u00f6ss\u00e9gi m\u00e9dia eszk\u00f6z\u00f6k optim\u00e1lis haszn\u00e1lata a KKV-k marketingj\u00e9ben - Seed","og_description":"Online V\u00e1llalkoz\u00f3i F\u00f3rum &#8211; Egy szak\u00e9rt\u0151, egy v\u00e1llalkoz\u00f3, egy t\u00e9ma, 1 \u00f3ra A\u00a0V\u00e9szhelyzet.info\u00a0keret\u00e9n bel\u00fcl imm\u00e1ron 3. alkalommal ker\u00fclt megrendez\u00e9sre az Online V\u00e1llalkoz\u00f3i F\u00f3rum \u201eEgy szak\u00e9rt\u0151, egy v\u00e1llalkoz\u00f3, egy t\u00e9ma, 1 \u00f3ra\u201d interakt\u00edv el\u0151ad\u00e1s sorozatunk. A m\u00e1jus 14-ei t\u00e9m\u00e1nk egy, a j\u00e1rv\u00e1nyhelyzet idej\u00e9n m\u00e9gink\u00e1bb aktu\u00e1lis k\u00e9rd\u00e9st, a k\u00f6z\u00f6ss\u00e9gi m\u00e9di\u00e1k optim\u00e1lis haszn\u00e1lat\u00e1t \u00f6lelte fel egy szak\u00e9rt\u0151 \u00e9s [&hellip;]","og_url":"https:\/\/seed.hu\/hirek\/a-kozossegi-media-eszkozok-optimalis-hasznalata-a-kkv-k-marketingjeben\/","og_site_name":"Seed","article_modified_time":"2022-01-20T17:18:46+00:00","og_image":[{"width":250,"height":206,"url":"https:\/\/seed.hu\/wp-content\/uploads\/2018\/04\/SEED_logo.png","type":"image\/png"}],"twitter_card":"summary_large_image","twitter_misc":{"Est. reading time":"2 minutes"},"schema":{"@context":"https:\/\/schema.org","@graph":[{"@type":"WebPage","@id":"https:\/\/seed.hu\/hirek\/a-kozossegi-media-eszkozok-optimalis-hasznalata-a-kkv-k-marketingjeben\/","url":"https:\/\/seed.hu\/hirek\/a-kozossegi-media-eszkozok-optimalis-hasznalata-a-kkv-k-marketingjeben\/","name":"A k\u00f6z\u00f6ss\u00e9gi m\u00e9dia eszk\u00f6z\u00f6k optim\u00e1lis haszn\u00e1lata a KKV-k marketingj\u00e9ben - Seed","isPartOf":{"@id":"https:\/\/seed.hu\/#website"},"primaryImageOfPage":{"@id":"https:\/\/seed.hu\/hirek\/a-kozossegi-media-eszkozok-optimalis-hasznalata-a-kkv-k-marketingjeben\/#primaryimage"},"image":{"@id":"https:\/\/seed.hu\/hirek\/a-kozossegi-media-eszkozok-optimalis-hasznalata-a-kkv-k-marketingjeben\/#primaryimage"},"thumbnailUrl":"https:\/\/seed.hu\/wp-content\/uploads\/2018\/04\/SEED_logo.png","datePublished":"2020-05-18T16:56:38+00:00","dateModified":"2022-01-20T17:18:46+00:00","breadcrumb":{"@id":"https:\/\/seed.hu\/hirek\/a-kozossegi-media-eszkozok-optimalis-hasznalata-a-kkv-k-marketingjeben\/#breadcrumb"},"inLanguage":"en-US","potentialAction":[{"@type":"ReadAction","target":["https:\/\/seed.hu\/hirek\/a-kozossegi-media-eszkozok-optimalis-hasznalata-a-kkv-k-marketingjeben\/"]}]},{"@type":"ImageObject","inLanguage":"en-US","@id":"https:\/\/seed.hu\/hirek\/a-kozossegi-media-eszkozok-optimalis-hasznalata-a-kkv-k-marketingjeben\/#primaryimage","url":"https:\/\/seed.hu\/wp-content\/uploads\/2018\/04\/SEED_logo.png","contentUrl":"https:\/\/seed.hu\/wp-content\/uploads\/2018\/04\/SEED_logo.png","width":250,"height":206},{"@type":"BreadcrumbList","@id":"https:\/\/seed.hu\/hirek\/a-kozossegi-media-eszkozok-optimalis-hasznalata-a-kkv-k-marketingjeben\/#breadcrumb","itemListElement":[{"@type":"ListItem","position":1,"name":"H\u00edrek","item":"https:\/\/seed.hu\/hirek\/"},{"@type":"ListItem","position":2,"name":"A k\u00f6z\u00f6ss\u00e9gi m\u00e9dia eszk\u00f6z\u00f6k optim\u00e1lis haszn\u00e1lata a KKV-k marketingj\u00e9ben"}]},{"@type":"WebSite","@id":"https:\/\/seed.hu\/#website","url":"https:\/\/seed.hu\/","name":"Seed","description":"","potentialAction":[{"@type":"SearchAction","target":{"@type":"EntryPoint","urlTemplate":"https:\/\/seed.hu\/?s={search_term_string}"},"query-input":{"@type":"PropertyValueSpecification","valueRequired":true,"valueName":"search_term_string"}}],"inLanguage":"en-US"}]}},"_links":{"self":[{"href":"https:\/\/seed.hu\/en\/wp-json\/wp\/v2\/hirek\/967","targetHints":{"allow":["GET"]}}],"collection":[{"href":"https:\/\/seed.hu\/en\/wp-json\/wp\/v2\/hirek"}],"about":[{"href":"https:\/\/seed.hu\/en\/wp-json\/wp\/v2\/types\/hirek"}],"wp:featuredmedia":[{"embeddable":true,"href":"https:\/\/seed.hu\/en\/wp-json\/wp\/v2\/media\/792"}],"wp:attachment":[{"href":"https:\/\/seed.hu\/en\/wp-json\/wp\/v2\/media?parent=967"}],"curies":[{"name":"wp","href":"https:\/\/api.w.org\/{rel}","templated":true}]}}