{"id":969,"date":"2020-05-25T18:18:31","date_gmt":"2020-05-25T16:18:31","guid":{"rendered":"https:\/\/seed.hu\/?post_type=hirek&#038;p=969"},"modified":"2022-01-20T18:21:42","modified_gmt":"2022-01-20T17:21:42","slug":"otletbol-vallalkozas-a-legfontosabb-kerdesek-indulas-elott","status":"publish","type":"hirek","link":"https:\/\/seed.hu\/en\/hirek\/otletbol-vallalkozas-a-legfontosabb-kerdesek-indulas-elott\/","title":{"rendered":"\u00d6tletb\u0151l v\u00e1llalkoz\u00e1s &#8211; a legfontosabb k\u00e9rd\u00e9sek indul\u00e1s el\u0151tt"},"content":{"rendered":"<p><a href=\"https:\/\/seed.hu\/szolgaltatasok\/kerdezd-a-tanacsadot\/partnerbig2\/\" rel=\"attachment wp-att-41\"><img loading=\"lazy\" decoding=\"async\" class=\"alignnone size-full wp-image-41\" src=\"https:\/\/seed.hu\/wp-content\/uploads\/2021\/02\/partnerBig2.png\" alt=\"\" width=\"241\" height=\"75\" \/><\/a><\/p>\n<p>M\u00e1jus 21-\u00e9n negyedik alkalommal ker\u00fclt sor szakmai besz\u00e9lget\u00e9sre az <strong>Online V\u00e1llalkoz\u00f3i F\u00f3rum<\/strong> keret\u00e9n bel\u00fcl. A besz\u00e9lget\u0151-partnerek De\u00e1k Zita egy\u00e9ni v\u00e1llalkoz\u00f3, coach, mentor, az Orsz\u00e1gos V\u00e1llalkoz\u00f3i Mentorprogram \u00f6nk\u00e9ntes mentora \u00e9s dr. Imreh Szabolcs, a Szegedi Tudom\u00e1nyegyetem V\u00e1llalkoz\u00e1sfejleszt\u00e9s szakir\u00e1ny szakfelel\u0151s docense, sorozatv\u00e1llalkoz\u00f3, az Innoversity Kft. senior tan\u00e1csad\u00f3ja voltak.<\/p>\n<p>A t\u00e9ma ez\u00fattal is nagyon izgalmas volt. A v\u00e1llalkoz\u00e1sind\u00edt\u00e1st megel\u0151z\u0151 legfontosabb l\u00e9p\u00e9seket \u00e9s k\u00e9rd\u00e9seket boncolgatta a k\u00e9t szak\u00e9rt\u0151 \u00e9s term\u00e9szetesen v\u00e1laszoltak a f\u00f3rum-r\u00e9sztvev\u0151k felmer\u00fcl\u0151 k\u00e9rd\u00e9seire is.<\/p>\n<p>A szak\u00e9rt\u0151k n\u00e9gy nagyon alapvet\u0151 ter\u00fcletet \u00e9rintettek az \u00fczleti \u00f6tlet vizsg\u00e1lata szempontj\u00e1b\u00f3l:<\/p>\n<p><strong>1.Piack\u00e9pess\u00e9g vizsg\u00e1lta \u2013 Kellek-e a piacon?<\/strong><\/p>\n<p>Hogyan lehet az \u00f6tletet megvizsg\u00e1lni, \u00e1tgy\u00farni, igaz\u00edtani a k\u00f6r\u00fclm\u00e9nyekhez \u00e9s egy\u00e1ltal\u00e1n megvizsg\u00e1lni, hogy az \u00f6tlet t\u00e9nylegesen csak egy \u00f6tlet- e \u00e9s nem t\u00f6bb, vagy egy olyan \u00f6tlet, amire v\u00e1llalkoz\u00e1st lehet alap\u00edtani, mint t\u00e9nyleges \u00fczleti lehet\u0151s\u00e9g.<\/p>\n<p>Imreh Szabolcs oktat\u00f3i \u00e9s saj\u00e1t v\u00e1llalkoz\u00f3i tapasztalata alapj\u00e1n az indul\u00e1s el\u0151tti els\u0151 legfontosabb k\u00e9rd\u00e9snek azt tartja, hogy<strong> kell\u00fcnk-e a piacon<\/strong>? Amennyiben nem kell\u00fcnk, akkor rendelkezhet\u00fcnk b\u00e1rmilyen v\u00e1llalkoz\u00f3i kompetenci\u00e1val, lehet\u00fcnk szuper p\u00e9nz\u00fcgyesek vagy rendelkezhet\u00fcnk mindenf\u00e9le \u201cszuperer\u0151vel\u201d, az \u00fczleti \u00f6tlet nem, vagy nehezen vihet\u0151 \u00e1rbev\u00e9telig. Az els\u0151 nagy k\u00e9rd\u00e9s teh\u00e1t a v\u00e1llalkoz\u00e1sind\u00edt\u00e1sn\u00e1l <strong>a piack\u00e9pess\u00e9g<\/strong>.\u00a0 Az, hogy a v\u00e1llalkoz\u00f3nak tetszik a saj\u00e1t \u00f6tlete, az nagyon j\u00f3, hiszen az alap\u00edt\u00f3i elk\u00f6telezetts\u00e9g fontos a sikerhez, de <strong>az \u00f6tlethez val\u00f3 ragaszkod\u00e1s ne kompenz\u00e1lja t\u00fal az \u00fczleti racionalit\u00e1st<\/strong>.<\/p>\n<p>De\u00e1k Zita azt tan\u00e1csolja, hogy gy\u0171jts\u00fcnk \u00f6ssze legal\u00e1bb 20-25 jellemz\u0151t arr\u00f3l a szem\u00e9lyr\u0151l, akinek el akarjuk adni a term\u00e9k\u00fcnket, szolg\u00e1ltat\u00e1sunkat. Tegy\u00fck fel a k\u00e9rd\u00e9st: ki az \u00e9n ide\u00e1lis vev\u0151m? Amikor letisztul a k\u00e9p, akkor nevezz\u00fck meg azt is, hogy <em>mi az \u0151 val\u00f3s probl\u00e9m\u00e1ja \u00e9s tudok-e r\u00e1 reag\u00e1lni az \u00e9n term\u00e9kemmel<\/em>? Ha tudok, akkor a piaci k\u00e9pess\u00e9gem megk\u00e9rd\u0151jelezhetetlen lesz.<\/p>\n<p>Zita saj\u00e1t coach \u00e9s mentori tapasztalat\u00e1t megosztva elmondta, f\u00fcggetlen\u00fcl att\u00f3l, hogy valaki \u00faj v\u00e1llalkoz\u00e1st akar ind\u00edtani, vagy m\u00e1r megl\u00e9v\u0151 v\u00e1llalkoz\u00e1st k\u00f6vetkez\u0151 szintre emelni, mind a kett\u0151 megker\u00fclhetetlenn\u00e9 teszi egyfajta bels\u0151 \u00e9s k\u00fcls\u0151 munka elv\u00e9gz\u00e9s\u00e9t.<\/p>\n<p>A nulladik l\u00e9p\u00e9sk\u00e9nt az \u00f6tlet tov\u00e1bbgondol\u00e1s\u00e1hoz sz\u00fcks\u00e9ges tudni, <strong>mennyire van tiszt\u00e1ban a v\u00e1llalkoz\u00f3 \u00f6nmaga er\u0151ss\u00e9geivel<\/strong>.\u00a0 Milyen m\u00e9lys\u00e9gben gondolkodott el azon, hogy milyen ter\u00fcletet kell fejlesztenie \u00f6nmag\u00e1t \u00e9s hogy \u00e1ll az \u00f6nbecs\u00fcl\u00e9ssel? <strong>\u00d6nismeret, \u00f6nfejleszt\u00e9s, \u00f6nbecs\u00fcl\u00e9s<\/strong> ter\u00fclet\u00e9vel fontos foglalkozni a v\u00e1llalkoz\u00e1s ind\u00edt\u00e1sa \u00e9s k\u00f6vetkez\u0151 szintre l\u00e9p\u00e9se el\u0151tt is.<\/p>\n<p><strong>2.Versenyk\u00e9pess\u00e9g \u2013 Mi a \u201cszuperer\u0151m\u201d?<\/strong><\/p>\n<p><strong>Mi az az egyetlen dolog, amiben jobb, \u00fcgyesebb \u00e9s b\u00e1rmilyen pozit\u00edv tulajdons\u00e1ggal b\u00edr\u00f3 vagy mint a v\u00e9lelmezett, legszorosabb versenyt\u00e1rsad?<\/strong>\u00a0 Akik meg\u00fajul\u00e1st, innov\u00e1ci\u00f3t, egyedis\u00e9ge k\u00e9pviselnek, azok egy\u00e9rtelm\u0171en meg tudnak kapaszkodnak a piacon.<\/p>\n<p>Ha magamat sem tudom meggy\u0151zni arr\u00f3l, hogy \u00fajat tudok hozni a piacra \u00e9s amit \u00e9n csin\u00e1lok az valamiben t\u00f6bb, jobb, innovat\u00edvabb, hat\u00e9konyabb, mint a t\u00f6bbiek\u00e9, akkor hogyan gy\u0151zzem meg a leend\u0151 v\u00e1s\u00e1rl\u00f3imat? Ha nem tudom miben vagyok j\u00f3, akkor a versenyt\u00e1rsakkal szemben sem tudom meghat\u00e1rozni magam. Ha j\u00f3l fel\u00e1ll\u00edtottam az \u00fcgyf\u00e9lprofilt \u00e9s tudom mi a szuperer\u0151m, akkor a piacra \u00fagy tudok bel\u00e9pni, hogy nem a versenyt\u00e1rsakkal akarok csat\u00e1zni. Akkor a f\u00f3kuszban mindig az \u00fcgyf\u00e9l van &#8211; hangs\u00falyozta Zita.<\/p>\n<p><strong>3.Megval\u00f3s\u00edthat\u00f3s\u00e1g &#8211; Meg tudom csin\u00e1lni azt, amit kital\u00e1ltam?<\/strong><\/p>\n<p>Imreh Szabolcs azt javasolja, hogy a kezd\u0151 v\u00e1llalkoz\u00f3 \u00edrjon egy list\u00e1t, miket kell ahhoz csin\u00e1lni \u00e9s f\u0151leg mihez kell ahhoz \u00e9rteni, hogy az \u00f6tletb\u0151l m\u0171k\u00f6d\u0151 v\u00e1llalkoz\u00e1s legyen. Zita fontosnak tartja, hogy n\u00e9zz\u00fcnk szembe a saj\u00e1t magunk \u00e1ltal fel\u00e1ll\u00edtott hiedelmekkel, \u00e9s azokkal a korl\u00e1tokkal amelyek nem engednek fejl\u0151dni.<\/p>\n<p><strong>4.\u00dczleti modell \u00e9p\u00edt\u00e9s &#8211; Hogyan lesz az \u00f6tletb\u0151l meg\u00e9lhet\u00e9s?<\/strong><\/p>\n<p>A k\u00f6lts\u00e9geink felett nagym\u00e9rt\u00e9kben mi diszpon\u00e1lunk, m\u00edg az \u00e1rbev\u00e9tellel kapcsolatban &#8211; f\u0151leg indul\u00f3 v\u00e1llalkoz\u00e1sokn\u00e1l &#8211; \u00e1lmaink , v\u00e1gyaink, korl\u00e1tozott racionalit\u00e1son alapul\u00f3 elk\u00e9pzel\u00e9s\u00fcnk lehet. Az \u00fczletk\u00e9pess\u00e9g vizsg\u00e1lat\u00e1n\u00e1l Imreh Szabolcs azt javasolja, hogy ford\u00edtsuk meg ezt a k\u00e9rd\u00e9st \u00e9s ne azon gondolkodjunk mennyi lesz a bev\u00e9tel\u00fcnk, mert ezt nem fogjuk tudni megmondani.\u00a0 Leend\u0151 k\u00f6lts\u00e9geinket viszont pontosan fel tudjuk t\u00e9rk\u00e9pezni. \u00cdrjuk \u00f6ssze az indul\u00e1shoz sz\u00fcks\u00e9ges \u00f6sszes k\u00f6lts\u00e9get, valamint a havi rendszeress\u00e9ggel felmer\u00fcl\u0151 m\u0171k\u00f6d\u00e9si k\u00f6lts\u00e9geket, \u00edgy meg\u00e1llap\u00edtva a fedezeti pontot, azaz azt a k\u00f6lts\u00e9gszintet, melyet a bev\u00e9teleinknek ki kell termelni. Miel\u0151tt v\u00e1llalkoz\u00e1sind\u00edt\u00e1sra ker\u00fclne a sor, tiszt\u00e1n kell l\u00e1tnia az \u00f6tletgazd\u00e1nak, hogy mennyit kell megtermelni havonta ahhoz, hogy a k\u00f6lts\u00e9geket ki tudja gazd\u00e1lkodni.\u00a0 Olykor pedig szembe kell n\u00e9zni azzal, hogy hi\u00e1ba j\u00f3 az \u00f6tlet, ahhoz, hogy ebb\u0151l teljes idej\u0171 v\u00e1llalkoz\u00e1s legyen, re\u00e1lis-e az elk\u00e9pzel\u00e9s.<\/p>\n<p>A besz\u00e9lget\u00e9s sor\u00e1n sz\u00e1mos remek p\u00e9lda \u00e9s tov\u00e1bbi \u00e9rdekes felvet\u00e9s elhangzott. Ez\u00faton is k\u00f6sz\u00f6nj\u00fck az el\u0151ad\u00f3knak a megfontol\u00e1sra sz\u00e1nt javaslatokat \u00e9s tan\u00e1csokat.<\/p>\n<p style=\"text-align: left;\"><iframe loading=\"lazy\" src=\"https:\/\/www.youtube.com\/embed\/-c8ISLLQogU\" width=\"500\" height=\"300\" frameborder=\"0\" scrolling=\"no\" allowfullscreen=\"allowfullscreen\"><\/iframe><\/p>\n","protected":false},"featured_media":792,"menu_order":0,"template":"","meta":{"_acf_changed":false},"class_list":["post-969","hirek","type-hirek","status-publish","has-post-thumbnail","hentry"],"acf":[],"yoast_head":"<!-- This site is optimized with the Yoast SEO plugin v27.4 - https:\/\/yoast.com\/product\/yoast-seo-wordpress\/ -->\n<title>\u00d6tletb\u0151l v\u00e1llalkoz\u00e1s - a legfontosabb k\u00e9rd\u00e9sek indul\u00e1s el\u0151tt - Seed<\/title>\n<meta name=\"robots\" content=\"index, follow, max-snippet:-1, max-image-preview:large, max-video-preview:-1\" \/>\n<link rel=\"canonical\" href=\"https:\/\/seed.hu\/hirek\/otletbol-vallalkozas-a-legfontosabb-kerdesek-indulas-elott\/\" \/>\n<meta property=\"og:locale\" content=\"en_US\" \/>\n<meta property=\"og:type\" content=\"article\" \/>\n<meta property=\"og:title\" content=\"\u00d6tletb\u0151l v\u00e1llalkoz\u00e1s - a legfontosabb k\u00e9rd\u00e9sek indul\u00e1s el\u0151tt - Seed\" \/>\n<meta property=\"og:description\" content=\"M\u00e1jus 21-\u00e9n negyedik alkalommal ker\u00fclt sor szakmai besz\u00e9lget\u00e9sre az Online V\u00e1llalkoz\u00f3i F\u00f3rum keret\u00e9n bel\u00fcl. A besz\u00e9lget\u0151-partnerek De\u00e1k Zita egy\u00e9ni v\u00e1llalkoz\u00f3, coach, mentor, az Orsz\u00e1gos V\u00e1llalkoz\u00f3i Mentorprogram \u00f6nk\u00e9ntes mentora \u00e9s dr. Imreh Szabolcs, a Szegedi Tudom\u00e1nyegyetem V\u00e1llalkoz\u00e1sfejleszt\u00e9s szakir\u00e1ny szakfelel\u0151s docense, sorozatv\u00e1llalkoz\u00f3, az Innoversity Kft. senior tan\u00e1csad\u00f3ja voltak. A t\u00e9ma ez\u00fattal is nagyon izgalmas volt. A v\u00e1llalkoz\u00e1sind\u00edt\u00e1st [&hellip;]\" \/>\n<meta property=\"og:url\" content=\"https:\/\/seed.hu\/hirek\/otletbol-vallalkozas-a-legfontosabb-kerdesek-indulas-elott\/\" \/>\n<meta property=\"og:site_name\" content=\"Seed\" \/>\n<meta property=\"article:modified_time\" content=\"2022-01-20T17:21:42+00:00\" \/>\n<meta property=\"og:image\" content=\"https:\/\/seed.hu\/wp-content\/uploads\/2018\/04\/SEED_logo.png\" \/>\n\t<meta property=\"og:image:width\" content=\"250\" \/>\n\t<meta property=\"og:image:height\" content=\"206\" \/>\n\t<meta property=\"og:image:type\" content=\"image\/png\" \/>\n<meta name=\"twitter:card\" content=\"summary_large_image\" \/>\n<meta name=\"twitter:label1\" content=\"Est. reading time\" \/>\n\t<meta name=\"twitter:data1\" content=\"5 minutes\" \/>\n<script type=\"application\/ld+json\" class=\"yoast-schema-graph\">{\"@context\":\"https:\\\/\\\/schema.org\",\"@graph\":[{\"@type\":\"WebPage\",\"@id\":\"https:\\\/\\\/seed.hu\\\/hirek\\\/otletbol-vallalkozas-a-legfontosabb-kerdesek-indulas-elott\\\/\",\"url\":\"https:\\\/\\\/seed.hu\\\/hirek\\\/otletbol-vallalkozas-a-legfontosabb-kerdesek-indulas-elott\\\/\",\"name\":\"\u00d6tletb\u0151l v\u00e1llalkoz\u00e1s - a legfontosabb k\u00e9rd\u00e9sek indul\u00e1s el\u0151tt - Seed\",\"isPartOf\":{\"@id\":\"https:\\\/\\\/seed.hu\\\/#website\"},\"primaryImageOfPage\":{\"@id\":\"https:\\\/\\\/seed.hu\\\/hirek\\\/otletbol-vallalkozas-a-legfontosabb-kerdesek-indulas-elott\\\/#primaryimage\"},\"image\":{\"@id\":\"https:\\\/\\\/seed.hu\\\/hirek\\\/otletbol-vallalkozas-a-legfontosabb-kerdesek-indulas-elott\\\/#primaryimage\"},\"thumbnailUrl\":\"https:\\\/\\\/seed.hu\\\/wp-content\\\/uploads\\\/2018\\\/04\\\/SEED_logo.png\",\"datePublished\":\"2020-05-25T16:18:31+00:00\",\"dateModified\":\"2022-01-20T17:21:42+00:00\",\"breadcrumb\":{\"@id\":\"https:\\\/\\\/seed.hu\\\/hirek\\\/otletbol-vallalkozas-a-legfontosabb-kerdesek-indulas-elott\\\/#breadcrumb\"},\"inLanguage\":\"en-US\",\"potentialAction\":[{\"@type\":\"ReadAction\",\"target\":[\"https:\\\/\\\/seed.hu\\\/hirek\\\/otletbol-vallalkozas-a-legfontosabb-kerdesek-indulas-elott\\\/\"]}]},{\"@type\":\"ImageObject\",\"inLanguage\":\"en-US\",\"@id\":\"https:\\\/\\\/seed.hu\\\/hirek\\\/otletbol-vallalkozas-a-legfontosabb-kerdesek-indulas-elott\\\/#primaryimage\",\"url\":\"https:\\\/\\\/seed.hu\\\/wp-content\\\/uploads\\\/2018\\\/04\\\/SEED_logo.png\",\"contentUrl\":\"https:\\\/\\\/seed.hu\\\/wp-content\\\/uploads\\\/2018\\\/04\\\/SEED_logo.png\",\"width\":250,\"height\":206},{\"@type\":\"BreadcrumbList\",\"@id\":\"https:\\\/\\\/seed.hu\\\/hirek\\\/otletbol-vallalkozas-a-legfontosabb-kerdesek-indulas-elott\\\/#breadcrumb\",\"itemListElement\":[{\"@type\":\"ListItem\",\"position\":1,\"name\":\"H\u00edrek\",\"item\":\"https:\\\/\\\/seed.hu\\\/hirek\\\/\"},{\"@type\":\"ListItem\",\"position\":2,\"name\":\"\u00d6tletb\u0151l v\u00e1llalkoz\u00e1s &#8211; a legfontosabb k\u00e9rd\u00e9sek indul\u00e1s el\u0151tt\"}]},{\"@type\":\"WebSite\",\"@id\":\"https:\\\/\\\/seed.hu\\\/#website\",\"url\":\"https:\\\/\\\/seed.hu\\\/\",\"name\":\"Seed\",\"description\":\"\",\"potentialAction\":[{\"@type\":\"SearchAction\",\"target\":{\"@type\":\"EntryPoint\",\"urlTemplate\":\"https:\\\/\\\/seed.hu\\\/?s={search_term_string}\"},\"query-input\":{\"@type\":\"PropertyValueSpecification\",\"valueRequired\":true,\"valueName\":\"search_term_string\"}}],\"inLanguage\":\"en-US\"}]}<\/script>\n<!-- \/ Yoast SEO plugin. -->","yoast_head_json":{"title":"\u00d6tletb\u0151l v\u00e1llalkoz\u00e1s - a legfontosabb k\u00e9rd\u00e9sek indul\u00e1s el\u0151tt - Seed","robots":{"index":"index","follow":"follow","max-snippet":"max-snippet:-1","max-image-preview":"max-image-preview:large","max-video-preview":"max-video-preview:-1"},"canonical":"https:\/\/seed.hu\/hirek\/otletbol-vallalkozas-a-legfontosabb-kerdesek-indulas-elott\/","og_locale":"en_US","og_type":"article","og_title":"\u00d6tletb\u0151l v\u00e1llalkoz\u00e1s - a legfontosabb k\u00e9rd\u00e9sek indul\u00e1s el\u0151tt - Seed","og_description":"M\u00e1jus 21-\u00e9n negyedik alkalommal ker\u00fclt sor szakmai besz\u00e9lget\u00e9sre az Online V\u00e1llalkoz\u00f3i F\u00f3rum keret\u00e9n bel\u00fcl. A besz\u00e9lget\u0151-partnerek De\u00e1k Zita egy\u00e9ni v\u00e1llalkoz\u00f3, coach, mentor, az Orsz\u00e1gos V\u00e1llalkoz\u00f3i Mentorprogram \u00f6nk\u00e9ntes mentora \u00e9s dr. Imreh Szabolcs, a Szegedi Tudom\u00e1nyegyetem V\u00e1llalkoz\u00e1sfejleszt\u00e9s szakir\u00e1ny szakfelel\u0151s docense, sorozatv\u00e1llalkoz\u00f3, az Innoversity Kft. senior tan\u00e1csad\u00f3ja voltak. A t\u00e9ma ez\u00fattal is nagyon izgalmas volt. A v\u00e1llalkoz\u00e1sind\u00edt\u00e1st [&hellip;]","og_url":"https:\/\/seed.hu\/hirek\/otletbol-vallalkozas-a-legfontosabb-kerdesek-indulas-elott\/","og_site_name":"Seed","article_modified_time":"2022-01-20T17:21:42+00:00","og_image":[{"width":250,"height":206,"url":"https:\/\/seed.hu\/wp-content\/uploads\/2018\/04\/SEED_logo.png","type":"image\/png"}],"twitter_card":"summary_large_image","twitter_misc":{"Est. reading time":"5 minutes"},"schema":{"@context":"https:\/\/schema.org","@graph":[{"@type":"WebPage","@id":"https:\/\/seed.hu\/hirek\/otletbol-vallalkozas-a-legfontosabb-kerdesek-indulas-elott\/","url":"https:\/\/seed.hu\/hirek\/otletbol-vallalkozas-a-legfontosabb-kerdesek-indulas-elott\/","name":"\u00d6tletb\u0151l v\u00e1llalkoz\u00e1s - a legfontosabb k\u00e9rd\u00e9sek indul\u00e1s el\u0151tt - Seed","isPartOf":{"@id":"https:\/\/seed.hu\/#website"},"primaryImageOfPage":{"@id":"https:\/\/seed.hu\/hirek\/otletbol-vallalkozas-a-legfontosabb-kerdesek-indulas-elott\/#primaryimage"},"image":{"@id":"https:\/\/seed.hu\/hirek\/otletbol-vallalkozas-a-legfontosabb-kerdesek-indulas-elott\/#primaryimage"},"thumbnailUrl":"https:\/\/seed.hu\/wp-content\/uploads\/2018\/04\/SEED_logo.png","datePublished":"2020-05-25T16:18:31+00:00","dateModified":"2022-01-20T17:21:42+00:00","breadcrumb":{"@id":"https:\/\/seed.hu\/hirek\/otletbol-vallalkozas-a-legfontosabb-kerdesek-indulas-elott\/#breadcrumb"},"inLanguage":"en-US","potentialAction":[{"@type":"ReadAction","target":["https:\/\/seed.hu\/hirek\/otletbol-vallalkozas-a-legfontosabb-kerdesek-indulas-elott\/"]}]},{"@type":"ImageObject","inLanguage":"en-US","@id":"https:\/\/seed.hu\/hirek\/otletbol-vallalkozas-a-legfontosabb-kerdesek-indulas-elott\/#primaryimage","url":"https:\/\/seed.hu\/wp-content\/uploads\/2018\/04\/SEED_logo.png","contentUrl":"https:\/\/seed.hu\/wp-content\/uploads\/2018\/04\/SEED_logo.png","width":250,"height":206},{"@type":"BreadcrumbList","@id":"https:\/\/seed.hu\/hirek\/otletbol-vallalkozas-a-legfontosabb-kerdesek-indulas-elott\/#breadcrumb","itemListElement":[{"@type":"ListItem","position":1,"name":"H\u00edrek","item":"https:\/\/seed.hu\/hirek\/"},{"@type":"ListItem","position":2,"name":"\u00d6tletb\u0151l v\u00e1llalkoz\u00e1s &#8211; a legfontosabb k\u00e9rd\u00e9sek indul\u00e1s el\u0151tt"}]},{"@type":"WebSite","@id":"https:\/\/seed.hu\/#website","url":"https:\/\/seed.hu\/","name":"Seed","description":"","potentialAction":[{"@type":"SearchAction","target":{"@type":"EntryPoint","urlTemplate":"https:\/\/seed.hu\/?s={search_term_string}"},"query-input":{"@type":"PropertyValueSpecification","valueRequired":true,"valueName":"search_term_string"}}],"inLanguage":"en-US"}]}},"_links":{"self":[{"href":"https:\/\/seed.hu\/en\/wp-json\/wp\/v2\/hirek\/969","targetHints":{"allow":["GET"]}}],"collection":[{"href":"https:\/\/seed.hu\/en\/wp-json\/wp\/v2\/hirek"}],"about":[{"href":"https:\/\/seed.hu\/en\/wp-json\/wp\/v2\/types\/hirek"}],"wp:featuredmedia":[{"embeddable":true,"href":"https:\/\/seed.hu\/en\/wp-json\/wp\/v2\/media\/792"}],"wp:attachment":[{"href":"https:\/\/seed.hu\/en\/wp-json\/wp\/v2\/media?parent=969"}],"curies":[{"name":"wp","href":"https:\/\/api.w.org\/{rel}","templated":true}]}}