{"id":974,"date":"2020-05-25T20:38:12","date_gmt":"2020-05-25T18:38:12","guid":{"rendered":"https:\/\/seed.hu\/?post_type=hirek&#038;p=974"},"modified":"2022-01-20T18:33:08","modified_gmt":"2022-01-20T17:33:08","slug":"junius-1-jeig-lehet-jelentkezni-ujramodellezes","status":"publish","type":"hirek","link":"https:\/\/seed.hu\/en\/hirek\/junius-1-jeig-lehet-jelentkezni-ujramodellezes\/","title":{"rendered":"J\u00fanius 1-j\u00e9ig lehet jelentkezni: (\u00fajra)modellez\u00e9s"},"content":{"rendered":"<p><a href=\"https:\/\/seed.hu\/hirek\/junius-1-jeig-lehet-jelentkezni-ujramodellezes\/seed_b_m_c\/\" rel=\"attachment wp-att-975\"><img loading=\"lazy\" decoding=\"async\" class=\"alignnone wp-image-975 size-full\" src=\"https:\/\/seed.hu\/wp-content\/uploads\/2022\/01\/seed_b_m_c.png\" alt=\"\" width=\"575\" height=\"131\" srcset=\"https:\/\/seed.hu\/wp-content\/uploads\/2022\/01\/seed_b_m_c.png 575w, https:\/\/seed.hu\/wp-content\/uploads\/2022\/01\/seed_b_m_c-300x68.png 300w\" sizes=\"auto, (max-width: 575px) 100vw, 575px\" \/><\/a><\/p>\n<p>Ha m\u00e1r nem a r\u00e9gi terv szerint m\u0171k\u00f6dsz, de m\u00e9g az \u00faj tervben hi\u00e1nyzik egy-egy l\u00e1ncszem? A r\u00e9gi terv kis m\u00f3dos\u00edt\u00e1ssal m\u00e9g m\u0171k\u00f6d\u0151k\u00e9pes, de nem l\u00e1tod pontosan a beavatkoz\u00e1s ir\u00e1ny\u00e1t? Csepeti \u00c1d\u00e1mt\u00f3l biztosan seg\u00edts\u00e9get kapsz a Business Model Canvas workshopon, melyet online, \u00e9l\u0151 k\u00f6zvet\u00edt\u00e9ssel, interakt\u00edv form\u00e1ban val\u00f3s\u00edtunk meg.<\/p>\n<p><strong>Jelentkez\u00e9s az ONLINE\u00a0Business Model Canvas workshopra:<\/strong><\/p>\n<p><a href=\"https:\/\/seed.hu\/online-business-model-canvas-workshop-0\" target=\"_blank\" rel=\"noopener\"><img decoding=\"async\" style=\"width: 110px; height: 42px;\" src=\"https:\/\/seed.hu\/files\/attachments\/inline\/jelentkezes_1.png\" alt=\"\" \/><\/a><\/p>\n","protected":false},"featured_media":792,"menu_order":0,"template":"","meta":{"_acf_changed":false},"class_list":["post-974","hirek","type-hirek","status-publish","has-post-thumbnail","hentry"],"acf":[],"yoast_head":"<!-- This site is optimized with the Yoast SEO plugin v27.4 - https:\/\/yoast.com\/product\/yoast-seo-wordpress\/ -->\n<title>J\u00fanius 1-j\u00e9ig lehet jelentkezni: (\u00fajra)modellez\u00e9s - Seed<\/title>\n<meta name=\"robots\" content=\"index, follow, max-snippet:-1, max-image-preview:large, max-video-preview:-1\" \/>\n<link rel=\"canonical\" href=\"https:\/\/seed.hu\/hirek\/junius-1-jeig-lehet-jelentkezni-ujramodellezes\/\" \/>\n<meta property=\"og:locale\" content=\"en_US\" \/>\n<meta property=\"og:type\" content=\"article\" \/>\n<meta property=\"og:title\" content=\"J\u00fanius 1-j\u00e9ig lehet jelentkezni: (\u00fajra)modellez\u00e9s - Seed\" \/>\n<meta property=\"og:description\" content=\"Ha m\u00e1r nem a r\u00e9gi terv szerint m\u0171k\u00f6dsz, de m\u00e9g az \u00faj tervben hi\u00e1nyzik egy-egy l\u00e1ncszem? A r\u00e9gi terv kis m\u00f3dos\u00edt\u00e1ssal m\u00e9g m\u0171k\u00f6d\u0151k\u00e9pes, de nem l\u00e1tod pontosan a beavatkoz\u00e1s ir\u00e1ny\u00e1t? Csepeti \u00c1d\u00e1mt\u00f3l biztosan seg\u00edts\u00e9get kapsz a Business Model Canvas workshopon, melyet online, \u00e9l\u0151 k\u00f6zvet\u00edt\u00e9ssel, interakt\u00edv form\u00e1ban val\u00f3s\u00edtunk meg. Jelentkez\u00e9s az ONLINE\u00a0Business Model Canvas workshopra:\" \/>\n<meta property=\"og:url\" content=\"https:\/\/seed.hu\/hirek\/junius-1-jeig-lehet-jelentkezni-ujramodellezes\/\" \/>\n<meta property=\"og:site_name\" content=\"Seed\" \/>\n<meta property=\"article:modified_time\" content=\"2022-01-20T17:33:08+00:00\" \/>\n<meta property=\"og:image\" content=\"https:\/\/seed.hu\/wp-content\/uploads\/2018\/04\/SEED_logo.png\" \/>\n\t<meta property=\"og:image:width\" content=\"250\" \/>\n\t<meta property=\"og:image:height\" content=\"206\" \/>\n\t<meta property=\"og:image:type\" content=\"image\/png\" \/>\n<meta name=\"twitter:card\" content=\"summary_large_image\" \/>\n<meta name=\"twitter:label1\" content=\"Est. reading time\" \/>\n\t<meta name=\"twitter:data1\" content=\"1 minute\" \/>\n<script type=\"application\/ld+json\" class=\"yoast-schema-graph\">{\"@context\":\"https:\\\/\\\/schema.org\",\"@graph\":[{\"@type\":\"WebPage\",\"@id\":\"https:\\\/\\\/seed.hu\\\/hirek\\\/junius-1-jeig-lehet-jelentkezni-ujramodellezes\\\/\",\"url\":\"https:\\\/\\\/seed.hu\\\/hirek\\\/junius-1-jeig-lehet-jelentkezni-ujramodellezes\\\/\",\"name\":\"J\u00fanius 1-j\u00e9ig lehet jelentkezni: (\u00fajra)modellez\u00e9s - Seed\",\"isPartOf\":{\"@id\":\"https:\\\/\\\/seed.hu\\\/#website\"},\"primaryImageOfPage\":{\"@id\":\"https:\\\/\\\/seed.hu\\\/hirek\\\/junius-1-jeig-lehet-jelentkezni-ujramodellezes\\\/#primaryimage\"},\"image\":{\"@id\":\"https:\\\/\\\/seed.hu\\\/hirek\\\/junius-1-jeig-lehet-jelentkezni-ujramodellezes\\\/#primaryimage\"},\"thumbnailUrl\":\"https:\\\/\\\/seed.hu\\\/wp-content\\\/uploads\\\/2018\\\/04\\\/SEED_logo.png\",\"datePublished\":\"2020-05-25T18:38:12+00:00\",\"dateModified\":\"2022-01-20T17:33:08+00:00\",\"breadcrumb\":{\"@id\":\"https:\\\/\\\/seed.hu\\\/hirek\\\/junius-1-jeig-lehet-jelentkezni-ujramodellezes\\\/#breadcrumb\"},\"inLanguage\":\"en-US\",\"potentialAction\":[{\"@type\":\"ReadAction\",\"target\":[\"https:\\\/\\\/seed.hu\\\/hirek\\\/junius-1-jeig-lehet-jelentkezni-ujramodellezes\\\/\"]}]},{\"@type\":\"ImageObject\",\"inLanguage\":\"en-US\",\"@id\":\"https:\\\/\\\/seed.hu\\\/hirek\\\/junius-1-jeig-lehet-jelentkezni-ujramodellezes\\\/#primaryimage\",\"url\":\"https:\\\/\\\/seed.hu\\\/wp-content\\\/uploads\\\/2018\\\/04\\\/SEED_logo.png\",\"contentUrl\":\"https:\\\/\\\/seed.hu\\\/wp-content\\\/uploads\\\/2018\\\/04\\\/SEED_logo.png\",\"width\":250,\"height\":206},{\"@type\":\"BreadcrumbList\",\"@id\":\"https:\\\/\\\/seed.hu\\\/hirek\\\/junius-1-jeig-lehet-jelentkezni-ujramodellezes\\\/#breadcrumb\",\"itemListElement\":[{\"@type\":\"ListItem\",\"position\":1,\"name\":\"H\u00edrek\",\"item\":\"https:\\\/\\\/seed.hu\\\/hirek\\\/\"},{\"@type\":\"ListItem\",\"position\":2,\"name\":\"J\u00fanius 1-j\u00e9ig lehet jelentkezni: (\u00fajra)modellez\u00e9s\"}]},{\"@type\":\"WebSite\",\"@id\":\"https:\\\/\\\/seed.hu\\\/#website\",\"url\":\"https:\\\/\\\/seed.hu\\\/\",\"name\":\"Seed\",\"description\":\"\",\"potentialAction\":[{\"@type\":\"SearchAction\",\"target\":{\"@type\":\"EntryPoint\",\"urlTemplate\":\"https:\\\/\\\/seed.hu\\\/?s={search_term_string}\"},\"query-input\":{\"@type\":\"PropertyValueSpecification\",\"valueRequired\":true,\"valueName\":\"search_term_string\"}}],\"inLanguage\":\"en-US\"}]}<\/script>\n<!-- \/ Yoast SEO plugin. -->","yoast_head_json":{"title":"J\u00fanius 1-j\u00e9ig lehet jelentkezni: (\u00fajra)modellez\u00e9s - Seed","robots":{"index":"index","follow":"follow","max-snippet":"max-snippet:-1","max-image-preview":"max-image-preview:large","max-video-preview":"max-video-preview:-1"},"canonical":"https:\/\/seed.hu\/hirek\/junius-1-jeig-lehet-jelentkezni-ujramodellezes\/","og_locale":"en_US","og_type":"article","og_title":"J\u00fanius 1-j\u00e9ig lehet jelentkezni: (\u00fajra)modellez\u00e9s - Seed","og_description":"Ha m\u00e1r nem a r\u00e9gi terv szerint m\u0171k\u00f6dsz, de m\u00e9g az \u00faj tervben hi\u00e1nyzik egy-egy l\u00e1ncszem? A r\u00e9gi terv kis m\u00f3dos\u00edt\u00e1ssal m\u00e9g m\u0171k\u00f6d\u0151k\u00e9pes, de nem l\u00e1tod pontosan a beavatkoz\u00e1s ir\u00e1ny\u00e1t? Csepeti \u00c1d\u00e1mt\u00f3l biztosan seg\u00edts\u00e9get kapsz a Business Model Canvas workshopon, melyet online, \u00e9l\u0151 k\u00f6zvet\u00edt\u00e9ssel, interakt\u00edv form\u00e1ban val\u00f3s\u00edtunk meg. Jelentkez\u00e9s az ONLINE\u00a0Business Model Canvas workshopra:","og_url":"https:\/\/seed.hu\/hirek\/junius-1-jeig-lehet-jelentkezni-ujramodellezes\/","og_site_name":"Seed","article_modified_time":"2022-01-20T17:33:08+00:00","og_image":[{"width":250,"height":206,"url":"https:\/\/seed.hu\/wp-content\/uploads\/2018\/04\/SEED_logo.png","type":"image\/png"}],"twitter_card":"summary_large_image","twitter_misc":{"Est. reading time":"1 minute"},"schema":{"@context":"https:\/\/schema.org","@graph":[{"@type":"WebPage","@id":"https:\/\/seed.hu\/hirek\/junius-1-jeig-lehet-jelentkezni-ujramodellezes\/","url":"https:\/\/seed.hu\/hirek\/junius-1-jeig-lehet-jelentkezni-ujramodellezes\/","name":"J\u00fanius 1-j\u00e9ig lehet jelentkezni: (\u00fajra)modellez\u00e9s - Seed","isPartOf":{"@id":"https:\/\/seed.hu\/#website"},"primaryImageOfPage":{"@id":"https:\/\/seed.hu\/hirek\/junius-1-jeig-lehet-jelentkezni-ujramodellezes\/#primaryimage"},"image":{"@id":"https:\/\/seed.hu\/hirek\/junius-1-jeig-lehet-jelentkezni-ujramodellezes\/#primaryimage"},"thumbnailUrl":"https:\/\/seed.hu\/wp-content\/uploads\/2018\/04\/SEED_logo.png","datePublished":"2020-05-25T18:38:12+00:00","dateModified":"2022-01-20T17:33:08+00:00","breadcrumb":{"@id":"https:\/\/seed.hu\/hirek\/junius-1-jeig-lehet-jelentkezni-ujramodellezes\/#breadcrumb"},"inLanguage":"en-US","potentialAction":[{"@type":"ReadAction","target":["https:\/\/seed.hu\/hirek\/junius-1-jeig-lehet-jelentkezni-ujramodellezes\/"]}]},{"@type":"ImageObject","inLanguage":"en-US","@id":"https:\/\/seed.hu\/hirek\/junius-1-jeig-lehet-jelentkezni-ujramodellezes\/#primaryimage","url":"https:\/\/seed.hu\/wp-content\/uploads\/2018\/04\/SEED_logo.png","contentUrl":"https:\/\/seed.hu\/wp-content\/uploads\/2018\/04\/SEED_logo.png","width":250,"height":206},{"@type":"BreadcrumbList","@id":"https:\/\/seed.hu\/hirek\/junius-1-jeig-lehet-jelentkezni-ujramodellezes\/#breadcrumb","itemListElement":[{"@type":"ListItem","position":1,"name":"H\u00edrek","item":"https:\/\/seed.hu\/hirek\/"},{"@type":"ListItem","position":2,"name":"J\u00fanius 1-j\u00e9ig lehet jelentkezni: (\u00fajra)modellez\u00e9s"}]},{"@type":"WebSite","@id":"https:\/\/seed.hu\/#website","url":"https:\/\/seed.hu\/","name":"Seed","description":"","potentialAction":[{"@type":"SearchAction","target":{"@type":"EntryPoint","urlTemplate":"https:\/\/seed.hu\/?s={search_term_string}"},"query-input":{"@type":"PropertyValueSpecification","valueRequired":true,"valueName":"search_term_string"}}],"inLanguage":"en-US"}]}},"_links":{"self":[{"href":"https:\/\/seed.hu\/en\/wp-json\/wp\/v2\/hirek\/974","targetHints":{"allow":["GET"]}}],"collection":[{"href":"https:\/\/seed.hu\/en\/wp-json\/wp\/v2\/hirek"}],"about":[{"href":"https:\/\/seed.hu\/en\/wp-json\/wp\/v2\/types\/hirek"}],"wp:featuredmedia":[{"embeddable":true,"href":"https:\/\/seed.hu\/en\/wp-json\/wp\/v2\/media\/792"}],"wp:attachment":[{"href":"https:\/\/seed.hu\/en\/wp-json\/wp\/v2\/media?parent=974"}],"curies":[{"name":"wp","href":"https:\/\/api.w.org\/{rel}","templated":true}]}}