{"id":977,"date":"2020-05-25T20:40:15","date_gmt":"2020-05-25T18:40:15","guid":{"rendered":"https:\/\/seed.hu\/?post_type=hirek&#038;p=977"},"modified":"2022-01-20T18:34:22","modified_gmt":"2022-01-20T17:34:22","slug":"majus-31-eig-lehet-jelentkezni-egyuttmukodes-az-online-terben","status":"publish","type":"hirek","link":"https:\/\/seed.hu\/en\/hirek\/majus-31-eig-lehet-jelentkezni-egyuttmukodes-az-online-terben\/","title":{"rendered":"M\u00e1jus 31-\u00e9ig lehet jelentkezni: egy\u00fcttm\u0171k\u00f6d\u00e9s az online t\u00e9rben"},"content":{"rendered":"<p>A SEED Alap\u00edtv\u00e1nyn\u00e1l az elm\u00falt \u00e9vekben minden irodai k\u00f6rnyezetet kipr\u00f3b\u00e1ltunk: dolgoztunk egym\u00e1st\u00f3l elszepar\u00e1lt irod\u00e1kban, amikor a legf\u0151bb gy\u00fclekez\u00e9si pont a k\u00e1v\u00e9f\u0151z\u0151 melletti 4 nm volt. Ezt v\u00e1ltotta fel a t\u00e1gas, napos, mintegy 70 nm-es egy l\u00e9gter\u0171 iroda, ahol \u00edr\u00f3asztal mell\u0151l b\u00e1rmikor \u00e1tsz\u00f3lhattunk egym\u00e1snak: ki k\u00e9r k\u00e1v\u00e9t? Az elm\u00falt 2 h\u00f3napban pedig az online t\u00e9rben k\u00e1v\u00e9ztunk, el\u0151re megbesz\u00e9lt id\u0151pontban. Val\u00f3j\u00e1ban sz\u00e1mos el\u0151nye van az otthoni munkav\u00e9gz\u00e9snek: p\u00e9ld\u00e1ul sokkal t\u00f6bbet l\u00e1tjuk a csal\u00e1dunkat (m\u00e1r akivel egy h\u00e1ztart\u00e1sban \u00e9l\u00fcnk), &#8220;h\u00e1zikoszton&#8221; \u00e9l\u00fcnk (na j\u00f3, sokszor egy\u00e1ltal\u00e1n nem vid\u00e1m dolog id\u0151re elk\u00e9sz\u00edteni), hirtelen kiegyenl\u00edt\u0151dtek a &#8220;h\u00e1tr\u00e1nyok&#8221;, p\u00e9ld\u00e1ul a kisbab\u00e1val otthon l\u00e9v\u0151 koll\u00e9gan\u0151vel szemben most az online oktat\u00e1sban r\u00e9szes\u00fcl\u0151 koll\u00e9gan\u0151k ker\u00fcltek h\u00e1tr\u00e1nyba, de a vid\u00e9ken \u00e9l\u0151knek is ugyanannyit (nem) kell utazniuk, mint a budapesti koll\u00e9g\u00e1knak.<\/p>\n<p>A munkatemp\u00f3 viszont nem cs\u00f6kkent, mindenki ugyanazzal az elk\u00f6telez\u0151d\u00e9ssel dolgozott k\u00f6z\u00f6s \u00fcgyeink siker\u00e9n.<\/p>\n<p>Most azon kapjuk magunkat, hogy rengeteg k\u00f6vet megmozgattunk, pedig az elm\u00falt \u00e9vekben nem erre voltunk berendezkedve.<\/p>\n<p><strong>Kimondom: haladunk afel\u00e9, hogy hivatalosan is DIGIT\u00c1LIS C\u00c9G legy\u00fcnk.<\/strong>\u00a0Idei \u00e9vben mindenk\u00e9ppen \u00edgy t\u00f6rt\u00e9nt volna, hiszen ez volt az egyik f\u0151 \u00fczleti c\u00e9lkit\u0171z\u00e9s\u00fcnk. Ennek ok\u00e1n elv\u00e9gezt\u00fcnk egy 4 napos digit\u00e1lis kompetencia-fejleszt\u0151 k\u00e9pz\u00e9st, melynek egyes elemeit egy-egy napban a k\u00e9pz\u00e9seink k\u00f6z\u00f6tt is meghirdett\u00fcnk.\u00a0<strong>Jelentkezzetek, meg\u00e9ri!<\/strong><\/p>\n<p>A <a href=\"http:\/\/digital.seed.hu\" target=\"_blank\" rel=\"noopener\">digital.seed.hu<\/a> oldalunkon minden fontos inform\u00e1ci\u00f3 el\u00e9rhet\u0151 a &#8220;<strong>A t\u00e1vmunka is legyen teljes \u00e9rt\u00e9k\u0171!<\/strong>&#8221; \u00e9s &#8220;<strong>A hat\u00e9konys\u00e1g m\u00e9rhet\u0151!<\/strong>&#8221; 1 napos online workshopjainkr\u00f3l.<\/p>\n<p><strong>Jelentkez\u00e9s <\/strong>\u00a0&#8220;<strong>A t\u00e1vmunka is legyen teljes \u00e9rt\u00e9k\u0171<\/strong>!&#8221; <strong>workshopra:<\/strong><\/p>\n<p><a href=\"https:\/\/seed.hu\/a-tavmunka-is-legyen-teljes-erteku-egyuttmukodes-az-online-terben-0\" target=\"_blank\" rel=\"noopener\"><img decoding=\"async\" style=\"width: 110px; height: 42px;\" src=\"https:\/\/seed.hu\/files\/attachments\/inline\/jelentkezes_1.png\" alt=\"\" \/><\/a><\/p>\n<p><a href=\"https:\/\/seed.hu\/a-tavmunka-is-legyen-teljes-erteku-egyuttmukodes-az-online-terben-0\" target=\"_blank\" rel=\"noopener\"><img decoding=\"async\" style=\"width: 340px; height: 170px;\" src=\"https:\/\/seed.hu\/files\/attachments\/inline\/egy-napos-digital-1.png\" alt=\"\" \/><\/a><\/p>\n<p><strong>Jelentkez\u00e9s <\/strong>\u00a0&#8220;<strong>A hat\u00e9konys\u00e1g m\u00e9rhet\u0151!<\/strong>&#8221; <strong>workshopra:<\/strong><\/p>\n<p><a href=\"https:\/\/seed.hu\/a-hatekonysag-merheto-ar-ertek-alapon-hozott-dontesek-0\" target=\"_blank\" rel=\"noopener\"><img decoding=\"async\" style=\"width: 110px; height: 42px;\" src=\"https:\/\/seed.hu\/files\/attachments\/inline\/jelentkezes_1.png\" alt=\"\" \/><\/a><\/p>\n<p><a href=\"https:\/\/seed.hu\/a-hatekonysag-merheto-ar-ertek-alapon-hozott-dontesek-0\" target=\"_blank\" rel=\"noopener\"><img decoding=\"async\" style=\"width: 170px; height: 170px;\" src=\"https:\/\/seed.hu\/files\/attachments\/inline\/egy-napos-digital-2.png\" alt=\"\" \/><\/a><\/p>\n<p>&nbsp;<\/p>\n","protected":false},"featured_media":792,"menu_order":0,"template":"","meta":{"_acf_changed":false},"class_list":["post-977","hirek","type-hirek","status-publish","has-post-thumbnail","hentry"],"acf":[],"yoast_head":"<!-- This site is optimized with the Yoast SEO plugin v27.4 - https:\/\/yoast.com\/product\/yoast-seo-wordpress\/ -->\n<title>M\u00e1jus 31-\u00e9ig lehet jelentkezni: egy\u00fcttm\u0171k\u00f6d\u00e9s az online t\u00e9rben - Seed<\/title>\n<meta name=\"robots\" content=\"index, follow, max-snippet:-1, max-image-preview:large, max-video-preview:-1\" \/>\n<link rel=\"canonical\" href=\"https:\/\/seed.hu\/hirek\/majus-31-eig-lehet-jelentkezni-egyuttmukodes-az-online-terben\/\" \/>\n<meta property=\"og:locale\" content=\"en_US\" \/>\n<meta property=\"og:type\" content=\"article\" \/>\n<meta property=\"og:title\" content=\"M\u00e1jus 31-\u00e9ig lehet jelentkezni: egy\u00fcttm\u0171k\u00f6d\u00e9s az online t\u00e9rben - Seed\" \/>\n<meta property=\"og:description\" content=\"A SEED Alap\u00edtv\u00e1nyn\u00e1l az elm\u00falt \u00e9vekben minden irodai k\u00f6rnyezetet kipr\u00f3b\u00e1ltunk: dolgoztunk egym\u00e1st\u00f3l elszepar\u00e1lt irod\u00e1kban, amikor a legf\u0151bb gy\u00fclekez\u00e9si pont a k\u00e1v\u00e9f\u0151z\u0151 melletti 4 nm volt. Ezt v\u00e1ltotta fel a t\u00e1gas, napos, mintegy 70 nm-es egy l\u00e9gter\u0171 iroda, ahol \u00edr\u00f3asztal mell\u0151l b\u00e1rmikor \u00e1tsz\u00f3lhattunk egym\u00e1snak: ki k\u00e9r k\u00e1v\u00e9t? Az elm\u00falt 2 h\u00f3napban pedig az online t\u00e9rben k\u00e1v\u00e9ztunk, [&hellip;]\" \/>\n<meta property=\"og:url\" content=\"https:\/\/seed.hu\/hirek\/majus-31-eig-lehet-jelentkezni-egyuttmukodes-az-online-terben\/\" \/>\n<meta property=\"og:site_name\" content=\"Seed\" \/>\n<meta property=\"article:modified_time\" content=\"2022-01-20T17:34:22+00:00\" \/>\n<meta property=\"og:image\" content=\"https:\/\/seed.hu\/wp-content\/uploads\/2018\/04\/SEED_logo.png\" \/>\n\t<meta property=\"og:image:width\" content=\"250\" \/>\n\t<meta property=\"og:image:height\" content=\"206\" \/>\n\t<meta property=\"og:image:type\" content=\"image\/png\" \/>\n<meta name=\"twitter:card\" content=\"summary_large_image\" \/>\n<meta name=\"twitter:label1\" content=\"Est. reading time\" \/>\n\t<meta name=\"twitter:data1\" content=\"2 minutes\" \/>\n<script type=\"application\/ld+json\" class=\"yoast-schema-graph\">{\"@context\":\"https:\\\/\\\/schema.org\",\"@graph\":[{\"@type\":\"WebPage\",\"@id\":\"https:\\\/\\\/seed.hu\\\/hirek\\\/majus-31-eig-lehet-jelentkezni-egyuttmukodes-az-online-terben\\\/\",\"url\":\"https:\\\/\\\/seed.hu\\\/hirek\\\/majus-31-eig-lehet-jelentkezni-egyuttmukodes-az-online-terben\\\/\",\"name\":\"M\u00e1jus 31-\u00e9ig lehet jelentkezni: egy\u00fcttm\u0171k\u00f6d\u00e9s az online t\u00e9rben - Seed\",\"isPartOf\":{\"@id\":\"https:\\\/\\\/seed.hu\\\/#website\"},\"primaryImageOfPage\":{\"@id\":\"https:\\\/\\\/seed.hu\\\/hirek\\\/majus-31-eig-lehet-jelentkezni-egyuttmukodes-az-online-terben\\\/#primaryimage\"},\"image\":{\"@id\":\"https:\\\/\\\/seed.hu\\\/hirek\\\/majus-31-eig-lehet-jelentkezni-egyuttmukodes-az-online-terben\\\/#primaryimage\"},\"thumbnailUrl\":\"https:\\\/\\\/seed.hu\\\/wp-content\\\/uploads\\\/2018\\\/04\\\/SEED_logo.png\",\"datePublished\":\"2020-05-25T18:40:15+00:00\",\"dateModified\":\"2022-01-20T17:34:22+00:00\",\"breadcrumb\":{\"@id\":\"https:\\\/\\\/seed.hu\\\/hirek\\\/majus-31-eig-lehet-jelentkezni-egyuttmukodes-az-online-terben\\\/#breadcrumb\"},\"inLanguage\":\"en-US\",\"potentialAction\":[{\"@type\":\"ReadAction\",\"target\":[\"https:\\\/\\\/seed.hu\\\/hirek\\\/majus-31-eig-lehet-jelentkezni-egyuttmukodes-az-online-terben\\\/\"]}]},{\"@type\":\"ImageObject\",\"inLanguage\":\"en-US\",\"@id\":\"https:\\\/\\\/seed.hu\\\/hirek\\\/majus-31-eig-lehet-jelentkezni-egyuttmukodes-az-online-terben\\\/#primaryimage\",\"url\":\"https:\\\/\\\/seed.hu\\\/wp-content\\\/uploads\\\/2018\\\/04\\\/SEED_logo.png\",\"contentUrl\":\"https:\\\/\\\/seed.hu\\\/wp-content\\\/uploads\\\/2018\\\/04\\\/SEED_logo.png\",\"width\":250,\"height\":206},{\"@type\":\"BreadcrumbList\",\"@id\":\"https:\\\/\\\/seed.hu\\\/hirek\\\/majus-31-eig-lehet-jelentkezni-egyuttmukodes-az-online-terben\\\/#breadcrumb\",\"itemListElement\":[{\"@type\":\"ListItem\",\"position\":1,\"name\":\"H\u00edrek\",\"item\":\"https:\\\/\\\/seed.hu\\\/hirek\\\/\"},{\"@type\":\"ListItem\",\"position\":2,\"name\":\"M\u00e1jus 31-\u00e9ig lehet jelentkezni: egy\u00fcttm\u0171k\u00f6d\u00e9s az online t\u00e9rben\"}]},{\"@type\":\"WebSite\",\"@id\":\"https:\\\/\\\/seed.hu\\\/#website\",\"url\":\"https:\\\/\\\/seed.hu\\\/\",\"name\":\"Seed\",\"description\":\"\",\"potentialAction\":[{\"@type\":\"SearchAction\",\"target\":{\"@type\":\"EntryPoint\",\"urlTemplate\":\"https:\\\/\\\/seed.hu\\\/?s={search_term_string}\"},\"query-input\":{\"@type\":\"PropertyValueSpecification\",\"valueRequired\":true,\"valueName\":\"search_term_string\"}}],\"inLanguage\":\"en-US\"}]}<\/script>\n<!-- \/ Yoast SEO plugin. -->","yoast_head_json":{"title":"M\u00e1jus 31-\u00e9ig lehet jelentkezni: egy\u00fcttm\u0171k\u00f6d\u00e9s az online t\u00e9rben - Seed","robots":{"index":"index","follow":"follow","max-snippet":"max-snippet:-1","max-image-preview":"max-image-preview:large","max-video-preview":"max-video-preview:-1"},"canonical":"https:\/\/seed.hu\/hirek\/majus-31-eig-lehet-jelentkezni-egyuttmukodes-az-online-terben\/","og_locale":"en_US","og_type":"article","og_title":"M\u00e1jus 31-\u00e9ig lehet jelentkezni: egy\u00fcttm\u0171k\u00f6d\u00e9s az online t\u00e9rben - Seed","og_description":"A SEED Alap\u00edtv\u00e1nyn\u00e1l az elm\u00falt \u00e9vekben minden irodai k\u00f6rnyezetet kipr\u00f3b\u00e1ltunk: dolgoztunk egym\u00e1st\u00f3l elszepar\u00e1lt irod\u00e1kban, amikor a legf\u0151bb gy\u00fclekez\u00e9si pont a k\u00e1v\u00e9f\u0151z\u0151 melletti 4 nm volt. Ezt v\u00e1ltotta fel a t\u00e1gas, napos, mintegy 70 nm-es egy l\u00e9gter\u0171 iroda, ahol \u00edr\u00f3asztal mell\u0151l b\u00e1rmikor \u00e1tsz\u00f3lhattunk egym\u00e1snak: ki k\u00e9r k\u00e1v\u00e9t? Az elm\u00falt 2 h\u00f3napban pedig az online t\u00e9rben k\u00e1v\u00e9ztunk, [&hellip;]","og_url":"https:\/\/seed.hu\/hirek\/majus-31-eig-lehet-jelentkezni-egyuttmukodes-az-online-terben\/","og_site_name":"Seed","article_modified_time":"2022-01-20T17:34:22+00:00","og_image":[{"width":250,"height":206,"url":"https:\/\/seed.hu\/wp-content\/uploads\/2018\/04\/SEED_logo.png","type":"image\/png"}],"twitter_card":"summary_large_image","twitter_misc":{"Est. reading time":"2 minutes"},"schema":{"@context":"https:\/\/schema.org","@graph":[{"@type":"WebPage","@id":"https:\/\/seed.hu\/hirek\/majus-31-eig-lehet-jelentkezni-egyuttmukodes-az-online-terben\/","url":"https:\/\/seed.hu\/hirek\/majus-31-eig-lehet-jelentkezni-egyuttmukodes-az-online-terben\/","name":"M\u00e1jus 31-\u00e9ig lehet jelentkezni: egy\u00fcttm\u0171k\u00f6d\u00e9s az online t\u00e9rben - Seed","isPartOf":{"@id":"https:\/\/seed.hu\/#website"},"primaryImageOfPage":{"@id":"https:\/\/seed.hu\/hirek\/majus-31-eig-lehet-jelentkezni-egyuttmukodes-az-online-terben\/#primaryimage"},"image":{"@id":"https:\/\/seed.hu\/hirek\/majus-31-eig-lehet-jelentkezni-egyuttmukodes-az-online-terben\/#primaryimage"},"thumbnailUrl":"https:\/\/seed.hu\/wp-content\/uploads\/2018\/04\/SEED_logo.png","datePublished":"2020-05-25T18:40:15+00:00","dateModified":"2022-01-20T17:34:22+00:00","breadcrumb":{"@id":"https:\/\/seed.hu\/hirek\/majus-31-eig-lehet-jelentkezni-egyuttmukodes-az-online-terben\/#breadcrumb"},"inLanguage":"en-US","potentialAction":[{"@type":"ReadAction","target":["https:\/\/seed.hu\/hirek\/majus-31-eig-lehet-jelentkezni-egyuttmukodes-az-online-terben\/"]}]},{"@type":"ImageObject","inLanguage":"en-US","@id":"https:\/\/seed.hu\/hirek\/majus-31-eig-lehet-jelentkezni-egyuttmukodes-az-online-terben\/#primaryimage","url":"https:\/\/seed.hu\/wp-content\/uploads\/2018\/04\/SEED_logo.png","contentUrl":"https:\/\/seed.hu\/wp-content\/uploads\/2018\/04\/SEED_logo.png","width":250,"height":206},{"@type":"BreadcrumbList","@id":"https:\/\/seed.hu\/hirek\/majus-31-eig-lehet-jelentkezni-egyuttmukodes-az-online-terben\/#breadcrumb","itemListElement":[{"@type":"ListItem","position":1,"name":"H\u00edrek","item":"https:\/\/seed.hu\/hirek\/"},{"@type":"ListItem","position":2,"name":"M\u00e1jus 31-\u00e9ig lehet jelentkezni: egy\u00fcttm\u0171k\u00f6d\u00e9s az online t\u00e9rben"}]},{"@type":"WebSite","@id":"https:\/\/seed.hu\/#website","url":"https:\/\/seed.hu\/","name":"Seed","description":"","potentialAction":[{"@type":"SearchAction","target":{"@type":"EntryPoint","urlTemplate":"https:\/\/seed.hu\/?s={search_term_string}"},"query-input":{"@type":"PropertyValueSpecification","valueRequired":true,"valueName":"search_term_string"}}],"inLanguage":"en-US"}]}},"_links":{"self":[{"href":"https:\/\/seed.hu\/en\/wp-json\/wp\/v2\/hirek\/977","targetHints":{"allow":["GET"]}}],"collection":[{"href":"https:\/\/seed.hu\/en\/wp-json\/wp\/v2\/hirek"}],"about":[{"href":"https:\/\/seed.hu\/en\/wp-json\/wp\/v2\/types\/hirek"}],"wp:featuredmedia":[{"embeddable":true,"href":"https:\/\/seed.hu\/en\/wp-json\/wp\/v2\/media\/792"}],"wp:attachment":[{"href":"https:\/\/seed.hu\/en\/wp-json\/wp\/v2\/media?parent=977"}],"curies":[{"name":"wp","href":"https:\/\/api.w.org\/{rel}","templated":true}]}}