{"id":980,"date":"2020-06-08T17:05:28","date_gmt":"2020-06-08T15:05:28","guid":{"rendered":"https:\/\/seed.hu\/?post_type=hirek&#038;p=980"},"modified":"2022-01-20T18:49:16","modified_gmt":"2022-01-20T17:49:16","slug":"piac-es-profit-konferencia-online-adatszolgaltatas-a-nav-nak-julius-1-tol-mindenkinek-kotelezo","status":"publish","type":"hirek","link":"https:\/\/seed.hu\/en\/hirek\/piac-es-profit-konferencia-online-adatszolgaltatas-a-nav-nak-julius-1-tol-mindenkinek-kotelezo\/","title":{"rendered":"Piac \u00e9s Profit Konferencia: Online adatszolg\u00e1ltat\u00e1s a NAV-nak. J\u00falius 1-t\u0151l mindenkinek k\u00f6telez\u0151"},"content":{"rendered":"<p><strong>A vide\u00f3konferencia id\u0151pontja:\u00a02020. j\u00fanius 18. cs\u00fct\u00f6rt\u00f6k, 9.30\u201315.00<\/strong><\/p>\n<p><strong>J\u00falius 1-t\u0151l val\u00f3s id\u0151ben, teh\u00e1t azonnal l\u00e1tni akar a NAV minden belf\u00f6ldi ad\u00f3alanynak ki\u00e1ll\u00edtott sz\u00e1ml\u00e1t. Nem sz\u00e1m\u00edt, van-e \u00e1fatartalma vagy sem.<\/strong>\u00a0Teh\u00e1t a\u00a0<strong>kat\u00e1sokat is \u00e9rinti<\/strong>.\u00a0S\u0151t, 2021-t\u0151l a mag\u00e1nszem\u00e9lyeknek ki\u00e1ll\u00edtottakra is kiterjeszti a NAV a k\u00edv\u00e1ncsis\u00e1g\u00e1t. A v\u00e1llalkoz\u00f3kra, v\u00e1llalkoz\u00e1sokra\u00a0<strong>er\u0151s digitaliz\u00e1ci\u00f3fejleszt\u00e9si k\u00e9nyszer<\/strong>\u00a0nehezedik ezekben a napokban. \u00c9pp \u00e9sszel csak a sz\u00e1ml\u00e1z\u00f3programok j\u00f6hetnek sz\u00f3ba.\u00a0\u00a0<strong>De egy j\u00f3 sz\u00e1ml\u00e1z\u00f3program m\u00e9g \u00f6nmag\u00e1ban nem elegend\u0151.<\/strong>\u00a0A t\u00f6bbi \u00fcgyviteli munk\u00e1t is \u00e9rdemes lesz \u00f6sszehangolni, egys\u00e9ges, automatiz\u00e1lt rendszerbe f\u0171zni.\u00a0<strong>Az elektronikus bankol\u00e1s, a k\u00f6nyvel\u00e9s, a k\u00fcl\u00f6nb\u00f6z\u0151 \u00fcgyviteli programok lecser\u00e9l\u00e9s\u00e9t, integr\u00e1lt rendszerbe f\u0171z\u00e9s\u00e9t\u00a0<\/strong>is egyszerre c\u00e9lszer\u0171 megoldani. Felk\u00e9sz\u00fclve a\u00a02<strong>021. janu\u00e1ri k\u00f6telezetts\u00e9gkiterjeszt\u00e9sre<\/strong>\u00a0is. Ehhez a c\u00e9gnek j\u00f3val fejlettebb inform\u00e1ci\u00f3technol\u00f3giai h\u00e1tt\u00e9rre van sz\u00fcks\u00e9ge.<strong>\u00a0Mi lesz a nyugta \u00e9s a sz\u00e1mlat\u00f6mb sorsa?\u00a0<\/strong><\/p>\n<p>A k\u00f6telezetts\u00e9get teljes\u00edteni kell. P\u00e9nz kell hozz\u00e1 \u00e9s szervez\u00e9s.\u00a0<strong>A k\u00e9nyszerb\u0151l azonban sok haszon is sz\u00e1rmazik: gyorsabb, olcs\u00f3bb lesz az irodai adminisztr\u00e1ci\u00f3.<\/strong><\/p>\n<p>&nbsp;<\/p>\n<p><a href=\"https:\/\/piacesprofit.hu\/konferenciakozpont\/online-adatszolgaltatas-a-nav-nak\/\" target=\"_blank\" rel=\"noopener\">https:\/\/piacesprofit.hu\/konferenciakozpont\/online-adatszolgaltatas-a-nav-nak\/<\/a><\/p>\n","protected":false},"featured_media":792,"menu_order":0,"template":"","meta":{"_acf_changed":false},"class_list":["post-980","hirek","type-hirek","status-publish","has-post-thumbnail","hentry"],"acf":[],"yoast_head":"<!-- This site is optimized with the Yoast SEO plugin v27.4 - https:\/\/yoast.com\/product\/yoast-seo-wordpress\/ -->\n<title>Piac \u00e9s Profit Konferencia: Online adatszolg\u00e1ltat\u00e1s a NAV-nak. J\u00falius 1-t\u0151l mindenkinek k\u00f6telez\u0151 - Seed<\/title>\n<meta name=\"robots\" content=\"index, follow, max-snippet:-1, max-image-preview:large, max-video-preview:-1\" \/>\n<link rel=\"canonical\" href=\"https:\/\/seed.hu\/hirek\/piac-es-profit-konferencia-online-adatszolgaltatas-a-nav-nak-julius-1-tol-mindenkinek-kotelezo\/\" \/>\n<meta property=\"og:locale\" content=\"en_US\" \/>\n<meta property=\"og:type\" content=\"article\" \/>\n<meta property=\"og:title\" content=\"Piac \u00e9s Profit Konferencia: Online adatszolg\u00e1ltat\u00e1s a NAV-nak. J\u00falius 1-t\u0151l mindenkinek k\u00f6telez\u0151 - Seed\" \/>\n<meta property=\"og:description\" content=\"A vide\u00f3konferencia id\u0151pontja:\u00a02020. j\u00fanius 18. cs\u00fct\u00f6rt\u00f6k, 9.30\u201315.00 J\u00falius 1-t\u0151l val\u00f3s id\u0151ben, teh\u00e1t azonnal l\u00e1tni akar a NAV minden belf\u00f6ldi ad\u00f3alanynak ki\u00e1ll\u00edtott sz\u00e1ml\u00e1t. Nem sz\u00e1m\u00edt, van-e \u00e1fatartalma vagy sem.\u00a0Teh\u00e1t a\u00a0kat\u00e1sokat is \u00e9rinti.\u00a0S\u0151t, 2021-t\u0151l a mag\u00e1nszem\u00e9lyeknek ki\u00e1ll\u00edtottakra is kiterjeszti a NAV a k\u00edv\u00e1ncsis\u00e1g\u00e1t. A v\u00e1llalkoz\u00f3kra, v\u00e1llalkoz\u00e1sokra\u00a0er\u0151s digitaliz\u00e1ci\u00f3fejleszt\u00e9si k\u00e9nyszer\u00a0nehezedik ezekben a napokban. \u00c9pp \u00e9sszel csak a sz\u00e1ml\u00e1z\u00f3programok j\u00f6hetnek [&hellip;]\" \/>\n<meta property=\"og:url\" content=\"https:\/\/seed.hu\/hirek\/piac-es-profit-konferencia-online-adatszolgaltatas-a-nav-nak-julius-1-tol-mindenkinek-kotelezo\/\" \/>\n<meta property=\"og:site_name\" content=\"Seed\" \/>\n<meta property=\"article:modified_time\" content=\"2022-01-20T17:49:16+00:00\" \/>\n<meta property=\"og:image\" content=\"https:\/\/seed.hu\/wp-content\/uploads\/2018\/04\/SEED_logo.png\" \/>\n\t<meta property=\"og:image:width\" content=\"250\" \/>\n\t<meta property=\"og:image:height\" content=\"206\" \/>\n\t<meta property=\"og:image:type\" content=\"image\/png\" \/>\n<meta name=\"twitter:card\" content=\"summary_large_image\" \/>\n<meta name=\"twitter:label1\" content=\"Est. reading time\" \/>\n\t<meta name=\"twitter:data1\" content=\"1 minute\" \/>\n<script type=\"application\/ld+json\" class=\"yoast-schema-graph\">{\"@context\":\"https:\\\/\\\/schema.org\",\"@graph\":[{\"@type\":\"WebPage\",\"@id\":\"https:\\\/\\\/seed.hu\\\/hirek\\\/piac-es-profit-konferencia-online-adatszolgaltatas-a-nav-nak-julius-1-tol-mindenkinek-kotelezo\\\/\",\"url\":\"https:\\\/\\\/seed.hu\\\/hirek\\\/piac-es-profit-konferencia-online-adatszolgaltatas-a-nav-nak-julius-1-tol-mindenkinek-kotelezo\\\/\",\"name\":\"Piac \u00e9s Profit Konferencia: Online adatszolg\u00e1ltat\u00e1s a NAV-nak. J\u00falius 1-t\u0151l mindenkinek k\u00f6telez\u0151 - Seed\",\"isPartOf\":{\"@id\":\"https:\\\/\\\/seed.hu\\\/#website\"},\"primaryImageOfPage\":{\"@id\":\"https:\\\/\\\/seed.hu\\\/hirek\\\/piac-es-profit-konferencia-online-adatszolgaltatas-a-nav-nak-julius-1-tol-mindenkinek-kotelezo\\\/#primaryimage\"},\"image\":{\"@id\":\"https:\\\/\\\/seed.hu\\\/hirek\\\/piac-es-profit-konferencia-online-adatszolgaltatas-a-nav-nak-julius-1-tol-mindenkinek-kotelezo\\\/#primaryimage\"},\"thumbnailUrl\":\"https:\\\/\\\/seed.hu\\\/wp-content\\\/uploads\\\/2018\\\/04\\\/SEED_logo.png\",\"datePublished\":\"2020-06-08T15:05:28+00:00\",\"dateModified\":\"2022-01-20T17:49:16+00:00\",\"breadcrumb\":{\"@id\":\"https:\\\/\\\/seed.hu\\\/hirek\\\/piac-es-profit-konferencia-online-adatszolgaltatas-a-nav-nak-julius-1-tol-mindenkinek-kotelezo\\\/#breadcrumb\"},\"inLanguage\":\"en-US\",\"potentialAction\":[{\"@type\":\"ReadAction\",\"target\":[\"https:\\\/\\\/seed.hu\\\/hirek\\\/piac-es-profit-konferencia-online-adatszolgaltatas-a-nav-nak-julius-1-tol-mindenkinek-kotelezo\\\/\"]}]},{\"@type\":\"ImageObject\",\"inLanguage\":\"en-US\",\"@id\":\"https:\\\/\\\/seed.hu\\\/hirek\\\/piac-es-profit-konferencia-online-adatszolgaltatas-a-nav-nak-julius-1-tol-mindenkinek-kotelezo\\\/#primaryimage\",\"url\":\"https:\\\/\\\/seed.hu\\\/wp-content\\\/uploads\\\/2018\\\/04\\\/SEED_logo.png\",\"contentUrl\":\"https:\\\/\\\/seed.hu\\\/wp-content\\\/uploads\\\/2018\\\/04\\\/SEED_logo.png\",\"width\":250,\"height\":206},{\"@type\":\"BreadcrumbList\",\"@id\":\"https:\\\/\\\/seed.hu\\\/hirek\\\/piac-es-profit-konferencia-online-adatszolgaltatas-a-nav-nak-julius-1-tol-mindenkinek-kotelezo\\\/#breadcrumb\",\"itemListElement\":[{\"@type\":\"ListItem\",\"position\":1,\"name\":\"H\u00edrek\",\"item\":\"https:\\\/\\\/seed.hu\\\/hirek\\\/\"},{\"@type\":\"ListItem\",\"position\":2,\"name\":\"Piac \u00e9s Profit Konferencia: Online adatszolg\u00e1ltat\u00e1s a NAV-nak. J\u00falius 1-t\u0151l mindenkinek k\u00f6telez\u0151\"}]},{\"@type\":\"WebSite\",\"@id\":\"https:\\\/\\\/seed.hu\\\/#website\",\"url\":\"https:\\\/\\\/seed.hu\\\/\",\"name\":\"Seed\",\"description\":\"\",\"potentialAction\":[{\"@type\":\"SearchAction\",\"target\":{\"@type\":\"EntryPoint\",\"urlTemplate\":\"https:\\\/\\\/seed.hu\\\/?s={search_term_string}\"},\"query-input\":{\"@type\":\"PropertyValueSpecification\",\"valueRequired\":true,\"valueName\":\"search_term_string\"}}],\"inLanguage\":\"en-US\"}]}<\/script>\n<!-- \/ Yoast SEO plugin. -->","yoast_head_json":{"title":"Piac \u00e9s Profit Konferencia: Online adatszolg\u00e1ltat\u00e1s a NAV-nak. J\u00falius 1-t\u0151l mindenkinek k\u00f6telez\u0151 - Seed","robots":{"index":"index","follow":"follow","max-snippet":"max-snippet:-1","max-image-preview":"max-image-preview:large","max-video-preview":"max-video-preview:-1"},"canonical":"https:\/\/seed.hu\/hirek\/piac-es-profit-konferencia-online-adatszolgaltatas-a-nav-nak-julius-1-tol-mindenkinek-kotelezo\/","og_locale":"en_US","og_type":"article","og_title":"Piac \u00e9s Profit Konferencia: Online adatszolg\u00e1ltat\u00e1s a NAV-nak. J\u00falius 1-t\u0151l mindenkinek k\u00f6telez\u0151 - Seed","og_description":"A vide\u00f3konferencia id\u0151pontja:\u00a02020. j\u00fanius 18. cs\u00fct\u00f6rt\u00f6k, 9.30\u201315.00 J\u00falius 1-t\u0151l val\u00f3s id\u0151ben, teh\u00e1t azonnal l\u00e1tni akar a NAV minden belf\u00f6ldi ad\u00f3alanynak ki\u00e1ll\u00edtott sz\u00e1ml\u00e1t. Nem sz\u00e1m\u00edt, van-e \u00e1fatartalma vagy sem.\u00a0Teh\u00e1t a\u00a0kat\u00e1sokat is \u00e9rinti.\u00a0S\u0151t, 2021-t\u0151l a mag\u00e1nszem\u00e9lyeknek ki\u00e1ll\u00edtottakra is kiterjeszti a NAV a k\u00edv\u00e1ncsis\u00e1g\u00e1t. A v\u00e1llalkoz\u00f3kra, v\u00e1llalkoz\u00e1sokra\u00a0er\u0151s digitaliz\u00e1ci\u00f3fejleszt\u00e9si k\u00e9nyszer\u00a0nehezedik ezekben a napokban. \u00c9pp \u00e9sszel csak a sz\u00e1ml\u00e1z\u00f3programok j\u00f6hetnek [&hellip;]","og_url":"https:\/\/seed.hu\/hirek\/piac-es-profit-konferencia-online-adatszolgaltatas-a-nav-nak-julius-1-tol-mindenkinek-kotelezo\/","og_site_name":"Seed","article_modified_time":"2022-01-20T17:49:16+00:00","og_image":[{"width":250,"height":206,"url":"https:\/\/seed.hu\/wp-content\/uploads\/2018\/04\/SEED_logo.png","type":"image\/png"}],"twitter_card":"summary_large_image","twitter_misc":{"Est. reading time":"1 minute"},"schema":{"@context":"https:\/\/schema.org","@graph":[{"@type":"WebPage","@id":"https:\/\/seed.hu\/hirek\/piac-es-profit-konferencia-online-adatszolgaltatas-a-nav-nak-julius-1-tol-mindenkinek-kotelezo\/","url":"https:\/\/seed.hu\/hirek\/piac-es-profit-konferencia-online-adatszolgaltatas-a-nav-nak-julius-1-tol-mindenkinek-kotelezo\/","name":"Piac \u00e9s Profit Konferencia: Online adatszolg\u00e1ltat\u00e1s a NAV-nak. J\u00falius 1-t\u0151l mindenkinek k\u00f6telez\u0151 - Seed","isPartOf":{"@id":"https:\/\/seed.hu\/#website"},"primaryImageOfPage":{"@id":"https:\/\/seed.hu\/hirek\/piac-es-profit-konferencia-online-adatszolgaltatas-a-nav-nak-julius-1-tol-mindenkinek-kotelezo\/#primaryimage"},"image":{"@id":"https:\/\/seed.hu\/hirek\/piac-es-profit-konferencia-online-adatszolgaltatas-a-nav-nak-julius-1-tol-mindenkinek-kotelezo\/#primaryimage"},"thumbnailUrl":"https:\/\/seed.hu\/wp-content\/uploads\/2018\/04\/SEED_logo.png","datePublished":"2020-06-08T15:05:28+00:00","dateModified":"2022-01-20T17:49:16+00:00","breadcrumb":{"@id":"https:\/\/seed.hu\/hirek\/piac-es-profit-konferencia-online-adatszolgaltatas-a-nav-nak-julius-1-tol-mindenkinek-kotelezo\/#breadcrumb"},"inLanguage":"en-US","potentialAction":[{"@type":"ReadAction","target":["https:\/\/seed.hu\/hirek\/piac-es-profit-konferencia-online-adatszolgaltatas-a-nav-nak-julius-1-tol-mindenkinek-kotelezo\/"]}]},{"@type":"ImageObject","inLanguage":"en-US","@id":"https:\/\/seed.hu\/hirek\/piac-es-profit-konferencia-online-adatszolgaltatas-a-nav-nak-julius-1-tol-mindenkinek-kotelezo\/#primaryimage","url":"https:\/\/seed.hu\/wp-content\/uploads\/2018\/04\/SEED_logo.png","contentUrl":"https:\/\/seed.hu\/wp-content\/uploads\/2018\/04\/SEED_logo.png","width":250,"height":206},{"@type":"BreadcrumbList","@id":"https:\/\/seed.hu\/hirek\/piac-es-profit-konferencia-online-adatszolgaltatas-a-nav-nak-julius-1-tol-mindenkinek-kotelezo\/#breadcrumb","itemListElement":[{"@type":"ListItem","position":1,"name":"H\u00edrek","item":"https:\/\/seed.hu\/hirek\/"},{"@type":"ListItem","position":2,"name":"Piac \u00e9s Profit Konferencia: Online adatszolg\u00e1ltat\u00e1s a NAV-nak. J\u00falius 1-t\u0151l mindenkinek k\u00f6telez\u0151"}]},{"@type":"WebSite","@id":"https:\/\/seed.hu\/#website","url":"https:\/\/seed.hu\/","name":"Seed","description":"","potentialAction":[{"@type":"SearchAction","target":{"@type":"EntryPoint","urlTemplate":"https:\/\/seed.hu\/?s={search_term_string}"},"query-input":{"@type":"PropertyValueSpecification","valueRequired":true,"valueName":"search_term_string"}}],"inLanguage":"en-US"}]}},"_links":{"self":[{"href":"https:\/\/seed.hu\/en\/wp-json\/wp\/v2\/hirek\/980","targetHints":{"allow":["GET"]}}],"collection":[{"href":"https:\/\/seed.hu\/en\/wp-json\/wp\/v2\/hirek"}],"about":[{"href":"https:\/\/seed.hu\/en\/wp-json\/wp\/v2\/types\/hirek"}],"wp:featuredmedia":[{"embeddable":true,"href":"https:\/\/seed.hu\/en\/wp-json\/wp\/v2\/media\/792"}],"wp:attachment":[{"href":"https:\/\/seed.hu\/en\/wp-json\/wp\/v2\/media?parent=980"}],"curies":[{"name":"wp","href":"https:\/\/api.w.org\/{rel}","templated":true}]}}