{"id":560,"date":"2021-09-22T06:02:50","date_gmt":"2021-09-22T04:02:50","guid":{"rendered":"https:\/\/seed.hu\/?page_id=560"},"modified":"2021-09-22T06:02:50","modified_gmt":"2021-09-22T04:02:50","slug":"quickit-kepzes","status":"publish","type":"page","link":"https:\/\/seed.hu\/en\/quickit-kepzes\/","title":{"rendered":"quickIT k\u00e9pz\u00e9s"},"content":{"rendered":"<p>Napjainkban m\u00e1r nem az a k\u00e9rd\u00e9s sz\u00fcks\u00e9ges-e egy v\u00e1llalkoz\u00e1s m\u0171k\u00f6d\u00e9s\u00e9ben, fejleszt\u00e9s\u00e9ben, n\u00f6veked\u00e9s\u00e9ben a digitaliz\u00e1ci\u00f3, hanem az, ki mikor fog bele annak \u00e9rdek\u00e9ben, hogy ne maradjon le \u00fczletfelei vagy versenyt\u00e1rsai k\u00f6z\u00f6tt.<\/p>\n<p>A jelenlegi k\u00f6r\u00fclm\u00e9nyek olyan helyzetbe hozz\u00e1k, hozt\u00e1k a v\u00e1llalkoz\u00e1sokat, melyre nem lehetett el\u0151re sz\u00e1m\u00edtani, s jelenleg a kimenetel\u00e9t sem tudhatjuk pontosan.<\/p>\n<p>A QuickIT k\u00e9pz\u00e9s c\u00e9lja megismertetni a v\u00e1llalkoz\u00f3kat az olyan digit\u00e1lis megold\u00e1sokkal, amelyek seg\u00edtik \u0151ket a v\u00e1llalkoz\u00f3i h\u00e9tk\u00f6znapjaik sor\u00e1n a munkafolyamatok \u00e9s a p\u00e9nz\u00fcgyek megtervez\u00e9s\u00e9ben, lebonyol\u00edt\u00e1s\u00e1ban, ellen\u0151rz\u00e9s\u00e9ben, az \u00fcgyfelekkel \u00e9s az \u00fczleti partnerekkel val\u00f3 kommunik\u00e1ci\u00f3ban, a v\u00e1llalkoz\u00e1si folyamatok nyomon k\u00f6vet\u00e9s\u00e9ben, \u00e9rt\u00e9kel\u00e9s\u00e9ben.<\/p>\n<p>A k\u00e9pz\u00e9s \u00e1tfog\u00f3 ismeretet ad arr\u00f3l, hogy a v\u00e1llalkoz\u00e1s mely m\u0171k\u00f6d\u00e9si ter\u00fcletei \u00e9s hogyan lehetnek \u00e9rintettek a digit\u00e1lis v\u00e1llalkoz\u00e1ss\u00e1 v\u00e1l\u00e1s folyamat\u00e1ban. Ezzel seg\u00edts\u00e9get ny\u00fajt a v\u00e1llalkoz\u00f3knak ahhoz, hogy a digit\u00e1lis fejleszt\u00e9shez hogyan kezdjenek hozz\u00e1, illetve hova helyezz\u00e9k a hangs\u00falyokat.<\/p>\n<p><strong><u>K\u00e9pz\u00e9si id\u0151pont:<\/u><\/strong><br \/>\n<strong>k\u00f6vetkez\u0151 k\u00e9pz\u00e9si napok tervez\u00e9s alatt, szerda &#8211; p\u00e9ntek\u00a09:00-13:30<\/strong><\/p>\n<p><strong><u>Jelentkez\u00e9si hat\u00e1rid\u0151:<\/u><\/strong><br \/>\n<strong><u>R\u00e9szv\u00e9teli d\u00edj:<\/u><br \/>\n35\u00a0000,- Ft + \u00c1FA\/f\u0151<\/strong><\/p>\n<p><u><strong>\u00c9rintett t\u00e9mak\u00f6r\u00f6k:<\/strong><\/u><\/p>\n<ul>\n<li><strong>informatikai alapfogalmak,<\/strong><\/li>\n<li><strong>hardverek \u00e9s jellemz\u0151i,<\/strong><\/li>\n<li><strong>pap\u00edrmentes iroda, \u00fcgyviteli folyamatok digitaliz\u00e1ci\u00f3ja,<\/strong><\/li>\n<li><strong>online marketing az informatika old\u00e1r\u00f3l n\u00e9zve,<\/strong><\/li>\n<li><strong>a menedzsment digit\u00e1lis t\u00e1mogat\u00e1sa,<\/strong><\/li>\n<li><strong>biztons\u00e1g, adatv\u00e9delem<\/strong><\/li>\n<li><strong>fejleszt\u00e9s, c\u00e9lok \u00e9s megfontoland\u00f3 k\u00e9rd\u00e9sek.<\/strong><\/li>\n<\/ul>\n<p>A gyakorlati feladatokra \u00e9s egyes ter\u00fcleteken t\u00f6rt\u00e9n\u0151 elm\u00e9lyed\u00e9sre k\u00f6vetkez\u0151 l\u00e9pcs\u0151fokk\u00e9nt javasoljuk az egynapos tematikus k\u00e9pz\u00e9seinket \u00e9s a 4 napos digITall k\u00e9pz\u00e9st.<\/p>\n<p>A QuickIT k\u00e9pz\u00e9sen legfeljebb 15 f\u0151 vehet r\u00e9szt, a l\u00e9tsz\u00e1mkeretet a be\u00e9rkezett jelentkez\u00e9sek sorrendj\u00e9ben folyamatosan t\u00f6ltj\u00fck fel.<\/p>\n<p>A jelentkez\u00e9si fel\u00fcleten megtal\u00e1lhat\u00f3 k\u00e9rd\u00e9ssorra kapott v\u00e1laszok alapj\u00e1n szak\u00e9rt\u0151nk felm\u00e9ri a jelentkez\u0151k tud\u00e1sszintj\u00e9t, ennek megfelel\u0151en m\u00e9g a k\u00e9pz\u00e9s el\u0151tt egy online tananyagot fogunk k\u00fcldeni, annak \u00e9rdek\u00e9ben, hogy a k\u00f6z\u00f6s munk\u00e1t ezzel is seg\u00edts\u00fck (alapfogalmak tiszt\u00e1z\u00e1sa, ism\u00e9tl\u00e9s a c\u00e9l). A jelentkez\u00e9si hat\u00e1rid\u0151 lej\u00e1rta, vagy a l\u00e9tsz\u00e1mkeret betelte ut\u00e1n emailben mindenkit \u00e9rtes\u00edt\u00fcnk.<\/p>\n<p>A k\u00e9pz\u00e9s megval\u00f3s\u00edt\u00e1s\u00e1t biztons\u00e1gi okokb\u00f3l az online t\u00e9rben szervezz\u00fck. Ehhez a ZOOM alkalmaz\u00e1st haszn\u00e1ljuk. Amennyiben technikai seg\u00edts\u00e9gre van sz\u00fcks\u00e9g k\u00e9szs\u00e9ggel \u00e1llunk rendelkez\u00e9sre, illetve a workshop el\u0151tt hasznos \u00fatmutat\u00f3t k\u00fcld\u00fcnk minden jelentkez\u0151nek.<\/p>\n<p>Az online workshopon val\u00f3 r\u00e9szv\u00e9telhez internet hozz\u00e1f\u00e9r\u00e9sre \u00e9s sz\u00e1m\u00edt\u00f3g\u00e9pre lesz sz\u00fcks\u00e9ge.<\/p>\n<p><a href=\"https:\/\/seed.hu\/kerdoiv\/jelentkezes-quickit-kepzesre-online-terben-2020\" target=\"_blank\" rel=\"noopener\"><img loading=\"lazy\" decoding=\"async\" src=\"https:\/\/seed.hu\/files\/resize\/attachments\/inline\/jelentkezes_1-110x42.png\" alt=\"\" width=\"110\" height=\"42\" \/><\/a><\/p>\n","protected":false},"excerpt":{"rendered":"<p>Napjainkban m\u00e1r nem az a k\u00e9rd\u00e9s sz\u00fcks\u00e9ges-e egy v\u00e1llalkoz\u00e1s m\u0171k\u00f6d\u00e9s\u00e9ben, fejleszt\u00e9s\u00e9ben, n\u00f6veked\u00e9s\u00e9ben a digitaliz\u00e1ci\u00f3, hanem az, ki mikor fog bele annak \u00e9rdek\u00e9ben, hogy ne maradjon le \u00fczletfelei vagy versenyt\u00e1rsai k\u00f6z\u00f6tt. A jelenlegi k\u00f6r\u00fclm\u00e9nyek olyan helyzetbe hozz\u00e1k, hozt\u00e1k a v\u00e1llalkoz\u00e1sokat, melyre nem lehetett el\u0151re sz\u00e1m\u00edtani, s jelenleg a kimenetel\u00e9t sem tudhatjuk pontosan. A QuickIT k\u00e9pz\u00e9s c\u00e9lja [&hellip;]<\/p>\n","protected":false},"author":1,"featured_media":0,"parent":0,"menu_order":0,"comment_status":"closed","ping_status":"closed","template":"","meta":{"_acf_changed":false,"footnotes":""},"class_list":["post-560","page","type-page","status-publish","hentry"],"acf":[],"yoast_head":"<!-- This site is optimized with the Yoast SEO plugin v27.4 - https:\/\/yoast.com\/product\/yoast-seo-wordpress\/ -->\n<title>quickIT k\u00e9pz\u00e9s - Seed<\/title>\n<meta name=\"robots\" content=\"index, follow, max-snippet:-1, max-image-preview:large, max-video-preview:-1\" \/>\n<link rel=\"canonical\" href=\"https:\/\/seed.hu\/en\/quickit-kepzes\/\" \/>\n<meta property=\"og:locale\" content=\"en_US\" \/>\n<meta property=\"og:type\" content=\"article\" \/>\n<meta property=\"og:title\" content=\"quickIT k\u00e9pz\u00e9s - Seed\" \/>\n<meta property=\"og:description\" content=\"Napjainkban m\u00e1r nem az a k\u00e9rd\u00e9s sz\u00fcks\u00e9ges-e egy v\u00e1llalkoz\u00e1s m\u0171k\u00f6d\u00e9s\u00e9ben, fejleszt\u00e9s\u00e9ben, n\u00f6veked\u00e9s\u00e9ben a digitaliz\u00e1ci\u00f3, hanem az, ki mikor fog bele annak \u00e9rdek\u00e9ben, hogy ne maradjon le \u00fczletfelei vagy versenyt\u00e1rsai k\u00f6z\u00f6tt. A jelenlegi k\u00f6r\u00fclm\u00e9nyek olyan helyzetbe hozz\u00e1k, hozt\u00e1k a v\u00e1llalkoz\u00e1sokat, melyre nem lehetett el\u0151re sz\u00e1m\u00edtani, s jelenleg a kimenetel\u00e9t sem tudhatjuk pontosan. A QuickIT k\u00e9pz\u00e9s c\u00e9lja [&hellip;]\" \/>\n<meta property=\"og:url\" content=\"https:\/\/seed.hu\/en\/quickit-kepzes\/\" \/>\n<meta property=\"og:site_name\" content=\"Seed\" \/>\n<meta property=\"og:image\" content=\"https:\/\/seed.hu\/files\/resize\/attachments\/inline\/jelentkezes_1-110x42.png\" \/>\n<meta name=\"twitter:card\" content=\"summary_large_image\" \/>\n<meta name=\"twitter:label1\" content=\"Est. reading time\" \/>\n\t<meta name=\"twitter:data1\" content=\"3 minutes\" \/>\n<script type=\"application\/ld+json\" class=\"yoast-schema-graph\">{\"@context\":\"https:\\\/\\\/schema.org\",\"@graph\":[{\"@type\":\"WebPage\",\"@id\":\"https:\\\/\\\/seed.hu\\\/en\\\/quickit-kepzes\\\/\",\"url\":\"https:\\\/\\\/seed.hu\\\/en\\\/quickit-kepzes\\\/\",\"name\":\"quickIT k\u00e9pz\u00e9s - Seed\",\"isPartOf\":{\"@id\":\"https:\\\/\\\/seed.hu\\\/#website\"},\"primaryImageOfPage\":{\"@id\":\"https:\\\/\\\/seed.hu\\\/en\\\/quickit-kepzes\\\/#primaryimage\"},\"image\":{\"@id\":\"https:\\\/\\\/seed.hu\\\/en\\\/quickit-kepzes\\\/#primaryimage\"},\"thumbnailUrl\":\"https:\\\/\\\/seed.hu\\\/files\\\/resize\\\/attachments\\\/inline\\\/jelentkezes_1-110x42.png\",\"datePublished\":\"2021-09-22T04:02:50+00:00\",\"inLanguage\":\"en-US\",\"potentialAction\":[{\"@type\":\"ReadAction\",\"target\":[\"https:\\\/\\\/seed.hu\\\/en\\\/quickit-kepzes\\\/\"]}]},{\"@type\":\"ImageObject\",\"inLanguage\":\"en-US\",\"@id\":\"https:\\\/\\\/seed.hu\\\/en\\\/quickit-kepzes\\\/#primaryimage\",\"url\":\"https:\\\/\\\/seed.hu\\\/files\\\/resize\\\/attachments\\\/inline\\\/jelentkezes_1-110x42.png\",\"contentUrl\":\"https:\\\/\\\/seed.hu\\\/files\\\/resize\\\/attachments\\\/inline\\\/jelentkezes_1-110x42.png\"},{\"@type\":\"WebSite\",\"@id\":\"https:\\\/\\\/seed.hu\\\/#website\",\"url\":\"https:\\\/\\\/seed.hu\\\/\",\"name\":\"Seed\",\"description\":\"\",\"potentialAction\":[{\"@type\":\"SearchAction\",\"target\":{\"@type\":\"EntryPoint\",\"urlTemplate\":\"https:\\\/\\\/seed.hu\\\/?s={search_term_string}\"},\"query-input\":{\"@type\":\"PropertyValueSpecification\",\"valueRequired\":true,\"valueName\":\"search_term_string\"}}],\"inLanguage\":\"en-US\"}]}<\/script>\n<!-- \/ Yoast SEO plugin. -->","yoast_head_json":{"title":"quickIT k\u00e9pz\u00e9s - Seed","robots":{"index":"index","follow":"follow","max-snippet":"max-snippet:-1","max-image-preview":"max-image-preview:large","max-video-preview":"max-video-preview:-1"},"canonical":"https:\/\/seed.hu\/en\/quickit-kepzes\/","og_locale":"en_US","og_type":"article","og_title":"quickIT k\u00e9pz\u00e9s - Seed","og_description":"Napjainkban m\u00e1r nem az a k\u00e9rd\u00e9s sz\u00fcks\u00e9ges-e egy v\u00e1llalkoz\u00e1s m\u0171k\u00f6d\u00e9s\u00e9ben, fejleszt\u00e9s\u00e9ben, n\u00f6veked\u00e9s\u00e9ben a digitaliz\u00e1ci\u00f3, hanem az, ki mikor fog bele annak \u00e9rdek\u00e9ben, hogy ne maradjon le \u00fczletfelei vagy versenyt\u00e1rsai k\u00f6z\u00f6tt. A jelenlegi k\u00f6r\u00fclm\u00e9nyek olyan helyzetbe hozz\u00e1k, hozt\u00e1k a v\u00e1llalkoz\u00e1sokat, melyre nem lehetett el\u0151re sz\u00e1m\u00edtani, s jelenleg a kimenetel\u00e9t sem tudhatjuk pontosan. A QuickIT k\u00e9pz\u00e9s c\u00e9lja [&hellip;]","og_url":"https:\/\/seed.hu\/en\/quickit-kepzes\/","og_site_name":"Seed","og_image":[{"url":"https:\/\/seed.hu\/files\/resize\/attachments\/inline\/jelentkezes_1-110x42.png","type":"","width":"","height":""}],"twitter_card":"summary_large_image","twitter_misc":{"Est. reading time":"3 minutes"},"schema":{"@context":"https:\/\/schema.org","@graph":[{"@type":"WebPage","@id":"https:\/\/seed.hu\/en\/quickit-kepzes\/","url":"https:\/\/seed.hu\/en\/quickit-kepzes\/","name":"quickIT k\u00e9pz\u00e9s - Seed","isPartOf":{"@id":"https:\/\/seed.hu\/#website"},"primaryImageOfPage":{"@id":"https:\/\/seed.hu\/en\/quickit-kepzes\/#primaryimage"},"image":{"@id":"https:\/\/seed.hu\/en\/quickit-kepzes\/#primaryimage"},"thumbnailUrl":"https:\/\/seed.hu\/files\/resize\/attachments\/inline\/jelentkezes_1-110x42.png","datePublished":"2021-09-22T04:02:50+00:00","inLanguage":"en-US","potentialAction":[{"@type":"ReadAction","target":["https:\/\/seed.hu\/en\/quickit-kepzes\/"]}]},{"@type":"ImageObject","inLanguage":"en-US","@id":"https:\/\/seed.hu\/en\/quickit-kepzes\/#primaryimage","url":"https:\/\/seed.hu\/files\/resize\/attachments\/inline\/jelentkezes_1-110x42.png","contentUrl":"https:\/\/seed.hu\/files\/resize\/attachments\/inline\/jelentkezes_1-110x42.png"},{"@type":"WebSite","@id":"https:\/\/seed.hu\/#website","url":"https:\/\/seed.hu\/","name":"Seed","description":"","potentialAction":[{"@type":"SearchAction","target":{"@type":"EntryPoint","urlTemplate":"https:\/\/seed.hu\/?s={search_term_string}"},"query-input":{"@type":"PropertyValueSpecification","valueRequired":true,"valueName":"search_term_string"}}],"inLanguage":"en-US"}]}},"_links":{"self":[{"href":"https:\/\/seed.hu\/en\/wp-json\/wp\/v2\/pages\/560","targetHints":{"allow":["GET"]}}],"collection":[{"href":"https:\/\/seed.hu\/en\/wp-json\/wp\/v2\/pages"}],"about":[{"href":"https:\/\/seed.hu\/en\/wp-json\/wp\/v2\/types\/page"}],"author":[{"embeddable":true,"href":"https:\/\/seed.hu\/en\/wp-json\/wp\/v2\/users\/1"}],"replies":[{"embeddable":true,"href":"https:\/\/seed.hu\/en\/wp-json\/wp\/v2\/comments?post=560"}],"version-history":[{"count":1,"href":"https:\/\/seed.hu\/en\/wp-json\/wp\/v2\/pages\/560\/revisions"}],"predecessor-version":[{"id":660,"href":"https:\/\/seed.hu\/en\/wp-json\/wp\/v2\/pages\/560\/revisions\/660"}],"wp:attachment":[{"href":"https:\/\/seed.hu\/en\/wp-json\/wp\/v2\/media?parent=560"}],"curies":[{"name":"wp","href":"https:\/\/api.w.org\/{rel}","templated":true}]}}