{"id":573,"date":"2021-09-22T05:58:17","date_gmt":"2021-09-22T03:58:17","guid":{"rendered":"https:\/\/seed.hu\/?page_id=573"},"modified":"2021-09-22T05:58:17","modified_gmt":"2021-09-22T03:58:17","slug":"digitall","status":"publish","type":"page","link":"https:\/\/seed.hu\/en\/digitall\/","title":{"rendered":"digITall"},"content":{"rendered":"<h3><strong>Legyen a v\u00e1llalkoz\u00e1sa az online t\u00e9rben is hat\u00e9kony \u00e9s sikeres!<\/strong><\/h3>\n<p>Digit\u00e1lis v\u00e1llalkoz\u00e1ss\u00e1 v\u00e1lni nem \u00f6nc\u00e9l\u00fa fejleszt\u00e9s, hanem alapvet\u0151 gazdas\u00e1gi \u00e9rdeke minden v\u00e1llalkoz\u00e1snak, m\u00e9rett\u0151l \u00e9s ipar\u00e1gt\u00f3l f\u00fcggetlen\u00fcl.<\/p>\n<p><strong>M\u00e1ra a magyar lakoss\u00e1g n\u00e9gy\u00f6t\u00f6de mozog otthonosan az online fel\u00fcleteken. Az internethaszn\u00e1l\u00f3k k\u00f6z\u00f6tt pedig \u00e9vr\u0151l \u00e9vre n\u00f6vekszik az online v\u00e1s\u00e1rl\u00f3k ar\u00e1nya, \u00edgy komoly v\u00e1s\u00e1rl\u0151er\u0151 van jelen nap mint nap a digit\u00e1lis t\u00e9rben.<\/strong><\/p>\n<p>A hazai v\u00e1llalkoz\u00e1sok azonban \u00fczleti folyamatainak digitaliz\u00e1lts\u00e1ga \u00e9s digit\u00e1lis kereskedelmi szolg\u00e1ltat\u00e1sok biztos\u00edt\u00e1sa ter\u00e9n er\u0151s elmarad\u00e1sban vannak a hazai kis- \u00e9s k\u00f6z\u00e9pv\u00e1llalkoz\u00e1sok r\u00e9gi\u00f3s \u00e9s EU-s versenyt\u00e1rsaikhoz m\u00e9rten.<\/p>\n<p><strong>L\u00e9pjen miel\u0151bb a digitaliz\u00e1ci\u00f3 \u00fatj\u00e1ra, hogy miel\u0151bb learathassa az ebb\u0151l sz\u00e1rmaz\u00f3 hasznot, hatv\u00e1nyozottan jav\u00edtva piaci poz\u00edci\u00f3j\u00e1t a k\u00e9s\u0151bb csatlakoz\u00f3kkal szemben!<\/strong><\/p>\n<p>&nbsp;<\/p>\n<p><strong><u>A digITall\u00a0k\u00e9pz\u00e9s id\u0151pontjai:<\/u><\/strong><br \/>\n<strong>k\u00f6vetkez\u0151 k\u00e9pz\u00e9si napok tervez\u00e9s alatt, k\u00e9pz\u00e9si napok: szerda &#8211; p\u00e9ntek<\/strong><br \/>\n<strong>online fel\u00fcleten naponta 9:00-16:15-ig t\u00f6bb friss\u00edt\u0151 sz\u00fcnettel, illetve egy hosszabb eb\u00e9dsz\u00fcnettel lehet tervezni.<\/strong><\/p>\n<p><strong><u>Jelentkez\u00e9si hat\u00e1rid\u0151:<\/u><\/strong><br \/>\n<strong><u>A 4 napos, 32 \u00f3r\u00e1s k\u00e9pz\u00e9s d\u00edja:<\/u><br \/>\n100\u00a0000,- Ft + \u00c1FA\/f\u0151.\u00a0<\/strong><br \/>\nAz \u00e1ltalunk k\u00edn\u00e1lt k\u00e9pz\u00e9si tematika a v\u00e1llalkoz\u00e1s m\u0171k\u00f6d\u00e9si ter\u00fcleteinek teljes spektrum\u00e1t \u00e9rinti azok digitaliz\u00e1ci\u00f3s fejleszt\u00e9si lehet\u0151s\u00e9geit bemutatva, \u00e9s gyakorlatban is megismerve az azonnal el\u00e9rhet\u0151 applik\u00e1ci\u00f3kat, szoftvereket.<\/p>\n<p>A k\u00e9pz\u00e9sen legfeljebb 15 f\u0151 vehet r\u00e9szt. A be\u00e9rkezett jelentkez\u00e9sekb\u0151l az egys\u00e9ges tud\u00e1sszintet k\u00e9pvisel\u0151 r\u00e9sztvev\u0151i csoport kiv\u00e1laszt\u00e1s\u00e1t a\u00a0SEED Alap\u00edtv\u00e1ny\u00a0szak\u00e9rt\u0151ib\u0151l \u00e1ll\u00f3 szakmai zs\u0171ri v\u00e9gzi. A tud\u00e1sszint felm\u00e9r\u00e9se a jelentkez\u00e9si fel\u00fcleten megtal\u00e1lhat\u00f3 k\u00e9rd\u00e9ssorra kapott v\u00e1laszok alapj\u00e1n t\u00f6rt\u00e9nik.<\/p>\n<p>A jelentkez\u00e9si hat\u00e1rid\u0151 lej\u00e1rta ut\u00e1n emailben \u00e9rtes\u00edt\u00fcnk mindenkit a r\u00e9szv\u00e9tel lehet\u0151s\u00e9g\u00e9r\u0151l, illetve pozit\u00edv visszajelz\u00e9s eset\u00e9n a k\u00e9pz\u00e9s el\u0151tt egy online tananyagot k\u00fcld\u00fcnk annak \u00e9rdek\u00e9ben, hogy a k\u00f6z\u00f6s munk\u00e1t ezzel is seg\u00edts\u00fck (alapfogalmak tiszt\u00e1z\u00e1sa, ism\u00e9tl\u00e9s a c\u00e9l).<\/p>\n<p>A k\u00e9pz\u00e9s megval\u00f3s\u00edt\u00e1s\u00e1t biztons\u00e1gi okokb\u00f3l az online t\u00e9rben szervezz\u00fck. Ehhez a ZOOM alkalmaz\u00e1st haszn\u00e1ljuk. Amennyiben technikai seg\u00edts\u00e9gre van sz\u00fcks\u00e9g k\u00e9szs\u00e9ggel \u00e1llunk rendelkez\u00e9sre, illetve a workshop el\u0151tt hasznos \u00fatmutat\u00f3t k\u00fcld\u00fcnk minden jelentkez\u0151nek.<\/p>\n<p>Az online k\u00e9pz\u00e9sen val\u00f3 r\u00e9szv\u00e9telhez internet hozz\u00e1f\u00e9r\u00e9sre \u00e9s sz\u00e1m\u00edt\u00f3g\u00e9pre lesz sz\u00fcks\u00e9ge.<\/p>\n<p>A k\u00e9pz\u00e9s r\u00e9szletes bemutat\u00e1sa itt \u00e9rhet\u0151 el:\u00a0<a href=\"http:\/\/seed.hu\/node\/1759\" target=\"_blank\" rel=\"noopener\"><strong>digITall Szinopszis<\/strong><\/a><\/p>\n<p><a href=\"https:\/\/seed.hu\/kerdoiv\/jelentkezes-digitall-digitalis-kompetenciafejleszto-trening-online-formaban-kepzesre-2020\" target=\"_blank\" rel=\"noopener\"><img loading=\"lazy\" decoding=\"async\" src=\"https:\/\/seed.hu\/files\/resize\/attachments\/inline\/jelentkezes_1-110x42.png\" alt=\"\" width=\"110\" height=\"42\" \/><\/a><\/p>\n","protected":false},"excerpt":{"rendered":"<p>Legyen a v\u00e1llalkoz\u00e1sa az online t\u00e9rben is hat\u00e9kony \u00e9s sikeres! Digit\u00e1lis v\u00e1llalkoz\u00e1ss\u00e1 v\u00e1lni nem \u00f6nc\u00e9l\u00fa fejleszt\u00e9s, hanem alapvet\u0151 gazdas\u00e1gi \u00e9rdeke minden v\u00e1llalkoz\u00e1snak, m\u00e9rett\u0151l \u00e9s ipar\u00e1gt\u00f3l f\u00fcggetlen\u00fcl. M\u00e1ra a magyar lakoss\u00e1g n\u00e9gy\u00f6t\u00f6de mozog otthonosan az online fel\u00fcleteken. Az internethaszn\u00e1l\u00f3k k\u00f6z\u00f6tt pedig \u00e9vr\u0151l \u00e9vre n\u00f6vekszik az online v\u00e1s\u00e1rl\u00f3k ar\u00e1nya, \u00edgy komoly v\u00e1s\u00e1rl\u0151er\u0151 van jelen nap mint nap [&hellip;]<\/p>\n","protected":false},"author":1,"featured_media":0,"parent":0,"menu_order":0,"comment_status":"closed","ping_status":"closed","template":"","meta":{"_acf_changed":false,"footnotes":""},"class_list":["post-573","page","type-page","status-publish","hentry"],"acf":[],"yoast_head":"<!-- This site is optimized with the Yoast SEO plugin v27.4 - https:\/\/yoast.com\/product\/yoast-seo-wordpress\/ -->\n<title>digITall - Seed<\/title>\n<meta name=\"robots\" content=\"index, follow, max-snippet:-1, max-image-preview:large, max-video-preview:-1\" \/>\n<link rel=\"canonical\" href=\"https:\/\/seed.hu\/en\/digitall\/\" \/>\n<meta property=\"og:locale\" content=\"en_US\" \/>\n<meta property=\"og:type\" content=\"article\" \/>\n<meta property=\"og:title\" content=\"digITall - Seed\" \/>\n<meta property=\"og:description\" content=\"Legyen a v\u00e1llalkoz\u00e1sa az online t\u00e9rben is hat\u00e9kony \u00e9s sikeres! Digit\u00e1lis v\u00e1llalkoz\u00e1ss\u00e1 v\u00e1lni nem \u00f6nc\u00e9l\u00fa fejleszt\u00e9s, hanem alapvet\u0151 gazdas\u00e1gi \u00e9rdeke minden v\u00e1llalkoz\u00e1snak, m\u00e9rett\u0151l \u00e9s ipar\u00e1gt\u00f3l f\u00fcggetlen\u00fcl. M\u00e1ra a magyar lakoss\u00e1g n\u00e9gy\u00f6t\u00f6de mozog otthonosan az online fel\u00fcleteken. Az internethaszn\u00e1l\u00f3k k\u00f6z\u00f6tt pedig \u00e9vr\u0151l \u00e9vre n\u00f6vekszik az online v\u00e1s\u00e1rl\u00f3k ar\u00e1nya, \u00edgy komoly v\u00e1s\u00e1rl\u0151er\u0151 van jelen nap mint nap [&hellip;]\" \/>\n<meta property=\"og:url\" content=\"https:\/\/seed.hu\/en\/digitall\/\" \/>\n<meta property=\"og:site_name\" content=\"Seed\" \/>\n<meta property=\"og:image\" content=\"https:\/\/seed.hu\/files\/resize\/attachments\/inline\/jelentkezes_1-110x42.png\" \/>\n<meta name=\"twitter:card\" content=\"summary_large_image\" \/>\n<meta name=\"twitter:label1\" content=\"Est. reading time\" \/>\n\t<meta name=\"twitter:data1\" content=\"3 minutes\" \/>\n<script type=\"application\/ld+json\" class=\"yoast-schema-graph\">{\"@context\":\"https:\\\/\\\/schema.org\",\"@graph\":[{\"@type\":\"WebPage\",\"@id\":\"https:\\\/\\\/seed.hu\\\/en\\\/digitall\\\/\",\"url\":\"https:\\\/\\\/seed.hu\\\/en\\\/digitall\\\/\",\"name\":\"digITall - Seed\",\"isPartOf\":{\"@id\":\"https:\\\/\\\/seed.hu\\\/#website\"},\"primaryImageOfPage\":{\"@id\":\"https:\\\/\\\/seed.hu\\\/en\\\/digitall\\\/#primaryimage\"},\"image\":{\"@id\":\"https:\\\/\\\/seed.hu\\\/en\\\/digitall\\\/#primaryimage\"},\"thumbnailUrl\":\"https:\\\/\\\/seed.hu\\\/files\\\/resize\\\/attachments\\\/inline\\\/jelentkezes_1-110x42.png\",\"datePublished\":\"2021-09-22T03:58:17+00:00\",\"inLanguage\":\"en-US\",\"potentialAction\":[{\"@type\":\"ReadAction\",\"target\":[\"https:\\\/\\\/seed.hu\\\/en\\\/digitall\\\/\"]}]},{\"@type\":\"ImageObject\",\"inLanguage\":\"en-US\",\"@id\":\"https:\\\/\\\/seed.hu\\\/en\\\/digitall\\\/#primaryimage\",\"url\":\"https:\\\/\\\/seed.hu\\\/files\\\/resize\\\/attachments\\\/inline\\\/jelentkezes_1-110x42.png\",\"contentUrl\":\"https:\\\/\\\/seed.hu\\\/files\\\/resize\\\/attachments\\\/inline\\\/jelentkezes_1-110x42.png\"},{\"@type\":\"WebSite\",\"@id\":\"https:\\\/\\\/seed.hu\\\/#website\",\"url\":\"https:\\\/\\\/seed.hu\\\/\",\"name\":\"Seed\",\"description\":\"\",\"potentialAction\":[{\"@type\":\"SearchAction\",\"target\":{\"@type\":\"EntryPoint\",\"urlTemplate\":\"https:\\\/\\\/seed.hu\\\/?s={search_term_string}\"},\"query-input\":{\"@type\":\"PropertyValueSpecification\",\"valueRequired\":true,\"valueName\":\"search_term_string\"}}],\"inLanguage\":\"en-US\"}]}<\/script>\n<!-- \/ Yoast SEO plugin. -->","yoast_head_json":{"title":"digITall - Seed","robots":{"index":"index","follow":"follow","max-snippet":"max-snippet:-1","max-image-preview":"max-image-preview:large","max-video-preview":"max-video-preview:-1"},"canonical":"https:\/\/seed.hu\/en\/digitall\/","og_locale":"en_US","og_type":"article","og_title":"digITall - Seed","og_description":"Legyen a v\u00e1llalkoz\u00e1sa az online t\u00e9rben is hat\u00e9kony \u00e9s sikeres! Digit\u00e1lis v\u00e1llalkoz\u00e1ss\u00e1 v\u00e1lni nem \u00f6nc\u00e9l\u00fa fejleszt\u00e9s, hanem alapvet\u0151 gazdas\u00e1gi \u00e9rdeke minden v\u00e1llalkoz\u00e1snak, m\u00e9rett\u0151l \u00e9s ipar\u00e1gt\u00f3l f\u00fcggetlen\u00fcl. M\u00e1ra a magyar lakoss\u00e1g n\u00e9gy\u00f6t\u00f6de mozog otthonosan az online fel\u00fcleteken. Az internethaszn\u00e1l\u00f3k k\u00f6z\u00f6tt pedig \u00e9vr\u0151l \u00e9vre n\u00f6vekszik az online v\u00e1s\u00e1rl\u00f3k ar\u00e1nya, \u00edgy komoly v\u00e1s\u00e1rl\u0151er\u0151 van jelen nap mint nap [&hellip;]","og_url":"https:\/\/seed.hu\/en\/digitall\/","og_site_name":"Seed","og_image":[{"url":"https:\/\/seed.hu\/files\/resize\/attachments\/inline\/jelentkezes_1-110x42.png","type":"","width":"","height":""}],"twitter_card":"summary_large_image","twitter_misc":{"Est. reading time":"3 minutes"},"schema":{"@context":"https:\/\/schema.org","@graph":[{"@type":"WebPage","@id":"https:\/\/seed.hu\/en\/digitall\/","url":"https:\/\/seed.hu\/en\/digitall\/","name":"digITall - Seed","isPartOf":{"@id":"https:\/\/seed.hu\/#website"},"primaryImageOfPage":{"@id":"https:\/\/seed.hu\/en\/digitall\/#primaryimage"},"image":{"@id":"https:\/\/seed.hu\/en\/digitall\/#primaryimage"},"thumbnailUrl":"https:\/\/seed.hu\/files\/resize\/attachments\/inline\/jelentkezes_1-110x42.png","datePublished":"2021-09-22T03:58:17+00:00","inLanguage":"en-US","potentialAction":[{"@type":"ReadAction","target":["https:\/\/seed.hu\/en\/digitall\/"]}]},{"@type":"ImageObject","inLanguage":"en-US","@id":"https:\/\/seed.hu\/en\/digitall\/#primaryimage","url":"https:\/\/seed.hu\/files\/resize\/attachments\/inline\/jelentkezes_1-110x42.png","contentUrl":"https:\/\/seed.hu\/files\/resize\/attachments\/inline\/jelentkezes_1-110x42.png"},{"@type":"WebSite","@id":"https:\/\/seed.hu\/#website","url":"https:\/\/seed.hu\/","name":"Seed","description":"","potentialAction":[{"@type":"SearchAction","target":{"@type":"EntryPoint","urlTemplate":"https:\/\/seed.hu\/?s={search_term_string}"},"query-input":{"@type":"PropertyValueSpecification","valueRequired":true,"valueName":"search_term_string"}}],"inLanguage":"en-US"}]}},"_links":{"self":[{"href":"https:\/\/seed.hu\/en\/wp-json\/wp\/v2\/pages\/573","targetHints":{"allow":["GET"]}}],"collection":[{"href":"https:\/\/seed.hu\/en\/wp-json\/wp\/v2\/pages"}],"about":[{"href":"https:\/\/seed.hu\/en\/wp-json\/wp\/v2\/types\/page"}],"author":[{"embeddable":true,"href":"https:\/\/seed.hu\/en\/wp-json\/wp\/v2\/users\/1"}],"replies":[{"embeddable":true,"href":"https:\/\/seed.hu\/en\/wp-json\/wp\/v2\/comments?post=573"}],"version-history":[{"count":1,"href":"https:\/\/seed.hu\/en\/wp-json\/wp\/v2\/pages\/573\/revisions"}],"predecessor-version":[{"id":590,"href":"https:\/\/seed.hu\/en\/wp-json\/wp\/v2\/pages\/573\/revisions\/590"}],"wp:attachment":[{"href":"https:\/\/seed.hu\/en\/wp-json\/wp\/v2\/media?parent=573"}],"curies":[{"name":"wp","href":"https:\/\/api.w.org\/{rel}","templated":true}]}}